{"id":1569,"date":"2009-11-02T07:05:38","date_gmt":"2009-11-02T12:05:38","guid":{"rendered":"http:\/\/www.nna-ccj.ca\/wp\/?page_id=1569"},"modified":"2025-12-12T08:46:52","modified_gmt":"2025-12-12T13:46:52","slug":"categories-de-participation","status":"publish","type":"page","link":"https:\/\/nna-ccj.ca\/fr\/categories-de-participation\/","title":{"rendered":"Cat\u00e9gories de participation"},"content":{"rendered":"<ol>\n<li><a href=\"#innovation\"><strong>INNOVATION EN JOURNALISME<\/strong><\/a><\/li>\n<li><a href=\"#projet-de-lannee\"><strong>PROJET DE L\u2019ANN\u00c9E (PRIX JOHN HONDERICH)<\/strong><\/a><\/li>\n<li><a href=\"#reportage-numerique\"><b><strong>REPORTAGE NUM\u00c9RIQUE <\/strong><\/b><\/a><\/li>\n<li><a href=\"#reportage-a-caractere-local\"><strong>REPORTAGE \u00c0 CARACT\u00c8RE LOCAL (PRIX E. CORA HIND)<\/strong><\/a><\/li>\n<li><a href=\"#reportage-bref\"><strong>REPORTAGE BREF (PRIX BOB LEVIN)<\/strong><\/a><\/li>\n<li><a href=\"#reportage-elabore\"><strong>ARTICLE DE FOND (PRIX WILLIAM SOUTHAM)<\/strong><\/a><\/li>\n<li><a href=\"#editorial\"><strong>\u00c9DITORIAL (PRIX CLAUDE RYAN)<\/strong><\/a><\/li>\n<li><a href=\"#chronique\"><strong>CHRONIQUE (PRIX MARY ANN SHADD CARY)<\/strong><\/a><\/li>\n<li><a href=\"#texte-explicatif\"><strong>TEXTE EXPLICATIF<\/strong><\/a><\/li>\n<li><a href=\"#commantaire\"><strong>COMMENTAIRE ILLUSTR\u00c9 <\/strong><\/a><\/li>\n<li><a href=\"#grande-enquete\"><strong>GRANDE ENQU\u00caTE (PRIX GEORGE BROWN)<\/strong><\/a><\/li>\n<li><a href=\"#reportage-a-caractere-international\"><strong>REPORTAGE \u00c0 CARACT\u00c8RE INTERNATIONAL (PRIX NORMAN WEBSTER)<\/strong><\/a><\/li>\n<li><a href=\"#nouvelle-de-derniere-heure\"><strong>NOUVELLE DE DERNI\u00c8RE HEURE (PRIX STUART M. ROBERTSON)<\/strong><\/a><\/li>\n<li><a href=\"#journalisme-specialise\"><strong>JOURNALISME SP\u00c9CIALIS\u00c9 (PRIX JOAN HOLLOBON)<\/strong><\/a><\/li>\n<li><a href=\"#economie\"><strong>\u00c9CONOMIE<\/strong><\/a><\/li>\n<li><a href=\"#sport\"><strong>SPORT<\/strong><\/a><\/li>\n<li><a href=\"#culture-et-divertissement\"><strong>CULTURE ET DIVERTISSEMENT<\/strong><\/a><\/li>\n<li><a href=\"#politique\"><strong>POLITIQUE (PRIX JOHN WESLEY DAFOE)<\/strong><\/a><\/li>\n<li><a href=\"#photo-dactualite\"><strong>PHOTO\u00a0D\u2019ACTUALIT\u00c9<\/strong><\/a><\/li>\n<li><a href=\"#photo-documentaire\"><strong>PHOTO DOCUMENTAIRE<\/strong><\/a><\/li>\n<li><a href=\"#photo-de-sport\"><strong>PHOTO DE SPORT<\/strong><\/a><\/li>\n<li><a href=\"#reportage-photo\"><strong>REPORTAGE PHOTO<\/strong><\/a><\/li>\n<li><a href=\"#reportage-en-continu\"><strong>REPORTAGE EN CONTINU (PRIX GEOFFREY STEVENS)<\/strong><\/a><\/li>\n<li><strong><a href=\"#sujet-special\">SUJET SP\u00c9CIAL<\/a><br \/>\n<\/strong><\/li>\n<\/ol>\n<p><a href=\"#distinction-honorifique-speciale\"><strong>DISTINCTION HONORIFIQUE SP\u00c9CIALE<\/strong><\/a><\/p>\n<p>&nbsp;<\/p>\n<p><span style=\"color: #ffffff;\"><a id=\"innovation\"><\/a>&#8211;<\/span><\/p>\n<p>&nbsp;<\/p>\n<p><strong>1.<\/strong><strong> INNOVATION EN JOURNALISME<\/strong><\/p>\n<p>DESCRIPTION : Pour un travail exceptionnel qui illustre de nouvelles fa\u00e7ons d&rsquo;utiliser le journalisme pour susciter l&rsquo;int\u00e9r\u00eat du public et servir les communaut\u00e9s.<\/p>\n<p>EXIGENCES : Il n\u2019y a pas de restriction quant au volume du contenu, mais les candidatures doivent mettre l\u2019accent sur la qualit\u00e9 et non la quantit\u00e9. Une lettre de pr\u00e9sentation expliquant le propos de l\u2019innovation, son impact et son efficacit\u00e9, ainsi que toute autre information pertinente concernant les circonstances du travail, est exig\u00e9e et constitue un \u00e9l\u00e9ment cl\u00e9 de cette candidature.<\/p>\n<p>FORMATS: Une candidature dans cette cat\u00e9gorie peut utiliser tous les outils journalistiques, incluant le texte, la vid\u00e9o, l\u2019audio, les photos et les r\u00e9seaux sociaux.<\/p>\n<p>RESTRICTIONS: Un maximum de deux inscriptions par organisation participante.<\/p>\n<p>NOTE AUX JUGES: L&rsquo;impulsion et l&rsquo;impact de l&rsquo;innovation en journalisme sont essentiels pour ce prix. Le travail ou l&rsquo;initiative est-il manifestement innovant? Comble-t-il un besoin du public ou trouve-t-il une nouvelle fa\u00e7on d&rsquo;interagir avec celui-ci? L&rsquo;impact de l&rsquo;innovation est-il mesurable? L&rsquo;objectif de l&rsquo;innovation \u00e9tait-il clairement d\u00e9fini et largement compris par l&rsquo;organisation? L&rsquo;innovation contribue-t-elle \u00e0 promouvoir la confiance dans le journalisme, la responsabilit\u00e9 et la compr\u00e9hension des questions essentielles par le public?<\/p>\n<p>DATE LIMITE POUR SOUMETTRE DES INSCRIPTIONS : le 15 janvier<\/p>\n<p>&nbsp;<\/p>\n<p><span style=\"color: #ffffff;\"><a id=\"projet-de-lannee\"><\/a>&#8211;<\/span><\/p>\n<p>&nbsp;<\/p>\n<p><strong>2. PROJET DE L\u2019ANN\u00c9E (PRIX JOHN HONDERICH)<\/strong><\/p>\n<p>DESCRIPTION DE LA CAT\u00c9GORIE : Pour le projet journalistique le plus exceptionnel de l\u2019ann\u00e9e : des sujets d\u2019importance vitale pour la collectivit\u00e9, trait\u00e9s en profondeur, de fa\u00e7on captivante et novatrice. Ces projets \u00e9clairent et informent le public et peuvent souvent transformer des \u00e9l\u00e9ments de la soci\u00e9t\u00e9.<\/p>\n<p>EXIGENCES : Il n\u2019y a pas de restriction quant au volume du contenu, mais les candidatures doivent mettre l\u2019accent sur la qualit\u00e9 et non la quantit\u00e9. Une lettre de pr\u00e9sentation expliquant le propos du projet, son impact et toute autre information pertinente ayant trait aux conditions du travail est exig\u00e9e.<\/p>\n<p>FORMATS : Une candidature dans cette cat\u00e9gorie peut utiliser tous les outils journalistiques, incluant le texte, la vid\u00e9o, l\u2019audio, les photos et les r\u00e9seaux sociaux. Toutefois, les photos soumises dans le cadre de cette candidature ne doivent pas en \u00eatre l\u2019\u00e9l\u00e9ment principal.<\/p>\n<p>RESTRICTIONS : Un maximum de deux inscriptions par organisation participante.<\/p>\n<p>NOTE AUX JUGES : Un projet sp\u00e9cial est un investissement journalistique majeur qui peut s\u2019appuyer sur une combinaison de reportage, enqu\u00eate, documentaire, texte explicatif, \u00e9ditorial, commentaire, graphique, photographie et multim\u00e9dia. Le prix vise \u00e0 reconna\u00eetre l\u2019excellence de l\u2019ensemble du projet. La candidature peut avoir \u00e9t\u00e9 effectu\u00e9e par un petit ou grand nombre de personnes. On demande aux juges de r\u00e9compenser le projet le plus exceptionnel de l\u2019ann\u00e9e, en tenant compte de toutes les circonstances, y compris les ressources mises \u00e0 la disposition de l\u2019organe de presse. Tous les crit\u00e8res g\u00e9n\u00e9raux d\u2019excellence journalistique entrent en jeu. Le sujet est-il significatif et pertinent? Le reportage est-il rigoureux? Fait-il montre d\u2019envergure et d\u2019initiative? La r\u00e9daction et la pr\u00e9sentation sont-elles remarquables et captivantes? Le projet est-il bien organis\u00e9? Est-il original? ? Sert-il la communaut\u00e9 et la soci\u00e9t\u00e9 dans son ensemble? D\u00e9montre-t-il l\u2019importance du journalisme et remplit-il la mission de l\u2019organisation aupr\u00e8s de ses lecteurs? A-t-il suscit\u00e9 du changement ou des am\u00e9liorations dans la soci\u00e9t\u00e9? Est-il exact et \u00e9quilibr\u00e9? Son impact justifie-t-il les ressources (personnel, temps, expertise et autres actifs) qu\u2019on y a consacr\u00e9es?<\/p>\n<p>DATE LIMITE POUR SOUMETTRE DES INSCRIPTIONS : le 15 janvier<\/p>\n<p>&nbsp;<\/p>\n<p><span style=\"color: #ffffff;\"><a id=\"reportage-numerique\"><\/a>&#8211;<\/span><\/p>\n<p>&nbsp;<\/p>\n<p><strong>3. REPORTAGE NUM\u00c9RIQUE <\/strong><\/p>\n<p>DESCRIPTION DE LA CAT\u00c9GORIE : Pour un reportage num\u00e9rique exceptionnel, con\u00e7u avec imagination et r\u00e9alis\u00e9 avec cr\u00e9ativit\u00e9. Peut utiliser des \u00e9l\u00e9ments interactifs, des \u00e9l\u00e9ments de conception tels que des illustrations et des graphiques, des photographies, des fichiers audio et\/ou vid\u00e9o, seuls ou en combinaison.<\/p>\n<p>EXIGENCES : Un maximum de trois parties reli\u00e9es ou non.<\/p>\n<p>FORMATS: \u00c9crans con\u00e7us pour le num\u00e9rique.<\/p>\n<p>RESTRICTIONS : Une inscription par concurrent.<\/p>\n<p>NOTE AUX JUGES: Cette cat\u00e9gorie met l&rsquo;accent sur la cr\u00e9ativit\u00e9 dans le reportage num\u00e9rique. Comment les outils de reportage num\u00e9rique appuient-ils le journalisme, sans \u00e9gard \u00e0 l&rsquo;importance du sujet trait\u00e9? Parmi les crit\u00e8res g\u00e9n\u00e9raux d&rsquo;excellence en journalisme, ceux qui s&rsquo;appliquent le mieux ici sont l&rsquo;int\u00e9grit\u00e9 et l&rsquo;impact. Le format du reportage num\u00e9rique ajoute-t-il de la valeur et de la signification au journalisme? Est-il utile et engageant pour le lecteur? Fait-il preuve de sens artistique, de cr\u00e9ativit\u00e9 et d&rsquo;originalit\u00e9? Cr\u00e9e-t-il une exp\u00e9rience informative et riche?<\/p>\n<p>DATE LIMITE POUR SOUMETTRE DES INSCRIPTIONS : le 13 janvier<\/p>\n<p>&nbsp;<\/p>\n<p><span style=\"color: #ffffff;\"><a id=\"reportage-a-caractere-local\"><\/a>&#8211;<\/span><\/p>\n<p>&nbsp;<\/p>\n<p><strong>4. REPORTAGE \u00c0 CARACT\u00c8RE LOCAL (PRIX E. CORA HIND)<\/strong><\/p>\n<p>DESCRIPTION DE LA CAT\u00c9GORIE : Pour un reportage exceptionnel sur un dossier local d\u2019importance. Il y a trois cat\u00e9gories pour ce prix en fonction de la taille de la salle de r\u00e9daction.<\/p>\n<p>Petite : 5 employ\u00e9s ou moins \u00e0 la r\u00e9daction<\/p>\n<p>Moyenne : 6 \u00e0 25 employ\u00e9s \u00e0 la r\u00e9daction<\/p>\n<p>Grande : plus de 25 employ\u00e9s \u00e0 la r\u00e9daction<\/p>\n<p>EXIGENCES : Jusqu\u2019\u00e0 10 \u00e9l\u00e9ments sur un seul sujet.<\/p>\n<p>FORMATS : Une candidature dans cette cat\u00e9gorie peut utiliser tous les outils journalistiques, incluant le texte, la vid\u00e9o, l\u2019audio, les photos et les r\u00e9seaux sociaux. Toutefois, les photos soumises dans le cadre de cette candidature ne doivent pas en \u00eatre l\u2019\u00e9l\u00e9ment principal.<\/p>\n<p>RESTRICTIONS : Ouvert \u00e0 toutes les organisations autoris\u00e9es \u00e0 participer au concours, dans les cat\u00e9gories de taille appropri\u00e9es \u00e0 leurs march\u00e9s, \u00e0 l&rsquo;exception des agences de presse et des journaux dont la mission premi\u00e8re est de desservir un public national, notamment : le Globe and Mail, le National Post, le Financial Post, le Canada&rsquo;s National Observer et The Narwhal.<\/p>\n<p>NOTE AUX JUGES : Cette cat\u00e9gorie permet aux organisations de toutes tailles de concourir \u00e0 \u00e9galit\u00e9 avec des organizations de taille comparable. Les crit\u00e8res g\u00e9n\u00e9raux d\u2019excellence journalistique s\u2019appliquent tous ici. Le travail met-il en lumi\u00e8re une question qui affecte la communaut\u00e9? Fait-il montre d\u2019envergure et d\u2019initiative? Respecte-t-il les normes \u00e9lev\u00e9es de qualit\u00e9 de r\u00e9daction et de rigueur de l\u2019information? Est-il juste et \u00e9quilibr\u00e9? A-t-il suscit\u00e9 du changement ou des am\u00e9liorations dans la soci\u00e9t\u00e9? Tenez compte des ressources li\u00e9es \u00e0 la taille de l&rsquo;organisation dans la r\u00e9alisation du travail.<\/p>\n<p>DATE LIMITE POUR SOUMETTRE DES INSCRIPTIONS :\u00a0 le 13 janvier<\/p>\n<p>&nbsp;<\/p>\n<p><span style=\"color: #ffffff;\"><a id=\"reportage-bref\"><\/a>&#8211;<\/span><\/p>\n<p>&nbsp;<\/p>\n<p><strong>5. REPORTAGE BREF (PRIX BOB LEVIN)<\/strong><\/p>\n<p>DESCRIPTION DE LA CAT\u00c9GORIE : Pour un exemple exceptionnel de reportage bref, mettant l\u2019accent sur des nouvelles originales et captivantes, r\u00e9dig\u00e9es avec style.<\/p>\n<p>EXIGENCES : Un seul article ne d\u00e9passant pas 1000 mots. Le nombre de mots doit \u00eatre indiqu\u00e9 sur le formulaire de candidature.<\/p>\n<p>FORMATS : Texte seulement. Veuillez supprimer toutes les images, encadr\u00e9s, liens, etc. de la soumission.<\/p>\n<p>RESTRICTIONS: Une inscription par concurrent.\u00a0Les candidatures doivent \u00eatre soumises par ou au nom d\u2019une seule personne.<\/p>\n<p>NOTE AUX JUGES : Ceci est une cat\u00e9gorie pour laquelle le style de r\u00e9daction et l\u2019originalit\u00e9 comptent le plus. Les juges vont comparer plusieurs sujets et genres de documentaires. On doit d\u2019abord consid\u00e9rer le travail original et captivant d\u2019une grande qualit\u00e9 litt\u00e9raire, tout en examinant aussi d\u2019autres crit\u00e8res d\u2019excellence journalistique : le sujet, la rigueur, l\u2019int\u00e9grit\u00e9 et l\u2019impact. Le sujet est-il pertinent, significatif et original? Le travail apporte-t-il un \u00e9clairage nouveau ou original sur des \u00e9v\u00e9nements quotidiens, des tendances ou ph\u00e9nom\u00e8nes? A-t-on adopt\u00e9 une approche innovatrice? Quelle est la somme d\u2019information ou d\u2019entendement qu\u2019on a r\u00e9ussi \u00e0 communiquer dans un texte compact et captivant? Est-ce cr\u00e9atif? Vous souviendrez-vous du style de r\u00e9daction longtemps apr\u00e8s avoir lu ce texte?<\/p>\n<p>DATE LIMITE POUR SOUMETTRE DES INSCRIPTIONS : le 13 janvier<\/p>\n<p>&nbsp;<\/p>\n<p><span style=\"color: #ffffff;\"><a id=\"reportage-elabore\"><\/a>&#8211;<\/span><\/p>\n<p>&nbsp;<\/p>\n<p><strong>6. ARTICLE DE FOND (PRIX WILLIAM SOUTHAM)<\/strong><\/p>\n<p>DESCRIPTION DE LA CAT\u00c9GORIE : Pour l\u2019excellence en reportage \u00e9labor\u00e9, mettant l\u2019accent sur des nouvelles originales et captivantes, r\u00e9dig\u00e9es avec style.<\/p>\n<p>EXIGENCES : Un seul article de plus de 1000 mots ou une s\u00e9rie allant jusqu\u2019\u00e0 trois textes (une combinaison de plus de 1000 mots) qui forment clairement une partie d\u2019un seul ensemble.<\/p>\n<p>FORMATS : Seul le texte est accept\u00e9 dans cette cat\u00e9gorie. Veuillez supprimer toutes les images, encadr\u00e9s, liens, etc. de la soumission.<\/p>\n<p>RESTRICTIONS : Une inscription par concurrent.\u00a0Les candidatures doivent \u00eatre soumises par ou au nom d\u2019une seule personne.<\/p>\n<p>NOTE AUX JUGES : Le champ d&rsquo;application de ce mat\u00e9riel est vaste et couvre tous les domaines d&rsquo;activit\u00e9 de l&rsquo;organe de presse. Les juges compareront de nombreux sujets et styles de reportages diff\u00e9rents. Il s&rsquo;agit d&rsquo;une cat\u00e9gorie dans laquelle le style d&rsquo;\u00e9criture et l&rsquo;originalit\u00e9 sont les plus importants. S&rsquo;il convient d&rsquo;accorder une attention particuli\u00e8re aux travaux captivants de grande qualit\u00e9 litt\u00e9raire, les juges doivent \u00e9galement tenir compte d&rsquo;autres crit\u00e8res d&rsquo;excellence en mati\u00e8re de journalisme. Le travail montre-t-il la profondeur ou l&rsquo;\u00e9tendue du reportage, ainsi que la connaissance ou l&rsquo;exploration du sujet? S&rsquo;il s&rsquo;agit d&rsquo;un essai personnel, a-t-il des implications soci\u00e9tales plus larges, allant au-del\u00e0 de l&rsquo;exp\u00e9rience individuelle? Le sujet est-il pertinent, significatif ou original? Apporte-t-il un \u00e9clairage nouveau ou original sur l&rsquo;actualit\u00e9, les \u00e9v\u00e9nements quotidiens, les tendances ou les ph\u00e9nom\u00e8nes? L&rsquo;article m\u00e9rite-t-il la longueur qui lui est allou\u00e9e? Est-il cr\u00e9atif? Vous souviendrez-vous de l&rsquo;article longtemps apr\u00e8s l&rsquo;avoir lu?<\/p>\n<p>DATE LIMITE POUR SOUMETTRE DES INSCRIPTIONS : le 13 janvier<\/p>\n<p>&nbsp;<\/p>\n<p><span style=\"color: #ffffff;\"><a id=\"editorial\"><\/a>&#8211;<\/span><\/p>\n<p>&nbsp;<\/p>\n<p><strong>7. \u00c9DITORIAL (PRIX CLAUDE RYAN)<\/strong><\/p>\n<p>DESCRIPTION DE LA CAT\u00c9GORIE : Pour l\u2019excellence en expression \u00e9ditoriale.<\/p>\n<p>EXIGENCES : Un portfolio de trois \u00e9ditoriaux.<\/p>\n<p>FORMATS : Une candidature dans cette cat\u00e9gorie peut utiliser le texte, la vid\u00e9o, l\u2019audio et les r\u00e9seaux sociaux.<\/p>\n<p>RESTRICTIONS : Une inscription par concurrent.\u00a0Les candidatures doivent \u00eatre soumises par ou au nom d\u2019une seule personne.<\/p>\n<p>NOTE AUX JUGES : Les \u00e9ditoriaux peuvent \u00eatre explicatifs, descriptifs ou prescriptifs. Le style \u00e9ditorial peut \u00eatre l\u00e9ger ou s\u00e9rieux, formel ou familier. Les trois \u00e9ditoriaux soumis doivent \u00eatre jug\u00e9s comme un ensemble. Le sujet m\u00e9rite-t-il un commentaire \u00e9ditorial? Le travail aide-t-il les lecteurs \u00e0 identifier les questions importantes et \u00e0 les comprendre de fa\u00e7on nouvelle? D\u00e9montre-t-il de l\u2019envergure et de la compr\u00e9hension du sujet(s)? Fait-il autorit\u00e9 en la mati\u00e8re? Est-il clair, concis et raisonn\u00e9? Suscitera-t-il la discussion ou le d\u00e9bat public et\/ou m\u00e8nera-t-il \u00e0 du changement ou des am\u00e9liorations? Le travail est-il de qualit\u00e9 soutenue?<\/p>\n<p>DATE LIMITE POUR SOUMETTRE DES INSCRIPTIONS : le 9 janvier<\/p>\n<p>&nbsp;<\/p>\n<p><span style=\"color: #ffffff;\"><a id=\"chronique\"><\/a>&#8211;<\/span><\/p>\n<p>&nbsp;<\/p>\n<p><strong>8. CHRONIQUE (PRIX MARY ANN SHADD CARY)<\/strong><\/p>\n<p>DESCRIPTION DE LA CAT\u00c9GORIE : Pour une analyse ou un commentaire exceptionnel par des personnes dont le travail est publi\u00e9 r\u00e9guli\u00e8rement par une seule organisation sous forme de chronique.<\/p>\n<p>EXIGENCES : Un portfolio de trois chroniques.<\/p>\n<p>FORMATS : Une candidature dans cette cat\u00e9gorie peut utiliser le texte, la vid\u00e9o, l\u2019audio et les r\u00e9seaux sociaux.<\/p>\n<p>RESTRICTIONS : Une inscription par concurrent.\u00a0Les candidatures doivent \u00eatre soumises par ou au nom d\u2019une seule personne.<\/p>\n<p>NOTE AUX JUGES : Les chroniqueurs occupent une position privil\u00e9gi\u00e9e au sein des organes de presse avec le droit de r\u00e9guli\u00e8rement donner leurs id\u00e9es et opinions. Le style de chronique peut varier grandement, certaines reposant davantage sur le reportage et d\u2019autres, sur les opinions. Les trois chroniques soumises doivent \u00eatre jug\u00e9es dans leur ensemble. Les juges doivent notamment s\u2019interroger \u00e0 savoir : est-ce que le travail soumis informe, int\u00e9resse, persuade, \u00e9duque, divertit? Fait-il entendre une voix distincte? La personnalit\u00e9 du chroniqueur impr\u00e8gne-t-elle son travail? Le travail de reportage et\/ou de r\u00e9daction fait-il montre d\u2019envergure et de la compr\u00e9hension du sujet? Les sujets int\u00e9ressent-ils les lecteurs de l\u2019organe de presse? Le travail est-il de qualit\u00e9 soutenue?<\/p>\n<p>DATE LIMITE POUR SOUMETTRE DES INSCRIPTIONS : le 9 janvier<\/p>\n<p>&nbsp;<\/p>\n<p><span style=\"color: #ffffff;\"><a id=\"texte-explicatif\"><\/a>&#8211;<\/span><\/p>\n<p>&nbsp;<\/p>\n<p><strong>9. TEXTE EXPLICATIF<\/strong><\/p>\n<p>DESCRIPTION DE LA CAT\u00c9GORIE : Pour l\u2019excellence d\u2019un reportage expliquant des sujets complexes ou \u00e9sot\u00e9riques. Doit faire preuve d\u2019une grande ma\u00eetrise du sujet et r\u00e9pondre aux questions : pourquoi et comment?<\/p>\n<p>EXIGENCES : Un ou des reportages ayant jusqu\u2019\u00e0 10 \u00e9l\u00e9ments sur un seul sujet, publi\u00e9(s) le m\u00eame jour ou au cours de journ\u00e9es de publication cons\u00e9cutives.<\/p>\n<p>FORMATS : Une candidature dans cette cat\u00e9gorie peut utiliser tous les outils journalistiques, incluant le texte, la vid\u00e9o, l\u2019audio, les photos et les r\u00e9seaux sociaux. Toutefois, les photos soumises dans le cadre de cette candidature ne doivent pas en \u00eatre l\u2019\u00e9l\u00e9ment principal.<\/p>\n<p>RESTRICTIONS : Un maximum de deux inscriptions par concurrent.<\/p>\n<p>NOTE AUX JUGES : Ceci n\u2019est pas une cat\u00e9gorie pour le documentaire d\u2019ordre g\u00e9n\u00e9ral, quoique l\u2019approche peut \u00eatre narrative ou de style documentaire. Le texte explicatif montre aux lecteurs le fonctionnement et la cause des choses. Il peut avoir \u00e9t\u00e9 produit comme suppl\u00e9ment ou suivi d\u2019une nouvelle ou d\u2019un documentaire, mais une candidature de Texte explicatif doit \u00eatre autonome. Les sujets sont illimit\u00e9s, \u00e9manant de toutes les sections de l\u2019organe de presse. La premi\u00e8re consid\u00e9ration des juges est de savoir comment la candidature aide les lecteurs \u00e0 comprendre le sujet qu\u2019on explique. Le sujet est-il significatif, pertinent ou important? L\u2019\u00e9criture et le multim\u00e9dia sont-ils cr\u00e9atifs et de qualit\u00e9 exceptionnelle? Visent-ils \u00e0 rendre le sujet plus clair? L\u2019auteur est-il en pleine possession de son sujet en raison d\u2019une recherche en profondeur? La candidature apporte-t-elle une nouvelle compr\u00e9hension du sujet?<\/p>\n<p>DATE LIMITE POUR SOUMETTRE DES INSCRIPTIONS : le 11 janvier<\/p>\n<p>&nbsp;<\/p>\n<p><span style=\"color: #ffffff;\"><a id=\"commantaire\"><\/a>&#8211;<\/span><\/p>\n<p>&nbsp;<\/p>\n<p><strong>10. <\/strong><strong>COMMENTAIRE ILLUSTR\u00c9 <\/strong><\/p>\n<p>DESCRIPTION DE LA CAT\u00c9GORIE : Pour des opinions et commentaires illustr\u00e9s exceptionnels. Les candidatures peuvent inclure un portfolio de cinq caricatures, des exemples de bandes dessin\u00e9es journalistiques et de reportages graphiques non fictionnels. Les portfolios peuvent inclure des \u0153uvres fixes ou anim\u00e9es, ou les deux. L&rsquo;accent est mis sur l&rsquo;aspect visuel; les mots doivent \u00eatre un \u00e9l\u00e9ment secondaire.<\/p>\n<p>EXIGENCES : Un portfolio de cinq caricatures ou bandes dessin\u00e9es comprenant plus d&rsquo;une seule case ou d&rsquo;autres graphiques journalistiques plus \u00e9labor\u00e9s.<\/p>\n<p>FORMATS : Format JPG haute r\u00e9solution ou URL.<\/p>\n<p>RESTRICTIONS : Une inscription par concurrent.\u00a0Les candidatures doivent \u00eatre soumises par ou au nom d\u2019une seule personne.<\/p>\n<p>NOTE AUX JUGES : Les soumissions doivent \u00eatre jug\u00e9es dans leur ensemble. Les commentaires illustr\u00e9s doivent \u00eatre jug\u00e9s \u00e0 la fois pour leur message et la qualit\u00e9 de leur pr\u00e9sentation. L&rsquo;\u0153uvre fait-elle preuve d&rsquo;originalit\u00e9 tant dans son message que dans son style? Le style de l&rsquo;artiste est-il distinctif? L&rsquo;\u0153uvre informe-t-elle les lecteurs, les captive-t-elle et atteint-elle son objectif en transmettant un message?<\/p>\n<p>DATE LIMITE POUR SOUMETTRE DES INSCRIPTIONS : le 11 janvier<\/p>\n<p>&nbsp;<\/p>\n<p><span style=\"color: #ffffff;\"><a id=\"grande-enquete\"><\/a>&#8211;<\/span><\/p>\n<p>&nbsp;<\/p>\n<p><strong>11. GRANDE ENQU\u00caTE (PRIX GEORGE BROWN)<\/strong><\/p>\n<p>DESCRIPTION DE LA CAT\u00c9GORIE : Pour l\u2019excellence dans un travail d\u2019enqu\u00eate o\u00f9 les qualit\u00e9s du reportage ont permis de r\u00e9v\u00e9ler au public d\u2019importants renseignements. L\u2019accent doit \u00eatre mis sur l\u2019originalit\u00e9 et la profondeur du reportage.<\/p>\n<p>EXIGENCES : Jusqu\u2019\u00e0 10 \u00e9l\u00e9ments reli\u00e9s \u00e0 une seule enqu\u00eate.<\/p>\n<p>FORMATS : Une candidature dans cette cat\u00e9gorie peut utiliser tous les outils journalistiques, incluant le texte, la vid\u00e9o, l\u2019audio, les photos et les r\u00e9seaux sociaux. Toutefois, les photos soumises dans le cadre de cette candidature ne doivent pas en \u00eatre l\u2019\u00e9l\u00e9ment principal.<\/p>\n<p>RESTRICTIONS : Aucune.<\/p>\n<p>NOTE AUX JUGES : Les grandes enqu\u00eates sont la forme la plus exigeante de reportage, offrant l\u2019occasion de r\u00e9v\u00e9ler des questions fort importantes pour le public, bien souvent contre la volont\u00e9 d\u2019individus, d\u2019organisations ou de personnes publiques en particulier. Le journalisme d\u2019enqu\u00eate r\u00e9v\u00e8le souvent des cas de malversation, de dysfonctionnement syst\u00e9mique, de corruption et d\u2019irr\u00e9gularit\u00e9s. \u00c0 cet \u00e9gard, on recherche d\u2019abord la t\u00e9nacit\u00e9, l\u2019envergure et la profondeur du travail de reportage. N\u00e9anmoins, les juges doivent \u00eatre ouverts \u00e0 une vari\u00e9t\u00e9 d\u2019approches qui peuvent inclure entre autres, le d\u00e9voilement d\u2019importants documents ou dossiers, la recherche et l\u2019analyse de donn\u00e9es et l\u2019utilisation de sources. Le travail a-t-il m\u00e9rit\u00e9 l\u2019allocation des ressources de l\u2019organe de presse? Le sujet touche-t-il une question d\u2019importance publique? Le travail a-t-il n\u00e9cessit\u00e9 une recherche exhaustive de faits? A-t-il r\u00e9v\u00e9l\u00e9 des secrets ou des irr\u00e9gularit\u00e9s? Tient-il des gens responsables? Le travail est-il juste et transparent \u00e0 propos des sources? A-t-il \u00e9t\u00e9 n\u00e9cessaire de faire preuve de t\u00e9nacit\u00e9 et d\u2019initiative? L\u2019enqu\u00eate est-elle originale? La somme du travail a-t-elle produit un reportage int\u00e9ressant et captivant? On accorde une grande valeur aux changements qui r\u00e9sultent de l\u2019enqu\u00eate. Toutefois, les juges doivent prendre en consid\u00e9ration le pouvoir et l\u2019influence du sujet et l\u2019inamovibilit\u00e9 des institutions lorsqu\u2019ils soup\u00e8sent les r\u00e9sultats.<\/p>\n<p>DATE LIMITE POUR SOUMETTRE DES INSCRIPTIONS : le 15 janvier<\/p>\n<p>&nbsp;<\/p>\n<p><span style=\"color: #ffffff;\"><a id=\"reportage-a-caractere-international\"><\/a>&#8211;<\/span><\/p>\n<p>&nbsp;<\/p>\n<p><strong>12. REPORTAGE \u00c0 CARACT\u00c8RE INTERNATIONAL (PRIX NORMAN WEBSTER)<\/strong><\/p>\n<p>DESCRIPTION DE LA CAT\u00c9GORIE : Pour un reportage exceptionnel et captivant sur un \u00e9v\u00e9nement ou un dossier important d\u2019envergure internationale.<\/p>\n<p>EXIGENCES : Le travail doit avoir \u00e9t\u00e9 effectu\u00e9 \u00e0 l\u2019ext\u00e9rieur du Canada. Jusqu\u2019\u00e0 trois reportages reli\u00e9s ou non avec encadr\u00e9s.<\/p>\n<p>FORMATS : Une candidature dans cette cat\u00e9gorie peut utiliser tous les outils journalistiques, incluant le texte, la vid\u00e9o, l\u2019audio, les photos et les r\u00e9seaux sociaux. Toutefois, les photos soumises dans le cadre de cette candidature ne doivent pas en \u00eatre l\u2019\u00e9l\u00e9ment principal.<\/p>\n<p>RESTRICTIONS : Un maximum de deux inscriptions par concurrent.<\/p>\n<p>NOTE AUX JUGES : Le reportage \u00e0 caract\u00e8re international doit \u00eatre \u00e9valu\u00e9 selon les crit\u00e8res g\u00e9n\u00e9raux de l\u2019excellence journalistique, mais l\u2019envergure du travail et le style de r\u00e9daction sont des facteurs d\u00e9cisifs pour ce prix. Le travail a-t-il n\u00e9cessit\u00e9 de l\u2019initiative et de la t\u00e9nacit\u00e9? Des d\u00e9tails concrets et la mise en contexte rendent-ils le style saisissant? Pr\u00e9sente-t-il une question importante pour le monde et les lecteurs canadiens? Aborde-t-il d\u2019un angle nouveau une nouvelle internationale largement couverte? Offre-t-il une analyse qui fait autorit\u00e9 ou des informations exclusives? Informe et int\u00e9resse-t-il le lecteur?<\/p>\n<p>DATE LIMITE POUR SOUMETTRE DES INSCRIPTIONS : le 11 janvier<\/p>\n<p>&nbsp;<\/p>\n<p><span style=\"color: #ffffff;\"><a id=\"nouvelle-de-derniere-heure\"><\/a>&#8211;<\/span><\/p>\n<p>&nbsp;<\/p>\n<p><strong>13. NOUVELLE DE DERNI\u00c8RE HEURE (PRIX STUART M. ROBERTSON)<\/strong><\/p>\n<p>DESCRIPTION DE LA CAT\u00c9GORIE : Pour une couverture rapide, exacte, reconnue, cr\u00e9ative, originale et compl\u00e8te d\u2019une nouvelle de derni\u00e8re heure sur n\u2019importe quelle plateforme.<\/p>\n<p>EXIGENCES : Tout le contenu doit avoir \u00e9t\u00e9 publi\u00e9 sur une p\u00e9riode de 36 heures dans les 72 heures suivant la nouvelle en question. Les candidatures doivent indiquer quand a d\u00e9but\u00e9 ou s\u2019est termin\u00e9e la p\u00e9riode de 36 heures. Il n\u2019y a pas de restriction quant au volume de contenu, mais les candidatures doivent mettre l\u2019accent sur la qualit\u00e9 et non la quantit\u00e9. Dans les cas o\u00f9 le contenu cr\u00e9\u00e9 dans la p\u00e9riode de 36 heures est archiv\u00e9 en ligne avec du contenu cr\u00e9\u00e9 en dehors de cette p\u00e9riode, l\u2019organisation participante doit fournir l\u2019information suffisante pour permettre aux juges de consid\u00e9rer le seul contenu admissible.<\/p>\n<p>FORMATS : Une candidature dans cette cat\u00e9gorie peut utiliser tous les outils journalistiques, incluant le texte, la vid\u00e9o, l\u2019audio, les photos et les r\u00e9seaux sociaux. Toutefois, les photos soumises dans le cadre de cette candidature ne doivent pas en \u00eatre l\u2019\u00e9l\u00e9ment principal.<\/p>\n<p>RESTRICTIONS : Aucune.<\/p>\n<p>NOTE AUX JUGES : Les nouvelles de derni\u00e8re heure peuvent avoir \u00e9t\u00e9 rassembl\u00e9es et pr\u00e9sent\u00e9es dans un seul ensemble ou continuellement mises \u00e0 jour sur une plateforme num\u00e9rique. Rapidit\u00e9 d\u2019ex\u00e9cution, exactitude, int\u00e9grit\u00e9 et clart\u00e9 sont de mise. La diffusion de l\u2019information a-t-elle \u00e9t\u00e9 chaotique, dangereuse ou difficile? Le reportage a-t-il exig\u00e9 de la t\u00e9nacit\u00e9, de l\u2019initiative et de l\u2019imagination? Le travail a-t-il \u00e9t\u00e9 complet, exact, fiable, sans d\u00e9lai et captivant? A-t-on ajout\u00e9 du contexte pour une meilleure compr\u00e9hension des \u00e9v\u00e9nements? Un reportage sur une nouvelle derni\u00e8re heure peut \u00eatre bref ou \u00e9labor\u00e9; les juges peuvent prendre en consid\u00e9ration les ressources de l\u2019organe de presse en question pour \u00e9valuer l\u2019envergure et la profondeur du travail.<\/p>\n<p>DATE LIMITE POUR SOUMETTRE DES INSCRIPTIONS : le 15 janvier<\/p>\n<p>&nbsp;<\/p>\n<p><span style=\"color: #ffffff;\"><a id=\"journalisme-specialise\"><\/a>&#8211;<\/span><\/p>\n<p>&nbsp;<\/p>\n<p><strong>14. JOURNALISME SP\u00c9CIALIS\u00c9 (PRIX JOAN HOLLOBON)<\/strong><\/p>\n<p>DESCRIPTION DE LA CAT\u00c9GORIE : Pour le travail exceptionnel et reconnu d\u2019un journaliste affect\u00e9 r\u00e9guli\u00e8rement \u00e0 un secteur ou sujet sp\u00e9cialis\u00e9, faisant preuve de pens\u00e9e originale, d\u2019initiative et de constance dans la couverture. Le sujet peut ne pas \u00eatre le secteur exclusivement attitr\u00e9 du journaliste, mais il doit avoir \u00e9t\u00e9 couvert r\u00e9guli\u00e8rement au cours d\u2019une p\u00e9riode raisonnable.<\/p>\n<p>EXIGENCES: Un portfolio de quatre articles, chacun pouvant \u00eatre accompagn\u00e9 d\u2019un encadr\u00e9. L&rsquo;inscription doit \u00eatre accompagn\u00e9e de l&rsquo;un des \u00e9l\u00e9ments suivants : (1) Une lettre de pr\u00e9sentation d\u2019un superviseur expliquant la qualification et l\u2019exp\u00e9rience du reporter dans le secteur donn\u00e9 et l\u2019\u00e9tendue de la couverture qui est \u00e0 l\u2019origine de la candidature; (2) une lettre de pr\u00e9sentation d\u2019un journaliste pigiste qui a compl\u00e9t\u00e9 le travail \u2014 ou un r\u00e9viseur qui a publi\u00e9 le travail du journaliste \u2014 expliquant les qualifications et l\u2019exp\u00e9rience du reporter dans le domaine et l\u2019envergure de la couverture \u00e0 l\u2019origine de la candidature.<\/p>\n<p>FORMATS : Une candidature dans cette cat\u00e9gorie peut utiliser tous les outils journalistiques, incluant le texte, la vid\u00e9o, l\u2019audio, les photos et les r\u00e9seaux sociaux. Toutefois, les photos soumises dans le cadre de cette candidature ne doivent pas en \u00eatre l\u2019\u00e9l\u00e9ment principal.<\/p>\n<p>RESTRICTIONS : Un maximum d\u2019une inscription par concurrent. Les candidatures doivent \u00eatre soumises par ou au nom d\u2019une seule personne, ou par deux personnes, \u00e0 condition que les deux personnes fassent r\u00e9guli\u00e8rement rapport sur le m\u00eame sujet et aient collabor\u00e9 \u00e0 toutes les histoires soumises dans le cadre de la candidature.<\/p>\n<p>NOTE AUX JUGES : Cette cat\u00e9gorie doit \u00eatre jug\u00e9e en ayant \u00e0 l\u2019esprit tous les crit\u00e8res g\u00e9n\u00e9raux d\u2019excellence journalistique : le sujet, la rigueur du reportage, le style de r\u00e9daction, l\u2019originalit\u00e9 et l\u2019impact. Il est d\u2019une importance primordiale de faire la preuve d\u2019un travail exceptionnel soutenu de m\u00eame que d\u2019une connaissance approfondie du sujet. Le portfolio d\u00e9montre-t-il une couverture digne de foi d\u2019une question complexe? R\u00e9v\u00e8le-t-il les cons\u00e9quences des probl\u00e8mes pour l\u2019int\u00e9r\u00eat public? Fait-il montre d\u2019envergure, d\u2019initiative et de t\u00e9nacit\u00e9? Y trouve-t-on la preuve d\u2019une relation de confiance, sans contrepartie, avec les principaux intervenants\u2009? Le travail soumis capte-t-il l\u2019attention du lecteur de fa\u00e7on exceptionnelle? Le travail a-t-il suscit\u00e9 des changements ou des am\u00e9liorations\u2009?<\/p>\n<p>DATE LIMITE POUR SOUMETTRE DES INSCRIPTIONS : le 15 janvier<\/p>\n<p>&nbsp;<\/p>\n<p><span style=\"color: #ffffff;\"><a id=\"economie\"><\/a>&#8211;<\/span><\/p>\n<p>&nbsp;<\/p>\n<p><strong>15. \u00c9CONOMIE<\/strong><\/p>\n<p>DESCRIPTION DE LA CAT\u00c9GORIE : Pour un reportage exceptionnel et captivant sur le monde des affaires, l\u2019\u00e9conomie et\/ou les finances personnelles.<\/p>\n<p>EXIGENCES : Jusqu\u2019\u00e0 trois articles reli\u00e9s ou non, avec encadr\u00e9s.<\/p>\n<p>FORMATS : Une candidature dans cette cat\u00e9gorie peut utiliser tous les outils journalistiques, incluant le texte, la vid\u00e9o, l\u2019audio, les photos et les r\u00e9seaux sociaux. Toutefois, les photos soumises dans le cadre de cette candidature ne doivent pas en \u00eatre l\u2019\u00e9l\u00e9ment principal.<\/p>\n<p>RESTRICTIONS : Un maximum d\u2019une inscription par concurrent.<\/p>\n<p>NOTE AUX JUGES : Ceci est une cat\u00e9gorie pour laquelle tous les crit\u00e8res d\u2019excellence journalistique s\u2019appliquent : sujet, rigueur du reportage, style de r\u00e9daction, int\u00e9grit\u00e9 et impact. Les affaires et l\u2019\u00e9conomie affectent pratiquement tout le monde; en \u00e9valuant les candidatures, les juges doivent consid\u00e9rer l\u2019\u00e9quilibre entre la connaissance approfondie du monde des affaires et la mani\u00e8re de le rendre int\u00e9ressant pour un large public. Le travail explique ou r\u00e9v\u00e8le-t-il les rouages internes des affaires? Y voit-on la trace d\u2019initiative et de t\u00e9nacit\u00e9? Offre-t-il une analyse qui fait autorit\u00e9? Est-il captivant?<\/p>\n<p>DATE LIMITE POUR SOUMETTRE DES INSCRIPTIONS : le 11 janvier<\/p>\n<p>&nbsp;<\/p>\n<p><span style=\"color: #ffffff;\"><a id=\"sport\"><\/a>&#8211;<\/span><\/p>\n<p>&nbsp;<\/p>\n<p><strong>16. SPORT<\/strong><\/p>\n<p>DESCRIPTION DE LA CAT\u00c9GGORIE : Pour un reportage et\/ou un texte exceptionnel et captivant dans le domaine du sport.<\/p>\n<p>EXIGENCES : Jusqu\u2019\u00e0 trois articles reli\u00e9s ou non, avec encadr\u00e9s.<\/p>\n<p>FORMATS : Une candidature dans cette cat\u00e9gorie peut utiliser tous les outils journalistiques, incluant le texte, la vid\u00e9o, l\u2019audio, les photos et les r\u00e9seaux sociaux. Toutefois, les photos soumises dans le cadre de cette candidature ne doivent pas en \u00eatre l\u2019\u00e9l\u00e9ment principal.<\/p>\n<p>RESTRICTIONS : Un maximum d\u2019une inscription par concurrent.<\/p>\n<p>NOTE AUX JUGES : Le monde du sport offre la possibilit\u00e9 d\u2019utiliser plusieurs \u00e9l\u00e9ments pour r\u00e9aliser un reportage captivant : des h\u00e9ros, le triomphe, la d\u00e9faite cr\u00e8ve-c\u0153ur, le courage et l\u2019\u00e9chec. Le sport professionnel est aussi une entreprise commerciale. Les juges doivent se rappeler que l\u2019\u00e9ventail des articles et des approches peut \u00eatre large dans cette cat\u00e9gorie. Tous les crit\u00e8res d\u2019excellence journalistique s\u2019appliquent : le sujet, la rigueur du reportage, le style de r\u00e9daction, l\u2019int\u00e9grit\u00e9 et l\u2019impact. Le travail d\u00e9montre-t-il de l\u2019initiative et de la t\u00e9nacit\u00e9? Int\u00e9resse et divertit-il les lecteurs gr\u00e2ce \u00e0 une plume captivante? Montre-t-il le c\u00f4t\u00e9 humain du sport et\/ou offre-t-il une analyse qui fait autorit\u00e9? En \u00e9valuant les candidatures, les juges doivent consid\u00e9rer l\u2019\u00e9quilibre entre la connaissance approfondie du monde du sport et la mani\u00e8re de la rendre int\u00e9ressant pour des lecteurs moins concern\u00e9s.<\/p>\n<p>DATE LIMITE POUR SOUMETTRE DES INSCRIPTIONS : le 9 janvier<\/p>\n<p>&nbsp;<\/p>\n<p><span style=\"color: #ffffff;\"><a id=\"culture-et-divertissement\"><\/a>&#8211;<\/span><\/p>\n<p>&nbsp;<\/p>\n<p><strong>17. CULTURE ET DIVERTISSEMENT<\/strong><\/p>\n<p>DECRIPTION DE LA CAT\u00c9GORIE : Pour l\u2019excellence d\u2019un reportage, un documentaire, une critique ou une chronique dans le domaine de la culture qui se d\u00e9marque par son style brillant et divertissant.<\/p>\n<p>EXIGENCES : Jusqu\u2019\u00e0 trois articles reli\u00e9s ou non, avec encadr\u00e9s.<\/p>\n<p>FORMATS : Une candidature dans cette cat\u00e9gorie peut utiliser tous les outils journalistiques, incluant le texte, la vid\u00e9o, l\u2019audio, les photos et les r\u00e9seaux sociaux. Toutefois, les photos soumises dans le cadre de cette candidature ne doivent pas en \u00eatre l\u2019\u00e9l\u00e9ment principal.<\/p>\n<p>RESTRICTIONS: Un maximum d\u2019une inscription par concurrent.<\/p>\n<p>NOTE AUX JUGES : La couverture des arts et du divertissement peut \u00eatre un reflet de notre culture. Le travail couvre-t-il l\u2019\u00e9tendue du sujet et en d\u00e9montre-t-il la compr\u00e9hension? Fait-il preuve de pens\u00e9e originale et\/ou adopte-t-il une approche innovatrice? Offre-t-il une analyse qui fait autorit\u00e9 et\/ou r\u00e9v\u00e8le-t-il des d\u00e9tails uniques? S\u2019il s\u2019agit de critiques ou de chroniques, peut-on y percevoir une voix distincte?<\/p>\n<p>DATE LIMITE POUR SOUMETTRE DES INSCRIPTIONS : le 9 janvier<\/p>\n<p>&nbsp;<\/p>\n<p><span style=\"color: #ffffff;\"><a id=\"politique\"><\/a>&#8211;<\/span><\/p>\n<p>&nbsp;<\/p>\n<p><strong>18. POLITIQUE (PRIX JOHN WESLEY DAFOE)<\/strong><\/p>\n<p>DESCRIPTION DE LA CAT\u00c9GORIE : Pour un reportage exceptionnel et captivant dans le secteur politique.<\/p>\n<p>EXIGENCES : Jusqu\u2019\u00e0 trois articles reli\u00e9s ou non, avec encadr\u00e9s.<\/p>\n<p>FORMATS : Une candidature dans cette cat\u00e9gorie peut utiliser tous les outils journalistiques, incluant le texte, la vid\u00e9o, l\u2019audio, les photos et les r\u00e9seaux sociaux. Toutefois, les photos soumises dans le cadre de cette candidature ne doivent pas en \u00eatre l\u2019\u00e9l\u00e9ment principal.<\/p>\n<p>RESTRICTIONS: Un maximum d\u2019une inscription par concurrent.<\/p>\n<p>NOTE AUX JUGES : La couverture de la politique est fondamentale pour le r\u00f4le des journaux dans la d\u00e9mocratie. Elle touche les activit\u00e9s publiques et priv\u00e9es, les gestes et les paroles des gens \u00e9lus ou nomm\u00e9s au service de l\u2019\u00c9tat. Le travail dans cette cat\u00e9gorie peut provenir de tous les niveaux politiques ou gouvernementaux et peut \u00eatre rassembl\u00e9 selon des approches vari\u00e9es. Tous les crit\u00e8res d\u2019excellence journalistique s\u2019appliquent : le sujet, la rigueur du reportage, le style de r\u00e9daction, l\u2019int\u00e9grit\u00e9 et l\u2019impact. Ce travail d\u00e9voile-t-il une question importante pour l\u2019int\u00e9r\u00eat public? D\u00e9montre-t-il de l\u2019initiative, de la t\u00e9nacit\u00e9 et des \u00e9l\u00e9ments exclusifs? Fait-il la preuve d\u2019irr\u00e9gularit\u00e9s ou de dissimulation, ou explique-t-il les rouages internes du gouvernement \u00e0 travers ses politiques et ses protagonistes? Le travail offre-t-il une analyse qui fait autorit\u00e9 ou de l\u2019information privil\u00e9gi\u00e9e? Les juges doivent prendre en consid\u00e9ration l\u2019impact du reportage selon son contexte (f\u00e9d\u00e9ral, provincial, r\u00e9gional ou municipal).<\/p>\n<p>DATE LIMITE POUR SOUMETTRE DES INSCRIPTIONS : le 13 janvier<\/p>\n<p>&nbsp;<\/p>\n<p><span style=\"color: #ffffff;\"><a id=\"photo-dactualite\"><\/a>&#8211;<\/span><\/p>\n<p>&nbsp;<\/p>\n<p><strong>19. PHOTO D\u2019ACTUALIT\u00c9<br \/>\n<\/strong><\/p>\n<p>DESCRIPTION DE LA CAT\u00c9GORIE : Pour une photographie exceptionnelle illustrant un \u00e9v\u00e9nement d&rsquo;actualit\u00e9 qui a exig\u00e9 du photographe qu&rsquo;il agisse rapidement, dans les d\u00e9lais impartis et\/ou sous la pression de la concurrence. Les photos soumises dans cette cat\u00e9gorie doivent capter un \u00e9l\u00e9ment important de l&rsquo;\u00e9v\u00e9nement ou contribuer \u00e0 raconter son d\u00e9roulement. La planification pr\u00e9alable de l&rsquo;\u00e9v\u00e9nement et\/ou de l&rsquo;image est autoris\u00e9e, mais les photos doivent \u00eatre prises sur le vif et sans artifice.<\/p>\n<p>EXIGENCES : Une seule image, avec une preuve de publication, des m\u00e9tadonn\u00e9es IPTC et une lettre indiquant quand l&rsquo;\u00e9v\u00e9nement s&rsquo;est produit et quand l&rsquo;image a \u00e9t\u00e9 publi\u00e9e pour la premi\u00e8re fois. Il est fortement recommand\u00e9 d&rsquo;inclure dans la lettre des informations d\u00e9crivant ce qui a \u00e9t\u00e9 fait pour prendre la photo.<\/p>\n<p>FORMATS : Format JPG haute r\u00e9solution pr\u00e9f\u00e9r\u00e9.<\/p>\n<p>RESTRICTIONS : Les candidatures doivent \u00eatre soumises par ou au nom d\u2019une seule personne. Les individus et les organisations peuvent soumettre plusieurs candidatures dans cette cat\u00e9gorie. L\u2019utilisation de l\u2019IA n\u2019est pas permise.<\/p>\n<p>NOTE AUX JUGES : La photo doit d\u00e9montrer du discernement, de l&rsquo;instinct, de la cr\u00e9ativit\u00e9, de l\u2019imagination et de la comp\u00e9tence. Elle doit \u00eatre captivante, avoir une valeur journalistique et illustrer un sujet important. Le respect des d\u00e9lais, la difficult\u00e9 de l\u2019affectation et l&rsquo;exclusivit\u00e9 peuvent \u00eatre pris en consid\u00e9ration. La photo doit \u00e9galement d\u00e9montrer une expertise technique, notamment en mati\u00e8re de composition, d&rsquo;\u00e9clairage et de synchronisation. Les juges ne tiendront pas compte de la mani\u00e8re dont la photo a \u00e9t\u00e9 pr\u00e9sent\u00e9e par l&rsquo;organisation qui l&rsquo;a publi\u00e9e.<\/p>\n<p>DATE LIMITE POUR SOUMETTRE DES INSCRIPTIONS : le 11 janvier<\/p>\n<p>&nbsp;<\/p>\n<p><span style=\"color: #ffffff;\"><a id=\"photo-documentaire\"><\/a>&#8211;<\/span><\/p>\n<p>&nbsp;<\/p>\n<p><strong>20. PHOTO DOCUMENTAIRE<\/strong><\/p>\n<p>DESCRIPTION DE LA CAT\u00c9GORIE : Pour une photographie exceptionnelle d\u2019une image qui n\u2019est pas associ\u00e9e \u00e0 un \u00e9v\u00e9nement qui serait ordinairement consid\u00e9r\u00e9 comme une nouvelle, telle que (sans s\u2019y limiter) des images qui d\u00e9crivent la vie quotidienne ou la communaut\u00e9, ou une perspective nouvelle ou unique d\u2019une sc\u00e8ne famili\u00e8re. Les photographies peuvent avoir \u00e9t\u00e9 prises lors d\u2019une situation impr\u00e9vue ou lors d\u2019un \u00e9v\u00e9nement organis\u00e9 ou pr\u00e9vu. La planification est permise.<\/p>\n<p>EXIGENCES : Une seule image, avec la preuve de publication, m\u00e9tadonn\u00e9es IPTC. Une lettre d\u00e9crivant ce qu\u2019a impliqu\u00e9 le travail pour obtenir la photo est recommand\u00e9e.<\/p>\n<p>FORMATS : Format JPG haute r\u00e9solution pr\u00e9f\u00e9r\u00e9.<\/p>\n<p>RESTRICTIONS : Les candidatures doivent \u00eatre soumises par ou au nom d\u2019une seule personne. Les individus et les organisations peuvent soumettre plusieurs candidatures dans cette cat\u00e9gorie. L\u2019utilisation de l\u2019IA n\u2019est pas permise.<\/p>\n<p>NOTE AUX JUGES : La photo doit faire montre de cr\u00e9ativit\u00e9, imagination et habilet\u00e9. Elle doit \u00eatre captivante et susciter l\u2019int\u00e9r\u00eat m\u00eame si le moment illustr\u00e9 n\u2019est pas associ\u00e9 \u00e0 une nouvelle ou un \u00e9v\u00e9nement important. La photo doit aussi d\u00e9montrer une expertise technique notamment en mati\u00e8re de composition et d\u2019\u00e9clairage. Les juges ne prendront pas en consid\u00e9ration la fa\u00e7on dont la photo a \u00e9t\u00e9 pr\u00e9sent\u00e9e par l\u2019organisation qui l\u2019a publi\u00e9e.<\/p>\n<p>DATE LIMITE POUR SOUMETTRE DES INSCRIPTIONS : le 9 janvier<\/p>\n<p>&nbsp;<\/p>\n<p><span style=\"color: #ffffff;\"><a id=\"photo-de-sport\"><\/a>&#8211;<\/span><\/p>\n<p>&nbsp;<\/p>\n<p><strong>21. PHOTO DE SPORT<\/strong><\/p>\n<p>DESCRIPTION DE LA CAT\u00c9GORIE : Pour une photographie exceptionnelle qui capte l\u2019action d\u2019\u00e9preuves sportives (individuelles ou en \u00e9quipe) et\/ou illustre les qualit\u00e9s esth\u00e9tiques et artistiques de leurs sports sur le terrain ou \u00e0 l\u2019ext\u00e9rieur. La planification de l\u2019\u00e9v\u00e9nement et\/ou de l\u2019image est permise, mais les photos doivent \u00eatre prises sur le vif sans mise en sc\u00e8ne.<\/p>\n<p>EXIGENCES : Une seule image, avec la preuve de publication, m\u00e9tadonn\u00e9es IPTC. Une lettre d\u00e9crivant ce qu\u2019a impliqu\u00e9 le travail pour obtenir la photo est fortement recommand\u00e9e.<\/p>\n<p>FORMATS : Format JPG haute r\u00e9solution pr\u00e9f\u00e9r\u00e9.<\/p>\n<p>RESTRICTIONS : Les candidatures doivent \u00eatre soumises par ou au nom d\u2019une seule personne. Les individus et les organisations peuvent soumettre plusieurs candidatures dans cette cat\u00e9gorie. L\u2019utilisation de l\u2019IA n\u2019est pas permise.<\/p>\n<p>NOTE AUX JUGES : La photo doit d\u00e9montrer un bon jugement, de l\u2019instinct, de la cr\u00e9ativit\u00e9, de l\u2019imagination et de l\u2019habilet\u00e9. Elle doit \u00eatre captivante et susciter l\u2019int\u00e9r\u00eat m\u00eame si le moment illustr\u00e9 n\u2019est pas en lui-m\u00eame significatif. La pression des d\u00e9lais, la difficult\u00e9 de l\u2019affectation et l\u2019exclusivit\u00e9 seront prises en consid\u00e9ration, sans \u00eatre pr\u00e9pond\u00e9rantes. La photo doit aussi d\u00e9montrer une expertise technique, notamment en mati\u00e8re de positionnement, d\u2019\u00e9clairage et de composition. Les juges ne prendront pas en consid\u00e9ration la fa\u00e7on dont la photo a \u00e9t\u00e9 pr\u00e9sent\u00e9e par l\u2019organisation qui l\u2019a publi\u00e9e.<\/p>\n<p>DATE LIMITE POUR SOUMETTRE DES INSCRIPTIONS : le 11 janvier<\/p>\n<p>&nbsp;<\/p>\n<p><a id=\"reportage-photo\"><\/a><span style=\"color: #ffffff;\">&#8211;<\/span><\/p>\n<p>&nbsp;<\/p>\n<p><strong>22. REPORTAGE PHOTO<\/strong><\/p>\n<p>DESCRIPTION DE LA CAT\u00c9GORIE : Pour un reportage comportant plusieurs images ou un essai visuel d\u2019une qualit\u00e9 photographique exceptionnelle sur un sujet ou un th\u00e8me unique. Prises dans leur ensemble, les images de cette candidature forment un r\u00e9cit coh\u00e9rent et font entrer le spectateur dans l&rsquo;univers de leur sujet.<\/p>\n<p>EXIGENCES : Maximum de 10 images, accompagn\u00e9es d&rsquo;une l\u00e9gende d\u00e9taill\u00e9e, publi\u00e9es le m\u00eame jour ou tout au long de l&rsquo;ann\u00e9e civile. Les images pr\u00e9sent\u00e9es dans cette cat\u00e9gorie peuvent \u00e9galement \u00eatre pr\u00e9sent\u00e9es dans d&rsquo;autres cat\u00e9gories de photos.<\/p>\n<p>FORMATS : Format JPG, au moins 2048 pixels sur le c\u00f4t\u00e9 le plus long et ne d\u00e9passant pas en largeur 3072 pixels. Compresser les fichiers JPG pour qu\u2019ils ne d\u00e9passent pas 1,5 m\u00e9gaoctet.<\/p>\n<p>RESTRICTIONS : Le travail peut \u00eatre soumis au nom d\u2019un ou plusieurs photographes pourvu qu\u2019il forme un r\u00e9cit coh\u00e9rent. Les individus et les organisations peuvent soumettre plusieurs candidatures dans cette cat\u00e9gorie. L\u2019utilisation de l\u2019IA n\u2019est pas permise.<\/p>\n<p>NOTE AUX JUGES : Les photos doivent d\u00e9montrer de la cr\u00e9ativit\u00e9, de l&rsquo;imagination et de l&rsquo;habilet\u00e9. Les photos soumises doivent \u00e9galement d\u00e9montrer une expertise technique, notamment en mati\u00e8re d&rsquo;\u00e9clairage et de composition. Les photos doivent pr\u00e9senter un \u00e9ventail et une vari\u00e9t\u00e9 d&rsquo;approches. Les juges ne tiendront pas compte de la mani\u00e8re dont les photos ont \u00e9t\u00e9 pr\u00e9sent\u00e9es par l&rsquo;organisation qui les a publi\u00e9es.<\/p>\n<p>DATE LIMITE POUR SOUMETTRE DES INSCRIPTIONS : le 15 janvier<\/p>\n<p>&nbsp;<\/p>\n<p><span style=\"color: #ffffff;\"><a id=\"reportage-en-continu\"><\/a>&#8211;<\/span><\/p>\n<p>&nbsp;<\/p>\n<p><strong>23. <a id=\"reportage-en-continu\"><\/a>REPORTAGE EN CONTINU<\/strong><\/p>\n<p>DESCRIPTION DE LA CAT\u00c9GORIE : Pour le reportage continu exceptionnel d\u2019un seul sujet au cours d\u2019une p\u00e9riode prolong\u00e9e de semaines ou de mois. Le sujet peut trouver son origine de diverses fa\u00e7ons, telles qu\u2019\u00e0 partir d\u2019un \u00e9v\u00e9nement impr\u00e9vu, une s\u00e9rie d\u2019\u00e9v\u00e9nements ou l\u2019\u00e9mergence d\u2019une question importante. Cette cat\u00e9gorie n\u2019est pas une alternative au Journalisme sp\u00e9cialis\u00e9; elle vise plut\u00f4t \u00e0 reconna\u00eetre le reportage continu d\u2019un sujet sp\u00e9cifique qui ne constitue pas en soi une \u00absp\u00e9cialit\u00e9\u00bb dans le sens traditionnel du terme.<\/p>\n<p>EXIGENCES : Jusqu\u2019\u00e0 huit \u00e9l\u00e9ments publi\u00e9s durant l\u2019ann\u00e9e civile. Une lettre de pr\u00e9sentation expliquant l\u2019effort et l\u2019impact du reportage est exig\u00e9e.<\/p>\n<p>FORMATS : Une candidature dans cette cat\u00e9gorie peut utiliser tous les outils journalistiques, incluant le texte, la vid\u00e9o, l\u2019audio et les r\u00e9seaux sociaux. Toutefois, les photos soumises dans le cadre de cette candidature ne doivent pas en \u00eatre l\u2019\u00e9l\u00e9ment principal.<\/p>\n<p>RESTRICTIONS : Un maximum de trois inscriptions par organisation participante.<\/p>\n<p>NOTE AUX JUDGES : Cette cat\u00e9gorie vise \u00e0 reconna\u00eetre l\u2019engagement dans la couverture en profondeur d\u2019un seul sujet au cours d\u2019une p\u00e9riode prolong\u00e9e. La couverture n\u2019a pas \u00e0 \u00eatre continuelle, mais doit faire la lumi\u00e8re sur un important sujet durant des semaines ou des mois. Les juges doivent prendre en consid\u00e9ration toutes les circonstances, incluant les ressources disponibles \u00e0 l\u2019organe de presse et consacr\u00e9es au reportage soumis.<\/p>\n<p>DATE LIMITE POUR SOUMETTRE DES INSCRIPTIONS : le 13 janvier<\/p>\n<p>&nbsp;<\/p>\n<p><span style=\"color: #ffffff;\"><a id=\"sujet-special\"><\/a>&#8211;<\/span><\/p>\n<p>&nbsp;<\/p>\n<p><strong>24. <\/strong><strong><a id=\"sujet-special\"><\/a>SUJET SP\u00c9CIAL &#8211; Pour le journalisme dans une langue autre que le fran\u00e7ais ou l\u2019anglais <\/strong><\/p>\n<p>DESCRIPTION DE LA CAT\u00c9GORIE : Pour un journalisme exceptionnel et percutant dans une langue autre que le fran\u00e7ais et l\u2019anglais.<\/p>\n<p>EXIGENCES : Un maximum de quatre parties li\u00e9es ou non.<\/p>\n<p>FORMATS : Une candidature dans cette cat\u00e9gorie peut utiliser tous les outils journalistiques, soit texte, vid\u00e9o, audio, photo, graphique, bulletin d\u2019information et r\u00e9seaux sociaux.<\/p>\n<p>RESTRICTIONS : Un maximum d\u2019une soumission par candidat. Les candidatures doivent provenir de publications qui publient en grande partie ou r\u00e9guli\u00e8rement dans une langue autre que le fran\u00e7ais ou l\u2019anglais. Les candidatures dans cette cat\u00e9gorie peuvent \u00eatre soumises dans d\u2019autres cat\u00e9gories.<\/p>\n<p>NOTE AUX JUDGES : Cette cat\u00e9gorie doit \u00eatre jug\u00e9e en tenant compte de tous les crit\u00e8res g\u00e9n\u00e9raux d&rsquo;excellence en mati\u00e8re de journalisme : sujet trait\u00e9, rigueur du reportage, style d&rsquo;\u00e9criture, originalit\u00e9 et impact.<\/p>\n<p>DATE LIMITE POUR SOUMETTRE DES INSCRIPTIONS : le 15 janvier<\/p>\n<p>&nbsp;<\/p>\n<p><span style=\"color: #ffffff;\"><a id=\"distinction-honorifique-speciale\"><\/a>&#8211;<\/span><\/p>\n<p>&nbsp;<\/p>\n<p><strong>DISTINCTION HONORIFIQUE SP\u00c9CIALE<\/strong><\/p>\n<p>Cette distinction r\u00e9compense un travail journalistique exceptionnel qui ne correspond \u00e0 aucune cat\u00e9gorie existante. Elle est destin\u00e9e \u00e0 ouvrir la porte \u00e0 l\u2019exp\u00e9rimentation en journalisme : transcendant les cat\u00e9gories, les salles de r\u00e9daction et le secteur en entier. Tous les genres de journalisme seront consid\u00e9r\u00e9s, incluant texte, vid\u00e9o, audio, photo, graphique, bulletins d\u2019information et r\u00e9seaux sociaux. Tous les types de m\u00e9dias sont admissibles, mais le travail doit avoir \u00e9t\u00e9 accompli par une organisation qui diffuse du journalisme original destin\u00e9 \u00e0 un public canadien.<\/p>\n<p>La distinction sera d\u00e9cern\u00e9e \u00e0 la discr\u00e9tion des juges, mais pourrait ne pas \u00eatre remise tous les ans. Les candidatures peuvent \u00eatre retenues parmi les soumissions dans des cat\u00e9gories existantes, mais le travail qui n\u2019a pas \u00e9t\u00e9 soumis formellement peut aussi \u00eatre pris en consid\u00e9ration.\u00a0Pour proposer \u00e0 cet \u00e9gard une candidature qui n\u2019a pas \u00e9t\u00e9 formellement soumise dans d\u2019autres cat\u00e9gories, veuillez envoyer toute l\u2019information dans un courriel \u00e0\u00a0<a href=\"mailto:exec@nna-ccj.ca\">exec@nna-ccj.ca<\/a>\u00a0. Les pi\u00e8ces jointes et les liens seront accept\u00e9s (veuillez inclure les informations relatives au verrou d\u2019acc\u00e8s payant s\u2019il y a lieu.<\/p>\n<p style=\"box-sizing: border-box; -webkit-font-smoothing: antialiased; margin: 0px 0px 15px; padding: 0px; border: 0px; font-style: normal; font-variant-ligatures: normal; font-variant-caps: normal; font-variant-numeric: inherit; font-variant-east-asian: inherit; font-variant-alternates: inherit; font-variant-position: inherit; font-weight: 400; font-stretch: inherit; font-size: 14px; line-height: inherit; font-family: Roboto, sans-serif; font-optical-sizing: inherit; font-kerning: inherit; font-feature-settings: inherit; font-variation-settings: inherit; vertical-align: baseline; color: #7a7a7a; letter-spacing: normal; orphans: 2; text-align: start; text-indent: 0px; text-transform: none; widows: 2; word-spacing: 0px; -webkit-text-stroke-width: 0px; white-space: normal; background-color: #f7f9fa; text-decoration-thickness: initial; text-decoration-style: initial; text-decoration-color: initial;\">DATE LIMITE POUR SOUMETTRE DES INSCRIPTIONS : le 15 janvier<\/p>\n","protected":false},"excerpt":{"rendered":"<p>INNOVATION EN JOURNALISME PROJET DE L\u2019ANN\u00c9E (PRIX JOHN HONDERICH) REPORTAGE NUM\u00c9RIQUE REPORTAGE \u00c0 CARACT\u00c8RE LOCAL (PRIX E. CORA HIND) REPORTAGE BREF (PRIX BOB LEVIN) ARTICLE DE<span class=\"excerpt-hellip\"> [\u2026]<\/span><\/p>\n","protected":false},"author":1,"featured_media":-1,"parent":0,"menu_order":0,"comment_status":"closed","ping_status":"open","template":"","meta":{"footnotes":""},"class_list":["post-1569","page","type-page","status-publish","has-post-thumbnail","hentry"],"yoast_head":"<!-- This site is optimized with the Yoast SEO plugin v27.5 - https:\/\/yoast.com\/product\/yoast-seo-wordpress\/ -->\n<title>Cat\u00e9gories de participation - National Newspaper Awards<\/title>\n<meta name=\"robots\" content=\"index, follow, max-snippet:-1, max-image-preview:large, max-video-preview:-1\" \/>\n<link rel=\"canonical\" href=\"https:\/\/nna-ccj.ca\/fr\/categories-de-participation\/\" \/>\n<meta property=\"og:locale\" content=\"fr_FR\" \/>\n<meta property=\"og:type\" content=\"article\" \/>\n<meta property=\"og:title\" content=\"Cat\u00e9gories de participation - National Newspaper Awards\" \/>\n<meta property=\"og:description\" content=\"INNOVATION EN JOURNALISME PROJET DE L\u2019ANN\u00c9E (PRIX JOHN HONDERICH) REPORTAGE NUM\u00c9RIQUE REPORTAGE \u00c0 CARACT\u00c8RE LOCAL (PRIX E. CORA HIND) REPORTAGE BREF (PRIX BOB LEVIN) ARTICLE DE [\u2026]\" \/>\n<meta property=\"og:url\" content=\"https:\/\/nna-ccj.ca\/fr\/categories-de-participation\/\" \/>\n<meta property=\"og:site_name\" content=\"National Newspaper Awards\" \/>\n<meta property=\"article:modified_time\" content=\"2025-12-12T13:46:52+00:00\" \/>\n<meta name=\"twitter:card\" content=\"summary_large_image\" \/>\n<meta name=\"twitter:label1\" content=\"Dur\u00e9e de lecture estim\u00e9e\" \/>\n\t<meta name=\"twitter:data1\" content=\"26 minutes\" \/>\n<script type=\"application\/ld+json\" class=\"yoast-schema-graph\">{\"@context\":\"https:\\\/\\\/schema.org\",\"@graph\":[{\"@type\":\"WebPage\",\"@id\":\"https:\\\/\\\/nna-ccj.ca\\\/fr\\\/categories-de-participation\\\/\",\"url\":\"https:\\\/\\\/nna-ccj.ca\\\/fr\\\/categories-de-participation\\\/\",\"name\":\"Cat\u00e9gories de participation - National Newspaper Awards\",\"isPartOf\":{\"@id\":\"https:\\\/\\\/nna-ccj.ca\\\/#website\"},\"datePublished\":\"2009-11-02T12:05:38+00:00\",\"dateModified\":\"2025-12-12T13:46:52+00:00\",\"breadcrumb\":{\"@id\":\"https:\\\/\\\/nna-ccj.ca\\\/fr\\\/categories-de-participation\\\/#breadcrumb\"},\"inLanguage\":\"fr-FR\",\"potentialAction\":[{\"@type\":\"ReadAction\",\"target\":[\"https:\\\/\\\/nna-ccj.ca\\\/fr\\\/categories-de-participation\\\/\"]}]},{\"@type\":\"BreadcrumbList\",\"@id\":\"https:\\\/\\\/nna-ccj.ca\\\/fr\\\/categories-de-participation\\\/#breadcrumb\",\"itemListElement\":[{\"@type\":\"ListItem\",\"position\":1,\"name\":\"Home\",\"item\":\"https:\\\/\\\/nna-ccj.ca\\\/fr\\\/\"},{\"@type\":\"ListItem\",\"position\":2,\"name\":\"Cat\u00e9gories de participation\"}]},{\"@type\":\"WebSite\",\"@id\":\"https:\\\/\\\/nna-ccj.ca\\\/#website\",\"url\":\"https:\\\/\\\/nna-ccj.ca\\\/\",\"name\":\"National Newspaper Awards\",\"description\":\"Honouring the best in Canadian Journalism since 1949\",\"potentialAction\":[{\"@type\":\"SearchAction\",\"target\":{\"@type\":\"EntryPoint\",\"urlTemplate\":\"https:\\\/\\\/nna-ccj.ca\\\/?s={search_term_string}\"},\"query-input\":{\"@type\":\"PropertyValueSpecification\",\"valueRequired\":true,\"valueName\":\"search_term_string\"}}],\"inLanguage\":\"fr-FR\"}]}<\/script>\n<!-- \/ Yoast SEO plugin. -->","yoast_head_json":{"title":"Cat\u00e9gories de participation - National Newspaper Awards","robots":{"index":"index","follow":"follow","max-snippet":"max-snippet:-1","max-image-preview":"max-image-preview:large","max-video-preview":"max-video-preview:-1"},"canonical":"https:\/\/nna-ccj.ca\/fr\/categories-de-participation\/","og_locale":"fr_FR","og_type":"article","og_title":"Cat\u00e9gories de participation - National Newspaper Awards","og_description":"INNOVATION EN JOURNALISME PROJET DE L\u2019ANN\u00c9E (PRIX JOHN HONDERICH) REPORTAGE NUM\u00c9RIQUE REPORTAGE \u00c0 CARACT\u00c8RE LOCAL (PRIX E. CORA HIND) REPORTAGE BREF (PRIX BOB LEVIN) ARTICLE DE [\u2026]","og_url":"https:\/\/nna-ccj.ca\/fr\/categories-de-participation\/","og_site_name":"National Newspaper Awards","article_modified_time":"2025-12-12T13:46:52+00:00","twitter_card":"summary_large_image","twitter_misc":{"Dur\u00e9e de lecture estim\u00e9e":"26 minutes"},"schema":{"@context":"https:\/\/schema.org","@graph":[{"@type":"WebPage","@id":"https:\/\/nna-ccj.ca\/fr\/categories-de-participation\/","url":"https:\/\/nna-ccj.ca\/fr\/categories-de-participation\/","name":"Cat\u00e9gories de participation - National Newspaper Awards","isPartOf":{"@id":"https:\/\/nna-ccj.ca\/#website"},"datePublished":"2009-11-02T12:05:38+00:00","dateModified":"2025-12-12T13:46:52+00:00","breadcrumb":{"@id":"https:\/\/nna-ccj.ca\/fr\/categories-de-participation\/#breadcrumb"},"inLanguage":"fr-FR","potentialAction":[{"@type":"ReadAction","target":["https:\/\/nna-ccj.ca\/fr\/categories-de-participation\/"]}]},{"@type":"BreadcrumbList","@id":"https:\/\/nna-ccj.ca\/fr\/categories-de-participation\/#breadcrumb","itemListElement":[{"@type":"ListItem","position":1,"name":"Home","item":"https:\/\/nna-ccj.ca\/fr\/"},{"@type":"ListItem","position":2,"name":"Cat\u00e9gories de participation"}]},{"@type":"WebSite","@id":"https:\/\/nna-ccj.ca\/#website","url":"https:\/\/nna-ccj.ca\/","name":"National Newspaper Awards","description":"Honouring the best in Canadian Journalism since 1949","potentialAction":[{"@type":"SearchAction","target":{"@type":"EntryPoint","urlTemplate":"https:\/\/nna-ccj.ca\/?s={search_term_string}"},"query-input":{"@type":"PropertyValueSpecification","valueRequired":true,"valueName":"search_term_string"}}],"inLanguage":"fr-FR"}]}},"jetpack_sharing_enabled":true,"_links":{"self":[{"href":"https:\/\/nna-ccj.ca\/fr\/wp-json\/wp\/v2\/pages\/1569","targetHints":{"allow":["GET"]}}],"collection":[{"href":"https:\/\/nna-ccj.ca\/fr\/wp-json\/wp\/v2\/pages"}],"about":[{"href":"https:\/\/nna-ccj.ca\/fr\/wp-json\/wp\/v2\/types\/page"}],"author":[{"embeddable":true,"href":"https:\/\/nna-ccj.ca\/fr\/wp-json\/wp\/v2\/users\/1"}],"replies":[{"embeddable":true,"href":"https:\/\/nna-ccj.ca\/fr\/wp-json\/wp\/v2\/comments?post=1569"}],"version-history":[{"count":132,"href":"https:\/\/nna-ccj.ca\/fr\/wp-json\/wp\/v2\/pages\/1569\/revisions"}],"predecessor-version":[{"id":10855,"href":"https:\/\/nna-ccj.ca\/fr\/wp-json\/wp\/v2\/pages\/1569\/revisions\/10855"}],"wp:featuredmedia":[{"embeddable":true,"href":"https:\/\/nna-ccj.ca\/fr\/wp-json\/"}],"wp:attachment":[{"href":"https:\/\/nna-ccj.ca\/fr\/wp-json\/wp\/v2\/media?parent=1569"}],"curies":[{"name":"wp","href":"https:\/\/api.w.org\/{rel}","templated":true}]}}