{"id":5930,"date":"2021-05-12T12:59:06","date_gmt":"2021-05-12T16:59:06","guid":{"rendered":"https:\/\/nna-ccj.ca\/?page_id=5930"},"modified":"2024-04-12T15:57:06","modified_gmt":"2024-04-12T19:57:06","slug":"gala-2021-le-6-mai-2022","status":"publish","type":"page","link":"https:\/\/nna-ccj.ca\/fr\/gala-2021-le-6-mai-2022\/","title":{"rendered":"Gala des laur\u00e9ats 2022"},"content":{"rendered":"\t\t<div data-elementor-type=\"wp-page\" data-elementor-id=\"5930\" class=\"elementor elementor-5930\" data-elementor-post-type=\"page\">\n\t\t\t\t\t\t<section class=\"elementor-section elementor-top-section elementor-element elementor-element-61c67515 elementor-section-boxed elementor-section-height-default elementor-section-height-default\" data-id=\"61c67515\" data-element_type=\"section\" data-e-type=\"section\">\n\t\t\t\t\t\t<div class=\"elementor-container elementor-column-gap-default\">\n\t\t\t\t\t<div class=\"elementor-column elementor-col-100 elementor-top-column elementor-element elementor-element-2a63552a\" data-id=\"2a63552a\" data-element_type=\"column\" data-e-type=\"column\">\n\t\t\t<div class=\"elementor-widget-wrap elementor-element-populated\">\n\t\t\t\t\t\t<div class=\"elementor-element elementor-element-26691859 elementor-widget elementor-widget-text-editor\" data-id=\"26691859\" data-element_type=\"widget\" data-e-type=\"widget\" data-widget_type=\"text-editor.default\">\n\t\t\t\t<div class=\"elementor-widget-container\">\n\t\t\t\t\t\t\t\t\t<p><span style=\"font-size: 12pt;\">Les laur\u00e9ats du CCJ 2022 ont \u00e9t\u00e9 annonc\u00e9s le 5 mai 2023 \u00e0 Toronto.<\/span><\/p><p><a href=\"https:\/\/nna-ccj.ca\/wp-content\/uploads\/2023\/05\/2022-NNA-program-FRENCH-reduced-size.pdf\" target=\"_blank\" rel=\"noopener\">Cliquez ici <\/a>pour t\u00e9l\u00e9charger le programme num\u00e9rique.<\/p><p><span style=\"font-size: 12pt;\">Cliquez sur l&rsquo;ic\u00f4ne ci-dessous pour profiter du spectacle !<\/span><\/p><p><a href=\"https:\/\/www.youtube.com\/watch?v=s0-9rNg2l8A&amp;list=PLkjXZYuZWfR8v96eSGG3138F9GaqhwWbg\" target=\"_blank\" rel=\"noopener\"><img fetchpriority=\"high\" decoding=\"async\" class=\"alignnone size-medium wp-image-7837\" src=\"https:\/\/nna-ccj.ca\/wp-content\/uploads\/2023\/05\/NNA-show-300x200.png\" alt=\"\" width=\"300\" height=\"200\" srcset=\"https:\/\/nna-ccj.ca\/wp-content\/uploads\/2023\/05\/NNA-show-300x200.png 300w, https:\/\/nna-ccj.ca\/wp-content\/uploads\/2023\/05\/NNA-show-219x146.png 219w, https:\/\/nna-ccj.ca\/wp-content\/uploads\/2023\/05\/NNA-show-50x33.png 50w, https:\/\/nna-ccj.ca\/wp-content\/uploads\/2023\/05\/NNA-show-113x75.png 113w, https:\/\/nna-ccj.ca\/wp-content\/uploads\/2023\/05\/NNA-show-480x320.png 480w, https:\/\/nna-ccj.ca\/wp-content\/uploads\/2023\/05\/NNA-show.png 624w\" sizes=\"(max-width:767px) 300px, 300px\" \/><\/a><\/p><figure class=\"wp-block-image size-large is-resized\"><\/figure>\t\t\t\t\t\t\t\t<\/div>\n\t\t\t\t<\/div>\n\t\t\t\t\t<\/div>\n\t\t<\/div>\n\t\t\t\t\t<\/div>\n\t\t<\/section>\n\t\t\t\t<section class=\"elementor-section elementor-top-section elementor-element elementor-element-76492b5 elementor-section-boxed elementor-section-height-default elementor-section-height-default\" data-id=\"76492b5\" data-element_type=\"section\" data-e-type=\"section\">\n\t\t\t\t\t\t<div class=\"elementor-container elementor-column-gap-default\">\n\t\t\t\t\t<div class=\"elementor-column elementor-col-100 elementor-top-column elementor-element elementor-element-3318899\" data-id=\"3318899\" data-element_type=\"column\" data-e-type=\"column\">\n\t\t\t<div class=\"elementor-widget-wrap elementor-element-populated\">\n\t\t\t\t\t\t<div class=\"elementor-element elementor-element-e6af294 elementor-widget elementor-widget-text-editor\" data-id=\"e6af294\" data-element_type=\"widget\" data-e-type=\"widget\" data-widget_type=\"text-editor.default\">\n\t\t\t\t<div class=\"elementor-widget-container\">\n\t\t\t\t\t\t\t\t\t<p style=\"text-align: center;\"><span style=\"font-size: 24px;\"><b>Commanditaire platine<\/b><\/span><\/p><p><img decoding=\"async\" class=\"aligncenter\" src=\"https:\/\/nna-ccj.ca\/wp-content\/uploads\/2022\/11\/TGAM-square-black-300x300.jpg\" alt=\"\" width=\"231\" height=\"231\" \/><\/p><p style=\"text-align: center;\"><span style=\"font-style: normal; font-variant-ligatures: normal; font-variant-caps: normal; font-weight: bold; font-size: 24px; font-family: Roboto, sans-serif;\">Commanditaire extra<\/span><\/p><p><img decoding=\"async\" class=\"aligncenter\" src=\"https:\/\/nna-ccj.ca\/wp-content\/uploads\/2022\/11\/logo-toronto.svg\" alt=\"\" width=\"501\" height=\"80\" \/><\/p><p style=\"text-align: center;\"><span style=\"font-family: Roboto, sans-serif; font-size: 24px; font-style: normal; font-variant-ligatures: normal; font-variant-caps: normal; font-weight: bold; color: var( --e-global-color-text ); letter-spacing: 0px;\">Commanditaires soutien<\/span><\/p><table style=\"border-collapse: collapse; width: 100%;\"><tbody><tr><td style=\"width: 33.3333%;\"><img loading=\"lazy\" decoding=\"async\" class=\"alignnone size-full wp-image-6880\" src=\"https:\/\/nna-ccj.ca\/wp-content\/uploads\/2022\/11\/CanadianPress_fr.jpg\" alt=\"\" width=\"150\" height=\"150\" srcset=\"https:\/\/nna-ccj.ca\/wp-content\/uploads\/2022\/11\/CanadianPress_fr.jpg 150w, https:\/\/nna-ccj.ca\/wp-content\/uploads\/2022\/11\/CanadianPress_fr-146x146.jpg 146w, https:\/\/nna-ccj.ca\/wp-content\/uploads\/2022\/11\/CanadianPress_fr-50x50.jpg 50w, https:\/\/nna-ccj.ca\/wp-content\/uploads\/2022\/11\/CanadianPress_fr-75x75.jpg 75w, https:\/\/nna-ccj.ca\/wp-content\/uploads\/2022\/11\/CanadianPress_fr-85x85.jpg 85w, https:\/\/nna-ccj.ca\/wp-content\/uploads\/2022\/11\/CanadianPress_fr-80x80.jpg 80w\" sizes=\"(max-width:767px) 150px, 150px\" \/><\/td><td style=\"width: 33.3333%;\"><img loading=\"lazy\" decoding=\"async\" src=\"https:\/\/nna-ccj.ca\/wp-content\/uploads\/2022\/11\/Cision.jpg\" alt=\"\" width=\"150\" height=\"150\" \/><\/td><td style=\"width: 33.3333%;\"><p><img loading=\"lazy\" decoding=\"async\" src=\"https:\/\/nna-ccj.ca\/wp-content\/uploads\/2022\/11\/Glacier.jpg\" alt=\"Glacier Media Group\" width=\"150\" height=\"150\" \/><\/p><\/td><\/tr><\/tbody><\/table><table style=\"border-collapse: collapse; width: 100%;\"><tbody><tr><td style=\"width: 33.3333%;\"><img loading=\"lazy\" decoding=\"async\" class=\"alignnone size-full wp-image-7531\" src=\"https:\/\/nna-ccj.ca\/wp-content\/uploads\/2023\/04\/CNM_Fr.png\" alt=\"\" width=\"150\" height=\"150\" srcset=\"https:\/\/nna-ccj.ca\/wp-content\/uploads\/2023\/04\/CNM_Fr.png 150w, https:\/\/nna-ccj.ca\/wp-content\/uploads\/2023\/04\/CNM_Fr-146x146.png 146w, https:\/\/nna-ccj.ca\/wp-content\/uploads\/2023\/04\/CNM_Fr-50x50.png 50w, https:\/\/nna-ccj.ca\/wp-content\/uploads\/2023\/04\/CNM_Fr-75x75.png 75w, https:\/\/nna-ccj.ca\/wp-content\/uploads\/2023\/04\/CNM_Fr-85x85.png 85w, https:\/\/nna-ccj.ca\/wp-content\/uploads\/2023\/04\/CNM_Fr-80x80.png 80w\" sizes=\"(max-width:767px) 150px, 150px\" \/><\/td><td style=\"width: 33.3333%;\"><img loading=\"lazy\" decoding=\"async\" src=\"https:\/\/nna-ccj.ca\/wp-content\/uploads\/2023\/04\/Vividata.png\" alt=\"\" width=\"150\" height=\"150\" \/><\/td><td style=\"width: 33.3333%;\"><img loading=\"lazy\" decoding=\"async\" src=\"https:\/\/nna-ccj.ca\/wp-content\/uploads\/2023\/04\/WeirFoulds.png\" alt=\"\" width=\"150\" height=\"150\" \/><\/td><\/tr><\/tbody><\/table><table style=\"border-collapse: collapse; width: 100%; height: 140px;\"><tbody><tr style=\"height: 140px;\"><td style=\"width: 24.6913%; height: 140px;\">\u00a0<\/td><td style=\"width: 51.2346%; height: 140px;\"><img loading=\"lazy\" decoding=\"async\" src=\"https:\/\/nna-ccj.ca\/wp-content\/uploads\/2022\/11\/150_TheFP_blue_squarejpg-300x300.jpg\" alt=\"\" width=\"157\" height=\"157\" \/><\/td><td style=\"width: 24.074%; height: 140px;\">\u00a0<\/td><\/tr><\/tbody><\/table>\t\t\t\t\t\t\t\t<\/div>\n\t\t\t\t<\/div>\n\t\t\t\t\t<\/div>\n\t\t<\/div>\n\t\t\t\t\t<\/div>\n\t\t<\/section>\n\t\t\t\t<\/div>\n\t\t","protected":false},"excerpt":{"rendered":"<p>Les laur\u00e9ats du CCJ 2022 ont \u00e9t\u00e9 annonc\u00e9s le 5 mai 2023 \u00e0 Toronto. Cliquez ici pour t\u00e9l\u00e9charger le programme num\u00e9rique. Cliquez sur l&rsquo;ic\u00f4ne ci-dessous pour<span class=\"excerpt-hellip\"> [\u2026]<\/span><\/p>\n","protected":false},"author":4,"featured_media":0,"parent":0,"menu_order":0,"comment_status":"closed","ping_status":"closed","template":"","meta":{"footnotes":""},"class_list":["post-5930","page","type-page","status-publish","hentry"],"yoast_head":"<!-- This site is optimized with the Yoast SEO plugin v27.5 - https:\/\/yoast.com\/product\/yoast-seo-wordpress\/ -->\n<title>Gala des laur\u00e9ats 2022 - National Newspaper Awards<\/title>\n<meta name=\"robots\" content=\"index, follow, max-snippet:-1, max-image-preview:large, max-video-preview:-1\" \/>\n<link rel=\"canonical\" href=\"https:\/\/nna-ccj.ca\/fr\/gala-2021-le-6-mai-2022\/\" \/>\n<meta property=\"og:locale\" content=\"fr_FR\" \/>\n<meta property=\"og:type\" content=\"article\" \/>\n<meta property=\"og:title\" content=\"Gala des laur\u00e9ats 2022 - National Newspaper Awards\" \/>\n<meta property=\"og:description\" content=\"Les laur\u00e9ats du CCJ 2022 ont \u00e9t\u00e9 annonc\u00e9s le 5 mai 2023 \u00e0 Toronto. Cliquez ici pour t\u00e9l\u00e9charger le programme num\u00e9rique. Cliquez sur l&rsquo;ic\u00f4ne ci-dessous pour [\u2026]\" \/>\n<meta property=\"og:url\" content=\"https:\/\/nna-ccj.ca\/fr\/gala-2021-le-6-mai-2022\/\" \/>\n<meta property=\"og:site_name\" content=\"National Newspaper Awards\" \/>\n<meta property=\"article:modified_time\" content=\"2024-04-12T19:57:06+00:00\" \/>\n<meta property=\"og:image\" content=\"https:\/\/nna-ccj.ca\/wp-content\/uploads\/2023\/05\/NNA-show-300x200.png\" \/>\n<meta name=\"twitter:card\" content=\"summary_large_image\" \/>\n<meta name=\"twitter:label1\" content=\"Dur\u00e9e de lecture estim\u00e9e\" \/>\n\t<meta name=\"twitter:data1\" content=\"3 minutes\" \/>\n<script type=\"application\/ld+json\" class=\"yoast-schema-graph\">{\"@context\":\"https:\\\/\\\/schema.org\",\"@graph\":[{\"@type\":\"WebPage\",\"@id\":\"https:\\\/\\\/nna-ccj.ca\\\/fr\\\/gala-2021-le-6-mai-2022\\\/\",\"url\":\"https:\\\/\\\/nna-ccj.ca\\\/fr\\\/gala-2021-le-6-mai-2022\\\/\",\"name\":\"Gala des laur\u00e9ats 2022 - National Newspaper Awards\",\"isPartOf\":{\"@id\":\"https:\\\/\\\/nna-ccj.ca\\\/#website\"},\"primaryImageOfPage\":{\"@id\":\"https:\\\/\\\/nna-ccj.ca\\\/fr\\\/gala-2021-le-6-mai-2022\\\/#primaryimage\"},\"image\":{\"@id\":\"https:\\\/\\\/nna-ccj.ca\\\/fr\\\/gala-2021-le-6-mai-2022\\\/#primaryimage\"},\"thumbnailUrl\":\"https:\\\/\\\/nna-ccj.ca\\\/wp-content\\\/uploads\\\/2023\\\/05\\\/NNA-show-300x200.png\",\"datePublished\":\"2021-05-12T16:59:06+00:00\",\"dateModified\":\"2024-04-12T19:57:06+00:00\",\"breadcrumb\":{\"@id\":\"https:\\\/\\\/nna-ccj.ca\\\/fr\\\/gala-2021-le-6-mai-2022\\\/#breadcrumb\"},\"inLanguage\":\"fr-FR\",\"potentialAction\":[{\"@type\":\"ReadAction\",\"target\":[\"https:\\\/\\\/nna-ccj.ca\\\/fr\\\/gala-2021-le-6-mai-2022\\\/\"]}]},{\"@type\":\"ImageObject\",\"inLanguage\":\"fr-FR\",\"@id\":\"https:\\\/\\\/nna-ccj.ca\\\/fr\\\/gala-2021-le-6-mai-2022\\\/#primaryimage\",\"url\":\"https:\\\/\\\/nna-ccj.ca\\\/wp-content\\\/uploads\\\/2023\\\/05\\\/NNA-show-300x200.png\",\"contentUrl\":\"https:\\\/\\\/nna-ccj.ca\\\/wp-content\\\/uploads\\\/2023\\\/05\\\/NNA-show-300x200.png\"},{\"@type\":\"BreadcrumbList\",\"@id\":\"https:\\\/\\\/nna-ccj.ca\\\/fr\\\/gala-2021-le-6-mai-2022\\\/#breadcrumb\",\"itemListElement\":[{\"@type\":\"ListItem\",\"position\":1,\"name\":\"Home\",\"item\":\"https:\\\/\\\/nna-ccj.ca\\\/fr\\\/\"},{\"@type\":\"ListItem\",\"position\":2,\"name\":\"Gala des laur\u00e9ats 2022\"}]},{\"@type\":\"WebSite\",\"@id\":\"https:\\\/\\\/nna-ccj.ca\\\/#website\",\"url\":\"https:\\\/\\\/nna-ccj.ca\\\/\",\"name\":\"National Newspaper Awards\",\"description\":\"Honouring the best in Canadian Journalism since 1949\",\"potentialAction\":[{\"@type\":\"SearchAction\",\"target\":{\"@type\":\"EntryPoint\",\"urlTemplate\":\"https:\\\/\\\/nna-ccj.ca\\\/?s={search_term_string}\"},\"query-input\":{\"@type\":\"PropertyValueSpecification\",\"valueRequired\":true,\"valueName\":\"search_term_string\"}}],\"inLanguage\":\"fr-FR\"}]}<\/script>\n<!-- \/ Yoast SEO plugin. -->","yoast_head_json":{"title":"Gala des laur\u00e9ats 2022 - National Newspaper Awards","robots":{"index":"index","follow":"follow","max-snippet":"max-snippet:-1","max-image-preview":"max-image-preview:large","max-video-preview":"max-video-preview:-1"},"canonical":"https:\/\/nna-ccj.ca\/fr\/gala-2021-le-6-mai-2022\/","og_locale":"fr_FR","og_type":"article","og_title":"Gala des laur\u00e9ats 2022 - National Newspaper Awards","og_description":"Les laur\u00e9ats du CCJ 2022 ont \u00e9t\u00e9 annonc\u00e9s le 5 mai 2023 \u00e0 Toronto. Cliquez ici pour t\u00e9l\u00e9charger le programme num\u00e9rique. Cliquez sur l&rsquo;ic\u00f4ne ci-dessous pour [\u2026]","og_url":"https:\/\/nna-ccj.ca\/fr\/gala-2021-le-6-mai-2022\/","og_site_name":"National Newspaper Awards","article_modified_time":"2024-04-12T19:57:06+00:00","og_image":[{"url":"https:\/\/nna-ccj.ca\/wp-content\/uploads\/2023\/05\/NNA-show-300x200.png","type":"","width":"","height":""}],"twitter_card":"summary_large_image","twitter_misc":{"Dur\u00e9e de lecture estim\u00e9e":"3 minutes"},"schema":{"@context":"https:\/\/schema.org","@graph":[{"@type":"WebPage","@id":"https:\/\/nna-ccj.ca\/fr\/gala-2021-le-6-mai-2022\/","url":"https:\/\/nna-ccj.ca\/fr\/gala-2021-le-6-mai-2022\/","name":"Gala des laur\u00e9ats 2022 - National Newspaper Awards","isPartOf":{"@id":"https:\/\/nna-ccj.ca\/#website"},"primaryImageOfPage":{"@id":"https:\/\/nna-ccj.ca\/fr\/gala-2021-le-6-mai-2022\/#primaryimage"},"image":{"@id":"https:\/\/nna-ccj.ca\/fr\/gala-2021-le-6-mai-2022\/#primaryimage"},"thumbnailUrl":"https:\/\/nna-ccj.ca\/wp-content\/uploads\/2023\/05\/NNA-show-300x200.png","datePublished":"2021-05-12T16:59:06+00:00","dateModified":"2024-04-12T19:57:06+00:00","breadcrumb":{"@id":"https:\/\/nna-ccj.ca\/fr\/gala-2021-le-6-mai-2022\/#breadcrumb"},"inLanguage":"fr-FR","potentialAction":[{"@type":"ReadAction","target":["https:\/\/nna-ccj.ca\/fr\/gala-2021-le-6-mai-2022\/"]}]},{"@type":"ImageObject","inLanguage":"fr-FR","@id":"https:\/\/nna-ccj.ca\/fr\/gala-2021-le-6-mai-2022\/#primaryimage","url":"https:\/\/nna-ccj.ca\/wp-content\/uploads\/2023\/05\/NNA-show-300x200.png","contentUrl":"https:\/\/nna-ccj.ca\/wp-content\/uploads\/2023\/05\/NNA-show-300x200.png"},{"@type":"BreadcrumbList","@id":"https:\/\/nna-ccj.ca\/fr\/gala-2021-le-6-mai-2022\/#breadcrumb","itemListElement":[{"@type":"ListItem","position":1,"name":"Home","item":"https:\/\/nna-ccj.ca\/fr\/"},{"@type":"ListItem","position":2,"name":"Gala des laur\u00e9ats 2022"}]},{"@type":"WebSite","@id":"https:\/\/nna-ccj.ca\/#website","url":"https:\/\/nna-ccj.ca\/","name":"National Newspaper Awards","description":"Honouring the best in Canadian Journalism since 1949","potentialAction":[{"@type":"SearchAction","target":{"@type":"EntryPoint","urlTemplate":"https:\/\/nna-ccj.ca\/?s={search_term_string}"},"query-input":{"@type":"PropertyValueSpecification","valueRequired":true,"valueName":"search_term_string"}}],"inLanguage":"fr-FR"}]}},"jetpack_sharing_enabled":true,"_links":{"self":[{"href":"https:\/\/nna-ccj.ca\/fr\/wp-json\/wp\/v2\/pages\/5930","targetHints":{"allow":["GET"]}}],"collection":[{"href":"https:\/\/nna-ccj.ca\/fr\/wp-json\/wp\/v2\/pages"}],"about":[{"href":"https:\/\/nna-ccj.ca\/fr\/wp-json\/wp\/v2\/types\/page"}],"author":[{"embeddable":true,"href":"https:\/\/nna-ccj.ca\/fr\/wp-json\/wp\/v2\/users\/4"}],"replies":[{"embeddable":true,"href":"https:\/\/nna-ccj.ca\/fr\/wp-json\/wp\/v2\/comments?post=5930"}],"version-history":[{"count":24,"href":"https:\/\/nna-ccj.ca\/fr\/wp-json\/wp\/v2\/pages\/5930\/revisions"}],"predecessor-version":[{"id":9094,"href":"https:\/\/nna-ccj.ca\/fr\/wp-json\/wp\/v2\/pages\/5930\/revisions\/9094"}],"wp:attachment":[{"href":"https:\/\/nna-ccj.ca\/fr\/wp-json\/wp\/v2\/media?parent=5930"}],"curies":[{"name":"wp","href":"https:\/\/api.w.org\/{rel}","templated":true}]}}