{"id":6199,"date":"2022-05-06T21:00:53","date_gmt":"2022-05-07T01:00:53","guid":{"rendered":"https:\/\/nna-ccj.ca\/?page_id=6199"},"modified":"2023-04-30T15:18:00","modified_gmt":"2023-04-30T19:18:00","slug":"juges-pour-2021-resultats-annonces-le-6e-mai-2022","status":"publish","type":"page","link":"https:\/\/nna-ccj.ca\/fr\/a-en-juger\/juges-pour-2021-resultats-annonces-le-6e-mai-2022\/","title":{"rendered":"Juges pour 2021 (r\u00e9sultats annonc\u00e9s le 6e mai 2022)"},"content":{"rendered":"<p><strong><u>Culture<\/u><\/strong><\/p>\n<p><strong><u><img decoding=\"async\" class=\"size-medium wp-image-6207 alignleft\" src=\"https:\/\/nna-ccj.ca\/wp-content\/uploads\/2022\/04\/AEJudges-300x124.jpg\" alt=\"\" width=\"300\" height=\"124\" srcset=\"https:\/\/nna-ccj.ca\/wp-content\/uploads\/2022\/04\/AEJudges-300x124.jpg 300w, https:\/\/nna-ccj.ca\/wp-content\/uploads\/2022\/04\/AEJudges-260x108.jpg 260w, https:\/\/nna-ccj.ca\/wp-content\/uploads\/2022\/04\/AEJudges-50x21.jpg 50w, https:\/\/nna-ccj.ca\/wp-content\/uploads\/2022\/04\/AEJudges-150x62.jpg 150w, https:\/\/nna-ccj.ca\/wp-content\/uploads\/2022\/04\/AEJudges.jpg 399w\" sizes=\"(max-width:767px) 300px, 300px\" \/><\/u><\/strong><\/p>\n<p><strong>Sahar Fatima <\/strong>est responsable du contenu num\u00e9rique de la section m\u00e9tropolitaine du Boston Globe. Sahar a pr\u00e9c\u00e9demment \u00e9t\u00e9 reporter et productrice num\u00e9rique au Toronto Star, o\u00f9 elle a travaill\u00e9 \u00e0 amplifier la voix des communaut\u00e9s sous-repr\u00e9sent\u00e9es. Elle a aussi \u00e9t\u00e9 reporter au Globe and Mail.<\/p>\n<p><strong>Thomas Ledwell<\/strong> est un consultant en strat\u00e9gie de Montr\u00e9al, qui \u0153uvre avec diverses organisations en planification strat\u00e9gique, communications et affaires publiques. Il a\u00a0 travaill\u00e9 12 ans comme journaliste, r\u00e9dacteur, producteur et chroniqueur pour la CBC, BBC et la Montreal Gazette.<\/p>\n<p><strong>Alison Uncles <\/strong>\u00e9tait tout r\u00e9cemment r\u00e9dactrice en chef au magazine Maclean\u2019s. Ancienne membre du conseil des gouverneurs du CCJ, elle a r\u00e9vis\u00e9 plusieurs projets gagnants du CCJ alors qu\u2019elle \u00e9tait au Toronto Star et au National Post. En 2019, elle a \u00e9t\u00e9 nomm\u00e9e r\u00e9dactrice en chef de l\u2019ann\u00e9e par Les Prix du magazine canadien.<\/p>\n<p>&nbsp;<\/p>\n<p><strong><u>Prix E. Cora Hind Award pour le Journalisme sp\u00e9cialis\u00e9<\/u><\/strong><\/p>\n<p><strong><img decoding=\"async\" class=\"size-medium wp-image-6216 alignleft\" src=\"https:\/\/nna-ccj.ca\/wp-content\/uploads\/2022\/04\/BeatReportingJudges-cut-300x129.jpg\" alt=\"\" width=\"300\" height=\"129\" srcset=\"https:\/\/nna-ccj.ca\/wp-content\/uploads\/2022\/04\/BeatReportingJudges-cut-300x129.jpg 300w, https:\/\/nna-ccj.ca\/wp-content\/uploads\/2022\/04\/BeatReportingJudges-cut-260x112.jpg 260w, https:\/\/nna-ccj.ca\/wp-content\/uploads\/2022\/04\/BeatReportingJudges-cut-50x22.jpg 50w, https:\/\/nna-ccj.ca\/wp-content\/uploads\/2022\/04\/BeatReportingJudges-cut-150x65.jpg 150w, https:\/\/nna-ccj.ca\/wp-content\/uploads\/2022\/04\/BeatReportingJudges-cut.jpg 400w\" sizes=\"(max-width:767px) 300px, 300px\" \/><\/strong><\/p>\n<p><strong>Natalie Clancy<\/strong> est directrice des communications chez Unifor, le plus grand syndicat du secteur des m\u00e9dias au Canada. Elle a auparavant \u00e9t\u00e9 reporter durant 25 ans pour CBC News \u00e0 Halifax, Calgary, Saint-Jean, T.-N. et Vancouver. Ses reportages d\u2019enqu\u00eate lui ont valu quatre prix de l\u2019ACJ, trois prix Webster, quatre prix \u00a0du journalisme atlantique, plusieurs prix de la RTDNA, un prix de publication num\u00e9rique et un Prix \u00c9cran Canadien.<\/p>\n<p><strong>Brian Kappler<\/strong> a d\u00e9but\u00e9 au Windsor Star, puis a pass\u00e9 quelque 30 ans \u00e0 la Montreal Gazette comme r\u00e9viseur, chef de la section culture et divertissement et de la section nationale, reporter sur le baseball, adjoint au directeur de l\u2019information et directeur de la page \u00e9ditoriale. Durant ce temps, il a aussi travaill\u00e9 au noir sous le nom du chroniqueur Doug Camilli. Brian a pass\u00e9 trois ans \u00e0 r\u00e9diger des \u00e9ditoriaux pour le National \u00e0 Abou Dabi.<\/p>\n<p><strong>Aphrodite Salas<\/strong> a travaill\u00e9 comme correspondante nationale pour CTV, journaliste vid\u00e9o et affectatrice \u00e0 CTV Montreal, et chef d\u2019antenne dans plusieurs stations \u00e0 travers le Canada. Elle est pr\u00e9sentement directrice du programme de dipl\u00f4mes de journalisme \u00e0 l\u2019Universit\u00e9 Concordia o\u00f9 ses recherches se concentrent sur l\u2019enseignement du journalisme et le comit\u00e9 d\u2019appel \u00e0 l\u2019action de la Commission de v\u00e9rit\u00e9 et r\u00e9conciliation : exploration des m\u00e9thodes de recherche-cr\u00e9ation conciliatrices et collaboratives avec les communaut\u00e9s autochtones.<\/p>\n<p>&nbsp;<\/p>\n<p><strong><u>Nouvelle de derni\u00e8re heure<\/u><\/strong><\/p>\n<p><strong><img decoding=\"async\" class=\"size-medium wp-image-6214 alignleft\" src=\"https:\/\/nna-ccj.ca\/wp-content\/uploads\/2022\/04\/BreakingNewsJudges-cut-300x128.jpg\" alt=\"\" width=\"300\" height=\"128\" srcset=\"https:\/\/nna-ccj.ca\/wp-content\/uploads\/2022\/04\/BreakingNewsJudges-cut-300x128.jpg 300w, https:\/\/nna-ccj.ca\/wp-content\/uploads\/2022\/04\/BreakingNewsJudges-cut-260x111.jpg 260w, https:\/\/nna-ccj.ca\/wp-content\/uploads\/2022\/04\/BreakingNewsJudges-cut-50x21.jpg 50w, https:\/\/nna-ccj.ca\/wp-content\/uploads\/2022\/04\/BreakingNewsJudges-cut-150x64.jpg 150w, https:\/\/nna-ccj.ca\/wp-content\/uploads\/2022\/04\/BreakingNewsJudges-cut.jpg 400w\" sizes=\"(max-width:767px) 300px, 300px\" \/>Elysia Bryan-Baynes<\/strong> a pass\u00e9 pr\u00e8s de deux d\u00e9cennies comme chef d\u2019antenne, reporter et secr\u00e9taire de r\u00e9daction \u00e0 Montr\u00e9al. Elle a r\u00e9dig\u00e9 des d\u00e9p\u00eaches et des documentaires pour globalnews.ca, et a couvert les tenants et aboutissants de la politique qu\u00e9b\u00e9coise \u00e0 l\u2019Assembl\u00e9e nationale. Elle est pr\u00e9sentement associ\u00e9e au cours race et reportage de Global News Academy et elle joue un r\u00f4le de mentor aupr\u00e8s de divers reporters dans le cadre d\u2019un programme offert par la Canadian Association of Black Journalists.<\/p>\n<p><strong>Esther Enkin<\/strong> a \u00e9t\u00e9 ombudsman pour CBC News durant six ans. Elle a occup\u00e9 auparavant diverses fonctions \u00e0 la direction de CBC News. Elle a travaill\u00e9 pendant 30 ans pour les nouvelles et affaires publiques \u00e0 la radio et la t\u00e9l\u00e9vision de CBC. Elle a beaucoup \u00e9crit et donn\u00e9 des conf\u00e9rences sur l\u2019\u00e9thique journalistique, les codes de conduite et la fonction d\u2019ombudsman.<\/p>\n<p><strong>Chris Welner<\/strong> est r\u00e9dacteur et r\u00e9viseur avec plus de 35 ans d\u2019exp\u00e9rience. Il a travaill\u00e9 au Toronto Star, Edmonton Journal et Calgary Herald ainsi que dans les communications gouvernementales, le sport international et l\u2019industrie \u00e9nerg\u00e9tique. Il a pass\u00e9 huit ans comme directeur d\u2019IMPACT Magazine \u00e0 Calgary et administre son propre cabinet de communications, Crystal Writing Co. En 2012, Chris a \u00e9t\u00e9 nomm\u00e9 directeur de magazines de l\u2019ann\u00e9e en Alberta et il a \u00e9t\u00e9 vice-pr\u00e9sident de l\u2019Alberta Magazine Publishers\u2019 Association.<\/p>\n<p>&nbsp;<\/p>\n<p><strong><u>Photo de nouvelle de derni\u00e8re heure<\/u><\/strong><\/p>\n<p><strong><img loading=\"lazy\" decoding=\"async\" class=\"size-medium wp-image-6222 alignleft\" src=\"https:\/\/nna-ccj.ca\/wp-content\/uploads\/2022\/04\/BNPhotoJudges-cut-300x129.jpg\" alt=\"\" width=\"300\" height=\"129\" srcset=\"https:\/\/nna-ccj.ca\/wp-content\/uploads\/2022\/04\/BNPhotoJudges-cut-300x129.jpg 300w, https:\/\/nna-ccj.ca\/wp-content\/uploads\/2022\/04\/BNPhotoJudges-cut-260x112.jpg 260w, https:\/\/nna-ccj.ca\/wp-content\/uploads\/2022\/04\/BNPhotoJudges-cut-50x21.jpg 50w, https:\/\/nna-ccj.ca\/wp-content\/uploads\/2022\/04\/BNPhotoJudges-cut-150x64.jpg 150w, https:\/\/nna-ccj.ca\/wp-content\/uploads\/2022\/04\/BNPhotoJudges-cut.jpg 398w\" sizes=\"(max-width:767px) 300px, 300px\" \/>Greg Horn<\/strong> est un journaliste et photojournaliste bas\u00e9 \u00e0 Kahnawake. Dipl\u00f4m\u00e9 de l\u2019Universit\u00e9 Concordia, Greg est engag\u00e9 dans le journalisme depuis pr\u00e8s de 25 ans et poss\u00e8de l\u2019hebdomadaire communautaire Ior\u00ec:wase. Il a \u00e9t\u00e9 nomm\u00e9 deux fois photojournaliste de l\u2019ann\u00e9e par la Quebec Community Newspaper Association.<\/p>\n<p><strong>Julie Matus<\/strong> est photographe, \u00e9ditrice et directrice de service photo dont la carri\u00e8re s\u2019est \u00e9tendue sur plus de 25 ans en compagnie de photographes et journalistes prim\u00e9s. Elle a travaill\u00e9 pour le London Free Press, La Presse Canadienne, Weekly Scoop, GTA Today, Metro Toronto, Torstar\u2019s New Ventures et a \u00e9t\u00e9 directrice photo du magazine Zoomer pendant plus de sept ans.<\/p>\n<p><strong>Hugh Wesley<\/strong> est un photojournaliste de longue date, qui a d\u00e9but\u00e9 \u00e0 l\u2019Etobicoke Advertiser\/Guardian en 1971. En 1973, il a amorc\u00e9 une carri\u00e8re de 28 ans au Toronto Sun, d\u2019abord comme reporter et photographe, puis comme directeur de la photographie. En 2002, il a cofond\u00e9 le magazine Comfort Life et a continu\u00e9 de travailler \u00e0 la pige pour plusieurs quotidiens et magazines canadiens. Depuis 34 ans, il si\u00e8ge au conseil consultatif du programme de photojournalisme du Loyalist College.<\/p>\n<p>&nbsp;<\/p>\n<p><strong><u>\u00c9conomie<\/u><\/strong><\/p>\n<p><strong><img loading=\"lazy\" decoding=\"async\" class=\"size-medium wp-image-6230 alignleft\" src=\"https:\/\/nna-ccj.ca\/wp-content\/uploads\/2022\/04\/BusinessJudges-cut-V2-300x146.jpg\" alt=\"\" width=\"300\" height=\"146\" srcset=\"https:\/\/nna-ccj.ca\/wp-content\/uploads\/2022\/04\/BusinessJudges-cut-V2-300x146.jpg 300w, https:\/\/nna-ccj.ca\/wp-content\/uploads\/2022\/04\/BusinessJudges-cut-V2-260x126.jpg 260w, https:\/\/nna-ccj.ca\/wp-content\/uploads\/2022\/04\/BusinessJudges-cut-V2-50x24.jpg 50w, https:\/\/nna-ccj.ca\/wp-content\/uploads\/2022\/04\/BusinessJudges-cut-V2-150x73.jpg 150w, https:\/\/nna-ccj.ca\/wp-content\/uploads\/2022\/04\/BusinessJudges-cut-V2.jpg 397w\" sizes=\"(max-width:767px) 300px, 300px\" \/>Karen Macdonald<\/strong> est directrice\/g\u00e9rante de la station de Global News \u00e0 Montr\u00e9al. Anglophone de Qu\u00e9bec, Karen est passionn\u00e9e par le r\u00f4le que le journalisme joue pour la protection de la d\u00e9mocratie. Elle est juge au CCJ parce que cela lui permet d\u2019\u00e9valuer la qualit\u00e9 exceptionnelle du journalisme pratiqu\u00e9 quotidiennement au Canada. Son titre de gloire est d\u2019avoir \u00e9t\u00e9 directrice et \u00e9ditrice durant plus de 10 ans du plus vieux journal d\u2019Am\u00e9rique du Nord, le Quebec Chronicle-Telegraph.<\/p>\n<p><strong>Sheila North<\/strong> est l\u2019ancienne Grande Chef de Manitoba Keewatinowi Okimakanak (MKO) qui s\u2019est pr\u00e9sent\u00e9e pour le poste de chef national de l\u2019Assembl\u00e9e des Premi\u00e8res Nations en 2018. Elle est membre de la nation crie de Bunibonibee (aussi connue sous le nom d\u2019Oxford House). Comme journaliste, elle a remport\u00e9 un prix de la RTDNA pour CBC et a \u00e9t\u00e9 finaliste \u00e0 plusieurs concours pour CBC et CTV. Sheila anime CBC Winnipeg News Late Night. Comme cin\u00e9aste, elle a r\u00e9alis\u00e9 <em>1200+<\/em>, un film concernant les femmes et filles autochtones disparues et assassin\u00e9es qui a \u00e9t\u00e9 diffus\u00e9 par CTV en 2019.<\/p>\n<p><strong>Winston Sih<\/strong> est journaliste pigiste multiplateforme et animateur \u00e0 la t\u00e9l\u00e9vision. Il est bien connu pour avoir a anim\u00e9 l\u2019\u00e9mission quotidienne Breakfast Television, et a \u00e9t\u00e9 correspondant num\u00e9rique pour CityNews, et producteur \u00e0 la coordination num\u00e9rique pour Citytv. Winston est conf\u00e9rencier sur le journalisme et les m\u00e9dias \u00e0 la Creative School de l\u2019Universit\u00e9 Ryerson \u00e0 Toronto.<\/p>\n<p>&nbsp;<\/p>\n<p><strong><u>Prix Mary Ann Shadd Cary pour la Chronique<\/u><\/strong><\/p>\n<p><strong><img loading=\"lazy\" decoding=\"async\" class=\"size-medium wp-image-6218 alignleft\" src=\"https:\/\/nna-ccj.ca\/wp-content\/uploads\/2022\/04\/ColumnJudges-cut-300x128.jpg\" alt=\"\" width=\"300\" height=\"128\" srcset=\"https:\/\/nna-ccj.ca\/wp-content\/uploads\/2022\/04\/ColumnJudges-cut-300x128.jpg 300w, https:\/\/nna-ccj.ca\/wp-content\/uploads\/2022\/04\/ColumnJudges-cut-260x111.jpg 260w, https:\/\/nna-ccj.ca\/wp-content\/uploads\/2022\/04\/ColumnJudges-cut-50x21.jpg 50w, https:\/\/nna-ccj.ca\/wp-content\/uploads\/2022\/04\/ColumnJudges-cut-150x64.jpg 150w, https:\/\/nna-ccj.ca\/wp-content\/uploads\/2022\/04\/ColumnJudges-cut.jpg 398w\" sizes=\"(max-width:767px) 300px, 300px\" \/>Catherine Boucek<\/strong> est vice-pr\u00e9sidente du contenu \u00e0 QuickSeries, une application mobile, et d\u00e9veloppeuse de contenu pour l\u2019arm\u00e9e et le gouvernement am\u00e9ricain. Pr\u00e9c\u00e9demment, elle a pass\u00e9 plus de 25 ans \u00e0 travailler dans les m\u00e9dias num\u00e9riques pour Southam\/Canwest\/Postmedia, d\u00e9butant comme r\u00e9dactrice en ligne, puis pilotant des projets de r\u00e9daction num\u00e9rique d\u2019envergure nationale, notamment des sites web pour les Olympiques et les \u00e9lections f\u00e9d\u00e9rales. Elle a aussi dirig\u00e9 des \u00e9quipes de contenu strat\u00e9gique \u00e0 travers le Canada en tant de chef de production pour \u00a0Postmedia Content Works.<\/p>\n<p><strong>Anne McNeilly<\/strong> a r\u00e9cemment pris sa retraite comme professeure associ\u00e9e \u00e0 l\u2019Universit\u00e9 Ryerson. Avant de se joindre \u00e0 l\u2019\u00c9cole de journalisme, elle avait travaill\u00e9 plus de 25 ans comme journaliste, notamment 18 ans au Globe and Mail et huit ans comme reporter pour l\u2019Ottawa Citizen et le Kitchener-Waterloo Record. Elle a gagn\u00e9 six prix du concours provincial de journalisme dans les cat\u00e9gories reportage sp\u00e9cialis\u00e9, documentaire, chronique et actualit\u00e9s.<\/p>\n<p><strong>Okenge Yuma Morisho<\/strong> a \u00e9t\u00e9 fonctionnaire pendant plus de 20 ans. Il poss\u00e8de une exp\u00e9rience appr\u00e9ciable dans le d\u00e9veloppement des politiques publiques et leur mise en \u0153uvre aux niveaux f\u00e9d\u00e9ral et provincial. Il a occup\u00e9 des postes de direction \u00e0 Ottawa et Victoria. Il est pr\u00e9sentement sous-ministre au minist\u00e8re des Affaires municipales de Colombie-Britannique.<\/p>\n<p>&nbsp;<\/p>\n<p><strong><u>Caricature<\/u><\/strong><\/p>\n<p><strong><img loading=\"lazy\" decoding=\"async\" class=\"size-medium wp-image-6224 alignleft\" src=\"https:\/\/nna-ccj.ca\/wp-content\/uploads\/2022\/04\/EditorialCartoonJudges-cut-300x129.jpg\" alt=\"\" width=\"300\" height=\"129\" srcset=\"https:\/\/nna-ccj.ca\/wp-content\/uploads\/2022\/04\/EditorialCartoonJudges-cut-300x129.jpg 300w, https:\/\/nna-ccj.ca\/wp-content\/uploads\/2022\/04\/EditorialCartoonJudges-cut-260x112.jpg 260w, https:\/\/nna-ccj.ca\/wp-content\/uploads\/2022\/04\/EditorialCartoonJudges-cut-50x22.jpg 50w, https:\/\/nna-ccj.ca\/wp-content\/uploads\/2022\/04\/EditorialCartoonJudges-cut-150x65.jpg 150w, https:\/\/nna-ccj.ca\/wp-content\/uploads\/2022\/04\/EditorialCartoonJudges-cut.jpg 399w\" sizes=\"(max-width:767px) 300px, 300px\" \/>Shannon Miller<\/strong> a \u00e9t\u00e9 journaliste durant deux d\u00e9cennies, travaillant dans de petites, moyennes et grandes salles de r\u00e9daction en Colombie-Britannique. Elle a occup\u00e9 tous les postes imaginables (et d\u2019autres, inimaginables), dont directrice de l\u2019information, chef des nouvelles et affectatrice au Vancouver Province. Shannon Miller est pr\u00e9sentement directrice des communications pour le service ambulancier de Colombie-Britannique. Elle r\u00e9dige pr\u00e9sentement un livre sur les algues marines.<\/p>\n<p><strong>Mike Omelus<\/strong> est un professionnel des communications qui supervise la programmation, la planification et la cr\u00e9ation de contenu pour APTN. Avant de se joindre au premier t\u00e9l\u00e9diffuseur autochtone au monde en 2020, Mike a pass\u00e9 sept ans comme vice-pr\u00e9sident des nouvelles nationales pour Global News, o\u00f9 il a aussi fait partie des \u00e9quipes de direction de Shaw Communications et Corus Entertainment. Pr\u00e9c\u00e9demment, Mike a travaill\u00e9 cinq ans comme chef de production au Business News Network de CTV (maintenant BNN Bloomberg) et a occup\u00e9 plusieurs postes importants au cours d\u2019une carri\u00e8re de 21 ans \u00e0 La Presse Canadienne.<\/p>\n<p><strong>Nobina Robinson<\/strong> est une experte en politique publique, une militante et leader d\u2019opinion sur les questions d\u2019\u00e9ducation, d\u2019innovation et de comp\u00e9tences, elle a \u0153uvr\u00e9 dans le service ext\u00e9rieur canadien et dirig\u00e9 deux organismes sans but lucratif : la Fondation canadienne pour les Am\u00e9riques et Polytechnics Canada. Entre 2018 et 2020, Nobina a \u00e9t\u00e9 pr\u00e9sidente du conseil de Informed Opinions, qui s\u2019assure que les perspectives et priorit\u00e9s des femmes sont \u00e9quitablement repr\u00e9sent\u00e9es dans les m\u00e9dias.<\/p>\n<p>&nbsp;<\/p>\n<p><strong><u>Prix Claude Ryan pour l\u2019\u00c9ditorial <\/u><\/strong><\/p>\n<p><strong><img loading=\"lazy\" decoding=\"async\" class=\"size-medium wp-image-6212 alignleft\" src=\"https:\/\/nna-ccj.ca\/wp-content\/uploads\/2022\/04\/EditorialWritingJudges-cut-300x129.jpg\" alt=\"\" width=\"300\" height=\"129\" srcset=\"https:\/\/nna-ccj.ca\/wp-content\/uploads\/2022\/04\/EditorialWritingJudges-cut-300x129.jpg 300w, https:\/\/nna-ccj.ca\/wp-content\/uploads\/2022\/04\/EditorialWritingJudges-cut-260x111.jpg 260w, https:\/\/nna-ccj.ca\/wp-content\/uploads\/2022\/04\/EditorialWritingJudges-cut-50x21.jpg 50w, https:\/\/nna-ccj.ca\/wp-content\/uploads\/2022\/04\/EditorialWritingJudges-cut-150x64.jpg 150w, https:\/\/nna-ccj.ca\/wp-content\/uploads\/2022\/04\/EditorialWritingJudges-cut.jpg 399w\" sizes=\"(max-width:767px) 300px, 300px\" \/>Miro Cernetig<\/strong> a \u00e9crit pour certains des plus influents journaux du Canada et a obtenu un prix du CCJ en 2001 pour le reportage international. \u00c0 l\u2019emploi du Globe and Mail, il a \u00e9t\u00e9 chef de bureau pour l\u2019Alberta et l\u2019Arctique, chef de bureau et responsable de l\u2019Ouest canadien \u00e0 Vancouver, puis chef des bureaux de P\u00e9kin et de New York. Il a \u00e9t\u00e9 chef de bureau \u00e0 Montr\u00e9al pour le Toronto Star et responsable de l\u2019Ouest canadien pour le Vancouver Sun \u00e0 Victoria avant de devenir chroniqueur. Il a r\u00e9dig\u00e9 et\/ou dirig\u00e9 10 documentaires qui ont \u00e9t\u00e9 diffus\u00e9s sur CBC, BBC, National Geographic et d\u2019autres t\u00e9l\u00e9diffuseurs internationaux. Miro est aussi le cofondateur de CityAge, une plateforme internationale qui relie des milliers de leaders b\u00e2tisseurs de l\u2019avenir de nos villes.<\/p>\n<p><strong>Nancy Knowlton <\/strong>a pass\u00e9 30 ans \u00e0 Gen\u00e8ve, en Suisse, travaillant en communications avec de multiples parties prenantes. Elle a \u00e9t\u00e9 r\u00e9dactrice et chef du personnel au Forum \u00e9conomique mondial. Depuis son retour au Canada, elle est chef du personnel \u00e0 l\u2019agence Calgary Economic Development et est b\u00e9n\u00e9volement engag\u00e9e aupr\u00e8s d\u2019organismes tels que le Rotary Club, Big Brothers Big Sisters, Junior Achievement, Alberta Health Services, le Calgary Stampede, Meals on Wheels et Humane Society.<\/p>\n<p><strong>Leslie Shepherd <\/strong>a \u00e9t\u00e9 reporter, r\u00e9dactrice et cadre pendant plus de 30 ans au Canada, aux \u00c9tats-Unis et en Europe, o\u00f9 elle a travaill\u00e9 pour La Presse Canadienne, Associated Press, le Washington Post et le Globe and Mail. Elle a pass\u00e9 les 10 derni\u00e8res ann\u00e9es dans le secteur des communications pour les soins de sant\u00e9, pr\u00e9sentement comme directrice de la strat\u00e9gie m\u00e9dia de l\u2019Association m\u00e9dicale de l\u2019Ontario.<\/p>\n<p>&nbsp;<\/p>\n<p><strong><u>Texte explicatif <\/u><\/strong><\/p>\n<p><strong><img loading=\"lazy\" decoding=\"async\" class=\"size-medium wp-image-6226 alignleft\" src=\"https:\/\/nna-ccj.ca\/wp-content\/uploads\/2022\/04\/ExplanatoryJudges-cut-300x129.jpg\" alt=\"\" width=\"300\" height=\"129\" srcset=\"https:\/\/nna-ccj.ca\/wp-content\/uploads\/2022\/04\/ExplanatoryJudges-cut-300x129.jpg 300w, https:\/\/nna-ccj.ca\/wp-content\/uploads\/2022\/04\/ExplanatoryJudges-cut-260x112.jpg 260w, https:\/\/nna-ccj.ca\/wp-content\/uploads\/2022\/04\/ExplanatoryJudges-cut-50x22.jpg 50w, https:\/\/nna-ccj.ca\/wp-content\/uploads\/2022\/04\/ExplanatoryJudges-cut-150x65.jpg 150w, https:\/\/nna-ccj.ca\/wp-content\/uploads\/2022\/04\/ExplanatoryJudges-cut.jpg 399w\" sizes=\"(max-width:767px) 300px, 300px\" \/>Ingrid Bejerman<\/strong> est une journaliste, universitaire et gestionnaire sp\u00e9cialis\u00e9e dans le reportage culturel, les affaires latino-am\u00e9ricaines et la formation journalistique. Elle a \u00e9t\u00e9 reporter et chroniqueuse pour O Estado de Sao Paulo au Br\u00e9sil, coordonnatrice \u00e0 la fondation Gabriel Garc\u00eda M\u00e1rquez pour le journalisme en Colombie, et directrice de la C\u00e1tedra Latinoamericana Julio Cort\u00e1zar \u00e0 l\u2019universit\u00e9 de Guadalajara, au Mexique. Ingrid enseigne les communications, les m\u00e9thodes de recherche ainsi que la th\u00e9orie et la pratique journalistique \u00e0 l\u2019Universit\u00e9 Concordia de Montr\u00e9al.<\/p>\n<p><strong>Simona Chiose<\/strong> est une journaliste chevronn\u00e9e qui travaille pr\u00e9sentement en affaires et politiques publiques \u00e0 l\u2019Universit\u00e9 de Toronto o\u00f9 elle s\u2019occupe des partenariats externes pour le bureau des relations gouvernementales. Elle a travaill\u00e9 comme r\u00e9dactrice, reporter sp\u00e9cialis\u00e9, productrice \u00e0 la radio et \u00e0 la t\u00e9l\u00e9vision et auteure. Elle a \u00e9t\u00e9 reporter affect\u00e9e au postsecondaire au Globe and Mail, pilotant des projets de recherche sur les coll\u00e8ges et universit\u00e9s, puis a \u00e9t\u00e9 responsable du secteur de l\u2019\u00e9ducation de la publication, dont elle a \u00e9t\u00e9 chef adjointe des nouvelles.<\/p>\n<p><strong>Alexander Panetta<\/strong> est un correspondant de la CBC bas\u00e9 \u00e0 Washington, qui a couvert la politique am\u00e9ricaine et les relations bilat\u00e9rales avec canado-am\u00e9ricaines depuis 2013. Il a pr\u00e9c\u00e9demment travaill\u00e9 pour La Presse Canadienne et Politico au cours d\u2019une carri\u00e8re qui l\u2019a men\u00e9 \u00e0 Montr\u00e9al, Qu\u00e9bec et Ottawa, et en affectation internationale en Afghanistan et \u00e0 Ha\u00efti.<\/p>\n<p>&nbsp;<\/p>\n<p><strong><u>Photo de reportage<\/u><\/strong><\/p>\n<p><strong><img loading=\"lazy\" decoding=\"async\" class=\"size-medium wp-image-6210 alignleft\" src=\"https:\/\/nna-ccj.ca\/wp-content\/uploads\/2022\/04\/FeaturePhotoJudges-cut-300x128.jpg\" alt=\"\" width=\"300\" height=\"128\" srcset=\"https:\/\/nna-ccj.ca\/wp-content\/uploads\/2022\/04\/FeaturePhotoJudges-cut-300x128.jpg 300w, https:\/\/nna-ccj.ca\/wp-content\/uploads\/2022\/04\/FeaturePhotoJudges-cut-260x111.jpg 260w, https:\/\/nna-ccj.ca\/wp-content\/uploads\/2022\/04\/FeaturePhotoJudges-cut-50x21.jpg 50w, https:\/\/nna-ccj.ca\/wp-content\/uploads\/2022\/04\/FeaturePhotoJudges-cut-150x64.jpg 150w, https:\/\/nna-ccj.ca\/wp-content\/uploads\/2022\/04\/FeaturePhotoJudges-cut.jpg 399w\" sizes=\"(max-width:767px) 300px, 300px\" \/>Erin Combs<\/strong> a travaill\u00e9 durant 28 ans pour le Toronto Star comme premi\u00e8re femme photographe et \u00e9ditrice graphique au journal. En plus de la photo d\u2019actualit\u00e9, Erin a mont\u00e9 un important portfolio de mode en couvrant les collections europ\u00e9ennes et nord-am\u00e9ricaines. Elle vit pr\u00e9sentement \u00e0 San Diego, en Californie, o\u00f9 elle continue de travailler \u00e0 la pige et de voyager, tout en s\u2019occupant d\u2019\u0153uvres philanthropiques aupr\u00e8s de deux organismes \u00e0 but non lucratif.<\/p>\n<p><strong>David Lee<\/strong> a travaill\u00e9 dans les magazines durant 16 ans, d\u2019abord comme recherchiste pour Canadian Business et puis pour Hello! Canada, o\u00f9 il a \u00e9t\u00e9 assistant et \u00e9diteur photo associ\u00e9. \u00c0 l\u2019emploi maintenant de l\u2019universit\u00e9 de Toronto comme \u00e9diteur photo et vid\u00e9o, David estime que le fil qui relie les diff\u00e9rentes facettes de sa carri\u00e8re est l\u2019amour de la photo et des m\u00e9dias visuels.<\/p>\n<p><strong>Tim McKenna<\/strong> a travaill\u00e9 comme photographe et \u00e9diteur photo dans cinq journaux canadiens au cours d\u2019une carri\u00e8re de 40 ans. Il a \u00e9t\u00e9 laur\u00e9at du CCJ pour la photo d\u2019actualit\u00e9 et obtenu une citation au m\u00e9rite comme membre de l\u2019\u00e9quipe de journalisme visuel du Globe and Mail dans la cat\u00e9gorie Pr\u00e9sentation. Il est pr\u00e9sentement aspirant photographe de rue.<\/p>\n<p>&nbsp;<\/p>\n<p><strong><u>Photo d\u2019actualit\u00e9 g\u00e9n\u00e9rale<\/u><\/strong><\/p>\n<p><strong> <img loading=\"lazy\" decoding=\"async\" class=\"size-medium wp-image-6233 alignleft\" src=\"https:\/\/nna-ccj.ca\/wp-content\/uploads\/2022\/04\/GeneralNewsPhoto-cut-300x127.jpg\" alt=\"\" width=\"300\" height=\"127\" srcset=\"https:\/\/nna-ccj.ca\/wp-content\/uploads\/2022\/04\/GeneralNewsPhoto-cut-300x127.jpg 300w, https:\/\/nna-ccj.ca\/wp-content\/uploads\/2022\/04\/GeneralNewsPhoto-cut-260x110.jpg 260w, https:\/\/nna-ccj.ca\/wp-content\/uploads\/2022\/04\/GeneralNewsPhoto-cut-50x21.jpg 50w, https:\/\/nna-ccj.ca\/wp-content\/uploads\/2022\/04\/GeneralNewsPhoto-cut-150x64.jpg 150w, https:\/\/nna-ccj.ca\/wp-content\/uploads\/2022\/04\/GeneralNewsPhoto-cut.jpg 399w\" sizes=\"(max-width:767px) 300px, 300px\" \/>Ken Faught <\/strong>a travaill\u00e9 comme photographe dans les journaux \u00e0 Yellowknife et Whitehorse, avant d\u2019avoir la chance de faire de la pige pour le Toronto Star. Il a \u00e9t\u00e9 embauch\u00e9 deux ans plus tard et\u00a0 a v\u00e9cu ce r\u00eave les 20 ann\u00e9es suivantes. Il a remport\u00e9 un prix du CCJ et un prix Michener pour sa contribution \u00e0 un projet sp\u00e9cial sur la violence conjugale. Son travail l\u2019a men\u00e9 autour du monde avant de terminer sa carri\u00e8re sur le terrain avec un autre prix du CCJ pour la photo de sport aux Olympiques d\u2019Ath\u00e8nes. Promu directeur de l\u2019information adjoint pour la photographie, Ken a aid\u00e9 l\u2019\u00e9quipe \u00e0 effectuer la transition vers le multim\u00e9dia jusqu\u2019\u00e0 sa retraite.<\/p>\n<p><strong>Kevin Udahl<\/strong> a travaill\u00e9 comme photographe de presse dans l\u2019Ouest canadien durant plus de 20 ans, ayant d\u00e9but\u00e9 dans les hebdos, puis passant \u00e0 l\u2019emploi du Calgary Sun. En 2007, apr\u00e8s presque une d\u00e9cennie au Sun, il s\u2019est joint au personnel enseignant\u00a0 du programme de journalisme du Southern Alberta Institute of Technology, o\u00f9 il est maintenant instructeur en photojournalisme.<\/p>\n<p><strong>Len Wagg<\/strong> est un photographe prim\u00e9 et \u00e9diteur de photo. Il a pass\u00e9 25 ans dans le secteur des journaux, puis s\u2019est consacr\u00e9 \u00e0 du travail personnel. Ses photos ont \u00e9t\u00e9 publi\u00e9es dans le New York Times, Maclean\u2019s, Time et autres publications r\u00e9put\u00e9es. Il est l\u2019auteur de 10 livres<em>.<\/em><\/p>\n<p><strong>\u00a0<\/strong><\/p>\n<p><strong><u>Prix Norman Webster pour le reportage \u00e0 caract\u00e8re international <\/u><\/strong><\/p>\n<p><strong><img loading=\"lazy\" decoding=\"async\" class=\"size-medium wp-image-6235 alignleft\" src=\"https:\/\/nna-ccj.ca\/wp-content\/uploads\/2022\/04\/InternationalJudges-cut-300x128.jpg\" alt=\"\" width=\"300\" height=\"128\" srcset=\"https:\/\/nna-ccj.ca\/wp-content\/uploads\/2022\/04\/InternationalJudges-cut-300x128.jpg 300w, https:\/\/nna-ccj.ca\/wp-content\/uploads\/2022\/04\/InternationalJudges-cut-260x111.jpg 260w, https:\/\/nna-ccj.ca\/wp-content\/uploads\/2022\/04\/InternationalJudges-cut-50x21.jpg 50w, https:\/\/nna-ccj.ca\/wp-content\/uploads\/2022\/04\/InternationalJudges-cut-150x64.jpg 150w, https:\/\/nna-ccj.ca\/wp-content\/uploads\/2022\/04\/InternationalJudges-cut.jpg 399w\" sizes=\"(max-width:767px) 300px, 300px\" \/>Karine Fortin<\/strong> est directrice des communications au Syndicat canadien de la fonction publique. Avant de se joindre au syndicat en 2018, elle a \u00e9t\u00e9 consultante en affaires publiques et a occup\u00e9 des postes de haute direction au bureau du chef de l\u2019Opposition et au Nouveau Parti d\u00e9mocratique du Canada. Karine a travaill\u00e9 pr\u00e9c\u00e9demment comme reporter au journal Le Devoir et \u00e0 La Presse Canadienne. Elle a \u00e9t\u00e9 directrice du journal Le Trente, un mensuel publi\u00e9 par la F\u00e9d\u00e9ration professionnelle des journalistes du Qu\u00e9bec.<\/p>\n<p><strong>Danny Glenwright<\/strong> est pr\u00e9sident et p.-d.g. de Save the Children Canada. Journaliste de formation, il a pr\u00e9c\u00e9demment travaill\u00e9 comme directeur g\u00e9n\u00e9ral de Journalists for Human Rights et directeur de l\u2019information du journal Xtra, The Philanthropist Journal et du service de nouvelles South Africa\u2019s Gender Links. Son travail l\u2019a men\u00e9 dans plus de 70 pays, et il a abondamment \u00e9crit sur les questions de genre et LGBTQ, l\u2019initiation aux m\u00e9dias et le r\u00f4le du Canada dans le d\u00e9veloppement international.<\/p>\n<p><strong>Janice Neil<\/strong> est professeure associ\u00e9e \u00e0 l\u2019\u00e9cole de journalisme de l\u2019Universit\u00e9 Ryerson et enseigne aux \u00e9tudiants des programmes de journalisme au niveau du baccalaur\u00e9at et de la ma\u00eetrise. Elle a \u00e9t\u00e9 la pr\u00e9sidente (2016-2021) et la pr\u00e9sidente associ\u00e9e (2014-2016) de l\u2019institution.\u00a0 Apr\u00e8s s\u2019\u00eatre jointe \u00e0 la facult\u00e9 en 2007, elle a aussi \u00e9t\u00e9 r\u00e9dactrice en chef de J-Source.ca. Au cours de sa carri\u00e8re journalistique, elle a travaill\u00e9 comme productrice principale, reporter et r\u00e9dactrice \u00e0 la CBC, productrice principale\/chef de bureau \u00e0 Ottawa pour TVOntario. Elle a aussi fait partie de la facult\u00e9 de journalisme \u00e0 l\u2019Universit\u00e9 Carleton.<\/p>\n<p>&nbsp;<\/p>\n<p><strong><u>Prix George Brown pour Grande enqu\u00eate<\/u><\/strong><\/p>\n<p><strong><img loading=\"lazy\" decoding=\"async\" class=\"size-medium wp-image-6237 alignleft\" src=\"https:\/\/nna-ccj.ca\/wp-content\/uploads\/2022\/04\/InvestigationJudges-cut-300x128.jpg\" alt=\"\" width=\"300\" height=\"128\" srcset=\"https:\/\/nna-ccj.ca\/wp-content\/uploads\/2022\/04\/InvestigationJudges-cut-300x128.jpg 300w, https:\/\/nna-ccj.ca\/wp-content\/uploads\/2022\/04\/InvestigationJudges-cut-260x111.jpg 260w, https:\/\/nna-ccj.ca\/wp-content\/uploads\/2022\/04\/InvestigationJudges-cut-50x21.jpg 50w, https:\/\/nna-ccj.ca\/wp-content\/uploads\/2022\/04\/InvestigationJudges-cut-150x64.jpg 150w, https:\/\/nna-ccj.ca\/wp-content\/uploads\/2022\/04\/InvestigationJudges-cut.jpg 398w\" sizes=\"(max-width:767px) 300px, 300px\" \/>Mark Bulgutch<\/strong> a pass\u00e9 plus de 35 ans \u00e0 CBC News, amor\u00e7ant sa carri\u00e8re comme reporter et la terminant comme chef de production pour CBC TV News. Il a r\u00e9dig\u00e9 deux livres depuis qu\u2019il est \u00e0 la retraite et continue \u00e0 enseigner le journalisme \u00e0 l\u2019Universit\u00e9 Ryerson, ce qu\u2019il fait depuis 1987.<\/p>\n<p><strong>Val\u00e9rie Dufour<\/strong> est cadre sup\u00e9rieure pour les communications strat\u00e9giques \u00e0 la Commission de la capitale nationale \u00e0 Ottawa. De 2011 \u00e0 2020, elle a travaill\u00e9 \u00e0 l\u2019Association canadienne des professeures et professeurs d\u2019universit\u00e9 et pour l\u2019\u00e9quipe des communications parlementaires du Nouveau Parti d\u00e9mocratique. Auparavant, elle a \u00e9t\u00e9 reporter politique et journaliste d\u2019enqu\u00eate \u00e0 Montr\u00e9al de 1999 \u00e0 2011. Au cours de sa carri\u00e8re journalistique, elle a travaill\u00e9 \u00e0 La Presse, La Voix de l\u2019Est, Le Devoir, Le Journal de Montr\u00e9al et RueFrontenac.ca.<\/p>\n<p><strong>Fred Vallance-Jones<\/strong> est professeur agr\u00e9g\u00e9 \u00e0 l\u2019Universit\u00e9 de King\u2019s College \u00e0 Halifax, o\u00f9 il se sp\u00e9cialise dans le journalisme d\u2019enqu\u00eate et de donn\u00e9es et enseigne dans le programme de ma\u00eetrise en journalisme. Il est un laur\u00e9at du CCJ dans la cat\u00e9gorie des enqu\u00eates et a \u00e9t\u00e9 finaliste pour le Prix Michener. Sa carri\u00e8re de reporter s\u2019est \u00e9tendue sur 23 ans \u00e0 la CBC et au Hamilton Spectator. Il est le coauteur de trois manuels de journalisme.<\/p>\n<p>&nbsp;<\/p>\n<p><strong><u>Reportage \u00e0 caract\u00e8re local <\/u><\/strong><\/p>\n<p><strong><img loading=\"lazy\" decoding=\"async\" class=\"size-medium wp-image-6239 alignleft\" src=\"https:\/\/nna-ccj.ca\/wp-content\/uploads\/2022\/04\/LocalReportingJudges-cut-300x127.jpg\" alt=\"\" width=\"300\" height=\"127\" srcset=\"https:\/\/nna-ccj.ca\/wp-content\/uploads\/2022\/04\/LocalReportingJudges-cut-300x127.jpg 300w, https:\/\/nna-ccj.ca\/wp-content\/uploads\/2022\/04\/LocalReportingJudges-cut-260x110.jpg 260w, https:\/\/nna-ccj.ca\/wp-content\/uploads\/2022\/04\/LocalReportingJudges-cut-50x21.jpg 50w, https:\/\/nna-ccj.ca\/wp-content\/uploads\/2022\/04\/LocalReportingJudges-cut-150x64.jpg 150w, https:\/\/nna-ccj.ca\/wp-content\/uploads\/2022\/04\/LocalReportingJudges-cut.jpg 398w\" sizes=\"(max-width:767px) 300px, 300px\" \/>Jason A. Chiu<\/strong> est chef de la section visuelle au New York Times, pilotant l\u2019\u00e9quipe de production du reportage visuel. Il a travaill\u00e9 dix ans comme chef adjoint de la section visuelle du Globe and Mail, o\u00f9 il a dirig\u00e9 les projets les plus ambitieux du journal. Son travail a \u00e9t\u00e9 reconnu dans plusieurs concours de conception graphique \u00e0 travers le monde. Jason a \u00e9t\u00e9 quatre fois finaliste et trois fois laur\u00e9at au Concours canadien de journalisme.<\/p>\n<p><strong>Solveig Miller<\/strong> est retrait\u00e9e apr\u00e8s avoir travaill\u00e9 35 ans \u00e0 la t\u00e9l\u00e9vision de Radio-Canada. Elle a \u00e9t\u00e9 reporter et animatrice \u00e0 Montr\u00e9al, reporter nationale\u00a0pour l\u2019Atlantique, bas\u00e9e \u00e0 Halifax, et journaliste pour les grandes \u00e9missions d\u2019affaires publiques : Enjeux, Zone Libre, Enqu\u00eate, de m\u00eame qu\u2019animatrice\/journaliste pour\u00a0\u00abTout le monde en parlait\u00bb, une \u00e9mission\u00a0rappelant les \u00e9v\u00e9nements historiques.<\/p>\n<p><strong>Megan Stewart<\/strong> est r\u00e9dactrice principale \u00e0 la t\u00e9l\u00e9vision pour CBC News Vancouver et a pr\u00e9c\u00e9demment travaill\u00e9 comme chef de section dans un journal o\u00f9 elle a pilot\u00e9 sur plusieurs mois une s\u00e9rie de documentaires qui ont \u00e9t\u00e9 en nomination pour un prix national. Elle a obtenu un prix national de journalisme en ligne et a \u00e9t\u00e9 reconnue par ses pairs pour son travail comme r\u00e9dactrice de sport. Elle a couvert cinq Jeux olympiques.<\/p>\n<p>&nbsp;<\/p>\n<p><strong><u>Prix William Southam pour le Reportage \u00e9labor\u00e9<\/u><\/strong><\/p>\n<p><strong><img loading=\"lazy\" decoding=\"async\" class=\"size-medium wp-image-6241 alignleft\" src=\"https:\/\/nna-ccj.ca\/wp-content\/uploads\/2022\/04\/LongFeatureJudges-cut-300x126.jpg\" alt=\"\" width=\"300\" height=\"126\" srcset=\"https:\/\/nna-ccj.ca\/wp-content\/uploads\/2022\/04\/LongFeatureJudges-cut-300x126.jpg 300w, https:\/\/nna-ccj.ca\/wp-content\/uploads\/2022\/04\/LongFeatureJudges-cut-260x109.jpg 260w, https:\/\/nna-ccj.ca\/wp-content\/uploads\/2022\/04\/LongFeatureJudges-cut-50x21.jpg 50w, https:\/\/nna-ccj.ca\/wp-content\/uploads\/2022\/04\/LongFeatureJudges-cut-150x63.jpg 150w, https:\/\/nna-ccj.ca\/wp-content\/uploads\/2022\/04\/LongFeatureJudges-cut.jpg 398w\" sizes=\"(max-width:767px) 300px, 300px\" \/>Derek Ferguson<\/strong> est cofondateur de Dawson Ferguson Strategies, une entreprise de communications d\u2019Ottawa qui se sp\u00e9cialise dans les communications strat\u00e9giques personnalis\u00e9es, les relations publiques et la promotion des causes pour les secteurs public et priv\u00e9. Il a plus de dix ans d\u2019exp\u00e9rience comme leader prim\u00e9 dans la fonction publique f\u00e9d\u00e9rale et 20 ans comme journaliste aux niveaux provincial et national pour le Toronto Star.<\/p>\n<p><strong>Heidi Legg<\/strong> est une journaliste canado-am\u00e9ricaine, dipl\u00f4m\u00e9e en journalisme de Concordia et boursi\u00e8re de l\u2019Institute for Quantitative Social Science on the Future of Media de l\u2019Universit\u00e9 Harvard. Elle a \u00e9crit abondamment sur le secteur des m\u00e9dias, dont notamment <em>The Fight Against Disinformation in America<\/em> anf <em>Preserving America&rsquo;s Thought Leader Magazines<\/em>. Heidi a collabor\u00e9 au Boston Globe, Ottawa Citizen, Globe and Mail, CNN, the Atlantic, USA Today et Press Gazette.<\/p>\n<p><strong>Mutsumi Takahashi<\/strong> est chef d\u2019antenne de CTV Montreal News. Dipl\u00f4m\u00e9e du Coll\u00e8ge Vanier et de l\u2019Universit\u00e9 Concordia, elle est pr\u00e9sidente honoraire de la campagne de financement de 250 millions\u00a0$ de l\u2019Universit\u00e9 Concordia. Elle a obtenu un prix pour l\u2019ensemble de sa carri\u00e8re de la RTDNA, a \u00e9t\u00e9 honor\u00e9e par l\u2019Assembl\u00e9e nationale du Qu\u00e9bec et nomm\u00e9e \u00e0 l\u2019Ordre du Canada en 2018.<\/p>\n<p><strong>\u00a0<\/strong><\/p>\n<p><strong><u>Prix John Wesley Dafoe pour la Politique <\/u><\/strong><\/p>\n<p><strong><img loading=\"lazy\" decoding=\"async\" class=\"size-medium wp-image-6243 alignleft\" src=\"https:\/\/nna-ccj.ca\/wp-content\/uploads\/2022\/04\/PoliticsJudges-cut-300x129.jpg\" alt=\"\" width=\"300\" height=\"129\" srcset=\"https:\/\/nna-ccj.ca\/wp-content\/uploads\/2022\/04\/PoliticsJudges-cut-300x129.jpg 300w, https:\/\/nna-ccj.ca\/wp-content\/uploads\/2022\/04\/PoliticsJudges-cut-260x111.jpg 260w, https:\/\/nna-ccj.ca\/wp-content\/uploads\/2022\/04\/PoliticsJudges-cut-50x21.jpg 50w, https:\/\/nna-ccj.ca\/wp-content\/uploads\/2022\/04\/PoliticsJudges-cut-150x64.jpg 150w, https:\/\/nna-ccj.ca\/wp-content\/uploads\/2022\/04\/PoliticsJudges-cut.jpg 399w\" sizes=\"(max-width:767px) 300px, 300px\" \/>Gillian Burnett<\/strong> a travaill\u00e9 en journalisme durant plus de deux d\u00e9cennies comme chef de section, r\u00e9dactrice et dirigeante dans des magazines, dont Saturday Night et The Walrus, et des journaux, dont le Globe and Mail et le Vancouver Sun. Elle est pr\u00e9sentement professionnelle en communications \u00e0 WorkSafeBC.<\/p>\n<p><strong>Adrian Harewood<\/strong> a \u00e9t\u00e9 chef d\u2019antenne de CBC Ottawa News at Six durant 13 ans, et a obtenu un Prix \u00c9cran Canadien. Il a pr\u00e9c\u00e9demment \u00e9t\u00e9 l\u2019animateur de All in a Day, l\u2019\u00e9mission de retour \u00e0 la maison de CBC Ottawa, ainsi que des programmes The Actors, Literati et The Directors diffus\u00e9s par BRAVO et PBS. Il est professeur associ\u00e9 de journalisme \u00e0 l\u2019Universit\u00e9 Carleton.<\/p>\n<p><strong>Loreen Pindera<\/strong> est r\u00e9cemment retrait\u00e9e apr\u00e8s avoir travaill\u00e9 36 ans comme reporter et r\u00e9dactrice \u00e0 CBC News. Elle a obtenu plusieurs prix de la RTDNA en journalisme radio et num\u00e9rique et elle a \u00e9t\u00e9 finaliste pour un prix d\u2019excellence des magazines pour la r\u00e9daction documentaire en 1991. Elle est coauteure, avec Geoffrey York, de <em>People of the Pines: The Warriors and the Legacy of Oka. <\/em>Triathl\u00e8te passionn\u00e9e, elle \u00e9crit sur son sport dans Triathlon Magazine Canada.<\/p>\n<p>&nbsp;<\/p>\n<p><strong><u>Pr\u00e9sentation\/Conception graphique<\/u><\/strong><\/p>\n<p><strong><img loading=\"lazy\" decoding=\"async\" class=\"size-medium wp-image-6245 alignleft\" src=\"https:\/\/nna-ccj.ca\/wp-content\/uploads\/2022\/04\/PresDesignJudges-cut-300x129.jpg\" alt=\"\" width=\"300\" height=\"129\" srcset=\"https:\/\/nna-ccj.ca\/wp-content\/uploads\/2022\/04\/PresDesignJudges-cut-300x129.jpg 300w, https:\/\/nna-ccj.ca\/wp-content\/uploads\/2022\/04\/PresDesignJudges-cut-260x111.jpg 260w, https:\/\/nna-ccj.ca\/wp-content\/uploads\/2022\/04\/PresDesignJudges-cut-50x21.jpg 50w, https:\/\/nna-ccj.ca\/wp-content\/uploads\/2022\/04\/PresDesignJudges-cut-150x64.jpg 150w, https:\/\/nna-ccj.ca\/wp-content\/uploads\/2022\/04\/PresDesignJudges-cut.jpg 399w\" sizes=\"(max-width:767px) 300px, 300px\" \/>Vibhu \u00abVibz\u00bb Gairola<\/strong> est un plaideur sp\u00e9cialis\u00e9 sur les questions d\u2019emploi, travail, contrat et droits de la personne. Avant de se lancer dans la pratique du droit, il a collabor\u00e9 \u00e0 la pige \u00e0 de nombreuses publications dont Toronto Life, le Toronto Star, Flare et Reader\u2019s Digest, et il a \u00e9t\u00e9 recherchiste pour Reader\u2019s Digest Canada. Il a \u00e9galement \u00e9t\u00e9 assistant \u00e0 l\u2019enseignement pour les cours d\u2019\u00e9thique professionnelle et de droit des m\u00e9dias \u00e0 l\u2019\u00e9cole de journalisme de l\u2019Universit\u00e9 Ryerson.<\/p>\n<p><strong>Gabrielle Giroday<\/strong> est r\u00e9dactrice et resonsable des relations avec les m\u00e9dias de U of T Med Magazine \u00e0 la facult\u00e9 de m\u00e9decine Temerty de l\u2019Universit\u00e9 de Toronto. Elle a \u00e9t\u00e9 reporter pour le Winnipeg Free Press et a \u00e9t\u00e9 la r\u00e9dactrice de Law Times pour Thomson Reuters \u00e0 Toronto avant de se joindre \u00e0 U of T en 2019.<\/p>\n<p><strong>Janet Matiisen<\/strong> est une ancienne graphiste du Calgary Herald, o\u00f9 elle a travaill\u00e9 presque 25 ans et remport\u00e9 plusieurs prix \u00e0 titre individuel et collectif. Elle enseigne pr\u00e9sentement le journalisme \u00e0 SAIT et est \u00e0 l\u2019aff\u00fbt d\u2019int\u00e9ressants projets graphiques.<\/p>\n<p>&nbsp;<\/p>\n<p><strong><u>Prix John Honderich pour le Projet de l\u2019ann\u00e9e<\/u><\/strong><\/p>\n<p><strong><img loading=\"lazy\" decoding=\"async\" class=\"size-medium wp-image-6247 alignleft\" src=\"https:\/\/nna-ccj.ca\/wp-content\/uploads\/2022\/04\/ProjectJudges-cut-300x126.jpg\" alt=\"\" width=\"300\" height=\"126\" srcset=\"https:\/\/nna-ccj.ca\/wp-content\/uploads\/2022\/04\/ProjectJudges-cut-300x126.jpg 300w, https:\/\/nna-ccj.ca\/wp-content\/uploads\/2022\/04\/ProjectJudges-cut-260x109.jpg 260w, https:\/\/nna-ccj.ca\/wp-content\/uploads\/2022\/04\/ProjectJudges-cut-50x21.jpg 50w, https:\/\/nna-ccj.ca\/wp-content\/uploads\/2022\/04\/ProjectJudges-cut-150x63.jpg 150w, https:\/\/nna-ccj.ca\/wp-content\/uploads\/2022\/04\/ProjectJudges-cut.jpg 399w\" sizes=\"(max-width:767px) 300px, 300px\" \/>Anne Kothawala<\/strong> \u00a0est une consultante en affaires publiques avec plus de 25 ans d\u2019exp\u00e9rience en communications et relations gouvernementales. Actuellement pr\u00e9sidente et p.-d.g. \u00a0du Conseil canadien de l\u2019industrie des d\u00e9panneurs, elle a pr\u00e9c\u00e9demment travaill\u00e9 pour la Canadian Restaurant and Foodservices Association, l\u2019Association des journaux canadiens et le Conseil canadien du commerce au d\u00e9tail. R\u00e9cipiendaire de la M\u00e9daille du Souverain pour les b\u00e9n\u00e9voles, Anne a \u00e9t\u00e9 b\u00e9n\u00e9vole pour plusieurs organismes, dont Daily Bread Food Bank, le Fran\u00e7ais pour l\u2019avenir, et ParticipACTION. Elle si\u00e8ge pr\u00e9sentement au conseil de l\u2019American Chamber of Commerce in Canada.<\/p>\n<p><strong>Katherine Monk<\/strong> est auteure \u00e0 succ\u00e8s, cin\u00e9aste et journaliste qui a commenc\u00e9 sa carri\u00e8re comme reporter \u00e0 l\u2019actualit\u00e9 g\u00e9n\u00e9rale au Vancouver Sun en 1990, et l\u2019a conclue comme critique nationale de cin\u00e9ma pour Postmedia\/Canwest News Service en 2015. Auteure de <em>Weird Sex &amp; Snowshoes &#8211; And Other Canadian Film Phenomena<\/em>, et plus r\u00e9cemment, <em>Joni: The Creative Odyssey of Joni Mitchell<\/em>, elle a entrepris de mieux comprendre les particularit\u00e9s de la culture canadienne et de c\u00e9l\u00e9brer nos diff\u00e9rences. Collaboratrice de longue date \u00e0 la radio de CBC, Katherine recense les films en ondes et gribouille pour un site web qui c\u00e9l\u00e8bre les \u00e9crits de r\u00e9dacteurs \u00e0 la retraite, ex-press.ca.<\/p>\n<p><strong>Kelley Teahen<\/strong> est vice-pr\u00e9sidente aux communications et marketing chez Parachute, organisme national de bienfaisance pour la pr\u00e9vention des blessures. lle a pr\u00e9c\u00e9demment occup\u00e9 des postes de direction \u00e0 l\u2019Universit\u00e9 OCAD, l\u2019Universit\u00e9 de Waterloo et au Festival de Stratford. Auparavant, Kelley avait travaill\u00e9 comme reporter, chroniqueuse et r\u00e9dactrice au London Free Press, o\u00f9 elle a gagn\u00e9 cinq prix du concours de journalisme de l\u2019Ontario. Elle a \u00e9t\u00e9 membre du Conseil de presse de l\u2019Ontario.<\/p>\n<p>&nbsp;<\/p>\n<p><strong><u>Prix Bob Levin pour le Reportage bref<\/u><\/strong><\/p>\n<p><strong><img loading=\"lazy\" decoding=\"async\" class=\"size-medium wp-image-6249 alignleft\" src=\"https:\/\/nna-ccj.ca\/wp-content\/uploads\/2022\/04\/ShortFeatureJudges-cut-300x129.jpg\" alt=\"\" width=\"300\" height=\"129\" srcset=\"https:\/\/nna-ccj.ca\/wp-content\/uploads\/2022\/04\/ShortFeatureJudges-cut-300x129.jpg 300w, https:\/\/nna-ccj.ca\/wp-content\/uploads\/2022\/04\/ShortFeatureJudges-cut-260x111.jpg 260w, https:\/\/nna-ccj.ca\/wp-content\/uploads\/2022\/04\/ShortFeatureJudges-cut-50x21.jpg 50w, https:\/\/nna-ccj.ca\/wp-content\/uploads\/2022\/04\/ShortFeatureJudges-cut-150x64.jpg 150w, https:\/\/nna-ccj.ca\/wp-content\/uploads\/2022\/04\/ShortFeatureJudges-cut.jpg 399w\" sizes=\"(max-width:767px) 300px, 300px\" \/>Daniel Fontaine<\/strong> est directeur g\u00e9n\u00e9ral et sous-ministre de la Nation m\u00e9tisse de Colombie-Britannique. Il a eu une fructueuse carri\u00e8re de travail au sein du gouvernement, du secteur priv\u00e9 et des organismes sans but lucratif. En 2013, Daniel a re\u00e7u la m\u00e9daille du jubil\u00e9 de la reine pour le service public. Il a obtenu un dipl\u00f4me en science politique de l\u2019Universit\u00e9 du Manitoba et un certificat de r\u00e9daction journalistique et de communications en relations publiques du Coll\u00e8ge Langara. Daniel a travaill\u00e9 comme chroniqueur aux affaires civiques pour 24 Hours Vancouver et The Orca, ainsi que comme commentateur politique pour le Bill Good Show \u00e0 la radio de CKNW.<\/p>\n<p><strong>Carole Graveline<\/strong> est directrice des relations avec la communaut\u00e9 et partenariats \u00e0 l\u2019Universit\u00e9 McGill. Elle a \u00e9t\u00e9 pr\u00e9c\u00e9demment reporter durant plusieurs ann\u00e9es \u00e0 Radio-Canada, o\u00f9 elle a publi\u00e9 des exclusivit\u00e9s sur le sang contamin\u00e9 au Canada et sur les conditions pr\u00e9valant dans les h\u00f4pitaux psychiatriques, qui sont \u00e0 l\u2019origine d\u2019enqu\u00eates nationales. Elle est l\u2019auteure d\u2019une histoire du SIDA au Qu\u00e9bec et a \u00e9t\u00e9 laur\u00e9ate du Prix Michener pour le journalisme d\u2019int\u00e9r\u00eat public.<\/p>\n<p><strong>Marina Jimenez <\/strong>travaille en strat\u00e9gie sur les m\u00e9dias et les enjeux pour l\u2019Universit\u00e9 de Toronto. Durant sa carri\u00e8re de 25 ans en journalisme, elle a travaill\u00e9 dans six salles de r\u00e9daction diff\u00e9rentes dans trois provinces, en plus d\u2019avoir \u00e9t\u00e9 membre du comit\u00e9 \u00e9ditorial du Globe and Mail, correspondante \u00e0 l\u2019\u00e9tranger pour le National Post et reporter pour CBC Alberta News. Elle a \u00e9t\u00e9 laur\u00e9ate du Concours canadien de journalisme pour le journalisme sp\u00e9cialis\u00e9 en 2003 et finaliste du CCJ \u00e0 trois autres reprises. Elle continue de travailler comme journaliste de tourisme \u00e0 la pige.<\/p>\n<p>&nbsp;<\/p>\n<p><strong><u>Sport<\/u><\/strong><\/p>\n<p><strong><img loading=\"lazy\" decoding=\"async\" class=\"size-medium wp-image-6251 alignleft\" src=\"https:\/\/nna-ccj.ca\/wp-content\/uploads\/2022\/04\/SportsJudges-cut-300x127.jpg\" alt=\"\" width=\"300\" height=\"127\" srcset=\"https:\/\/nna-ccj.ca\/wp-content\/uploads\/2022\/04\/SportsJudges-cut-300x127.jpg 300w, https:\/\/nna-ccj.ca\/wp-content\/uploads\/2022\/04\/SportsJudges-cut-260x110.jpg 260w, https:\/\/nna-ccj.ca\/wp-content\/uploads\/2022\/04\/SportsJudges-cut-50x21.jpg 50w, https:\/\/nna-ccj.ca\/wp-content\/uploads\/2022\/04\/SportsJudges-cut-150x64.jpg 150w, https:\/\/nna-ccj.ca\/wp-content\/uploads\/2022\/04\/SportsJudges-cut.jpg 399w\" sizes=\"(max-width:767px) 300px, 300px\" \/>Jack Aubry<\/strong> a travaill\u00e9 comme reporter au Ottawa Citizen durant plus d\u2019un quart de si\u00e8cle, particuli\u00e8rement comme journaliste national sur la Colline parlementaire, apr\u00e8s avoir \u00e9t\u00e9 chef de bureau de l\u2019Outaouais et affect\u00e9 \u00e0 l\u2019h\u00f4tel de ville d\u2019Ottawa pour le journal. Il a \u00e9t\u00e9 laur\u00e9at du CCJ en 1990 dans la cat\u00e9gorie des grandes enqu\u00eates<strong>. <\/strong>Il a r\u00e9cemment pris sa retraite comme directeur des consultations et relations avec les m\u00e9dias pour Finance Canada.<\/p>\n<p><strong>Irene Caselli<\/strong> est reporter et r\u00e9dactrice multim\u00e9dia avec plus de 15 ans d\u2019exp\u00e9rience en radio, t\u00e9l\u00e9vision et \u00e0 l\u2019\u00e9crit, se sp\u00e9cialisant pr\u00e9sentement sur la petite enfance, les droits li\u00e9s \u00e0 la procr\u00e9ation et les m\u00e9tiers. Durant une d\u00e9cennie, elle a \u00e9t\u00e9 correspondante \u00e0 l\u2019\u00e9tranger en Am\u00e9rique latine, notamment pour la BBC, le Washington Post, le Guardian et le New York Times. En janvier 2021, Irene a lanc\u00e9 sa propre infolettre, <a href=\"https:\/\/www.thefirst1000days.news\/\">the First 1,000 Days<\/a>, concernant la p\u00e9riode fondamentale de nos vies.<\/p>\n<p><strong>Michael Karapita<\/strong>, professeur de journalisme au Coll\u00e8ge Humber, a travaill\u00e9 \u00e0 La Presse Canadienne, CTV News et CBC News, o\u00f9 il a \u00e9t\u00e9 chef de production. Au Coll\u00e8ge Humber, Mike travaille principalement avec les \u00e9tudiants de premi\u00e8re ann\u00e9e et les finissants, les aidant \u00e0 peaufiner leurs comp\u00e9tences journalistiques pour lancer leur carri\u00e8re. Mike a abord\u00e9 l\u2019enseignement du journalisme num\u00e9rique lors de conf\u00e9rences \u00e0 travers le monde. Il vient de retourner \u00e0 l\u2019enseignement apr\u00e8s une ann\u00e9e sabbatique consacr\u00e9e \u00e0 l\u2019\u00e9tude de la d\u00e9sinformation.<\/p>\n<p>&nbsp;<\/p>\n<p><strong><u>Photo de sport <\/u><\/strong><\/p>\n<p><strong><img loading=\"lazy\" decoding=\"async\" class=\"size-medium wp-image-6253 alignleft\" src=\"https:\/\/nna-ccj.ca\/wp-content\/uploads\/2022\/04\/SportsPhotoJudges-cut-300x127.jpg\" alt=\"\" width=\"300\" height=\"127\" srcset=\"https:\/\/nna-ccj.ca\/wp-content\/uploads\/2022\/04\/SportsPhotoJudges-cut-300x127.jpg 300w, https:\/\/nna-ccj.ca\/wp-content\/uploads\/2022\/04\/SportsPhotoJudges-cut-260x110.jpg 260w, https:\/\/nna-ccj.ca\/wp-content\/uploads\/2022\/04\/SportsPhotoJudges-cut-50x21.jpg 50w, https:\/\/nna-ccj.ca\/wp-content\/uploads\/2022\/04\/SportsPhotoJudges-cut-150x64.jpg 150w, https:\/\/nna-ccj.ca\/wp-content\/uploads\/2022\/04\/SportsPhotoJudges-cut.jpg 399w\" sizes=\"(max-width:767px) 300px, 300px\" \/>Stan Behal<\/strong> a pass\u00e9 37 ans comme photographe au Toronto Sun, couvrant des sujets aussi divers que la mode \u00e0 Paris, les t\u00eates couronn\u00e9es, les Jeux olympiques, la souffrance des enfants de Tchernobyl, et la destruction de la for\u00eat fluviale. Il a obtenu trois prix du Concours canadien de journalisme et a \u00e9t\u00e9 honor\u00e9 par la National Press Photo Award Foundation, le Missouri School of Journalism, et le Programme des Nations Unies pour l\u2019environnement. L\u2019exploit photojournalistique de Stan a \u00e9t\u00e9 la photo du \u00abbuzzer beater\u00bb, le dernier panier marqu\u00e9 par Kawhi Leonard, qui a couronn\u00e9 la saison de championnat des Raptors de Toronto en 2019.<\/p>\n<p><strong>Phil Carpenter<\/strong> a travaill\u00e9 comme photojournaliste pendant plus de 20 ans, dont 13 ans \u00e0 la Montreal Gazette, et depuis 2017 il a \u00e9t\u00e9 reporter et journaliste vid\u00e9o pour Global News \u00e0 Montr\u00e9al. Il a enseign\u00e9 le photojournalisme et le journalisme visuel \u00e0 l\u2019Universit\u00e9 Concordia pendant plus de dix ans, aidant \u00e0 mettre au point les \u00e9tudes pour le dipl\u00f4me de journalisme visuel de l\u2019institution. En 2009, Phil a pass\u00e9 un mois au Rwanda pour y enseigner le journalisme multim\u00e9dia dans le cadre d\u2019un programme de formation de journalistes professionnels. Il est l\u2019auteur de <em>Breast Stories<\/em>, un livre qui aborde les questions de f\u00e9minit\u00e9 et d\u2019identit\u00e9 f\u00e9minine par le portrait de plus de 50 femmes \u00e0 travers le Canada qui ont subi une mastectomie.<\/p>\n<p><strong>Shane Kelley<\/strong> a travaill\u00e9 plus de 20 ans comme photojournaliste pour trois quotidiens canadiens\u00a0: le Toronto Sun, le Toronto Star et la Montreal Gazette. En plus du photojournalisme aux actualit\u00e9s g\u00e9n\u00e9rales et aux sports, elle a aussi r\u00e9alis\u00e9, avec texte et photos, une chronique tendance hebdomadaire pour la Montreal Gazette pendant 15 ans. Shane Kelley a aussi travaill\u00e9 pour divers journaux et magazines am\u00e9ricains.<\/p>\n<p>&nbsp;<\/p>\n<p><strong><u>Reportage soutenu<\/u><\/strong><\/p>\n<p><strong><img loading=\"lazy\" decoding=\"async\" class=\"size-medium wp-image-6255 alignleft\" src=\"https:\/\/nna-ccj.ca\/wp-content\/uploads\/2022\/04\/SustainedJudges-cut-300x129.jpg\" alt=\"\" width=\"300\" height=\"129\" srcset=\"https:\/\/nna-ccj.ca\/wp-content\/uploads\/2022\/04\/SustainedJudges-cut-300x129.jpg 300w, https:\/\/nna-ccj.ca\/wp-content\/uploads\/2022\/04\/SustainedJudges-cut-260x112.jpg 260w, https:\/\/nna-ccj.ca\/wp-content\/uploads\/2022\/04\/SustainedJudges-cut-50x21.jpg 50w, https:\/\/nna-ccj.ca\/wp-content\/uploads\/2022\/04\/SustainedJudges-cut-150x64.jpg 150w, https:\/\/nna-ccj.ca\/wp-content\/uploads\/2022\/04\/SustainedJudges-cut.jpg 398w\" sizes=\"(max-width:767px) 300px, 300px\" \/>David Gutnick<\/strong> a r\u00e9cemment pris sa retraite apr\u00e8s avoir travaill\u00e9 36 ans \u00e0 la production de documentaires pour la radio de CBC. Son plus r\u00e9cent livre pour les enfants s\u2019intitule <em>Mr. Mergler, Beethoven, and Me<\/em>. Il vit \u00e0 Montr\u00e9al.<\/p>\n<p><strong>Athana Mentzelopoulos<\/strong> travaille pour le gouvernement de l\u2019Alberta comme sous-ministre du Conseil du tr\u00e9sor et des Finances. Elle a pass\u00e9 la plus grande partie de sa carri\u00e8re \u00e0 la fonction publique aux niveaux f\u00e9d\u00e9ral et provincial. Elle a aussi \u00e9t\u00e9 vice-pr\u00e9sidente aux relations gouvernementales pour l\u2019Association canadienne des coop\u00e9ratives financi\u00e8res.<\/p>\n<p><strong>Rod Mickleburgh<\/strong> a \u00e9t\u00e9 journaliste pendant plus de 40 ans, dont 23 au Globe and Mail. Il a \u00e9t\u00e9 colaur\u00e9at du prix Michener pour un reportage sur le scandale du sang contamin\u00e9 au Canada et a \u00e9t\u00e9 chef du bureau du Globe \u00e0 P\u00e9kin dans les ann\u00e9es 1990. Depuis qu\u2019il a quitt\u00e9 le Globe en 2013, Rod s\u2019est occup\u00e9 de son blogue et a r\u00e9dig\u00e9 <em>On the Line,<\/em> un livre sur l\u2019histoire des relations de travail en C.-B., qui a remport\u00e9 le Prix George Ryga pour la conscientisation sociale.<\/p>\n<p>&nbsp;<\/p>\n<p><strong>Journaliste de l\u2019ann\u00e9e <\/strong><\/p>\n<p><strong><img loading=\"lazy\" decoding=\"async\" class=\"size-medium wp-image-6270 alignleft\" src=\"https:\/\/nna-ccj.ca\/wp-content\/uploads\/2022\/04\/JoY-judges-full-size-corrected-300x125.jpg\" alt=\"\" width=\"300\" height=\"125\" srcset=\"https:\/\/nna-ccj.ca\/wp-content\/uploads\/2022\/04\/JoY-judges-full-size-corrected-300x125.jpg 300w, https:\/\/nna-ccj.ca\/wp-content\/uploads\/2022\/04\/JoY-judges-full-size-corrected-1024x427.jpg 1024w, https:\/\/nna-ccj.ca\/wp-content\/uploads\/2022\/04\/JoY-judges-full-size-corrected-768x320.jpg 768w, https:\/\/nna-ccj.ca\/wp-content\/uploads\/2022\/04\/JoY-judges-full-size-corrected-1536x640.jpg 1536w, https:\/\/nna-ccj.ca\/wp-content\/uploads\/2022\/04\/JoY-judges-full-size-corrected-260x108.jpg 260w, https:\/\/nna-ccj.ca\/wp-content\/uploads\/2022\/04\/JoY-judges-full-size-corrected-50x21.jpg 50w, https:\/\/nna-ccj.ca\/wp-content\/uploads\/2022\/04\/JoY-judges-full-size-corrected-150x63.jpg 150w, https:\/\/nna-ccj.ca\/wp-content\/uploads\/2022\/04\/JoY-judges-full-size-corrected.jpg 1994w\" sizes=\"(max-width:767px) 300px, 300px\" \/><\/strong><\/p>\n<p><strong>Carolyn Abraham <\/strong>est journaliste ind\u00e9pendante et auteure. Elle a couvert durant 14 ans la recherche m\u00e9dicale pour The Globe and Mail et obtenu trois prix du Concours canadien de journalisme pour son travail. Ses livres \u00e0 succ\u00e8s, dont l\u2019histoire bizarre d\u2019un homme qui a conserv\u00e9 le cerveau d\u2019Einstein et des m\u00e9moires sur les tests d\u2019ADN d\u00e9m\u00ealant son h\u00e9ritage multiracial, ont tous deux \u00e9t\u00e9 finalistes dans la cat\u00e9gorie des essais pour le Prix litt\u00e9raire du gouverneur g\u00e9n\u00e9ral. Elle continue de publier sur les avanc\u00e9es de la science et leurs cons\u00e9quences sur les \u00eatres humains et travaille \u00e0 la r\u00e9daction et la coproduction de son premier documentaire.<\/p>\n<p>Journaliste prim\u00e9e et engag\u00e9e, <strong>Manon Cornellier<\/strong> a \u00e9t\u00e9 correspondante parlementaire \u00e0 Ottawa de 1985 \u00e0 2021. D\u2019abord pigiste, elle est entr\u00e9e au service de la Presse canadienne en 1990 puis du Devoir en 1996. Elle y a \u00e9t\u00e9 tour \u00e0 tour correspondante parlementaire, chroniqueuse politique et \u00e9ditorialiste, jusqu\u2019\u00e0 sa retraite en juin dernier. Elle a publi\u00e9 en 1995 un livre sur le Bloc qu\u00e9b\u00e9cois et \u00e9crit maintenant une chronique bimensuel dans le quotidien le Droit.<\/p>\n<p><strong>Satya Brata Das<\/strong> a \u00e9t\u00e9 un pr\u00e9curseur dans le journalisme canadien lors du dernier quart du 20e si\u00e8cle. Il a \u0153uvr\u00e9 comme chroniqueur national, correspondant \u00e0 l\u2019\u00e9tranger et \u00e9ditorialiste. \u00c0 titre de conseiller strat\u00e9gique au 21e si\u00e8cle, il a aid\u00e9 les gouvernements dans plus de 50 dossiers majeurs. Le quatri\u00e8me essai litt\u00e9raire de Satya, <em>Us<\/em>, un livre publi\u00e9 en 2019, \u00e9voque la philosophie de Gandhi pour r\u00e9pondre aux d\u00e9fis de notre temps.<\/p>\n<p>&nbsp;<\/p>\n","protected":false},"excerpt":{"rendered":"<p>Culture Sahar Fatima est responsable du contenu num\u00e9rique de la section m\u00e9tropolitaine du Boston Globe. Sahar a pr\u00e9c\u00e9demment \u00e9t\u00e9 reporter et productrice num\u00e9rique au Toronto Star,<span class=\"excerpt-hellip\"> [\u2026]<\/span><\/p>\n","protected":false},"author":4,"featured_media":0,"parent":1779,"menu_order":0,"comment_status":"closed","ping_status":"closed","template":"","meta":{"footnotes":""},"class_list":["post-6199","page","type-page","status-publish","hentry"],"yoast_head":"<!-- This site is optimized with the Yoast SEO plugin v27.5 - https:\/\/yoast.com\/product\/yoast-seo-wordpress\/ -->\n<title>Juges pour 2021 (r\u00e9sultats annonc\u00e9s le 6e mai 2022) - National Newspaper Awards<\/title>\n<meta name=\"robots\" content=\"index, follow, max-snippet:-1, max-image-preview:large, max-video-preview:-1\" \/>\n<link rel=\"canonical\" href=\"https:\/\/nna-ccj.ca\/judging\/judges-for-2021-announced-may-6-2022\/\" \/>\n<meta property=\"og:locale\" content=\"fr_FR\" \/>\n<meta property=\"og:type\" content=\"article\" \/>\n<meta property=\"og:title\" content=\"Juges pour 2021 (r\u00e9sultats annonc\u00e9s le 6e mai 2022) - National Newspaper Awards\" \/>\n<meta property=\"og:description\" content=\"Culture Sahar Fatima est responsable du contenu num\u00e9rique de la section m\u00e9tropolitaine du Boston Globe. Sahar a pr\u00e9c\u00e9demment \u00e9t\u00e9 reporter et productrice num\u00e9rique au Toronto Star, [\u2026]\" \/>\n<meta property=\"og:url\" content=\"https:\/\/nna-ccj.ca\/judging\/judges-for-2021-announced-may-6-2022\/\" \/>\n<meta property=\"og:site_name\" content=\"National Newspaper Awards\" \/>\n<meta property=\"article:modified_time\" content=\"2023-04-30T19:18:00+00:00\" \/>\n<meta property=\"og:image\" content=\"https:\/\/nna-ccj.ca\/wp-content\/uploads\/2022\/04\/AEJudges-300x124.jpg\" \/>\n<meta name=\"twitter:card\" content=\"summary_large_image\" \/>\n<meta name=\"twitter:label1\" content=\"Dur\u00e9e de lecture estim\u00e9e\" \/>\n\t<meta name=\"twitter:data1\" content=\"28 minutes\" \/>\n<script type=\"application\/ld+json\" class=\"yoast-schema-graph\">{\"@context\":\"https:\\\/\\\/schema.org\",\"@graph\":[{\"@type\":\"WebPage\",\"@id\":\"https:\\\/\\\/nna-ccj.ca\\\/judging\\\/judges-for-2021-announced-may-6-2022\\\/\",\"url\":\"https:\\\/\\\/nna-ccj.ca\\\/judging\\\/judges-for-2021-announced-may-6-2022\\\/\",\"name\":\"Juges pour 2021 (r\u00e9sultats annonc\u00e9s le 6e mai 2022) - National Newspaper Awards\",\"isPartOf\":{\"@id\":\"https:\\\/\\\/nna-ccj.ca\\\/#website\"},\"primaryImageOfPage\":{\"@id\":\"https:\\\/\\\/nna-ccj.ca\\\/judging\\\/judges-for-2021-announced-may-6-2022\\\/#primaryimage\"},\"image\":{\"@id\":\"https:\\\/\\\/nna-ccj.ca\\\/judging\\\/judges-for-2021-announced-may-6-2022\\\/#primaryimage\"},\"thumbnailUrl\":\"https:\\\/\\\/nna-ccj.ca\\\/wp-content\\\/uploads\\\/2022\\\/04\\\/AEJudges-300x124.jpg\",\"datePublished\":\"2022-05-07T01:00:53+00:00\",\"dateModified\":\"2023-04-30T19:18:00+00:00\",\"breadcrumb\":{\"@id\":\"https:\\\/\\\/nna-ccj.ca\\\/judging\\\/judges-for-2021-announced-may-6-2022\\\/#breadcrumb\"},\"inLanguage\":\"fr-FR\",\"potentialAction\":[{\"@type\":\"ReadAction\",\"target\":[\"https:\\\/\\\/nna-ccj.ca\\\/judging\\\/judges-for-2021-announced-may-6-2022\\\/\"]}]},{\"@type\":\"ImageObject\",\"inLanguage\":\"fr-FR\",\"@id\":\"https:\\\/\\\/nna-ccj.ca\\\/judging\\\/judges-for-2021-announced-may-6-2022\\\/#primaryimage\",\"url\":\"https:\\\/\\\/nna-ccj.ca\\\/wp-content\\\/uploads\\\/2022\\\/04\\\/AEJudges-300x124.jpg\",\"contentUrl\":\"https:\\\/\\\/nna-ccj.ca\\\/wp-content\\\/uploads\\\/2022\\\/04\\\/AEJudges-300x124.jpg\"},{\"@type\":\"BreadcrumbList\",\"@id\":\"https:\\\/\\\/nna-ccj.ca\\\/judging\\\/judges-for-2021-announced-may-6-2022\\\/#breadcrumb\",\"itemListElement\":[{\"@type\":\"ListItem\",\"position\":1,\"name\":\"Home\",\"item\":\"https:\\\/\\\/nna-ccj.ca\\\/fr\\\/\"},{\"@type\":\"ListItem\",\"position\":2,\"name\":\"Juges \u2013 Ouverture de session\",\"item\":\"https:\\\/\\\/nna-ccj.ca\\\/judging\\\/\"},{\"@type\":\"ListItem\",\"position\":3,\"name\":\"Juges pour 2021 (r\u00e9sultats annonc\u00e9s le 6e mai 2022)\"}]},{\"@type\":\"WebSite\",\"@id\":\"https:\\\/\\\/nna-ccj.ca\\\/#website\",\"url\":\"https:\\\/\\\/nna-ccj.ca\\\/\",\"name\":\"National Newspaper Awards\",\"description\":\"Honouring the best in Canadian Journalism since 1949\",\"potentialAction\":[{\"@type\":\"SearchAction\",\"target\":{\"@type\":\"EntryPoint\",\"urlTemplate\":\"https:\\\/\\\/nna-ccj.ca\\\/?s={search_term_string}\"},\"query-input\":{\"@type\":\"PropertyValueSpecification\",\"valueRequired\":true,\"valueName\":\"search_term_string\"}}],\"inLanguage\":\"fr-FR\"}]}<\/script>\n<!-- \/ Yoast SEO plugin. -->","yoast_head_json":{"title":"Juges pour 2021 (r\u00e9sultats annonc\u00e9s le 6e mai 2022) - National Newspaper Awards","robots":{"index":"index","follow":"follow","max-snippet":"max-snippet:-1","max-image-preview":"max-image-preview:large","max-video-preview":"max-video-preview:-1"},"canonical":"https:\/\/nna-ccj.ca\/judging\/judges-for-2021-announced-may-6-2022\/","og_locale":"fr_FR","og_type":"article","og_title":"Juges pour 2021 (r\u00e9sultats annonc\u00e9s le 6e mai 2022) - National Newspaper Awards","og_description":"Culture Sahar Fatima est responsable du contenu num\u00e9rique de la section m\u00e9tropolitaine du Boston Globe. Sahar a pr\u00e9c\u00e9demment \u00e9t\u00e9 reporter et productrice num\u00e9rique au Toronto Star, [\u2026]","og_url":"https:\/\/nna-ccj.ca\/judging\/judges-for-2021-announced-may-6-2022\/","og_site_name":"National Newspaper Awards","article_modified_time":"2023-04-30T19:18:00+00:00","og_image":[{"url":"https:\/\/nna-ccj.ca\/wp-content\/uploads\/2022\/04\/AEJudges-300x124.jpg","type":"","width":"","height":""}],"twitter_card":"summary_large_image","twitter_misc":{"Dur\u00e9e de lecture estim\u00e9e":"28 minutes"},"schema":{"@context":"https:\/\/schema.org","@graph":[{"@type":"WebPage","@id":"https:\/\/nna-ccj.ca\/judging\/judges-for-2021-announced-may-6-2022\/","url":"https:\/\/nna-ccj.ca\/judging\/judges-for-2021-announced-may-6-2022\/","name":"Juges pour 2021 (r\u00e9sultats annonc\u00e9s le 6e mai 2022) - National Newspaper Awards","isPartOf":{"@id":"https:\/\/nna-ccj.ca\/#website"},"primaryImageOfPage":{"@id":"https:\/\/nna-ccj.ca\/judging\/judges-for-2021-announced-may-6-2022\/#primaryimage"},"image":{"@id":"https:\/\/nna-ccj.ca\/judging\/judges-for-2021-announced-may-6-2022\/#primaryimage"},"thumbnailUrl":"https:\/\/nna-ccj.ca\/wp-content\/uploads\/2022\/04\/AEJudges-300x124.jpg","datePublished":"2022-05-07T01:00:53+00:00","dateModified":"2023-04-30T19:18:00+00:00","breadcrumb":{"@id":"https:\/\/nna-ccj.ca\/judging\/judges-for-2021-announced-may-6-2022\/#breadcrumb"},"inLanguage":"fr-FR","potentialAction":[{"@type":"ReadAction","target":["https:\/\/nna-ccj.ca\/judging\/judges-for-2021-announced-may-6-2022\/"]}]},{"@type":"ImageObject","inLanguage":"fr-FR","@id":"https:\/\/nna-ccj.ca\/judging\/judges-for-2021-announced-may-6-2022\/#primaryimage","url":"https:\/\/nna-ccj.ca\/wp-content\/uploads\/2022\/04\/AEJudges-300x124.jpg","contentUrl":"https:\/\/nna-ccj.ca\/wp-content\/uploads\/2022\/04\/AEJudges-300x124.jpg"},{"@type":"BreadcrumbList","@id":"https:\/\/nna-ccj.ca\/judging\/judges-for-2021-announced-may-6-2022\/#breadcrumb","itemListElement":[{"@type":"ListItem","position":1,"name":"Home","item":"https:\/\/nna-ccj.ca\/fr\/"},{"@type":"ListItem","position":2,"name":"Juges \u2013 Ouverture de session","item":"https:\/\/nna-ccj.ca\/judging\/"},{"@type":"ListItem","position":3,"name":"Juges pour 2021 (r\u00e9sultats annonc\u00e9s le 6e mai 2022)"}]},{"@type":"WebSite","@id":"https:\/\/nna-ccj.ca\/#website","url":"https:\/\/nna-ccj.ca\/","name":"National Newspaper Awards","description":"Honouring the best in Canadian Journalism since 1949","potentialAction":[{"@type":"SearchAction","target":{"@type":"EntryPoint","urlTemplate":"https:\/\/nna-ccj.ca\/?s={search_term_string}"},"query-input":{"@type":"PropertyValueSpecification","valueRequired":true,"valueName":"search_term_string"}}],"inLanguage":"fr-FR"}]}},"jetpack_sharing_enabled":true,"_links":{"self":[{"href":"https:\/\/nna-ccj.ca\/fr\/wp-json\/wp\/v2\/pages\/6199","targetHints":{"allow":["GET"]}}],"collection":[{"href":"https:\/\/nna-ccj.ca\/fr\/wp-json\/wp\/v2\/pages"}],"about":[{"href":"https:\/\/nna-ccj.ca\/fr\/wp-json\/wp\/v2\/types\/page"}],"author":[{"embeddable":true,"href":"https:\/\/nna-ccj.ca\/fr\/wp-json\/wp\/v2\/users\/4"}],"replies":[{"embeddable":true,"href":"https:\/\/nna-ccj.ca\/fr\/wp-json\/wp\/v2\/comments?post=6199"}],"version-history":[{"count":9,"href":"https:\/\/nna-ccj.ca\/fr\/wp-json\/wp\/v2\/pages\/6199\/revisions"}],"predecessor-version":[{"id":6274,"href":"https:\/\/nna-ccj.ca\/fr\/wp-json\/wp\/v2\/pages\/6199\/revisions\/6274"}],"up":[{"embeddable":true,"href":"https:\/\/nna-ccj.ca\/fr\/wp-json\/wp\/v2\/pages\/1779"}],"wp:attachment":[{"href":"https:\/\/nna-ccj.ca\/fr\/wp-json\/wp\/v2\/media?parent=6199"}],"curies":[{"name":"wp","href":"https:\/\/api.w.org\/{rel}","templated":true}]}}