{"id":6299,"date":"2022-05-06T20:27:41","date_gmt":"2022-05-07T00:27:41","guid":{"rendered":"https:\/\/nna-ccj.ca\/?page_id=6299"},"modified":"2023-03-02T20:44:24","modified_gmt":"2023-03-03T01:44:24","slug":"2021-winners-gagnants-2021","status":"publish","type":"page","link":"https:\/\/nna-ccj.ca\/fr\/2021-winners-gagnants-2021\/","title":{"rendered":"2021 Winners | Gagnants 2021"},"content":{"rendered":"<h2><span style=\"color: #000000;\"><u>Arts and Entertainment \/ Culture<\/u><\/span><\/h2>\n<p><span style=\"color: #000000;\"><strong>Kate Taylor, Globe and Mail<\/strong><\/span><\/p>\n<p><span style=\"color: #000000;\">\u2022 <a style=\"color: #000000;\" href=\"https:\/\/www.theglobeandmail.com\/arts\/art-and-architecture\/article-will-crypto-art-be-artists-salvation-doubtful\/\">Will crypto art be artists&rsquo; salvation? Doubtful<\/a><br \/>\n\u2022 <a style=\"color: #000000;\" href=\"https:\/\/www.theglobeandmail.com\/arts\/art-and-architecture\/article-a-study-in-anguish-preserved-in-nazi-looted-art\/\">A study in anguish preserved in Nazi-looted art<\/a><br \/>\n<\/span><span style=\"color: #000000;\">\u2022 <a style=\"color: #000000;\" href=\"https:\/\/www.theglobeandmail.com\/arts\/art-and-architecture\/article-at-quebec-citys-museum-of-civilization-a-murder-victims-tattoo-opens-a\/\">At Quebec City&rsquo;s Museum of Civilization, a murder victim&rsquo;s tattoo opens a debate over human remains at museums<\/a><\/span><\/p>\n<h2><span style=\"color: #000000;\"><u>E. Cora Hind Award for Beat Reporting \/ Prix E. Cora hind pour le Journalisme sp\u00e9cialis\u00e9<\/u><\/span><\/h2>\n<p><span style=\"color: #000000;\"><strong>Am\u00e9li Pineda and Magdaline Boutros, Le Devoir<\/strong><\/span><\/p>\n<p><span style=\"color: #000000;\">\u2022 <a style=\"color: #000000;\" href=\"https:\/\/www.ledevoir.com\/societe\/597310\/double-feminicide-a-sainte-sophie-une-ex-conjointe-du-suspect-juge-ne-pas-avoir-ete-prise-au-serieux\">Double f\u00e9minicide \u00e0 Sainte-Sophie: une ex-conjointe du suspect juge ne pas avoir \u00e9t\u00e9 prise au s\u00e9rieux<\/a><br \/>\n<\/span><span style=\"color: #000000;\">\u2022 <a style=\"color: #000000;\" href=\"https:\/\/www.ledevoir.com\/societe\/597373\/le-devoir-enquete-sur-la-violence-conjugale-se-cacher-d-un-ex-conjoint-remis-en-liberte\">Se cacher d&rsquo;un ex-conjoint remis en libert\u00e9<\/a><br \/>\n\u2022 <a style=\"color: #000000;\" href=\"https:\/\/www.ledevoir.com\/societe\/597437\/un-programme-d-evaluation-peu-utilise\">Violence conjugale: le programme d&rsquo;evaluation des conjoints violents peu utilis\u00e9<\/a><br \/>\n\u2022 <a style=\"color: #000000;\" href=\"https:\/\/www.ledevoir.com\/societe\/601553\/societe-enfants-de-la-violence-conjugale\">Enfants de la violence conjugale<\/a><\/span><\/p>\n<p>&nbsp;<\/p>\n<h2><span style=\"color: #000000;\"><u>Breaking News \/ Nouvelles de derni\u00e8re heure<\/u><\/span><\/h2>\n<p><span style=\"color: #000000;\"><strong>Team\/\u00c9quipe, London Free Press<\/strong><\/span><\/p>\n<p><span style=\"color: #000000;\">\u2022 <a style=\"color: #000000;\" href=\"https:\/\/lfpress.com\/news\/local-news\/family-of-pedestrians-killed-in-targeted-anti-muslim-attack-london-police\">Family of pedestrians killed in intentional anti-Muslim attack: London police<\/a><br \/>\n<\/span><span style=\"color: #000000;\">\u2022 <a style=\"color: #000000;\" href=\"https:\/\/lfpress.com\/news\/local-news\/the-painful-recent-history-of-targeted-attacks-on-muslims-in-canada\">The painful recent history of targeted attacks on Muslims in Canada <\/a><br \/>\n<\/span><span style=\"color: #000000;\">\u2022 <a style=\"color: #000000;\" href=\"https:\/\/lfpress.com\/opinion\/columnists\/sims-a-typical-forest-city-family-out-for-a-walk-until-hatred-attacked\">SIMS: A typical Forest City family out for a walk. Until hatred attacked<\/a><br \/>\n\u2022 <a style=\"color: #000000;\" href=\"https:\/\/lfpress.com\/news\/local-news\/neighbours-speak-out-about-man-charged-in-alleged-anti-muslim-killings\">Neighbours speak out about man charged in alleged anti-Muslim killings<\/a><br \/>\n\u2022 <a style=\"color: #000000;\" href=\"https:\/\/lfpress.com\/news\/local-news\/now-we-are-left-with-one-boy-crash-victims-remembered-as-model-family\">&lsquo;Now we are left with one boy&rsquo;: Crash victims remembered as &lsquo;model family&rsquo;<\/a><br \/>\n\u2022 <a style=\"color: #000000;\" href=\"https:\/\/lfpress.com\/news\/local-news\/like-a-horror-movie-eyewitnesses-detail-crash-that-killed-pedestrians\">&lsquo;Like a horror movie&rsquo;: Eyewitnesses detail crash that killed pedestrians<\/a><br \/>\n\u2022 <a style=\"color: #000000;\" href=\"https:\/\/lfpress.com\/news\/local-news\/collision-fallout-shifts-ground-for-londons-muslim-community\">&lsquo;People are afraid&rsquo;: Attack shifts ground for London&rsquo;s Muslim community<\/a><br \/>\n\u2022 <a style=\"color: #000000;\" href=\"https:\/\/lfpress.com\/news\/local-news\/family-run-down-in-alleged-anti-muslim-attack-cared-for-others-physically-spiritually-creatively\">Family killed in alleged hate attack cared for others physically, spiritually<\/a><br \/>\n\u2022 <a style=\"color: #000000;\" href=\"https:\/\/lfpress.com\/news\/local-news\/who-is-nathaniel-veltman-accused-in-alleged-london-hate-killings\">Suspect in alleged London hate killings laughed during arrest: Witness<\/a><br \/>\n\u2022 <a style=\"color: #000000;\" href=\"https:\/\/lfpress.com\/news\/local-news\/driver-in-alleged-hate-killings-wore-body-armour-what-does-that-tell-us\">Alleged hate killings suspect wore body armour. What do experts say that suggests?<\/a><br \/>\n\u2022 <a style=\"color: #000000;\" href=\"https:\/\/lfpress.com\/opinion\/columnists\/sims-can-national-summit-on-islamophobia-turn-tragedy-into-change\">SIMS: Can national summit on Islamaphobia turn tragedy into change?<\/a><br \/>\n\u2022 <a style=\"color: #000000;\" href=\"https:\/\/lfpress.com\/news\/local-news\/thousands-attend-mosque-vigil-for-slain-london-muslim-family\">Thousands attend mosque vigil for slain London Muslim family<\/a><br \/>\n\u2022 <a style=\"color: #000000;\" href=\"https:\/\/lfpress.com\/news\/local-news\/londoners-line-roads-en-masse-to-support-muslim-community\">Londoners line roads en masse to support Muslim community<\/a><br \/>\n\u2022 <a style=\"color: #000000;\" href=\"https:\/\/lfpress.com\/news\/local-news\/photos-londoners-gather-to-mourn-at-mosque-along-nearby-streets\">PHOTOS: Thousands gather in sorrow to mourn lost London family<\/a><\/span><\/p>\n<p>&nbsp;<\/p>\n<h2><span style=\"color: #000000;\"><u>Breaking News Photo \/ Photo de nouvelles de derni\u00e8re heure<\/u><\/span><\/h2>\n<p><span style=\"color: #000000;\"><strong>Tim Krochak, Halifax Chronicle Herald<\/strong><\/span><\/p>\n<p><span style=\"color: #000000;\"><a style=\"color: #000000;\" href=\"https:\/\/nna-ccj.ca\/wp-content\/uploads\/2022\/03\/14726-Tim-Krochak-scaled.jpg\"><img fetchpriority=\"high\" decoding=\"async\" class=\"size-medium wp-image-6082\" src=\"https:\/\/nna-ccj.ca\/wp-content\/uploads\/2022\/03\/14726-Tim-Krochak-300x179.jpg\" alt=\"\" width=\"300\" height=\"179\" srcset=\"https:\/\/nna-ccj.ca\/wp-content\/uploads\/2022\/03\/14726-Tim-Krochak-300x179.jpg 300w, https:\/\/nna-ccj.ca\/wp-content\/uploads\/2022\/03\/14726-Tim-Krochak-1024x610.jpg 1024w, https:\/\/nna-ccj.ca\/wp-content\/uploads\/2022\/03\/14726-Tim-Krochak-768x458.jpg 768w, https:\/\/nna-ccj.ca\/wp-content\/uploads\/2022\/03\/14726-Tim-Krochak-1536x915.jpg 1536w, https:\/\/nna-ccj.ca\/wp-content\/uploads\/2022\/03\/14726-Tim-Krochak-2048x1221.jpg 2048w, https:\/\/nna-ccj.ca\/wp-content\/uploads\/2022\/03\/14726-Tim-Krochak-245x146.jpg 245w, https:\/\/nna-ccj.ca\/wp-content\/uploads\/2022\/03\/14726-Tim-Krochak-50x30.jpg 50w, https:\/\/nna-ccj.ca\/wp-content\/uploads\/2022\/03\/14726-Tim-Krochak-126x75.jpg 126w\" sizes=\"(max-width:767px) 300px, 300px\" \/><\/a><\/span><\/p>\n<p>&nbsp;<\/p>\n<h2><span style=\"color: #000000;\"><u>Business \/ \u00c9conomie<\/u><\/span><\/h2>\n<p><span style=\"color: #000000;\"><strong>Greg McArthur, Tim Kiladze, Joe Castaldo, Wendy Stueck, Globe and Mail<\/strong><\/span><\/p>\n<p><span style=\"color: #000000;\">\u2022 <a style=\"color: #000000;\" href=\"https:\/\/www.theglobeandmail.com\/business\/article-how-bridging-finance-fooled-bay-street-and-hundreds-of-millions-of\/\">How Bridging Finance fooled Bay Street \u2014 and hundreds of millions of dollars disappeared<\/a><br \/>\n\u2022 <a style=\"color: #000000;\" href=\"https:\/\/www.theglobeandmail.com\/business\/article-bridging-finances-missing-man-who-is-sean-mccoshen-the-dealmaker-tied\/\">Bridging Finance&rsquo;s missing man: Who is Sean McCoshen, the dealmaker tied up in the private lender&rsquo;s fall?<\/a><br \/>\n\u2022 <a style=\"color: #000000;\" href=\"https:\/\/www.theglobeandmail.com\/business\/article-bridging-finances-largest-borrower-used-fabricated-investment\/\">Bridging Finance&rsquo;s largest borrower used fabricated investment documents to secure loans\u00a0<\/a><\/span><\/p>\n<p>&nbsp;<\/p>\n<h2><span style=\"color: #000000;\"><u>Mary Ann Shadd Cary Award for Columns \/ Prix Mary Ann Shadd Cary pour la Chronique <\/u><\/span><\/h2>\n<p><span style=\"color: #000000;\"><strong>Karyn Pugliese, National Observer<\/strong><\/span><\/p>\n<p><span style=\"color: #000000;\">\u2022 <a style=\"color: #000000;\" href=\"https:\/\/www.nationalobserver.com\/2021\/06\/04\/opinion\/indigenous-children-canada-legacy-residential-schools-never-ended\">For Indigenous children in Canada, the legacy of residential schools never ended<\/a><br \/>\n\u2022 <a style=\"color: #000000;\" href=\"https:\/\/www.nationalobserver.com\/2021\/06\/29\/opinion\/bury-myth-residential-schools-built-for-education\">With the help of the mounties, the priests piled the children into boats and floated away<\/a><br \/>\n\u2022 <a style=\"color: #000000;\" href=\"https:\/\/www.nationalobserver.com\/2021\/07\/07\/opinion\/residential-school-survivors-fight-for-reconciliation-justice\">&lsquo;I was beaten severely all over my body with a strap &#8230; The only reason he quit was that he was too exhausted to continue&rsquo;<\/a><\/span><\/p>\n<p>&nbsp;<\/p>\n<h2><span style=\"color: #000000;\"><u>Editorial Cartooning \/ Caricature<\/u><\/span><\/h2>\n<p><span style=\"color: #000000;\"><strong>Bruce MacKinnon, Halifax Chronicle Herald<\/strong><\/span><\/p>\n<table style=\"border-collapse: collapse; width: 100%;\">\n<tbody>\n<tr>\n<td style=\"width: 33.3333%;\"><span style=\"color: #000000;\"><a style=\"color: #000000;\" href=\"https:\/\/nna-ccj.ca\/wp-content\/uploads\/2022\/03\/1641238880-scaled.jpg\"><img decoding=\"async\" class=\"alignnone size-medium wp-image-6122\" src=\"https:\/\/nna-ccj.ca\/wp-content\/uploads\/2022\/03\/1641238880-300x255.jpg\" alt=\"\" width=\"300\" height=\"255\" srcset=\"https:\/\/nna-ccj.ca\/wp-content\/uploads\/2022\/03\/1641238880-300x255.jpg 300w, https:\/\/nna-ccj.ca\/wp-content\/uploads\/2022\/03\/1641238880-1024x869.jpg 1024w, https:\/\/nna-ccj.ca\/wp-content\/uploads\/2022\/03\/1641238880-768x652.jpg 768w, https:\/\/nna-ccj.ca\/wp-content\/uploads\/2022\/03\/1641238880-1536x1304.jpg 1536w, https:\/\/nna-ccj.ca\/wp-content\/uploads\/2022\/03\/1641238880-2048x1738.jpg 2048w, https:\/\/nna-ccj.ca\/wp-content\/uploads\/2022\/03\/1641238880-172x146.jpg 172w, https:\/\/nna-ccj.ca\/wp-content\/uploads\/2022\/03\/1641238880-50x42.jpg 50w, https:\/\/nna-ccj.ca\/wp-content\/uploads\/2022\/03\/1641238880-88x75.jpg 88w\" sizes=\"(max-width:767px) 300px, 300px\" \/><\/a><\/span><\/td>\n<td style=\"width: 33.3333%;\"><span style=\"color: #000000;\"><a style=\"color: #000000;\" href=\"https:\/\/nna-ccj.ca\/wp-content\/uploads\/2022\/03\/display_1641238880_1.jpg\"><img decoding=\"async\" class=\"alignnone size-medium wp-image-6124\" src=\"https:\/\/nna-ccj.ca\/wp-content\/uploads\/2022\/03\/display_1641238880_1-300x254.jpg\" alt=\"\" width=\"300\" height=\"254\" srcset=\"https:\/\/nna-ccj.ca\/wp-content\/uploads\/2022\/03\/display_1641238880_1-300x254.jpg 300w, https:\/\/nna-ccj.ca\/wp-content\/uploads\/2022\/03\/display_1641238880_1-172x146.jpg 172w, https:\/\/nna-ccj.ca\/wp-content\/uploads\/2022\/03\/display_1641238880_1-50x42.jpg 50w, https:\/\/nna-ccj.ca\/wp-content\/uploads\/2022\/03\/display_1641238880_1-89x75.jpg 89w, https:\/\/nna-ccj.ca\/wp-content\/uploads\/2022\/03\/display_1641238880_1.jpg 700w\" sizes=\"(max-width:767px) 300px, 300px\" \/><\/a><\/span><\/td>\n<td style=\"width: 33.3333%;\"><span style=\"color: #000000;\"><a style=\"color: #000000;\" href=\"https:\/\/nna-ccj.ca\/wp-content\/uploads\/2022\/03\/display_1641238880_2.jpg\"><img loading=\"lazy\" decoding=\"async\" class=\"alignnone size-medium wp-image-6126\" src=\"https:\/\/nna-ccj.ca\/wp-content\/uploads\/2022\/03\/display_1641238880_2-300x252.jpg\" alt=\"\" width=\"300\" height=\"252\" srcset=\"https:\/\/nna-ccj.ca\/wp-content\/uploads\/2022\/03\/display_1641238880_2-300x252.jpg 300w, https:\/\/nna-ccj.ca\/wp-content\/uploads\/2022\/03\/display_1641238880_2-174x146.jpg 174w, https:\/\/nna-ccj.ca\/wp-content\/uploads\/2022\/03\/display_1641238880_2-50x42.jpg 50w, https:\/\/nna-ccj.ca\/wp-content\/uploads\/2022\/03\/display_1641238880_2-89x75.jpg 89w, https:\/\/nna-ccj.ca\/wp-content\/uploads\/2022\/03\/display_1641238880_2.jpg 700w\" sizes=\"(max-width:767px) 300px, 300px\" \/><\/a><\/span><\/td>\n<\/tr>\n<tr>\n<td style=\"width: 33.3333%;\"><span style=\"color: #000000;\"><a style=\"color: #000000;\" href=\"https:\/\/nna-ccj.ca\/wp-content\/uploads\/2022\/03\/display_1641238880_3.jpg\"><img loading=\"lazy\" decoding=\"async\" class=\"alignnone size-medium wp-image-6128\" src=\"https:\/\/nna-ccj.ca\/wp-content\/uploads\/2022\/03\/display_1641238880_3-300x255.jpg\" alt=\"\" width=\"300\" height=\"255\" srcset=\"https:\/\/nna-ccj.ca\/wp-content\/uploads\/2022\/03\/display_1641238880_3-300x255.jpg 300w, https:\/\/nna-ccj.ca\/wp-content\/uploads\/2022\/03\/display_1641238880_3-172x146.jpg 172w, https:\/\/nna-ccj.ca\/wp-content\/uploads\/2022\/03\/display_1641238880_3-50x42.jpg 50w, https:\/\/nna-ccj.ca\/wp-content\/uploads\/2022\/03\/display_1641238880_3-88x75.jpg 88w, https:\/\/nna-ccj.ca\/wp-content\/uploads\/2022\/03\/display_1641238880_3.jpg 700w\" sizes=\"(max-width:767px) 300px, 300px\" \/><\/a><\/span><\/td>\n<td style=\"width: 33.3333%;\"><span style=\"color: #000000;\"><a style=\"color: #000000;\" href=\"https:\/\/nna-ccj.ca\/wp-content\/uploads\/2022\/03\/display_1641238880_4.jpg\"><img loading=\"lazy\" decoding=\"async\" class=\"alignnone size-medium wp-image-6130\" src=\"https:\/\/nna-ccj.ca\/wp-content\/uploads\/2022\/03\/display_1641238880_4-300x253.jpg\" alt=\"\" width=\"300\" height=\"253\" srcset=\"https:\/\/nna-ccj.ca\/wp-content\/uploads\/2022\/03\/display_1641238880_4-300x253.jpg 300w, https:\/\/nna-ccj.ca\/wp-content\/uploads\/2022\/03\/display_1641238880_4-173x146.jpg 173w, https:\/\/nna-ccj.ca\/wp-content\/uploads\/2022\/03\/display_1641238880_4-50x42.jpg 50w, https:\/\/nna-ccj.ca\/wp-content\/uploads\/2022\/03\/display_1641238880_4-89x75.jpg 89w, https:\/\/nna-ccj.ca\/wp-content\/uploads\/2022\/03\/display_1641238880_4.jpg 700w\" sizes=\"(max-width:767px) 300px, 300px\" \/><\/a><\/span><\/td>\n<td style=\"width: 33.3333%;\"><\/td>\n<\/tr>\n<\/tbody>\n<\/table>\n<p>&nbsp;<\/p>\n<h2><span style=\"color: #000000;\"><u>Claude Ryan Award for Editorial Writing \/ Prix Claude Ryan pour l\u2019\u00c9ditorial<\/u><\/span><\/h2>\n<p><span style=\"color: #000000;\"><strong>David Ebner, Globe and Mail<\/strong><\/span><\/p>\n<p><span style=\"color: #000000;\">\u2022 <a style=\"color: #000000;\" href=\"https:\/\/www.theglobeandmail.com\/opinion\/editorials\/article-canadas-wild-housing-market-is-making-a-case-for-the-countrys-most\/\">Canada&rsquo;s wild housing market is making a case for the country&rsquo;s most unpopular tax<\/a><br \/>\n\u2022 <a style=\"color: #000000;\" href=\"https:\/\/www.theglobeandmail.com\/opinion\/editorials\/article-heat-fires-floods-the-worlds-climate-future-hits-british-columbia\/\">Heat, fires, floods: The world&rsquo;s climate future hits British Columbia<\/a><br \/>\n\u2022 <a style=\"color: #000000;\" href=\"https:\/\/www.theglobeandmail.com\/opinion\/editorials\/article-canada-promises-net-zero-by-2050-canadas-energy-regulator-predicts\/\">Canada promises net zero by 2050. Canada&rsquo;s energy regulator predicts lots of oil in 2050<\/a><\/span><\/p>\n<p>&nbsp;<\/p>\n<h2><span style=\"color: #000000;\"><u>Explanatory Work \/ Texte explicatif<\/u><\/span><\/h2>\n<p><span style=\"color: #000000;\"><strong>Tu Thanh Ha, Globe and Mail<\/strong><\/span><\/p>\n<p><span style=\"color: #000000;\">\u2022 <a style=\"color: #000000;\" href=\"https:\/\/www.theglobeandmail.com\/canada\/article-how-quebecs-response-to-covid-19-left-4000-dead-in-long-term-care\/\">How Quebec&rsquo;s response to COVID-19 left 4,000 dead in long-term care homes<\/a><\/span><\/p>\n<p>&nbsp;<\/p>\n<h2><span style=\"color: #000000;\"><u>Feature Photo \/ Photo de reportage<\/u><\/span><\/h2>\n<p><span style=\"color: #000000;\"><strong>Evan Buhler, RMO Today<\/strong><\/span><\/p>\n<p><span style=\"color: #000000;\"><a style=\"color: #000000;\" href=\"https:\/\/nna-ccj.ca\/wp-content\/uploads\/2022\/03\/14097-Evan-Buhler-scaled.jpg\"><img loading=\"lazy\" decoding=\"async\" class=\"size-medium wp-image-6089\" src=\"https:\/\/nna-ccj.ca\/wp-content\/uploads\/2022\/03\/14097-Evan-Buhler-300x200.jpg\" alt=\"\" width=\"300\" height=\"200\" srcset=\"https:\/\/nna-ccj.ca\/wp-content\/uploads\/2022\/03\/14097-Evan-Buhler-300x200.jpg 300w, https:\/\/nna-ccj.ca\/wp-content\/uploads\/2022\/03\/14097-Evan-Buhler-1024x683.jpg 1024w, https:\/\/nna-ccj.ca\/wp-content\/uploads\/2022\/03\/14097-Evan-Buhler-768x512.jpg 768w, https:\/\/nna-ccj.ca\/wp-content\/uploads\/2022\/03\/14097-Evan-Buhler-1536x1024.jpg 1536w, https:\/\/nna-ccj.ca\/wp-content\/uploads\/2022\/03\/14097-Evan-Buhler-2048x1365.jpg 2048w, https:\/\/nna-ccj.ca\/wp-content\/uploads\/2022\/03\/14097-Evan-Buhler-219x146.jpg 219w, https:\/\/nna-ccj.ca\/wp-content\/uploads\/2022\/03\/14097-Evan-Buhler-50x33.jpg 50w, https:\/\/nna-ccj.ca\/wp-content\/uploads\/2022\/03\/14097-Evan-Buhler-113x75.jpg 113w\" sizes=\"(max-width:767px) 300px, 300px\" \/><\/a><\/span><\/p>\n<p>&nbsp;<\/p>\n<h2><span style=\"color: #000000;\"><u>General News Photo \/ Photo d\u2019actualit\u00e9 g\u00e9n\u00e9rale<\/u><\/span><\/h2>\n<p><span style=\"color: #000000;\"><strong>Nathan Denette, Canadian Press<\/strong><\/span><br \/>\n<span style=\"color: #000000;\"><a style=\"color: #000000;\" href=\"https:\/\/nna-ccj.ca\/wp-content\/uploads\/2022\/03\/Nathan-Denette-scaled.jpg\"><img loading=\"lazy\" decoding=\"async\" class=\"size-medium wp-image-6146\" src=\"https:\/\/nna-ccj.ca\/wp-content\/uploads\/2022\/03\/Nathan-Denette-300x213.jpg\" alt=\"\" width=\"300\" height=\"213\" srcset=\"https:\/\/nna-ccj.ca\/wp-content\/uploads\/2022\/03\/Nathan-Denette-300x213.jpg 300w, https:\/\/nna-ccj.ca\/wp-content\/uploads\/2022\/03\/Nathan-Denette-1024x727.jpg 1024w, https:\/\/nna-ccj.ca\/wp-content\/uploads\/2022\/03\/Nathan-Denette-768x545.jpg 768w, https:\/\/nna-ccj.ca\/wp-content\/uploads\/2022\/03\/Nathan-Denette-1536x1090.jpg 1536w, https:\/\/nna-ccj.ca\/wp-content\/uploads\/2022\/03\/Nathan-Denette-2048x1453.jpg 2048w, https:\/\/nna-ccj.ca\/wp-content\/uploads\/2022\/03\/Nathan-Denette-206x146.jpg 206w, https:\/\/nna-ccj.ca\/wp-content\/uploads\/2022\/03\/Nathan-Denette-50x35.jpg 50w, https:\/\/nna-ccj.ca\/wp-content\/uploads\/2022\/03\/Nathan-Denette-106x75.jpg 106w\" sizes=\"(max-width:767px) 300px, 300px\" \/><\/a><\/span><\/p>\n<p>&nbsp;<\/p>\n<h2><span style=\"color: #000000;\"><u>Norman Webster Award for International Reporting \/ Prix Norman Webster pour le Reportage \u00e0 caract\u00e8re international<\/u><\/span><\/h2>\n<p><span style=\"color: #000000;\"><strong>Mark MacKinnon, Globe and Mail<\/strong><\/span><\/p>\n<p><span style=\"color: #000000;\">\u2022 <a style=\"color: #000000;\" href=\"https:\/\/www.theglobeandmail.com\/world\/article-escaping-kabul-airport-afghanistan\/\">Escape from Afghanistan: How Canadian journalists saved their colleagues in the nick of time, with help from Ukraine<\/a><br \/>\n\u2022 <a style=\"color: #000000;\" href=\"https:\/\/www.theglobeandmail.com\/world\/article-inside-taliban-held-afghanistan-there-is-no-food-no-help-nothing-here\/\">Inside Taliban-held Afghanistan: &lsquo;There is no food, no help, nothing here&rsquo;<\/a><br \/>\n\u2022 <a style=\"color: #000000;\" href=\"https:\/\/www.theglobeandmail.com\/world\/article-canadian-military-translators-still-waiting-for-rescue-from-kabul-safe\/\">Afghans who worked for Canadian military still waiting for rescue from Kabul safe house<\/a><\/span><\/p>\n<p>&nbsp;<\/p>\n<h2><span style=\"color: #000000;\"><u>George Brown Award for Investigations \/ Prix George Brown pour la Grande enqu\u00eate<\/u><\/span><\/h2>\n<p><span style=\"color: #000000;\"><strong>Tavia Grant, Tom Cardoso, David Milstead, Globe and Mail<\/strong><\/span><\/p>\n<p><span style=\"color: #000000;\">\u2022 <a style=\"color: #000000;\" href=\"https:\/\/www.theglobeandmail.com\/canada\/article-catholic-church-canadian-assets-investigation\/\">The Catholic Chruch in Canada is worth billions, a Globe investigation shows. Why are its reparations for residential schools so small?<\/a><br \/>\n\u2022 <a style=\"color: #000000;\" href=\"https:\/\/www.theglobeandmail.com\/canada\/article-catholic-church-canadian-assets-methodology\/\">How much Canadian wealth does the Catholic Church have? Inside the Globe investigation<\/a><br \/>\n\u2022 <a style=\"color: #000000;\" href=\"https:\/\/www.theglobeandmail.com\/canada\/article-a-great-injustice-indigenous-leaders-call-for-reparations-from\/\">&lsquo;A great injustice&rsquo;: Indigenous leaders call for reparations from Catholic Church for residential schools abuses<\/a><br \/>\n\u2022 <a style=\"color: #000000;\" href=\"https:\/\/www.theglobeandmail.com\/canada\/article-catholic-church-charity-set-up-to-pay-residential-school-survivors\/\">Catholic Church charity set up to pay residential school survivors spent $6.46-million on expenses<\/a><br \/>\n\u2022 <a style=\"color: #000000;\" href=\"https:\/\/www.theglobeandmail.com\/canada\/article-documents-raise-questions-about-value-of-catholic-churchs-in-kind\/\">Documents cast doubt on whether Catholic Church met obligations for residential school survivors<\/a><br \/>\n\u2022 <a style=\"color: #000000;\" href=\"https:\/\/www.theglobeandmail.com\/canada\/article-how-the-church-was-freed-from-obligation-to-school-survivors\/\">How the Catholic Church was freed from obligation to residential school survivors<\/a><br \/>\n\u2022 <a style=\"color: #000000;\" href=\"https:\/\/www.theglobeandmail.com\/canada\/article-catholic-church-ran-most-of-canadas-residential-schools-yet-remains\/\">Catholic Church ran most of Canada&rsquo;s residential schools, yet remains largely silent about their devastating legacy<\/a><br \/>\n\u2022 <a style=\"color: #000000;\" href=\"https:\/\/www.theglobeandmail.com\/canada\/article-archbishop-wont-commit-to-asking-pope-for-residential-school-apology\/\">Archibishop won&rsquo;t commit to asking Pope for residential school apology<\/a><br \/>\n\u2022 <a style=\"color: #000000;\" href=\"https:\/\/www.theglobeandmail.com\/canada\/article-canadian-catholic-bishops-apologize-for-grave-abuses-at-residential\/\">Canadian Catholic bishops apologize for &lsquo;grave abuses&rsquo; at residential schools, vow to raise funds for Indigenous efforts<\/a><br \/>\n\u2022 <a style=\"color: #000000;\" href=\"https:\/\/www.theglobeandmail.com\/canada\/article-residential-school-records-top-of-mind-for-indigenous-delegates-ahead\/\">Residential school records may lie deep in Vatican&rsquo;s archives<\/a><\/span><\/p>\n<p>&nbsp;<\/p>\n<h2><span style=\"color: #000000;\"><u>Local Reporting \/ Reportage \u00e0 caract\u00e8re local<\/u><\/span><\/h2>\n<p><span style=\"color: #000000;\"><strong>Tanya Foubert, Evan Buhler, Greg Colgan, RMO Today<\/strong><\/span><\/p>\n<p><span style=\"color: #000000;\">\u2022 <a style=\"color: #000000;\" href=\"https:\/\/www.rmotoday.com\/local-news\/buried-in-the-aftermath-death-of-canmores-doug-churchill-after-2016-avalanche-leads-to-survivors-forming-backcountry-safe-initiative-3666019\">Buried in the Aftermath: Death of Canmore&rsquo;s Doug Churchill after 2016 avalanche leads to survivors forming Backcountry Safe initiative<\/a><br \/>\n\u2022 <a style=\"color: #000000;\" href=\"https:\/\/www.rmotoday.com\/canmore\/buried-in-the-aftermath-mountain-guides-affected-by-post-traumatic-stress-after-critical-incidents-in-the-backcountry-3677058\">Buried in the Aftermath: Mountain guides affected by post-traumatic stress after critical incidents in the backcountry<\/a><br \/>\n\u2022 <a style=\"color: #000000;\" href=\"https:\/\/www.rmotoday.com\/canmore\/buried-in-the-aftermath-low-probability-high-consequence-events-are-every-climbers-nightmare-3763197\">Buried in the Aftermath: &lsquo;Low probability, high consequence events are every climber&rsquo;s nightmare&rsquo;<\/a><br \/>\n\u2022 <a style=\"color: #000000;\" href=\"https:\/\/www.rmotoday.com\/canmore\/buried-in-the-aftermath-guiding-association-committed-to-addressing-post-critical-response-3783396\">Buried in the Aftermath: Guiding association committed to addressing post-critical response<\/a><br \/>\n\u2022 <a style=\"color: #000000;\" href=\"https:\/\/www.rmotoday.com\/opinion\/editorial-culture-change-is-necessary-messy-and-hard-work-3782689\">EDITORIAL: Culture change is necessary, messy and hard work<\/a><\/span><\/p>\n<p>&nbsp;<\/p>\n<h2><span style=\"color: #000000;\"><u>William Southam Award for Long Feature \/ Prix William Southam pour le Reportage \u00e9labor\u00e9<\/u><\/span><\/h2>\n<p><span style=\"color: #000000;\"><strong>Tori Marlan, Capital Daily<\/strong><\/span><\/p>\n<p><span style=\"color: #000000;\">\u2022 <a style=\"color: #000000;\" href=\"https:\/\/www.capitaldaily.ca\/news\/the-man-who-stole-a-hotel\">The man who stole a hotel: How Timothy Durkin took control of Sooke Harbour House<\/a><\/span><\/p>\n<p>&nbsp;<\/p>\n<h2><span style=\"color: #000000;\"><u>John Wesley Dafoe Award for Politics \/ Prix John Wesley Dafoe pour la Politique<\/u><\/span><\/h2>\n<p><b>Althia Raj, Toronto Star<\/b><\/p>\n<p><span style=\"color: #000000;\">\u2022 <a style=\"color: #000000;\" href=\"https:\/\/www.thestar.com\/politics\/federal\/2021\/10\/09\/the-inside-story-of-how-the-liberals-turned-around-their-faltering-campaign-and-won-the-2021-election.html\">The Star talked to 57 insiders. Here&rsquo;s what we learned about how Justin Trudeau turned around his faltering campaign and defeated Erin O&rsquo;Toole<\/a><br \/>\n\u2022 <a style=\"color: #000000;\" href=\"https:\/\/www.thestar.com\/politics\/political-opinion\/2021\/12\/20\/pent-up-tory-frustration-leads-to-bloodbath-on-the-caucus-floor.html\">Pent-up Tory frustration leads to &lsquo;bloodbath&rsquo; on the caucus floor<\/a><\/span><\/p>\n<p>&nbsp;<\/p>\n<h2><span style=\"color: #000000;\"><u>Presentation\/Design \/ Pr\u00e9sentation\/Conception graphique<\/u><\/span><\/h2>\n<p><span style=\"color: #000000;\"><strong>Nathan Pilla, Kelsey Wilson, Tania Pereira, Toronto Star<\/strong><\/span><\/p>\n<p><span style=\"color: #000000;\">\u2022 <a style=\"color: #000000;\" href=\"https:\/\/www.thestar.com\/news\/2021\/toronto-fire.html\">Fire in the Sky: A terrifying blaze at 200 Wellesley brought a fire crew to its knees \u2014 and changed the way Toronto fights highrise fires forever.<\/a><\/span><\/p>\n<p>&nbsp;<\/p>\n<h2><span style=\"color: #000000;\"><u>John Honderich Award for Project of the Year \/ Prix John Honderich pour le Projet de l\u2019ann\u00e9e<\/u><\/span><\/h2>\n<p><span style=\"color: #000000;\"><strong>La Presse<\/strong><\/span><\/p>\n<p><span style=\"color: #000000;\">\u2022 <a style=\"color: #000000;\" href=\"https:\/\/www.lapresse.ca\/actualites\/justice-et-faits-divers\/2021-11-29\/meurtres-d-adolescents-a-montreal\/tues-pour-un-oui-ou-pour-un-non.php\">\u2039\u2039<\/a> Des jenues sans historique se retrouvent avec une arme \u00e0 feu dans les mains \u203a\u203a<br \/>\n\u2022 <a style=\"color: #000000;\" href=\"https:\/\/www.lapresse.ca\/actualites\/justice-et-faits-divers\/2021-03-25\/acheter-une-arme-un-jeu-d-enfant.php\">Acheter une arme, un jeu d&rsquo;enfant<\/a><br \/>\n\u2022 <a style=\"color: #000000;\" href=\"https:\/\/www.lapresse.ca\/actualites\/justice-et-faits-divers\/2021-09-04\/gangs-de-rue\/le-nouveau-far-west.php\">Le nouveau Far West<\/a><br \/>\n\u2022 <a style=\"color: #000000;\" href=\"https:\/\/www.lapresse.ca\/actualites\/enquetes\/2021-10-02\/fusillades-a-montreal\/adolescents-armes-et-dangereux.php\">Adolescents arm\u00e9s et dangereux<\/a><br \/>\n\u2022 <a style=\"color: #000000;\" href=\"https:\/\/www.lapresse.ca\/actualites\/grand-montreal\/2021-09-06\/fusillades-a-montreal\/les-tireurs-a-la-maserati.php\">Le tireurs \u00e0 Maserati<\/a><br \/>\n\u2022 <a style=\"color: #000000;\" href=\"https:\/\/www.lapresse.ca\/actualites\/grand-montreal\/2021-12-03\/armes-illegales-et-fraude-a-la-pcu\/un-cocktail-suspect.php\">Un cocktail suspect<\/a><br \/>\n\u2022 <a style=\"color: #000000;\" href=\"https:\/\/www.lapresse.ca\/actualites\/grand-montreal\/2021-09-05\/fusillades-a-montreal\/petite-bourgogne-le-retour-des-gangsters.php\">Petite-Bourgogne, le retour des gangsters<\/a><br \/>\n\u2022 <a style=\"color: #000000;\" href=\"https:\/\/www.lapresse.ca\/actualites\/justice-et-faits-divers\/2021-11-29\/meurtres-d-adolescents-a-montreal\/tues-pour-un-oui-ou-pour-un-non.php\">Tu\u00e9s \u2039\u2039 pour un oui ou pour un non \u203a\u203a<\/a><br \/>\n\u2022 <a style=\"color: #000000;\" href=\"https:\/\/www.lapresse.ca\/actualites\/justice-et-faits-divers\/2021-11-07\/qui-etait-jeune-loup.php\">Qui \u00e9tait Jeune Loup ?<\/a><br \/>\n\u2022 <a style=\"color: #000000;\" href=\"https:\/\/www.lapresse.ca\/actualites\/enquetes\/2021-10-03\/vague-de-fusillades-a-montreal\/et-si-la-solution-passait-par-d-ex-gangsters-rehabilites.php\">Et si la solution passait par d&rsquo;ex-gangsters r\u00e9habilit\u00e9s ?<\/a><\/span><\/p>\n<p>&nbsp;<\/p>\n<h2><span style=\"color: #000000;\"><u>Bob Levin Award for Short Feature \/ Prix Bob Levin pour le Reportage bref<\/u><\/span><\/h2>\n<p><span style=\"color: #000000;\"><strong>Marcus Gee, Globe and Mail<\/strong><\/span><\/p>\n<p><span style=\"color: #000000;\">\u2022 <a style=\"color: #000000;\" href=\"https:\/\/www.theglobeandmail.com\/canada\/article-the-fate-of-a-memorial-to-oshawas-dead-souls\/\">The fate of a memorial to Oshawa&rsquo;s dead souls<\/a><\/span><\/p>\n<p>&nbsp;<\/p>\n<h2><span style=\"color: #000000;\"><u>Bobbie Rosenfeld Award for Sports \/ Prix Bobbie Rosenfeld pour le Sport<\/u><\/span><\/h2>\n<p><span style=\"color: #000000;\"><strong>Grant Robertson and Rachel Brady, Globe and Mail<\/strong><\/span><\/p>\n<p><span style=\"color: #000000;\">\u2022 <a style=\"color: #000000;\" href=\"https:\/\/www.theglobeandmail.com\/canada\/article-canadian-olympians-athletes-eating-disorder-problem-amateur-sports\/\">Dangerous Games: A troubling number of Canadian Olympics are bingeing, purging and starving themselves. Inside the eating-disorder problem in elite amateur sports.<\/a><br \/>\n\u2022 <a style=\"color: #000000;\" href=\"https:\/\/www.theglobeandmail.com\/canada\/article-the-suspect-science-used-to-push-aspiring-olympians-to-starve\/\">The suspect science used to push aspiring Olympians to starve themselves<\/a><br \/>\n\u2022 <a style=\"color: #000000;\" href=\"https:\/\/www.theglobeandmail.com\/canada\/article-globe-investigation-canadian-olympians-eating-disorder\/\">Behind the story: How a Canadian Olympian&rsquo;s admission sparked a closer look at the scope of eating disorders inside elite amateur sport<\/a><br \/>\n\u2022 <a style=\"color: #000000;\" href=\"https:\/\/www.theglobeandmail.com\/canada\/article-awakening-around-olympians-and-eating-disorders-prompts-calls-from\/\">&lsquo;Awakening&rsquo; around Olympians and eating disorders prompts calls from experts to focus on younger athletes<\/a><\/span><\/p>\n<p>&nbsp;<\/p>\n<h2><span style=\"color: #000000;\"><u>Sports Photo \/ Photo de sport<\/u><\/span><\/h2>\n<p><strong style=\"color: #000000;\">Melissa Tait, Globe and Mail<\/strong><\/p>\n<p><span style=\"color: #000000;\"><a style=\"color: #000000;\" href=\"https:\/\/nna-ccj.ca\/wp-content\/uploads\/2022\/03\/Melissa-Tait-1-scaled.jpg\"><img loading=\"lazy\" decoding=\"async\" class=\"alignnone size-medium wp-image-6138\" src=\"https:\/\/nna-ccj.ca\/wp-content\/uploads\/2022\/03\/Melissa-Tait-1-300x194.jpg\" alt=\"\" width=\"300\" height=\"194\" srcset=\"https:\/\/nna-ccj.ca\/wp-content\/uploads\/2022\/03\/Melissa-Tait-1-300x194.jpg 300w, https:\/\/nna-ccj.ca\/wp-content\/uploads\/2022\/03\/Melissa-Tait-1-1024x661.jpg 1024w, https:\/\/nna-ccj.ca\/wp-content\/uploads\/2022\/03\/Melissa-Tait-1-768x496.jpg 768w, https:\/\/nna-ccj.ca\/wp-content\/uploads\/2022\/03\/Melissa-Tait-1-1536x992.jpg 1536w, https:\/\/nna-ccj.ca\/wp-content\/uploads\/2022\/03\/Melissa-Tait-1-2048x1322.jpg 2048w, https:\/\/nna-ccj.ca\/wp-content\/uploads\/2022\/03\/Melissa-Tait-1-226x146.jpg 226w, https:\/\/nna-ccj.ca\/wp-content\/uploads\/2022\/03\/Melissa-Tait-1-50x32.jpg 50w, https:\/\/nna-ccj.ca\/wp-content\/uploads\/2022\/03\/Melissa-Tait-1-116x75.jpg 116w\" sizes=\"(max-width:767px) 300px, 300px\" \/><\/a><\/span><\/p>\n<p>&nbsp;<\/p>\n<h2><span style=\"color: #000000;\"><u>Sustained News Coverage \/ Reportage soutenu<\/u><\/span><\/h2>\n<p><span style=\"color: #000000;\"><strong>Andrea Woo, Marcus Gee, Ian Brown, Globe and Mail<\/strong><\/span><\/p>\n<p><span style=\"color: #000000;\">\u2022 <a style=\"color: #000000;\" href=\"https:\/\/www.theglobeandmail.com\/canada\/article-portraits-of-loss-one-hundred-lives-felled-by-an-overdose-crisis\/\">Portraits of loss: One hundred lives, felled by an overdose crisis<\/a><br \/>\n\u2022 <a style=\"color: #000000;\" href=\"https:\/\/www.theglobeandmail.com\/canada\/article-i-surrender-just-please-help-me\/\">&lsquo;I surrender. Just please help me&rsquo;: A son&rsquo;s moving note to his parents underlines the pain of addiction<\/a><br \/>\n\u2022 <a style=\"color: #000000;\" href=\"https:\/\/www.theglobeandmail.com\/canada\/article-searching-for-angelica-the-globe-follows-up-on-an-oshawa-drug-users\/\">Searching for Angelica: The Globe follows up on an Oshawa drug user&rsquo;s struggle in an opiod crisis and pandemic<\/a><br \/>\n\u2022 <a style=\"color: #000000;\" href=\"https:\/\/www.theglobeandmail.com\/canada\/article-an-overdose-killed-my-son-more-families-writing-honest-death-notices\/\">&lsquo;An overdose killed my son&rsquo;: More families writing honeset death notices about how their loved ones died<\/a><br \/>\n\u2022 <a style=\"color: #000000;\" href=\"https:\/\/www.theglobeandmail.com\/canada\/article-as-canadas-overdose-deaths-soar-the-safe-supply-debate-enters-a-new\/\">As Canada&rsquo;s overdose deaths soar, the safe-supply debate enters a new and urgent phase<\/a><br \/>\n\u2022 <a style=\"color: #000000;\" href=\"https:\/\/www.theglobeandmail.com\/canada\/british-columbia\/article-british-columbia-to-provide-regulated-substances-under-safe-supply\/\">B.C. to provide regulated substances under safe supply directive to mitigate drug overdoses<\/a><br \/>\n\u2022 <a style=\"color: #000000;\" href=\"https:\/\/www.theglobeandmail.com\/canada\/article-toxic-drug-crisis-pandemic-have-left-front-line-workers-struggling-to\/\">Toxic drug crisis, pandemic have left front-line workers struggling to cope<\/a><br \/>\n\u2022 <a style=\"color: #000000;\" href=\"https:\/\/www.theglobeandmail.com\/canada\/article-at-the-root-of-the-opioid-crisis-is-our-belief-that-big-pharma-can\/\">At the root of the opioid crisis is our belief that Big Pharma can cure pain. Can we kick that habit?<\/a><\/span><\/p>\n","protected":false},"excerpt":{"rendered":"<p>Arts and Entertainment \/ Culture Kate Taylor, Globe and Mail \u2022 Will crypto art be artists&rsquo; salvation? Doubtful \u2022 A study in anguish preserved in Nazi-looted<span class=\"excerpt-hellip\"> [\u2026]<\/span><\/p>\n","protected":false},"author":1,"featured_media":0,"parent":0,"menu_order":0,"comment_status":"closed","ping_status":"closed","template":"","meta":{"footnotes":""},"class_list":["post-6299","page","type-page","status-publish","hentry"],"yoast_head":"<!-- This site is optimized with the Yoast SEO plugin v27.5 - https:\/\/yoast.com\/product\/yoast-seo-wordpress\/ -->\n<title>2021 Winners | Gagnants 2021 - National Newspaper Awards<\/title>\n<meta name=\"robots\" content=\"index, follow, max-snippet:-1, max-image-preview:large, max-video-preview:-1\" \/>\n<link rel=\"canonical\" href=\"https:\/\/nna-ccj.ca\/2021-winners-gagnants-2021\/\" \/>\n<meta property=\"og:locale\" content=\"fr_FR\" \/>\n<meta property=\"og:type\" content=\"article\" \/>\n<meta property=\"og:title\" content=\"2021 Winners | Gagnants 2021 - National Newspaper Awards\" \/>\n<meta property=\"og:description\" content=\"Arts and Entertainment \/ Culture Kate Taylor, Globe and Mail \u2022 Will crypto art be artists&rsquo; salvation? Doubtful \u2022 A study in anguish preserved in Nazi-looted [\u2026]\" \/>\n<meta property=\"og:url\" content=\"https:\/\/nna-ccj.ca\/2021-winners-gagnants-2021\/\" \/>\n<meta property=\"og:site_name\" content=\"National Newspaper Awards\" \/>\n<meta property=\"article:modified_time\" content=\"2023-03-03T01:44:24+00:00\" \/>\n<meta property=\"og:image\" content=\"https:\/\/nna-ccj.ca\/wp-content\/uploads\/2022\/03\/14726-Tim-Krochak-300x179.jpg\" \/>\n<meta name=\"twitter:card\" content=\"summary_large_image\" \/>\n<meta name=\"twitter:label1\" content=\"Dur\u00e9e de lecture estim\u00e9e\" \/>\n\t<meta name=\"twitter:data1\" content=\"8 minutes\" \/>\n<script type=\"application\/ld+json\" class=\"yoast-schema-graph\">{\"@context\":\"https:\\\/\\\/schema.org\",\"@graph\":[{\"@type\":\"WebPage\",\"@id\":\"https:\\\/\\\/nna-ccj.ca\\\/2021-winners-gagnants-2021\\\/\",\"url\":\"https:\\\/\\\/nna-ccj.ca\\\/2021-winners-gagnants-2021\\\/\",\"name\":\"2021 Winners | Gagnants 2021 - National Newspaper Awards\",\"isPartOf\":{\"@id\":\"https:\\\/\\\/nna-ccj.ca\\\/#website\"},\"primaryImageOfPage\":{\"@id\":\"https:\\\/\\\/nna-ccj.ca\\\/2021-winners-gagnants-2021\\\/#primaryimage\"},\"image\":{\"@id\":\"https:\\\/\\\/nna-ccj.ca\\\/2021-winners-gagnants-2021\\\/#primaryimage\"},\"thumbnailUrl\":\"https:\\\/\\\/nna-ccj.ca\\\/wp-content\\\/uploads\\\/2022\\\/03\\\/14726-Tim-Krochak-300x179.jpg\",\"datePublished\":\"2022-05-07T00:27:41+00:00\",\"dateModified\":\"2023-03-03T01:44:24+00:00\",\"breadcrumb\":{\"@id\":\"https:\\\/\\\/nna-ccj.ca\\\/2021-winners-gagnants-2021\\\/#breadcrumb\"},\"inLanguage\":\"fr-FR\",\"potentialAction\":[{\"@type\":\"ReadAction\",\"target\":[\"https:\\\/\\\/nna-ccj.ca\\\/2021-winners-gagnants-2021\\\/\"]}]},{\"@type\":\"ImageObject\",\"inLanguage\":\"fr-FR\",\"@id\":\"https:\\\/\\\/nna-ccj.ca\\\/2021-winners-gagnants-2021\\\/#primaryimage\",\"url\":\"https:\\\/\\\/nna-ccj.ca\\\/wp-content\\\/uploads\\\/2022\\\/03\\\/14726-Tim-Krochak-300x179.jpg\",\"contentUrl\":\"https:\\\/\\\/nna-ccj.ca\\\/wp-content\\\/uploads\\\/2022\\\/03\\\/14726-Tim-Krochak-300x179.jpg\"},{\"@type\":\"BreadcrumbList\",\"@id\":\"https:\\\/\\\/nna-ccj.ca\\\/2021-winners-gagnants-2021\\\/#breadcrumb\",\"itemListElement\":[{\"@type\":\"ListItem\",\"position\":1,\"name\":\"Home\",\"item\":\"https:\\\/\\\/nna-ccj.ca\\\/fr\\\/\"},{\"@type\":\"ListItem\",\"position\":2,\"name\":\"2021 Winners | Gagnants 2021\"}]},{\"@type\":\"WebSite\",\"@id\":\"https:\\\/\\\/nna-ccj.ca\\\/#website\",\"url\":\"https:\\\/\\\/nna-ccj.ca\\\/\",\"name\":\"National Newspaper Awards\",\"description\":\"Honouring the best in Canadian Journalism since 1949\",\"potentialAction\":[{\"@type\":\"SearchAction\",\"target\":{\"@type\":\"EntryPoint\",\"urlTemplate\":\"https:\\\/\\\/nna-ccj.ca\\\/?s={search_term_string}\"},\"query-input\":{\"@type\":\"PropertyValueSpecification\",\"valueRequired\":true,\"valueName\":\"search_term_string\"}}],\"inLanguage\":\"fr-FR\"}]}<\/script>\n<!-- \/ Yoast SEO plugin. -->","yoast_head_json":{"title":"2021 Winners | Gagnants 2021 - National Newspaper Awards","robots":{"index":"index","follow":"follow","max-snippet":"max-snippet:-1","max-image-preview":"max-image-preview:large","max-video-preview":"max-video-preview:-1"},"canonical":"https:\/\/nna-ccj.ca\/2021-winners-gagnants-2021\/","og_locale":"fr_FR","og_type":"article","og_title":"2021 Winners | Gagnants 2021 - National Newspaper Awards","og_description":"Arts and Entertainment \/ Culture Kate Taylor, Globe and Mail \u2022 Will crypto art be artists&rsquo; salvation? Doubtful \u2022 A study in anguish preserved in Nazi-looted [\u2026]","og_url":"https:\/\/nna-ccj.ca\/2021-winners-gagnants-2021\/","og_site_name":"National Newspaper Awards","article_modified_time":"2023-03-03T01:44:24+00:00","og_image":[{"url":"https:\/\/nna-ccj.ca\/wp-content\/uploads\/2022\/03\/14726-Tim-Krochak-300x179.jpg","type":"","width":"","height":""}],"twitter_card":"summary_large_image","twitter_misc":{"Dur\u00e9e de lecture estim\u00e9e":"8 minutes"},"schema":{"@context":"https:\/\/schema.org","@graph":[{"@type":"WebPage","@id":"https:\/\/nna-ccj.ca\/2021-winners-gagnants-2021\/","url":"https:\/\/nna-ccj.ca\/2021-winners-gagnants-2021\/","name":"2021 Winners | Gagnants 2021 - National Newspaper Awards","isPartOf":{"@id":"https:\/\/nna-ccj.ca\/#website"},"primaryImageOfPage":{"@id":"https:\/\/nna-ccj.ca\/2021-winners-gagnants-2021\/#primaryimage"},"image":{"@id":"https:\/\/nna-ccj.ca\/2021-winners-gagnants-2021\/#primaryimage"},"thumbnailUrl":"https:\/\/nna-ccj.ca\/wp-content\/uploads\/2022\/03\/14726-Tim-Krochak-300x179.jpg","datePublished":"2022-05-07T00:27:41+00:00","dateModified":"2023-03-03T01:44:24+00:00","breadcrumb":{"@id":"https:\/\/nna-ccj.ca\/2021-winners-gagnants-2021\/#breadcrumb"},"inLanguage":"fr-FR","potentialAction":[{"@type":"ReadAction","target":["https:\/\/nna-ccj.ca\/2021-winners-gagnants-2021\/"]}]},{"@type":"ImageObject","inLanguage":"fr-FR","@id":"https:\/\/nna-ccj.ca\/2021-winners-gagnants-2021\/#primaryimage","url":"https:\/\/nna-ccj.ca\/wp-content\/uploads\/2022\/03\/14726-Tim-Krochak-300x179.jpg","contentUrl":"https:\/\/nna-ccj.ca\/wp-content\/uploads\/2022\/03\/14726-Tim-Krochak-300x179.jpg"},{"@type":"BreadcrumbList","@id":"https:\/\/nna-ccj.ca\/2021-winners-gagnants-2021\/#breadcrumb","itemListElement":[{"@type":"ListItem","position":1,"name":"Home","item":"https:\/\/nna-ccj.ca\/fr\/"},{"@type":"ListItem","position":2,"name":"2021 Winners | Gagnants 2021"}]},{"@type":"WebSite","@id":"https:\/\/nna-ccj.ca\/#website","url":"https:\/\/nna-ccj.ca\/","name":"National Newspaper Awards","description":"Honouring the best in Canadian Journalism since 1949","potentialAction":[{"@type":"SearchAction","target":{"@type":"EntryPoint","urlTemplate":"https:\/\/nna-ccj.ca\/?s={search_term_string}"},"query-input":{"@type":"PropertyValueSpecification","valueRequired":true,"valueName":"search_term_string"}}],"inLanguage":"fr-FR"}]}},"jetpack_sharing_enabled":true,"_links":{"self":[{"href":"https:\/\/nna-ccj.ca\/fr\/wp-json\/wp\/v2\/pages\/6299","targetHints":{"allow":["GET"]}}],"collection":[{"href":"https:\/\/nna-ccj.ca\/fr\/wp-json\/wp\/v2\/pages"}],"about":[{"href":"https:\/\/nna-ccj.ca\/fr\/wp-json\/wp\/v2\/types\/page"}],"author":[{"embeddable":true,"href":"https:\/\/nna-ccj.ca\/fr\/wp-json\/wp\/v2\/users\/1"}],"replies":[{"embeddable":true,"href":"https:\/\/nna-ccj.ca\/fr\/wp-json\/wp\/v2\/comments?post=6299"}],"version-history":[{"count":5,"href":"https:\/\/nna-ccj.ca\/fr\/wp-json\/wp\/v2\/pages\/6299\/revisions"}],"predecessor-version":[{"id":7092,"href":"https:\/\/nna-ccj.ca\/fr\/wp-json\/wp\/v2\/pages\/6299\/revisions\/7092"}],"wp:attachment":[{"href":"https:\/\/nna-ccj.ca\/fr\/wp-json\/wp\/v2\/media?parent=6299"}],"curies":[{"name":"wp","href":"https:\/\/api.w.org\/{rel}","templated":true}]}}