{"id":7256,"date":"2023-03-14T15:14:03","date_gmt":"2023-03-14T19:14:03","guid":{"rendered":"https:\/\/nna-ccj.ca\/2022-nominees\/"},"modified":"2023-11-16T14:41:45","modified_gmt":"2023-11-16T19:41:45","slug":"2022-nominees","status":"publish","type":"page","link":"https:\/\/nna-ccj.ca\/fr\/2022-nominees\/","title":{"rendered":"Les laur\u00e9ats et les candidatures en nomination 2022"},"content":{"rendered":"\t\t<div data-elementor-type=\"wp-page\" data-elementor-id=\"7256\" class=\"elementor elementor-7256 elementor-7071\" data-elementor-post-type=\"page\">\n\t\t\t\t\t\t<section class=\"elementor-section elementor-top-section elementor-element elementor-element-f5d365e elementor-section-boxed elementor-section-height-default elementor-section-height-default\" data-id=\"f5d365e\" data-element_type=\"section\" data-e-type=\"section\">\n\t\t\t\t\t\t<div class=\"elementor-container elementor-column-gap-default\">\n\t\t\t\t\t<div class=\"elementor-column elementor-col-100 elementor-top-column elementor-element elementor-element-392dbc6\" data-id=\"392dbc6\" data-element_type=\"column\" data-e-type=\"column\">\n\t\t\t<div class=\"elementor-widget-wrap elementor-element-populated\">\n\t\t\t\t\t\t<div class=\"elementor-element elementor-element-b45d8cf elementor-widget elementor-widget-heading\" data-id=\"b45d8cf\" data-element_type=\"widget\" data-e-type=\"widget\" data-widget_type=\"heading.default\">\n\t\t\t\t<div class=\"elementor-widget-container\">\n\t\t\t\t\t<h1 class=\"elementor-heading-title elementor-size-default\">Les laur\u00e9ats et les candidatures en nomination 2022<span style=\"font-family: var( --e-global-typography-primary-font-family ), Sans-serif;font-size: 25px;font-weight: var( --e-global-typography-primary-font-weight );letter-spacing: 0px\"><\/span><\/h1>\t\t\t\t<\/div>\n\t\t\t\t<\/div>\n\t\t\t\t\t<\/div>\n\t\t<\/div>\n\t\t\t\t\t<\/div>\n\t\t<\/section>\n\t\t\t\t<section class=\"elementor-section elementor-top-section elementor-element elementor-element-7292d8e elementor-section-boxed elementor-section-height-default elementor-section-height-default\" data-id=\"7292d8e\" data-element_type=\"section\" data-e-type=\"section\">\n\t\t\t\t\t\t<div class=\"elementor-container elementor-column-gap-default\">\n\t\t\t\t\t<div class=\"elementor-column elementor-col-33 elementor-top-column elementor-element elementor-element-79af4b7\" data-id=\"79af4b7\" data-element_type=\"column\" data-e-type=\"column\">\n\t\t\t<div class=\"elementor-widget-wrap elementor-element-populated\">\n\t\t\t\t\t\t<div class=\"elementor-element elementor-element-b0139d7 elementor-widget elementor-widget-heading\" data-id=\"b0139d7\" data-element_type=\"widget\" data-e-type=\"widget\" data-widget_type=\"heading.default\">\n\t\t\t\t<div class=\"elementor-widget-container\">\n\t\t\t\t\t<h2 class=\"elementor-heading-title elementor-size-default\">Culture<\/h2>\t\t\t\t<\/div>\n\t\t\t\t<\/div>\n\t\t\t\t\t<\/div>\n\t\t<\/div>\n\t\t\t\t<div class=\"elementor-column elementor-col-66 elementor-top-column elementor-element elementor-element-7d367a1\" data-id=\"7d367a1\" data-element_type=\"column\" data-e-type=\"column\">\n\t\t\t<div class=\"elementor-widget-wrap elementor-element-populated\">\n\t\t\t\t\t\t<div class=\"elementor-element elementor-element-623cef0 elementor-widget elementor-widget-text-editor\" data-id=\"623cef0\" data-element_type=\"widget\" data-e-type=\"widget\" data-widget_type=\"text-editor.default\">\n\t\t\t\t<div class=\"elementor-widget-container\">\n\t\t\t\t\t\t\t\t\t<p><span style=\"font-weight: 400;\"><strong><span style=\"color: #d30000; font-size: 14pt;\">LAUR\u00c9ATS<\/span>: Charles-\u00c9ric Blais-Poulin et Marissa Groguh\u00e9, La Presse<\/strong>, pour leur reportage sur une vague de suicides dans la communaut\u00e9 des arts du spectacle pendant la pand\u00e9mie de COVID-19.\u00a0<\/span><\/p><ul><li class=\"headlines titleModule \"><a href=\"http:\/\/lapresse.ca\/arts\/2022-01-29\/vague-de-suicides-chez-les-artisans-de-la-scene\/quand-le-rideau-tombe-a-jamais.php\" target=\"_blank\" rel=\"noopener\"><span class=\"title titleModule__main\">Quand le rideau tombe \u00e0 jamais<\/span><\/a><\/li><\/ul>\t\t\t\t\t\t\t\t<\/div>\n\t\t\t\t<\/div>\n\t\t\t\t<div class=\"elementor-element elementor-element-e1f4ae5 elementor-widget elementor-widget-text-editor\" data-id=\"e1f4ae5\" data-element_type=\"widget\" data-e-type=\"widget\" data-widget_type=\"text-editor.default\">\n\t\t\t\t<div class=\"elementor-widget-container\">\n\t\t\t\t\t\t\t\t\t<p><span style=\"font-weight: 400;\"><strong>Susan Krashinsky Robertson, Globe and Mail<\/strong>, pour un documentaire immersif sur la derni\u00e8re mise en sc\u00e8ne du Lac des Cygnes par Karen Kain, cette fois depuis le fauteuil de la directrice.<\/span><\/p><ul><li><a href=\"https:\/\/www.theglobeandmail.com\/arts\/theatre-and-performance\/article-karen-kain-national-ballet-swan-lake\/\" target=\"_blank\" rel=\"noopener\">Karen Kain&rsquo;s swan song<\/a><\/li><\/ul>\t\t\t\t\t\t\t\t<\/div>\n\t\t\t\t<\/div>\n\t\t\t\t<div class=\"elementor-element elementor-element-31b19ed elementor-widget elementor-widget-text-editor\" data-id=\"31b19ed\" data-element_type=\"widget\" data-e-type=\"widget\" data-widget_type=\"text-editor.default\">\n\t\t\t\t<div class=\"elementor-widget-container\">\n\t\t\t\t\t\t\t\t\t<p><span style=\"font-weight: 400;\"><strong>Eva Wasney, Winnipeg Free Press<\/strong>, pour un portrait d\u00e9taill\u00e9 du graphiste et artiste visuel anichinab\u00e9 Jordan Stranger.<\/span><\/p><ul><li><a href=\"https:\/\/www.winnipegfreepress.com\/arts-and-life\/2022\/11\/04\/bright-and-beautiful\" target=\"_blank\" rel=\"noopener\">Bright and beautiful<\/a><\/li><\/ul>\t\t\t\t\t\t\t\t<\/div>\n\t\t\t\t<\/div>\n\t\t\t\t\t<\/div>\n\t\t<\/div>\n\t\t\t\t\t<\/div>\n\t\t<\/section>\n\t\t\t\t<section class=\"elementor-section elementor-top-section elementor-element elementor-element-3b3af74 elementor-section-boxed elementor-section-height-default elementor-section-height-default\" data-id=\"3b3af74\" data-element_type=\"section\" data-e-type=\"section\">\n\t\t\t\t\t\t<div class=\"elementor-container elementor-column-gap-default\">\n\t\t\t\t\t<div class=\"elementor-column elementor-col-33 elementor-top-column elementor-element elementor-element-7b66057\" data-id=\"7b66057\" data-element_type=\"column\" data-e-type=\"column\">\n\t\t\t<div class=\"elementor-widget-wrap elementor-element-populated\">\n\t\t\t\t\t\t<div class=\"elementor-element elementor-element-31e194e elementor-widget elementor-widget-heading\" data-id=\"31e194e\" data-element_type=\"widget\" data-e-type=\"widget\" data-widget_type=\"heading.default\">\n\t\t\t\t<div class=\"elementor-widget-container\">\n\t\t\t\t\t<h2 class=\"elementor-heading-title elementor-size-default\">Prix Joan Hollobon pour le journalisme sp\u00e9cialis\u00e9<\/h2>\t\t\t\t<\/div>\n\t\t\t\t<\/div>\n\t\t\t\t<div class=\"elementor-element elementor-element-44eede1 elementor-widget elementor-widget-image\" data-id=\"44eede1\" data-element_type=\"widget\" data-e-type=\"widget\" data-widget_type=\"image.default\">\n\t\t\t\t<div class=\"elementor-widget-container\">\n\t\t\t\t\t\t\t\t\t\t\t\t\t\t\t<img decoding=\"async\" src=\"https:\/\/nna-ccj.ca\/wp-content\/uploads\/elementor\/thumbs\/Joan-Hollobon-portrait-1960a-1-scaled-qieqy1hlb1le28p7eovtd4i9tq7gjeehu58ri8lnm8.jpg\" title=\"Joan Hollobon, portrait, 1960a (1)\" alt=\"Globe and Mail staff writer Joan Hollobon (Church Reporter), 1960. Credit: The Globe and Mail.\" loading=\"lazy\" \/>\t\t\t\t\t\t\t\t\t\t\t\t\t\t\t<\/div>\n\t\t\t\t<\/div>\n\t\t\t\t\t<\/div>\n\t\t<\/div>\n\t\t\t\t<div class=\"elementor-column elementor-col-66 elementor-top-column elementor-element elementor-element-94221dc\" data-id=\"94221dc\" data-element_type=\"column\" data-e-type=\"column\">\n\t\t\t<div class=\"elementor-widget-wrap elementor-element-populated\">\n\t\t\t\t\t\t<div class=\"elementor-element elementor-element-cca2c83 elementor-widget elementor-widget-text-editor\" data-id=\"cca2c83\" data-element_type=\"widget\" data-e-type=\"widget\" data-widget_type=\"text-editor.default\">\n\t\t\t\t<div class=\"elementor-widget-container\">\n\t\t\t\t\t\t\t\t\t<p><span style=\"font-weight: 400;\"><strong><span style=\"color: #d30000; font-size: 14pt;\">LAUR\u00c9AT: <\/span>Sean Fine, Globe and Mail<\/strong>, pour son reportage sur la Cour supr\u00eame du Canada, se penchant sur son histoire, ses orientations politiques et l&rsquo;impact de ses jugements.<\/span><\/p><ul><li><a href=\"https:\/\/www.theglobeandmail.com\/canada\/article-canadas-supreme-court-is-off-balance-as-large-and-liberal-consensus-on\/\" target=\"_blank\" rel=\"noopener\">Canada&rsquo;s Supreme Court is off balance as &lsquo;large and liberal&rsquo; consensus on the charter falls apart<\/a><\/li><li><a href=\"https:\/\/www.theglobeandmail.com\/canada\/article-supreme-court-rulings-sex-assault-cases-metoo\/\" target=\"_blank\" rel=\"noopener\">Supreme Court of Canada backs victims in 24 sex-assualt cases in a row<\/a><\/li><li><a href=\"https:\/\/www.theglobeandmail.com\/canada\/article-life-without-parole-canada-supreme-court-ruling\/\">Supreme Court of Canada unanimously strikes down life without parole for mass murderers<\/a><\/li><li><a href=\"https:\/\/www.theglobeandmail.com\/canada\/article-canada-charter-turns-40-supreme-court\/\">Canada&rsquo;s charter turned 40 on Sunday &#8211; and it&rsquo;s still as radical and enigmatic as it was in 1982<\/a><\/li><\/ul>\t\t\t\t\t\t\t\t<\/div>\n\t\t\t\t<\/div>\n\t\t\t\t<div class=\"elementor-element elementor-element-22950cf elementor-widget elementor-widget-text-editor\" data-id=\"22950cf\" data-element_type=\"widget\" data-e-type=\"widget\" data-widget_type=\"text-editor.default\">\n\t\t\t\t<div class=\"elementor-widget-container\">\n\t\t\t\t\t\t\t\t\t<p><span style=\"font-weight: 400;\"><strong>Katia Gagnon, La Presse<\/strong>, pour une couverture approfondie des pr\u00e9carit\u00e9s du syst\u00e8me de protection de la jeunesse au Qu\u00e9bec et de la mani\u00e8re dont les recommandations d&rsquo;une commission d&rsquo;enqu\u00eate n&rsquo;ont pas encore \u00e9t\u00e9 prises en compte, laissant \u00e0 risque les personnes les plus vuln\u00e9rables de la soci\u00e9t\u00e9. <\/span><\/p><ul><li class=\"headlines titleModule \"><a href=\"https:\/\/www.lapresse.ca\/actualites\/2022-02-17\/situation-a-la-dpj\/je-suis-desespere.php\" target=\"_blank\" rel=\"noopener\"><span class=\"title titleModule__main\">\u00ab\u00a0Je suis d\u00e9sesp\u00e9r\u00e9\u00a0\u00bb<\/span><\/a><\/li><li class=\"headlines titleModule \"><a href=\"https:\/\/www.lapresse.ca\/actualites\/2022-04-29\/tragedie-de-granby\/des-signaux-d-alerte-quatre-ans-avant-le-drame.php\"><span class=\"title titleModule__main\">Des signaux d\u2019alerte quatre\u00a0ans avant le drame<\/span><\/a><\/li><li class=\"headlines titleModule \"><a href=\"https:\/\/www.lapresse.ca\/actualites\/2022-05-28\/direction-de-la-protection-de-la-jeunesse\/la-petite-enfant-sauvage.php\"><span class=\"title titleModule__main\">La petite enfant sauvage<\/span><\/a><\/li><li class=\"headlines titleModule \"><a href=\"https:\/\/www.lapresse.ca\/actualites\/2022-05-28\/direction-de-la-protection-de-la-jeunesse\/la-petite-enfant-sauvage.php\"><span class=\"title titleModule__main\">Enferm\u00e9e, encore<\/span><\/a><\/li><\/ul>\t\t\t\t\t\t\t\t<\/div>\n\t\t\t\t<\/div>\n\t\t\t\t<div class=\"elementor-element elementor-element-493510c elementor-widget elementor-widget-text-editor\" data-id=\"493510c\" data-element_type=\"widget\" data-e-type=\"widget\" data-widget_type=\"text-editor.default\">\n\t\t\t\t<div class=\"elementor-widget-container\">\n\t\t\t\t\t\t\t\t\t<p><span style=\"font-weight: 400;\"><strong>Caroline Touzin, La Presse<\/strong>, pour un reportage sur le terrain \u00e0 propos des services sociaux et de sant\u00e9, mettant en lumi\u00e8re les traumatismes subis par les h\u00f4pitaux montr\u00e9alais sous-\u00e9quip\u00e9s face \u00e0 la violence meurtri\u00e8re des gangs et l&rsquo;augmentation de la maltraitance des enfants au cours de la pand\u00e9mie.<\/span><\/p><ul><li class=\"headlines titleModule \"><p class=\"headlines titleModule \"><a href=\"https:\/\/www.lapresse.ca\/actualites\/grand-montreal\/2022-05-14\/flambee-de-violence\/des-medecins-parmi-les-balles.php\" target=\"_blank\" rel=\"noopener\"><span class=\"title titleModule__main\">Des m\u00e9decins parmi les balles<\/span><\/a><\/p><\/li><li><p class=\"headlines titleModule \"><a href=\"https:\/\/www.lapresse.ca\/actualites\/2022-04-16\/dommages-collateraux-de-la-pandemie\/les-bebes-brises.php\"><span class=\"title titleModule__main\">Les \u00ab\u00a0b\u00e9b\u00e9s bris\u00e9s\u00a0\u00bb<\/span><\/a><\/p><\/li><li><p class=\"headlines titleModule \"><a href=\"https:\/\/www.lapresse.ca\/actualites\/sante\/2022-10-21\/urgences-du-chu-sainte-justine\/c-est-un-desastre.php\"><span class=\"title titleModule__main\">\u00ab\u00a0C\u2019est un d\u00e9sastre\u00a0\u00bb<\/span><\/a><\/p><\/li><li><p class=\"headlines titleModule \"><a href=\"https:\/\/www.lapresse.ca\/actualites\/environnement\/2022-07-09\/acteurs-de-changement\/la-medecin-qui-refuse-de-se-taire.php\"><span class=\"title titleModule__main\">La m\u00e9decin qui refuse de se taire<\/span><\/a><\/p><\/li><\/ul>\t\t\t\t\t\t\t\t<\/div>\n\t\t\t\t<\/div>\n\t\t\t\t\t<\/div>\n\t\t<\/div>\n\t\t\t\t\t<\/div>\n\t\t<\/section>\n\t\t\t\t<section class=\"elementor-section elementor-top-section elementor-element elementor-element-8bac2ff elementor-section-boxed elementor-section-height-default elementor-section-height-default\" data-id=\"8bac2ff\" data-element_type=\"section\" data-e-type=\"section\">\n\t\t\t\t\t\t<div class=\"elementor-container elementor-column-gap-default\">\n\t\t\t\t\t<div class=\"elementor-column elementor-col-33 elementor-top-column elementor-element elementor-element-8f85b4a\" data-id=\"8f85b4a\" data-element_type=\"column\" data-e-type=\"column\">\n\t\t\t<div class=\"elementor-widget-wrap elementor-element-populated\">\n\t\t\t\t\t\t<div class=\"elementor-element elementor-element-2106584 elementor-widget elementor-widget-heading\" data-id=\"2106584\" data-element_type=\"widget\" data-e-type=\"widget\" data-widget_type=\"heading.default\">\n\t\t\t\t<div class=\"elementor-widget-container\">\n\t\t\t\t\t<h2 class=\"elementor-heading-title elementor-size-default\">Prix Stuart M. Robertson pour les nouvelles de derni\u00e8re heure<\/h2>\t\t\t\t<\/div>\n\t\t\t\t<\/div>\n\t\t\t\t<div class=\"elementor-element elementor-element-f7001eb elementor-widget elementor-widget-image\" data-id=\"f7001eb\" data-element_type=\"widget\" data-e-type=\"widget\" data-widget_type=\"image.default\">\n\t\t\t\t<div class=\"elementor-widget-container\">\n\t\t\t\t\t\t\t\t\t\t\t\t\t\t\t<img decoding=\"async\" src=\"https:\/\/nna-ccj.ca\/wp-content\/uploads\/elementor\/thumbs\/Stuart-Robertson-qieqybtte7zjlya6qbcpmjwccyshw2jjjkf3sa6bps.jpg\" title=\"Stuart Robertson\" alt=\"Stuart Robertson\" loading=\"lazy\" \/>\t\t\t\t\t\t\t\t\t\t\t\t\t\t\t<\/div>\n\t\t\t\t<\/div>\n\t\t\t\t\t<\/div>\n\t\t<\/div>\n\t\t\t\t<div class=\"elementor-column elementor-col-66 elementor-top-column elementor-element elementor-element-336e7bc\" data-id=\"336e7bc\" data-element_type=\"column\" data-e-type=\"column\">\n\t\t\t<div class=\"elementor-widget-wrap elementor-element-populated\">\n\t\t\t\t\t\t<div class=\"elementor-element elementor-element-6916dab elementor-widget elementor-widget-text-editor\" data-id=\"6916dab\" data-element_type=\"widget\" data-e-type=\"widget\" data-widget_type=\"text-editor.default\">\n\t\t\t\t<div class=\"elementor-widget-container\">\n\t\t\t\t\t\t\t\t\t<p><span style=\"font-weight: 400;\"><strong><span style=\"color: #d30000; font-size: 14pt;\">LAUR\u00c9ATS: <\/span>Le Saskatoon StarPhoenix et le Regina Leader-Post<\/strong>, pour leur reportage sur l&rsquo;une des plus grandes tueries de masse au Canada, alors qu&rsquo;elle se d\u00e9roulait dans la nation crie de James Smith et \u00e0 Weldon, en Saskatchewan.<\/span><\/p><ul><li id=\"articleTitle\" class=\"article-title\"><a href=\"https:\/\/thestarphoenix.com\/news\/saskatchewan\/multiple-stabbings-at-james-smith-cree-nation-rcmp\" target=\"_blank\" rel=\"noopener\">&lsquo;It is horrific what has occurred&rsquo;: 10 dead, at least 15 injured in Saskatchewan stabbings<\/a><\/li><li id=\"articleTitle\" class=\"article-title\"><a href=\"https:\/\/thestarphoenix.com\/news\/saskatchewan\/live-manhunt-continues-for-saskatchewan-stabbing-rampage-suspects\" target=\"_blank\" rel=\"noopener\">Manhunt for stabbing spree suspect continues after brother found dead<\/a><\/li><li id=\"articleTitle\" class=\"article-title\"><a href=\"https:\/\/thestarphoenix.com\/news\/local-news\/support-pours-in-for-communities-affected-by-sask-mass-stabbing-attack\">Support pours in for communities affected by Sask. mass stabbing attack<\/a><\/li><li id=\"articleTitle\" class=\"article-title\"><a href=\"https:\/\/thestarphoenix.com\/news\/saskatchewan\/at-least-one-suspect-in-sask-stabbings-known-to-police\">At least one suspect in Sask. stabbings known to police<\/a><\/li><li id=\"articleTitle\" class=\"article-title\"><a href=\"https:\/\/thestarphoenix.com\/news\/local-news\/sundays-tragedy-is-among-deadliest-spree-killings-in-sask-history\">Sunday\u2019s tragedy deadliest spree killing in modern Sask. history<\/a><\/li><li id=\"articleTitle\" class=\"article-title\"><a href=\"https:\/\/thestarphoenix.com\/news\/crime\/she-died-helping-people-sask-communities-seek-answers-after-stabbing-attacks\">&lsquo;She died helping people&rsquo;: Sask. communities seek answers after stabbing attacks<\/a><\/li><li id=\"articleTitle\" class=\"article-title\"><a href=\"https:\/\/leaderpost.com\/news\/local-news\/tip-going-stale-police-believe-myles-sanderson-still-in-regina-as-of-monday\">Tip going stale: Police believe stabbing spree suspect still in Regina as of Monday<\/a><\/li><\/ul>\t\t\t\t\t\t\t\t<\/div>\n\t\t\t\t<\/div>\n\t\t\t\t<div class=\"elementor-element elementor-element-1163eba elementor-widget elementor-widget-text-editor\" data-id=\"1163eba\" data-element_type=\"widget\" data-e-type=\"widget\" data-widget_type=\"text-editor.default\">\n\t\t\t\t<div class=\"elementor-widget-container\">\n\t\t\t\t\t\t\t\t\t<p><span style=\"font-weight: 400;\"><strong>La Presse Canadienne<\/strong>, pour la couverture du Convoi de la libert\u00e9 durant la p\u00e9riode de 36 heures suivant l\u2019arriv\u00e9e des premiers camions \u00e0 Ottawa.<\/span><\/p><ul><li><a href=\"https:\/\/nna-ccj.ca\/wp-content\/uploads\/2023\/03\/CP-BreakingNews-Story1-1.pdf\">Convoy rolling into Ottawa is about more than just vaccine mandates for truckers<\/a><\/li><li><a href=\"https:\/\/nna-ccj.ca\/wp-content\/uploads\/2023\/03\/CP-BreakingNews-Story2.pdf\">Trudeau concerned trucker convoy converging on Parliament Hill could turn violent<\/a><\/li><li><a href=\"https:\/\/nna-ccj.ca\/wp-content\/uploads\/2023\/03\/CP-BreakingNews-Story3.pdf\">Thousands gather on Parliament hill for massive protest against vaccine mandates<\/a><\/li><li><a href=\"https:\/\/nna-ccj.ca\/wp-content\/uploads\/2023\/03\/CP-BreakingNews-Story4.pdf\">Officials decry &lsquo;desecration&rsquo; of monuments during Ottawa protest<\/a><\/li><li><a href=\"https:\/\/nna-ccj.ca\/wp-content\/uploads\/2023\/03\/CP-BreakingNews-Story5-1.pdf\">Convoys against mandates in other Canadian cities support of Ottawa truck protest<\/a><\/li><li><a href=\"https:\/\/nna-ccj.ca\/wp-content\/uploads\/2023\/03\/CP-BreakingNews-Story6.pdf\">The latest developments on Saturday&rsquo;s planned protest by truckers of COVID-19 restrictions and Prime Minister Justin Trudeau&rsquo;s government.<\/a><\/li><\/ul>\t\t\t\t\t\t\t\t<\/div>\n\t\t\t\t<\/div>\n\t\t\t\t<div class=\"elementor-element elementor-element-af9f63b elementor-widget elementor-widget-text-editor\" data-id=\"af9f63b\" data-element_type=\"widget\" data-e-type=\"widget\" data-widget_type=\"text-editor.default\">\n\t\t\t\t<div class=\"elementor-widget-container\">\n\t\t\t\t\t\t\t\t\t<p><span style=\"font-weight: 400;\"><strong>Daniel Renaud, Alice Girard-Boss\u00e9, Henri Ouellette-V\u00e9zina, et Isabelle Ducas, La Presse<\/strong>, pour l\u2019arrestation choquante de trois entra\u00eeneurs de basketball d\u2019une \u00e9cole secondaire pour des crimes de nature sexuelle.<\/span><\/p><ul><li class=\"headlines titleModule \"><a href=\"https:\/\/www.lapresse.ca\/actualites\/justice-et-faits-divers\/2022-02-02\/arrestation-d-entraineurs-de-basketball\/une-ecole-en-etat-de-choc.php\" target=\"_blank\" rel=\"noopener\"><span class=\"title titleModule__main\">Une \u00e9cole en \u00e9tat de choc<\/span><\/a><\/li><li class=\"headlines titleModule \"><a href=\"https:\/\/www.lapresse.ca\/actualites\/justice-et-faits-divers\/2022-02-03\/ecole-secondaire-saint-laurent\/les-trois-entraineurs-accuses-d-autres-victimes-recherchees.php\"><span class=\"title titleModule__main\">Les trois entra\u00eeneurs accus\u00e9s, d\u2019autres victimes recherch\u00e9es<\/span><\/a><\/li><li class=\"headlines titleModule \"><a href=\"https:\/\/www.lapresse.ca\/actualites\/justice-et-faits-divers\/2022-02-03\/violences-sexuelles-dans-les-sports\/les-ecoles-peuvent-etre-beaucoup-mieux-outillees.php\"><span class=\"title titleModule__main\">\u00ab\u00a0Les \u00e9coles peuvent \u00eatre beaucoup mieux outill\u00e9es\u00a0\u00bb<\/span><\/a><\/li><li class=\"headlines titleModule \"><a href=\"https:\/\/www.lapresse.ca\/actualites\/justice-et-faits-divers\/2022-02-04\/entraineurs-accuses-de-crimes-sexuels\/c-etait-un-climat-hyper-nocif.php#:~:text=Un%20climat%20%C2%AB%20hyper%20nocif%20%C2%BB%2C,plusieurs%20sources%20%C3%A0%20La%20Presse.\"><span class=\"title titleModule__main\">\u00ab\u00a0C\u2019\u00e9tait un climat hyper nocif\u00a0\u00bb<\/span><\/a><\/li><\/ul>\t\t\t\t\t\t\t\t<\/div>\n\t\t\t\t<\/div>\n\t\t\t\t\t<\/div>\n\t\t<\/div>\n\t\t\t\t\t<\/div>\n\t\t<\/section>\n\t\t\t\t<section class=\"elementor-section elementor-top-section elementor-element elementor-element-c73ae80 elementor-section-boxed elementor-section-height-default elementor-section-height-default\" data-id=\"c73ae80\" data-element_type=\"section\" data-e-type=\"section\">\n\t\t\t\t\t\t<div class=\"elementor-container elementor-column-gap-default\">\n\t\t\t\t\t<div class=\"elementor-column elementor-col-33 elementor-top-column elementor-element elementor-element-2856c2c\" data-id=\"2856c2c\" data-element_type=\"column\" data-e-type=\"column\">\n\t\t\t<div class=\"elementor-widget-wrap elementor-element-populated\">\n\t\t\t\t\t\t<div class=\"elementor-element elementor-element-3161e7b elementor-widget elementor-widget-heading\" data-id=\"3161e7b\" data-element_type=\"widget\" data-e-type=\"widget\" data-widget_type=\"heading.default\">\n\t\t\t\t<div class=\"elementor-widget-container\">\n\t\t\t\t\t<h2 class=\"elementor-heading-title elementor-size-default\">Photo des nouvelles de derni\u00e8re heure<\/h2>\t\t\t\t<\/div>\n\t\t\t\t<\/div>\n\t\t\t\t\t<\/div>\n\t\t<\/div>\n\t\t\t\t<div class=\"elementor-column elementor-col-66 elementor-top-column elementor-element elementor-element-6de487d\" data-id=\"6de487d\" data-element_type=\"column\" data-e-type=\"column\">\n\t\t\t<div class=\"elementor-widget-wrap elementor-element-populated\">\n\t\t\t\t\t\t<div class=\"elementor-element elementor-element-e0ce901 elementor-widget elementor-widget-text-editor\" data-id=\"e0ce901\" data-element_type=\"widget\" data-e-type=\"widget\" data-widget_type=\"text-editor.default\">\n\t\t\t\t<div class=\"elementor-widget-container\">\n\t\t\t\t\t\t\t\t\t<p><span style=\"font-weight: 400;\"><strong><span style=\"color: #d30000; font-size: 14pt;\">LAUR\u00c9AT: <\/span>Steve Russell, Toronto Star<\/strong>, pour une photo d&rsquo;un affrontement entre la police et les manifestants du Convoi de la libert\u00e9 sur la Colline Parlementaire. <\/span><\/p>\t\t\t\t\t\t\t\t<\/div>\n\t\t\t\t<\/div>\n\t\t\t\t<div class=\"elementor-element elementor-element-f63b087 elementor-widget elementor-widget-gallery\" data-id=\"f63b087\" data-element_type=\"widget\" data-e-type=\"widget\" data-settings=\"{&quot;columns&quot;:5,&quot;aspect_ratio&quot;:&quot;4:3&quot;,&quot;lazyload&quot;:&quot;yes&quot;,&quot;gallery_layout&quot;:&quot;grid&quot;,&quot;columns_tablet&quot;:2,&quot;columns_mobile&quot;:1,&quot;gap&quot;:{&quot;unit&quot;:&quot;px&quot;,&quot;size&quot;:10,&quot;sizes&quot;:[]},&quot;gap_tablet&quot;:{&quot;unit&quot;:&quot;px&quot;,&quot;size&quot;:10,&quot;sizes&quot;:[]},&quot;gap_mobile&quot;:{&quot;unit&quot;:&quot;px&quot;,&quot;size&quot;:10,&quot;sizes&quot;:[]},&quot;link_to&quot;:&quot;file&quot;,&quot;overlay_background&quot;:&quot;yes&quot;,&quot;content_hover_animation&quot;:&quot;fade-in&quot;}\" data-widget_type=\"gallery.default\">\n\t\t\t\t<div class=\"elementor-widget-container\">\n\t\t\t\t\t\t\t<div class=\"elementor-gallery__container\">\n\t\t\t\t\t\t\t<a class=\"e-gallery-item elementor-gallery-item elementor-animated-content\" href=\"https:\/\/nna-ccj.ca\/wp-content\/uploads\/2023\/03\/breaking-newsSR_05-scaled.jpg\" data-elementor-open-lightbox=\"yes\" data-elementor-lightbox-slideshow=\"f63b087\" data-e-action-hash=\"#elementor-action%3Aaction%3Dlightbox%26settings%3DeyJpZCI6NzIyNiwidXJsIjoiaHR0cHM6XC9cL25uYS1jY2ouY2FcL3dwLWNvbnRlbnRcL3VwbG9hZHNcLzIwMjNcLzAzXC9icmVha2luZy1uZXdzU1JfMDUtc2NhbGVkLmpwZyIsInNsaWRlc2hvdyI6ImY2M2IwODcifQ%3D%3D\">\n\t\t\t\t\t<div class=\"e-gallery-image elementor-gallery-item__image\" data-thumbnail=\"https:\/\/nna-ccj.ca\/wp-content\/uploads\/2023\/03\/breaking-newsSR_05-150x150.jpg\" data-width=\"150\" data-height=\"150\" aria-label=\"\" role=\"img\" ><\/div>\n\t\t\t\t\t\t\t\t\t\t\t<div class=\"elementor-gallery-item__overlay\"><\/div>\n\t\t\t\t\t\t\t\t\t\t\t\t\t\t<\/a>\n\t\t\t\t\t<\/div>\n\t\t\t\t\t<\/div>\n\t\t\t\t<\/div>\n\t\t\t\t<div class=\"elementor-element elementor-element-df542cf elementor-widget elementor-widget-text-editor\" data-id=\"df542cf\" data-element_type=\"widget\" data-e-type=\"widget\" data-widget_type=\"text-editor.default\">\n\t\t\t\t<div class=\"elementor-widget-container\">\n\t\t\t\t\t\t\t\t\t<p><strong><span style=\"font-weight: 400;\"><strong>Michelle Berg, Saskatoon Star Phoenix<\/strong>, pour une image terrifiante d&rsquo;un homme fixant directement la cam\u00e9ra lors de son arrestation. <\/span><\/strong><\/p>\t\t\t\t\t\t\t\t<\/div>\n\t\t\t\t<\/div>\n\t\t\t\t<div class=\"elementor-element elementor-element-408686a elementor-widget elementor-widget-gallery\" data-id=\"408686a\" data-element_type=\"widget\" data-e-type=\"widget\" data-settings=\"{&quot;columns&quot;:5,&quot;aspect_ratio&quot;:&quot;4:3&quot;,&quot;lazyload&quot;:&quot;yes&quot;,&quot;gallery_layout&quot;:&quot;grid&quot;,&quot;columns_tablet&quot;:2,&quot;columns_mobile&quot;:1,&quot;gap&quot;:{&quot;unit&quot;:&quot;px&quot;,&quot;size&quot;:10,&quot;sizes&quot;:[]},&quot;gap_tablet&quot;:{&quot;unit&quot;:&quot;px&quot;,&quot;size&quot;:10,&quot;sizes&quot;:[]},&quot;gap_mobile&quot;:{&quot;unit&quot;:&quot;px&quot;,&quot;size&quot;:10,&quot;sizes&quot;:[]},&quot;link_to&quot;:&quot;file&quot;,&quot;overlay_background&quot;:&quot;yes&quot;,&quot;content_hover_animation&quot;:&quot;fade-in&quot;}\" data-widget_type=\"gallery.default\">\n\t\t\t\t<div class=\"elementor-widget-container\">\n\t\t\t\t\t\t\t<div class=\"elementor-gallery__container\">\n\t\t\t\t\t\t\t<a class=\"e-gallery-item elementor-gallery-item elementor-animated-content\" href=\"https:\/\/nna-ccj.ca\/wp-content\/uploads\/2023\/03\/NNA-Breaking-News-MB2022-scaled.jpg\" data-elementor-open-lightbox=\"yes\" data-elementor-lightbox-slideshow=\"408686a\" data-elementor-lightbox-title=\"NNA Breaking News MB2022\" data-e-action-hash=\"#elementor-action%3Aaction%3Dlightbox%26settings%3DeyJpZCI6NzE4MSwidXJsIjoiaHR0cHM6XC9cL25uYS1jY2ouY2FcL3dwLWNvbnRlbnRcL3VwbG9hZHNcLzIwMjNcLzAzXC9OTkEtQnJlYWtpbmctTmV3cy1NQjIwMjItc2NhbGVkLmpwZyIsInNsaWRlc2hvdyI6IjQwODY4NmEifQ%3D%3D\">\n\t\t\t\t\t<div class=\"e-gallery-image elementor-gallery-item__image\" data-thumbnail=\"https:\/\/nna-ccj.ca\/wp-content\/uploads\/2023\/03\/NNA-Breaking-News-MB2022-150x150.jpg\" data-width=\"150\" data-height=\"150\" aria-label=\"\" role=\"img\" ><\/div>\n\t\t\t\t\t\t\t\t\t\t\t<div class=\"elementor-gallery-item__overlay\"><\/div>\n\t\t\t\t\t\t\t\t\t\t\t\t\t\t<\/a>\n\t\t\t\t\t<\/div>\n\t\t\t\t\t<\/div>\n\t\t\t\t<\/div>\n\t\t\t\t<div class=\"elementor-element elementor-element-ddb714b elementor-widget elementor-widget-text-editor\" data-id=\"ddb714b\" data-element_type=\"widget\" data-e-type=\"widget\" data-widget_type=\"text-editor.default\">\n\t\t\t\t<div class=\"elementor-widget-container\">\n\t\t\t\t\t\t\t\t\t<p><span style=\"font-weight: 400;\"><strong>Anton Skyba, Globe and Mail<\/strong>, pour sa photo d&rsquo;une jeune fille se tenant devant les ruines d&rsquo;un immeuble d&rsquo;habitation d\u00e9truit au cours de la premi\u00e8re nuit de la guerre en Ukraine.<\/span><\/p>\t\t\t\t\t\t\t\t<\/div>\n\t\t\t\t<\/div>\n\t\t\t\t<div class=\"elementor-element elementor-element-dd57190 elementor-widget elementor-widget-gallery\" data-id=\"dd57190\" data-element_type=\"widget\" data-e-type=\"widget\" data-settings=\"{&quot;columns&quot;:5,&quot;aspect_ratio&quot;:&quot;4:3&quot;,&quot;lazyload&quot;:&quot;yes&quot;,&quot;gallery_layout&quot;:&quot;grid&quot;,&quot;columns_tablet&quot;:2,&quot;columns_mobile&quot;:1,&quot;gap&quot;:{&quot;unit&quot;:&quot;px&quot;,&quot;size&quot;:10,&quot;sizes&quot;:[]},&quot;gap_tablet&quot;:{&quot;unit&quot;:&quot;px&quot;,&quot;size&quot;:10,&quot;sizes&quot;:[]},&quot;gap_mobile&quot;:{&quot;unit&quot;:&quot;px&quot;,&quot;size&quot;:10,&quot;sizes&quot;:[]},&quot;link_to&quot;:&quot;file&quot;,&quot;overlay_background&quot;:&quot;yes&quot;,&quot;content_hover_animation&quot;:&quot;fade-in&quot;}\" data-widget_type=\"gallery.default\">\n\t\t\t\t<div class=\"elementor-widget-container\">\n\t\t\t\t\t\t\t<div class=\"elementor-gallery__container\">\n\t\t\t\t\t\t\t<a class=\"e-gallery-item elementor-gallery-item elementor-animated-content\" href=\"https:\/\/nna-ccj.ca\/wp-content\/uploads\/2023\/03\/Skyba_Ukraine01-scaled.jpg\" data-elementor-open-lightbox=\"yes\" data-elementor-lightbox-slideshow=\"dd57190\" data-elementor-lightbox-title=\"Skyba_Ukraine01\" data-e-action-hash=\"#elementor-action%3Aaction%3Dlightbox%26settings%3DeyJpZCI6NzE3OSwidXJsIjoiaHR0cHM6XC9cL25uYS1jY2ouY2FcL3dwLWNvbnRlbnRcL3VwbG9hZHNcLzIwMjNcLzAzXC9Ta3liYV9Va3JhaW5lMDEtc2NhbGVkLmpwZyIsInNsaWRlc2hvdyI6ImRkNTcxOTAifQ%3D%3D\">\n\t\t\t\t\t<div class=\"e-gallery-image elementor-gallery-item__image\" data-thumbnail=\"https:\/\/nna-ccj.ca\/wp-content\/uploads\/2023\/03\/Skyba_Ukraine01-150x150.jpg\" data-width=\"150\" data-height=\"150\" aria-label=\"\" role=\"img\" ><\/div>\n\t\t\t\t\t\t\t\t\t\t\t<div class=\"elementor-gallery-item__overlay\"><\/div>\n\t\t\t\t\t\t\t\t\t\t\t\t\t\t<\/a>\n\t\t\t\t\t<\/div>\n\t\t\t\t\t<\/div>\n\t\t\t\t<\/div>\n\t\t\t\t\t<\/div>\n\t\t<\/div>\n\t\t\t\t\t<\/div>\n\t\t<\/section>\n\t\t\t\t<section class=\"elementor-section elementor-top-section elementor-element elementor-element-d00813a elementor-section-boxed elementor-section-height-default elementor-section-height-default\" data-id=\"d00813a\" data-element_type=\"section\" data-e-type=\"section\">\n\t\t\t\t\t\t<div class=\"elementor-container elementor-column-gap-default\">\n\t\t\t\t\t<div class=\"elementor-column elementor-col-33 elementor-top-column elementor-element elementor-element-ebdc070\" data-id=\"ebdc070\" data-element_type=\"column\" data-e-type=\"column\">\n\t\t\t<div class=\"elementor-widget-wrap elementor-element-populated\">\n\t\t\t\t\t\t<div class=\"elementor-element elementor-element-93b801e elementor-widget elementor-widget-heading\" data-id=\"93b801e\" data-element_type=\"widget\" data-e-type=\"widget\" data-widget_type=\"heading.default\">\n\t\t\t\t<div class=\"elementor-widget-container\">\n\t\t\t\t\t<h2 class=\"elementor-heading-title elementor-size-default\">\u00c9conomie<\/h2>\t\t\t\t<\/div>\n\t\t\t\t<\/div>\n\t\t\t\t\t<\/div>\n\t\t<\/div>\n\t\t\t\t<div class=\"elementor-column elementor-col-66 elementor-top-column elementor-element elementor-element-aba4d23\" data-id=\"aba4d23\" data-element_type=\"column\" data-e-type=\"column\">\n\t\t\t<div class=\"elementor-widget-wrap elementor-element-populated\">\n\t\t\t\t\t\t<div class=\"elementor-element elementor-element-7560a0e elementor-widget elementor-widget-text-editor\" data-id=\"7560a0e\" data-element_type=\"widget\" data-e-type=\"widget\" data-widget_type=\"text-editor.default\">\n\t\t\t\t<div class=\"elementor-widget-container\">\n\t\t\t\t\t\t\t\t\t<p><span style=\"font-weight: 400;\"><strong><span style=\"color: #d30000; font-size: 14pt;\">LAUR\u00c9AT: <\/span>Niall McGee<\/strong>, Globe and Mail, <\/span><span style=\"font-weight: 400;\">pour un reportage exclusif sur la vuln\u00e9rabilit\u00e9 du Canada en mati\u00e8re de min\u00e9raux face \u00e0 une Chine de plus en plus puissante.<\/span><\/p><ul><li class=\"c-primary-title hl-3 hl-3-md font-pratt-bold c-primary-title-news\"><a href=\"https:\/\/www.theglobeandmail.com\/business\/industry-news\/energy-and-resources\/article-ottawa-seeking-public-input-on-critical-minerals-strategy-amid-urgent\/\" target=\"_blank\" rel=\"noopener\">Canada set to ramp up protectionism against China in critical minerals amid domination by Asian superpower in key metals for clean energy transition<\/a><\/li><li class=\"c-primary-title hl-3 hl-3-md font-pratt-bold c-primary-title-news\"><a href=\"https:\/\/www.theglobeandmail.com\/business\/article-chinese-business-buying-canadian-critical-mineral-mines\/\">China has encroached on Canada\u2019s critical minerals industry, with almost no obstruction from Ottawa<\/a><\/li><li class=\"c-primary-title hl-3 hl-3-md font-pratt-bold c-primary-title-news\"><a href=\"https:\/\/www.theglobeandmail.com\/business\/article-canada-is-playing-catch-up-in-global-frenzy-for-lithium-as-chinas-grip\/\">Canada is playing catch-up in global frenzy for lithium, as China\u2019s grip on critical clean energy mineral tightens<\/a><\/li><\/ul>\t\t\t\t\t\t\t\t<\/div>\n\t\t\t\t<\/div>\n\t\t\t\t<div class=\"elementor-element elementor-element-a99df44 elementor-widget elementor-widget-text-editor\" data-id=\"a99df44\" data-element_type=\"widget\" data-e-type=\"widget\" data-widget_type=\"text-editor.default\">\n\t\t\t\t<div class=\"elementor-widget-container\">\n\t\t\t\t\t\t\t\t\t<p><span style=\"font-weight: 400;\"><strong>Greg McArthur et Andrew Willis, Globe and Mail<\/strong>, pour leur travail sur la nomination probl\u00e9matique (et \u00e9ph\u00e9m\u00e8re) de Heather Zordel \u00e0 la pr\u00e9sidence de la Commission des valeurs mobili\u00e8res de l&rsquo;Ontario.<\/span><\/p><ul><li class=\"c-primary-title hl-3 hl-3-md font-pratt-bold c-primary-title-news\"><a href=\"https:\/\/www.theglobeandmail.com\/business\/article-heather-zordel-appointment-as-osc-chair-prompts-protest-resignations\/\" target=\"_blank\" rel=\"noopener\">Ford government\u2019s appointment of Heather Zordel as OSC chair prompts resignations<\/a><\/li><li class=\"c-primary-title hl-3 hl-3-md font-pratt-bold c-primary-title-news\"><a href=\"https:\/\/www.theglobeandmail.com\/business\/article-oscs-new-board-chair-was-highest-paid-part-time-commissioner-last-year\/\">OSC\u2019s new board chair was highest paid part-time commissioner last year<\/a><\/li><li class=\"c-primary-title hl-3 hl-3-md font-pratt-bold c-primary-title-news\"><a href=\"https:\/\/www.theglobeandmail.com\/business\/article-osc-chair-heather-zordel-resigns-just-seven-months-into-her-posting\/\">OSC chair Heather Zordel resigns just seven months into her posting<\/a><\/li><\/ul>\t\t\t\t\t\t\t\t<\/div>\n\t\t\t\t<\/div>\n\t\t\t\t<div class=\"elementor-element elementor-element-c0ea0b4 elementor-widget elementor-widget-text-editor\" data-id=\"c0ea0b4\" data-element_type=\"widget\" data-e-type=\"widget\" data-widget_type=\"text-editor.default\">\n\t\t\t\t<div class=\"elementor-widget-container\">\n\t\t\t\t\t\t\t\t\t<p><span style=\"font-weight: 400;\"><strong>Marco Chown Oved, Toronto Star<\/strong>, <\/span><span style=\"font-weight: 400;\">pour avoir d\u00e9nonc\u00e9 le co\u00fbt cach\u00e9 de la hausse des prix des aliments dans les supermarch\u00e9s : la cupidit\u00e9 des entreprises.<\/span><\/p><ul><li class=\"c-article-headline__heading c-article-headline__heading--long\"><a href=\"https:\/\/www.thestar.com\/business\/2022\/07\/09\/supermarkets-are-hiking-prices-faster-than-necessary-and-profiting-from-inflation-star-investigation-suggests.html\" target=\"_blank\" rel=\"noopener\">Supermarkets are hiking prices faster than necessary \u2014 and profiting from inflation, Star investigation suggests<\/a><\/li><\/ul>\t\t\t\t\t\t\t\t<\/div>\n\t\t\t\t<\/div>\n\t\t\t\t\t<\/div>\n\t\t<\/div>\n\t\t\t\t\t<\/div>\n\t\t<\/section>\n\t\t\t\t<section class=\"elementor-section elementor-top-section elementor-element elementor-element-eb90f6f elementor-section-boxed elementor-section-height-default elementor-section-height-default\" data-id=\"eb90f6f\" data-element_type=\"section\" data-e-type=\"section\">\n\t\t\t\t\t\t<div class=\"elementor-container elementor-column-gap-default\">\n\t\t\t\t\t<div class=\"elementor-column elementor-col-33 elementor-top-column elementor-element elementor-element-15d3ff0\" data-id=\"15d3ff0\" data-element_type=\"column\" data-e-type=\"column\">\n\t\t\t<div class=\"elementor-widget-wrap elementor-element-populated\">\n\t\t\t\t\t\t<div class=\"elementor-element elementor-element-b453809 elementor-widget elementor-widget-heading\" data-id=\"b453809\" data-element_type=\"widget\" data-e-type=\"widget\" data-widget_type=\"heading.default\">\n\t\t\t\t<div class=\"elementor-widget-container\">\n\t\t\t\t\t<h2 class=\"elementor-heading-title elementor-size-default\">Prix Mary Ann Shadd Cary pour la chronique<\/h2>\t\t\t\t<\/div>\n\t\t\t\t<\/div>\n\t\t\t\t<div class=\"elementor-element elementor-element-2943191 elementor-widget elementor-widget-image\" data-id=\"2943191\" data-element_type=\"widget\" data-e-type=\"widget\" data-widget_type=\"image.default\">\n\t\t\t\t<div class=\"elementor-widget-container\">\n\t\t\t\t\t\t\t\t\t\t\t\t\t\t\t<img decoding=\"async\" src=\"https:\/\/nna-ccj.ca\/wp-content\/uploads\/elementor\/thumbs\/Mary-Ann-Shadd-Cary-qieqy58y2dqjcojqsqibn3k479oxe6tf6nupfcg2xc.jpg\" title=\"Mary Ann Shadd Cary\" alt=\"Mary Ann Shadd Cary\" loading=\"lazy\" \/>\t\t\t\t\t\t\t\t\t\t\t\t\t\t\t<\/div>\n\t\t\t\t<\/div>\n\t\t\t\t\t<\/div>\n\t\t<\/div>\n\t\t\t\t<div class=\"elementor-column elementor-col-66 elementor-top-column elementor-element elementor-element-6ab935e\" data-id=\"6ab935e\" data-element_type=\"column\" data-e-type=\"column\">\n\t\t\t<div class=\"elementor-widget-wrap elementor-element-populated\">\n\t\t\t\t\t\t<div class=\"elementor-element elementor-element-fb90397 elementor-widget elementor-widget-text-editor\" data-id=\"fb90397\" data-element_type=\"widget\" data-e-type=\"widget\" data-widget_type=\"text-editor.default\">\n\t\t\t\t<div class=\"elementor-widget-container\">\n\t\t\t\t\t\t\t\t\t<p><span style=\"font-weight: 400;\"><strong><span style=\"color: #d30000; font-size: 14pt;\">LAUR\u00c9ATE: <\/span>Isabelle Hachey, La Presse<\/strong>, <\/span><span style=\"font-weight: 400;\">pour des chroniques sur la guerre en Ukraine, la l\u00e9gislation qu\u00e9b\u00e9coise qui peut donner aux violeurs des droits parentaux sur les enfants n\u00e9s de leur crime, et le mari d&rsquo;une autochtone d\u00e9c\u00e9d\u00e9e \u00e0 l&rsquo;h\u00f4pital sous les insultes racistes de membres du personnel soignant.<\/span><\/p><ul><li class=\"headlines titleModule hasFeaturedAuthor\"><a href=\"https:\/\/www.lapresse.ca\/international\/chroniques\/2022-03-22\/la-presse-en-ukraine\/la-nouvelle-normalite-de-volodymyr.php\"><span class=\"title titleModule__main\">La nouvelle normalit\u00e9 de Volodymyr<\/span><\/a><\/li><li class=\"headlines titleModule hasFeaturedAuthor\"><a href=\"https:\/\/www.lapresse.ca\/actualites\/chroniques\/2022-08-15\/l-enfant-du-viol-la-verite-et-la-justice.php\" target=\"_blank\" rel=\"noopener\"><span class=\"title titleModule__main\">L\u2019enfant du viol, la v\u00e9rit\u00e9 et la justice<\/span><\/a><\/li><li class=\"headlines titleModule hasFeaturedAuthor\"><a href=\"https:\/\/www.lapresse.ca\/actualites\/chroniques\/2022-09-20\/il-a-profite-de-mon-silence.php\"><span class=\"title titleModule__main\">\u00ab\u00a0Il a profit\u00e9 de mon silence\u00a0\u00bb<\/span><\/a><\/li><\/ul>\t\t\t\t\t\t\t\t<\/div>\n\t\t\t\t<\/div>\n\t\t\t\t<div class=\"elementor-element elementor-element-086888e elementor-widget elementor-widget-text-editor\" data-id=\"086888e\" data-element_type=\"widget\" data-e-type=\"widget\" data-widget_type=\"text-editor.default\">\n\t\t\t\t<div class=\"elementor-widget-container\">\n\t\t\t\t\t\t\t\t\t<p><span style=\"font-weight: 400;\"><strong>Melissa Martin, Winnipeg Free Press<\/strong>, <\/span><span style=\"font-weight: 400;\">pour des chroniques portant sur des questions internationales (le sort des r\u00e9fugi\u00e9s ukrainiens), locales (les probl\u00e8mes d&rsquo;accessibilit\u00e9 \u00e0 Winnipeg) et personnelles (l&rsquo;attrait de la d\u00e9sinformation m\u00e9dicale face \u00e0 la mort d&rsquo;un \u00eatre cher).<\/span><\/p><ul><li><a href=\"https:\/\/www.winnipegfreepress.com\/breakingnews\/2022\/04\/22\/heart-complications\">\u2018Heart\u2019 complications<\/a><\/li><li><a href=\"https:\/\/www.winnipegfreepress.com\/featured\/2022\/01\/07\/troubling-truth-terrible-trauma\">Troubling truth, terrible trauma<\/a><\/li><li><a href=\"https:\/\/www.winnipegfreepress.com\/opinion\/columnists\/2022\/12\/01\/urban-outcasts\">Urban outcasts<\/a><\/li><\/ul>\t\t\t\t\t\t\t\t<\/div>\n\t\t\t\t<\/div>\n\t\t\t\t<div class=\"elementor-element elementor-element-55f25f1 elementor-widget elementor-widget-text-editor\" data-id=\"55f25f1\" data-element_type=\"widget\" data-e-type=\"widget\" data-widget_type=\"text-editor.default\">\n\t\t\t\t<div class=\"elementor-widget-container\">\n\t\t\t\t\t\t\t\t\t<p><strong><span style=\"font-weight: 400;\"><strong>Laura-Julie Perreault, La Presse<\/strong>, <\/span><\/strong><span style=\"font-weight: 400;\">pour avoir \u00e9crit sur la guerre en Ukraine d\u2019un point de vue russe, la Russie dont elle est tomb\u00e9e amoureuse dans son enfance, le danger que repr\u00e9sente Vladimir Poutine et les Russes qui ont trouv\u00e9 refuge en Turquie.<\/span><\/p><ul><li class=\"headlines titleModule hasFeaturedAuthor\"><a href=\"https:\/\/www.lapresse.ca\/international\/chroniques\/2022-02-24\/ma-russie.php\"><span class=\"title titleModule__main\">Ma Russie<\/span><\/a><\/li><li><a href=\"https:\/\/plus.lapresse.ca\/screens\/45df565c-5bee-4103-a123-def7287ba255%7C_0.html\">Embrasser Poutine<\/a><\/li><li class=\"headlines titleModule hasFeaturedAuthor\"><a href=\"https:\/\/www.lapresse.ca\/international\/chroniques\/2022-10-15\/une-limonade-au-gout-d-exil.php\"><span class=\"title titleModule__main\">Une limonade au go\u00fbt d\u2019exil<\/span><\/a><\/li><\/ul>\t\t\t\t\t\t\t\t<\/div>\n\t\t\t\t<\/div>\n\t\t\t\t\t<\/div>\n\t\t<\/div>\n\t\t\t\t\t<\/div>\n\t\t<\/section>\n\t\t\t\t<section class=\"elementor-section elementor-top-section elementor-element elementor-element-5a65e37 elementor-section-boxed elementor-section-height-default elementor-section-height-default\" data-id=\"5a65e37\" data-element_type=\"section\" data-e-type=\"section\">\n\t\t\t\t\t\t<div class=\"elementor-container elementor-column-gap-default\">\n\t\t\t\t\t<div class=\"elementor-column elementor-col-33 elementor-top-column elementor-element elementor-element-a49c3a3\" data-id=\"a49c3a3\" data-element_type=\"column\" data-e-type=\"column\">\n\t\t\t<div class=\"elementor-widget-wrap elementor-element-populated\">\n\t\t\t\t\t\t<div class=\"elementor-element elementor-element-225d8fb elementor-widget elementor-widget-heading\" data-id=\"225d8fb\" data-element_type=\"widget\" data-e-type=\"widget\" data-widget_type=\"heading.default\">\n\t\t\t\t<div class=\"elementor-widget-container\">\n\t\t\t\t\t<h2 class=\"elementor-heading-title elementor-size-default\">Caricature <\/h2>\t\t\t\t<\/div>\n\t\t\t\t<\/div>\n\t\t\t\t\t<\/div>\n\t\t<\/div>\n\t\t\t\t<div class=\"elementor-column elementor-col-66 elementor-top-column elementor-element elementor-element-0c42fa6\" data-id=\"0c42fa6\" data-element_type=\"column\" data-e-type=\"column\">\n\t\t\t<div class=\"elementor-widget-wrap elementor-element-populated\">\n\t\t\t\t\t\t<div class=\"elementor-element elementor-element-3feaedd elementor-widget elementor-widget-text-editor\" data-id=\"3feaedd\" data-element_type=\"widget\" data-e-type=\"widget\" data-widget_type=\"text-editor.default\">\n\t\t\t\t<div class=\"elementor-widget-container\">\n\t\t\t\t\t\t\t\t\t<p><strong><span style=\"font-weight: 400;\"><span style=\"color: #d30000; font-size: 14pt;\"><strong>LAUR\u00c9AT<\/strong>: <\/span><\/span>Bruce MacKinnon, Halifax Chronicle Herald<\/strong><\/p>\t\t\t\t\t\t\t\t<\/div>\n\t\t\t\t<\/div>\n\t\t\t\t<div class=\"elementor-element elementor-element-070a3e1 elementor-widget elementor-widget-gallery\" data-id=\"070a3e1\" data-element_type=\"widget\" data-e-type=\"widget\" data-settings=\"{&quot;columns&quot;:5,&quot;aspect_ratio&quot;:&quot;4:3&quot;,&quot;lazyload&quot;:&quot;yes&quot;,&quot;gallery_layout&quot;:&quot;grid&quot;,&quot;columns_tablet&quot;:2,&quot;columns_mobile&quot;:1,&quot;gap&quot;:{&quot;unit&quot;:&quot;px&quot;,&quot;size&quot;:10,&quot;sizes&quot;:[]},&quot;gap_tablet&quot;:{&quot;unit&quot;:&quot;px&quot;,&quot;size&quot;:10,&quot;sizes&quot;:[]},&quot;gap_mobile&quot;:{&quot;unit&quot;:&quot;px&quot;,&quot;size&quot;:10,&quot;sizes&quot;:[]},&quot;link_to&quot;:&quot;file&quot;,&quot;overlay_background&quot;:&quot;yes&quot;,&quot;content_hover_animation&quot;:&quot;fade-in&quot;}\" data-widget_type=\"gallery.default\">\n\t\t\t\t<div class=\"elementor-widget-container\">\n\t\t\t\t\t\t\t<div class=\"elementor-gallery__container\">\n\t\t\t\t\t\t\t<a class=\"e-gallery-item elementor-gallery-item elementor-animated-content\" href=\"https:\/\/nna-ccj.ca\/wp-content\/uploads\/2023\/03\/Bruce-06-24-2022-RGB-1-scaled.jpg\" data-elementor-open-lightbox=\"yes\" data-elementor-lightbox-slideshow=\"070a3e1\" data-elementor-lightbox-title=\"Bruce 06 24 2022 RGB (1)\" data-e-action-hash=\"#elementor-action%3Aaction%3Dlightbox%26settings%3DeyJpZCI6NzA5NCwidXJsIjoiaHR0cHM6XC9cL25uYS1jY2ouY2FcL3dwLWNvbnRlbnRcL3VwbG9hZHNcLzIwMjNcLzAzXC9CcnVjZS0wNi0yNC0yMDIyLVJHQi0xLXNjYWxlZC5qcGciLCJzbGlkZXNob3ciOiIwNzBhM2UxIn0%3D\">\n\t\t\t\t\t<div class=\"e-gallery-image elementor-gallery-item__image\" data-thumbnail=\"https:\/\/nna-ccj.ca\/wp-content\/uploads\/2023\/03\/Bruce-06-24-2022-RGB-1-150x150.jpg\" data-width=\"150\" data-height=\"150\" aria-label=\"\" role=\"img\" ><\/div>\n\t\t\t\t\t\t\t\t\t\t\t<div class=\"elementor-gallery-item__overlay\"><\/div>\n\t\t\t\t\t\t\t\t\t\t\t\t\t\t<\/a>\n\t\t\t\t\t\t\t<a class=\"e-gallery-item elementor-gallery-item elementor-animated-content\" href=\"https:\/\/nna-ccj.ca\/wp-content\/uploads\/2023\/03\/Bruce-03-23-2022-RGB-1-scaled.jpg\" data-elementor-open-lightbox=\"yes\" data-elementor-lightbox-slideshow=\"070a3e1\" data-elementor-lightbox-title=\"Bruce 03 23 2022 RGB (1)\" data-e-action-hash=\"#elementor-action%3Aaction%3Dlightbox%26settings%3DeyJpZCI6NzA5NiwidXJsIjoiaHR0cHM6XC9cL25uYS1jY2ouY2FcL3dwLWNvbnRlbnRcL3VwbG9hZHNcLzIwMjNcLzAzXC9CcnVjZS0wMy0yMy0yMDIyLVJHQi0xLXNjYWxlZC5qcGciLCJzbGlkZXNob3ciOiIwNzBhM2UxIn0%3D\">\n\t\t\t\t\t<div class=\"e-gallery-image elementor-gallery-item__image\" data-thumbnail=\"https:\/\/nna-ccj.ca\/wp-content\/uploads\/2023\/03\/Bruce-03-23-2022-RGB-1-150x150.jpg\" data-width=\"150\" data-height=\"150\" aria-label=\"\" role=\"img\" ><\/div>\n\t\t\t\t\t\t\t\t\t\t\t<div class=\"elementor-gallery-item__overlay\"><\/div>\n\t\t\t\t\t\t\t\t\t\t\t\t\t\t<\/a>\n\t\t\t\t\t\t\t<a class=\"e-gallery-item elementor-gallery-item elementor-animated-content\" href=\"https:\/\/nna-ccj.ca\/wp-content\/uploads\/2023\/03\/Bruce-11-05-2022-RGB-1-scaled.jpg\" data-elementor-open-lightbox=\"yes\" data-elementor-lightbox-slideshow=\"070a3e1\" data-elementor-lightbox-title=\"Bruce 11 05 2022 RGB (1)\" data-e-action-hash=\"#elementor-action%3Aaction%3Dlightbox%26settings%3DeyJpZCI6NzA5OCwidXJsIjoiaHR0cHM6XC9cL25uYS1jY2ouY2FcL3dwLWNvbnRlbnRcL3VwbG9hZHNcLzIwMjNcLzAzXC9CcnVjZS0xMS0wNS0yMDIyLVJHQi0xLXNjYWxlZC5qcGciLCJzbGlkZXNob3ciOiIwNzBhM2UxIn0%3D\">\n\t\t\t\t\t<div class=\"e-gallery-image elementor-gallery-item__image\" data-thumbnail=\"https:\/\/nna-ccj.ca\/wp-content\/uploads\/2023\/03\/Bruce-11-05-2022-RGB-1-150x150.jpg\" data-width=\"150\" data-height=\"150\" aria-label=\"\" role=\"img\" ><\/div>\n\t\t\t\t\t\t\t\t\t\t\t<div class=\"elementor-gallery-item__overlay\"><\/div>\n\t\t\t\t\t\t\t\t\t\t\t\t\t\t<\/a>\n\t\t\t\t\t\t\t<a class=\"e-gallery-item elementor-gallery-item elementor-animated-content\" href=\"https:\/\/nna-ccj.ca\/wp-content\/uploads\/2023\/03\/Bruce-03-16-2022-RGB-1-scaled.jpg\" data-elementor-open-lightbox=\"yes\" data-elementor-lightbox-slideshow=\"070a3e1\" data-elementor-lightbox-title=\"Bruce 03 16 2022 RGB (1)\" data-e-action-hash=\"#elementor-action%3Aaction%3Dlightbox%26settings%3DeyJpZCI6NzEwMCwidXJsIjoiaHR0cHM6XC9cL25uYS1jY2ouY2FcL3dwLWNvbnRlbnRcL3VwbG9hZHNcLzIwMjNcLzAzXC9CcnVjZS0wMy0xNi0yMDIyLVJHQi0xLXNjYWxlZC5qcGciLCJzbGlkZXNob3ciOiIwNzBhM2UxIn0%3D\">\n\t\t\t\t\t<div class=\"e-gallery-image elementor-gallery-item__image\" data-thumbnail=\"https:\/\/nna-ccj.ca\/wp-content\/uploads\/2023\/03\/Bruce-03-16-2022-RGB-1-150x150.jpg\" data-width=\"150\" data-height=\"150\" aria-label=\"\" role=\"img\" ><\/div>\n\t\t\t\t\t\t\t\t\t\t\t<div class=\"elementor-gallery-item__overlay\"><\/div>\n\t\t\t\t\t\t\t\t\t\t\t\t\t\t<\/a>\n\t\t\t\t\t\t\t<a class=\"e-gallery-item elementor-gallery-item elementor-animated-content\" href=\"https:\/\/nna-ccj.ca\/wp-content\/uploads\/2023\/03\/Bruce-09-09-2-2022-RGB-1-scaled.jpg\" data-elementor-open-lightbox=\"yes\" data-elementor-lightbox-slideshow=\"070a3e1\" data-e-action-hash=\"#elementor-action%3Aaction%3Dlightbox%26settings%3DeyJpZCI6NzEwMiwidXJsIjoiaHR0cHM6XC9cL25uYS1jY2ouY2FcL3dwLWNvbnRlbnRcL3VwbG9hZHNcLzIwMjNcLzAzXC9CcnVjZS0wOS0wOS0yLTIwMjItUkdCLTEtc2NhbGVkLmpwZyIsInNsaWRlc2hvdyI6IjA3MGEzZTEifQ%3D%3D\">\n\t\t\t\t\t<div class=\"e-gallery-image elementor-gallery-item__image\" data-thumbnail=\"https:\/\/nna-ccj.ca\/wp-content\/uploads\/2023\/03\/Bruce-09-09-2-2022-RGB-1-150x150.jpg\" data-width=\"150\" data-height=\"150\" aria-label=\"\" role=\"img\" ><\/div>\n\t\t\t\t\t\t\t\t\t\t\t<div class=\"elementor-gallery-item__overlay\"><\/div>\n\t\t\t\t\t\t\t\t\t\t\t\t\t\t<\/a>\n\t\t\t\t\t<\/div>\n\t\t\t\t\t<\/div>\n\t\t\t\t<\/div>\n\t\t\t\t<div class=\"elementor-element elementor-element-18ef048 elementor-widget elementor-widget-text-editor\" data-id=\"18ef048\" data-element_type=\"widget\" data-e-type=\"widget\" data-widget_type=\"text-editor.default\">\n\t\t\t\t<div class=\"elementor-widget-container\">\n\t\t\t\t\t\t\t\t\t<p><strong>Michael de Adder, Halifax Chronicle Herald\/Toronto <\/strong><\/p>\t\t\t\t\t\t\t\t<\/div>\n\t\t\t\t<\/div>\n\t\t\t\t<div class=\"elementor-element elementor-element-5cb2c00 elementor-widget elementor-widget-gallery\" data-id=\"5cb2c00\" data-element_type=\"widget\" data-e-type=\"widget\" data-settings=\"{&quot;columns&quot;:5,&quot;aspect_ratio&quot;:&quot;4:3&quot;,&quot;lazyload&quot;:&quot;yes&quot;,&quot;gallery_layout&quot;:&quot;grid&quot;,&quot;columns_tablet&quot;:2,&quot;columns_mobile&quot;:1,&quot;gap&quot;:{&quot;unit&quot;:&quot;px&quot;,&quot;size&quot;:10,&quot;sizes&quot;:[]},&quot;gap_tablet&quot;:{&quot;unit&quot;:&quot;px&quot;,&quot;size&quot;:10,&quot;sizes&quot;:[]},&quot;gap_mobile&quot;:{&quot;unit&quot;:&quot;px&quot;,&quot;size&quot;:10,&quot;sizes&quot;:[]},&quot;link_to&quot;:&quot;file&quot;,&quot;overlay_background&quot;:&quot;yes&quot;,&quot;content_hover_animation&quot;:&quot;fade-in&quot;}\" data-widget_type=\"gallery.default\">\n\t\t\t\t<div class=\"elementor-widget-container\">\n\t\t\t\t\t\t\t<div class=\"elementor-gallery__container\">\n\t\t\t\t\t\t\t<a class=\"e-gallery-item elementor-gallery-item elementor-animated-content\" href=\"https:\/\/nna-ccj.ca\/wp-content\/uploads\/2023\/03\/Jan.29.2022-scaled.jpg\" data-elementor-open-lightbox=\"yes\" data-elementor-lightbox-slideshow=\"5cb2c00\" data-elementor-lightbox-title=\"Jan.29.2022\" data-e-action-hash=\"#elementor-action%3Aaction%3Dlightbox%26settings%3DeyJpZCI6NzExNCwidXJsIjoiaHR0cHM6XC9cL25uYS1jY2ouY2FcL3dwLWNvbnRlbnRcL3VwbG9hZHNcLzIwMjNcLzAzXC9KYW4uMjkuMjAyMi1zY2FsZWQuanBnIiwic2xpZGVzaG93IjoiNWNiMmMwMCJ9\">\n\t\t\t\t\t<div class=\"e-gallery-image elementor-gallery-item__image\" data-thumbnail=\"https:\/\/nna-ccj.ca\/wp-content\/uploads\/2023\/03\/Jan.29.2022-150x150.jpg\" data-width=\"150\" data-height=\"150\" aria-label=\"\" role=\"img\" ><\/div>\n\t\t\t\t\t\t\t\t\t\t\t<div class=\"elementor-gallery-item__overlay\"><\/div>\n\t\t\t\t\t\t\t\t\t\t\t\t\t\t<\/a>\n\t\t\t\t\t\t\t<a class=\"e-gallery-item elementor-gallery-item elementor-animated-content\" href=\"https:\/\/nna-ccj.ca\/wp-content\/uploads\/2023\/03\/Nov.22.2022-scaled.jpg\" data-elementor-open-lightbox=\"yes\" data-elementor-lightbox-slideshow=\"5cb2c00\" data-elementor-lightbox-title=\"Nov.22.2022\" data-e-action-hash=\"#elementor-action%3Aaction%3Dlightbox%26settings%3DeyJpZCI6NzExNiwidXJsIjoiaHR0cHM6XC9cL25uYS1jY2ouY2FcL3dwLWNvbnRlbnRcL3VwbG9hZHNcLzIwMjNcLzAzXC9Ob3YuMjIuMjAyMi1zY2FsZWQuanBnIiwic2xpZGVzaG93IjoiNWNiMmMwMCJ9\">\n\t\t\t\t\t<div class=\"e-gallery-image elementor-gallery-item__image\" data-thumbnail=\"https:\/\/nna-ccj.ca\/wp-content\/uploads\/2023\/03\/Nov.22.2022-150x150.jpg\" data-width=\"150\" data-height=\"150\" aria-label=\"\" role=\"img\" ><\/div>\n\t\t\t\t\t\t\t\t\t\t\t<div class=\"elementor-gallery-item__overlay\"><\/div>\n\t\t\t\t\t\t\t\t\t\t\t\t\t\t<\/a>\n\t\t\t\t\t\t\t<a class=\"e-gallery-item elementor-gallery-item elementor-animated-content\" href=\"https:\/\/nna-ccj.ca\/wp-content\/uploads\/2023\/03\/Apr.4.2022-scaled.jpg\" data-elementor-open-lightbox=\"yes\" data-elementor-lightbox-slideshow=\"5cb2c00\" data-elementor-lightbox-title=\"Apr.4.2022\" data-e-action-hash=\"#elementor-action%3Aaction%3Dlightbox%26settings%3DeyJpZCI6NzExOCwidXJsIjoiaHR0cHM6XC9cL25uYS1jY2ouY2FcL3dwLWNvbnRlbnRcL3VwbG9hZHNcLzIwMjNcLzAzXC9BcHIuNC4yMDIyLXNjYWxlZC5qcGciLCJzbGlkZXNob3ciOiI1Y2IyYzAwIn0%3D\">\n\t\t\t\t\t<div class=\"e-gallery-image elementor-gallery-item__image\" data-thumbnail=\"https:\/\/nna-ccj.ca\/wp-content\/uploads\/2023\/03\/Apr.4.2022-150x150.jpg\" data-width=\"150\" data-height=\"150\" aria-label=\"\" role=\"img\" ><\/div>\n\t\t\t\t\t\t\t\t\t\t\t<div class=\"elementor-gallery-item__overlay\"><\/div>\n\t\t\t\t\t\t\t\t\t\t\t\t\t\t<\/a>\n\t\t\t\t\t\t\t<a class=\"e-gallery-item elementor-gallery-item elementor-animated-content\" href=\"https:\/\/nna-ccj.ca\/wp-content\/uploads\/2023\/03\/Aug.26.2022-scaled.jpg\" data-elementor-open-lightbox=\"yes\" data-elementor-lightbox-slideshow=\"5cb2c00\" data-elementor-lightbox-title=\"Aug.26.2022\" data-e-action-hash=\"#elementor-action%3Aaction%3Dlightbox%26settings%3DeyJpZCI6NzEyMCwidXJsIjoiaHR0cHM6XC9cL25uYS1jY2ouY2FcL3dwLWNvbnRlbnRcL3VwbG9hZHNcLzIwMjNcLzAzXC9BdWcuMjYuMjAyMi1zY2FsZWQuanBnIiwic2xpZGVzaG93IjoiNWNiMmMwMCJ9\">\n\t\t\t\t\t<div class=\"e-gallery-image elementor-gallery-item__image\" data-thumbnail=\"https:\/\/nna-ccj.ca\/wp-content\/uploads\/2023\/03\/Aug.26.2022-150x150.jpg\" data-width=\"150\" data-height=\"150\" aria-label=\"\" role=\"img\" ><\/div>\n\t\t\t\t\t\t\t\t\t\t\t<div class=\"elementor-gallery-item__overlay\"><\/div>\n\t\t\t\t\t\t\t\t\t\t\t\t\t\t<\/a>\n\t\t\t\t\t\t\t<a class=\"e-gallery-item elementor-gallery-item elementor-animated-content\" href=\"https:\/\/nna-ccj.ca\/wp-content\/uploads\/2023\/03\/Jan1.15.2022-scaled.jpg\" data-elementor-open-lightbox=\"yes\" data-elementor-lightbox-slideshow=\"5cb2c00\" data-elementor-lightbox-title=\"Jan1.15.2022\" data-e-action-hash=\"#elementor-action%3Aaction%3Dlightbox%26settings%3DeyJpZCI6NzEyMiwidXJsIjoiaHR0cHM6XC9cL25uYS1jY2ouY2FcL3dwLWNvbnRlbnRcL3VwbG9hZHNcLzIwMjNcLzAzXC9KYW4xLjE1LjIwMjItc2NhbGVkLmpwZyIsInNsaWRlc2hvdyI6IjVjYjJjMDAifQ%3D%3D\">\n\t\t\t\t\t<div class=\"e-gallery-image elementor-gallery-item__image\" data-thumbnail=\"https:\/\/nna-ccj.ca\/wp-content\/uploads\/2023\/03\/Jan1.15.2022-150x150.jpg\" data-width=\"150\" data-height=\"150\" aria-label=\"\" role=\"img\" ><\/div>\n\t\t\t\t\t\t\t\t\t\t\t<div class=\"elementor-gallery-item__overlay\"><\/div>\n\t\t\t\t\t\t\t\t\t\t\t\t\t\t<\/a>\n\t\t\t\t\t<\/div>\n\t\t\t\t\t<\/div>\n\t\t\t\t<\/div>\n\t\t\t\t<div class=\"elementor-element elementor-element-7d1902e elementor-widget elementor-widget-text-editor\" data-id=\"7d1902e\" data-element_type=\"widget\" data-e-type=\"widget\" data-widget_type=\"text-editor.default\">\n\t\t\t\t<div class=\"elementor-widget-container\">\n\t\t\t\t\t\t\t\t\t<p><strong>Serge Chapleau, La Presse\u00a0<\/strong><\/p>\t\t\t\t\t\t\t\t<\/div>\n\t\t\t\t<\/div>\n\t\t\t\t<div class=\"elementor-element elementor-element-216be9f elementor-widget elementor-widget-gallery\" data-id=\"216be9f\" data-element_type=\"widget\" data-e-type=\"widget\" data-settings=\"{&quot;columns&quot;:5,&quot;aspect_ratio&quot;:&quot;4:3&quot;,&quot;lazyload&quot;:&quot;yes&quot;,&quot;gallery_layout&quot;:&quot;grid&quot;,&quot;columns_tablet&quot;:2,&quot;columns_mobile&quot;:1,&quot;gap&quot;:{&quot;unit&quot;:&quot;px&quot;,&quot;size&quot;:10,&quot;sizes&quot;:[]},&quot;gap_tablet&quot;:{&quot;unit&quot;:&quot;px&quot;,&quot;size&quot;:10,&quot;sizes&quot;:[]},&quot;gap_mobile&quot;:{&quot;unit&quot;:&quot;px&quot;,&quot;size&quot;:10,&quot;sizes&quot;:[]},&quot;link_to&quot;:&quot;file&quot;,&quot;overlay_background&quot;:&quot;yes&quot;,&quot;content_hover_animation&quot;:&quot;fade-in&quot;}\" data-widget_type=\"gallery.default\">\n\t\t\t\t<div class=\"elementor-widget-container\">\n\t\t\t\t\t\t\t<div class=\"elementor-gallery__container\">\n\t\t\t\t\t\t\t<a class=\"e-gallery-item elementor-gallery-item elementor-animated-content\" href=\"https:\/\/nna-ccj.ca\/wp-content\/uploads\/2023\/03\/CAR-22-2-22-scaled.jpg\" data-elementor-open-lightbox=\"yes\" data-elementor-lightbox-slideshow=\"216be9f\" data-elementor-lightbox-title=\"CAR-22-2-22\" data-e-action-hash=\"#elementor-action%3Aaction%3Dlightbox%26settings%3DeyJpZCI6NzEwNCwidXJsIjoiaHR0cHM6XC9cL25uYS1jY2ouY2FcL3dwLWNvbnRlbnRcL3VwbG9hZHNcLzIwMjNcLzAzXC9DQVItMjItMi0yMi1zY2FsZWQuanBnIiwic2xpZGVzaG93IjoiMjE2YmU5ZiJ9\">\n\t\t\t\t\t<div class=\"e-gallery-image elementor-gallery-item__image\" data-thumbnail=\"https:\/\/nna-ccj.ca\/wp-content\/uploads\/2023\/03\/CAR-22-2-22-150x150.jpg\" data-width=\"150\" data-height=\"150\" aria-label=\"\" role=\"img\" ><\/div>\n\t\t\t\t\t\t\t\t\t\t\t<div class=\"elementor-gallery-item__overlay\"><\/div>\n\t\t\t\t\t\t\t\t\t\t\t\t\t\t<\/a>\n\t\t\t\t\t\t\t<a class=\"e-gallery-item elementor-gallery-item elementor-animated-content\" href=\"https:\/\/nna-ccj.ca\/wp-content\/uploads\/2023\/03\/CAR-22-11-5-scaled.jpg\" data-elementor-open-lightbox=\"yes\" data-elementor-lightbox-slideshow=\"216be9f\" data-elementor-lightbox-title=\"CAR-22-11-5\" data-e-action-hash=\"#elementor-action%3Aaction%3Dlightbox%26settings%3DeyJpZCI6NzEwNiwidXJsIjoiaHR0cHM6XC9cL25uYS1jY2ouY2FcL3dwLWNvbnRlbnRcL3VwbG9hZHNcLzIwMjNcLzAzXC9DQVItMjItMTEtNS1zY2FsZWQuanBnIiwic2xpZGVzaG93IjoiMjE2YmU5ZiJ9\">\n\t\t\t\t\t<div class=\"e-gallery-image elementor-gallery-item__image\" data-thumbnail=\"https:\/\/nna-ccj.ca\/wp-content\/uploads\/2023\/03\/CAR-22-11-5-150x150.jpg\" data-width=\"150\" data-height=\"150\" aria-label=\"\" role=\"img\" ><\/div>\n\t\t\t\t\t\t\t\t\t\t\t<div class=\"elementor-gallery-item__overlay\"><\/div>\n\t\t\t\t\t\t\t\t\t\t\t\t\t\t<\/a>\n\t\t\t\t\t\t\t<a class=\"e-gallery-item elementor-gallery-item elementor-animated-content\" href=\"https:\/\/nna-ccj.ca\/wp-content\/uploads\/2023\/03\/CAR-22-11-26-scaled.jpg\" data-elementor-open-lightbox=\"yes\" data-elementor-lightbox-slideshow=\"216be9f\" data-elementor-lightbox-title=\"CAR-22-11-26\" data-e-action-hash=\"#elementor-action%3Aaction%3Dlightbox%26settings%3DeyJpZCI6NzEwOCwidXJsIjoiaHR0cHM6XC9cL25uYS1jY2ouY2FcL3dwLWNvbnRlbnRcL3VwbG9hZHNcLzIwMjNcLzAzXC9DQVItMjItMTEtMjYtc2NhbGVkLmpwZyIsInNsaWRlc2hvdyI6IjIxNmJlOWYifQ%3D%3D\">\n\t\t\t\t\t<div class=\"e-gallery-image elementor-gallery-item__image\" data-thumbnail=\"https:\/\/nna-ccj.ca\/wp-content\/uploads\/2023\/03\/CAR-22-11-26-150x150.jpg\" data-width=\"150\" data-height=\"150\" aria-label=\"\" role=\"img\" ><\/div>\n\t\t\t\t\t\t\t\t\t\t\t<div class=\"elementor-gallery-item__overlay\"><\/div>\n\t\t\t\t\t\t\t\t\t\t\t\t\t\t<\/a>\n\t\t\t\t\t\t\t<a class=\"e-gallery-item elementor-gallery-item elementor-animated-content\" href=\"https:\/\/nna-ccj.ca\/wp-content\/uploads\/2023\/03\/CAR-22-6-28-scaled.jpg\" data-elementor-open-lightbox=\"yes\" data-elementor-lightbox-slideshow=\"216be9f\" data-elementor-lightbox-title=\"CAR-22-6-28\" data-e-action-hash=\"#elementor-action%3Aaction%3Dlightbox%26settings%3DeyJpZCI6NzExMCwidXJsIjoiaHR0cHM6XC9cL25uYS1jY2ouY2FcL3dwLWNvbnRlbnRcL3VwbG9hZHNcLzIwMjNcLzAzXC9DQVItMjItNi0yOC1zY2FsZWQuanBnIiwic2xpZGVzaG93IjoiMjE2YmU5ZiJ9\">\n\t\t\t\t\t<div class=\"e-gallery-image elementor-gallery-item__image\" data-thumbnail=\"https:\/\/nna-ccj.ca\/wp-content\/uploads\/2023\/03\/CAR-22-6-28-150x150.jpg\" data-width=\"150\" data-height=\"150\" aria-label=\"\" role=\"img\" ><\/div>\n\t\t\t\t\t\t\t\t\t\t\t<div class=\"elementor-gallery-item__overlay\"><\/div>\n\t\t\t\t\t\t\t\t\t\t\t\t\t\t<\/a>\n\t\t\t\t\t\t\t<a class=\"e-gallery-item elementor-gallery-item elementor-animated-content\" href=\"https:\/\/nna-ccj.ca\/wp-content\/uploads\/2023\/03\/CAR-22-10-8-scaled.jpg\" data-elementor-open-lightbox=\"yes\" data-elementor-lightbox-slideshow=\"216be9f\" data-elementor-lightbox-title=\"CAR-22-10-8\" data-e-action-hash=\"#elementor-action%3Aaction%3Dlightbox%26settings%3DeyJpZCI6NzExMiwidXJsIjoiaHR0cHM6XC9cL25uYS1jY2ouY2FcL3dwLWNvbnRlbnRcL3VwbG9hZHNcLzIwMjNcLzAzXC9DQVItMjItMTAtOC1zY2FsZWQuanBnIiwic2xpZGVzaG93IjoiMjE2YmU5ZiJ9\">\n\t\t\t\t\t<div class=\"e-gallery-image elementor-gallery-item__image\" data-thumbnail=\"https:\/\/nna-ccj.ca\/wp-content\/uploads\/2023\/03\/CAR-22-10-8-150x150.jpg\" data-width=\"150\" data-height=\"150\" aria-label=\"\" role=\"img\" ><\/div>\n\t\t\t\t\t\t\t\t\t\t\t<div class=\"elementor-gallery-item__overlay\"><\/div>\n\t\t\t\t\t\t\t\t\t\t\t\t\t\t<\/a>\n\t\t\t\t\t<\/div>\n\t\t\t\t\t<\/div>\n\t\t\t\t<\/div>\n\t\t\t\t\t<\/div>\n\t\t<\/div>\n\t\t\t\t\t<\/div>\n\t\t<\/section>\n\t\t\t\t<section class=\"elementor-section elementor-top-section elementor-element elementor-element-fe95eb4 elementor-section-boxed elementor-section-height-default elementor-section-height-default\" data-id=\"fe95eb4\" data-element_type=\"section\" data-e-type=\"section\">\n\t\t\t\t\t\t<div class=\"elementor-container elementor-column-gap-default\">\n\t\t\t\t\t<div class=\"elementor-column elementor-col-33 elementor-top-column elementor-element elementor-element-c60e190\" data-id=\"c60e190\" data-element_type=\"column\" data-e-type=\"column\">\n\t\t\t<div class=\"elementor-widget-wrap elementor-element-populated\">\n\t\t\t\t\t\t<div class=\"elementor-element elementor-element-e903e3a elementor-widget elementor-widget-heading\" data-id=\"e903e3a\" data-element_type=\"widget\" data-e-type=\"widget\" data-widget_type=\"heading.default\">\n\t\t\t\t<div class=\"elementor-widget-container\">\n\t\t\t\t\t<h2 class=\"elementor-heading-title elementor-size-default\">Prix Claude Ryan pour l\u2019\u00e9ditorial<\/h2>\t\t\t\t<\/div>\n\t\t\t\t<\/div>\n\t\t\t\t<div class=\"elementor-element elementor-element-b874912 elementor-widget elementor-widget-image\" data-id=\"b874912\" data-element_type=\"widget\" data-e-type=\"widget\" data-widget_type=\"image.default\">\n\t\t\t\t<div class=\"elementor-widget-container\">\n\t\t\t\t\t\t\t\t\t\t\t\t\t\t\t<img decoding=\"async\" src=\"https:\/\/nna-ccj.ca\/wp-content\/uploads\/elementor\/thumbs\/Claude-Ryan-qieqxt11lj9t5r1hs3868on4h9d5m4gwszde6qy768.jpg\" title=\"CLAUDE RYAN\" alt=\"Claude Ryan, Le Devoir, 1972 file photo. (CP PHOTO)\" loading=\"lazy\" \/>\t\t\t\t\t\t\t\t\t\t\t\t\t\t\t<\/div>\n\t\t\t\t<\/div>\n\t\t\t\t\t<\/div>\n\t\t<\/div>\n\t\t\t\t<div class=\"elementor-column elementor-col-66 elementor-top-column elementor-element elementor-element-92313f8\" data-id=\"92313f8\" data-element_type=\"column\" data-e-type=\"column\">\n\t\t\t<div class=\"elementor-widget-wrap elementor-element-populated\">\n\t\t\t\t\t\t<div class=\"elementor-element elementor-element-12502e7 elementor-widget elementor-widget-text-editor\" data-id=\"12502e7\" data-element_type=\"widget\" data-e-type=\"widget\" data-widget_type=\"text-editor.default\">\n\t\t\t\t<div class=\"elementor-widget-container\">\n\t\t\t\t\t\t\t\t\t<p><span style=\"font-weight: 400;\"><strong><span style=\"color: #d30000; font-size: 14pt;\">LAUR\u00c9ATE: <\/span>St\u00e9phanie Grammond, La Presse<\/strong>, <\/span><span style=\"font-weight: 400;\">pour ses \u00e9ditoriaux sur la guerre en Ukraine, la conception propos\u00e9e d&rsquo;un r\u00e9seau de m\u00e9tro l\u00e9ger automatis\u00e9 \u00e0 Montr\u00e9al et la protection de la langue fran\u00e7aise.<\/span><\/p><ul><li class=\"headlines titleModule hasFeaturedAuthor\"><a href=\"https:\/\/www.lapresse.ca\/debats\/editoriaux\/2022-03-05\/armons-nous-pour-la-paix.php\"><span class=\"title titleModule__main\">Armons-nous pour la paix<\/span><\/a><\/li><li class=\"headlines titleModule hasFeaturedAuthor\"><a href=\"https:\/\/www.lapresse.ca\/contexte\/editoriaux\/2022-03-13\/l-architecture-du-rem-vous-deplait-attendez-de-voir-sa-facture.php\"><span class=\"title titleModule__main\">L\u2019architecture du REM vous d\u00e9pla\u00eet\u00a0? Attendez de voir sa facture\u00a0!<\/span><\/a><\/li><li class=\"headlines titleModule hasFeaturedAuthor\"><a href=\"http:\/\/Est-ce qu\u2019on peut se parler ? En fran\u00e7ais, svp\" data-wplink-url-error=\"true\"><span class=\"title titleModule__main\">Est-ce qu\u2019on peut se\u00a0parler\u00a0? En fran\u00e7ais, svp<\/span><\/a><\/li><\/ul>\t\t\t\t\t\t\t\t<\/div>\n\t\t\t\t<\/div>\n\t\t\t\t<div class=\"elementor-element elementor-element-f53254e elementor-widget elementor-widget-text-editor\" data-id=\"f53254e\" data-element_type=\"widget\" data-e-type=\"widget\" data-widget_type=\"text-editor.default\">\n\t\t\t\t<div class=\"elementor-widget-container\">\n\t\t\t\t\t\t\t\t\t<p><span style=\"font-weight: 400;\"><strong>Peter McKnight, Toronto Star<\/strong>, <\/span><span style=\"font-weight: 400;\">pour des \u00e9ditoriaux sur l&rsquo;immigration et la d\u00e9tention, les m\u00e9faits des liens entre sant\u00e9 mentale et violence, et le 40e anniversaire de la Charte des droits.<\/span><\/p><ul><li class=\"c-article-headline__heading\"><a href=\"https:\/\/www.thestar.com\/opinion\/2022\/08\/02\/rethinking-immigration-detentions.html\">Rethinking immigration detentions<\/a><\/li><li class=\"c-article-headline__heading c-article-headline__heading--long\"><a href=\"https:\/\/www.thestar.com\/opinion\/editorials\/2022\/05\/30\/reflexively-linking-violence-with-mental-illness-hurts-victims-of-both.html\">Reflexively linking violence with mental illness hurts victims of both<\/a><\/li><li class=\"c-article-headline__heading c-article-headline__heading--long\"><a href=\"https:\/\/www.thestar.com\/opinion\/editorials\/2022\/04\/23\/after-four-decades-we-still-must-build-on-gains-made-by-charter-of-rights.html\" target=\"_blank\" rel=\"noopener\">After four decades, we still must build on gains made by Charter of Rights<\/a><\/li><\/ul>\t\t\t\t\t\t\t\t<\/div>\n\t\t\t\t<\/div>\n\t\t\t\t<div class=\"elementor-element elementor-element-8111d6c elementor-widget elementor-widget-text-editor\" data-id=\"8111d6c\" data-element_type=\"widget\" data-e-type=\"widget\" data-widget_type=\"text-editor.default\">\n\t\t\t\t<div class=\"elementor-widget-container\">\n\t\t\t\t\t\t\t\t\t<p><span style=\"font-weight: 400;\"><strong>Peter Scowen, Globe and Mail<\/strong>, pour des \u00e9ditoriaux sur la mont\u00e9e des \u00abpoliticiens peu s\u00e9rieux\u00bb, des premiers ministres qui privil\u00e9gient les politiques populistes au d\u00e9triment des valeurs canadiennes et de la d\u00e9mocratie lib\u00e9rale.<\/span><\/p><ul><li class=\"c-primary-title hl-3 hl-3-md font-pratt-bold c-primary-title-feature\"><a href=\"https:\/\/www.theglobeandmail.com\/opinion\/editorials\/article-the-rise-of-the-unserious-politician\/\" target=\"_blank\" rel=\"noopener\">The rise of the unserious politician<\/a><\/li><li class=\"c-primary-title hl-3 hl-3-md font-pratt-bold c-primary-title-feature\"><a href=\"https:\/\/www.theglobeandmail.com\/opinion\/editorials\/article-when-premiers-lose-sight-of-what-canada-stands-for-and-undermine-our\/\">When premiers lose sight of what Canada stands for and undermine our country<\/a><\/li><li class=\"c-primary-title hl-3 hl-3-md font-pratt-bold c-primary-title-feature\"><a href=\"https:\/\/www.theglobeandmail.com\/opinion\/editorials\/article-no-history-didnt-end-but-liberal-democracy-is-still-the-only-way\/\">No, history didn\u2019t end. But liberal democracy is still the only way forward<\/a><\/li><\/ul>\t\t\t\t\t\t\t\t<\/div>\n\t\t\t\t<\/div>\n\t\t\t\t\t<\/div>\n\t\t<\/div>\n\t\t\t\t\t<\/div>\n\t\t<\/section>\n\t\t\t\t<section class=\"elementor-section elementor-top-section elementor-element elementor-element-2fadc4f elementor-section-boxed elementor-section-height-default elementor-section-height-default\" data-id=\"2fadc4f\" data-element_type=\"section\" data-e-type=\"section\">\n\t\t\t\t\t\t<div class=\"elementor-container elementor-column-gap-default\">\n\t\t\t\t\t<div class=\"elementor-column elementor-col-33 elementor-top-column elementor-element elementor-element-cdc5a67\" data-id=\"cdc5a67\" data-element_type=\"column\" data-e-type=\"column\">\n\t\t\t<div class=\"elementor-widget-wrap elementor-element-populated\">\n\t\t\t\t\t\t<div class=\"elementor-element elementor-element-5471996 elementor-widget elementor-widget-heading\" data-id=\"5471996\" data-element_type=\"widget\" data-e-type=\"widget\" data-widget_type=\"heading.default\">\n\t\t\t\t<div class=\"elementor-widget-container\">\n\t\t\t\t\t<h2 class=\"elementor-heading-title elementor-size-default\">Texte explicatif<\/h2>\t\t\t\t<\/div>\n\t\t\t\t<\/div>\n\t\t\t\t\t<\/div>\n\t\t<\/div>\n\t\t\t\t<div class=\"elementor-column elementor-col-66 elementor-top-column elementor-element elementor-element-5268ee1\" data-id=\"5268ee1\" data-element_type=\"column\" data-e-type=\"column\">\n\t\t\t<div class=\"elementor-widget-wrap elementor-element-populated\">\n\t\t\t\t\t\t<div class=\"elementor-element elementor-element-6a354a6 elementor-widget elementor-widget-text-editor\" data-id=\"6a354a6\" data-element_type=\"widget\" data-e-type=\"widget\" data-widget_type=\"text-editor.default\">\n\t\t\t\t<div class=\"elementor-widget-container\">\n\t\t\t\t\t\t\t\t\t<p><strong><span style=\"font-weight: 400;\"><span style=\"color: #d30000; font-size: 14pt;\"><strong>LAUR\u00c9ATE<\/strong>: <\/span><\/span>Kathryn Blaze Baum, Globe and Mail<\/strong>, <span style=\"font-weight: 400;\">pour avoir expos\u00e9 les effets d\u00e9vastateurs de la hausse des temp\u00e9ratures, provoqu\u00e9e par le changement climatique, sur le corps humain.<\/span><\/p><ul><li class=\"c-primary-title hl-3 hl-3-md font-pratt-bold c-primary-title-news\"><a href=\"https:\/\/www.theglobeandmail.com\/canada\/article-feeling-the-heat-as-global-temperatures-continue-to-rise-an-ottawa-lab\/\" target=\"_blank\" rel=\"noopener\">How does the human body respond to rising temperatures? This one-of-a-kind lab in Ottawa is trying to find out<\/a><\/li><\/ul>\t\t\t\t\t\t\t\t<\/div>\n\t\t\t\t<\/div>\n\t\t\t\t<div class=\"elementor-element elementor-element-add2d32 elementor-widget elementor-widget-text-editor\" data-id=\"add2d32\" data-element_type=\"widget\" data-e-type=\"widget\" data-widget_type=\"text-editor.default\">\n\t\t\t\t<div class=\"elementor-widget-container\">\n\t\t\t\t\t\t\t\t\t<p><span style=\"font-weight: 400;\"><strong>Vincent Brousseau-Pouliot, La Presse<\/strong>, <\/span><span style=\"font-weight: 400;\">pour une analyse r\u00e9fl\u00e9chie et ponctuelle des donn\u00e9es de l\u2019immigration au Qu\u00e9bec.<\/span><\/p><ul><li class=\"headlines titleModule \"><a href=\"https:\/\/www.lapresse.ca\/contexte\/2022-12-11\/de-combien-d-immigrants-le-quebec-a-t-il-besoin.php\" target=\"_blank\" rel=\"noopener\"><span class=\"title titleModule__main\">De combien d\u2019immigrants le\u00a0Qu\u00e9bec a-t-il besoin\u00a0?<\/span><\/a><\/li><li class=\"headlines titleModule \"><a href=\"https:\/\/www.lapresse.ca\/contexte\/2022-12-11\/immigration\/comment-le-quebec-se-compare-au-reste-du-monde.php\"><span class=\"title titleModule__main\">Comment le Qu\u00e9bec se compare au reste du\u00a0monde<\/span><\/a><\/li><\/ul>\t\t\t\t\t\t\t\t<\/div>\n\t\t\t\t<\/div>\n\t\t\t\t<div class=\"elementor-element elementor-element-5729ab2 elementor-widget elementor-widget-text-editor\" data-id=\"5729ab2\" data-element_type=\"widget\" data-e-type=\"widget\" data-widget_type=\"text-editor.default\">\n\t\t\t\t<div class=\"elementor-widget-container\">\n\t\t\t\t\t\t\t\t\t<p><span style=\"font-weight: 400;\"><strong>Tyler Olsen, Fraser Valley Current<\/strong>, <\/span><span style=\"font-weight: 400;\">pour un article explicatif sur les facteurs g\u00e9ographiques et politiques qui font que la rivi\u00e8re Nooksack, coulant enti\u00e8rement \u00e0 travers les \u00c9tats-Unis, repr\u00e9sente une menace pour les habitants de la prairie de Sumas, dans le sud-ouest de la Colombie-Britannique.<\/span><\/p><ul><li><a href=\"https:\/\/fvcurrent.com\/p\/the-life-and-times-of-the-nooksack-river\/\" target=\"_blank\" rel=\"noopener\">The Life and Times of the Nooksack River<\/a><\/li><li><a href=\"https:\/\/fvcurrent.com\/p\/nooksack-river-canada-us-politics\/\" target=\"_blank\" rel=\"noopener\">Why stopping Sumas Prairie from flooding is \u2018not politically feasible\u2019<\/a><\/li><\/ul>\t\t\t\t\t\t\t\t<\/div>\n\t\t\t\t<\/div>\n\t\t\t\t\t<\/div>\n\t\t<\/div>\n\t\t\t\t\t<\/div>\n\t\t<\/section>\n\t\t\t\t<section class=\"elementor-section elementor-top-section elementor-element elementor-element-88f028a elementor-section-boxed elementor-section-height-default elementor-section-height-default\" data-id=\"88f028a\" data-element_type=\"section\" data-e-type=\"section\">\n\t\t\t\t\t\t<div class=\"elementor-container elementor-column-gap-default\">\n\t\t\t\t\t<div class=\"elementor-column elementor-col-33 elementor-top-column elementor-element elementor-element-478350a\" data-id=\"478350a\" data-element_type=\"column\" data-e-type=\"column\">\n\t\t\t<div class=\"elementor-widget-wrap elementor-element-populated\">\n\t\t\t\t\t\t<div class=\"elementor-element elementor-element-634bd15 elementor-widget elementor-widget-heading\" data-id=\"634bd15\" data-element_type=\"widget\" data-e-type=\"widget\" data-widget_type=\"heading.default\">\n\t\t\t\t<div class=\"elementor-widget-container\">\n\t\t\t\t\t<h2 class=\"elementor-heading-title elementor-size-default\">Photo de reportage<\/h2>\t\t\t\t<\/div>\n\t\t\t\t<\/div>\n\t\t\t\t\t<\/div>\n\t\t<\/div>\n\t\t\t\t<div class=\"elementor-column elementor-col-66 elementor-top-column elementor-element elementor-element-0ce3e76\" data-id=\"0ce3e76\" data-element_type=\"column\" data-e-type=\"column\">\n\t\t\t<div class=\"elementor-widget-wrap elementor-element-populated\">\n\t\t\t\t\t\t<div class=\"elementor-element elementor-element-fa67ca8 elementor-widget elementor-widget-text-editor\" data-id=\"fa67ca8\" data-element_type=\"widget\" data-e-type=\"widget\" data-widget_type=\"text-editor.default\">\n\t\t\t\t<div class=\"elementor-widget-container\">\n\t\t\t\t\t\t\t\t\t<p><span style=\"font-weight: 400;\"><strong><span style=\"color: #d30000; font-size: 14pt;\">LAUR\u00c9ATE: <\/span>Leah Hennel, Globe and Mail<\/strong>, <\/span><span style=\"font-weight: 400;\">pour sa photo d&rsquo;une jeune autochtone faisant de la planche \u00e0 roulettes en jupe \u00e0 rubans dans un parc de Lethbridge, en Alberta.<\/span><\/p>\t\t\t\t\t\t\t\t<\/div>\n\t\t\t\t<\/div>\n\t\t\t\t<div class=\"elementor-element elementor-element-3be3f42 elementor-widget elementor-widget-gallery\" data-id=\"3be3f42\" data-element_type=\"widget\" data-e-type=\"widget\" data-settings=\"{&quot;columns&quot;:5,&quot;aspect_ratio&quot;:&quot;4:3&quot;,&quot;lazyload&quot;:&quot;yes&quot;,&quot;gallery_layout&quot;:&quot;grid&quot;,&quot;columns_tablet&quot;:2,&quot;columns_mobile&quot;:1,&quot;gap&quot;:{&quot;unit&quot;:&quot;px&quot;,&quot;size&quot;:10,&quot;sizes&quot;:[]},&quot;gap_tablet&quot;:{&quot;unit&quot;:&quot;px&quot;,&quot;size&quot;:10,&quot;sizes&quot;:[]},&quot;gap_mobile&quot;:{&quot;unit&quot;:&quot;px&quot;,&quot;size&quot;:10,&quot;sizes&quot;:[]},&quot;link_to&quot;:&quot;file&quot;,&quot;overlay_background&quot;:&quot;yes&quot;,&quot;content_hover_animation&quot;:&quot;fade-in&quot;}\" data-widget_type=\"gallery.default\">\n\t\t\t\t<div class=\"elementor-widget-container\">\n\t\t\t\t\t\t\t<div class=\"elementor-gallery__container\">\n\t\t\t\t\t\t\t<a class=\"e-gallery-item elementor-gallery-item elementor-animated-content\" href=\"https:\/\/nna-ccj.ca\/wp-content\/uploads\/2023\/03\/Skateboarding-in-Ribbon-Skirt2-1-1.jpg\" data-elementor-open-lightbox=\"yes\" data-elementor-lightbox-slideshow=\"3be3f42\" data-e-action-hash=\"#elementor-action%3Aaction%3Dlightbox%26settings%3DeyJpZCI6NzMyNCwidXJsIjoiaHR0cHM6XC9cL25uYS1jY2ouY2FcL3dwLWNvbnRlbnRcL3VwbG9hZHNcLzIwMjNcLzAzXC9Ta2F0ZWJvYXJkaW5nLWluLVJpYmJvbi1Ta2lydDItMS0xLmpwZyIsInNsaWRlc2hvdyI6IjNiZTNmNDIifQ%3D%3D\">\n\t\t\t\t\t<div class=\"e-gallery-image elementor-gallery-item__image\" data-thumbnail=\"https:\/\/nna-ccj.ca\/wp-content\/uploads\/2023\/03\/Skateboarding-in-Ribbon-Skirt2-1-1-150x150.jpg\" data-width=\"150\" data-height=\"150\" aria-label=\"\" role=\"img\" ><\/div>\n\t\t\t\t\t\t\t\t\t\t\t<div class=\"elementor-gallery-item__overlay\"><\/div>\n\t\t\t\t\t\t\t\t\t\t\t\t\t\t<\/a>\n\t\t\t\t\t<\/div>\n\t\t\t\t\t<\/div>\n\t\t\t\t<\/div>\n\t\t\t\t<div class=\"elementor-element elementor-element-b66934c elementor-widget elementor-widget-text-editor\" data-id=\"b66934c\" data-element_type=\"widget\" data-e-type=\"widget\" data-widget_type=\"text-editor.default\">\n\t\t\t\t<div class=\"elementor-widget-container\">\n\t\t\t\t\t\t\t\t\t<p><span style=\"font-weight: 400;\"><strong>Mike Deal, Winnipeg Free Press<\/strong>, <\/span><span style=\"font-weight: 400;\">pour son image d&rsquo;une personne allong\u00e9e sur un banc \u00e0 c\u00f4t\u00e9 d&rsquo;un abribus, qu&rsquo;un conseiller municipal a propos\u00e9 de d\u00e9manteler pour emp\u00eacher les sans-abri de s\u2019y rassembler.<\/span><\/p>\t\t\t\t\t\t\t\t<\/div>\n\t\t\t\t<\/div>\n\t\t\t\t<div class=\"elementor-element elementor-element-f35c3e0 elementor-widget elementor-widget-gallery\" data-id=\"f35c3e0\" data-element_type=\"widget\" data-e-type=\"widget\" data-settings=\"{&quot;columns&quot;:5,&quot;aspect_ratio&quot;:&quot;4:3&quot;,&quot;lazyload&quot;:&quot;yes&quot;,&quot;gallery_layout&quot;:&quot;grid&quot;,&quot;columns_tablet&quot;:2,&quot;columns_mobile&quot;:1,&quot;gap&quot;:{&quot;unit&quot;:&quot;px&quot;,&quot;size&quot;:10,&quot;sizes&quot;:[]},&quot;gap_tablet&quot;:{&quot;unit&quot;:&quot;px&quot;,&quot;size&quot;:10,&quot;sizes&quot;:[]},&quot;gap_mobile&quot;:{&quot;unit&quot;:&quot;px&quot;,&quot;size&quot;:10,&quot;sizes&quot;:[]},&quot;link_to&quot;:&quot;file&quot;,&quot;overlay_background&quot;:&quot;yes&quot;,&quot;content_hover_animation&quot;:&quot;fade-in&quot;}\" data-widget_type=\"gallery.default\">\n\t\t\t\t<div class=\"elementor-widget-container\">\n\t\t\t\t\t\t\t<div class=\"elementor-gallery__container\">\n\t\t\t\t\t\t\t<a class=\"e-gallery-item elementor-gallery-item elementor-animated-content\" href=\"https:\/\/nna-ccj.ca\/wp-content\/uploads\/2023\/03\/shelter-md-scaled-1.jpg\" data-elementor-open-lightbox=\"yes\" data-elementor-lightbox-slideshow=\"f35c3e0\" data-elementor-lightbox-title=\"shelter-md-scaled.jpg\" data-e-action-hash=\"#elementor-action%3Aaction%3Dlightbox%26settings%3DeyJpZCI6NzMyMiwidXJsIjoiaHR0cHM6XC9cL25uYS1jY2ouY2FcL3dwLWNvbnRlbnRcL3VwbG9hZHNcLzIwMjNcLzAzXC9zaGVsdGVyLW1kLXNjYWxlZC0xLmpwZyIsInNsaWRlc2hvdyI6ImYzNWMzZTAifQ%3D%3D\">\n\t\t\t\t\t<div class=\"e-gallery-image elementor-gallery-item__image\" data-thumbnail=\"https:\/\/nna-ccj.ca\/wp-content\/uploads\/2023\/03\/shelter-md-scaled-1-150x150.jpg\" data-width=\"150\" data-height=\"150\" aria-label=\"\" role=\"img\" ><\/div>\n\t\t\t\t\t\t\t\t\t\t\t<div class=\"elementor-gallery-item__overlay\"><\/div>\n\t\t\t\t\t\t\t\t\t\t\t\t\t\t<\/a>\n\t\t\t\t\t<\/div>\n\t\t\t\t\t<\/div>\n\t\t\t\t<\/div>\n\t\t\t\t<div class=\"elementor-element elementor-element-4cfcde0 elementor-widget elementor-widget-text-editor\" data-id=\"4cfcde0\" data-element_type=\"widget\" data-e-type=\"widget\" data-widget_type=\"text-editor.default\">\n\t\t\t\t<div class=\"elementor-widget-container\">\n\t\t\t\t\t\t\t\t\t<p><span style=\"font-weight: 400;\"><strong>Steve Russell, Toronto Star<\/strong>, <\/span><span style=\"font-weight: 400;\">pour une photo d&rsquo;un enfant qui saute tandis qu&rsquo;un p\u00e8re se lamente sur le manque d&rsquo;allocations de garderie.<\/span><\/p>\t\t\t\t\t\t\t\t<\/div>\n\t\t\t\t<\/div>\n\t\t\t\t<div class=\"elementor-element elementor-element-eaeab63 elementor-widget elementor-widget-gallery\" data-id=\"eaeab63\" data-element_type=\"widget\" data-e-type=\"widget\" data-settings=\"{&quot;columns&quot;:5,&quot;aspect_ratio&quot;:&quot;4:3&quot;,&quot;lazyload&quot;:&quot;yes&quot;,&quot;gallery_layout&quot;:&quot;grid&quot;,&quot;columns_tablet&quot;:2,&quot;columns_mobile&quot;:1,&quot;gap&quot;:{&quot;unit&quot;:&quot;px&quot;,&quot;size&quot;:10,&quot;sizes&quot;:[]},&quot;gap_tablet&quot;:{&quot;unit&quot;:&quot;px&quot;,&quot;size&quot;:10,&quot;sizes&quot;:[]},&quot;gap_mobile&quot;:{&quot;unit&quot;:&quot;px&quot;,&quot;size&quot;:10,&quot;sizes&quot;:[]},&quot;link_to&quot;:&quot;file&quot;,&quot;overlay_background&quot;:&quot;yes&quot;,&quot;content_hover_animation&quot;:&quot;fade-in&quot;}\" data-widget_type=\"gallery.default\">\n\t\t\t\t<div class=\"elementor-widget-container\">\n\t\t\t\t\t\t\t<div class=\"elementor-gallery__container\">\n\t\t\t\t\t\t\t<a class=\"e-gallery-item elementor-gallery-item elementor-animated-content\" href=\"https:\/\/nna-ccj.ca\/wp-content\/uploads\/2023\/03\/featureSR_06-scaled-1.jpg\" data-elementor-open-lightbox=\"yes\" data-elementor-lightbox-slideshow=\"eaeab63\" data-elementor-lightbox-title=\"featureSR_06-scaled.jpg\" data-e-action-hash=\"#elementor-action%3Aaction%3Dlightbox%26settings%3DeyJpZCI6NzMyNiwidXJsIjoiaHR0cHM6XC9cL25uYS1jY2ouY2FcL3dwLWNvbnRlbnRcL3VwbG9hZHNcLzIwMjNcLzAzXC9mZWF0dXJlU1JfMDYtc2NhbGVkLTEuanBnIiwic2xpZGVzaG93IjoiZWFlYWI2MyJ9\">\n\t\t\t\t\t<div class=\"e-gallery-image elementor-gallery-item__image\" data-thumbnail=\"https:\/\/nna-ccj.ca\/wp-content\/uploads\/2023\/03\/featureSR_06-scaled-1-150x150.jpg\" data-width=\"150\" data-height=\"150\" aria-label=\"\" role=\"img\" ><\/div>\n\t\t\t\t\t\t\t\t\t\t\t<div class=\"elementor-gallery-item__overlay\"><\/div>\n\t\t\t\t\t\t\t\t\t\t\t\t\t\t<\/a>\n\t\t\t\t\t<\/div>\n\t\t\t\t\t<\/div>\n\t\t\t\t<\/div>\n\t\t\t\t\t<\/div>\n\t\t<\/div>\n\t\t\t\t\t<\/div>\n\t\t<\/section>\n\t\t\t\t<section class=\"elementor-section elementor-top-section elementor-element elementor-element-c0c6b00 elementor-section-boxed elementor-section-height-default elementor-section-height-default\" data-id=\"c0c6b00\" data-element_type=\"section\" data-e-type=\"section\">\n\t\t\t\t\t\t<div class=\"elementor-container elementor-column-gap-default\">\n\t\t\t\t\t<div class=\"elementor-column elementor-col-33 elementor-top-column elementor-element elementor-element-644ad85\" data-id=\"644ad85\" data-element_type=\"column\" data-e-type=\"column\">\n\t\t\t<div class=\"elementor-widget-wrap elementor-element-populated\">\n\t\t\t\t\t\t<div class=\"elementor-element elementor-element-61e1b38 elementor-widget elementor-widget-heading\" data-id=\"61e1b38\" data-element_type=\"widget\" data-e-type=\"widget\" data-widget_type=\"heading.default\">\n\t\t\t\t<div class=\"elementor-widget-container\">\n\t\t\t\t\t<h2 class=\"elementor-heading-title elementor-size-default\">Photo d\u2019actualit\u00e9 g\u00e9n\u00e9rale\n<\/h2>\t\t\t\t<\/div>\n\t\t\t\t<\/div>\n\t\t\t\t\t<\/div>\n\t\t<\/div>\n\t\t\t\t<div class=\"elementor-column elementor-col-66 elementor-top-column elementor-element elementor-element-61aa269\" data-id=\"61aa269\" data-element_type=\"column\" data-e-type=\"column\">\n\t\t\t<div class=\"elementor-widget-wrap elementor-element-populated\">\n\t\t\t\t\t\t<div class=\"elementor-element elementor-element-140e6c9 elementor-widget elementor-widget-text-editor\" data-id=\"140e6c9\" data-element_type=\"widget\" data-e-type=\"widget\" data-widget_type=\"text-editor.default\">\n\t\t\t\t<div class=\"elementor-widget-container\">\n\t\t\t\t\t\t\t\t\t<p><span style=\"font-weight: 400;\"><strong><span style=\"color: #d30000; font-size: 14pt;\">LAUR\u00c9AT: <\/span>Robert Skinner, La Presse<\/strong>, pour une photo d&rsquo;un jeune sans-abri faisant des pirouettes alors qu&rsquo;il est hospitalis\u00e9 pour la COVID.<\/span><\/p>\t\t\t\t\t\t\t\t<\/div>\n\t\t\t\t<\/div>\n\t\t\t\t<div class=\"elementor-element elementor-element-4bd7743 elementor-widget elementor-widget-gallery\" data-id=\"4bd7743\" data-element_type=\"widget\" data-e-type=\"widget\" data-settings=\"{&quot;columns&quot;:5,&quot;aspect_ratio&quot;:&quot;4:3&quot;,&quot;lazyload&quot;:&quot;yes&quot;,&quot;gallery_layout&quot;:&quot;grid&quot;,&quot;columns_tablet&quot;:2,&quot;columns_mobile&quot;:1,&quot;gap&quot;:{&quot;unit&quot;:&quot;px&quot;,&quot;size&quot;:10,&quot;sizes&quot;:[]},&quot;gap_tablet&quot;:{&quot;unit&quot;:&quot;px&quot;,&quot;size&quot;:10,&quot;sizes&quot;:[]},&quot;gap_mobile&quot;:{&quot;unit&quot;:&quot;px&quot;,&quot;size&quot;:10,&quot;sizes&quot;:[]},&quot;link_to&quot;:&quot;file&quot;,&quot;overlay_background&quot;:&quot;yes&quot;,&quot;content_hover_animation&quot;:&quot;fade-in&quot;}\" data-widget_type=\"gallery.default\">\n\t\t\t\t<div class=\"elementor-widget-container\">\n\t\t\t\t\t\t\t<div class=\"elementor-gallery__container\">\n\t\t\t\t\t\t\t<a class=\"e-gallery-item elementor-gallery-item elementor-animated-content\" href=\"https:\/\/nna-ccj.ca\/wp-content\/uploads\/2023\/03\/en-forme-01-scaled.jpg\" data-elementor-open-lightbox=\"yes\" data-elementor-lightbox-slideshow=\"4bd7743\" data-e-action-hash=\"#elementor-action%3Aaction%3Dlightbox%26settings%3DeyJpZCI6NzEyOCwidXJsIjoiaHR0cHM6XC9cL25uYS1jY2ouY2FcL3dwLWNvbnRlbnRcL3VwbG9hZHNcLzIwMjNcLzAzXC9lbi1mb3JtZS0wMS1zY2FsZWQuanBnIiwic2xpZGVzaG93IjoiNGJkNzc0MyJ9\">\n\t\t\t\t\t<div class=\"e-gallery-image elementor-gallery-item__image\" data-thumbnail=\"https:\/\/nna-ccj.ca\/wp-content\/uploads\/2023\/03\/en-forme-01-150x150.jpg\" data-width=\"150\" data-height=\"150\" aria-label=\"\" role=\"img\" ><\/div>\n\t\t\t\t\t\t\t\t\t\t\t<div class=\"elementor-gallery-item__overlay\"><\/div>\n\t\t\t\t\t\t\t\t\t\t\t\t\t\t<\/a>\n\t\t\t\t\t<\/div>\n\t\t\t\t\t<\/div>\n\t\t\t\t<\/div>\n\t\t\t\t<div class=\"elementor-element elementor-element-1dad41a elementor-widget elementor-widget-text-editor\" data-id=\"1dad41a\" data-element_type=\"widget\" data-e-type=\"widget\" data-widget_type=\"text-editor.default\">\n\t\t\t\t<div class=\"elementor-widget-container\">\n\t\t\t\t\t\t\t\t\t<p><span style=\"font-weight: 400;\"><strong>Nathan Denette, Presse Canadienne<\/strong>, pour une photo du pape Fran\u00e7ois pr\u00e9sentant ses excuses aux leaders autochtones et aux survivants des pensionnats.<\/span><\/p>\t\t\t\t\t\t\t\t<\/div>\n\t\t\t\t<\/div>\n\t\t\t\t<div class=\"elementor-element elementor-element-6c3ef15 elementor-widget elementor-widget-gallery\" data-id=\"6c3ef15\" data-element_type=\"widget\" data-e-type=\"widget\" data-settings=\"{&quot;columns&quot;:5,&quot;aspect_ratio&quot;:&quot;4:3&quot;,&quot;lazyload&quot;:&quot;yes&quot;,&quot;gallery_layout&quot;:&quot;grid&quot;,&quot;columns_tablet&quot;:2,&quot;columns_mobile&quot;:1,&quot;gap&quot;:{&quot;unit&quot;:&quot;px&quot;,&quot;size&quot;:10,&quot;sizes&quot;:[]},&quot;gap_tablet&quot;:{&quot;unit&quot;:&quot;px&quot;,&quot;size&quot;:10,&quot;sizes&quot;:[]},&quot;gap_mobile&quot;:{&quot;unit&quot;:&quot;px&quot;,&quot;size&quot;:10,&quot;sizes&quot;:[]},&quot;link_to&quot;:&quot;file&quot;,&quot;overlay_background&quot;:&quot;yes&quot;,&quot;content_hover_animation&quot;:&quot;fade-in&quot;}\" data-widget_type=\"gallery.default\">\n\t\t\t\t<div class=\"elementor-widget-container\">\n\t\t\t\t\t\t\t<div class=\"elementor-gallery__container\">\n\t\t\t\t\t\t\t<a class=\"e-gallery-item elementor-gallery-item elementor-animated-content\" href=\"https:\/\/nna-ccj.ca\/wp-content\/uploads\/2023\/03\/NSD302-scaled.jpg\" data-elementor-open-lightbox=\"yes\" data-elementor-lightbox-slideshow=\"6c3ef15\" data-elementor-lightbox-title=\"Pope Francis\" data-e-action-hash=\"#elementor-action%3Aaction%3Dlightbox%26settings%3DeyJpZCI6NzEyNCwidXJsIjoiaHR0cHM6XC9cL25uYS1jY2ouY2FcL3dwLWNvbnRlbnRcL3VwbG9hZHNcLzIwMjNcLzAzXC9OU0QzMDItc2NhbGVkLmpwZyIsInNsaWRlc2hvdyI6IjZjM2VmMTUifQ%3D%3D\">\n\t\t\t\t\t<div class=\"e-gallery-image elementor-gallery-item__image\" data-thumbnail=\"https:\/\/nna-ccj.ca\/wp-content\/uploads\/2023\/03\/NSD302-150x150.jpg\" data-width=\"150\" data-height=\"150\" aria-label=\"\" role=\"img\" ><\/div>\n\t\t\t\t\t\t\t\t\t\t\t<div class=\"elementor-gallery-item__overlay\"><\/div>\n\t\t\t\t\t\t\t\t\t\t\t\t\t\t<\/a>\n\t\t\t\t\t<\/div>\n\t\t\t\t\t<\/div>\n\t\t\t\t<\/div>\n\t\t\t\t<div class=\"elementor-element elementor-element-8ee7045 elementor-widget elementor-widget-text-editor\" data-id=\"8ee7045\" data-element_type=\"widget\" data-e-type=\"widget\" data-widget_type=\"text-editor.default\">\n\t\t\t\t<div class=\"elementor-widget-container\">\n\t\t\t\t\t\t\t\t\t<p><span style=\"font-weight: 400;\"><strong>Dustin Patar, Presse Canadienne<\/strong>, pour une image de la collecte de l\u2019eau par des trous creus\u00e9s dans la glace d&rsquo;une rivi\u00e8re \u00e0 Iqaluit.<\/span><\/p>\t\t\t\t\t\t\t\t<\/div>\n\t\t\t\t<\/div>\n\t\t\t\t<div class=\"elementor-element elementor-element-40204c6 elementor-widget elementor-widget-gallery\" data-id=\"40204c6\" data-element_type=\"widget\" data-e-type=\"widget\" data-settings=\"{&quot;columns&quot;:5,&quot;aspect_ratio&quot;:&quot;4:3&quot;,&quot;lazyload&quot;:&quot;yes&quot;,&quot;gallery_layout&quot;:&quot;grid&quot;,&quot;columns_tablet&quot;:2,&quot;columns_mobile&quot;:1,&quot;gap&quot;:{&quot;unit&quot;:&quot;px&quot;,&quot;size&quot;:10,&quot;sizes&quot;:[]},&quot;gap_tablet&quot;:{&quot;unit&quot;:&quot;px&quot;,&quot;size&quot;:10,&quot;sizes&quot;:[]},&quot;gap_mobile&quot;:{&quot;unit&quot;:&quot;px&quot;,&quot;size&quot;:10,&quot;sizes&quot;:[]},&quot;link_to&quot;:&quot;file&quot;,&quot;overlay_background&quot;:&quot;yes&quot;,&quot;content_hover_animation&quot;:&quot;fade-in&quot;}\" data-widget_type=\"gallery.default\">\n\t\t\t\t<div class=\"elementor-widget-container\">\n\t\t\t\t\t\t\t<div class=\"elementor-gallery__container\">\n\t\t\t\t\t\t\t<a class=\"e-gallery-item elementor-gallery-item elementor-animated-content\" href=\"https:\/\/nna-ccj.ca\/wp-content\/uploads\/2023\/03\/CP24426169-scaled.jpg\" data-elementor-open-lightbox=\"yes\" data-elementor-lightbox-slideshow=\"40204c6\" data-elementor-lightbox-title=\"Iqaluit Water 20220114\" data-e-action-hash=\"#elementor-action%3Aaction%3Dlightbox%26settings%3DeyJpZCI6NzEyNiwidXJsIjoiaHR0cHM6XC9cL25uYS1jY2ouY2FcL3dwLWNvbnRlbnRcL3VwbG9hZHNcLzIwMjNcLzAzXC9DUDI0NDI2MTY5LXNjYWxlZC5qcGciLCJzbGlkZXNob3ciOiI0MDIwNGM2In0%3D\">\n\t\t\t\t\t<div class=\"e-gallery-image elementor-gallery-item__image\" data-thumbnail=\"https:\/\/nna-ccj.ca\/wp-content\/uploads\/2023\/03\/CP24426169-150x150.jpg\" data-width=\"150\" data-height=\"150\" aria-label=\"\" role=\"img\" ><\/div>\n\t\t\t\t\t\t\t\t\t\t\t<div class=\"elementor-gallery-item__overlay\"><\/div>\n\t\t\t\t\t\t\t\t\t\t\t\t\t\t<\/a>\n\t\t\t\t\t<\/div>\n\t\t\t\t\t<\/div>\n\t\t\t\t<\/div>\n\t\t\t\t\t<\/div>\n\t\t<\/div>\n\t\t\t\t\t<\/div>\n\t\t<\/section>\n\t\t\t\t<section class=\"elementor-section elementor-top-section elementor-element elementor-element-d2fee82 elementor-section-boxed elementor-section-height-default elementor-section-height-default\" data-id=\"d2fee82\" data-element_type=\"section\" data-e-type=\"section\">\n\t\t\t\t\t\t<div class=\"elementor-container elementor-column-gap-default\">\n\t\t\t\t\t<div class=\"elementor-column elementor-col-33 elementor-top-column elementor-element elementor-element-34525eb\" data-id=\"34525eb\" data-element_type=\"column\" data-e-type=\"column\">\n\t\t\t<div class=\"elementor-widget-wrap elementor-element-populated\">\n\t\t\t\t\t\t<div class=\"elementor-element elementor-element-81f164c elementor-widget elementor-widget-heading\" data-id=\"81f164c\" data-element_type=\"widget\" data-e-type=\"widget\" data-widget_type=\"heading.default\">\n\t\t\t\t<div class=\"elementor-widget-container\">\n\t\t\t\t\t<h2 class=\"elementor-heading-title elementor-size-default\">Prix Norman Webster pour le reportage \u00e0 caract\u00e8re international\n\n<\/h2>\t\t\t\t<\/div>\n\t\t\t\t<\/div>\n\t\t\t\t<div class=\"elementor-element elementor-element-ed44eab elementor-widget elementor-widget-image\" data-id=\"ed44eab\" data-element_type=\"widget\" data-e-type=\"widget\" data-widget_type=\"image.default\">\n\t\t\t\t<div class=\"elementor-widget-container\">\n\t\t\t\t\t\t\t\t\t\t\t\t\t\t\t<img decoding=\"async\" src=\"https:\/\/nna-ccj.ca\/wp-content\/uploads\/elementor\/thumbs\/Norman-Webster-left-scaled-qieqy90atpvon4ea6s4tx2lykt6e8z8cj6gncgai8g.jpg\" title=\"Norman Webster &#8211; left\" alt=\"Globe and Mail reporter Norman Webster, left, with Mr. Chang and Mr. Wu, members of Pengchu commune, in field in Canton, China, summer 1970.  Photo by Norman Webster \/ The Globe and Mail. Originally published Aug. 17, 1970 [Norman Webster was The Globe&#039;s China correspondent, Sept. 30, 1969 - July 8, 1971]\" loading=\"lazy\" \/>\t\t\t\t\t\t\t\t\t\t\t\t\t\t\t<\/div>\n\t\t\t\t<\/div>\n\t\t\t\t\t<\/div>\n\t\t<\/div>\n\t\t\t\t<div class=\"elementor-column elementor-col-66 elementor-top-column elementor-element elementor-element-8a1689c\" data-id=\"8a1689c\" data-element_type=\"column\" data-e-type=\"column\">\n\t\t\t<div class=\"elementor-widget-wrap elementor-element-populated\">\n\t\t\t\t\t\t<div class=\"elementor-element elementor-element-9286c7e elementor-widget elementor-widget-text-editor\" data-id=\"9286c7e\" data-element_type=\"widget\" data-e-type=\"widget\" data-widget_type=\"text-editor.default\">\n\t\t\t\t<div class=\"elementor-widget-container\">\n\t\t\t\t\t\t\t\t\t<p><span style=\"font-weight: 400;\"><strong><span style=\"color: #d30000; font-size: 14pt;\">LAUR\u00c9ATE: <\/span>Isabelle Hachey, La Presse<\/strong>, pour ses reportages en Ukraine au d\u00e9but de la guerre.<\/span><\/p><ul><li class=\"headlines titleModule hasFeaturedAuthor\"><a href=\"https:\/\/www.lapresse.ca\/international\/chroniques\/2022-03-20\/la-presse-en-ukraine\/tomber-en-guerre.php\" target=\"_blank\" rel=\"noopener\"><span class=\"title titleModule__main\">Tomber en guerre<\/span><\/a><\/li><li class=\"headlines titleModule hasFeaturedAuthor\"><a href=\"https:\/\/www.lapresse.ca\/international\/chroniques\/2022-03-12\/la-presse-en-ukraine\/tout-laisser-derriere-meme-les-hommes.php\"><span class=\"title titleModule__main\">Tout laisser derri\u00e8re, m\u00eame les\u00a0hommes<\/span><\/a><\/li><li class=\"headlines titleModule hasFeaturedAuthor\"><a href=\"https:\/\/www.lapresse.ca\/international\/chroniques\/2022-03-17\/la-presse-en-ukraine\/lviv-entre-desespoir-et-resistance.php\"><span class=\"title titleModule__main\">Lviv, entre d\u00e9sespoir et r\u00e9sistance<\/span><\/a><\/li><\/ul>\t\t\t\t\t\t\t\t<\/div>\n\t\t\t\t<\/div>\n\t\t\t\t<div class=\"elementor-element elementor-element-6060393 elementor-widget elementor-widget-text-editor\" data-id=\"6060393\" data-element_type=\"widget\" data-e-type=\"widget\" data-widget_type=\"text-editor.default\">\n\t\t\t\t<div class=\"elementor-widget-container\">\n\t\t\t\t\t\t\t\t\t<p><span style=\"font-weight: 400;\"><strong>Mark MacKinnon, Globe and Mail<\/strong>, pour sa couverture continue de la guerre en Ukraine.<\/span><\/p><ul><li class=\"c-primary-title hl-3 hl-3-md font-pratt-bold c-primary-title-news\"><a href=\"https:\/\/www.theglobeandmail.com\/world\/article-ukrainians-at-war\/\" target=\"_blank\" rel=\"noopener\">Living under siege: Eight Ukrainians on how the war has changed them<\/a><\/li><li class=\"c-primary-title hl-3 hl-3-md font-pratt-bold c-primary-title-news\"><a href=\"https:\/\/www.theglobeandmail.com\/world\/article-ukraine-borodyanka-kyiv-russia-invasion\/\">The harrowing scale of destruction in Ukraine\u2019s shattered town of Borodyanka<\/a><\/li><li class=\"c-primary-title hl-3 hl-3-md font-pratt-bold c-primary-title-news\"><a href=\"https:\/\/www.theglobeandmail.com\/world\/article-kyiv-ukraine-rescue-mission\/\">\u2018It\u2019s like Dunkirk\u2019: Civilian convoy of hope makes perilous journey to rescue Ukrainians trapped near Kyiv<\/a><\/li><\/ul>\t\t\t\t\t\t\t\t<\/div>\n\t\t\t\t<\/div>\n\t\t\t\t<div class=\"elementor-element elementor-element-9aeb402 elementor-widget elementor-widget-text-editor\" data-id=\"9aeb402\" data-element_type=\"widget\" data-e-type=\"widget\" data-widget_type=\"text-editor.default\">\n\t\t\t\t<div class=\"elementor-widget-container\">\n\t\t\t\t\t\t\t\t\t<p><span style=\"font-weight: 400;\"><strong>Allan Woods, Toronto Star<\/strong>, pour une couverture en Russie des pr\u00e9paratifs de la guerre en Ukraine et de la r\u00e9action russe \u00e0 l&rsquo;invasion.<\/span><\/p><ul><li class=\"c-article-headline__heading c-article-headline__heading--long\"><a href=\"https:\/\/www.thestar.com\/news\/world\/2022\/01\/16\/four-ways-to-understand-russias-vladimir-putin-a-president-on-the-edge-of-war.html\" target=\"_blank\" rel=\"noopener\">Four ways to understand Russia\u2019s Vladimir Putin \u2014 a president on the edge of war<\/a><\/li><li class=\"c-article-headline__heading c-article-headline__heading--long\"><a href=\"https:\/\/www.thestar.com\/news\/world\/europe\/2022\/02\/24\/as-russia-attacks-ukraine-moscows-mood-is-tense-amid-acts-of-courageous-defiance.html\">As Russia attacks Ukraine, Moscow\u2019s mood is tense, amid acts of courageous defiance<\/a><\/li><li class=\"c-article-headline__heading c-article-headline__heading--long\"><a href=\"https:\/\/www.thestar.com\/opinion\/2022\/03\/11\/average-russians-are-reeling-with-dismay-defiance-and-departures-galore-as-severed-ties-with-west-have-future-looking-bleak.html\">Average Russians are reeling \u2014 with dismay, defiance and departures galore \u2014 in a world that\u2019s turned upside-down<\/a><\/li><\/ul>\t\t\t\t\t\t\t\t<\/div>\n\t\t\t\t<\/div>\n\t\t\t\t\t<\/div>\n\t\t<\/div>\n\t\t\t\t\t<\/div>\n\t\t<\/section>\n\t\t\t\t<section class=\"elementor-section elementor-top-section elementor-element elementor-element-9e9de82 elementor-section-boxed elementor-section-height-default elementor-section-height-default\" data-id=\"9e9de82\" data-element_type=\"section\" data-e-type=\"section\">\n\t\t\t\t\t\t<div class=\"elementor-container elementor-column-gap-default\">\n\t\t\t\t\t<div class=\"elementor-column elementor-col-33 elementor-top-column elementor-element elementor-element-26b066b\" data-id=\"26b066b\" data-element_type=\"column\" data-e-type=\"column\">\n\t\t\t<div class=\"elementor-widget-wrap elementor-element-populated\">\n\t\t\t\t\t\t<div class=\"elementor-element elementor-element-620d55b elementor-widget elementor-widget-heading\" data-id=\"620d55b\" data-element_type=\"widget\" data-e-type=\"widget\" data-widget_type=\"heading.default\">\n\t\t\t\t<div class=\"elementor-widget-container\">\n\t\t\t\t\t<h2 class=\"elementor-heading-title elementor-size-default\">Prix George Brown pour la grande enqu\u00eate\n\n<\/h2>\t\t\t\t<\/div>\n\t\t\t\t<\/div>\n\t\t\t\t<div class=\"elementor-element elementor-element-62d90a4 elementor-widget elementor-widget-image\" data-id=\"62d90a4\" data-element_type=\"widget\" data-e-type=\"widget\" data-widget_type=\"image.default\">\n\t\t\t\t<div class=\"elementor-widget-container\">\n\t\t\t\t\t\t\t\t\t\t\t\t\t\t\t<img decoding=\"async\" src=\"https:\/\/nna-ccj.ca\/wp-content\/uploads\/elementor\/thumbs\/George-Brown-preferred-qieqxxq8jpg8rsuo0n9b35gfg6pzolzkhmmtl4r8b4.jpg\" title=\"Portrait of George Brown, 1818-1880. Credit: Toronto Public Library\" alt=\"Portrait of George Brown, 1818-1880. Credit: Toronto Public Library\" loading=\"lazy\" \/>\t\t\t\t\t\t\t\t\t\t\t\t\t\t\t<\/div>\n\t\t\t\t<\/div>\n\t\t\t\t\t<\/div>\n\t\t<\/div>\n\t\t\t\t<div class=\"elementor-column elementor-col-66 elementor-top-column elementor-element elementor-element-3f38007\" data-id=\"3f38007\" data-element_type=\"column\" data-e-type=\"column\">\n\t\t\t<div class=\"elementor-widget-wrap elementor-element-populated\">\n\t\t\t\t\t\t<div class=\"elementor-element elementor-element-cd2c932 elementor-widget elementor-widget-text-editor\" data-id=\"cd2c932\" data-element_type=\"widget\" data-e-type=\"widget\" data-widget_type=\"text-editor.default\">\n\t\t\t\t<div class=\"elementor-widget-container\">\n\t\t\t\t\t\t\t\t\t<p><span style=\"font-weight: 400;\"><strong><span style=\"color: #d30000; font-size: 14pt;\">LAUR\u00c9ATE: <\/span>Kelly Grant, Globe and Mail<\/strong>, <\/span><span style=\"font-weight: 400;\">pour son enqu\u00eate sur une \u00e9pid\u00e9mie de tuberculose \u00e0 Pangnirtung, au Nunavut.<\/span><\/p><ul><li class=\"c-primary-title hl-3 hl-3-md font-pratt-bold c-primary-title-news\"><a href=\"https:\/\/www.theglobeandmail.com\/canada\/article-nunavut-pangnirtung-tuberculosis-outbreak-crisis\/\" target=\"_blank\" rel=\"noopener\">In Nunavut, medical staff saw signs of a devastating TB outbreak. The government didn\u2019t<\/a><\/li><li class=\"c-primary-title hl-3 hl-3-md font-pratt-bold c-primary-title-news\"><a href=\"https:\/\/www.theglobeandmail.com\/canada\/article-inuit-group-presses-nunavut-government-for-transparency-on\/\">Inuit group presses Nunavut government for transparency after major tuberculosis outbreak<\/a><\/li><li class=\"c-primary-title hl-3 hl-3-md font-pratt-bold c-primary-title-news\"><a href=\"https:\/\/www.theglobeandmail.com\/canada\/article-federal-minister-urges-nunavut-to-sign-long-delayed-tuberculosis-plan\/\">Federal minister urges Nunavut to sign long-delayed tuberculosis plan<\/a><\/li><li class=\"c-primary-title hl-3 hl-3-md font-pratt-bold c-primary-title-news\"><a href=\"https:\/\/www.theglobeandmail.com\/canada\/article-nunavut-commits-to-greater-transparency-on-tuberculosis-outbreaks-but\/\">Nunavut commits to greater transparency on tuberculosis outbreaks, but won\u2019t make figures public<\/a><\/li><li class=\"c-primary-title hl-3 hl-3-md font-pratt-bold c-primary-title-news\"><a href=\"https:\/\/www.theglobeandmail.com\/canada\/article-tuberculosis-outbreak-nunavut\/\">Tuberculosis cases more than doubled in Nunavut in 2021<\/a><\/li><li class=\"c-primary-title hl-3 hl-3-md font-pratt-bold c-primary-title-news\"><a href=\"https:\/\/www.theglobeandmail.com\/canada\/article-nunavut-government-declines-to-release-detailed-tuberculosis\/\">Nunavut declines to release detailed tuberculosis statistics despite calls for more transparency<\/a><\/li><li class=\"c-primary-title hl-3 hl-3-md font-pratt-bold c-primary-title-news\"><a href=\"https:\/\/www.theglobeandmail.com\/podcasts\/the-decibel\/article-tuberculosis-in-canada-the-story-behind-a-recent-outbreak\/\">Tuberculosis in Canada? The story behind a recent outbreak<\/a><\/li><li class=\"c-primary-title hl-3 hl-3-md font-pratt-bold c-primary-title-news\"><a href=\"https:\/\/www.theglobeandmail.com\/canada\/article-nunavuts-tuberculosis-outbreak-continues-after-more-than-20-new-cases\/\">Nunavut\u2019s tuberculosis outbreak continues after more than 20 new cases identified in Pangnirtung<\/a><\/li><\/ul>\t\t\t\t\t\t\t\t<\/div>\n\t\t\t\t<\/div>\n\t\t\t\t<div class=\"elementor-element elementor-element-100489c elementor-widget elementor-widget-text-editor\" data-id=\"100489c\" data-element_type=\"widget\" data-e-type=\"widget\" data-widget_type=\"text-editor.default\">\n\t\t\t\t<div class=\"elementor-widget-container\">\n\t\t\t\t\t\t\t\t\t<p><span style=\"font-weight: 400;\"><strong>Isabelle Hachey et Marie-\u00c8ve Tremblay, La Presse<\/strong>, pour avoir revisit\u00e9 les all\u00e9gations du mouvement #MoiAussi qui ont mis un terme \u00e0 la carri\u00e8re de l\u2019humoriste Julien Lacroix en juillet 2020.<\/span><\/p><ul><li class=\"headlines titleModule \"><a href=\"https:\/\/www.lapresse.ca\/actualites\/2022-11-16\/l-affaire-julien-lacroix-deux-ans-plus-tard\/des-cicatrices-et-des-regrets.php\" target=\"_blank\" rel=\"noopener\"><span class=\"title titleModule__main\">Des cicatrices et des regrets<\/span><\/a><\/li><\/ul>\t\t\t\t\t\t\t\t<\/div>\n\t\t\t\t<\/div>\n\t\t\t\t<div class=\"elementor-element elementor-element-ecf96c6 elementor-widget elementor-widget-text-editor\" data-id=\"ecf96c6\" data-element_type=\"widget\" data-e-type=\"widget\" data-widget_type=\"text-editor.default\">\n\t\t\t\t<div class=\"elementor-widget-container\">\n\t\t\t\t\t\t\t\t\t<p><span style=\"font-weight: 400;\"><strong>Noor Javed, Brendan Kennedy, Jesse McLean et Emma McIntosh, Toronto Star et The Narwhal<\/strong>, pour leur enqu\u00eate sur la d\u00e9cision de l&rsquo;Ontario de retirer des parcelles de terrain de la Ceinture verte, sur les raisons pour lesquelles ces terrains ont \u00e9t\u00e9 s\u00e9lectionn\u00e9s et sur les personnes qui avaient le plus \u00e0 y gagner.<\/span><\/p><ul><li class=\"c-article-headline__heading c-article-headline__heading--long\"><a href=\"https:\/\/www.thestar.com\/news\/investigations\/2022\/11\/17\/they-recently-bought-greenbelt-land-that-was-undevelopable-now-the-ford-government-is-poised-to-remove-protections-and-these-developers-stand-to-profit.html\" target=\"_blank\" rel=\"noopener\">They recently bought Greenbelt land that was undevelopable. Now the Ford government is poised to remove protections \u2014 and these developers stand to profit<\/a><\/li><li class=\"c-article-headline__heading c-article-headline__heading--long\"><a href=\"https:\/\/www.thestar.com\/news\/gta\/2022\/11\/29\/doug-fords-plan-to-suddenly-add-this-small-town-into-the-greenbelt-puzzles-critics-and-residents.html\">Doug Ford\u2019s plan to suddenly add this small town into the Greenbelt puzzles critics and residents<\/a><\/li><li class=\"c-article-headline__heading c-article-headline__heading--long\"><a href=\"https:\/\/www.thestar.com\/news\/gta\/2022\/06\/29\/highway-413-route-threatens-11-at-risk-species-provincial-government-documents-reveal.html\">Highway 413 route threatens 11 at-risk species, provincial government documents reveal<\/a><\/li><li class=\"c-article-headline__heading c-article-headline__heading--long\"><a href=\"https:\/\/www.thestar.com\/news\/gta\/2022\/06\/18\/sprawl-highways-and-gravel-pits-where-i-live-the-greenbelt-is-broken.html\">Sprawl, highways and gravel pits: \u2018Where I live, the Greenbelt is broken\u2019<\/a><\/li><li class=\"c-article-headline__heading c-article-headline__heading--long\"><a href=\"https:\/\/www.thestar.com\/news\/gta\/2022\/04\/18\/doug-fords-government-picked-a-route-for-highway-413-its-own-experts-said-would-undermine-the-credibility-of-the-project-local-residents-are-baffled.html\">Doug Ford\u2019s government picked a route for Highway 413 its own experts said would \u2018undermine the credibility\u2019 of the project. Local residents are baffled<\/a><\/li><li class=\"c-article-headline__heading c-article-headline__heading--long\"><a href=\"https:\/\/www.thestar.com\/news\/gta\/2022\/12\/30\/thousands-voice-protest-to-greenbelt-development-but-its-infrastructure-issues-that-could-delay-builders.html\">Thousands have opposed the Greenbelt development. But it\u2019s the infrastructure issues that could delay builders<\/a><\/li><li class=\"c-article-headline__heading c-article-headline__heading--long\"><a href=\"https:\/\/www.thestar.com\/news\/gta\/2022\/02\/28\/doug-ford-government-ignored-greenbelt-expansion-consultations-say-critics.html\">Doug Ford government ignored Greenbelt expansion consultations, say critics<\/a><\/li><\/ul>\t\t\t\t\t\t\t\t<\/div>\n\t\t\t\t<\/div>\n\t\t\t\t\t<\/div>\n\t\t<\/div>\n\t\t\t\t\t<\/div>\n\t\t<\/section>\n\t\t\t\t<section class=\"elementor-section elementor-top-section elementor-element elementor-element-f86e954 elementor-section-boxed elementor-section-height-default elementor-section-height-default\" data-id=\"f86e954\" data-element_type=\"section\" data-e-type=\"section\">\n\t\t\t\t\t\t<div class=\"elementor-container elementor-column-gap-default\">\n\t\t\t\t\t<div class=\"elementor-column elementor-col-33 elementor-top-column elementor-element elementor-element-a62f898\" data-id=\"a62f898\" data-element_type=\"column\" data-e-type=\"column\">\n\t\t\t<div class=\"elementor-widget-wrap elementor-element-populated\">\n\t\t\t\t\t\t<div class=\"elementor-element elementor-element-3e328ac elementor-widget elementor-widget-heading\" data-id=\"3e328ac\" data-element_type=\"widget\" data-e-type=\"widget\" data-widget_type=\"heading.default\">\n\t\t\t\t<div class=\"elementor-widget-container\">\n\t\t\t\t\t<h2 class=\"elementor-heading-title elementor-size-default\">Prix E. Cora Hind pour le reportage \u00e0 caract\u00e8re local\n\n<\/h2>\t\t\t\t<\/div>\n\t\t\t\t<\/div>\n\t\t\t\t<div class=\"elementor-element elementor-element-6771bdf elementor-widget elementor-widget-image\" data-id=\"6771bdf\" data-element_type=\"widget\" data-e-type=\"widget\" data-widget_type=\"image.default\">\n\t\t\t\t<div class=\"elementor-widget-container\">\n\t\t\t\t\t\t\t\t\t\t\t\t\t\t\t<img decoding=\"async\" src=\"https:\/\/nna-ccj.ca\/wp-content\/uploads\/elementor\/thumbs\/E.Cora-Hind-Photo-e1668658436536-qieqxwsecveyg6w164uoinoyusumgwvu5hzc3usmhc.jpg\" title=\"E.Cora Hind Photo\" alt=\"E.Cora Hind Photo\" loading=\"lazy\" \/>\t\t\t\t\t\t\t\t\t\t\t\t\t\t\t<\/div>\n\t\t\t\t<\/div>\n\t\t\t\t\t<\/div>\n\t\t<\/div>\n\t\t\t\t<div class=\"elementor-column elementor-col-66 elementor-top-column elementor-element elementor-element-5433c61\" data-id=\"5433c61\" data-element_type=\"column\" data-e-type=\"column\">\n\t\t\t<div class=\"elementor-widget-wrap elementor-element-populated\">\n\t\t\t\t\t\t<div class=\"elementor-element elementor-element-b608209 elementor-widget elementor-widget-text-editor\" data-id=\"b608209\" data-element_type=\"widget\" data-e-type=\"widget\" data-widget_type=\"text-editor.default\">\n\t\t\t\t<div class=\"elementor-widget-container\">\n\t\t\t\t\t\t\t\t\t<p><span style=\"font-weight: 400;\"><strong><span style=\"color: #d30000; font-size: 14pt;\">LAUR\u00c9ATE: <\/span>Juanita Mercer, St. John\u2019s Telegram<\/strong>, pour avoir mis en lumi\u00e8re l&rsquo;\u00e9cart de r\u00e9mun\u00e9ration entre hommes et femmes \u00e0 Terre-Neuve et Labrador, l\u2019un des pires au Canada.<\/span><\/p><ul><li><a href=\"https:\/\/nna-ccj.ca\/wp-content\/uploads\/2023\/03\/PAY-EQUITY-PROMISE-JUANITA-MERCER-LOCAL-REPORTING-CATEGORY.pdf\">Pay Equity Promise &#8211; Juanita Mercer &#8211; Local Reporting Category<\/a><\/li><\/ul>\t\t\t\t\t\t\t\t<\/div>\n\t\t\t\t<\/div>\n\t\t\t\t<div class=\"elementor-element elementor-element-ec39e1b elementor-widget elementor-widget-text-editor\" data-id=\"ec39e1b\" data-element_type=\"widget\" data-e-type=\"widget\" data-widget_type=\"text-editor.default\">\n\t\t\t\t<div class=\"elementor-widget-container\">\n\t\t\t\t\t\t\t\t\t<p><span style=\"font-weight: 400;\"><strong>Anne-Lovely Etienne et Camille Dauphinais-Pelletier, 24 Heures<\/strong>, pour une enqu\u00eate sur les comportements racistes \u00e0 l&rsquo;\u00e9gard du personnel soignant du CLSC de Montr\u00e9al-Nord.<\/span><\/p><ul><li class=\"story-title\" data-test=\"single-story-title\"><a href=\"https:\/\/www.24heures.ca\/2022\/02\/10\/supplice-a-domicile-quatre-ans-a-subir-du-racisme-au-clsc-de-montreal-nord\" target=\"_blank\" rel=\"noopener\">Des employ\u00e9s envoy\u00e9s chez une patiente raciste par le CLSC de Montr\u00e9al-Nord<\/a><\/li><li class=\"story-title\" data-test=\"single-story-title\"><a href=\"https:\/\/www.24heures.ca\/2022\/02\/17\/employes-envoyes-chez-une-patiente-raciste-un-depute-demande-au-gouvernement-dintervenir\">Employ\u00e9s envoy\u00e9s chez une patiente raciste: un d\u00e9put\u00e9 demande au gouvernement d&rsquo;intervenir<\/a><\/li><li class=\"story-title\" data-test=\"single-story-title\"><a href=\"https:\/\/www.24heures.ca\/2022\/03\/17\/clsc-de-montreal-nord-le-dossier-de-la-patiente-raciste-a-ete-ferme\">CLSC de Montr\u00e9al-Nord: le dossier de la patiente raciste a \u00e9t\u00e9 ferm\u00e9<\/a><\/li><\/ul>\t\t\t\t\t\t\t\t<\/div>\n\t\t\t\t<\/div>\n\t\t\t\t<div class=\"elementor-element elementor-element-1368bf5 elementor-widget elementor-widget-text-editor\" data-id=\"1368bf5\" data-element_type=\"widget\" data-e-type=\"widget\" data-widget_type=\"text-editor.default\">\n\t\t\t\t<div class=\"elementor-widget-container\">\n\t\t\t\t\t\t\t\t\t<p><span style=\"font-weight: 400;\"><strong>Stefan Labb\u00e9 et Pippa Norman, Glacier Media<\/strong>, pour une s\u00e9rie sur la base de donn\u00e9es concernant les \u00e9missions des v\u00e9hicules et l&rsquo;efficacit\u00e9 des politiques climatiques de la Colombie-Britannique.<\/span><\/p><ul><li class=\"title details-title\"><a href=\"https:\/\/www.richmond-news.com\/local-news\/pandemic-car-buying-spree-threatens-bc-climate-targets-5665379\">Pandemic car-buying spree threatens B.C. climate targets<\/a><\/li><li class=\"title details-title\"><a href=\"https:\/\/www.alaskahighwaynews.ca\/fort-st-john\/the-gap-is-large-bcs-small-towns-illuminate-urban-rural-divide-in-ev-infrastructure-5673283\">&lsquo;The gap is large&rsquo;: B.C.&rsquo;s small towns illuminate urban-rural divide in EV infrastructure<\/a><\/li><\/ul>\t\t\t\t\t\t\t\t<\/div>\n\t\t\t\t<\/div>\n\t\t\t\t\t<\/div>\n\t\t<\/div>\n\t\t\t\t\t<\/div>\n\t\t<\/section>\n\t\t\t\t<section class=\"elementor-section elementor-top-section elementor-element elementor-element-47ec6e3 elementor-section-boxed elementor-section-height-default elementor-section-height-default\" data-id=\"47ec6e3\" data-element_type=\"section\" data-e-type=\"section\">\n\t\t\t\t\t\t<div class=\"elementor-container elementor-column-gap-default\">\n\t\t\t\t\t<div class=\"elementor-column elementor-col-33 elementor-top-column elementor-element elementor-element-5898efa\" data-id=\"5898efa\" data-element_type=\"column\" data-e-type=\"column\">\n\t\t\t<div class=\"elementor-widget-wrap elementor-element-populated\">\n\t\t\t\t\t\t<div class=\"elementor-element elementor-element-6dec10e elementor-widget elementor-widget-heading\" data-id=\"6dec10e\" data-element_type=\"widget\" data-e-type=\"widget\" data-widget_type=\"heading.default\">\n\t\t\t\t<div class=\"elementor-widget-container\">\n\t\t\t\t\t<h2 class=\"elementor-heading-title elementor-size-default\">Prix William Southam pour le reportage \u00e9labor\u00e9<\/h2>\t\t\t\t<\/div>\n\t\t\t\t<\/div>\n\t\t\t\t<div class=\"elementor-element elementor-element-a6e5412 elementor-widget elementor-widget-image\" data-id=\"a6e5412\" data-element_type=\"widget\" data-e-type=\"widget\" data-widget_type=\"image.default\">\n\t\t\t\t<div class=\"elementor-widget-container\">\n\t\t\t\t\t\t\t\t\t\t\t\t\t\t\t<img decoding=\"async\" width=\"150\" height=\"150\" src=\"https:\/\/nna-ccj.ca\/wp-content\/uploads\/2022\/11\/William-Southam-150x150.jpg\" class=\"attachment-thumbnail size-thumbnail wp-image-6499\" alt=\"\" srcset=\"https:\/\/nna-ccj.ca\/wp-content\/uploads\/2022\/11\/William-Southam-150x150.jpg 150w, https:\/\/nna-ccj.ca\/wp-content\/uploads\/2022\/11\/William-Southam-85x85.jpg 85w, https:\/\/nna-ccj.ca\/wp-content\/uploads\/2022\/11\/William-Southam-80x80.jpg 80w\" sizes=\"(max-width:767px) 150px, 150px\" \/>\t\t\t\t\t\t\t\t\t\t\t\t\t\t\t<\/div>\n\t\t\t\t<\/div>\n\t\t\t\t\t<\/div>\n\t\t<\/div>\n\t\t\t\t<div class=\"elementor-column elementor-col-66 elementor-top-column elementor-element elementor-element-06f4bd9\" data-id=\"06f4bd9\" data-element_type=\"column\" data-e-type=\"column\">\n\t\t\t<div class=\"elementor-widget-wrap elementor-element-populated\">\n\t\t\t\t\t\t<div class=\"elementor-element elementor-element-488781d elementor-widget elementor-widget-text-editor\" data-id=\"488781d\" data-element_type=\"widget\" data-e-type=\"widget\" data-widget_type=\"text-editor.default\">\n\t\t\t\t<div class=\"elementor-widget-container\">\n\t\t\t\t\t\t\t\t\t<p><span style=\"font-weight: 400;\"><strong><span style=\"color: #d30000; font-size: 14pt;\">LAUR\u00c9ATE: <\/span>Emma Gilchrist, Globe and Mail<\/strong>, pour son reportage \u00e0 la premi\u00e8re personne sur la r\u00e9alit\u00e9 poignante et d\u00e9chirante de l&rsquo;interruption de grossesse pour raisons m\u00e9dicales.<\/span><\/p><ul><li class=\"c-primary-title hl-3 hl-3-md font-pratt-bold c-primary-title-news\"><a href=\"https:\/\/www.theglobeandmail.com\/opinion\/article-the-harrowing-heartbreaking-reality-of-terminating-a-pregnancy-for\/\">The harrowing, heartbreaking reality of terminating a pregnancy for medical reasons<\/a><\/li><\/ul>\t\t\t\t\t\t\t\t<\/div>\n\t\t\t\t<\/div>\n\t\t\t\t<div class=\"elementor-element elementor-element-e7a4df4 elementor-widget elementor-widget-text-editor\" data-id=\"e7a4df4\" data-element_type=\"widget\" data-e-type=\"widget\" data-widget_type=\"text-editor.default\">\n\t\t\t\t<div class=\"elementor-widget-container\">\n\t\t\t\t\t\t\t\t\t<p><span style=\"font-weight: 400;\"><strong>Susan Clairmont, Hamilton Spectator<\/strong>, pour un reportage sur le suicide d&rsquo;une jeune fille de 12 ans qui avait \u00e9t\u00e9 victime d&rsquo;intimidation pendant des ann\u00e9es.<\/span><\/p><ul><li class=\"c-article-headline__heading c-article-headline__heading--long\"><a href=\"https:\/\/www.thespec.com\/news\/hamilton-region\/opinion\/2022\/10\/13\/brantford-suicide-grace-mcsweeney.html\">\u2018You\u2019re so worthless\u2019: A Brantford family recounts the tragedy of losing their 12-year-old to suicide<\/a><\/li><\/ul>\t\t\t\t\t\t\t\t<\/div>\n\t\t\t\t<\/div>\n\t\t\t\t<div class=\"elementor-element elementor-element-74ca65b elementor-widget elementor-widget-text-editor\" data-id=\"74ca65b\" data-element_type=\"widget\" data-e-type=\"widget\" data-widget_type=\"text-editor.default\">\n\t\t\t\t<div class=\"elementor-widget-container\">\n\t\t\t\t\t\t\t\t\t<p><span style=\"font-weight: 400;\"><strong>Jana G. Pruden, Globe and Mail<\/strong>, <\/span><span style=\"font-weight: 400;\">pour son article approfondi sur Helen Naslund, condamn\u00e9e \u00e0 18 ans de prison pour avoir tu\u00e9 son mari violent.<\/span><\/p><ul><li><a href=\"https:\/\/www.theglobeandmail.com\/canada\/article-helen-naslund-alberta\/\">In her defence<\/a><\/li><\/ul>\t\t\t\t\t\t\t\t<\/div>\n\t\t\t\t<\/div>\n\t\t\t\t\t<\/div>\n\t\t<\/div>\n\t\t\t\t\t<\/div>\n\t\t<\/section>\n\t\t\t\t<section class=\"elementor-section elementor-top-section elementor-element elementor-element-7c82a17 elementor-section-boxed elementor-section-height-default elementor-section-height-default\" data-id=\"7c82a17\" data-element_type=\"section\" data-e-type=\"section\">\n\t\t\t\t\t\t<div class=\"elementor-container elementor-column-gap-default\">\n\t\t\t\t\t<div class=\"elementor-column elementor-col-33 elementor-top-column elementor-element elementor-element-51e750a\" data-id=\"51e750a\" data-element_type=\"column\" data-e-type=\"column\">\n\t\t\t<div class=\"elementor-widget-wrap elementor-element-populated\">\n\t\t\t\t\t\t<div class=\"elementor-element elementor-element-699e108 elementor-widget elementor-widget-heading\" data-id=\"699e108\" data-element_type=\"widget\" data-e-type=\"widget\" data-widget_type=\"heading.default\">\n\t\t\t\t<div class=\"elementor-widget-container\">\n\t\t\t\t\t<h2 class=\"elementor-heading-title elementor-size-default\">Prix John Wesley Dafoe pour la politique<\/h2>\t\t\t\t<\/div>\n\t\t\t\t<\/div>\n\t\t\t\t<div class=\"elementor-element elementor-element-8357fb7 elementor-widget elementor-widget-image\" data-id=\"8357fb7\" data-element_type=\"widget\" data-e-type=\"widget\" data-widget_type=\"image.default\">\n\t\t\t\t<div class=\"elementor-widget-container\">\n\t\t\t\t\t\t\t\t\t\t\t\t\t\t\t<img decoding=\"async\" src=\"https:\/\/nna-ccj.ca\/wp-content\/uploads\/elementor\/thumbs\/John-Wesley-Dafoe-Photo-qieqy4b3vjp912l3y83p2lsnlvtk6hpouj77y2hh3k.jpg\" title=\"John Wesley Dafoe Photo\" alt=\"John Wesley Dafoe Photo\" loading=\"lazy\" \/>\t\t\t\t\t\t\t\t\t\t\t\t\t\t\t<\/div>\n\t\t\t\t<\/div>\n\t\t\t\t\t<\/div>\n\t\t<\/div>\n\t\t\t\t<div class=\"elementor-column elementor-col-66 elementor-top-column elementor-element elementor-element-33bcdfb\" data-id=\"33bcdfb\" data-element_type=\"column\" data-e-type=\"column\">\n\t\t\t<div class=\"elementor-widget-wrap elementor-element-populated\">\n\t\t\t\t\t\t<div class=\"elementor-element elementor-element-91d92e4 elementor-widget elementor-widget-text-editor\" data-id=\"91d92e4\" data-element_type=\"widget\" data-e-type=\"widget\" data-widget_type=\"text-editor.default\">\n\t\t\t\t<div class=\"elementor-widget-container\">\n\t\t\t\t\t\t\t\t\t<p><span style=\"font-weight: 400;\"><strong><span style=\"color: #d30000; font-size: 14pt;\">LAUR\u00c9ATS: <\/span>Bill Curry et Mahima Singh, Globe and Mail<\/strong>, pour avoir mis en lumi\u00e8re les principales lacunes en mati\u00e8re de transparence et de responsabilit\u00e9 li\u00e9es aux milliards de dollars d\u00e9pens\u00e9s chaque ann\u00e9e dans le cadre de l&rsquo;externalisation au niveau f\u00e9d\u00e9ral.<\/span><\/p><ul><li class=\"c-primary-title hl-3 hl-3-md font-pratt-bold c-primary-title-news\"><a href=\"https:\/\/www.theglobeandmail.com\/politics\/article-liberals-spend-billions-more-on-outsourced-contracts-since-taking\/\">Liberals spend billions more on outsourced contracts since taking power<\/a><\/li><li class=\"c-primary-title hl-3 hl-3-md font-pratt-bold c-primary-title-news\"><a href=\"https:\/\/www.theglobeandmail.com\/politics\/article-ottawa-turns-to-mckinsey-to-fix-phoenix-doubling-spending\/\">Ottawa turns to consulting firm McKinsey to fix Phoenix pay system, doubling spending on outsourcing<\/a><\/li><li class=\"c-primary-title hl-3 hl-3-md font-pratt-bold c-primary-title-news\"><a href=\"https:\/\/www.theglobeandmail.com\/politics\/article-arrivecan-app-spending-government\/\">Spending on ArriveCan app projected to top $54-million, double the amount Ottawa first divulged<\/a><\/li><\/ul>\t\t\t\t\t\t\t\t<\/div>\n\t\t\t\t<\/div>\n\t\t\t\t<div class=\"elementor-element elementor-element-0b386f5 elementor-widget elementor-widget-text-editor\" data-id=\"0b386f5\" data-element_type=\"widget\" data-e-type=\"widget\" data-widget_type=\"text-editor.default\">\n\t\t\t\t<div class=\"elementor-widget-container\">\n\t\t\t\t\t\t\t\t\t<p><span style=\"font-weight: 400;\"><strong>Fanny L\u00e9vesque, La Presse<\/strong>, pour divers reportages portant sur l\u2019impact de la Loi 79 sur les familles autochtones, sur les quarts de travail de 16 heures impos\u00e9s aux infirmi\u00e8res et sur le dernier bastion du Parti Qu\u00e9b\u00e9cois.<\/span><\/p><ul><li class=\"headlines titleModule \"><a href=\"https:\/\/www.lapresse.ca\/actualites\/2022-04-10\/enfants-autochtones-disparus-ou-morts\/elle-n-a-jamais-oublie.php\"><span class=\"title titleModule__main\">\u00ab\u00a0Elle n\u2019a jamais oubli\u00e9\u00a0\u00bb<\/span><\/a><\/li><li class=\"headlines titleModule \"><a href=\"https:\/\/www.lapresse.ca\/actualites\/sante\/2022-12-21\/temps-supplementaire-obligatoire\/des-manigances-pour-les-forcer-a-rester.php\"><span class=\"title titleModule__main\">Des \u00ab\u00a0manigances\u00a0\u00bb pour les forcer \u00e0 rester<\/span><\/a><\/li><li class=\"headlines titleModule \"><a href=\"https:\/\/www.lapresse.ca\/actualites\/politique\/2022-06-20\/en-route-vers-les-elections\/un-depute-sans-filtre.php\"><span class=\"title titleModule__main\">Un d\u00e9put\u00e9 sans filtre<\/span><\/a><\/li><\/ul>\t\t\t\t\t\t\t\t<\/div>\n\t\t\t\t<\/div>\n\t\t\t\t<div class=\"elementor-element elementor-element-a9ebc46 elementor-widget elementor-widget-text-editor\" data-id=\"a9ebc46\" data-element_type=\"widget\" data-e-type=\"widget\" data-widget_type=\"text-editor.default\">\n\t\t\t\t<div class=\"elementor-widget-container\">\n\t\t\t\t\t\t\t\t\t<p><span style=\"font-weight: 400;\"><strong>Justin Ling, Toronto Star<\/strong>, pour son article sur les ann\u00e9es de pr\u00e9paration pour la manifestation du \u00abConvoi de la libert\u00e9\u00bb\u00a0 et les liens de ses organisateurs avec les th\u00e9ories du complot et les id\u00e9ologies antigouvernementales..<\/span><\/p><ul><li class=\"c-article-headline__heading c-article-headline__heading--long\"><a href=\"https:\/\/www.thestar.com\/news\/canada\/2022\/03\/19\/was-it-really-about-vaccine-mandates-or-something-darker-the-inside-story-of-the-convoy-protests.html\">Was it really about vaccine mandates \u2014 or something darker? The inside story of the convoy protests<\/a><\/li><\/ul>\t\t\t\t\t\t\t\t<\/div>\n\t\t\t\t<\/div>\n\t\t\t\t\t<\/div>\n\t\t<\/div>\n\t\t\t\t\t<\/div>\n\t\t<\/section>\n\t\t\t\t<section class=\"elementor-section elementor-top-section elementor-element elementor-element-75604d2 elementor-section-boxed elementor-section-height-default elementor-section-height-default\" data-id=\"75604d2\" data-element_type=\"section\" data-e-type=\"section\">\n\t\t\t\t\t\t<div class=\"elementor-container elementor-column-gap-default\">\n\t\t\t\t\t<div class=\"elementor-column elementor-col-33 elementor-top-column elementor-element elementor-element-363b184\" data-id=\"363b184\" data-element_type=\"column\" data-e-type=\"column\">\n\t\t\t<div class=\"elementor-widget-wrap elementor-element-populated\">\n\t\t\t\t\t\t<div class=\"elementor-element elementor-element-93f9bba elementor-widget elementor-widget-heading\" data-id=\"93f9bba\" data-element_type=\"widget\" data-e-type=\"widget\" data-widget_type=\"heading.default\">\n\t\t\t\t<div class=\"elementor-widget-container\">\n\t\t\t\t\t<h2 class=\"elementor-heading-title elementor-size-medium\">Pr\u00e9sentation\/Conception graphique<\/h2>\t\t\t\t<\/div>\n\t\t\t\t<\/div>\n\t\t\t\t\t<\/div>\n\t\t<\/div>\n\t\t\t\t<div class=\"elementor-column elementor-col-66 elementor-top-column elementor-element elementor-element-6330634\" data-id=\"6330634\" data-element_type=\"column\" data-e-type=\"column\">\n\t\t\t<div class=\"elementor-widget-wrap elementor-element-populated\">\n\t\t\t\t\t\t<div class=\"elementor-element elementor-element-65a108d elementor-widget elementor-widget-text-editor\" data-id=\"65a108d\" data-element_type=\"widget\" data-e-type=\"widget\" data-widget_type=\"text-editor.default\">\n\t\t\t\t<div class=\"elementor-widget-container\">\n\t\t\t\t\t\t\t\t\t<p><span style=\"font-weight: 400;\"><strong><span style=\"color: #d30000; font-size: 14pt;\">LAUR\u00c9AT: <\/span>Christopher Manza, Globe and Mail<\/strong>, <\/span><span style=\"font-weight: 400;\">pour une vari\u00e9t\u00e9 de reportages multim\u00e9dias sur les patineurs artistiques Piper Gilles et Paul Poirier, le projet de relocalisation de la capitale indon\u00e9sienne et la s\u00e9cheresse dans la Corne de l&rsquo;Afrique.\u00a0<\/span><\/p><ul><li class=\"c-primary-title hl-3 hl-3-md font-pratt-bold c-primary-title-news\"><a href=\"https:\/\/www.theglobeandmail.com\/sports\/olympics\/article-ice-dance-the-winter-olympics-sport-that-balances-artistic-flare-and\/\" target=\"_blank\" rel=\"noopener\">Ice dance, the Winter Olympics sport that balances artistic flair and technical precision \u2018on a tiny little blade\u2019<\/a><\/li><li><a href=\"https:\/\/www.theglobeandmail.com\/world\/article-how-to-move-a-capital-city-an-exclusive-look-at-indonesias-plan-to\/\" target=\"_blank\" rel=\"noopener\">How to move a capital city<\/a><\/li><li class=\"c-primary-title hl-3 hl-3-md font-pratt-bold c-primary-title-news\"><a href=\"https:\/\/www.theglobeandmail.com\/world\/article-across-the-horn-of-africa-a-devastating-drought-threatens-starvation\/\" target=\"_blank\" rel=\"noopener\">Across the Horn of Africa, a devastating drought threatens starvation and famine for millions<\/a><\/li><\/ul>\t\t\t\t\t\t\t\t<\/div>\n\t\t\t\t<\/div>\n\t\t\t\t<div class=\"elementor-element elementor-element-1d6dfc5 elementor-widget elementor-widget-text-editor\" data-id=\"1d6dfc5\" data-element_type=\"widget\" data-e-type=\"widget\" data-widget_type=\"text-editor.default\">\n\t\t\t\t<div class=\"elementor-widget-container\">\n\t\t\t\t\t\t\t\t\t<p><span style=\"font-weight: 400;\"><strong>Carol Linnitt, Arik Ligeti, Ashley Tam, Shawn Parkinson et Jimmy Thomson, The Narwhal<\/strong>, pour un reportage multim\u00e9dia interactif sur la mani\u00e8re dont les gardiens autochtones r\u00e9tablissent la souverainet\u00e9 et la gestion des territoires traditionnels. <\/span><\/p><ul><li class=\"intro__headline\"><a href=\"https:\/\/thenarwhal.ca\/indigenous-guardians-conservation-bc\/\" target=\"_blank\" rel=\"noopener\">The frontline of conservation: how Indigenous guardians are reinforcing sovereignty and science on their lands<\/a><\/li><\/ul>\t\t\t\t\t\t\t\t<\/div>\n\t\t\t\t<\/div>\n\t\t\t\t<div class=\"elementor-element elementor-element-6ee258d elementor-widget elementor-widget-text-editor\" data-id=\"6ee258d\" data-element_type=\"widget\" data-e-type=\"widget\" data-widget_type=\"text-editor.default\">\n\t\t\t\t<div class=\"elementor-widget-container\">\n\t\t\t\t\t\t\t\t\t<p><span style=\"font-weight: 400;\"><strong>Sandrine Vieira, C\u00e9dric Gagnon et Antoine Noreau, Le Devoir<\/strong>, pour un dossier interactif sur les esp\u00e8ces en p\u00e9ril au Qu\u00e9bec, comprenant entre autres des photos, des graphiques, des illustrations, des cartes. <\/span><\/p><ul><li class=\"article-reminder visible\"><a href=\"https:\/\/www.ledevoir.com\/documents\/special\/22-04-biodiversite\/index.html\" target=\"_blank\" rel=\"noopener\">Le dangereux d\u00e9clin de la biodiversit\u00e9<\/a><\/li><\/ul>\t\t\t\t\t\t\t\t<\/div>\n\t\t\t\t<\/div>\n\t\t\t\t\t<\/div>\n\t\t<\/div>\n\t\t\t\t\t<\/div>\n\t\t<\/section>\n\t\t\t\t<section class=\"elementor-section elementor-top-section elementor-element elementor-element-c25d9ec elementor-section-boxed elementor-section-height-default elementor-section-height-default\" data-id=\"c25d9ec\" data-element_type=\"section\" data-e-type=\"section\">\n\t\t\t\t\t\t<div class=\"elementor-container elementor-column-gap-default\">\n\t\t\t\t\t<div class=\"elementor-column elementor-col-33 elementor-top-column elementor-element elementor-element-2999745\" data-id=\"2999745\" data-element_type=\"column\" data-e-type=\"column\">\n\t\t\t<div class=\"elementor-widget-wrap elementor-element-populated\">\n\t\t\t\t\t\t<div class=\"elementor-element elementor-element-a430829 elementor-widget elementor-widget-heading\" data-id=\"a430829\" data-element_type=\"widget\" data-e-type=\"widget\" data-widget_type=\"heading.default\">\n\t\t\t\t<div class=\"elementor-widget-container\">\n\t\t\t\t\t<h2 class=\"elementor-heading-title elementor-size-default\">Prix John Honderich pour le projet de l\u2019ann\u00e9e<\/h2>\t\t\t\t<\/div>\n\t\t\t\t<\/div>\n\t\t\t\t<div class=\"elementor-element elementor-element-fc7e62e elementor-widget elementor-widget-image\" data-id=\"fc7e62e\" data-element_type=\"widget\" data-e-type=\"widget\" data-widget_type=\"image.default\">\n\t\t\t\t<div class=\"elementor-widget-container\">\n\t\t\t\t\t\t\t\t\t\t\t\t\t\t\t<img decoding=\"async\" src=\"https:\/\/nna-ccj.ca\/wp-content\/uploads\/elementor\/thumbs\/Honderich-scaled-qieqy0jr47k3qmqkk6h6smqt8cc3bpari0la0yn1sg.jpg\" title=\"Honderich\" alt=\"Honderich\" loading=\"lazy\" \/>\t\t\t\t\t\t\t\t\t\t\t\t\t\t\t<\/div>\n\t\t\t\t<\/div>\n\t\t\t\t\t<\/div>\n\t\t<\/div>\n\t\t\t\t<div class=\"elementor-column elementor-col-66 elementor-top-column elementor-element elementor-element-5c36960\" data-id=\"5c36960\" data-element_type=\"column\" data-e-type=\"column\">\n\t\t\t<div class=\"elementor-widget-wrap elementor-element-populated\">\n\t\t\t\t\t\t<div class=\"elementor-element elementor-element-98a374e elementor-widget elementor-widget-text-editor\" data-id=\"98a374e\" data-element_type=\"widget\" data-e-type=\"widget\" data-widget_type=\"text-editor.default\">\n\t\t\t\t<div class=\"elementor-widget-container\">\n\t\t\t\t\t\t\t\t\t<p><span style=\"font-weight: 400;\"><strong><span style=\"color: #d30000; font-size: 14pt;\">LAUR\u00c9ATS: <\/span>Rachel Mendleson et Steve Buist, TorStar<\/strong>, pour une enqu\u00eate nationale sur le probl\u00e8me syst\u00e9mique et croissant des violations graves de la Charte.<\/span><\/p><ul><li><a href=\"https:\/\/www.thestar.com\/news\/investigations\/police-rights-violations.html?rf\">Rights Wronged<\/a><\/li><li class=\"c-article-headline__heading c-article-headline__heading--long\"><a href=\"https:\/\/www.thestar.com\/news\/investigations\/2022\/06\/09\/canadian-police-forces-systemic-charter-violations.html\">Illegal strip searches. Mishandled evidence. Slapdash raids. How nine Canadian police forces continued flouting the law despite judges\u2019 warnings<\/a><\/li><li class=\"c-article-headline__heading c-article-headline__heading--long\"><a href=\"https:\/\/www.thestar.com\/news\/investigations\/2022\/06\/09\/how-torstar-found-600-cases-of-police-violating-fundamental-rights-when-no-one-is-tracking-this-national-problem.html\">How Torstar found 600 cases of police violating fundamental rights when no one is tracking this national problem<\/a><\/li><li class=\"c-article-headline__heading c-article-headline__heading--long\"><a href=\"https:\/\/www.thestar.com\/news\/investigations\/2022\/07\/05\/how-police-deception-is-leading-to-unjust-invasions.html\">Unjust invasions happening across Canada as police mislead courts, bungle warrants and violate suspects\u2019 rights<\/a><\/li><li class=\"c-article-headline__heading c-article-headline__heading--long\"><a href=\"https:\/\/www.thestar.com\/news\/investigations\/2022\/06\/13\/toronto-police-reviewing-officers-conduct-in-nearly-100-cases.html\">Toronto police reviewing officers\u2019 conduct in nearly 100 cases following Torstar investigation into Charter violations<\/a><\/li><\/ul>\t\t\t\t\t\t\t\t<\/div>\n\t\t\t\t<\/div>\n\t\t\t\t<div class=\"elementor-element elementor-element-f2f848a elementor-widget elementor-widget-text-editor\" data-id=\"f2f848a\" data-element_type=\"widget\" data-e-type=\"widget\" data-widget_type=\"text-editor.default\">\n\t\t\t\t<div class=\"elementor-widget-container\">\n\t\t\t\t\t\t\t\t\t<p><span style=\"font-weight: 400;\"><strong>Molly Hayes, Elizabeth Renzetti, et Tavia Grant, Globe and Mail<\/strong>, pour leur s\u00e9rie explorant les solutions \u00e0 la violence entre partenaires intimes.<\/span><\/p><ul><li class=\"c-primary-title hl-3 hl-3-md font-pratt-bold c-primary-title-news\"><a href=\"https:\/\/www.theglobeandmail.com\/canada\/article-coercive-control-can-be-a-life-or-death-issue-in-relationships-but-few\/\">Coercive control can be a life or death issue in relationships. But few people even know how to recognize it<\/a><\/li><li class=\"c-primary-title hl-3 hl-3-md font-pratt-bold c-primary-title-news\"><a href=\"https:\/\/www.theglobeandmail.com\/canada\/article-what-is-coercive-control-relationships-abuse-resources-help\/\">What is coercive control? Why understanding the warning signs is key to preventing intimate partner violence<\/a><\/li><li class=\"c-primary-title hl-3 hl-3-md font-pratt-bold c-primary-title-news\"><a href=\"https:\/\/www.theglobeandmail.com\/podcasts\/the-decibel\/article-naming-the-abusive-behaviour-that-often-goes-unnoticed\/\">Putting a name to the hidden pattern behind domestic abuse<\/a><\/li><li class=\"style-scope ytd-watch-metadata\"><a href=\"https:\/\/www.youtube.com\/watch?v=ESrevCuiJPo\">How to spot the warning signs of coercive control in a relationship<\/a><\/li><li class=\"c-primary-title hl-3 hl-3-md font-pratt-bold c-primary-title-news\"><a href=\"https:\/\/www.theglobeandmail.com\/canada\/article-womens-shelters-canada-funding\/\">Overwhelmed and underfunded, women\u2019s shelters say without overhauling the system, they risk turning away more survivors<\/a><\/li><li class=\"c-primary-title hl-3 hl-3-md font-pratt-bold c-primary-title-news\"><a href=\"https:\/\/www.theglobeandmail.com\/canada\/article-violence-against-women-men-education\/\">To end violence against women, Canada needs to focus on men<\/a><\/li><li class=\"c-primary-title hl-3 hl-3-md font-pratt-bold c-primary-title-news\"><a href=\"https:\/\/www.theglobeandmail.com\/canada\/article-where-is-canadas-national-action-plan-to-end-gender-based-violence\/\">Where is Canada\u2019s national action plan to end gender-based violence?<\/a><\/li><li class=\"c-primary-title hl-3 hl-3-md font-pratt-bold c-primary-title-news\"><a href=\"https:\/\/www.theglobeandmail.com\/canada\/article-intimate-partner-violence-police-response\/\">Many women who suffer from intimate partner violence don\u2019t trust the police. Why are they the default response?<\/a><\/li><li class=\"c-primary-title hl-3 hl-3-md font-pratt-bold c-primary-title-news\"><a href=\"https:\/\/www.theglobeandmail.com\/canada\/article-intimate-partner-violence-programs\/\">One-size-fits-all program for domestic violence offenders fails survivors, experts say<\/a><\/li><li class=\"c-primary-title hl-3 hl-3-md font-pratt-bold c-primary-title-news\"><a href=\"https:\/\/www.theglobeandmail.com\/canada\/article-preventing-intimate-partner-violence\/\">What should Canada do about intimate partner violence? Five solutions from five survivors<\/a><\/li><li class=\"c-primary-title hl-3 hl-3-md font-pratt-bold c-primary-title-news\"><a href=\"https:\/\/www.theglobeandmail.com\/canada\/article-intimate-partner-violence-brain-injuries\/\">How does intimate partner violence affect women\u2019s brains? Scientists, social workers advocate for more research<\/a><\/li><li class=\"c-primary-title hl-3 hl-3-md font-pratt-bold c-primary-title-news\"><a href=\"https:\/\/www.theglobeandmail.com\/canada\/article-bill-c-233-mandatory-training-intimate-partner-violence\/\">A mother\u2019s anguish sparks push to train judges on intimate partner violence<\/a><\/li><\/ul>\t\t\t\t\t\t\t\t<\/div>\n\t\t\t\t<\/div>\n\t\t\t\t<div class=\"elementor-element elementor-element-1a0a0b6 elementor-widget elementor-widget-text-editor\" data-id=\"1a0a0b6\" data-element_type=\"widget\" data-e-type=\"widget\" data-widget_type=\"text-editor.default\">\n\t\t\t\t<div class=\"elementor-widget-container\">\n\t\t\t\t\t\t\t\t\t<p><span style=\"font-weight: 400;\"><strong>Gordon Hoekstra, Glenda Luymes et Nathan Griffiths, The Vancouver Sun\/The Province<\/strong>, pour une enqu\u00eate fond\u00e9e sur des donn\u00e9es concernant le niveau de pr\u00e9paration des communaut\u00e9s de la Colombie-Britannique pour un monde o\u00f9 les incendies et les inondations sont de plus en plus fr\u00e9quents.<\/span><\/p><ul><li id=\"articleTitle\" class=\"article-title\"><a href=\"https:\/\/vancouversun.com\/news\/local-news\/fire-and-flood-bc-facing-two-extremes\">Fire &amp; Flood, Facing Two Extremes: Read our 7-part B.C. investigation<\/a><\/li><\/ul>\t\t\t\t\t\t\t\t<\/div>\n\t\t\t\t<\/div>\n\t\t\t\t\t<\/div>\n\t\t<\/div>\n\t\t\t\t\t<\/div>\n\t\t<\/section>\n\t\t\t\t<section class=\"elementor-section elementor-top-section elementor-element elementor-element-9ae48e2 elementor-section-boxed elementor-section-height-default elementor-section-height-default\" data-id=\"9ae48e2\" data-element_type=\"section\" data-e-type=\"section\">\n\t\t\t\t\t\t<div class=\"elementor-container elementor-column-gap-default\">\n\t\t\t\t\t<div class=\"elementor-column elementor-col-33 elementor-top-column elementor-element elementor-element-6f75722\" data-id=\"6f75722\" data-element_type=\"column\" data-e-type=\"column\">\n\t\t\t<div class=\"elementor-widget-wrap elementor-element-populated\">\n\t\t\t\t\t\t<div class=\"elementor-element elementor-element-9a717ed elementor-widget elementor-widget-heading\" data-id=\"9a717ed\" data-element_type=\"widget\" data-e-type=\"widget\" data-widget_type=\"heading.default\">\n\t\t\t\t<div class=\"elementor-widget-container\">\n\t\t\t\t\t<h2 class=\"elementor-heading-title elementor-size-default\">Prix Bob Levin pour le reportage bref<\/h2>\t\t\t\t<\/div>\n\t\t\t\t<\/div>\n\t\t\t\t<div class=\"elementor-element elementor-element-71d7530 elementor-widget elementor-widget-image\" data-id=\"71d7530\" data-element_type=\"widget\" data-e-type=\"widget\" data-widget_type=\"image.default\">\n\t\t\t\t<div class=\"elementor-widget-container\">\n\t\t\t\t\t\t\t\t\t\t\t\t\t\t\t<img decoding=\"async\" src=\"https:\/\/nna-ccj.ca\/wp-content\/uploads\/elementor\/thumbs\/Bob-Levin-1-qieqxr5d7v78ij4832ex3p47ahmf6q9g4q2f870zio.jpg\" title=\"Bob Levin (1)\" alt=\"Bob Levin (1)\" loading=\"lazy\" \/>\t\t\t\t\t\t\t\t\t\t\t\t\t\t\t<\/div>\n\t\t\t\t<\/div>\n\t\t\t\t\t<\/div>\n\t\t<\/div>\n\t\t\t\t<div class=\"elementor-column elementor-col-66 elementor-top-column elementor-element elementor-element-5a83696\" data-id=\"5a83696\" data-element_type=\"column\" data-e-type=\"column\">\n\t\t\t<div class=\"elementor-widget-wrap elementor-element-populated\">\n\t\t\t\t\t\t<div class=\"elementor-element elementor-element-cc99a87 elementor-widget elementor-widget-text-editor\" data-id=\"cc99a87\" data-element_type=\"widget\" data-e-type=\"widget\" data-widget_type=\"text-editor.default\">\n\t\t\t\t<div class=\"elementor-widget-container\">\n\t\t\t\t\t\t\t\t\t<p><span style=\"font-weight: 400;\"><strong><span style=\"color: #d30000; font-size: 14pt;\">LAUR\u00c9ATE: <\/span>Rosalyn Roy, National Post<\/strong>, pour son reportage \u00e0 la premi\u00e8re personne de Port aux Basques, Terre-Neuve, o\u00f9 des secteurs de la ville ont \u00e9t\u00e9 d\u00e9truits par l&rsquo;ouragan Fiona.<\/span><\/p><ul><li id=\"articleTitle\" class=\"article-title\"><a href=\"https:\/\/nationalpost.com\/news\/canada\/exclusive-what-its-like-to-live-in-hurricane-fionas-destructive-path\" target=\"_blank\" rel=\"noopener\">The heartbreaking story on the ground on Newfoundland\u2019s battered coast<\/a><\/li><\/ul>\t\t\t\t\t\t\t\t<\/div>\n\t\t\t\t<\/div>\n\t\t\t\t<div class=\"elementor-element elementor-element-af88a30 elementor-widget elementor-widget-text-editor\" data-id=\"af88a30\" data-element_type=\"widget\" data-e-type=\"widget\" data-widget_type=\"text-editor.default\">\n\t\t\t\t<div class=\"elementor-widget-container\">\n\t\t\t\t\t\t\t\t\t<p><span style=\"font-weight: 400;\"><strong>Maria Iqbal, Toronto Star<\/strong>, pour son article sur le seul aliment dont le prix a r\u00e9ellement baiss\u00e9 au Canada l&rsquo;ann\u00e9e derni\u00e8re : la pomme de terre.<\/span><\/p><ul><li class=\"c-article-headline__heading c-article-headline__heading--long\"><a href=\"https:\/\/www.thestar.com\/news\/canada\/2022\/05\/29\/a-potato-story-with-a-silver-lining-how-my-bud-the-spud-escaped-inflation.html\" target=\"_blank\" rel=\"noopener\">A potato story, with a silver lining: How my bud, the spud, escaped inflation<\/a><\/li><\/ul>\t\t\t\t\t\t\t\t<\/div>\n\t\t\t\t<\/div>\n\t\t\t\t<div class=\"elementor-element elementor-element-9473abe elementor-widget elementor-widget-text-editor\" data-id=\"9473abe\" data-element_type=\"widget\" data-e-type=\"widget\" data-widget_type=\"text-editor.default\">\n\t\t\t\t<div class=\"elementor-widget-container\">\n\t\t\t\t\t\t\t\t\t<p><span style=\"font-weight: 400;\"><strong>Patrick White, Globe and Mail<\/strong>, <\/span><span style=\"font-weight: 400;\">pour son article sur un club de lecture dans une prison f\u00e9d\u00e9rale pr\u00e8s de Kingston, en Ontario.<\/span><\/p><ul><li class=\"c-primary-title hl-3 hl-3-md font-pratt-bold c-primary-title-news\"><a href=\"https:\/\/www.theglobeandmail.com\/canada\/article-prison-book-clubs\/\" target=\"_blank\" rel=\"noopener\">Canada\u2019s prison book clubs, closed by COVID-19, pick up where they left off<\/a><\/li><\/ul>\t\t\t\t\t\t\t\t<\/div>\n\t\t\t\t<\/div>\n\t\t\t\t\t<\/div>\n\t\t<\/div>\n\t\t\t\t\t<\/div>\n\t\t<\/section>\n\t\t\t\t<section class=\"elementor-section elementor-top-section elementor-element elementor-element-e4317ef elementor-section-boxed elementor-section-height-default elementor-section-height-default\" data-id=\"e4317ef\" data-element_type=\"section\" data-e-type=\"section\">\n\t\t\t\t\t\t<div class=\"elementor-container elementor-column-gap-default\">\n\t\t\t\t\t<div class=\"elementor-column elementor-col-33 elementor-top-column elementor-element elementor-element-2047c73\" data-id=\"2047c73\" data-element_type=\"column\" data-e-type=\"column\">\n\t\t\t<div class=\"elementor-widget-wrap elementor-element-populated\">\n\t\t\t\t\t\t<div class=\"elementor-element elementor-element-60258f4 elementor-widget elementor-widget-heading\" data-id=\"60258f4\" data-element_type=\"widget\" data-e-type=\"widget\" data-widget_type=\"heading.default\">\n\t\t\t\t<div class=\"elementor-widget-container\">\n\t\t\t\t\t<h2 class=\"elementor-heading-title elementor-size-default\">Sujet Sp\u00e9cial: questions autochtones \/changement climatique<\/h2>\t\t\t\t<\/div>\n\t\t\t\t<\/div>\n\t\t\t\t\t<\/div>\n\t\t<\/div>\n\t\t\t\t<div class=\"elementor-column elementor-col-66 elementor-top-column elementor-element elementor-element-1bab916\" data-id=\"1bab916\" data-element_type=\"column\" data-e-type=\"column\">\n\t\t\t<div class=\"elementor-widget-wrap elementor-element-populated\">\n\t\t\t\t\t\t<div class=\"elementor-element elementor-element-28381da elementor-widget elementor-widget-text-editor\" data-id=\"28381da\" data-element_type=\"widget\" data-e-type=\"widget\" data-widget_type=\"text-editor.default\">\n\t\t\t\t<div class=\"elementor-widget-container\">\n\t\t\t\t\t\t\t\t\t<p><span style=\"font-weight: 400;\"><strong><span style=\"color: #d30000; font-size: 14pt;\">LAUR\u00c9ATS: <\/span>Gordon Hoekstra, Glenda Luymes et Nathan Griffiths, The Vancouver Sun\/The Province<\/strong>, pour leur enqu\u00eate fond\u00e9e sur des donn\u00e9es concernant le niveau de pr\u00e9paration des communaut\u00e9s de la Colombie-Britannique pour un monde o\u00f9 les incendies et les inondations sont de plus en plus fr\u00e9quents.<\/span><\/p><ul><li id=\"articleTitle\" class=\"article-title\"><a href=\"https:\/\/vancouversun.com\/news\/local-news\/fire-flood-bc-facing-two-extremes-series-part-1\" target=\"_blank\" rel=\"noopener\">We&rsquo;re not prepared when extreme wildfires, flooding hit B.C. Here&rsquo;s why.<\/a><\/li><li id=\"articleTitle\" class=\"article-title\"><a href=\"https:\/\/vancouversun.com\/news\/local-news\/fire-flood-bc-facing-two-extremes-series-part-2\" target=\"_blank\" rel=\"noopener\">Fire &amp; Flood, Facing Two Extremes: Not keeping up is catching up with B.C.<\/a><\/li><li id=\"articleTitle\" class=\"article-title\"><a href=\"https:\/\/vancouversun.com\/news\/local-news\/fire-flood-bc-facing-two-extremes-series-part-3\">Fire &amp; Flood, Facing Two Extremes: Spend now or future wildfires will be far worse in B.C.<\/a><\/li><li id=\"articleTitle\" class=\"article-title\"><a href=\"https:\/\/vancouversun.com\/news\/local-news\/fire-flood-bc-facing-two-extremes-series-part-4\">Fire &amp; Flood, Facing Two Extremes: B.C. First Nations fight for a seat at the planning table<\/a><\/li><li id=\"articleTitle\" class=\"article-title\"><a href=\"https:\/\/vancouversun.com\/news\/local-news\/fire-flood-bc-facing-two-extremes-series-part-7\">Fire &amp; Flood, Facing Two Extremes: Why B.C. can&rsquo;t always build its way out of risks<\/a><\/li><li><a href=\"https:\/\/vancouversun.com\/news\/local-news\/david-eby-announces-bc-emergency-management-climate-ministry\">Premier David Eby creates new ministry to make sure B.C. is &lsquo;ready to go&rsquo; for next disaster<\/a><\/li><li><a href=\"https:\/\/vancouversun.com\/news\/local-news\/b-c-launches-strategy-to-protect-communities-from-climate-change-critics-say-more-work-needed\">B.C. launches strategy to protect communities from climate change, critics say more work needed<\/a><\/li><li><a href=\"https:\/\/vancouversun.com\/news\/local-news\/ubcm-delegates-call-on-province-to-take-back-responsibility-for-dikes-significantly-increase-flood-protection-funding\">UBCM delegates call on province to take back responsibility for dikes, &lsquo;significantly&rsquo; increase flood protection funding<\/a><\/li><li><a href=\"https:\/\/vancouversun.com\/news\/local-news\/b-c-flood-funding-one-year-after-natural-disaster-no-answers-to-questions-on-protection-upgrades\">B.C. floods: One year after disaster and there is \u2018no money to prevent the train wreck\u2019 that\u2019s coming<\/a><\/li><li><a href=\"https:\/\/vancouversun.com\/news\/local-news\/long-road-home-frustration-in-lytton-one-year-after-devastating-fire?r\">Long road home: Frustration in Lytton one year after devastating fire<\/a><\/li><\/ul>\t\t\t\t\t\t\t\t<\/div>\n\t\t\t\t<\/div>\n\t\t\t\t<div class=\"elementor-element elementor-element-12483a4 elementor-widget elementor-widget-text-editor\" data-id=\"12483a4\" data-element_type=\"widget\" data-e-type=\"widget\" data-widget_type=\"text-editor.default\">\n\t\t\t\t<div class=\"elementor-widget-container\">\n\t\t\t\t\t\t\t\t\t<p><span style=\"font-weight: 400;\"><strong>The Narwhal<\/strong>, pour leur couverture int\u00e9gr\u00e9e des questions autochtones et du changement climatique, ainsi que de l&rsquo;impact des programmes \u00abGardiens autochtones\u00bb.<\/span><\/p><ul><li><a href=\"https:\/\/thenarwhal.ca\/indigenous-guardians-conservation-bc\/\" target=\"_blank\" rel=\"noopener\">The frontline of conservation: how Indigenous guardians are reinforcing sovereignty and science on their lands.<\/a><\/li><li><a href=\"https:\/\/thenarwhal.ca\/saskatchewan-sakitawak-ipca\/\">A Saskatchewan M\u00e9tis community wants to save its land. Dealing with government? \u2018Like talking to a wall\u2019<\/a><\/li><li><a href=\"https:\/\/thenarwhal.ca\/gitxsan-nation-protected-area\/\">\u2018We are inseparable from our land\u2019: Gitxsan Nation house group declares 170,000 hectares of territory protected<\/a><\/li><li><a href=\"https:\/\/thenarwhal.ca\/ontario-resisting-indigenous-conservation-plans\/\">Ontario is resisting Canada\u2019s plans for Indigenous-led conservation areas<\/a><\/li><li><a href=\"https:\/\/thenarwhal.ca\/squamish-nation-estuary-restoration\/\">Inside a 50-year journey to reopen the \u2018lungs\u2019 of the Squamish river<\/a><\/li><li><a href=\"https:\/\/thenarwhal.ca\/ipca-mamalilikulla\/\">The Mamalikikulla\u2019s long journey home<\/a><\/li><li><a href=\"https:\/\/thenarwhal.ca\/seal-river-indigenous-guardians-manitoba\/\">Indigenous guardian program brings hope, sovereignty to Manitoba\u2019s last undammed river<\/a><\/li><li><a href=\"https:\/\/thenarwhal.ca\/indigenous-protected-areas-ipca-hurdles\/\">The promise and peril of Canada\u2019s approach to Indigenous protected areas<\/a><\/li><\/ul>\t\t\t\t\t\t\t\t<\/div>\n\t\t\t\t<\/div>\n\t\t\t\t<div class=\"elementor-element elementor-element-ee5677a elementor-widget elementor-widget-text-editor\" data-id=\"ee5677a\" data-element_type=\"widget\" data-e-type=\"widget\" data-widget_type=\"text-editor.default\">\n\t\t\t\t<div class=\"elementor-widget-container\">\n\t\t\t\t\t\t\t\t\t<p><span style=\"font-weight: 400;\"><strong>Julia-Simone Rutgers, The Winnipeg Free Press et The Narwhal<\/strong>, pour ses reportages sur l&rsquo;impact quotidien du changement climatique sur les Manitobains et, en particulier, la population de\u00a0 Winnipeg. <\/span><\/p><ul><li><a href=\"https:\/\/www.winnipegfreepress.com\/breakingnews\/2022\/06\/10\/from-rotting-trash-to-rich-treasure\" target=\"_blank\" rel=\"noopener\">From rotting \u2018trash\u2019 to rich treasure<\/a><\/li><li><a href=\"https:\/\/www.winnipegfreepress.com\/breakingnews\/2022\/07\/02\/winnipegs-shiny-plan-for-net-zero-emissions\">Winnipeg\u2019s shiny plan for net-zero emissions<\/a><\/li><li><a href=\"https:\/\/www.winnipegfreepress.com\/breakingnews\/2022\/07\/30\/hung-out-to-dry\">Hung out to dry<\/a><\/li><li><a href=\"https:\/\/www.winnipegfreepress.com\/arts-and-life\/life\/sci-tech\/2022\/08\/20\/full_charge_ahead\">Full charge ahead<\/a><\/li><li><a href=\"https:\/\/www.winnipegfreepress.com\/breakingnews\/2022\/09\/01\/lighting-a-fire-under-geothermal\">Lighting a fire under geothermal<\/a><\/li><li><a href=\"https:\/\/www.winnipegfreepress.com\/featured\/2022\/09\/29\/on-leaf-support\">On leaf support<\/a><\/li><li><a href=\"https:\/\/www.winnipegfreepress.com\/featured\/2022\/10\/21\/potholes-take-their-toll\">Potholes take their toll<\/a><\/li><li><a href=\"http:\/\/winnipegfreepress.com\/arts-and-life\/life\/greenpage\/2022\/11\/17\/guardians-of-the-future\">Guardians of the future<\/a><\/li><li><a href=\"https:\/\/www.winnipegfreepress.com\/featured\/2022\/12\/16\/zombie-deer-in-crosshairs\">\u2018Zombie deer\u2019 in crosshairs<\/a><\/li><\/ul>\t\t\t\t\t\t\t\t<\/div>\n\t\t\t\t<\/div>\n\t\t\t\t\t<\/div>\n\t\t<\/div>\n\t\t\t\t\t<\/div>\n\t\t<\/section>\n\t\t\t\t<section class=\"elementor-section elementor-top-section elementor-element elementor-element-8f4ed8c elementor-section-boxed elementor-section-height-default elementor-section-height-default\" data-id=\"8f4ed8c\" data-element_type=\"section\" data-e-type=\"section\">\n\t\t\t\t\t\t<div class=\"elementor-container elementor-column-gap-default\">\n\t\t\t\t\t<div class=\"elementor-column elementor-col-33 elementor-top-column elementor-element elementor-element-7c9534f\" data-id=\"7c9534f\" data-element_type=\"column\" data-e-type=\"column\">\n\t\t\t<div class=\"elementor-widget-wrap elementor-element-populated\">\n\t\t\t\t\t\t<div class=\"elementor-element elementor-element-8344e8e elementor-widget elementor-widget-heading\" data-id=\"8344e8e\" data-element_type=\"widget\" data-e-type=\"widget\" data-widget_type=\"heading.default\">\n\t\t\t\t<div class=\"elementor-widget-container\">\n\t\t\t\t\t<h2 class=\"elementor-heading-title elementor-size-default\">Sport<\/h2>\t\t\t\t<\/div>\n\t\t\t\t<\/div>\n\t\t\t\t\t<\/div>\n\t\t<\/div>\n\t\t\t\t<div class=\"elementor-column elementor-col-66 elementor-top-column elementor-element elementor-element-4980596\" data-id=\"4980596\" data-element_type=\"column\" data-e-type=\"column\">\n\t\t\t<div class=\"elementor-widget-wrap elementor-element-populated\">\n\t\t\t\t\t\t<div class=\"elementor-element elementor-element-24e0f20 elementor-widget elementor-widget-text-editor\" data-id=\"24e0f20\" data-element_type=\"widget\" data-e-type=\"widget\" data-widget_type=\"text-editor.default\">\n\t\t\t\t<div class=\"elementor-widget-container\">\n\t\t\t\t\t\t\t\t\t<p><span style=\"font-weight: 400;\"><strong><span style=\"color: #d30000; font-size: 14pt;\">LAUR\u00c9AT: <\/span>Grant Robertson, Globe and Mail<\/strong>, <\/span><span style=\"font-weight: 400;\">pour sa s\u00e9rie en trois parties sur les finances de Hockey Canada, le Fonds national de capitaux propres et le lien entre les cotisations des joueurs et les agressions sexuelles.<\/span><\/p><ul><li class=\"c-primary-title hl-3 hl-3-md font-pratt-bold c-primary-title-news\"><a href=\"https:\/\/www.theglobeandmail.com\/canada\/article-hockey-canada-fund-sexual-assault-allegations\/\" target=\"_blank\" rel=\"noopener\">How Hockey Canada used registration fees to build a fund to cover sexual-assault claims<\/a><\/li><li class=\"c-primary-title hl-3 hl-3-md font-pratt-bold c-primary-title-news\"><a href=\"https:\/\/www.theglobeandmail.com\/canada\/article-hockey-canada-finances-funding-assets\/#hc-documents\">How deep are Hockey Canada\u2019s pockets? Inside nearly 20 years of financial records it has kept private<\/a><\/li><li class=\"c-primary-title hl-3 hl-3-md font-pratt-bold c-primary-title-news\"><a href=\"https:\/\/www.theglobeandmail.com\/canada\/article-hockey-canada-fund-injuries-players\/\">As Hockey Canada settles sexual-assault claims, seriously injured players have to fight for compensation<\/a><\/li><\/ul>\t\t\t\t\t\t\t\t<\/div>\n\t\t\t\t<\/div>\n\t\t\t\t<div class=\"elementor-element elementor-element-5a91272 elementor-widget elementor-widget-text-editor\" data-id=\"5a91272\" data-element_type=\"widget\" data-e-type=\"widget\" data-widget_type=\"text-editor.default\">\n\t\t\t\t<div class=\"elementor-widget-container\">\n\t\t\t\t\t\t\t\t\t<p><span style=\"font-weight: 400;\"><strong>Lori Ewing, Presse Canadienne<\/strong>, pour sa couverture persistante du combat des athl\u00e8tes contre les mauvais traitements ainsi que de la crise conernant le sport s\u00e9curitaire au Canada.<\/span><\/p><ul><li><a href=\"https:\/\/nna-ccj.ca\/wp-content\/uploads\/2023\/03\/GYM-Canada-Lawsuit_Lori-Ewing.pdf\">Gymnastics Canada and provincial bodies face class-action lawsuit over alleged abuse<\/a><\/li><li><a href=\"https:\/\/nna-ccj.ca\/wp-content\/uploads\/2023\/03\/BOB-Canada-Letter_Lori-Ewing.pdf\">Canadian bobsled, skeleton athletes calling for resignations amid toxic culture<\/a><\/li><li><a href=\"https:\/\/nna-ccj.ca\/wp-content\/uploads\/2023\/03\/OLY-Minister-NDAs_Lori-Ewing.pdf\">Sport minister St-Onge says NDAs in athlete agreements are contrary to safe sport<\/a><\/li><\/ul>\t\t\t\t\t\t\t\t<\/div>\n\t\t\t\t<\/div>\n\t\t\t\t<div class=\"elementor-element elementor-element-7c6f2ed elementor-widget elementor-widget-text-editor\" data-id=\"7c6f2ed\" data-element_type=\"widget\" data-e-type=\"widget\" data-widget_type=\"text-editor.default\">\n\t\t\t\t<div class=\"elementor-widget-container\">\n\t\t\t\t\t\t\t\t\t<p><span style=\"font-weight: 400;\"><strong>Cathal Kelly, Globe and Mail<\/strong>, <\/span><span style=\"font-weight: 400;\">pour des chroniques sur l&rsquo;hommage rendu par les Maple Leafs \u00e0 Borje Salming quelques semaines avant qu&rsquo;il ne d\u00e9c\u00e8de de la SLA, sur la retraite de Serena Williams et sur Alphonso Davies qui a propuls\u00e9 l&rsquo;\u00e9quipe masculine de soccer du Canada sur la sc\u00e8ne mondiale.<\/span><\/p><ul><li class=\"c-primary-title hl-3 hl-3-md font-pratt-bold c-primary-title-feature\"><a href=\"https:\/\/www.theglobeandmail.com\/sports\/article-at-night-honouring-borje-salming-the-leafs-great-gets-his-own-lou\/\">At a night honouring Borje Salming, the Leafs great gets his own Lou Gehrig moment<\/a><\/li><\/ul><header><div id=\"skip-link-target\" tabindex=\"-1\"><ul><li class=\"c-primary-title hl-3 hl-3-md font-pratt-bold c-primary-title-feature\"><a href=\"https:\/\/www.theglobeandmail.com\/sports\/article-serena-williams-comes-full-circle-as-she-prepares-for-her-final-bow\/\">Serena Williams comes full circle as she prepares for her final bow<\/a><\/li><\/ul><div class=\"l-article-title\"><header><div id=\"skip-link-target\" tabindex=\"-1\"><ul><li class=\"c-primary-title hl-3 hl-3-md font-pratt-bold c-primary-title-feature\"><a href=\"https:\/\/www.theglobeandmail.com\/sports\/article-alphonso-davies-deserves-full-credit-for-solving-the-problem-of\/\">Alphonso Davies deserves full credit for solving the problem of Canadian men\u2019s soccer<\/a><\/li><\/ul><\/div><\/header><\/div><div class=\"l-grid l-grid--main\"><div class=\"c-article-meta c-article-meta__default acl-1 font-gmsans\"><div class=\"o-media\"><div class=\"o-media__media\"><div class=\"c-article-meta__image c-article-meta__image--small\"><a class=\"c-article-meta__image-link\" href=\"https:\/\/www.theglobeandmail.com\/authors\/cathal-kelly\/\"><picture><source srcset=\"https:\/\/www.theglobeandmail.com\/resizer\/sps2go4U08qnge2AlPP6At5x4EI=\/300x200\/filters:quality(80):format(webp)\/s3.amazonaws.com\/arc-authors\/tgam\/ebfbcfe1-62bc-4787-821c-d8ab8b7697b2.JPG 300w\" type=\"image\/webp\" sizes=\"70px\" \/><source srcset=\"https:\/\/www.theglobeandmail.com\/resizer\/gWwqGK3nm5sHt2-6fmjMdtdwLMc=\/300x200\/filters:quality(80):format(jpeg)\/s3.amazonaws.com\/arc-authors\/tgam\/ebfbcfe1-62bc-4787-821c-d8ab8b7697b2.JPG 300w\" type=\"image\/jpeg\" sizes=\"70px\" \/><\/picture><\/a><\/div><\/div><\/div><\/div><\/div><\/div><div class=\"c-article-meta c-article-meta__default acl-1 font-gmsans\"><div class=\"o-media\"><div class=\"o-media__media\"><div class=\"c-article-meta__image c-article-meta__image--small\"><a class=\"c-article-meta__image-link\" href=\"https:\/\/www.theglobeandmail.com\/authors\/cathal-kelly\/\"><picture><source srcset=\"https:\/\/www.theglobeandmail.com\/resizer\/sps2go4U08qnge2AlPP6At5x4EI=\/300x200\/filters:quality(80):format(webp)\/s3.amazonaws.com\/arc-authors\/tgam\/ebfbcfe1-62bc-4787-821c-d8ab8b7697b2.JPG 300w\" type=\"image\/webp\" sizes=\"70px\" \/><source srcset=\"https:\/\/www.theglobeandmail.com\/resizer\/gWwqGK3nm5sHt2-6fmjMdtdwLMc=\/300x200\/filters:quality(80):format(jpeg)\/s3.amazonaws.com\/arc-authors\/tgam\/ebfbcfe1-62bc-4787-821c-d8ab8b7697b2.JPG 300w\" type=\"image\/jpeg\" sizes=\"70px\" \/><\/picture><\/a><\/div><\/div><\/div><\/div><\/header>\t\t\t\t\t\t\t\t<\/div>\n\t\t\t\t<\/div>\n\t\t\t\t\t<\/div>\n\t\t<\/div>\n\t\t\t\t\t<\/div>\n\t\t<\/section>\n\t\t\t\t<section class=\"elementor-section elementor-top-section elementor-element elementor-element-0d217b3 elementor-section-boxed elementor-section-height-default elementor-section-height-default\" data-id=\"0d217b3\" data-element_type=\"section\" data-e-type=\"section\">\n\t\t\t\t\t\t<div class=\"elementor-container elementor-column-gap-default\">\n\t\t\t\t\t<div class=\"elementor-column elementor-col-33 elementor-top-column elementor-element elementor-element-487d908\" data-id=\"487d908\" data-element_type=\"column\" data-e-type=\"column\">\n\t\t\t<div class=\"elementor-widget-wrap elementor-element-populated\">\n\t\t\t\t\t\t<div class=\"elementor-element elementor-element-9132dba elementor-widget elementor-widget-heading\" data-id=\"9132dba\" data-element_type=\"widget\" data-e-type=\"widget\" data-widget_type=\"heading.default\">\n\t\t\t\t<div class=\"elementor-widget-container\">\n\t\t\t\t\t<h2 class=\"elementor-heading-title elementor-size-default\">Photo de sport<\/h2>\t\t\t\t<\/div>\n\t\t\t\t<\/div>\n\t\t\t\t\t<\/div>\n\t\t<\/div>\n\t\t\t\t<div class=\"elementor-column elementor-col-66 elementor-top-column elementor-element elementor-element-cec1ee2\" data-id=\"cec1ee2\" data-element_type=\"column\" data-e-type=\"column\">\n\t\t\t<div class=\"elementor-widget-wrap elementor-element-populated\">\n\t\t\t\t\t\t<div class=\"elementor-element elementor-element-a8cef3a elementor-widget elementor-widget-text-editor\" data-id=\"a8cef3a\" data-element_type=\"widget\" data-e-type=\"widget\" data-widget_type=\"text-editor.default\">\n\t\t\t\t<div class=\"elementor-widget-container\">\n\t\t\t\t\t\t\t\t\t<p><span style=\"font-weight: 400;\"><strong><span style=\"color: #d30000; font-size: 14pt;\">LAUR\u00c9AT: <\/span>Frank Gunn, Presse Canadienne<\/strong>, pour le clich\u00e9 d\u2019une collision entre l&rsquo;arr\u00eat-court des Blue Jays de Toronto, Bo Bichette, et le joueur de champ centre George Springer.<\/span><\/p>\t\t\t\t\t\t\t\t<\/div>\n\t\t\t\t<\/div>\n\t\t\t\t<div class=\"elementor-element elementor-element-70379a8 elementor-widget elementor-widget-gallery\" data-id=\"70379a8\" data-element_type=\"widget\" data-e-type=\"widget\" data-settings=\"{&quot;columns&quot;:5,&quot;aspect_ratio&quot;:&quot;4:3&quot;,&quot;lazyload&quot;:&quot;yes&quot;,&quot;gallery_layout&quot;:&quot;grid&quot;,&quot;columns_tablet&quot;:2,&quot;columns_mobile&quot;:1,&quot;gap&quot;:{&quot;unit&quot;:&quot;px&quot;,&quot;size&quot;:10,&quot;sizes&quot;:[]},&quot;gap_tablet&quot;:{&quot;unit&quot;:&quot;px&quot;,&quot;size&quot;:10,&quot;sizes&quot;:[]},&quot;gap_mobile&quot;:{&quot;unit&quot;:&quot;px&quot;,&quot;size&quot;:10,&quot;sizes&quot;:[]},&quot;link_to&quot;:&quot;file&quot;,&quot;overlay_background&quot;:&quot;yes&quot;,&quot;content_hover_animation&quot;:&quot;fade-in&quot;}\" data-widget_type=\"gallery.default\">\n\t\t\t\t<div class=\"elementor-widget-container\">\n\t\t\t\t\t\t\t<div class=\"elementor-gallery__container\">\n\t\t\t\t\t\t\t<a class=\"e-gallery-item elementor-gallery-item elementor-animated-content\" href=\"https:\/\/nna-ccj.ca\/wp-content\/uploads\/2023\/03\/SeasonEndingCollision-scaled.jpg\" data-elementor-open-lightbox=\"yes\" data-elementor-lightbox-slideshow=\"70379a8\" data-e-action-hash=\"#elementor-action%3Aaction%3Dlightbox%26settings%3DeyJpZCI6NzIwOSwidXJsIjoiaHR0cHM6XC9cL25uYS1jY2ouY2FcL3dwLWNvbnRlbnRcL3VwbG9hZHNcLzIwMjNcLzAzXC9TZWFzb25FbmRpbmdDb2xsaXNpb24tc2NhbGVkLmpwZyIsInNsaWRlc2hvdyI6IjcwMzc5YTgifQ%3D%3D\">\n\t\t\t\t\t<div class=\"e-gallery-image elementor-gallery-item__image\" data-thumbnail=\"https:\/\/nna-ccj.ca\/wp-content\/uploads\/2023\/03\/SeasonEndingCollision-150x150.jpg\" data-width=\"150\" data-height=\"150\" aria-label=\"\" role=\"img\" ><\/div>\n\t\t\t\t\t\t\t\t\t\t\t<div class=\"elementor-gallery-item__overlay\"><\/div>\n\t\t\t\t\t\t\t\t\t\t\t\t\t\t<\/a>\n\t\t\t\t\t<\/div>\n\t\t\t\t\t<\/div>\n\t\t\t\t<\/div>\n\t\t\t\t<div class=\"elementor-element elementor-element-b25eafd elementor-widget elementor-widget-text-editor\" data-id=\"b25eafd\" data-element_type=\"widget\" data-e-type=\"widget\" data-widget_type=\"text-editor.default\">\n\t\t\t\t<div class=\"elementor-widget-container\">\n\t\t\t\t\t\t\t\t\t<p><span style=\"font-weight: 400;\"><strong>Frank Gunn, Presse Canadienne<\/strong>, pour une photo d&rsquo;une skieuse d\u00e9valant la piste \u00e0 Lac Louise en vue de remporter un titre de descente de la Coupe du monde de ski alpin.<\/span><\/p>\t\t\t\t\t\t\t\t<\/div>\n\t\t\t\t<\/div>\n\t\t\t\t<div class=\"elementor-element elementor-element-2c8b771 elementor-widget elementor-widget-gallery\" data-id=\"2c8b771\" data-element_type=\"widget\" data-e-type=\"widget\" data-settings=\"{&quot;columns&quot;:5,&quot;aspect_ratio&quot;:&quot;4:3&quot;,&quot;lazyload&quot;:&quot;yes&quot;,&quot;gallery_layout&quot;:&quot;grid&quot;,&quot;columns_tablet&quot;:2,&quot;columns_mobile&quot;:1,&quot;gap&quot;:{&quot;unit&quot;:&quot;px&quot;,&quot;size&quot;:10,&quot;sizes&quot;:[]},&quot;gap_tablet&quot;:{&quot;unit&quot;:&quot;px&quot;,&quot;size&quot;:10,&quot;sizes&quot;:[]},&quot;gap_mobile&quot;:{&quot;unit&quot;:&quot;px&quot;,&quot;size&quot;:10,&quot;sizes&quot;:[]},&quot;link_to&quot;:&quot;file&quot;,&quot;overlay_background&quot;:&quot;yes&quot;,&quot;content_hover_animation&quot;:&quot;fade-in&quot;}\" data-widget_type=\"gallery.default\">\n\t\t\t\t<div class=\"elementor-widget-container\">\n\t\t\t\t\t\t\t<div class=\"elementor-gallery__container\">\n\t\t\t\t\t\t\t<a class=\"e-gallery-item elementor-gallery-item elementor-animated-content\" href=\"https:\/\/nna-ccj.ca\/wp-content\/uploads\/2023\/03\/CP165504783-scaled.jpg\" data-elementor-open-lightbox=\"yes\" data-elementor-lightbox-slideshow=\"2c8b771\" data-elementor-lightbox-title=\"YEAR DIARY PHOTOS\" data-e-action-hash=\"#elementor-action%3Aaction%3Dlightbox%26settings%3DeyJpZCI6NzIxNSwidXJsIjoiaHR0cHM6XC9cL25uYS1jY2ouY2FcL3dwLWNvbnRlbnRcL3VwbG9hZHNcLzIwMjNcLzAzXC9DUDE2NTUwNDc4My1zY2FsZWQuanBnIiwic2xpZGVzaG93IjoiMmM4Yjc3MSJ9\">\n\t\t\t\t\t<div class=\"e-gallery-image elementor-gallery-item__image\" data-thumbnail=\"https:\/\/nna-ccj.ca\/wp-content\/uploads\/2023\/03\/CP165504783-150x150.jpg\" data-width=\"150\" data-height=\"150\" aria-label=\"\" role=\"img\" ><\/div>\n\t\t\t\t\t\t\t\t\t\t\t<div class=\"elementor-gallery-item__overlay\"><\/div>\n\t\t\t\t\t\t\t\t\t\t\t\t\t\t<\/a>\n\t\t\t\t\t<\/div>\n\t\t\t\t\t<\/div>\n\t\t\t\t<\/div>\n\t\t\t\t<div class=\"elementor-element elementor-element-403632b elementor-widget elementor-widget-text-editor\" data-id=\"403632b\" data-element_type=\"widget\" data-e-type=\"widget\" data-widget_type=\"text-editor.default\">\n\t\t\t\t<div class=\"elementor-widget-container\">\n\t\t\t\t\t\t\t\t\t<p><span style=\"font-weight: 400;\"><strong>Tim Krochak, Halifax Chronicle Herald<\/strong>, pour une image a\u00e9rienne, capt\u00e9e \u00e0 partir d&rsquo;un drone ultral\u00e9ger, du d\u00e9part d&rsquo;une course lors des \u00e9preuves de sprint de Canoe Kayak Canada.<\/span><\/p>\t\t\t\t\t\t\t\t<\/div>\n\t\t\t\t<\/div>\n\t\t\t\t<div class=\"elementor-element elementor-element-36be313 elementor-widget elementor-widget-gallery\" data-id=\"36be313\" data-element_type=\"widget\" data-e-type=\"widget\" data-settings=\"{&quot;columns&quot;:5,&quot;aspect_ratio&quot;:&quot;4:3&quot;,&quot;lazyload&quot;:&quot;yes&quot;,&quot;gallery_layout&quot;:&quot;grid&quot;,&quot;columns_tablet&quot;:2,&quot;columns_mobile&quot;:1,&quot;gap&quot;:{&quot;unit&quot;:&quot;px&quot;,&quot;size&quot;:10,&quot;sizes&quot;:[]},&quot;gap_tablet&quot;:{&quot;unit&quot;:&quot;px&quot;,&quot;size&quot;:10,&quot;sizes&quot;:[]},&quot;gap_mobile&quot;:{&quot;unit&quot;:&quot;px&quot;,&quot;size&quot;:10,&quot;sizes&quot;:[]},&quot;link_to&quot;:&quot;file&quot;,&quot;overlay_background&quot;:&quot;yes&quot;,&quot;content_hover_animation&quot;:&quot;fade-in&quot;}\" data-widget_type=\"gallery.default\">\n\t\t\t\t<div class=\"elementor-widget-container\">\n\t\t\t\t\t\t\t<div class=\"elementor-gallery__container\">\n\t\t\t\t\t\t\t<a class=\"e-gallery-item elementor-gallery-item elementor-animated-content\" href=\"https:\/\/nna-ccj.ca\/wp-content\/uploads\/2023\/03\/Blast_Off-scaled.jpg\" data-elementor-open-lightbox=\"yes\" data-elementor-lightbox-slideshow=\"36be313\" data-elementor-lightbox-title=\"BLAST OFF\" data-e-action-hash=\"#elementor-action%3Aaction%3Dlightbox%26settings%3DeyJpZCI6NzIxMywidXJsIjoiaHR0cHM6XC9cL25uYS1jY2ouY2FcL3dwLWNvbnRlbnRcL3VwbG9hZHNcLzIwMjNcLzAzXC9CbGFzdF9PZmYtc2NhbGVkLmpwZyIsInNsaWRlc2hvdyI6IjM2YmUzMTMifQ%3D%3D\">\n\t\t\t\t\t<div class=\"e-gallery-image elementor-gallery-item__image\" data-thumbnail=\"https:\/\/nna-ccj.ca\/wp-content\/uploads\/2023\/03\/Blast_Off-150x150.jpg\" data-width=\"150\" data-height=\"150\" aria-label=\"\" role=\"img\" ><\/div>\n\t\t\t\t\t\t\t\t\t\t\t<div class=\"elementor-gallery-item__overlay\"><\/div>\n\t\t\t\t\t\t\t\t\t\t\t\t\t\t<\/a>\n\t\t\t\t\t<\/div>\n\t\t\t\t\t<\/div>\n\t\t\t\t<\/div>\n\t\t\t\t\t<\/div>\n\t\t<\/div>\n\t\t\t\t\t<\/div>\n\t\t<\/section>\n\t\t\t\t<section class=\"elementor-section elementor-top-section elementor-element elementor-element-602a924 elementor-section-boxed elementor-section-height-default elementor-section-height-default\" data-id=\"602a924\" data-element_type=\"section\" data-e-type=\"section\">\n\t\t\t\t\t\t<div class=\"elementor-container elementor-column-gap-default\">\n\t\t\t\t\t<div class=\"elementor-column elementor-col-33 elementor-top-column elementor-element elementor-element-e7aa0ac\" data-id=\"e7aa0ac\" data-element_type=\"column\" data-e-type=\"column\">\n\t\t\t<div class=\"elementor-widget-wrap elementor-element-populated\">\n\t\t\t\t\t\t<div class=\"elementor-element elementor-element-4688c58 elementor-widget elementor-widget-heading\" data-id=\"4688c58\" data-element_type=\"widget\" data-e-type=\"widget\" data-widget_type=\"heading.default\">\n\t\t\t\t<div class=\"elementor-widget-container\">\n\t\t\t\t\t<h2 class=\"elementor-heading-title elementor-size-default\">Reportage soutenu<\/h2>\t\t\t\t<\/div>\n\t\t\t\t<\/div>\n\t\t\t\t\t<\/div>\n\t\t<\/div>\n\t\t\t\t<div class=\"elementor-column elementor-col-66 elementor-top-column elementor-element elementor-element-7bc5b9b\" data-id=\"7bc5b9b\" data-element_type=\"column\" data-e-type=\"column\">\n\t\t\t<div class=\"elementor-widget-wrap elementor-element-populated\">\n\t\t\t\t\t\t<div class=\"elementor-element elementor-element-2411804 elementor-widget elementor-widget-text-editor\" data-id=\"2411804\" data-element_type=\"widget\" data-e-type=\"widget\" data-widget_type=\"text-editor.default\">\n\t\t\t\t<div class=\"elementor-widget-container\">\n\t\t\t\t\t\t\t\t\t<p><span style=\"font-weight: 400;\"><strong><span style=\"color: #d30000; font-size: 14pt;\">LAUR\u00c9AT: <\/span>Vincent Larouche, La Presse<\/strong>, pour la couverture continue du dossier d\u2019un proc\u00e8s criminel secret jug\u00e9 \u00abincompatible avec les valeurs d&rsquo;une d\u00e9mocratie lib\u00e9rale\u00bb par la Cour d&rsquo;appel du Qu\u00e9bec.<\/span><\/p><ul><li class=\"headlines titleModule \"><a href=\"https:\/\/www.lapresse.ca\/actualites\/2022-11-22\/proces-secret\/la-couronne-a-eu-des-contacts-etroits-avec-le-ministre-lametti.php\" target=\"_blank\" rel=\"noopener\"><span class=\"title titleModule__main\">La Couronne a eu des contacts \u00e9troits avec le ministre Lametti<\/span><\/a><\/li><li class=\"headlines titleModule \"><a href=\"https:\/\/www.lapresse.ca\/actualites\/justice-et-faits-divers\/2022-03-30\/le-proces-secret-pilote-par-la-couronne-federale-et-la-grc.php#:~:text=Le\" target=\"_blank\" rel=\"noopener\"><span class=\"title titleModule__main\">Le proc\u00e8s secret pilot\u00e9 par la couronne f\u00e9d\u00e9rale et la GRC<\/span><\/a><\/li><li class=\"headlines titleModule \"><a href=\"https:\/\/www.lapresse.ca\/actualites\/justice-et-faits-divers\/2022-03-25\/juge-dans-un-secret-total.php\"><span class=\"title titleModule__main\">Jug\u00e9 dans un secret total<\/span><\/a><\/li><li class=\"headlines titleModule \"><a href=\"https:\/\/www.lapresse.ca\/actualites\/justice-et-faits-divers\/2022-03-31\/le-patron-des-procureurs-nie-avoir-autorise-un-proces-secret.php#:~:text=Le\"><span class=\"title titleModule__main\">Le patron des procureurs nie avoir autoris\u00e9 un proc\u00e8s secret<\/span><\/a><\/li><li class=\"headlines titleModule \"><a href=\"https:\/\/www.lapresse.ca\/actualites\/justice-et-faits-divers\/2022-06-02\/proces-secret\/des-procureurs-comparaitront-le-visage-cache.php#:~:text=Des\"><span class=\"title titleModule__main\">Des procureurs compara\u00eetront le visage cach\u00e9<\/span><\/a><\/li><li class=\"headlines titleModule \"><a href=\"http:\/\/lapresse.ca\/actualites\/justice-et-faits-divers\/2022-06-06\/proces-secret\/les-procureurs-federaux-font-volte-face.php\"><span class=\"title titleModule__main\">Les procureurs f\u00e9d\u00e9raux font volte-face<\/span><\/a><\/li><li class=\"headlines titleModule \"><a href=\"https:\/\/www.lapresse.ca\/actualites\/justice-et-faits-divers\/2022-04-09\/proces-secret\/un-front-commun-de-medias-engage-des-procedures-judiciaires.php\"><span class=\"title titleModule__main\">Un front commun de m\u00e9dias engage des proc\u00e9dures judiciaires<\/span><\/a><\/li><li class=\"headlines titleModule \"><a href=\"https:\/\/www.lapresse.ca\/actualites\/justice-et-faits-divers\/2022-06-06\/proces-secret\/un-juge-qui-demande-de-taire-son-nom-ca-nous-inquiete-plaident-les-medias.php#:%E2%80%A6%201\/4\"><span class=\"title titleModule__main\">Un juge qui demande de taire son nom, \u00ab\u00a0\u00e7a nous inqui\u00e8te\u00a0\u00bb, plaident les m\u00e9dias<\/span><\/a><\/li><\/ul>\t\t\t\t\t\t\t\t<\/div>\n\t\t\t\t<\/div>\n\t\t\t\t<div class=\"elementor-element elementor-element-542d8ed elementor-widget elementor-widget-text-editor\" data-id=\"542d8ed\" data-element_type=\"widget\" data-e-type=\"widget\" data-widget_type=\"text-editor.default\">\n\t\t\t\t<div class=\"elementor-widget-container\">\n\t\t\t\t\t\t\t\t\t<p><span style=\"font-weight: 400;\"><strong>Sebastian Bron et Katrina Clarke, Hamilton Spectator<\/strong>, pour leur s\u00e9rie d&rsquo;articles qui ont fait bouger les choses \u00e0 la suite d&rsquo;une violation de la vie priv\u00e9e dans un h\u00f4pital de Hamilton.<\/span><\/p><ul><li><a href=\"https:\/\/www.thespec.com\/news\/hamilton-region\/2022\/02\/12\/st-josephs-healthcare-hamilton-privacy-breach-hospital-records.html\" target=\"_blank\" rel=\"noopener\">Son wants answers after St. Joe\u2019s staffer snoops into late mom\u2019s hospital records<\/a><\/li><li><a href=\"https:\/\/www.thespec.com\/news\/hamilton-region\/2022\/03\/08\/st-josephs-healthcare-hamilton-privacy-breach-hospital-records.html\">Why did a St. Joe\u2019s staff member snoop into the files of a dead mother and a baby boy who are unrelated but share a last name?<\/a><\/li><li><a href=\"https:\/\/www.thespec.com\/news\/hamilton-region\/2022\/03\/24\/st-joseph-healthcare-hamilton-privacy-breach-hospital-records.html\">St. Joe\u2019s fires employee who snooped into medical records of 49 patients \u2018out of curiosity\u2019<\/a><\/li><li><a href=\"https:\/\/www.thespec.com\/news\/hamilton-region\/2022\/04\/21\/st-josephs-healthcare-hamilton-privacy-breach.html\">St. Joe\u2019s reported more than 2,000 privacy breaches since 2018 \u2014 the second most in Ontario<\/a><\/li><li><a href=\"https:\/\/www.thespec.com\/news\/hamilton-region\/2022\/06\/27\/st-josephs-healthcare-hamilton-hospital-records-privacy-breach.html\">Depth of file snooping by fired St. Joe\u2019s worker a \u2018serious breach of medical ethics\u2019: expert<\/a><\/li><li><a href=\"https:\/\/www.thespec.com\/news\/hamilton-region\/2022\/08\/16\/st-josephs-healthcare-privacy-breach.html\">St. Joe\u2019s contacting 230 patients whose health records were faxed to wrong people<\/a><\/li><\/ul><ul><li><a href=\"https:\/\/www.thespec.com\/news\/hamilton-region\/2022\/08\/18\/st-joes-health-records-privacy-breach.html\">These St. Joe\u2019s staff accessed the health records of ex-relatives, former in-laws, colleagues and friends \u2014 and they weren\u2019t fired<\/a><\/li><li><a href=\"https:\/\/www.thespec.com\/news\/hamilton-region\/2022\/08\/19\/st-joes-hamilton-new-executive-position-patient-privacy.html\">St. Joe\u2019s creates new executive position for security of patient files amid backlash<\/a><\/li><\/ul>\t\t\t\t\t\t\t\t<\/div>\n\t\t\t\t<\/div>\n\t\t\t\t<div class=\"elementor-element elementor-element-b4dff47 elementor-widget elementor-widget-text-editor\" data-id=\"b4dff47\" data-element_type=\"widget\" data-e-type=\"widget\" data-widget_type=\"text-editor.default\">\n\t\t\t\t<div class=\"elementor-widget-container\">\n\t\t\t\t\t\t\t\t\t<p><span style=\"font-weight: 400;\"><strong>Grant Robertson, Robyn Doolittle, Joe Friesen, Colin Freeze et Susan Krashinsky Robertson, Globe and Mail<\/strong>, pour une couverture exclusive et explosive de Hockey Canada alors que l\u2019organisme r\u00e9pondait aux all\u00e9gations de viol contre des joueurs.<\/span><\/p><ul><li><a href=\"https:\/\/www.theglobeandmail.com\/canada\/article-hockey-canada-created-a-fund-for-sexual-assault-claims-documents\/\" target=\"_blank\" rel=\"noopener\">Hockey Canada used player fees to build a second fund for sexual assault claims<\/a>\u00a0<\/li><li><a href=\"https:\/\/www.theglobeandmail.com\/canada\/article-court-filing-reveals-new-details-about-alleged-hockey-canada-group\/\">Court filing reveals new details about alleged Hockey Canada group sexual assault<\/a>\u00a0<\/li><li><a href=\"https:\/\/www.theglobeandmail.com\/canada\/article-woman-at-centre-of-hockey-canada-allegations-interviewed-by-police\/\">Woman at centre of Hockey Canada scandal breaks silence<\/a>\u00a0<\/li><li><a href=\"https:\/\/www.theglobeandmail.com\/canada\/article-hockey-canada-sexual-assault-lawsuit-police\/\">Canadian world junior player asked woman whether she had gone to police after alleged sexual assault<\/a>\u00a0<\/li><li><a href=\"https:\/\/www.theglobeandmail.com\/canada\/article-london-police-reopen-investigation-in-alleged-sexual-assault-involving\/\">London police reopen investigation in alleged sexual assault involving members of 2018 world junior hockey team<\/a><\/li><li><a href=\"https:\/\/www.theglobeandmail.com\/canada\/article-hockey-canada-sexual-assault-settlement-federal-review\/\">Hockey Canada scored poorly in governance review before sexual-assault settlement controversy<\/a><\/li><li><a href=\"https:\/\/www.theglobeandmail.com\/canada\/article-bauer-drops-out-as-equipment-supplier-for-hockey-canada-mens-program\/\">Bauer drops out as equipment supplier for Hockey Canada men&rsquo;s program, pushes for leadership change<\/a><\/li><li><a href=\"https:\/\/www.theglobeandmail.com\/canada\/article-hockey-canada-sexual-assault-insurance\/\">Hockey Canada needs new leadership, treated sexual assault as an \u2018insurance problem,\u2019 says minister of sport<\/a><\/li><\/ul>\t\t\t\t\t\t\t\t<\/div>\n\t\t\t\t<\/div>\n\t\t\t\t\t<\/div>\n\t\t<\/div>\n\t\t\t\t\t<\/div>\n\t\t<\/section>\n\t\t\t\t<section class=\"elementor-section elementor-top-section elementor-element elementor-element-8fb7f64 elementor-section-boxed elementor-section-height-default elementor-section-height-default\" data-id=\"8fb7f64\" data-element_type=\"section\" data-e-type=\"section\">\n\t\t\t\t\t\t<div class=\"elementor-container elementor-column-gap-default\">\n\t\t\t\t\t<div class=\"elementor-column elementor-col-33 elementor-top-column elementor-element elementor-element-e0a3e3d\" data-id=\"e0a3e3d\" data-element_type=\"column\" data-e-type=\"column\">\n\t\t\t<div class=\"elementor-widget-wrap elementor-element-populated\">\n\t\t\t\t\t\t<div class=\"elementor-element elementor-element-dc62716 elementor-widget elementor-widget-heading\" data-id=\"dc62716\" data-element_type=\"widget\" data-e-type=\"widget\" data-widget_type=\"heading.default\">\n\t\t\t\t<div class=\"elementor-widget-container\">\n\t\t\t\t\t<h2 class=\"elementor-heading-title elementor-size-default\">Distinction honorifique sp\u00e9ciale<\/h2>\t\t\t\t<\/div>\n\t\t\t\t<\/div>\n\t\t\t\t<div class=\"elementor-element elementor-element-3396118 elementor-widget elementor-widget-image\" data-id=\"3396118\" data-element_type=\"widget\" data-e-type=\"widget\" data-widget_type=\"image.default\">\n\t\t\t\t<div class=\"elementor-widget-container\">\n\t\t\t\t\t\t\t\t\t\t\t\t\t\t\t<img decoding=\"async\" src=\"https:\/\/nna-ccj.ca\/wp-content\/uploads\/elementor\/thumbs\/Room-Up-Front-logo-qier04oohsgbv1nz7ldywlj5cjwtn6p0shflwdi5sg.jpg\" title=\"Room Up Front logo\" alt=\"Room Up Front logo\" loading=\"lazy\" \/>\t\t\t\t\t\t\t\t\t\t\t\t\t\t\t<\/div>\n\t\t\t\t<\/div>\n\t\t\t\t\t<\/div>\n\t\t<\/div>\n\t\t\t\t<div class=\"elementor-column elementor-col-66 elementor-top-column elementor-element elementor-element-39a3920\" data-id=\"39a3920\" data-element_type=\"column\" data-e-type=\"column\">\n\t\t\t<div class=\"elementor-widget-wrap elementor-element-populated\">\n\t\t\t\t\t\t<div class=\"elementor-element elementor-element-878c4ec elementor-widget elementor-widget-text-editor\" data-id=\"878c4ec\" data-element_type=\"widget\" data-e-type=\"widget\" data-widget_type=\"text-editor.default\">\n\t\t\t\t<div class=\"elementor-widget-container\">\n\t\t\t\t\t\t\t\t\t<p>\u00a0<\/p><p>\u00a0<\/p><p><span style=\"font-weight: 400;\"><strong><span style=\"color: #d30000; font-size: 14pt;\">LAUR\u00c9AT:\u00a0<\/span><\/strong><\/span><span style=\"font-style: normal; font-variant: normal; background-color: transparent; letter-spacing: 0px; font-size: 11pt; font-family: Arial; color: #000000; font-weight: bold; white-space: pre-wrap;\">Room Up Front<\/span><span style=\"font-style: normal; font-variant: normal; font-weight: 400; background-color: transparent; letter-spacing: 0px; font-size: 11pt; font-family: Arial; color: #000000; white-space: pre-wrap;\">, pour une initiative men\u00e9e par des b\u00e9n\u00e9voles qui vise \u00e0 lutter contre des in\u00e9galit\u00e9s de longue date au sein de la communaut\u00e9 du photojournalisme canadien en identifiant de jeunes talents PANDC et en leur fournissant une formation, des conseils et du soutien.<\/span><\/p>\t\t\t\t\t\t\t\t<\/div>\n\t\t\t\t<\/div>\n\t\t\t\t\t<\/div>\n\t\t<\/div>\n\t\t\t\t\t<\/div>\n\t\t<\/section>\n\t\t\t\t<section class=\"elementor-section elementor-top-section elementor-element elementor-element-84bbe98 elementor-section-boxed elementor-section-height-default elementor-section-height-default\" data-id=\"84bbe98\" data-element_type=\"section\" data-e-type=\"section\">\n\t\t\t\t\t\t<div class=\"elementor-container elementor-column-gap-default\">\n\t\t\t\t\t<div class=\"elementor-column elementor-col-33 elementor-top-column elementor-element elementor-element-53aefc1\" data-id=\"53aefc1\" data-element_type=\"column\" data-e-type=\"column\">\n\t\t\t<div class=\"elementor-widget-wrap\">\n\t\t\t\t\t\t\t<\/div>\n\t\t<\/div>\n\t\t\t\t<div class=\"elementor-column elementor-col-33 elementor-top-column elementor-element elementor-element-b0342c3\" data-id=\"b0342c3\" data-element_type=\"column\" data-e-type=\"column\">\n\t\t\t<div class=\"elementor-widget-wrap\">\n\t\t\t\t\t\t\t<\/div>\n\t\t<\/div>\n\t\t\t\t<div class=\"elementor-column elementor-col-33 elementor-top-column elementor-element elementor-element-486d78f\" data-id=\"486d78f\" data-element_type=\"column\" data-e-type=\"column\">\n\t\t\t<div class=\"elementor-widget-wrap\">\n\t\t\t\t\t\t\t<\/div>\n\t\t<\/div>\n\t\t\t\t\t<\/div>\n\t\t<\/section>\n\t\t\t\t<\/div>\n\t\t","protected":false},"excerpt":{"rendered":"<p>Les laur\u00e9ats et les candidatures en nomination 2022 Culture LAUR\u00c9ATS: Charles-\u00c9ric Blais-Poulin et Marissa Groguh\u00e9, La Presse, pour leur reportage sur une vague de suicides dans<span class=\"excerpt-hellip\"> [\u2026]<\/span><\/p>\n","protected":false},"author":1,"featured_media":0,"parent":0,"menu_order":0,"comment_status":"closed","ping_status":"closed","template":"","meta":{"footnotes":""},"class_list":["post-7256","page","type-page","status-publish","hentry"],"yoast_head":"<!-- This site is optimized with the Yoast SEO plugin v27.5 - https:\/\/yoast.com\/product\/yoast-seo-wordpress\/ -->\n<title>Les laur\u00e9ats et les candidatures en nomination 2022 - National Newspaper Awards<\/title>\n<meta name=\"robots\" content=\"index, follow, max-snippet:-1, max-image-preview:large, max-video-preview:-1\" \/>\n<link rel=\"canonical\" href=\"https:\/\/nna-ccj.ca\/2022-nominees\/\" \/>\n<meta property=\"og:locale\" content=\"fr_FR\" \/>\n<meta property=\"og:type\" content=\"article\" \/>\n<meta property=\"og:title\" content=\"Les laur\u00e9ats et les candidatures en nomination 2022 - National Newspaper Awards\" \/>\n<meta property=\"og:description\" content=\"Les laur\u00e9ats et les candidatures en nomination 2022 Culture LAUR\u00c9ATS: Charles-\u00c9ric Blais-Poulin et Marissa Groguh\u00e9, La Presse, pour leur reportage sur une vague de suicides dans [\u2026]\" \/>\n<meta property=\"og:url\" content=\"https:\/\/nna-ccj.ca\/2022-nominees\/\" \/>\n<meta property=\"og:site_name\" content=\"National Newspaper Awards\" \/>\n<meta property=\"article:modified_time\" content=\"2023-11-16T19:41:45+00:00\" \/>\n<meta property=\"og:image\" content=\"https:\/\/nna-ccj.ca\/wp-content\/uploads\/elementor\/thumbs\/Joan-Hollobon-portrait-1960a-1-scaled-pyals3gd4bly2hphj8yt5skyvzoxnydfg6y8wkzxzk.jpg\" \/>\n<meta name=\"twitter:card\" content=\"summary_large_image\" \/>\n<meta name=\"twitter:label1\" content=\"Dur\u00e9e de lecture estim\u00e9e\" \/>\n\t<meta name=\"twitter:data1\" content=\"25 minutes\" \/>\n<script type=\"application\/ld+json\" class=\"yoast-schema-graph\">{\"@context\":\"https:\\\/\\\/schema.org\",\"@graph\":[{\"@type\":\"WebPage\",\"@id\":\"https:\\\/\\\/nna-ccj.ca\\\/2022-nominees\\\/\",\"url\":\"https:\\\/\\\/nna-ccj.ca\\\/2022-nominees\\\/\",\"name\":\"Les laur\u00e9ats et les candidatures en nomination 2022 - National Newspaper Awards\",\"isPartOf\":{\"@id\":\"https:\\\/\\\/nna-ccj.ca\\\/#website\"},\"primaryImageOfPage\":{\"@id\":\"https:\\\/\\\/nna-ccj.ca\\\/2022-nominees\\\/#primaryimage\"},\"image\":{\"@id\":\"https:\\\/\\\/nna-ccj.ca\\\/2022-nominees\\\/#primaryimage\"},\"thumbnailUrl\":\"https:\\\/\\\/nna-ccj.ca\\\/wp-content\\\/uploads\\\/elementor\\\/thumbs\\\/Joan-Hollobon-portrait-1960a-1-scaled-pyals3gd4bly2hphj8yt5skyvzoxnydfg6y8wkzxzk.jpg\",\"datePublished\":\"2023-03-14T19:14:03+00:00\",\"dateModified\":\"2023-11-16T19:41:45+00:00\",\"breadcrumb\":{\"@id\":\"https:\\\/\\\/nna-ccj.ca\\\/2022-nominees\\\/#breadcrumb\"},\"inLanguage\":\"fr-FR\",\"potentialAction\":[{\"@type\":\"ReadAction\",\"target\":[\"https:\\\/\\\/nna-ccj.ca\\\/2022-nominees\\\/\"]}]},{\"@type\":\"ImageObject\",\"inLanguage\":\"fr-FR\",\"@id\":\"https:\\\/\\\/nna-ccj.ca\\\/2022-nominees\\\/#primaryimage\",\"url\":\"https:\\\/\\\/nna-ccj.ca\\\/wp-content\\\/uploads\\\/elementor\\\/thumbs\\\/Joan-Hollobon-portrait-1960a-1-scaled-pyals3gd4bly2hphj8yt5skyvzoxnydfg6y8wkzxzk.jpg\",\"contentUrl\":\"https:\\\/\\\/nna-ccj.ca\\\/wp-content\\\/uploads\\\/elementor\\\/thumbs\\\/Joan-Hollobon-portrait-1960a-1-scaled-pyals3gd4bly2hphj8yt5skyvzoxnydfg6y8wkzxzk.jpg\"},{\"@type\":\"BreadcrumbList\",\"@id\":\"https:\\\/\\\/nna-ccj.ca\\\/2022-nominees\\\/#breadcrumb\",\"itemListElement\":[{\"@type\":\"ListItem\",\"position\":1,\"name\":\"Home\",\"item\":\"https:\\\/\\\/nna-ccj.ca\\\/fr\\\/\"},{\"@type\":\"ListItem\",\"position\":2,\"name\":\"Les laur\u00e9ats et les candidatures en nomination 2022\"}]},{\"@type\":\"WebSite\",\"@id\":\"https:\\\/\\\/nna-ccj.ca\\\/#website\",\"url\":\"https:\\\/\\\/nna-ccj.ca\\\/\",\"name\":\"National Newspaper Awards\",\"description\":\"Honouring the best in Canadian Journalism since 1949\",\"potentialAction\":[{\"@type\":\"SearchAction\",\"target\":{\"@type\":\"EntryPoint\",\"urlTemplate\":\"https:\\\/\\\/nna-ccj.ca\\\/?s={search_term_string}\"},\"query-input\":{\"@type\":\"PropertyValueSpecification\",\"valueRequired\":true,\"valueName\":\"search_term_string\"}}],\"inLanguage\":\"fr-FR\"}]}<\/script>\n<!-- \/ Yoast SEO plugin. -->","yoast_head_json":{"title":"Les laur\u00e9ats et les candidatures en nomination 2022 - National Newspaper Awards","robots":{"index":"index","follow":"follow","max-snippet":"max-snippet:-1","max-image-preview":"max-image-preview:large","max-video-preview":"max-video-preview:-1"},"canonical":"https:\/\/nna-ccj.ca\/2022-nominees\/","og_locale":"fr_FR","og_type":"article","og_title":"Les laur\u00e9ats et les candidatures en nomination 2022 - National Newspaper Awards","og_description":"Les laur\u00e9ats et les candidatures en nomination 2022 Culture LAUR\u00c9ATS: Charles-\u00c9ric Blais-Poulin et Marissa Groguh\u00e9, La Presse, pour leur reportage sur une vague de suicides dans [\u2026]","og_url":"https:\/\/nna-ccj.ca\/2022-nominees\/","og_site_name":"National Newspaper Awards","article_modified_time":"2023-11-16T19:41:45+00:00","og_image":[{"url":"https:\/\/nna-ccj.ca\/wp-content\/uploads\/elementor\/thumbs\/Joan-Hollobon-portrait-1960a-1-scaled-pyals3gd4bly2hphj8yt5skyvzoxnydfg6y8wkzxzk.jpg","type":"","width":"","height":""}],"twitter_card":"summary_large_image","twitter_misc":{"Dur\u00e9e de lecture estim\u00e9e":"25 minutes"},"schema":{"@context":"https:\/\/schema.org","@graph":[{"@type":"WebPage","@id":"https:\/\/nna-ccj.ca\/2022-nominees\/","url":"https:\/\/nna-ccj.ca\/2022-nominees\/","name":"Les laur\u00e9ats et les candidatures en nomination 2022 - National Newspaper Awards","isPartOf":{"@id":"https:\/\/nna-ccj.ca\/#website"},"primaryImageOfPage":{"@id":"https:\/\/nna-ccj.ca\/2022-nominees\/#primaryimage"},"image":{"@id":"https:\/\/nna-ccj.ca\/2022-nominees\/#primaryimage"},"thumbnailUrl":"https:\/\/nna-ccj.ca\/wp-content\/uploads\/elementor\/thumbs\/Joan-Hollobon-portrait-1960a-1-scaled-pyals3gd4bly2hphj8yt5skyvzoxnydfg6y8wkzxzk.jpg","datePublished":"2023-03-14T19:14:03+00:00","dateModified":"2023-11-16T19:41:45+00:00","breadcrumb":{"@id":"https:\/\/nna-ccj.ca\/2022-nominees\/#breadcrumb"},"inLanguage":"fr-FR","potentialAction":[{"@type":"ReadAction","target":["https:\/\/nna-ccj.ca\/2022-nominees\/"]}]},{"@type":"ImageObject","inLanguage":"fr-FR","@id":"https:\/\/nna-ccj.ca\/2022-nominees\/#primaryimage","url":"https:\/\/nna-ccj.ca\/wp-content\/uploads\/elementor\/thumbs\/Joan-Hollobon-portrait-1960a-1-scaled-pyals3gd4bly2hphj8yt5skyvzoxnydfg6y8wkzxzk.jpg","contentUrl":"https:\/\/nna-ccj.ca\/wp-content\/uploads\/elementor\/thumbs\/Joan-Hollobon-portrait-1960a-1-scaled-pyals3gd4bly2hphj8yt5skyvzoxnydfg6y8wkzxzk.jpg"},{"@type":"BreadcrumbList","@id":"https:\/\/nna-ccj.ca\/2022-nominees\/#breadcrumb","itemListElement":[{"@type":"ListItem","position":1,"name":"Home","item":"https:\/\/nna-ccj.ca\/fr\/"},{"@type":"ListItem","position":2,"name":"Les laur\u00e9ats et les candidatures en nomination 2022"}]},{"@type":"WebSite","@id":"https:\/\/nna-ccj.ca\/#website","url":"https:\/\/nna-ccj.ca\/","name":"National Newspaper Awards","description":"Honouring the best in Canadian Journalism since 1949","potentialAction":[{"@type":"SearchAction","target":{"@type":"EntryPoint","urlTemplate":"https:\/\/nna-ccj.ca\/?s={search_term_string}"},"query-input":{"@type":"PropertyValueSpecification","valueRequired":true,"valueName":"search_term_string"}}],"inLanguage":"fr-FR"}]}},"jetpack_sharing_enabled":true,"_links":{"self":[{"href":"https:\/\/nna-ccj.ca\/fr\/wp-json\/wp\/v2\/pages\/7256","targetHints":{"allow":["GET"]}}],"collection":[{"href":"https:\/\/nna-ccj.ca\/fr\/wp-json\/wp\/v2\/pages"}],"about":[{"href":"https:\/\/nna-ccj.ca\/fr\/wp-json\/wp\/v2\/types\/page"}],"author":[{"embeddable":true,"href":"https:\/\/nna-ccj.ca\/fr\/wp-json\/wp\/v2\/users\/1"}],"replies":[{"embeddable":true,"href":"https:\/\/nna-ccj.ca\/fr\/wp-json\/wp\/v2\/comments?post=7256"}],"version-history":[{"count":106,"href":"https:\/\/nna-ccj.ca\/fr\/wp-json\/wp\/v2\/pages\/7256\/revisions"}],"predecessor-version":[{"id":8011,"href":"https:\/\/nna-ccj.ca\/fr\/wp-json\/wp\/v2\/pages\/7256\/revisions\/8011"}],"wp:attachment":[{"href":"https:\/\/nna-ccj.ca\/fr\/wp-json\/wp\/v2\/media?parent=7256"}],"curies":[{"name":"wp","href":"https:\/\/api.w.org\/{rel}","templated":true}]}}