{"id":7586,"date":"2023-05-05T09:09:52","date_gmt":"2023-05-05T13:09:52","guid":{"rendered":"https:\/\/nna-ccj.ca\/?page_id=7586"},"modified":"2023-05-07T21:31:06","modified_gmt":"2023-05-08T01:31:06","slug":"juges-pour-2022","status":"publish","type":"page","link":"https:\/\/nna-ccj.ca\/fr\/a-en-juger\/juges-pour-2022\/","title":{"rendered":"Juges pour 2022"},"content":{"rendered":"\r\n<h1 class=\"wp-block-heading\">Juges pour 2022<\/h1>\r\n\r\n\r\n\r\n<p><strong><u>Culture<\/u><\/strong><\/p>\r\n\r\n\r\n<div class=\"wp-block-image\">\r\n<figure class=\"alignleft size-medium\"><img decoding=\"async\" width=\"300\" height=\"115\" class=\"wp-image-7609\" src=\"https:\/\/nna-ccj.ca\/wp-content\/uploads\/2023\/05\/Arts-and-Ent-300x115.jpg\" alt=\"\" srcset=\"https:\/\/nna-ccj.ca\/wp-content\/uploads\/2023\/05\/Arts-and-Ent-300x115.jpg 300w, https:\/\/nna-ccj.ca\/wp-content\/uploads\/2023\/05\/Arts-and-Ent-1024x394.jpg 1024w, https:\/\/nna-ccj.ca\/wp-content\/uploads\/2023\/05\/Arts-and-Ent-768x295.jpg 768w, https:\/\/nna-ccj.ca\/wp-content\/uploads\/2023\/05\/Arts-and-Ent-1536x591.jpg 1536w, https:\/\/nna-ccj.ca\/wp-content\/uploads\/2023\/05\/Arts-and-Ent-260x100.jpg 260w, https:\/\/nna-ccj.ca\/wp-content\/uploads\/2023\/05\/Arts-and-Ent-50x19.jpg 50w, https:\/\/nna-ccj.ca\/wp-content\/uploads\/2023\/05\/Arts-and-Ent-150x58.jpg 150w, https:\/\/nna-ccj.ca\/wp-content\/uploads\/2023\/05\/Arts-and-Ent.jpg 2000w\" sizes=\"(max-width:767px) 300px, 300px\" \/><\/figure>\r\n<\/div>\r\n\r\n\r\n<p><strong><strong>Janet Bagnall<\/strong> <\/strong>a \u00e9t\u00e9 r\u00e9dactrice d\u2019articles de fond, \u00e9ditorialiste et chroniqueuse pendant 35 ans au Montreal Gazette, sp\u00e9cialis\u00e9e dans les droits des enfants et des femmes. En 2008 Janet a re\u00e7u un prix Femmes de m\u00e9rite de la Fondation Y des femmes et a \u00e9t\u00e9 finaliste du CCJ \u00e0 deux reprises. Depuis la retraite, elle a travaill\u00e9 sur divers projets communautaires dans les Cantons de l\u2019Est.<\/p>\r\n\r\n\r\n\r\n<p><strong><strong>Fabrice de Dongo<\/strong> <\/strong>est un leader en communication bilingue qui a de l\u2019exp\u00e9rience dans les services professionnels et financiers, de m\u00eame que dans les affaires gouvernementales. Il dirige pr\u00e9sentement les relations avec les m\u00e9dias pour la F\u00e9d\u00e9ration de la police nationale, un syndicat r\u00e9cemment accr\u00e9dit\u00e9 repr\u00e9sentant environ 20 000 policiers de la GRC \u00e0 travers le pays et \u00e0 l\u2019\u00e9tranger.<\/p>\r\n\r\n\r\n\r\n<p><strong><strong>Kate Jaimet <\/strong><\/strong>est r\u00e9dactrice en chef du magazine Canada&rsquo;s History. Auparavant, elle a travaill\u00e9 au Ottawa Citizen, o\u00f9 elle a pass\u00e9 sept ans comme journaliste aux reportages g\u00e9n\u00e9raux et cinq ans \u00e0 couvrir le secteur de l&rsquo;environnement pour le bureau de la Colline du Parlement du journal.<\/p>\r\n\r\n\r\n\r\n<p><strong><u>Prix Joan Hollobon pour le journalisme sp\u00e9cialis\u00e9<\/u><\/strong><\/p>\r\n\r\n\r\n<div class=\"wp-block-image\">\r\n<figure class=\"alignleft size-medium\"><img decoding=\"async\" width=\"300\" height=\"117\" class=\"wp-image-7629\" src=\"https:\/\/nna-ccj.ca\/wp-content\/uploads\/2023\/05\/Beat-Reporting-300x117.jpg\" alt=\"\" srcset=\"https:\/\/nna-ccj.ca\/wp-content\/uploads\/2023\/05\/Beat-Reporting-300x117.jpg 300w, https:\/\/nna-ccj.ca\/wp-content\/uploads\/2023\/05\/Beat-Reporting-1024x398.jpg 1024w, https:\/\/nna-ccj.ca\/wp-content\/uploads\/2023\/05\/Beat-Reporting-768x299.jpg 768w, https:\/\/nna-ccj.ca\/wp-content\/uploads\/2023\/05\/Beat-Reporting-1536x598.jpg 1536w, https:\/\/nna-ccj.ca\/wp-content\/uploads\/2023\/05\/Beat-Reporting-260x101.jpg 260w, https:\/\/nna-ccj.ca\/wp-content\/uploads\/2023\/05\/Beat-Reporting-50x19.jpg 50w, https:\/\/nna-ccj.ca\/wp-content\/uploads\/2023\/05\/Beat-Reporting-150x58.jpg 150w, https:\/\/nna-ccj.ca\/wp-content\/uploads\/2023\/05\/Beat-Reporting-1280x500.jpg 1280w, https:\/\/nna-ccj.ca\/wp-content\/uploads\/2023\/05\/Beat-Reporting-1920x750.jpg 1920w, https:\/\/nna-ccj.ca\/wp-content\/uploads\/2023\/05\/Beat-Reporting.jpg 2000w\" sizes=\"(max-width:767px) 300px, 300px\" \/><\/figure>\r\n<\/div>\r\n\r\n\r\n<p><strong><strong>Vanessa Lu <\/strong><\/strong>est responsable de la communication strat\u00e9gique au Centre des sciences de l&rsquo;Ontario. Auparavant, elle a \u00e9t\u00e9 journaliste et r\u00e9dactrice au Toronto Star pendant plus de vingt ans. Elle a couvert des sujets comme la politique de la sant\u00e9, le travail, les affaires et la politique municipale.<\/p>\r\n\r\n\r\n\r\n<p><strong><strong>Kelley Teahen <\/strong><\/strong>est vice-pr\u00e9sidente aux communications et marketing chez Parachute, organisme national de bienfaisance pour la pr\u00e9vention des blessures. En 2022, elle a re\u00e7u un prix Gold Quill de l\u2019IABC et neuf prix d\u00e9cern\u00e9s par International Safety Media Awards. Elle a pr\u00e9c\u00e9demment occup\u00e9 des postes de direction \u00e0 l\u2019Universit\u00e9 OCAD, l\u2019Universit\u00e9 de Waterloo et au Festival de Stratford. Auparavant, Kelley avait travaill\u00e9 comme reporter, chroniqueuse et r\u00e9dactrice au London Free Press, o\u00f9 elle a gagn\u00e9 cinq prix du concours de journalisme de l\u2019Ontario. Elle a \u00e9t\u00e9 membre du Conseil de presse de l\u2019Ontario.<\/p>\r\n\r\n\r\n\r\n<p><strong><strong>Chris Welner<\/strong> <\/strong>est un r\u00e9dacteur et un \u00e9crivain prim\u00e9 qui a fait carri\u00e8re dans les journaux, les magazines et la communication d\u2019entreprise et gouvernementale de Halifax \u00e0 Calgary. Originaire de Montr\u00e9al, il a travaill\u00e9 pour le Toronto Star, l\u2019Edmonton Journal, le Calgary Herald et dans les gouvernements de la Nouvelle-\u00c9cosse et du Nouveau-Brunswick. Il a \u0153uvr\u00e9 dans le domaine du sport international et de l\u2019\u00e9nergie et a \u00e9t\u00e9 le r\u00e9dacteur en chef du magazine IMPACT \u00e0 Calgary. Chris administre son propre cabinet de communication, Crystal Writing Co. Il a \u00e9t\u00e9 nomm\u00e9 r\u00e9dacteur en chef de l\u2019ann\u00e9e 2012 pour les magazines de l\u2019Alberta et est l\u2019ancien vice-pr\u00e9sident de l\u2019Alberta Magazine Publishers Association.<\/p>\r\n\r\n\r\n\r\n<p><strong><u><strong>Prix Stuart M. Robertson<\/strong> pour nouvelles de derni\u00e8re heure<\/u><\/strong><\/p>\r\n\r\n\r\n<div class=\"wp-block-image\">\r\n<figure class=\"alignleft size-medium\"><img decoding=\"async\" width=\"300\" height=\"116\" class=\"wp-image-7625\" src=\"https:\/\/nna-ccj.ca\/wp-content\/uploads\/2023\/05\/Breaking-News-300x116.jpg\" alt=\"\" srcset=\"https:\/\/nna-ccj.ca\/wp-content\/uploads\/2023\/05\/Breaking-News-300x116.jpg 300w, https:\/\/nna-ccj.ca\/wp-content\/uploads\/2023\/05\/Breaking-News-1024x395.jpg 1024w, https:\/\/nna-ccj.ca\/wp-content\/uploads\/2023\/05\/Breaking-News-768x296.jpg 768w, https:\/\/nna-ccj.ca\/wp-content\/uploads\/2023\/05\/Breaking-News-1536x592.jpg 1536w, https:\/\/nna-ccj.ca\/wp-content\/uploads\/2023\/05\/Breaking-News-260x100.jpg 260w, https:\/\/nna-ccj.ca\/wp-content\/uploads\/2023\/05\/Breaking-News-50x19.jpg 50w, https:\/\/nna-ccj.ca\/wp-content\/uploads\/2023\/05\/Breaking-News-150x58.jpg 150w, https:\/\/nna-ccj.ca\/wp-content\/uploads\/2023\/05\/Breaking-News-1280x500.jpg 1280w, https:\/\/nna-ccj.ca\/wp-content\/uploads\/2023\/05\/Breaking-News-1920x750.jpg 1920w, https:\/\/nna-ccj.ca\/wp-content\/uploads\/2023\/05\/Breaking-News.jpg 2000w\" sizes=\"(max-width:767px) 300px, 300px\" \/><\/figure>\r\n<\/div>\r\n\r\n\r\n<p><strong><strong>Elysia Bryan-Baynes<\/strong> <\/strong>a pass\u00e9 pr\u00e8s de deux d\u00e9cennies comme chef d\u2019antenne, reporter et secr\u00e9taire de r\u00e9daction \u00e0 Montr\u00e9al. Elle a r\u00e9dig\u00e9 des d\u00e9p\u00eaches et des documentaires pour globalnews.ca, et a couvert les tenants et aboutissants de la politique qu\u00e9b\u00e9coise \u00e0 l\u2019Assembl\u00e9e nationale. Elle est pr\u00e9sentement associ\u00e9e au cours race et reportage de Global News Academy et elle joue un r\u00f4le de mentor aupr\u00e8s de divers reporters dans le cadre d\u2019un programme offert par la Canadian Association of Black Journalists.<\/p>\r\n\r\n\r\n\r\n<p><strong><strong>Shannon Miller<\/strong> <\/strong>a \u00e9t\u00e9 journaliste pendant deux d\u00e9cennies et a travaill\u00e9 dans des petites, moyennes et grandes salles de r\u00e9daction en Colombie-Britannique. Elle a occup\u00e9 tous les postes imaginables (et d\u2019autres inimaginables), dont directrice de l\u2019information et r\u00e9dactrice en chef des actualit\u00e9s au Vancouver Province. Shannon Miller g\u00e8re actuellement les relations avec les m\u00e9dias pour Vancity, la plus grande caisse populaire au Canada, et \u00e9crit sur les algues marines.<\/p>\r\n\r\n\r\n\r\n<p><strong><strong>Shaun Poulter<\/strong> <\/strong>est le directeur g\u00e9n\u00e9ral de la strat\u00e9gie, des affaires publiques et des relations gouvernementales\u00a0 \u00e0 CBC\/Radio-Canada. Pendant 13 ans, il a \u00e9t\u00e9 journaliste pour CTV et ISN.<\/p>\r\n\r\n\r\n\r\n<p><strong><u>Photo des nouvelles de derni\u00e8re heure<\/u><\/strong><\/p>\r\n\r\n\r\n<div class=\"wp-block-image\">\r\n<figure class=\"alignleft size-medium\"><img loading=\"lazy\" decoding=\"async\" width=\"300\" height=\"117\" class=\"wp-image-7627\" src=\"https:\/\/nna-ccj.ca\/wp-content\/uploads\/2023\/05\/Breaking-News-Photo-300x117.jpg\" alt=\"\" srcset=\"https:\/\/nna-ccj.ca\/wp-content\/uploads\/2023\/05\/Breaking-News-Photo-300x117.jpg 300w, https:\/\/nna-ccj.ca\/wp-content\/uploads\/2023\/05\/Breaking-News-Photo-1024x400.jpg 1024w, https:\/\/nna-ccj.ca\/wp-content\/uploads\/2023\/05\/Breaking-News-Photo-768x300.jpg 768w, https:\/\/nna-ccj.ca\/wp-content\/uploads\/2023\/05\/Breaking-News-Photo-1536x600.jpg 1536w, https:\/\/nna-ccj.ca\/wp-content\/uploads\/2023\/05\/Breaking-News-Photo-260x102.jpg 260w, https:\/\/nna-ccj.ca\/wp-content\/uploads\/2023\/05\/Breaking-News-Photo-50x20.jpg 50w, https:\/\/nna-ccj.ca\/wp-content\/uploads\/2023\/05\/Breaking-News-Photo-150x59.jpg 150w, https:\/\/nna-ccj.ca\/wp-content\/uploads\/2023\/05\/Breaking-News-Photo-1280x500.jpg 1280w, https:\/\/nna-ccj.ca\/wp-content\/uploads\/2023\/05\/Breaking-News-Photo-1920x750.jpg 1920w, https:\/\/nna-ccj.ca\/wp-content\/uploads\/2023\/05\/Breaking-News-Photo.jpg 2000w\" sizes=\"(max-width:767px) 300px, 300px\" \/><\/figure>\r\n<\/div>\r\n\r\n\r\n<p><strong><strong>Phil Carpenter<\/strong> <\/strong>a travaill\u00e9 comme photojournaliste pendant plus de 20 ans, dont 13 ans \u00e0 la Montreal Gazette, et depuis 2017 il a \u00e9t\u00e9 reporter et journaliste vid\u00e9o pour Global News \u00e0 Montr\u00e9al. Il a enseign\u00e9 le photojournalisme et le journalisme visuel \u00e0 l\u2019Universit\u00e9 Concordia pendant plus de dix ans, aidant \u00e0 mettre au point les \u00e9tudes pour le dipl\u00f4me de journalisme visuel de l\u2019institution. En 2009, Phil a pass\u00e9 un mois au Rwanda pour y enseigner le journalisme multim\u00e9dia dans le cadre d\u2019un programme de formation de journalistes professionnels. Il est l\u2019auteur de Breast Stories, un livre qui aborde les questions de f\u00e9minit\u00e9 et d\u2019identit\u00e9 f\u00e9minine par le portrait de plus de 50 femmes \u00e0 travers le Canada qui ont subi une mastectomie.<\/p>\r\n\r\n\r\n\r\n<p><strong><strong>Shane Kelley<\/strong> <\/strong>a travaill\u00e9 plus de 20 ans comme photojournaliste pour trois quotidiens canadiens : le Toronto Sun, le Toronto Star et la Montreal Gazette. En plus du photojournalisme aux actualit\u00e9s g\u00e9n\u00e9rales et aux sports, elle a aussi r\u00e9alis\u00e9, avec texte et photos, une chronique tendance hebdomadaire pour la Montreal Gazette pendant 15 ans. Shane Kelley a aussi travaill\u00e9 pour divers journaux et magazines am\u00e9ricains.<\/p>\r\n\r\n\r\n\r\n<p><strong><strong>Riziero (Reg) Vertolli<\/strong><\/strong>, maintenant \u00e0 la retraite, a \u00e9t\u00e9 le directeur de la photographie \u00e0 Metroland Media en Ontario. Reg a pass\u00e9 40 ans en photojournalisme. Il est coordonnateur acad\u00e9mique et enseignant pour le certificat en photographie num\u00e9rique \u00e0 Sheridan College. Il a \u00e9galement si\u00e9g\u00e9 au conseil consultatif du programme de photojournalisme de Loyalist College.<\/p>\r\n\r\n\r\n\r\n<p><strong><u>\u00c9conomie<\/u><\/strong><\/p>\r\n\r\n\r\n<div class=\"wp-block-image\">\r\n<figure class=\"alignleft size-medium\"><img loading=\"lazy\" decoding=\"async\" width=\"300\" height=\"116\" class=\"wp-image-7623\" src=\"https:\/\/nna-ccj.ca\/wp-content\/uploads\/2023\/05\/Business-300x116.jpg\" alt=\"\" srcset=\"https:\/\/nna-ccj.ca\/wp-content\/uploads\/2023\/05\/Business-300x116.jpg 300w, https:\/\/nna-ccj.ca\/wp-content\/uploads\/2023\/05\/Business-1024x396.jpg 1024w, https:\/\/nna-ccj.ca\/wp-content\/uploads\/2023\/05\/Business-768x297.jpg 768w, https:\/\/nna-ccj.ca\/wp-content\/uploads\/2023\/05\/Business-1536x594.jpg 1536w, https:\/\/nna-ccj.ca\/wp-content\/uploads\/2023\/05\/Business-260x100.jpg 260w, https:\/\/nna-ccj.ca\/wp-content\/uploads\/2023\/05\/Business-50x19.jpg 50w, https:\/\/nna-ccj.ca\/wp-content\/uploads\/2023\/05\/Business-150x58.jpg 150w, https:\/\/nna-ccj.ca\/wp-content\/uploads\/2023\/05\/Business-1280x500.jpg 1280w, https:\/\/nna-ccj.ca\/wp-content\/uploads\/2023\/05\/Business-1920x750.jpg 1920w, https:\/\/nna-ccj.ca\/wp-content\/uploads\/2023\/05\/Business.jpg 2000w\" sizes=\"(max-width:767px) 300px, 300px\" \/><\/figure>\r\n<\/div>\r\n\r\n\r\n<p><strong><strong>Wassim Garzouzi <\/strong><\/strong>pratique le droit au niveau national \u00e0 titre d\u2019associ\u00e9 principal au sein du cabinet RavenLaw LLP. Il est vice-pr\u00e9sident sortant de l\u2019Association canadienne des avocats du mouvement syndical et est bien connu en tant qu&rsquo;\u00e9minent juriste sp\u00e9cialis\u00e9 dans les droits de la personne et activement engag\u00e9 dans la d\u00e9fense des libert\u00e9s civiles. Wassim est professeur adjoint \u00e0 la facult\u00e9 de droit de l&rsquo;Universit\u00e9 d&rsquo;Ottawa, o\u00f9 il donne le cours avanc\u00e9 de droit du travail, en fran\u00e7ais et en anglais. Il est le coauteur de Winning Cases at Grievance Arbitration, un texte sur le doit et la pratique de la d\u00e9fense en mati\u00e8re d\u2019arbitrage du travail.<\/p>\r\n\r\n\r\n\r\n<p><strong><strong>Athana Mentzelopoulos <\/strong><\/strong>travaille pour le gouvernement de l\u2019Alberta comme une sous-ministre au bureau de l\u2019administrateur officiel des services de sant\u00e9 de l\u2019Alberta. Elle a pass\u00e9 la plus grande partie de sa carri\u00e8re \u00e0 la fonction publique aux niveaux f\u00e9d\u00e9ral et provincial. Elle a aussi \u00e9t\u00e9 vice-pr\u00e9sidente aux relations gouvernementales pour l\u2019Association canadienne des coop\u00e9ratives financi\u00e8res.<\/p>\r\n\r\n\r\n\r\n<p><strong><strong>Bill Turpin <\/strong><\/strong>a travaill\u00e9 \u00e0 Montr\u00e9al pour le Sunday Express, le Montreal Star et la Montreal Gazette avant de s&rsquo;installer \u00e0 Halifax, o\u00f9 il est devenu r\u00e9dacteur en chef du Daily News. Par la suite, il s&rsquo;est familiaris\u00e9 avec la dynamique journalistique en tant que directeur de la communication pour le gouvernement de la Nouvelle-\u00c9cosse.<\/p>\r\n\r\n\r\n\r\n<p><strong><u>Prix Mary Ann Shadd Cary pour la chronique<\/u><\/strong><\/p>\r\n\r\n\r\n<div class=\"wp-block-image\">\r\n<figure class=\"alignleft size-medium\"><img loading=\"lazy\" decoding=\"async\" width=\"300\" height=\"116\" class=\"wp-image-7619\" src=\"https:\/\/nna-ccj.ca\/wp-content\/uploads\/2023\/05\/Columns-300x116.jpg\" alt=\"\" srcset=\"https:\/\/nna-ccj.ca\/wp-content\/uploads\/2023\/05\/Columns-300x116.jpg 300w, https:\/\/nna-ccj.ca\/wp-content\/uploads\/2023\/05\/Columns-1024x395.jpg 1024w, https:\/\/nna-ccj.ca\/wp-content\/uploads\/2023\/05\/Columns-768x296.jpg 768w, https:\/\/nna-ccj.ca\/wp-content\/uploads\/2023\/05\/Columns-1536x593.jpg 1536w, https:\/\/nna-ccj.ca\/wp-content\/uploads\/2023\/05\/Columns-260x100.jpg 260w, https:\/\/nna-ccj.ca\/wp-content\/uploads\/2023\/05\/Columns-50x19.jpg 50w, https:\/\/nna-ccj.ca\/wp-content\/uploads\/2023\/05\/Columns-150x58.jpg 150w, https:\/\/nna-ccj.ca\/wp-content\/uploads\/2023\/05\/Columns-1280x500.jpg 1280w, https:\/\/nna-ccj.ca\/wp-content\/uploads\/2023\/05\/Columns-1920x750.jpg 1920w, https:\/\/nna-ccj.ca\/wp-content\/uploads\/2023\/05\/Columns.jpg 2000w\" sizes=\"(max-width:767px) 300px, 300px\" \/><\/figure>\r\n<\/div>\r\n\r\n\r\n<p><strong><strong>Val\u00e9rie Dufour <\/strong><\/strong>est cadre sup\u00e9rieure pour les communications strat\u00e9giques \u00e0 la Commission de la capitale nationale \u00e0 Ottawa. De 2011 \u00e0 2020, elle a travaill\u00e9 \u00e0 l\u2019Association canadienne des professeures et professeurs d\u2019universit\u00e9 et pour l\u2019\u00e9quipe des communications parlementaires du Nouveau Parti d\u00e9mocratique. Auparavant, elle a \u00e9t\u00e9 reporter politique et journaliste d\u2019enqu\u00eate \u00e0 Montr\u00e9al de 1999 \u00e0 2011. Au cours de sa carri\u00e8re journalistique, elle a travaill\u00e9 \u00e0 La Presse, La Voix de l\u2019Est, Le Devoir, Le Journal de Montr\u00e9al et RueFrontenac.ca.<\/p>\r\n\r\n\r\n\r\n<p><strong><strong>Sophie Gaulin<\/strong> <\/strong>est directrice g\u00e9n\u00e9rale et r\u00e9dactrice en chef de La Libert\u00e9 depuis 2009. N\u00e9e en France, Sophie a \u00e9tudi\u00e9e la civilisation canadienne \u00e0 l\u2019Universit\u00e9 de Bordeaux, o\u00f9 elle s\u2019est rapidement int\u00e9ress\u00e9e au Canada. Elle a enseign\u00e9 l\u2019anglais \u00e0 l\u2019\u00e9cole et dans les entreprises durant huit ans. En 2006, elle a d\u00e9cid\u00e9 de s\u2019\u00e9tablir en permanence \u00e0 Winnipeg.<\/p>\r\n\r\n\r\n\r\n<p><strong><strong>Kate McKenna<\/strong> <\/strong>est une journaliste prim\u00e9e, actuellement affect\u00e9e au bureau parlementaire de CBC. Elle a plus de dix ans d\u2019exp\u00e9rience comme journaliste. Elle a occup\u00e9 des postes \u00e0 Montr\u00e9al, Halifax et Charlottetown. Elle est l\u2019autrice d\u2019un livre sur l\u2019interdiction de l\u2019avortement pendant 30 ans \u00e0 l\u2019\u00cele-du-Prince-\u00c9douard. Son travail a aussi \u00e9t\u00e9 diffus\u00e9 sur NPR, CNN et BBC.<\/p>\r\n\r\n\r\n\r\n<p><strong><u>Caricature<\/u><\/strong><\/p>\r\n\r\n\r\n<div class=\"wp-block-image\">\r\n<figure class=\"alignleft size-medium\"><img loading=\"lazy\" decoding=\"async\" width=\"300\" height=\"115\" class=\"wp-image-7617\" src=\"https:\/\/nna-ccj.ca\/wp-content\/uploads\/2023\/05\/Editorial-Cartooning-300x115.jpg\" alt=\"\" srcset=\"https:\/\/nna-ccj.ca\/wp-content\/uploads\/2023\/05\/Editorial-Cartooning-300x115.jpg 300w, https:\/\/nna-ccj.ca\/wp-content\/uploads\/2023\/05\/Editorial-Cartooning-1024x392.jpg 1024w, https:\/\/nna-ccj.ca\/wp-content\/uploads\/2023\/05\/Editorial-Cartooning-768x294.jpg 768w, https:\/\/nna-ccj.ca\/wp-content\/uploads\/2023\/05\/Editorial-Cartooning-1536x588.jpg 1536w, https:\/\/nna-ccj.ca\/wp-content\/uploads\/2023\/05\/Editorial-Cartooning-260x99.jpg 260w, https:\/\/nna-ccj.ca\/wp-content\/uploads\/2023\/05\/Editorial-Cartooning-50x19.jpg 50w, https:\/\/nna-ccj.ca\/wp-content\/uploads\/2023\/05\/Editorial-Cartooning-150x57.jpg 150w, https:\/\/nna-ccj.ca\/wp-content\/uploads\/2023\/05\/Editorial-Cartooning.jpg 2000w\" sizes=\"(max-width:767px) 300px, 300px\" \/><\/figure>\r\n<\/div>\r\n\r\n\r\n<p><strong><strong>Danny Glenwright <\/strong><\/strong>est pr\u00e9sident et p.-d.g. de Save the Children Canada. Journaliste de formation, il a pr\u00e9c\u00e9demment travaill\u00e9 comme directeur g\u00e9n\u00e9ral de Journalists for Human Rights et directeur de l\u2019information du journal Xtra, The Philanthropist Journal et du service de nouvelles South Africa\u2019s Gender Links. Son travail l\u2019a men\u00e9 dans plus de 70 pays, et il a abondamment \u00e9crit sur les questions de genre et LGBTQ, l\u2019initiation aux m\u00e9dias et le r\u00f4le du Canada dans le d\u00e9veloppement international.<\/p>\r\n\r\n\r\n\r\n<p><strong><strong>Misha Warbanski <\/strong><\/strong>est bas\u00e9e \u00e0 Whitehorse, o\u00f9 elle dirige les initiatives strat\u00e9giques pour Savoir polaire Canada. Elle d\u00e9tient un dipl\u00f4me de biologie de l&rsquo;Universit\u00e9 de Victoria et un dipl\u00f4me de journalisme de l&rsquo;Universit\u00e9 Concordia. Elle a travaill\u00e9 pendant pr\u00e8s de quatre ans comme reporter\/r\u00e9alisatrice pour la radio de la CBC \u00e0 Montr\u00e9al et \u00e0 Whitehorse.<\/p>\r\n\r\n\r\n\r\n<p><strong><strong>Hugh Wesley<\/strong> <\/strong>est un photojournaliste de longue date, qui a d\u00e9but\u00e9 \u00e0 l\u2019Etobicoke Advertiser\/Guardian en 1971. En 1973, il a amorc\u00e9 une carri\u00e8re de 28 ans au Toronto Sun, d\u2019abord comme reporter et photographe, puis comme directeur de la photographie. En 2002, il a cofond\u00e9 le magazine Comfort Life et a continu\u00e9 de travailler \u00e0 la pige pour plusieurs quotidiens et magazines canadiens. Depuis 34 ans, il si\u00e8ge au conseil consultatif du programme de photojournalisme du Loyalist College.<\/p>\r\n\r\n\r\n\r\n<p><strong><u>Prix Claude Ryan pour l\u2019<strong>\u00e9<\/strong>ditorial<\/u><\/strong><\/p>\r\n\r\n\r\n<div class=\"wp-block-image\">\r\n<figure class=\"alignleft size-medium\"><img loading=\"lazy\" decoding=\"async\" width=\"300\" height=\"114\" class=\"wp-image-7615\" src=\"https:\/\/nna-ccj.ca\/wp-content\/uploads\/2023\/05\/Editorial-writing-300x114.jpg\" alt=\"\" srcset=\"https:\/\/nna-ccj.ca\/wp-content\/uploads\/2023\/05\/Editorial-writing-300x114.jpg 300w, https:\/\/nna-ccj.ca\/wp-content\/uploads\/2023\/05\/Editorial-writing-1024x391.jpg 1024w, https:\/\/nna-ccj.ca\/wp-content\/uploads\/2023\/05\/Editorial-writing-768x293.jpg 768w, https:\/\/nna-ccj.ca\/wp-content\/uploads\/2023\/05\/Editorial-writing-1536x586.jpg 1536w, https:\/\/nna-ccj.ca\/wp-content\/uploads\/2023\/05\/Editorial-writing-260x99.jpg 260w, https:\/\/nna-ccj.ca\/wp-content\/uploads\/2023\/05\/Editorial-writing-50x19.jpg 50w, https:\/\/nna-ccj.ca\/wp-content\/uploads\/2023\/05\/Editorial-writing-150x57.jpg 150w, https:\/\/nna-ccj.ca\/wp-content\/uploads\/2023\/05\/Editorial-writing.jpg 2000w\" sizes=\"(max-width:767px) 300px, 300px\" \/><\/figure>\r\n<\/div>\r\n\r\n\r\n<p><strong><strong>Anne McIlroy<\/strong> <\/strong>est directrice g\u00e9n\u00e9rale de l\u2019engagement strat\u00e9gique \u00e0 l\u2019Universit\u00e9 d\u2019Ottawa. Elle a pass\u00e9 plus de 25 ans en journalisme, dont 16 au Globe and Mail o\u00f9 elle a \u00e9t\u00e9 la premi\u00e8re femme chef du bureau parlementaire. Elle a \u00e9t\u00e9 affect\u00e9e \u00e0 travers le Canada, de m\u00eame qu\u2019en Afrique, en Asie, en Am\u00e9rique du Sud et au Moyen-Orient. Dipl\u00f4m\u00e9e du programme de journalisme de l\u2019Universit\u00e9 Carleton, elle a commenc\u00e9 sa carri\u00e8re au Ottawa Citizen.<\/p>\r\n\r\n\r\n\r\n<p><strong><strong>Deo Nizonkiza <\/strong><\/strong>est charg\u00e9 de cours \u00e0 l&rsquo;\u00e9cole de journalisme, r\u00e9daction et m\u00e9dias et \u00e0 la Sauder School of Business de l&rsquo;Universit\u00e9 de la Colombie-Britannique. Il a pr\u00e9c\u00e9demment enseign\u00e9 la r\u00e9daction et l&rsquo;anglais \u00e0 des fins acad\u00e9miques \u00e0 l&rsquo;Universit\u00e9 du Burundi, \u00e0 l&rsquo;Universit\u00e9 McGill et au Douglas College \u00e0 Vancouver. Il est titulaire d&rsquo;un doctorat en linguistique appliqu\u00e9e de l&rsquo;Universit\u00e9 d&rsquo;Anvers, en Belgique.<\/p>\r\n\r\n\r\n\r\n<p><strong><strong>Leslie Shepherd<\/strong> <\/strong>a \u00e9t\u00e9 reporter, r\u00e9dactrice et cadre pendant plus de 30 ans au Canada, aux \u00c9tats-Unis et en Europe, o\u00f9 elle a travaill\u00e9 pour La Presse Canadienne, Associated Press, le Washington Post et le Globe and Mail. Elle a pass\u00e9 les 10 derni\u00e8res ann\u00e9es dans le secteur des communications pour les soins de sant\u00e9, pr\u00e9sentement comme directrice de la strat\u00e9gie m\u00e9dia de l\u2019Association m\u00e9dicale de l\u2019Ontario.<\/p>\r\n\r\n\r\n\r\n<p><strong><u>Texte explicatif<\/u><\/strong><\/p>\r\n\r\n\r\n<div class=\"wp-block-image\">\r\n<figure class=\"alignleft size-medium\"><img loading=\"lazy\" decoding=\"async\" width=\"300\" height=\"119\" class=\"wp-image-7661\" src=\"https:\/\/nna-ccj.ca\/wp-content\/uploads\/2023\/05\/Explanatory-300x119.jpg\" alt=\"\" srcset=\"https:\/\/nna-ccj.ca\/wp-content\/uploads\/2023\/05\/Explanatory-300x119.jpg 300w, https:\/\/nna-ccj.ca\/wp-content\/uploads\/2023\/05\/Explanatory-1024x406.jpg 1024w, https:\/\/nna-ccj.ca\/wp-content\/uploads\/2023\/05\/Explanatory-768x305.jpg 768w, https:\/\/nna-ccj.ca\/wp-content\/uploads\/2023\/05\/Explanatory-1536x609.jpg 1536w, https:\/\/nna-ccj.ca\/wp-content\/uploads\/2023\/05\/Explanatory-260x103.jpg 260w, https:\/\/nna-ccj.ca\/wp-content\/uploads\/2023\/05\/Explanatory-50x20.jpg 50w, https:\/\/nna-ccj.ca\/wp-content\/uploads\/2023\/05\/Explanatory-150x59.jpg 150w, https:\/\/nna-ccj.ca\/wp-content\/uploads\/2023\/05\/Explanatory-1200x480.jpg 1200w, https:\/\/nna-ccj.ca\/wp-content\/uploads\/2023\/05\/Explanatory.jpg 2000w\" sizes=\"(max-width:767px) 300px, 300px\" \/><\/figure>\r\n<\/div>\r\n\r\n\r\n<p><strong><strong>Michael Cooke<\/strong> <\/strong>est pr\u00e9sident de Journalists for Human Rights. Il a pass\u00e9 50 ans dans le secteur des journaux, d\u00e9butant \u00e0 l\u2019adolescence comme reporter d\u2019un hebdo au Royaume-Uni et devenant beaucoup plus tard r\u00e9dacteur en chef du Chicago Sun-Times, du New York Daily News et du Toronto Star.<\/p>\r\n\r\n\r\n\r\n<p><strong><strong>Natascia Lypny<\/strong> <\/strong>est r\u00e9dactrice en chef des articles de fond pour CBC Saskatchewan, bas\u00e9e \u00e0 Regina. Elle dirige les reportages approfondis et de longue haleine avec le personnel et les pigistes sur le web, \u00e0 la t\u00e9l\u00e9vision, \u00e0 la radio et sur les m\u00e9dias sociaux. Elle est l\u2019une des pr\u00e9sentatrices de t\u00e9l\u00e9vision \u00e0 l\u2019\u00e9mission News at 6. Au cours de sa carri\u00e8re, elle a travaill\u00e9 comme journaliste et r\u00e9dactrice en chef dans six provinces. Son travail a \u00e9t\u00e9 r\u00e9compens\u00e9 par plus d\u2019une vingtaine de prix. Elle trouve cela inspirant de participer \u00e0 des jurys!<\/p>\r\n\r\n\r\n\r\n<p><strong><strong>Mutsumi Takahashi <\/strong><\/strong>est chef d\u2019antenne de CTV Montreal News. Dipl\u00f4m\u00e9e du Coll\u00e8ge Vanier et de l\u2019Universit\u00e9 Concordia, elle est pr\u00e9sidente honoraire de la campagne de financement de 250 millions $ de l\u2019Universit\u00e9 Concordia. Elle a obtenu un prix pour l\u2019ensemble de sa carri\u00e8re de la RTDNA, a \u00e9t\u00e9 honor\u00e9e par l\u2019Assembl\u00e9e nationale du Qu\u00e9bec et nomm\u00e9e \u00e0 l\u2019Ordre du Canada en 2018.<\/p>\r\n\r\n\r\n\r\n<p><strong><u>Photo de reportage<\/u><\/strong><\/p>\r\n\r\n\r\n<div class=\"wp-block-image\">\r\n<figure class=\"alignleft size-medium\"><img loading=\"lazy\" decoding=\"async\" width=\"300\" height=\"119\" class=\"wp-image-7659\" src=\"https:\/\/nna-ccj.ca\/wp-content\/uploads\/2023\/05\/Feature-Photo-300x119.jpg\" alt=\"\" srcset=\"https:\/\/nna-ccj.ca\/wp-content\/uploads\/2023\/05\/Feature-Photo-300x119.jpg 300w, https:\/\/nna-ccj.ca\/wp-content\/uploads\/2023\/05\/Feature-Photo-1024x407.jpg 1024w, https:\/\/nna-ccj.ca\/wp-content\/uploads\/2023\/05\/Feature-Photo-768x305.jpg 768w, https:\/\/nna-ccj.ca\/wp-content\/uploads\/2023\/05\/Feature-Photo-1536x610.jpg 1536w, https:\/\/nna-ccj.ca\/wp-content\/uploads\/2023\/05\/Feature-Photo-260x103.jpg 260w, https:\/\/nna-ccj.ca\/wp-content\/uploads\/2023\/05\/Feature-Photo-50x20.jpg 50w, https:\/\/nna-ccj.ca\/wp-content\/uploads\/2023\/05\/Feature-Photo-150x60.jpg 150w, https:\/\/nna-ccj.ca\/wp-content\/uploads\/2023\/05\/Feature-Photo-1200x480.jpg 1200w, https:\/\/nna-ccj.ca\/wp-content\/uploads\/2023\/05\/Feature-Photo.jpg 2000w\" sizes=\"(max-width:767px) 300px, 300px\" \/><\/figure>\r\n<\/div>\r\n\r\n\r\n<p><strong><strong>Erin Combs <\/strong><\/strong>a travaill\u00e9 durant 28 ans pour le Toronto Star comme premi\u00e8re femme photographe et \u00e9ditrice graphique au journal. En plus de la photo d\u2019actualit\u00e9, Erin a mont\u00e9 un important portfolio de mode en couvrant les collections europ\u00e9ennes et nord-am\u00e9ricaines. Elle vit pr\u00e9sentement \u00e0 San Diego, en Californie, o\u00f9 elle continue de travailler \u00e0 la pige et de voyager, tout en s\u2019occupant d\u2019\u0153uvres philanthropiques aupr\u00e8s de deux organismes \u00e0 but non lucratif.<\/p>\r\n\r\n\r\n\r\n<p><strong><strong>Greg Horn<\/strong> <\/strong>est un journaliste et photojournaliste bas\u00e9 \u00e0 Kahnawake. Dipl\u00f4m\u00e9 de l\u2019Universit\u00e9 Concordia, Greg est engag\u00e9 dans le journalisme depuis pr\u00e8s de 25 ans et poss\u00e8de l\u2019hebdomadaire communautaire Ior\u00ec:wase. Il a \u00e9t\u00e9 nomm\u00e9 deux fois photojournaliste de l\u2019ann\u00e9e par la Quebec Community Newspaper Association.<\/p>\r\n\r\n\r\n\r\n<p><strong><strong>S\u00e9bastien Michaud<\/strong> <\/strong>est originaire de Montr\u00e9al. Apr\u00e8s sa formation en photographie cin\u00e9matographique au tournant des ann\u00e9es 2000, il a poursuivi une carri\u00e8re en arts visuels et en photographie, principalement en photographie documentaire. Il enseigne la photographie depuis neuf ans. Il a pu montrer ses images en public lors de divers festivals photographiques au Canada et en France. Il travaille actuellement sur deux projets \u00e0 long terme. Plusieurs de ses \u0153uvres font partie de collections priv\u00e9es et publiques. Il a particip\u00e9 \u00e0 plusieurs jurys de s\u00e9lection et comp\u00e9titions photographiques.<\/p>\r\n\r\n\r\n\r\n<p><strong><u>Photo d\u2019actualit\u00e9 g\u00e9n\u00e9rale<\/u><\/strong><\/p>\r\n\r\n\r\n<div class=\"wp-block-image\">\r\n<figure class=\"alignleft size-medium\"><img loading=\"lazy\" decoding=\"async\" width=\"300\" height=\"119\" class=\"wp-image-7657\" src=\"https:\/\/nna-ccj.ca\/wp-content\/uploads\/2023\/05\/General-News-Photo-300x119.jpg\" alt=\"\" srcset=\"https:\/\/nna-ccj.ca\/wp-content\/uploads\/2023\/05\/General-News-Photo-300x119.jpg 300w, https:\/\/nna-ccj.ca\/wp-content\/uploads\/2023\/05\/General-News-Photo-1024x405.jpg 1024w, https:\/\/nna-ccj.ca\/wp-content\/uploads\/2023\/05\/General-News-Photo-768x304.jpg 768w, https:\/\/nna-ccj.ca\/wp-content\/uploads\/2023\/05\/General-News-Photo-1536x607.jpg 1536w, https:\/\/nna-ccj.ca\/wp-content\/uploads\/2023\/05\/General-News-Photo-260x103.jpg 260w, https:\/\/nna-ccj.ca\/wp-content\/uploads\/2023\/05\/General-News-Photo-50x20.jpg 50w, https:\/\/nna-ccj.ca\/wp-content\/uploads\/2023\/05\/General-News-Photo-150x59.jpg 150w, https:\/\/nna-ccj.ca\/wp-content\/uploads\/2023\/05\/General-News-Photo-1200x480.jpg 1200w, https:\/\/nna-ccj.ca\/wp-content\/uploads\/2023\/05\/General-News-Photo.jpg 2000w\" sizes=\"(max-width:767px) 300px, 300px\" \/><\/figure>\r\n<\/div>\r\n\r\n\r\n<p><strong><strong>Alain Pierre Hovasse <\/strong><\/strong>est un consultant en photojournalisme bas\u00e9 \u00e0 Vancouver. Il a pass\u00e9 plus de 30 ans comme photographe professionnel avant de prendre sa retraite en 2013. Il a notamment occup\u00e9 les postes suivants : directeur de la photographie, QMI; superviseur des op\u00e9rations photographiques pour le Comit\u00e9 d&rsquo;organisation des Jeux olympiques de Vancouver; directeur de la photographie \u00e0 La Presse; r\u00e9dacteur photo adjoint au National Post; r\u00e9dacteur en chef pour Association Press \u00e0 Londres; chef du bureau de Moscou pour l&rsquo;Agence France Presse; photographe et r\u00e9dacteur pour Reuters \u00e0 Bruxelles et \u00e0 Londres; et photojournaliste pour United Press International \u00e0 Vancouver.<\/p>\r\n\r\n\r\n\r\n<p><strong><strong>David Lee<\/strong> <\/strong>a travaill\u00e9 dans les magazines durant 17 ans, d\u2019abord comme recherchiste pour Canadian Business et puis pour Hello! Canada, o\u00f9 il a \u00e9t\u00e9 assistant et \u00e9diteur photo associ\u00e9. \u00c0 l\u2019emploi maintenant de l\u2019universit\u00e9 de Toronto comme \u00e9diteur photo et vid\u00e9o, David estime que le fil qui relie les diff\u00e9rentes facettes de sa carri\u00e8re est l\u2019amour de la photo et des m\u00e9dias visuels.<\/p>\r\n\r\n\r\n\r\n<p><strong><strong>Julie Matus <\/strong><\/strong>est photographe, \u00e9ditrice et directrice de service photo dont la carri\u00e8re s\u2019est \u00e9tendue sur plus de 25 ans en compagnie de photographes et journalistes prim\u00e9s. Elle a travaill\u00e9 pour le London Free Press, La Presse Canadienne, Weekly Scoop, GTA Today, Metro Toronto, Torstar\u2019s New Ventures et a \u00e9t\u00e9 directrice photo du magazine Zoomer pendant plus de sept ans.<\/p>\r\n\r\n\r\n\r\n<p><strong><u>Prix Norman Webster pour le reportage \u00e0 caract\u00e8re international<\/u><\/strong><\/p>\r\n\r\n\r\n<div class=\"wp-block-image\">\r\n<figure class=\"alignleft size-medium\"><img loading=\"lazy\" decoding=\"async\" width=\"300\" height=\"119\" class=\"wp-image-7655\" src=\"https:\/\/nna-ccj.ca\/wp-content\/uploads\/2023\/05\/International-300x119.jpg\" alt=\"\" srcset=\"https:\/\/nna-ccj.ca\/wp-content\/uploads\/2023\/05\/International-300x119.jpg 300w, https:\/\/nna-ccj.ca\/wp-content\/uploads\/2023\/05\/International-1024x405.jpg 1024w, https:\/\/nna-ccj.ca\/wp-content\/uploads\/2023\/05\/International-768x304.jpg 768w, https:\/\/nna-ccj.ca\/wp-content\/uploads\/2023\/05\/International-1536x607.jpg 1536w, https:\/\/nna-ccj.ca\/wp-content\/uploads\/2023\/05\/International-260x103.jpg 260w, https:\/\/nna-ccj.ca\/wp-content\/uploads\/2023\/05\/International-50x20.jpg 50w, https:\/\/nna-ccj.ca\/wp-content\/uploads\/2023\/05\/International-150x59.jpg 150w, https:\/\/nna-ccj.ca\/wp-content\/uploads\/2023\/05\/International-1200x480.jpg 1200w, https:\/\/nna-ccj.ca\/wp-content\/uploads\/2023\/05\/International.jpg 2000w\" sizes=\"(max-width:767px) 300px, 300px\" \/><\/figure>\r\n<\/div>\r\n\r\n\r\n<p><strong><strong>Okenge Yuma Morisho<\/strong> <\/strong>a \u00e9t\u00e9 fonctionnaire pendant plus de 20 ans. Il poss\u00e8de une exp\u00e9rience appr\u00e9ciable dans le d\u00e9veloppement des politiques publiques et leur mise en \u0153uvre aux niveaux f\u00e9d\u00e9ral et provincial. Il a occup\u00e9 des postes de direction \u00e0 Ottawa et Victoria. Il est pr\u00e9sentement sous-ministre au minist\u00e8re des Affaires municipales de Colombie-Britannique.<\/p>\r\n\r\n\r\n\r\n<p><strong><strong>Susan Murray<\/strong> <\/strong>a travaill\u00e9 pour CBC comme journaliste et correspondante \u00e0 l\u2019\u00e9tranger pendant plus de 20 ans. Elle a \u00e9galement \u00e9t\u00e9 commentatrice politique pour TV Ontario et CPAC. Par la suite, Susan a travaill\u00e9 comme aide politique et comme cadre dans l\u2019industrie foresti\u00e8re. \u00c0 la retraite, elle est membre de plusieurs conseils d\u2019administration.<\/p>\r\n\r\n\r\n\r\n<p><strong><strong>Graeme Smith<\/strong> <\/strong>a \u00e9t\u00e9 reporter pour le Globe and Mail de 2001 \u00e0 2012, r\u00e9coltant plusieurs distinctions, dont un prix Michener et un prix Emmy. Son bestseller \u00e0 propos de l\u2019Afghanistan a remport\u00e9 le prix Weston de non-fiction. Graeme Smith travaille maintenant comme consultant dans le cadre du processus de paix afghan \u00e0 Doha. Il a pr\u00e9sent\u00e9 et coproduit un documentaire, Ghosts of Afghanistan, qui sera diffus\u00e9 cette ann\u00e9e en anglais, fran\u00e7ais et allemand.<\/p>\r\n\r\n\r\n\r\n<p><strong><u>Prix George Brown pour grande enqu\u00eate<\/u><\/strong><\/p>\r\n\r\n\r\n<div class=\"wp-block-image\">\r\n<figure class=\"alignleft size-medium\"><img loading=\"lazy\" decoding=\"async\" width=\"300\" height=\"117\" class=\"wp-image-7653\" src=\"https:\/\/nna-ccj.ca\/wp-content\/uploads\/2023\/05\/Investigations-300x117.jpg\" alt=\"\" srcset=\"https:\/\/nna-ccj.ca\/wp-content\/uploads\/2023\/05\/Investigations-300x117.jpg 300w, https:\/\/nna-ccj.ca\/wp-content\/uploads\/2023\/05\/Investigations-1024x401.jpg 1024w, https:\/\/nna-ccj.ca\/wp-content\/uploads\/2023\/05\/Investigations-768x301.jpg 768w, https:\/\/nna-ccj.ca\/wp-content\/uploads\/2023\/05\/Investigations-1536x601.jpg 1536w, https:\/\/nna-ccj.ca\/wp-content\/uploads\/2023\/05\/Investigations-260x102.jpg 260w, https:\/\/nna-ccj.ca\/wp-content\/uploads\/2023\/05\/Investigations-50x20.jpg 50w, https:\/\/nna-ccj.ca\/wp-content\/uploads\/2023\/05\/Investigations-150x59.jpg 150w, https:\/\/nna-ccj.ca\/wp-content\/uploads\/2023\/05\/Investigations-1280x500.jpg 1280w, https:\/\/nna-ccj.ca\/wp-content\/uploads\/2023\/05\/Investigations-1920x750.jpg 1920w, https:\/\/nna-ccj.ca\/wp-content\/uploads\/2023\/05\/Investigations.jpg 2000w\" sizes=\"(max-width:767px) 300px, 300px\" \/><\/figure>\r\n<\/div>\r\n\r\n\r\n<p><strong><strong>Esther Enkin<\/strong> <\/strong>a \u00e9t\u00e9 ombudsman pour CBC News durant six ans. Elle a occup\u00e9 auparavant diverses fonctions \u00e0 la direction de CBC News. Elle a travaill\u00e9 pendant 30 ans pour les nouvelles et affaires publiques \u00e0 la radio et la t\u00e9l\u00e9vision de CBC. Elle a beaucoup \u00e9crit et donn\u00e9 des conf\u00e9rences sur l\u2019\u00e9thique journalistique, les codes de conduite et la fonction d\u2019ombudsman.<\/p>\r\n\r\n\r\n\r\n<p><strong><strong>Daniel Fontaine<\/strong> <\/strong>est M\u00e9tis et le directeur g\u00e9n\u00e9ral de MICHIFCO, une entreprise de conseil d\u00e9tenue et g\u00e9r\u00e9e \u00e0 100% par des autochtones et situ\u00e9e en Colombie-Britannique. il est \u00e9galement l\u2019ancien directeur g\u00e9n\u00e9ral et sous-ministre pour la Nation m\u00e9tisse de la Colombie-Britannique. Il a men\u00e9 une longue carri\u00e8re au sein du gouvernement et dans les secteurs priv\u00e9s et \u00e0 but non lucratif. En 2013, il a re\u00e7u la M\u00e9daille du jubil\u00e9 de la Reine pour le service public. Il a obtenu son baccalaur\u00e9at en sciences politiques de l\u2019Universit\u00e9 du Manitoba et un certificat en r\u00e9daction pour les m\u00e9dias et en communication et relations publiques de Langara College. Daniel est chroniqueur d\u2019affaires civiques avec 24 Hours Vancouver et Orca, et un commentateur politique hebdomadaire pour le Bill Good Show sur CKNW Radio.<\/p>\r\n\r\n\r\n\r\n<p><strong><strong>Janice Neil<\/strong> <\/strong>est professeure adjointe \u00e0 l\u2019Universit\u00e9 m\u00e9tropolitaine de Toronto et a \u00e9t\u00e9 pr\u00e9sidente de l\u2019\u00c9cole de journalisme de 2016 \u00e0 2021. Pr\u00e9sentement membre au conseil d\u2019administration du Conseil national des m\u00e9dias du Canada et \u00c9coles-J Canada, elle a travaill\u00e9 comme productrice en chef, journaliste et r\u00e9dactrice pour CBC et comme cheffe du bureau d\u2019Ottawa pour TV Ontario.<\/p>\r\n\r\n\r\n\r\n<p><strong><u>Prix E. Cora Hind pour le reportage \u00e0 caract\u00e8re local<\/u><\/strong><\/p>\r\n\r\n\r\n<div class=\"wp-block-image\">\r\n<figure class=\"alignleft size-medium\"><img loading=\"lazy\" decoding=\"async\" width=\"300\" height=\"118\" class=\"wp-image-7649\" src=\"https:\/\/nna-ccj.ca\/wp-content\/uploads\/2023\/05\/Local-300x118.jpg\" alt=\"\" srcset=\"https:\/\/nna-ccj.ca\/wp-content\/uploads\/2023\/05\/Local-300x118.jpg 300w, https:\/\/nna-ccj.ca\/wp-content\/uploads\/2023\/05\/Local-1024x403.jpg 1024w, https:\/\/nna-ccj.ca\/wp-content\/uploads\/2023\/05\/Local-768x303.jpg 768w, https:\/\/nna-ccj.ca\/wp-content\/uploads\/2023\/05\/Local-1536x605.jpg 1536w, https:\/\/nna-ccj.ca\/wp-content\/uploads\/2023\/05\/Local-260x102.jpg 260w, https:\/\/nna-ccj.ca\/wp-content\/uploads\/2023\/05\/Local-50x20.jpg 50w, https:\/\/nna-ccj.ca\/wp-content\/uploads\/2023\/05\/Local-150x59.jpg 150w, https:\/\/nna-ccj.ca\/wp-content\/uploads\/2023\/05\/Local-1280x500.jpg 1280w, https:\/\/nna-ccj.ca\/wp-content\/uploads\/2023\/05\/Local-1920x750.jpg 1920w, https:\/\/nna-ccj.ca\/wp-content\/uploads\/2023\/05\/Local.jpg 2000w\" sizes=\"(max-width:767px) 300px, 300px\" \/><\/figure>\r\n<\/div>\r\n\r\n\r\n<p><strong><strong>Karen Macdonald <\/strong><\/strong>est directrice\/g\u00e9rante de la station de Global News \u00e0 Montr\u00e9al. Anglophone de Qu\u00e9bec, Karen est passionn\u00e9e par le r\u00f4le que le journalisme joue pour la protection de la d\u00e9mocratie. Elle est juge au CCJ parce que cela lui permet d\u2019\u00e9valuer la qualit\u00e9 exceptionnelle du journalisme pratiqu\u00e9 quotidiennement au Canada. Son titre de gloire est d\u2019avoir \u00e9t\u00e9 directrice et \u00e9ditrice durant plus de 10 ans du plus vieux journal d\u2019Am\u00e9rique du Nord, le Quebec Chronicle-Telegraph.<\/p>\r\n\r\n\r\n\r\n<p><strong><strong>Winston Sih<\/strong> <\/strong>est journaliste pigiste multiplateforme et animateur \u00e0 la t\u00e9l\u00e9vision. Il est bien connu pour avoir a anim\u00e9 l\u2019\u00e9mission quotidienne Breakfast Television, et a \u00e9t\u00e9 correspondant num\u00e9rique pour CityNews, et producteur \u00e0 la coordination num\u00e9rique pour Citytv. Winston est conf\u00e9rencier sur le journalisme et les m\u00e9dias \u00e0 la Creative School de l\u2019Universit\u00e9 metropolitaine de Toronto.<\/p>\r\n\r\n\r\n\r\n<p><strong><strong>Megan Stewart<\/strong> <\/strong>est productrice ex\u00e9cutive \u00e0 la t\u00e9l\u00e9vision \u00e0 CBC News Vancouver. Auparavant, elle a travaill\u00e9 comme chef de section dans un journal o\u00f9 elle a pilot\u00e9 sur plusieurs mois une s\u00e9rie de documentaires qui ont \u00e9t\u00e9 en nomination pour un prix national. Elle a obtenu un prix national de journalisme en ligne et a \u00e9t\u00e9 reconnue par ses pairs pour son travail comme r\u00e9dactrice de sport. Elle a couvert six Jeux olympiques.<\/p>\r\n\r\n\r\n\r\n<p><strong><u>Prix William Southam pour le reportage \u00e9labor\u00e9<\/u><\/strong><\/p>\r\n\r\n\r\n<div class=\"wp-block-image\">\r\n<figure class=\"alignleft size-medium\"><img loading=\"lazy\" decoding=\"async\" width=\"300\" height=\"118\" class=\"wp-image-7647\" src=\"https:\/\/nna-ccj.ca\/wp-content\/uploads\/2023\/05\/Long-feature-300x118.jpg\" alt=\"\" srcset=\"https:\/\/nna-ccj.ca\/wp-content\/uploads\/2023\/05\/Long-feature-300x118.jpg 300w, https:\/\/nna-ccj.ca\/wp-content\/uploads\/2023\/05\/Long-feature-1024x402.jpg 1024w, https:\/\/nna-ccj.ca\/wp-content\/uploads\/2023\/05\/Long-feature-768x302.jpg 768w, https:\/\/nna-ccj.ca\/wp-content\/uploads\/2023\/05\/Long-feature-1536x604.jpg 1536w, https:\/\/nna-ccj.ca\/wp-content\/uploads\/2023\/05\/Long-feature-260x102.jpg 260w, https:\/\/nna-ccj.ca\/wp-content\/uploads\/2023\/05\/Long-feature-50x20.jpg 50w, https:\/\/nna-ccj.ca\/wp-content\/uploads\/2023\/05\/Long-feature-150x59.jpg 150w, https:\/\/nna-ccj.ca\/wp-content\/uploads\/2023\/05\/Long-feature-1280x500.jpg 1280w, https:\/\/nna-ccj.ca\/wp-content\/uploads\/2023\/05\/Long-feature-1920x750.jpg 1920w, https:\/\/nna-ccj.ca\/wp-content\/uploads\/2023\/05\/Long-feature.jpg 2000w\" sizes=\"(max-width:767px) 300px, 300px\" \/><\/figure>\r\n<\/div>\r\n\r\n\r\n<p><strong><strong>Natalie Clancy <\/strong><\/strong>est une journaliste prim\u00e9e et directrice des affaires publiques et des communications \u00e0 l\u2019ACTRA. Avant d\u2019occuper ce poste, elle a \u00e9t\u00e9 directrice des communications \u00e0 Unifor pendant cinq ans. Nathalie a travaill\u00e9 pendant 25 ans comme journaliste pour CBC News \u00e0 travers le Canada \u00e0 Halifax, Calgary, St.John\u2019s et Vancouver. Son journalisme d\u2019investigation a remport\u00e9 quatre prix ACJ, trois prix Webster, quatre prix Atlantic Journalism Awards, plusieurs prix RTDNA, un prix de publication num\u00e9rique et un prix \u00c9crans canadiens.<\/p>\r\n\r\n\r\n\r\n<p><strong><strong>David Gutnick<\/strong> <\/strong>a r\u00e9cemment pris sa retraite apr\u00e8s avoir travaill\u00e9 36 ans \u00e0 la production de documentaires pour la radio de CBC. Son plus r\u00e9cent livre pour les enfants s\u2019intitule Mr. Mergler, Beethoven, and Me. Il vit \u00e0 Montr\u00e9al.<\/p>\r\n\r\n\r\n\r\n<p><strong><strong>Katherine Monk <\/strong><\/strong>est auteure \u00e0 succ\u00e8s, cin\u00e9aste et journaliste qui a commenc\u00e9 sa carri\u00e8re comme reporter \u00e0 l\u2019actualit\u00e9 g\u00e9n\u00e9rale au Vancouver Sun en 1990, et l\u2019a conclue comme critique nationale de cin\u00e9ma pour Postmedia\/Canwest News Service en 2015. Auteure de <em>Weird Sex &amp; Snowshoes \u2013 And Other Canadian Film Phenomena<\/em>, et plus r\u00e9cemment, <em>Joni: The Creative Odyssey of Joni Mitchell<\/em>, elle a entrepris de mieux comprendre les particularit\u00e9s de la culture canadienne et de c\u00e9l\u00e9brer nos diff\u00e9rences. Collaboratrice de longue date \u00e0 la radio de CBC, Katherine recense les films en ondes et gribouille pour un site web qui c\u00e9l\u00e8bre les \u00e9crits de r\u00e9dacteurs \u00e0 la retraite, ex-press.ca.<\/p>\r\n\r\n\r\n\r\n<p><strong><u>Prix John Wesley Dafoe pour la politique<\/u><\/strong><\/p>\r\n\r\n\r\n<div class=\"wp-block-image\">\r\n<figure class=\"alignleft size-medium\"><img loading=\"lazy\" decoding=\"async\" width=\"300\" height=\"117\" class=\"wp-image-7645\" src=\"https:\/\/nna-ccj.ca\/wp-content\/uploads\/2023\/05\/Politics-300x117.jpg\" alt=\"\" srcset=\"https:\/\/nna-ccj.ca\/wp-content\/uploads\/2023\/05\/Politics-300x117.jpg 300w, https:\/\/nna-ccj.ca\/wp-content\/uploads\/2023\/05\/Politics-1024x401.jpg 1024w, https:\/\/nna-ccj.ca\/wp-content\/uploads\/2023\/05\/Politics-768x301.jpg 768w, https:\/\/nna-ccj.ca\/wp-content\/uploads\/2023\/05\/Politics-1536x601.jpg 1536w, https:\/\/nna-ccj.ca\/wp-content\/uploads\/2023\/05\/Politics-260x102.jpg 260w, https:\/\/nna-ccj.ca\/wp-content\/uploads\/2023\/05\/Politics-50x20.jpg 50w, https:\/\/nna-ccj.ca\/wp-content\/uploads\/2023\/05\/Politics-150x59.jpg 150w, https:\/\/nna-ccj.ca\/wp-content\/uploads\/2023\/05\/Politics-1280x500.jpg 1280w, https:\/\/nna-ccj.ca\/wp-content\/uploads\/2023\/05\/Politics-1920x750.jpg 1920w, https:\/\/nna-ccj.ca\/wp-content\/uploads\/2023\/05\/Politics.jpg 2000w\" sizes=\"(max-width:767px) 300px, 300px\" \/><\/figure>\r\n<\/div>\r\n\r\n\r\n<p><strong><strong>Mark Bulgutch<\/strong> <\/strong>a pass\u00e9 plus de 35 ans \u00e0 CBC News d\u2019abord comme journaliste et au moment de sa retraite comme producteur principal de CBC TV NEWS. Il a \u00e9galement pris sa retraite apr\u00e8s 35 ans d\u2019enseignement du journalisme \u00e0 l\u2019Universit\u00e9 Ryerson (l\u2019Universit\u00e9 m\u00e9tropolitaine de Toronto). Il a \u00e9crit six livres et en publiera un septi\u00e8me \u00e0 l\u2019automne.<\/p>\r\n\r\n\r\n\r\n<p><strong><strong>Miro Cernetig<\/strong> <\/strong>a \u00e9crit pour certains des plus influents journaux du Canada et a obtenu un prix du CCJ en 2001 pour le reportage international. \u00c0 l\u2019emploi du Globe and Mail, il a \u00e9t\u00e9 chef de bureau pour l\u2019Alberta et l\u2019Arctique, chef de bureau et responsable de l\u2019Ouest canadien \u00e0 Vancouver, puis chef des bureaux de P\u00e9kin et de New York. Il a \u00e9t\u00e9 chef de bureau \u00e0 Montr\u00e9al pour le Toronto Star et responsable de l\u2019Ouest canadien pour le Vancouver Sun \u00e0 Victoria avant de devenir chroniqueur. Il a r\u00e9dig\u00e9 et\/ou dirig\u00e9 10 documentaires qui ont \u00e9t\u00e9 diffus\u00e9s sur CBC, BBC, National Geographic et d\u2019autres t\u00e9l\u00e9diffuseurs internationaux. Miro est aussi le cofondateur de CityAge, une plateforme internationale qui relie des milliers de leaders b\u00e2tisseurs de l\u2019avenir de nos villes.<\/p>\r\n\r\n\r\n\r\n<p><strong><strong>Elena Cherney <\/strong><\/strong>a \u00e9t\u00e9 r\u00e9dactrice au Wall Street Journal depuis 2014, et est maintenant chef des nouvelles responsable de superviser les reportages \u00e0 travers le monde. Dipl\u00f4m\u00e9e de l\u2019Universit\u00e9 Yale, elle a pr\u00e9c\u00e9demment \u00e9t\u00e9 reporter pour le Peterborough Examiner, la Montreal Gazette et le Wall Street Journal (\u00e0 titre de correspondante au Canada), ainsi que directrice de l\u2019information de Report on Business, pour le Globe and Mail.<\/p>\r\n\r\n\r\n\r\n<p><strong><u>Pr\u00e9sentation\/Conception graphique<\/u><\/strong><\/p>\r\n\r\n\r\n<div class=\"wp-block-image\">\r\n<figure class=\"alignleft size-medium\"><img loading=\"lazy\" decoding=\"async\" width=\"300\" height=\"118\" class=\"wp-image-7643\" src=\"https:\/\/nna-ccj.ca\/wp-content\/uploads\/2023\/05\/Presentation-300x118.jpg\" alt=\"\" srcset=\"https:\/\/nna-ccj.ca\/wp-content\/uploads\/2023\/05\/Presentation-300x118.jpg 300w, https:\/\/nna-ccj.ca\/wp-content\/uploads\/2023\/05\/Presentation-1024x404.jpg 1024w, https:\/\/nna-ccj.ca\/wp-content\/uploads\/2023\/05\/Presentation-768x303.jpg 768w, https:\/\/nna-ccj.ca\/wp-content\/uploads\/2023\/05\/Presentation-1536x606.jpg 1536w, https:\/\/nna-ccj.ca\/wp-content\/uploads\/2023\/05\/Presentation-260x103.jpg 260w, https:\/\/nna-ccj.ca\/wp-content\/uploads\/2023\/05\/Presentation-50x20.jpg 50w, https:\/\/nna-ccj.ca\/wp-content\/uploads\/2023\/05\/Presentation-150x59.jpg 150w, https:\/\/nna-ccj.ca\/wp-content\/uploads\/2023\/05\/Presentation-1280x500.jpg 1280w, https:\/\/nna-ccj.ca\/wp-content\/uploads\/2023\/05\/Presentation-1920x750.jpg 1920w, https:\/\/nna-ccj.ca\/wp-content\/uploads\/2023\/05\/Presentation.jpg 2000w\" sizes=\"(max-width:767px) 300px, 300px\" \/><\/figure>\r\n<\/div>\r\n\r\n\r\n<p><strong><strong>Roland-Yves Carignan<\/strong> <\/strong>a \u00e9t\u00e9 journaliste, r\u00e9dacteur, r\u00e9dacteur visuel et r\u00e9dacteur en chef \u00e0 Montr\u00e9al (Le Devoir, Montreal Gazette), Toronto (National Post) et Paris (Lib\u00e9ration). Apr\u00e8s avoir obtenu une ma\u00eetrise en journalisme des m\u00e9dias sociaux, il enseigne maintenant le journalisme et les m\u00e9dias sociaux \u00e0 l&rsquo;Universit\u00e9 du Qu\u00e9bec \u00e0 Montr\u00e9al.<\/p>\r\n\r\n\r\n\r\n<p><strong><strong>Liam Maloney <\/strong><\/strong>est un photographe documentaire bas\u00e9 \u00e0 Montr\u00e9al. Son travail a \u00e9t\u00e9 publi\u00e9 entre autres dans le TIME, The Guardian, Foreign Policy, Mother Jones, Le Monde et le Globe and Mail. Connu pour son approche novatrice en mati\u00e8re de reportage, ses photos et installations ont \u00e9t\u00e9 largement expos\u00e9es, du Centre Nobel de la Paix au MoMA. Son travail examine l&rsquo;intersection de la technologie et de l&rsquo;intimit\u00e9 dans les zones contemporaines de conflit et explore de nouvelles fa\u00e7ons de raconter certaines des histoires les plus anciennes du monde. Liam Maloney est professeur assistant au d\u00e9partement de journalisme de l\u2019Universit\u00e9 Concordia.<\/p>\r\n\r\n\r\n\r\n<p><strong><strong>Janet Matiisen<\/strong> <\/strong>est une ancienne graphiste du Calgary Herald, o\u00f9 elle a travaill\u00e9 presque 25 ans et remport\u00e9 plusieurs prix \u00e0 titre individuel et collectif. Elle enseigne pr\u00e9sentement le journalisme \u00e0 SAIT et est \u00e0 l\u2019aff\u00fbt d\u2019int\u00e9ressants projets graphiques.<\/p>\r\n\r\n\r\n\r\n<p><strong><u>Prix John Honderich pour le projet de l\u2019ann\u00e9e<\/u><\/strong><\/p>\r\n\r\n\r\n<div class=\"wp-block-image\">\r\n<figure class=\"alignleft size-medium\"><img loading=\"lazy\" decoding=\"async\" width=\"300\" height=\"119\" class=\"wp-image-7641\" src=\"https:\/\/nna-ccj.ca\/wp-content\/uploads\/2023\/05\/Project-300x119.jpg\" alt=\"\" srcset=\"https:\/\/nna-ccj.ca\/wp-content\/uploads\/2023\/05\/Project-300x119.jpg 300w, https:\/\/nna-ccj.ca\/wp-content\/uploads\/2023\/05\/Project-1024x404.jpg 1024w, https:\/\/nna-ccj.ca\/wp-content\/uploads\/2023\/05\/Project-768x303.jpg 768w, https:\/\/nna-ccj.ca\/wp-content\/uploads\/2023\/05\/Project-1536x607.jpg 1536w, https:\/\/nna-ccj.ca\/wp-content\/uploads\/2023\/05\/Project-260x103.jpg 260w, https:\/\/nna-ccj.ca\/wp-content\/uploads\/2023\/05\/Project-50x20.jpg 50w, https:\/\/nna-ccj.ca\/wp-content\/uploads\/2023\/05\/Project-150x59.jpg 150w, https:\/\/nna-ccj.ca\/wp-content\/uploads\/2023\/05\/Project-1200x480.jpg 1200w, https:\/\/nna-ccj.ca\/wp-content\/uploads\/2023\/05\/Project.jpg 2000w\" sizes=\"(max-width:767px) 300px, 300px\" \/><\/figure>\r\n<\/div>\r\n\r\n\r\n<p><strong><strong>Catherine Boucek<\/strong> <\/strong>est vice-pr\u00e9sidente du contenu \u00e0 QuickSeries, une application mobile, et d\u00e9veloppeuse de contenu pour l\u2019arm\u00e9e et le gouvernement am\u00e9ricain. Pr\u00e9c\u00e9demment, elle a pass\u00e9 plus de 25 ans \u00e0 travailler dans les m\u00e9dias num\u00e9riques pour Southam\/Canwest\/Postmedia, d\u00e9butant comme r\u00e9dactrice en ligne, puis pilotant des projets de r\u00e9daction num\u00e9rique d\u2019envergure nationale, notamment des sites web pour les Olympiques et les \u00e9lections f\u00e9d\u00e9rales. Elle a aussi dirig\u00e9 des \u00e9quipes de contenu strat\u00e9gique \u00e0 travers le Canada en tant de chef de production pour\u00a0 Postmedia Content Works.<\/p>\r\n\r\n\r\n\r\n<p><strong><strong>Sahar Fatima<\/strong> <\/strong>est responsable du contenu num\u00e9rique de la section m\u00e9tropolitaine du Boston Globe. Sahar a pr\u00e9c\u00e9demment \u00e9t\u00e9 journaliste et productrice num\u00e9rique au Toronto Star. Elle a \u00e9galement \u00e9t\u00e9 journaliste au Globe and Mail.<\/p>\r\n\r\n\r\n\r\n<p><strong><strong>Rod Mickleburgh<\/strong> <\/strong>a \u00e9t\u00e9 journaliste pendant plus de 40 ans, dont 23 au Globe and Mail. Il a \u00e9t\u00e9 colaur\u00e9at du prix Michener pour un reportage sur le scandale du sang contamin\u00e9 au Canada et a \u00e9t\u00e9 chef du bureau du Globe \u00e0 P\u00e9kin dans les ann\u00e9es 1990. Depuis qu\u2019il a quitt\u00e9 le Globe en 2013, Rod s\u2019est occup\u00e9 de son blogue et a r\u00e9dig\u00e9 On the Line, un livre sur l\u2019histoire des relations de travail en C.-B., qui a remport\u00e9 le Prix George Ryga pour la conscientisation sociale.<\/p>\r\n\r\n\r\n\r\n<p><strong><u>Prix Bob Levin pour le reportage bref<\/u><\/strong><\/p>\r\n\r\n\r\n<div class=\"wp-block-image\">\r\n<figure class=\"alignleft size-medium\"><img loading=\"lazy\" decoding=\"async\" width=\"300\" height=\"118\" class=\"wp-image-7639\" src=\"https:\/\/nna-ccj.ca\/wp-content\/uploads\/2023\/05\/Short-feature-300x118.jpg\" alt=\"\" srcset=\"https:\/\/nna-ccj.ca\/wp-content\/uploads\/2023\/05\/Short-feature-300x118.jpg 300w, https:\/\/nna-ccj.ca\/wp-content\/uploads\/2023\/05\/Short-feature-1024x402.jpg 1024w, https:\/\/nna-ccj.ca\/wp-content\/uploads\/2023\/05\/Short-feature-768x302.jpg 768w, https:\/\/nna-ccj.ca\/wp-content\/uploads\/2023\/05\/Short-feature-1536x604.jpg 1536w, https:\/\/nna-ccj.ca\/wp-content\/uploads\/2023\/05\/Short-feature-260x102.jpg 260w, https:\/\/nna-ccj.ca\/wp-content\/uploads\/2023\/05\/Short-feature-50x20.jpg 50w, https:\/\/nna-ccj.ca\/wp-content\/uploads\/2023\/05\/Short-feature-150x59.jpg 150w, https:\/\/nna-ccj.ca\/wp-content\/uploads\/2023\/05\/Short-feature-1280x500.jpg 1280w, https:\/\/nna-ccj.ca\/wp-content\/uploads\/2023\/05\/Short-feature-1920x750.jpg 1920w, https:\/\/nna-ccj.ca\/wp-content\/uploads\/2023\/05\/Short-feature.jpg 2000w\" sizes=\"(max-width:767px) 300px, 300px\" \/><\/figure>\r\n<\/div>\r\n\r\n\r\n<p><strong><strong>Jack Aubry<\/strong> <\/strong>a travaill\u00e9 comme reporter au Ottawa Citizen durant plus d\u2019un quart de si\u00e8cle, particuli\u00e8rement comme journaliste national sur la Colline parlementaire, apr\u00e8s avoir \u00e9t\u00e9 chef de bureau de l\u2019Outaouais et affect\u00e9 \u00e0 l\u2019h\u00f4tel de ville d\u2019Ottawa pour le journal. Il a \u00e9t\u00e9 laur\u00e9at du CCJ en 1990 dans la cat\u00e9gorie des grandes enqu\u00eates. Il a r\u00e9cemment pris sa retraite comme directeur des consultations et relations avec les m\u00e9dias pour Finance Canada.<\/p>\r\n\r\n\r\n\r\n<p><strong><strong>Nobina Robinson<\/strong> <\/strong>est une experte en politique publique, une militante et leader d\u2019opinion en mati\u00e8re d\u2019enseignement sup\u00e9rieur, d\u2019innovation et des questions relatives \u00e0 la politique des comp\u00e9tences. Elle a \u0153uvr\u00e9 dans le service ext\u00e9rieur canadien et a dirig\u00e9 deux organismes \u00e0 but non lucratif : La Fondation canadienne pour les Am\u00e9riques et Polytechnics Canada. Entre 2018 et 2020, elle a \u00e9t\u00e9 pr\u00e9sidente de Femmes Expertes, un organisme qui veille \u00e0 ce que les perspectives et les priorit\u00e9s des femmes soient refl\u00e9t\u00e9es de mani\u00e8re \u00e9quitable dans les m\u00e9dias.<\/p>\r\n\r\n\r\n\r\n<p><strong><strong>Yvonne Zacharias<\/strong> <\/strong>a d\u00e9but\u00e9 sa carri\u00e8re de journaliste au Chatam Daily News. Depuis, elle a travaill\u00e9 au Regina Leader Post, o\u00f9 elle a couvert l\u2019Assembl\u00e9e l\u00e9gislative de la Saskatchewan et au Calgary Herald o\u00f9 elle a couvert l\u2019Assembl\u00e9e l\u00e9gislative de l\u2019Alberta. Elle est devenue r\u00e9dactrice en chef adjointe \u00e0 la Montreal Gazette o\u00f9 elle a \u00e9crit des articles de fond et des nouvelles, portant principalement sur l\u2019\u00e9ducation, et au Vancouver Sun, o\u00f9 elle a couvert les nouvelles, les articles de fond, les affaires et le sport, avec des s\u00e9jours occasionnels au bureau de r\u00e9daction.<\/p>\r\n\r\n\r\n\r\n<p><strong><u>Sport<\/u><\/strong><\/p>\r\n\r\n\r\n<div class=\"wp-block-image\">\r\n<figure class=\"alignleft size-medium\"><img loading=\"lazy\" decoding=\"async\" width=\"300\" height=\"120\" class=\"wp-image-7633\" src=\"https:\/\/nna-ccj.ca\/wp-content\/uploads\/2023\/05\/Sports-300x120.jpg\" alt=\"\" srcset=\"https:\/\/nna-ccj.ca\/wp-content\/uploads\/2023\/05\/Sports-300x120.jpg 300w, https:\/\/nna-ccj.ca\/wp-content\/uploads\/2023\/05\/Sports-1024x411.jpg 1024w, https:\/\/nna-ccj.ca\/wp-content\/uploads\/2023\/05\/Sports-768x308.jpg 768w, https:\/\/nna-ccj.ca\/wp-content\/uploads\/2023\/05\/Sports-1536x616.jpg 1536w, https:\/\/nna-ccj.ca\/wp-content\/uploads\/2023\/05\/Sports-260x104.jpg 260w, https:\/\/nna-ccj.ca\/wp-content\/uploads\/2023\/05\/Sports-50x20.jpg 50w, https:\/\/nna-ccj.ca\/wp-content\/uploads\/2023\/05\/Sports-150x60.jpg 150w, https:\/\/nna-ccj.ca\/wp-content\/uploads\/2023\/05\/Sports-1200x480.jpg 1200w, https:\/\/nna-ccj.ca\/wp-content\/uploads\/2023\/05\/Sports.jpg 2000w\" sizes=\"(max-width:767px) 300px, 300px\" \/><\/figure>\r\n<\/div>\r\n\r\n\r\n<p><strong><strong><strong>Brian Kappler<\/strong> <\/strong><\/strong>a d\u00e9but\u00e9 au Windsor Star, puis a pass\u00e9 quelque 30 ans \u00e0 la Montreal Gazette comme r\u00e9viseur, chef de la section culture et divertissement et de la section nationale, reporter sur le baseball, adjoint au directeur de l\u2019information et directeur de la page \u00e9ditoriale. Durant ce temps, il a aussi travaill\u00e9 au noir sous le nom du chroniqueur Doug Camilli. Brian a pass\u00e9 trois ans \u00e0 r\u00e9diger des \u00e9ditoriaux pour le National \u00e0 Abou Dabi.<\/p>\r\n\r\n\r\n\r\n<p><strong><strong><strong>Loreen Pindera<\/strong> <\/strong><\/strong>est r\u00e9cemment retrait\u00e9e apr\u00e8s avoir travaill\u00e9 36 ans comme reporter et r\u00e9dactrice \u00e0 CBC News. Elle a obtenu plusieurs prix de la RTDNA en journalisme radio et num\u00e9rique et elle a \u00e9t\u00e9 finaliste pour un prix d\u2019excellence des magazines pour la r\u00e9daction documentaire en 1991. Elle est coauteure, avec Geoffrey York, de People of the Pines: The Warriors and the Legacy of Oka. Triathl\u00e8te passionn\u00e9e, elle \u00e9crit sur son sport dans Triathlon Magazine Canada.<\/p>\r\n\r\n\r\n\r\n<p><strong><strong><strong>Jack Romanelli<\/strong> <\/strong><\/strong>est un r\u00e9dacteur en chef avec trois d\u00e9cennies d\u2019exp\u00e9rience dans le journalisme et la direction des salles de r\u00e9daction. Il a dirig\u00e9 plusieurs agences de presse canadiennes, notamment comme r\u00e9dacteur en chef de la Montreal Gazette et r\u00e9dacteur en chef du Halifax Daily News. Il est actuellement le r\u00e9dacteur en chef de healthydebate.ca, un site web affili\u00e9 \u00e0 l\u2019Universit\u00e9 de Toronto et \u00e0 l\u2019h\u00f4pital St. Michael\u2019s. Ce site est ax\u00e9 sur les soins de sant\u00e9 au Canada et l\u2019accompagnement des professionnels de la sant\u00e9 dans la r\u00e9daction d\u2019articles destin\u00e9s au public.<\/p>\r\n\r\n\r\n\r\n<p><strong><u>Photo de sport<\/u><\/strong><\/p>\r\n\r\n\r\n<div class=\"wp-block-image\">\r\n<figure class=\"alignleft size-medium\"><img loading=\"lazy\" decoding=\"async\" width=\"300\" height=\"118\" class=\"wp-image-7635\" src=\"https:\/\/nna-ccj.ca\/wp-content\/uploads\/2023\/05\/Sports-photo-300x118.jpg\" alt=\"\" srcset=\"https:\/\/nna-ccj.ca\/wp-content\/uploads\/2023\/05\/Sports-photo-300x118.jpg 300w, https:\/\/nna-ccj.ca\/wp-content\/uploads\/2023\/05\/Sports-photo-1024x403.jpg 1024w, https:\/\/nna-ccj.ca\/wp-content\/uploads\/2023\/05\/Sports-photo-768x302.jpg 768w, https:\/\/nna-ccj.ca\/wp-content\/uploads\/2023\/05\/Sports-photo-1536x604.jpg 1536w, https:\/\/nna-ccj.ca\/wp-content\/uploads\/2023\/05\/Sports-photo-260x102.jpg 260w, https:\/\/nna-ccj.ca\/wp-content\/uploads\/2023\/05\/Sports-photo-50x20.jpg 50w, https:\/\/nna-ccj.ca\/wp-content\/uploads\/2023\/05\/Sports-photo-150x59.jpg 150w, https:\/\/nna-ccj.ca\/wp-content\/uploads\/2023\/05\/Sports-photo-1280x500.jpg 1280w, https:\/\/nna-ccj.ca\/wp-content\/uploads\/2023\/05\/Sports-photo-1920x750.jpg 1920w, https:\/\/nna-ccj.ca\/wp-content\/uploads\/2023\/05\/Sports-photo.jpg 2000w\" sizes=\"(max-width:767px) 300px, 300px\" \/><\/figure>\r\n<\/div>\r\n\r\n\r\n<p><strong><strong>Stan Behal <\/strong><\/strong>a pass\u00e9 37 ans comme photographe au Toronto Sun, couvrant des sujets aussi divers que la mode \u00e0 Paris, les t\u00eates couronn\u00e9es, les Jeux olympiques, la souffrance des enfants de Tchernobyl, et la destruction de la for\u00eat fluviale. Il a obtenu trois prix du Concours canadien de journalisme et a \u00e9t\u00e9 honor\u00e9 par la National Press Photo Award Foundation, le Missouri School of Journalism, le Programme des Nations Unies pour l\u2019environnement et le World Press Photo. L\u2019exploit photojournalistique de Stan a \u00e9t\u00e9 la photo iconique du \u00abbuzzer beater\u00bb, le dernier panier marqu\u00e9 par Kawhi Leonard, qui a couronn\u00e9 la saison de championnat des Raptors de Toronto en 2019.<\/p>\r\n\r\n\r\n\r\n<p><strong><strong>Bruno Schlumberger<\/strong><\/strong> se consacre aujourd&rsquo;hui \u00e0 la photographie urbaine ou de rue, apr\u00e8s avoir \u00e9t\u00e9 photographe au Ottawa Citizen pendant 33 ans. Cette passion est un projet permanent qu&rsquo;il consid\u00e8re comme la forme de travail la plus stimulante et l&rsquo;une des formes les plus pures de la photographie. Il s&rsquo;agit de d\u00e9couvrir des situations anonymes qui nous entourent \u00e0 tous moments, transform\u00e9es en images encadr\u00e9es, sans autre but que de montrer la vision ordinaire du monde.<\/p>\r\n\r\n\r\n\r\n<p><strong><strong>Jenelle Schneider <\/strong><\/strong>a \u00e9t\u00e9 photojournaliste au Calgary Herald et au Vancouver Sun. Apr\u00e8s 15 ans de journalisme et la r\u00e9alisation de son objectif de couvrir les Jeux olympiques de 2010 \u00e0 Vancouver, elle a quitt\u00e9 le journalisme pour poursuivre une vie d&rsquo;aventure. Elle g\u00e8re aujourd&rsquo;hui un g\u00eete touristique sur la c\u00f4te pacifique du Nicaragua avec son mari.<\/p>\r\n\r\n\r\n\r\n<p><strong><u>Reportage soutenu<\/u><\/strong><\/p>\r\n\r\n\r\n<div class=\"wp-block-image\">\r\n<figure class=\"alignleft size-medium\"><img loading=\"lazy\" decoding=\"async\" width=\"300\" height=\"118\" class=\"wp-image-7631\" src=\"https:\/\/nna-ccj.ca\/wp-content\/uploads\/2023\/05\/Sustained-300x118.jpg\" alt=\"\" srcset=\"https:\/\/nna-ccj.ca\/wp-content\/uploads\/2023\/05\/Sustained-300x118.jpg 300w, https:\/\/nna-ccj.ca\/wp-content\/uploads\/2023\/05\/Sustained-1024x402.jpg 1024w, https:\/\/nna-ccj.ca\/wp-content\/uploads\/2023\/05\/Sustained-768x302.jpg 768w, https:\/\/nna-ccj.ca\/wp-content\/uploads\/2023\/05\/Sustained-1536x604.jpg 1536w, https:\/\/nna-ccj.ca\/wp-content\/uploads\/2023\/05\/Sustained-260x102.jpg 260w, https:\/\/nna-ccj.ca\/wp-content\/uploads\/2023\/05\/Sustained-50x20.jpg 50w, https:\/\/nna-ccj.ca\/wp-content\/uploads\/2023\/05\/Sustained-150x59.jpg 150w, https:\/\/nna-ccj.ca\/wp-content\/uploads\/2023\/05\/Sustained-1280x500.jpg 1280w, https:\/\/nna-ccj.ca\/wp-content\/uploads\/2023\/05\/Sustained-1920x750.jpg 1920w, https:\/\/nna-ccj.ca\/wp-content\/uploads\/2023\/05\/Sustained.jpg 2000w\" sizes=\"(max-width:767px) 300px, 300px\" \/><\/figure>\r\n<\/div>\r\n\r\n\r\n<p><strong><strong>Irene Caselli<\/strong> <\/strong>est journaliste et r\u00e9dactrice multim\u00e9dia, avec plus de deux d\u00e9cennies d&rsquo;exp\u00e9rience \u00e0 la radio, \u00e0 la t\u00e9l\u00e9vision et dans la presse \u00e9crite. Elle se concentre pr\u00e9sentement sur la petite enfance, les droits li\u00e9s \u00e0 la procr\u00e9ation et les soignants. Elle est \u00e9galement conseill\u00e8re principale pour The Early Childhood Reporting Initiative (Initiative de reportage sur la petite enfance) au Dart Center for Journalism and Trauma de l&rsquo;Universit\u00e9 Columbia. Pendant dix ans, Irene a \u00e9t\u00e9 correspondante \u00e0 l&rsquo;\u00e9tranger en Am\u00e9rique latine, notamment pour la BBC, le Washington Post, le Guardian et le New York Times. En janvier 2021, elle a lanc\u00e9 sa propre infolettre, The First 1,000 Days, dans laquelle elle \u00e9crit sur la p\u00e9riode fondatrice de nos vies.<\/p>\r\n\r\n\r\n\r\n<p><strong><strong>Anne McNeilly<\/strong> <\/strong>a r\u00e9cemment pris sa retraite comme professeure associ\u00e9e \u00e0 l\u2019Universit\u00e9 metropolitaine de Toronto. Avant de se joindre \u00e0 l\u2019\u00c9cole de journalisme, elle avait travaill\u00e9 plus de 25 ans comme journaliste, notamment 18 ans au Globe and Mail et huit ans comme reporter pour l\u2019Ottawa Citizen et le Kitchener-Waterloo Record. Elle a gagn\u00e9 six prix du concours provincial de journalisme dans les cat\u00e9gories reportage sp\u00e9cialis\u00e9, documentaire, chronique et actualit\u00e9s.<\/p>\r\n\r\n\r\n\r\n<p><strong><strong>Greg Quinn<\/strong> <\/strong>est journaliste et r\u00e9dacteur en chef \u00e0 Market News International \u00e0 Ottawa, couvrant les \u00e9conomies canadienne et am\u00e9ricaine. Au pr\u00e9alable, il a travaill\u00e9 pour Bloomberg News. Greg est aussi l\u2019auteur de <em>Crisis and Calm: Canada\u2019s Central Bank From Dot-Com 2000 Through 2020 Covid Lockdown.<\/em><\/p>\r\n\r\n\r\n\r\n<p><strong><span style=\"text-decoration: underline;\">Sujet sp\u00e9cial<\/span><\/strong><\/p>\r\n\r\n\r\n<div class=\"wp-block-image\">\r\n<figure class=\"alignleft size-medium\"><img loading=\"lazy\" decoding=\"async\" width=\"300\" height=\"116\" class=\"wp-image-7637\" src=\"https:\/\/nna-ccj.ca\/wp-content\/uploads\/2023\/05\/Special-Topic-300x116.jpg\" alt=\"\" srcset=\"https:\/\/nna-ccj.ca\/wp-content\/uploads\/2023\/05\/Special-Topic-300x116.jpg 300w, https:\/\/nna-ccj.ca\/wp-content\/uploads\/2023\/05\/Special-Topic-1024x394.jpg 1024w, https:\/\/nna-ccj.ca\/wp-content\/uploads\/2023\/05\/Special-Topic-768x296.jpg 768w, https:\/\/nna-ccj.ca\/wp-content\/uploads\/2023\/05\/Special-Topic-1536x591.jpg 1536w, https:\/\/nna-ccj.ca\/wp-content\/uploads\/2023\/05\/Special-Topic-260x100.jpg 260w, https:\/\/nna-ccj.ca\/wp-content\/uploads\/2023\/05\/Special-Topic-50x19.jpg 50w, https:\/\/nna-ccj.ca\/wp-content\/uploads\/2023\/05\/Special-Topic-150x58.jpg 150w, https:\/\/nna-ccj.ca\/wp-content\/uploads\/2023\/05\/Special-Topic-1280x500.jpg 1280w, https:\/\/nna-ccj.ca\/wp-content\/uploads\/2023\/05\/Special-Topic-1920x750.jpg 1920w, https:\/\/nna-ccj.ca\/wp-content\/uploads\/2023\/05\/Special-Topic.jpg 2000w\" sizes=\"(max-width:767px) 300px, 300px\" \/><\/figure>\r\n<\/div>\r\n\r\n\r\n<p><strong>Gabrielle Giroday<\/strong> est r\u00e9dactrice et resonsable des relations avec les m\u00e9dias de U of T Med Magazine \u00e0 la facult\u00e9 de m\u00e9decine Temerty de l\u2019Universit\u00e9 de Toronto. Elle a \u00e9t\u00e9 reporter pour le Winnipeg Free Press et a \u00e9t\u00e9 la r\u00e9dactrice de Law Times pour Thomson Reuters \u00e0 Toronto avant de se joindre \u00e0 U of T en 2019.<\/p>\r\n\r\n\r\n\r\n<p><strong>Anne Kothawala<\/strong> est une consultante en affaires publiques avec plus de 25 ans d\u2019exp\u00e9rience en communications et relations gouvernementales. Actuellement pr\u00e9sidente et p.-d.g.\u00a0 du Conseil canadien de l\u2019industrie des d\u00e9panneurs, elle a pr\u00e9c\u00e9demment travaill\u00e9 pour la Canadian Restaurant and Foodservices Association, l\u2019Association des journaux canadiens et le Conseil canadien du commerce au d\u00e9tail. R\u00e9cipiendaire de la M\u00e9daille du Souverain pour les b\u00e9n\u00e9voles, Anne a \u00e9t\u00e9 b\u00e9n\u00e9vole pour plusieurs organismes, dont Daily Bread Food Bank, le Fran\u00e7ais pour l\u2019avenir, et ParticipACTION. Elle si\u00e8ge pr\u00e9sentement au conseil de l\u2019American Chamber of Commerce in Canada.<\/p>\r\n\r\n\r\n\r\n<p>&nbsp;<\/p>\r\n\r\n\r\n\r\n<p><strong>Louis M. Maraj<\/strong>, PhD, \u00e9tudie l&rsquo;antiracisme, le racisme anti-noir et la forme expressive. Le livre de Louis M. Maraj, \u00abBlack or Right : Anti\/Racist Campus Rhetorics\u00bb, a re\u00e7u le prix 2022 du CCCC et le prix 2022 de la division des \u00e9tudes critiques et culturelles de la NCA. Parmi la douzaine d&rsquo;essais qu&rsquo;il a r\u00e9dig\u00e9s, on compte \u00abI Am Not Your Teaching Moment\u00bb, laur\u00e9at (coauteur) du prix Braddock 2023 du CCCC). Pour son travail communautaire, intellectuel et p\u00e9dagogique ax\u00e9 sur la justice sociale, Louis M. Maraj a re\u00e7u le prix Scholar-Activist 2022 de la division des \u00e9tudes critiques et culturelles de la NCA. Il est professeur adjoint \u00e0 l&rsquo;\u00e9cole de journalisme, r\u00e9daction et m\u00e9dias de l&rsquo;Universit\u00e9 de Colombie-Britannique.<\/p>\r\n\r\n\r\n\r\n<p>&nbsp;<\/p>\r\n\r\n\r\n\r\n<p><strong><span style=\"text-decoration: underline;\">Distinction honorifique sp\u00e9ciale<\/span><\/strong><\/p>\r\n\r\n\r\n<div class=\"wp-block-image\">\r\n<figure class=\"alignleft size-medium\"><img loading=\"lazy\" decoding=\"async\" width=\"300\" height=\"114\" class=\"wp-image-7621\" src=\"https:\/\/nna-ccj.ca\/wp-content\/uploads\/2023\/05\/Citation-300x114.jpg\" alt=\"\" srcset=\"https:\/\/nna-ccj.ca\/wp-content\/uploads\/2023\/05\/Citation-300x114.jpg 300w, https:\/\/nna-ccj.ca\/wp-content\/uploads\/2023\/05\/Citation-1024x389.jpg 1024w, https:\/\/nna-ccj.ca\/wp-content\/uploads\/2023\/05\/Citation-768x291.jpg 768w, https:\/\/nna-ccj.ca\/wp-content\/uploads\/2023\/05\/Citation-1536x583.jpg 1536w, https:\/\/nna-ccj.ca\/wp-content\/uploads\/2023\/05\/Citation-260x99.jpg 260w, https:\/\/nna-ccj.ca\/wp-content\/uploads\/2023\/05\/Citation-50x19.jpg 50w, https:\/\/nna-ccj.ca\/wp-content\/uploads\/2023\/05\/Citation-150x57.jpg 150w, https:\/\/nna-ccj.ca\/wp-content\/uploads\/2023\/05\/Citation.jpg 2000w\" sizes=\"(max-width:767px) 300px, 300px\" \/><\/figure>\r\n<\/div>\r\n\r\n\r\n<p><b>Ellen Hyslop<\/b><span style=\"font-weight: 400;\"> est cofondatrice et responsable du contenu de The GIST, une marque de m\u00e9dias sportifs ax\u00e9e sur les adeptes de sport qui bouscule actuellement l&rsquo;industrie du sport domin\u00e9e par les hommes. Ellen dirige la strat\u00e9gie de contenu et de solutions clients de The GIST, notamment en d\u00e9veloppant la voix, le ton et la structure de narration propres \u00e0 The GIST. Cette approche a trouv\u00e9 un \u00e9cho aupr\u00e8s de plus d&rsquo;un million de \u00ab GISTers \u00bb \u00e0 travers l&rsquo;Am\u00e9rique du Nord. Ellen dirige donc l&rsquo;\u00e9quipe (formidable!) de contenu de The GIST, compos\u00e9e de plus de 20 femmes et personnes non binaires, et coanime \u00e9galement le balado bihebdomadaire tr\u00e8s populaire, The GIST of It. En tant qu\u2019amatrice de sport et athl\u00e8te d&rsquo;\u00e9lite, Ellen est non seulement passionn\u00e9e par ses \u00e9quipes pr\u00e9f\u00e9r\u00e9es, mais aussi par l&rsquo;uniformisation des r\u00e8gles du jeu dans l&rsquo;industrie du sport. Ellen et son \u00e9quipe ont \u00e9t\u00e9 nomm\u00e9es par Forbes 30 Under 30 2020 et ont \u00e9t\u00e9 acc\u00e9l\u00e9r\u00e9es par des programmes avec Facebook, MLSE, Comcast NBCUniversal, Techstars et Billie Jean King Enterprises.<\/span><\/p>\r\n\r\n\r\n\r\n<p><b>Ria Renouf <\/b><span style=\"font-weight: 400;\">a \u00e9t\u00e9 s\u00e9lectionn\u00e9e \u00e0 sept reprises comme pr\u00e9sentatrice et reporter dans un grand march\u00e9, obtenant deux prix Edward R. Murrow et un prix de la Radio Television Digital National Association pour son travail comme chef d\u2019antenne et r\u00e9dactrice \u00e0 CityNews de Vancouver. Elle a \u00e9galement collabor\u00e9 \u00e0 CKNW et Global News. Ria Renouf est aujourd&rsquo;hui r\u00e9dactrice en chef de New West Anchor, un bulletin d&rsquo;information hyperlocal bihebdomadaire traitant de politique municipale et de questions communautaires. Elle est toujours pr\u00eate \u00e0 l\u2019exp\u00e9rimentation sur les r\u00e9seaux sociaux dans le cadre de ses reportages, notamment avec la cr\u00e9ation de vid\u00e9os TikTok lorsqu&rsquo;elle \u00e9tait \u00e0 CityNews &#8211; ce qu&rsquo;elle fait toujours avec The Anchor.<\/span><\/p>\r\n<p><b>Michelle Richardson<\/b><span style=\"font-weight: 400;\"> est l\u2019ancienne r\u00e9dactrice en chef du Ottawa Citizen. Dans son r\u00f4le actuel de dirigeante principale de l\u2019impact, \u00e0 la Monnaie royale canadienne, elle appuie le travail continu de l\u2019organisation sur le plan environnemental, social et de la gouvernance.<\/span><\/p>\r\n\r\n\r\n\r\n<p><strong><span style=\"text-decoration: underline;\">Journaliste de l\u2019ann\u00e9e<\/span><\/strong><\/p>\r\n\r\n\r\n<div class=\"wp-block-image\">\r\n<figure class=\"alignleft size-large is-resized\"><img loading=\"lazy\" decoding=\"async\" class=\"wp-image-7784\" src=\"https:\/\/nna-ccj.ca\/wp-content\/uploads\/2023\/05\/NNA-judges-template-2-1-1024x389.jpg\" alt=\"\" width=\"302\" height=\"115\" srcset=\"https:\/\/nna-ccj.ca\/wp-content\/uploads\/2023\/05\/NNA-judges-template-2-1-1024x389.jpg 1024w, https:\/\/nna-ccj.ca\/wp-content\/uploads\/2023\/05\/NNA-judges-template-2-1-300x114.jpg 300w, https:\/\/nna-ccj.ca\/wp-content\/uploads\/2023\/05\/NNA-judges-template-2-1-768x291.jpg 768w, https:\/\/nna-ccj.ca\/wp-content\/uploads\/2023\/05\/NNA-judges-template-2-1-1536x583.jpg 1536w, https:\/\/nna-ccj.ca\/wp-content\/uploads\/2023\/05\/NNA-judges-template-2-1-260x99.jpg 260w, https:\/\/nna-ccj.ca\/wp-content\/uploads\/2023\/05\/NNA-judges-template-2-1-50x19.jpg 50w, https:\/\/nna-ccj.ca\/wp-content\/uploads\/2023\/05\/NNA-judges-template-2-1-150x57.jpg 150w, https:\/\/nna-ccj.ca\/wp-content\/uploads\/2023\/05\/NNA-judges-template-2-1.jpg 2000w\" sizes=\"(max-width:767px) 302px, 302px\" \/><\/figure>\r\n<\/div>\r\n\r\n\r\n<p><strong><strong>Basem Boshra<\/strong> <\/strong>est directeur de journalisme et programmation, CBC Quebec (services anglais), et travaille \u00e0 partir de Montr\u00e9al. Il a pass\u00e9 plus de 20 ans \u00e0 la Montreal Gazette, o\u00f9 il a occup\u00e9 diverses fonctions, dont chef des nouvelles, directeur de l\u2019information, directeur de l\u2019\u00e9dition num\u00e9rique, chef de la section municipale et chroniqueur. Il a aussi collabor\u00e9 \u00e0 CTV, National Post et Dose.\u00a0\u00a0<\/p>\r\n\r\n\r\n\r\n<p><strong>Amber Bracken<\/strong> est une photojournaliste bas\u00e9e \u00e0 Edmonton qui compte parmi ses clients le National Geographic, le New York Times, le Globe and Mail, The Narwhal, le Wall Street Journal, et Maclean&rsquo;s. Son travail a \u00e9t\u00e9 honor\u00e9 par un prix Charles Bury pour contribution au journalisme et par un prix Pen Canada\/Ken Filkow pour l\u2019avancement de la libert\u00e9 d\u2019expression au Canada. Elle a \u00e9t\u00e9 laur\u00e9ate de la World Press Photo \u00e0 deux reprises, plus r\u00e9cemment en 2022 pour son image d&rsquo;un m\u00e9morial \u00e9rig\u00e9 le long d&rsquo;une route en hommage aux enfants autochtones d\u00e9c\u00e9d\u00e9s dans un pensionnat sur les terres de Tk&#8217;emlups te Secwepemc. Elle a aussi remport\u00e9 la palme pour la photo de sport du Concours canadien de journalisme en 2013.<\/p>\r\n\r\n\r\n\r\n<p><strong><strong>Marina Jimenez<\/strong> <\/strong>est directrice des communications pour le Princess Margaret Cancer Centre et la Princess Margaret Cancer Foundation. Pr\u00e9c\u00e9demment, elle a travaill\u00e9 comme strat\u00e8ge en mati\u00e8re d\u2019enjeux et m\u00e9dias pour l\u2019Universit\u00e9 de Toronto. Durant sa carri\u00e8re de 25 ans en journalisme, elle a travaill\u00e9 dans six salles de r\u00e9daction diff\u00e9rentes dans trois provinces, en plus d\u2019avoir \u00e9t\u00e9 membre du comit\u00e9 \u00e9ditorial du Globe and Mail, correspondante \u00e0 l\u2019\u00e9tranger pour le National Post et reporter pour CBC Alberta News. Elle a \u00e9t\u00e9 laur\u00e9ate du Concours canadien de journalisme pour le journalisme sp\u00e9cialis\u00e9 en 2003 et finaliste du CCJ \u00e0 trois autres reprises. Elle continue de travailler comme journaliste de tourisme \u00e0 la pige.<\/p>\r\n","protected":false},"excerpt":{"rendered":"<p>Juges pour 2022 Culture Janet Bagnall a \u00e9t\u00e9 r\u00e9dactrice d\u2019articles de fond, \u00e9ditorialiste et chroniqueuse pendant 35 ans au Montreal Gazette, sp\u00e9cialis\u00e9e dans les droits des<span class=\"excerpt-hellip\"> [\u2026]<\/span><\/p>\n","protected":false},"author":1,"featured_media":0,"parent":1779,"menu_order":0,"comment_status":"closed","ping_status":"closed","template":"","meta":{"footnotes":""},"class_list":["post-7586","page","type-page","status-publish","hentry"],"yoast_head":"<!-- This site is optimized with the Yoast SEO plugin v27.5 - https:\/\/yoast.com\/product\/yoast-seo-wordpress\/ -->\n<title>Juges pour 2022 - National Newspaper Awards<\/title>\n<meta name=\"robots\" content=\"index, follow, max-snippet:-1, max-image-preview:large, max-video-preview:-1\" \/>\n<link rel=\"canonical\" href=\"https:\/\/nna-ccj.ca\/judging\/judges-for-2022\/\" \/>\n<meta property=\"og:locale\" content=\"fr_FR\" \/>\n<meta property=\"og:type\" content=\"article\" \/>\n<meta property=\"og:title\" content=\"Juges pour 2022 - National Newspaper Awards\" \/>\n<meta property=\"og:description\" content=\"Juges pour 2022 Culture Janet Bagnall a \u00e9t\u00e9 r\u00e9dactrice d\u2019articles de fond, \u00e9ditorialiste et chroniqueuse pendant 35 ans au Montreal Gazette, sp\u00e9cialis\u00e9e dans les droits des [\u2026]\" \/>\n<meta property=\"og:url\" content=\"https:\/\/nna-ccj.ca\/judging\/judges-for-2022\/\" \/>\n<meta property=\"og:site_name\" content=\"National Newspaper Awards\" \/>\n<meta property=\"article:modified_time\" content=\"2023-05-08T01:31:06+00:00\" \/>\n<meta property=\"og:image\" content=\"https:\/\/nna-ccj.ca\/wp-content\/uploads\/2023\/05\/Arts-and-Ent-300x115.jpg\" \/>\n<meta name=\"twitter:card\" content=\"summary_large_image\" \/>\n<meta name=\"twitter:label1\" content=\"Dur\u00e9e de lecture estim\u00e9e\" \/>\n\t<meta name=\"twitter:data1\" content=\"31 minutes\" \/>\n<script type=\"application\/ld+json\" class=\"yoast-schema-graph\">{\"@context\":\"https:\\\/\\\/schema.org\",\"@graph\":[{\"@type\":\"WebPage\",\"@id\":\"https:\\\/\\\/nna-ccj.ca\\\/judging\\\/judges-for-2022\\\/\",\"url\":\"https:\\\/\\\/nna-ccj.ca\\\/judging\\\/judges-for-2022\\\/\",\"name\":\"Juges pour 2022 - National Newspaper Awards\",\"isPartOf\":{\"@id\":\"https:\\\/\\\/nna-ccj.ca\\\/#website\"},\"primaryImageOfPage\":{\"@id\":\"https:\\\/\\\/nna-ccj.ca\\\/judging\\\/judges-for-2022\\\/#primaryimage\"},\"image\":{\"@id\":\"https:\\\/\\\/nna-ccj.ca\\\/judging\\\/judges-for-2022\\\/#primaryimage\"},\"thumbnailUrl\":\"https:\\\/\\\/nna-ccj.ca\\\/wp-content\\\/uploads\\\/2023\\\/05\\\/Arts-and-Ent-300x115.jpg\",\"datePublished\":\"2023-05-05T13:09:52+00:00\",\"dateModified\":\"2023-05-08T01:31:06+00:00\",\"breadcrumb\":{\"@id\":\"https:\\\/\\\/nna-ccj.ca\\\/judging\\\/judges-for-2022\\\/#breadcrumb\"},\"inLanguage\":\"fr-FR\",\"potentialAction\":[{\"@type\":\"ReadAction\",\"target\":[\"https:\\\/\\\/nna-ccj.ca\\\/judging\\\/judges-for-2022\\\/\"]}]},{\"@type\":\"ImageObject\",\"inLanguage\":\"fr-FR\",\"@id\":\"https:\\\/\\\/nna-ccj.ca\\\/judging\\\/judges-for-2022\\\/#primaryimage\",\"url\":\"https:\\\/\\\/nna-ccj.ca\\\/wp-content\\\/uploads\\\/2023\\\/05\\\/Arts-and-Ent-300x115.jpg\",\"contentUrl\":\"https:\\\/\\\/nna-ccj.ca\\\/wp-content\\\/uploads\\\/2023\\\/05\\\/Arts-and-Ent-300x115.jpg\"},{\"@type\":\"BreadcrumbList\",\"@id\":\"https:\\\/\\\/nna-ccj.ca\\\/judging\\\/judges-for-2022\\\/#breadcrumb\",\"itemListElement\":[{\"@type\":\"ListItem\",\"position\":1,\"name\":\"Home\",\"item\":\"https:\\\/\\\/nna-ccj.ca\\\/fr\\\/\"},{\"@type\":\"ListItem\",\"position\":2,\"name\":\"Juges \u2013 Ouverture de session\",\"item\":\"https:\\\/\\\/nna-ccj.ca\\\/judging\\\/\"},{\"@type\":\"ListItem\",\"position\":3,\"name\":\"Juges pour 2022\"}]},{\"@type\":\"WebSite\",\"@id\":\"https:\\\/\\\/nna-ccj.ca\\\/#website\",\"url\":\"https:\\\/\\\/nna-ccj.ca\\\/\",\"name\":\"National Newspaper Awards\",\"description\":\"Honouring the best in Canadian Journalism since 1949\",\"potentialAction\":[{\"@type\":\"SearchAction\",\"target\":{\"@type\":\"EntryPoint\",\"urlTemplate\":\"https:\\\/\\\/nna-ccj.ca\\\/?s={search_term_string}\"},\"query-input\":{\"@type\":\"PropertyValueSpecification\",\"valueRequired\":true,\"valueName\":\"search_term_string\"}}],\"inLanguage\":\"fr-FR\"}]}<\/script>\n<!-- \/ Yoast SEO plugin. -->","yoast_head_json":{"title":"Juges pour 2022 - National Newspaper Awards","robots":{"index":"index","follow":"follow","max-snippet":"max-snippet:-1","max-image-preview":"max-image-preview:large","max-video-preview":"max-video-preview:-1"},"canonical":"https:\/\/nna-ccj.ca\/judging\/judges-for-2022\/","og_locale":"fr_FR","og_type":"article","og_title":"Juges pour 2022 - National Newspaper Awards","og_description":"Juges pour 2022 Culture Janet Bagnall a \u00e9t\u00e9 r\u00e9dactrice d\u2019articles de fond, \u00e9ditorialiste et chroniqueuse pendant 35 ans au Montreal Gazette, sp\u00e9cialis\u00e9e dans les droits des [\u2026]","og_url":"https:\/\/nna-ccj.ca\/judging\/judges-for-2022\/","og_site_name":"National Newspaper Awards","article_modified_time":"2023-05-08T01:31:06+00:00","og_image":[{"url":"https:\/\/nna-ccj.ca\/wp-content\/uploads\/2023\/05\/Arts-and-Ent-300x115.jpg","type":"","width":"","height":""}],"twitter_card":"summary_large_image","twitter_misc":{"Dur\u00e9e de lecture estim\u00e9e":"31 minutes"},"schema":{"@context":"https:\/\/schema.org","@graph":[{"@type":"WebPage","@id":"https:\/\/nna-ccj.ca\/judging\/judges-for-2022\/","url":"https:\/\/nna-ccj.ca\/judging\/judges-for-2022\/","name":"Juges pour 2022 - National Newspaper Awards","isPartOf":{"@id":"https:\/\/nna-ccj.ca\/#website"},"primaryImageOfPage":{"@id":"https:\/\/nna-ccj.ca\/judging\/judges-for-2022\/#primaryimage"},"image":{"@id":"https:\/\/nna-ccj.ca\/judging\/judges-for-2022\/#primaryimage"},"thumbnailUrl":"https:\/\/nna-ccj.ca\/wp-content\/uploads\/2023\/05\/Arts-and-Ent-300x115.jpg","datePublished":"2023-05-05T13:09:52+00:00","dateModified":"2023-05-08T01:31:06+00:00","breadcrumb":{"@id":"https:\/\/nna-ccj.ca\/judging\/judges-for-2022\/#breadcrumb"},"inLanguage":"fr-FR","potentialAction":[{"@type":"ReadAction","target":["https:\/\/nna-ccj.ca\/judging\/judges-for-2022\/"]}]},{"@type":"ImageObject","inLanguage":"fr-FR","@id":"https:\/\/nna-ccj.ca\/judging\/judges-for-2022\/#primaryimage","url":"https:\/\/nna-ccj.ca\/wp-content\/uploads\/2023\/05\/Arts-and-Ent-300x115.jpg","contentUrl":"https:\/\/nna-ccj.ca\/wp-content\/uploads\/2023\/05\/Arts-and-Ent-300x115.jpg"},{"@type":"BreadcrumbList","@id":"https:\/\/nna-ccj.ca\/judging\/judges-for-2022\/#breadcrumb","itemListElement":[{"@type":"ListItem","position":1,"name":"Home","item":"https:\/\/nna-ccj.ca\/fr\/"},{"@type":"ListItem","position":2,"name":"Juges \u2013 Ouverture de session","item":"https:\/\/nna-ccj.ca\/judging\/"},{"@type":"ListItem","position":3,"name":"Juges pour 2022"}]},{"@type":"WebSite","@id":"https:\/\/nna-ccj.ca\/#website","url":"https:\/\/nna-ccj.ca\/","name":"National Newspaper Awards","description":"Honouring the best in Canadian Journalism since 1949","potentialAction":[{"@type":"SearchAction","target":{"@type":"EntryPoint","urlTemplate":"https:\/\/nna-ccj.ca\/?s={search_term_string}"},"query-input":{"@type":"PropertyValueSpecification","valueRequired":true,"valueName":"search_term_string"}}],"inLanguage":"fr-FR"}]}},"jetpack_sharing_enabled":true,"_links":{"self":[{"href":"https:\/\/nna-ccj.ca\/fr\/wp-json\/wp\/v2\/pages\/7586","targetHints":{"allow":["GET"]}}],"collection":[{"href":"https:\/\/nna-ccj.ca\/fr\/wp-json\/wp\/v2\/pages"}],"about":[{"href":"https:\/\/nna-ccj.ca\/fr\/wp-json\/wp\/v2\/types\/page"}],"author":[{"embeddable":true,"href":"https:\/\/nna-ccj.ca\/fr\/wp-json\/wp\/v2\/users\/1"}],"replies":[{"embeddable":true,"href":"https:\/\/nna-ccj.ca\/fr\/wp-json\/wp\/v2\/comments?post=7586"}],"version-history":[{"count":11,"href":"https:\/\/nna-ccj.ca\/fr\/wp-json\/wp\/v2\/pages\/7586\/revisions"}],"predecessor-version":[{"id":7789,"href":"https:\/\/nna-ccj.ca\/fr\/wp-json\/wp\/v2\/pages\/7586\/revisions\/7789"}],"up":[{"embeddable":true,"href":"https:\/\/nna-ccj.ca\/fr\/wp-json\/wp\/v2\/pages\/1779"}],"wp:attachment":[{"href":"https:\/\/nna-ccj.ca\/fr\/wp-json\/wp\/v2\/media?parent=7586"}],"curies":[{"name":"wp","href":"https:\/\/api.w.org\/{rel}","templated":true}]}}