{"id":7722,"date":"2023-05-06T08:20:07","date_gmt":"2023-05-06T12:20:07","guid":{"rendered":"https:\/\/nna-ccj.ca\/?page_id=7722"},"modified":"2023-05-06T08:20:07","modified_gmt":"2023-05-06T12:20:07","slug":"journaliste-de-lannee-2022-isabelle-hachey","status":"publish","type":"page","link":"https:\/\/nna-ccj.ca\/fr\/journaliste-de-lannee\/journaliste-de-lannee-2022-isabelle-hachey\/","title":{"rendered":"Journaliste de l\u2019ann\u00e9e 2022 : Isabelle Hachey"},"content":{"rendered":"<p><img fetchpriority=\"high\" decoding=\"async\" class=\"size-medium wp-image-7715 alignleft\" src=\"https:\/\/nna-ccj.ca\/wp-content\/uploads\/2023\/05\/HACHEY_Isabelle_512x512-300x300.jpg\" alt=\"\" width=\"300\" height=\"300\" srcset=\"https:\/\/nna-ccj.ca\/wp-content\/uploads\/2023\/05\/HACHEY_Isabelle_512x512-300x300.jpg 300w, https:\/\/nna-ccj.ca\/wp-content\/uploads\/2023\/05\/HACHEY_Isabelle_512x512-150x150.jpg 150w, https:\/\/nna-ccj.ca\/wp-content\/uploads\/2023\/05\/HACHEY_Isabelle_512x512-146x146.jpg 146w, https:\/\/nna-ccj.ca\/wp-content\/uploads\/2023\/05\/HACHEY_Isabelle_512x512-50x50.jpg 50w, https:\/\/nna-ccj.ca\/wp-content\/uploads\/2023\/05\/HACHEY_Isabelle_512x512-75x75.jpg 75w, https:\/\/nna-ccj.ca\/wp-content\/uploads\/2023\/05\/HACHEY_Isabelle_512x512-85x85.jpg 85w, https:\/\/nna-ccj.ca\/wp-content\/uploads\/2023\/05\/HACHEY_Isabelle_512x512-80x80.jpg 80w, https:\/\/nna-ccj.ca\/wp-content\/uploads\/2023\/05\/HACHEY_Isabelle_512x512.jpg 512w\" sizes=\"(max-width:767px) 300px, 300px\" \/><\/p>\n<p><span style=\"font-size: 14pt;\"><strong>Journaliste de l\u2019ann\u00e9e 2022 : Isabelle Hachey<\/strong><\/span><\/p>\n<p><span style=\"font-weight: 400;\">La guerre en Ukraine a \u00e9t\u00e9 l&rsquo;\u00e9v\u00e9nement international de l&rsquo;ann\u00e9e 2022, et personne au Canada n&rsquo;a r\u00e9ussi \u00e0 le faire comprendre aux lecteurs aussi bien qu&rsquo;Isabelle Hachey de La Presse.<\/span><\/p>\n<p><span style=\"font-weight: 400;\">\u00a0Son travail lui a valu le Prix Norman Webster pour le reportage international. Elle a aussi remport\u00e9 le Prix Mary Ann Shadd Cary pour la chronique, faisant d\u2019elle la seule double laur\u00e9ate du Concours canadien de journalisme de 2022.<\/span><\/p>\n<p><span style=\"font-weight: 400;\">\u00a0Pour cette raison, Isabelle Hachey a \u00e9t\u00e9 nomm\u00e9e Journaliste de l\u2019ann\u00e9e.<\/span><\/p>\n<p><span style=\"font-weight: 400;\">\u00a0Le Journaliste de l\u2019ann\u00e9e est s\u00e9lectionn\u00e9 parmi les gagnants de chacune des cat\u00e9gories, seuls les individus et les \u00e9quipes de deux personnes \u00e9tant admissibles. Le comit\u00e9 de s\u00e9lection de cette ann\u00e9e s\u2019est pench\u00e9 sur le travail des journalistes gagnants de 20 cat\u00e9gories avant de choisir Isabelle Hachey. Le comit\u00e9 \u00e9tairt compos\u00e9 de Basem Boshra, Amber Bracken et Marina Jimenez.<\/span><\/p>\n<p><span style=\"font-weight: 400;\">\u00a0M\u00eame si les juges ont dit que toutes les candidatures gagnantes \u00e9taient exceptionnelles, ils ont \u00e9t\u00e9 impressionn\u00e9s par le fait qu\u2019Isabelle Hachey a remport\u00e9 la palme dans deux des principales cat\u00e9gories du CCJ.<\/span><\/p>\n<p><span style=\"font-weight: 400;\">\u00a0Le reportage prim\u00e9 d\u2019Isabelle Hachey, r\u00e9dig\u00e9 en Ukraine au d\u00e9but de la guerre, se concentre sur l\u2019\u00e9tat d\u2019esprit des gens ordinaires \u00e0 la suite de l\u2019invasion. Elle a dress\u00e9 le portrait des personnes dont la vie a \u00e9t\u00e9 frapp\u00e9e par le d\u00e9sespoir et l\u2019horreur, mais qui ont fait preuve de r\u00e9sistance et de r\u00e9silience dans les rues d&rsquo;Odessa, de Lviv et \u00e0 la fronti\u00e8re polonaise.<\/span><\/p>\n<p><span style=\"font-weight: 400;\">\u00a0Les juges ont dit que le sens de l\u2019humain dans son reportage \u00e9tait in\u00e9gal\u00e9. Ils ont aussi soulign\u00e9 l\u2019importante contribution du photojournaliste Martin Tremblay, qui aux c\u00f4t\u00e9s d\u2019Isabelle Hachey a permis d\u2019illustrer les articles avec des images tangibles, sp\u00e9cifiques et centr\u00e9es sur l&rsquo;humain, plut\u00f4t qu\u2019avec des photos de d\u00e9sordres g\u00e9n\u00e9ralis\u00e9s largement disponibles sur les fils de presse. Les juges ont salu\u00e9 l&rsquo;engagement de la r\u00e9daction \u00e0 couvrir la guerre selon les normes les plus \u00e9lev\u00e9es, en investissant dans le travail des deux journalistes.<\/span><\/p>\n<p><span style=\"font-weight: 400;\">\u00a0Les juges ont \u00e9galement \u00e9t\u00e9 impressionn\u00e9s par les chroniques d\u2019Isabelle Hachey et ont not\u00e9 l&rsquo;influence qu&rsquo;elles ont sur la vie au Qu\u00e9bec. Isabelle Hachey ne craint pas d\u2019interpeller les d\u00e9tenteurs du pouvoir. Sa chronique sur une femme devenue m\u00e8re apr\u00e8s avoir \u00e9t\u00e9 viol\u00e9e &#8211; et dont l&rsquo;agresseur emprisonn\u00e9 a pu obtenir un test de paternit\u00e9 impos\u00e9 par le tribunal &#8211; a conduit \u00e0 l&rsquo;introduction de changements l\u00e9gislatifs pour les enfants n\u00e9s d&rsquo;un viol. Son article sur Carol Dub\u00e9, le mari d&rsquo;une autochtone d\u00e9c\u00e9d\u00e9e \u00e0 l&rsquo;h\u00f4pital sous les insultes racistes du personnel soignant, a entra\u00een\u00e9 des excuses de la part du premier ministre Fran\u00e7ois Legault.<\/span><\/p>\n<p><span style=\"font-weight: 400;\">\u00a0C\u2019est la neuvi\u00e8me fois qu\u2019on nomme un Journaliste de l\u2019ann\u00e9e au Concours canadien de journalisme. L\u2019an dernier, pour la premi\u00e8re fois, une \u00e9quipe de deux personnes a \u00e9t\u00e9 honor\u00e9e : Am\u00e9li Pineda et Magdaline Boutros du journal Le Devoir. Les sept autres laur\u00e9ats, Bruce MacKinnon, Joanna Slater, Mark MacKinnon, Robyn Doolittle, Kevin Mitchell, Randy Richmond et Tom Cardoso, \u00e9taient des candidats individuels.<\/span><\/p>\n<p>&nbsp;<\/p>\n","protected":false},"excerpt":{"rendered":"<p>Journaliste de l\u2019ann\u00e9e 2022 : Isabelle Hachey La guerre en Ukraine a \u00e9t\u00e9 l&rsquo;\u00e9v\u00e9nement international de l&rsquo;ann\u00e9e 2022, et personne au Canada n&rsquo;a r\u00e9ussi \u00e0 le<span class=\"excerpt-hellip\"> [\u2026]<\/span><\/p>\n","protected":false},"author":8,"featured_media":0,"parent":4514,"menu_order":0,"comment_status":"closed","ping_status":"closed","template":"","meta":{"footnotes":""},"class_list":["post-7722","page","type-page","status-publish","hentry"],"yoast_head":"<!-- This site is optimized with the Yoast SEO plugin v27.5 - https:\/\/yoast.com\/product\/yoast-seo-wordpress\/ -->\n<title>Journaliste de l\u2019ann\u00e9e 2022 : Isabelle Hachey - National Newspaper Awards<\/title>\n<meta name=\"robots\" content=\"index, follow, max-snippet:-1, max-image-preview:large, max-video-preview:-1\" \/>\n<link rel=\"canonical\" href=\"https:\/\/nna-ccj.ca\/fr\/journaliste-de-lannee\/journaliste-de-lannee-2022-isabelle-hachey\/\" \/>\n<meta property=\"og:locale\" content=\"fr_FR\" \/>\n<meta property=\"og:type\" content=\"article\" \/>\n<meta property=\"og:title\" content=\"Journaliste de l\u2019ann\u00e9e 2022 : Isabelle Hachey - National Newspaper Awards\" \/>\n<meta property=\"og:description\" content=\"Journaliste de l\u2019ann\u00e9e 2022 : Isabelle Hachey La guerre en Ukraine a \u00e9t\u00e9 l&rsquo;\u00e9v\u00e9nement international de l&rsquo;ann\u00e9e 2022, et personne au Canada n&rsquo;a r\u00e9ussi \u00e0 le [\u2026]\" \/>\n<meta property=\"og:url\" content=\"https:\/\/nna-ccj.ca\/fr\/journaliste-de-lannee\/journaliste-de-lannee-2022-isabelle-hachey\/\" \/>\n<meta property=\"og:site_name\" content=\"National Newspaper Awards\" \/>\n<meta property=\"og:image\" content=\"https:\/\/nna-ccj.ca\/wp-content\/uploads\/2023\/05\/HACHEY_Isabelle_512x512-300x300.jpg\" \/>\n<meta name=\"twitter:card\" content=\"summary_large_image\" \/>\n<meta name=\"twitter:label1\" content=\"Dur\u00e9e de lecture estim\u00e9e\" \/>\n\t<meta name=\"twitter:data1\" content=\"3 minutes\" \/>\n<script type=\"application\/ld+json\" class=\"yoast-schema-graph\">{\"@context\":\"https:\\\/\\\/schema.org\",\"@graph\":[{\"@type\":\"WebPage\",\"@id\":\"https:\\\/\\\/nna-ccj.ca\\\/fr\\\/journaliste-de-lannee\\\/journaliste-de-lannee-2022-isabelle-hachey\\\/\",\"url\":\"https:\\\/\\\/nna-ccj.ca\\\/fr\\\/journaliste-de-lannee\\\/journaliste-de-lannee-2022-isabelle-hachey\\\/\",\"name\":\"Journaliste de l\u2019ann\u00e9e 2022 : Isabelle Hachey - National Newspaper Awards\",\"isPartOf\":{\"@id\":\"https:\\\/\\\/nna-ccj.ca\\\/#website\"},\"primaryImageOfPage\":{\"@id\":\"https:\\\/\\\/nna-ccj.ca\\\/fr\\\/journaliste-de-lannee\\\/journaliste-de-lannee-2022-isabelle-hachey\\\/#primaryimage\"},\"image\":{\"@id\":\"https:\\\/\\\/nna-ccj.ca\\\/fr\\\/journaliste-de-lannee\\\/journaliste-de-lannee-2022-isabelle-hachey\\\/#primaryimage\"},\"thumbnailUrl\":\"https:\\\/\\\/nna-ccj.ca\\\/wp-content\\\/uploads\\\/2023\\\/05\\\/HACHEY_Isabelle_512x512-300x300.jpg\",\"datePublished\":\"2023-05-06T12:20:07+00:00\",\"breadcrumb\":{\"@id\":\"https:\\\/\\\/nna-ccj.ca\\\/fr\\\/journaliste-de-lannee\\\/journaliste-de-lannee-2022-isabelle-hachey\\\/#breadcrumb\"},\"inLanguage\":\"fr-FR\",\"potentialAction\":[{\"@type\":\"ReadAction\",\"target\":[\"https:\\\/\\\/nna-ccj.ca\\\/fr\\\/journaliste-de-lannee\\\/journaliste-de-lannee-2022-isabelle-hachey\\\/\"]}]},{\"@type\":\"ImageObject\",\"inLanguage\":\"fr-FR\",\"@id\":\"https:\\\/\\\/nna-ccj.ca\\\/fr\\\/journaliste-de-lannee\\\/journaliste-de-lannee-2022-isabelle-hachey\\\/#primaryimage\",\"url\":\"https:\\\/\\\/nna-ccj.ca\\\/wp-content\\\/uploads\\\/2023\\\/05\\\/HACHEY_Isabelle_512x512-300x300.jpg\",\"contentUrl\":\"https:\\\/\\\/nna-ccj.ca\\\/wp-content\\\/uploads\\\/2023\\\/05\\\/HACHEY_Isabelle_512x512-300x300.jpg\"},{\"@type\":\"BreadcrumbList\",\"@id\":\"https:\\\/\\\/nna-ccj.ca\\\/fr\\\/journaliste-de-lannee\\\/journaliste-de-lannee-2022-isabelle-hachey\\\/#breadcrumb\",\"itemListElement\":[{\"@type\":\"ListItem\",\"position\":1,\"name\":\"Home\",\"item\":\"https:\\\/\\\/nna-ccj.ca\\\/fr\\\/\"},{\"@type\":\"ListItem\",\"position\":2,\"name\":\"Journaliste de l\u2019ann\u00e9e\",\"item\":\"https:\\\/\\\/nna-ccj.ca\\\/fr\\\/journaliste-de-lannee\\\/\"},{\"@type\":\"ListItem\",\"position\":3,\"name\":\"Journaliste de l\u2019ann\u00e9e 2022 : Isabelle Hachey\"}]},{\"@type\":\"WebSite\",\"@id\":\"https:\\\/\\\/nna-ccj.ca\\\/#website\",\"url\":\"https:\\\/\\\/nna-ccj.ca\\\/\",\"name\":\"National Newspaper Awards\",\"description\":\"Honouring the best in Canadian Journalism since 1949\",\"potentialAction\":[{\"@type\":\"SearchAction\",\"target\":{\"@type\":\"EntryPoint\",\"urlTemplate\":\"https:\\\/\\\/nna-ccj.ca\\\/?s={search_term_string}\"},\"query-input\":{\"@type\":\"PropertyValueSpecification\",\"valueRequired\":true,\"valueName\":\"search_term_string\"}}],\"inLanguage\":\"fr-FR\"}]}<\/script>\n<!-- \/ Yoast SEO plugin. -->","yoast_head_json":{"title":"Journaliste de l\u2019ann\u00e9e 2022 : Isabelle Hachey - National Newspaper Awards","robots":{"index":"index","follow":"follow","max-snippet":"max-snippet:-1","max-image-preview":"max-image-preview:large","max-video-preview":"max-video-preview:-1"},"canonical":"https:\/\/nna-ccj.ca\/fr\/journaliste-de-lannee\/journaliste-de-lannee-2022-isabelle-hachey\/","og_locale":"fr_FR","og_type":"article","og_title":"Journaliste de l\u2019ann\u00e9e 2022 : Isabelle Hachey - National Newspaper Awards","og_description":"Journaliste de l\u2019ann\u00e9e 2022 : Isabelle Hachey La guerre en Ukraine a \u00e9t\u00e9 l&rsquo;\u00e9v\u00e9nement international de l&rsquo;ann\u00e9e 2022, et personne au Canada n&rsquo;a r\u00e9ussi \u00e0 le [\u2026]","og_url":"https:\/\/nna-ccj.ca\/fr\/journaliste-de-lannee\/journaliste-de-lannee-2022-isabelle-hachey\/","og_site_name":"National Newspaper Awards","og_image":[{"url":"https:\/\/nna-ccj.ca\/wp-content\/uploads\/2023\/05\/HACHEY_Isabelle_512x512-300x300.jpg","type":"","width":"","height":""}],"twitter_card":"summary_large_image","twitter_misc":{"Dur\u00e9e de lecture estim\u00e9e":"3 minutes"},"schema":{"@context":"https:\/\/schema.org","@graph":[{"@type":"WebPage","@id":"https:\/\/nna-ccj.ca\/fr\/journaliste-de-lannee\/journaliste-de-lannee-2022-isabelle-hachey\/","url":"https:\/\/nna-ccj.ca\/fr\/journaliste-de-lannee\/journaliste-de-lannee-2022-isabelle-hachey\/","name":"Journaliste de l\u2019ann\u00e9e 2022 : Isabelle Hachey - National Newspaper Awards","isPartOf":{"@id":"https:\/\/nna-ccj.ca\/#website"},"primaryImageOfPage":{"@id":"https:\/\/nna-ccj.ca\/fr\/journaliste-de-lannee\/journaliste-de-lannee-2022-isabelle-hachey\/#primaryimage"},"image":{"@id":"https:\/\/nna-ccj.ca\/fr\/journaliste-de-lannee\/journaliste-de-lannee-2022-isabelle-hachey\/#primaryimage"},"thumbnailUrl":"https:\/\/nna-ccj.ca\/wp-content\/uploads\/2023\/05\/HACHEY_Isabelle_512x512-300x300.jpg","datePublished":"2023-05-06T12:20:07+00:00","breadcrumb":{"@id":"https:\/\/nna-ccj.ca\/fr\/journaliste-de-lannee\/journaliste-de-lannee-2022-isabelle-hachey\/#breadcrumb"},"inLanguage":"fr-FR","potentialAction":[{"@type":"ReadAction","target":["https:\/\/nna-ccj.ca\/fr\/journaliste-de-lannee\/journaliste-de-lannee-2022-isabelle-hachey\/"]}]},{"@type":"ImageObject","inLanguage":"fr-FR","@id":"https:\/\/nna-ccj.ca\/fr\/journaliste-de-lannee\/journaliste-de-lannee-2022-isabelle-hachey\/#primaryimage","url":"https:\/\/nna-ccj.ca\/wp-content\/uploads\/2023\/05\/HACHEY_Isabelle_512x512-300x300.jpg","contentUrl":"https:\/\/nna-ccj.ca\/wp-content\/uploads\/2023\/05\/HACHEY_Isabelle_512x512-300x300.jpg"},{"@type":"BreadcrumbList","@id":"https:\/\/nna-ccj.ca\/fr\/journaliste-de-lannee\/journaliste-de-lannee-2022-isabelle-hachey\/#breadcrumb","itemListElement":[{"@type":"ListItem","position":1,"name":"Home","item":"https:\/\/nna-ccj.ca\/fr\/"},{"@type":"ListItem","position":2,"name":"Journaliste de l\u2019ann\u00e9e","item":"https:\/\/nna-ccj.ca\/fr\/journaliste-de-lannee\/"},{"@type":"ListItem","position":3,"name":"Journaliste de l\u2019ann\u00e9e 2022 : Isabelle Hachey"}]},{"@type":"WebSite","@id":"https:\/\/nna-ccj.ca\/#website","url":"https:\/\/nna-ccj.ca\/","name":"National Newspaper Awards","description":"Honouring the best in Canadian Journalism since 1949","potentialAction":[{"@type":"SearchAction","target":{"@type":"EntryPoint","urlTemplate":"https:\/\/nna-ccj.ca\/?s={search_term_string}"},"query-input":{"@type":"PropertyValueSpecification","valueRequired":true,"valueName":"search_term_string"}}],"inLanguage":"fr-FR"}]}},"jetpack_sharing_enabled":true,"_links":{"self":[{"href":"https:\/\/nna-ccj.ca\/fr\/wp-json\/wp\/v2\/pages\/7722","targetHints":{"allow":["GET"]}}],"collection":[{"href":"https:\/\/nna-ccj.ca\/fr\/wp-json\/wp\/v2\/pages"}],"about":[{"href":"https:\/\/nna-ccj.ca\/fr\/wp-json\/wp\/v2\/types\/page"}],"author":[{"embeddable":true,"href":"https:\/\/nna-ccj.ca\/fr\/wp-json\/wp\/v2\/users\/8"}],"replies":[{"embeddable":true,"href":"https:\/\/nna-ccj.ca\/fr\/wp-json\/wp\/v2\/comments?post=7722"}],"version-history":[{"count":2,"href":"https:\/\/nna-ccj.ca\/fr\/wp-json\/wp\/v2\/pages\/7722\/revisions"}],"predecessor-version":[{"id":7724,"href":"https:\/\/nna-ccj.ca\/fr\/wp-json\/wp\/v2\/pages\/7722\/revisions\/7724"}],"up":[{"embeddable":true,"href":"https:\/\/nna-ccj.ca\/fr\/wp-json\/wp\/v2\/pages\/4514"}],"wp:attachment":[{"href":"https:\/\/nna-ccj.ca\/fr\/wp-json\/wp\/v2\/media?parent=7722"}],"curies":[{"name":"wp","href":"https:\/\/api.w.org\/{rel}","templated":true}]}}