{"id":8179,"date":"2024-03-05T16:16:42","date_gmt":"2024-03-05T21:16:42","guid":{"rendered":"https:\/\/nna-ccj.ca\/?page_id=8179"},"modified":"2024-07-17T11:37:54","modified_gmt":"2024-07-17T15:37:54","slug":"gala-des-laureats-2022","status":"publish","type":"page","link":"https:\/\/nna-ccj.ca\/fr\/gala-des-laureats-2022\/","title":{"rendered":"Gala des laur\u00e9ats 2023"},"content":{"rendered":"\t\t<div data-elementor-type=\"wp-page\" data-elementor-id=\"8179\" class=\"elementor elementor-8179\" data-elementor-post-type=\"page\">\n\t\t\t\t\t\t<section class=\"elementor-section elementor-top-section elementor-element elementor-element-fe15890 elementor-section-boxed elementor-section-height-default elementor-section-height-default\" data-id=\"fe15890\" data-element_type=\"section\" data-e-type=\"section\">\n\t\t\t\t\t\t<div class=\"elementor-container elementor-column-gap-default\">\n\t\t\t\t\t<div class=\"elementor-column elementor-col-100 elementor-top-column elementor-element elementor-element-16632c3\" data-id=\"16632c3\" data-element_type=\"column\" data-e-type=\"column\">\n\t\t\t<div class=\"elementor-widget-wrap elementor-element-populated\">\n\t\t\t\t\t\t<div class=\"elementor-element elementor-element-77f070e elementor-widget elementor-widget-text-editor\" data-id=\"77f070e\" data-element_type=\"widget\" data-e-type=\"widget\" data-widget_type=\"text-editor.default\">\n\t\t\t\t<div class=\"elementor-widget-container\">\n\t\t\t\t\t\t\t\t\t<p><strong>Gala des laur\u00e9ats 2023<\/strong><\/p><p>Les laur\u00e9ats du CCJ 2023 ont \u00e9t\u00e9 annonc\u00e9s le 26 avril 2024 \u00e0 Toronto.<\/p><p><a href=\"https:\/\/nna-ccj.ca\/wp-content\/uploads\/2024\/04\/NEW-2023-NNA-program-FRENCH-.pdf\">Cliquez ici\u00a0<\/a>pour t\u00e9l\u00e9charger le programme num\u00e9rique.<\/p><p>Cliquez ci-dessous pour profiter du spectacle !<\/p><p><iframe src=\"\/\/www.youtube.com\/embed\/MPucEzdqV64\" width=\"600\" height=\"336\" allowfullscreen=\"allowfullscreen\"><\/iframe><\/p>\t\t\t\t\t\t\t\t<\/div>\n\t\t\t\t<\/div>\n\t\t\t\t\t<\/div>\n\t\t<\/div>\n\t\t\t\t\t<\/div>\n\t\t<\/section>\n\t\t\t\t<section class=\"elementor-section elementor-top-section elementor-element elementor-element-e451b8a elementor-section-boxed elementor-section-height-default elementor-section-height-default\" data-id=\"e451b8a\" data-element_type=\"section\" data-e-type=\"section\">\n\t\t\t\t\t\t<div class=\"elementor-container elementor-column-gap-default\">\n\t\t\t\t\t<div class=\"elementor-column elementor-col-100 elementor-top-column elementor-element elementor-element-da178ea\" data-id=\"da178ea\" data-element_type=\"column\" data-e-type=\"column\">\n\t\t\t<div class=\"elementor-widget-wrap elementor-element-populated\">\n\t\t\t\t\t\t<div class=\"elementor-element elementor-element-c72b0bf elementor-widget elementor-widget-text-editor\" data-id=\"c72b0bf\" data-element_type=\"widget\" data-e-type=\"widget\" data-widget_type=\"text-editor.default\">\n\t\t\t\t<div class=\"elementor-widget-container\">\n\t\t\t\t\t\t\t\t\t<p style=\"text-align: center;\"><span style=\"font-size: 24px;\"><b>Commanditaire platine<\/b><\/span><\/p><p><img fetchpriority=\"high\" decoding=\"async\" class=\"aligncenter\" src=\"https:\/\/nna-ccj.ca\/wp-content\/uploads\/2022\/11\/TGAM-square-black-300x300.jpg\" alt=\"\" width=\"231\" height=\"231\" \/><\/p><p>\u00a0<\/p><p>\u00a0<\/p><p style=\"text-align: center;\"><span style=\"font-family: Roboto, sans-serif; font-size: 24px; font-style: normal; font-variant-ligatures: normal; font-variant-caps: normal; font-weight: bold; color: var( --e-global-color-text ); letter-spacing: 0px;\">Commanditaires soutien<\/span><\/p><table style=\"border-collapse: collapse; width: 100%;\"><tbody><tr><td style=\"width: 33.3333%;\"><img decoding=\"async\" class=\"alignnone size-full wp-image-6880\" src=\"https:\/\/nna-ccj.ca\/wp-content\/uploads\/2022\/11\/CanadianPress_fr.jpg\" alt=\"\" width=\"150\" height=\"150\" srcset=\"https:\/\/nna-ccj.ca\/wp-content\/uploads\/2022\/11\/CanadianPress_fr.jpg 150w, https:\/\/nna-ccj.ca\/wp-content\/uploads\/2022\/11\/CanadianPress_fr-146x146.jpg 146w, https:\/\/nna-ccj.ca\/wp-content\/uploads\/2022\/11\/CanadianPress_fr-50x50.jpg 50w, https:\/\/nna-ccj.ca\/wp-content\/uploads\/2022\/11\/CanadianPress_fr-75x75.jpg 75w, https:\/\/nna-ccj.ca\/wp-content\/uploads\/2022\/11\/CanadianPress_fr-85x85.jpg 85w, https:\/\/nna-ccj.ca\/wp-content\/uploads\/2022\/11\/CanadianPress_fr-80x80.jpg 80w\" sizes=\"(max-width:767px) 150px, 150px\" \/><\/td><td style=\"width: 33.3333%;\"><img decoding=\"async\" src=\"https:\/\/nna-ccj.ca\/wp-content\/uploads\/2022\/11\/Cision.jpg\" alt=\"\" width=\"150\" height=\"150\" \/><\/td><td style=\"width: 33.3333%;\"><p><img loading=\"lazy\" decoding=\"async\" src=\"https:\/\/nna-ccj.ca\/wp-content\/uploads\/2022\/11\/Glacier.jpg\" alt=\"Glacier Media Group\" width=\"150\" height=\"150\" \/><\/p><\/td><\/tr><\/tbody><\/table><table style=\"border-collapse: collapse; width: 100%;\"><tbody><tr><td style=\"width: 33.3333%;\"><img loading=\"lazy\" decoding=\"async\" class=\"aligncenter\" src=\"https:\/\/nna-ccj.ca\/wp-content\/uploads\/2022\/11\/logo-toronto.svg\" alt=\"\" width=\"501\" height=\"80\" \/><\/td><td style=\"width: 33.3333%;\"><img loading=\"lazy\" decoding=\"async\" src=\"https:\/\/nna-ccj.ca\/wp-content\/uploads\/2023\/04\/Vividata.png\" alt=\"\" width=\"150\" height=\"150\" \/><\/td><td style=\"width: 33.3333%;\"><img loading=\"lazy\" decoding=\"async\" src=\"https:\/\/nna-ccj.ca\/wp-content\/uploads\/2022\/11\/150_TheFP_blue_squarejpg-300x300.jpg\" alt=\"\" width=\"157\" height=\"157\" \/><\/td><\/tr><\/tbody><\/table><table style=\"border-collapse: collapse; width: 100%; height: 11px;\"><tbody><tr style=\"height: 140px;\"><td style=\"width: 33.1933%; height: 11px;\">\u00a0<\/td><td style=\"width: 33.4209%; height: 11px;\">\u00a0<\/td><td style=\"width: 33.3857%; height: 11px;\">\u00a0<\/td><\/tr><\/tbody><\/table>\t\t\t\t\t\t\t\t<\/div>\n\t\t\t\t<\/div>\n\t\t\t\t\t<\/div>\n\t\t<\/div>\n\t\t\t\t\t<\/div>\n\t\t<\/section>\n\t\t\t\t<\/div>\n\t\t","protected":false},"excerpt":{"rendered":"<p>Gala des laur\u00e9ats 2023 Les laur\u00e9ats du CCJ 2023 ont \u00e9t\u00e9 annonc\u00e9s le 26 avril 2024 \u00e0 Toronto. Cliquez ici\u00a0pour t\u00e9l\u00e9charger le programme num\u00e9rique. Cliquez ci-dessous<span class=\"excerpt-hellip\"> [\u2026]<\/span><\/p>\n","protected":false},"author":8,"featured_media":0,"parent":0,"menu_order":0,"comment_status":"closed","ping_status":"closed","template":"","meta":{"footnotes":""},"class_list":["post-8179","page","type-page","status-publish","hentry"],"yoast_head":"<!-- This site is optimized with the Yoast SEO plugin v27.5 - https:\/\/yoast.com\/product\/yoast-seo-wordpress\/ -->\n<title>Gala des laur\u00e9ats 2023 - National Newspaper Awards<\/title>\n<meta name=\"robots\" content=\"index, follow, max-snippet:-1, max-image-preview:large, max-video-preview:-1\" \/>\n<link rel=\"canonical\" href=\"https:\/\/nna-ccj.ca\/fr\/gala-des-laureats-2022\/\" \/>\n<meta property=\"og:locale\" content=\"fr_FR\" \/>\n<meta property=\"og:type\" content=\"article\" \/>\n<meta property=\"og:title\" content=\"Gala des laur\u00e9ats 2023 - National Newspaper Awards\" \/>\n<meta property=\"og:description\" content=\"Gala des laur\u00e9ats 2023 Les laur\u00e9ats du CCJ 2023 ont \u00e9t\u00e9 annonc\u00e9s le 26 avril 2024 \u00e0 Toronto. Cliquez ici\u00a0pour t\u00e9l\u00e9charger le programme num\u00e9rique. Cliquez ci-dessous [\u2026]\" \/>\n<meta property=\"og:url\" content=\"https:\/\/nna-ccj.ca\/fr\/gala-des-laureats-2022\/\" \/>\n<meta property=\"og:site_name\" content=\"National Newspaper Awards\" \/>\n<meta property=\"article:modified_time\" content=\"2024-07-17T15:37:54+00:00\" \/>\n<meta property=\"og:image\" content=\"https:\/\/nna-ccj.ca\/wp-content\/uploads\/2022\/11\/TGAM-square-black-300x300.jpg\" \/>\n<meta name=\"twitter:card\" content=\"summary_large_image\" \/>\n<meta name=\"twitter:label1\" content=\"Dur\u00e9e de lecture estim\u00e9e\" \/>\n\t<meta name=\"twitter:data1\" content=\"2 minutes\" \/>\n<script type=\"application\/ld+json\" class=\"yoast-schema-graph\">{\"@context\":\"https:\\\/\\\/schema.org\",\"@graph\":[{\"@type\":\"WebPage\",\"@id\":\"https:\\\/\\\/nna-ccj.ca\\\/fr\\\/gala-des-laureats-2022\\\/\",\"url\":\"https:\\\/\\\/nna-ccj.ca\\\/fr\\\/gala-des-laureats-2022\\\/\",\"name\":\"Gala des laur\u00e9ats 2023 - National Newspaper Awards\",\"isPartOf\":{\"@id\":\"https:\\\/\\\/nna-ccj.ca\\\/#website\"},\"primaryImageOfPage\":{\"@id\":\"https:\\\/\\\/nna-ccj.ca\\\/fr\\\/gala-des-laureats-2022\\\/#primaryimage\"},\"image\":{\"@id\":\"https:\\\/\\\/nna-ccj.ca\\\/fr\\\/gala-des-laureats-2022\\\/#primaryimage\"},\"thumbnailUrl\":\"https:\\\/\\\/nna-ccj.ca\\\/wp-content\\\/uploads\\\/2022\\\/11\\\/TGAM-square-black-300x300.jpg\",\"datePublished\":\"2024-03-05T21:16:42+00:00\",\"dateModified\":\"2024-07-17T15:37:54+00:00\",\"breadcrumb\":{\"@id\":\"https:\\\/\\\/nna-ccj.ca\\\/fr\\\/gala-des-laureats-2022\\\/#breadcrumb\"},\"inLanguage\":\"fr-FR\",\"potentialAction\":[{\"@type\":\"ReadAction\",\"target\":[\"https:\\\/\\\/nna-ccj.ca\\\/fr\\\/gala-des-laureats-2022\\\/\"]}]},{\"@type\":\"ImageObject\",\"inLanguage\":\"fr-FR\",\"@id\":\"https:\\\/\\\/nna-ccj.ca\\\/fr\\\/gala-des-laureats-2022\\\/#primaryimage\",\"url\":\"https:\\\/\\\/nna-ccj.ca\\\/wp-content\\\/uploads\\\/2022\\\/11\\\/TGAM-square-black-300x300.jpg\",\"contentUrl\":\"https:\\\/\\\/nna-ccj.ca\\\/wp-content\\\/uploads\\\/2022\\\/11\\\/TGAM-square-black-300x300.jpg\"},{\"@type\":\"BreadcrumbList\",\"@id\":\"https:\\\/\\\/nna-ccj.ca\\\/fr\\\/gala-des-laureats-2022\\\/#breadcrumb\",\"itemListElement\":[{\"@type\":\"ListItem\",\"position\":1,\"name\":\"Home\",\"item\":\"https:\\\/\\\/nna-ccj.ca\\\/fr\\\/\"},{\"@type\":\"ListItem\",\"position\":2,\"name\":\"Gala des laur\u00e9ats 2023\"}]},{\"@type\":\"WebSite\",\"@id\":\"https:\\\/\\\/nna-ccj.ca\\\/#website\",\"url\":\"https:\\\/\\\/nna-ccj.ca\\\/\",\"name\":\"National Newspaper Awards\",\"description\":\"Honouring the best in Canadian Journalism since 1949\",\"potentialAction\":[{\"@type\":\"SearchAction\",\"target\":{\"@type\":\"EntryPoint\",\"urlTemplate\":\"https:\\\/\\\/nna-ccj.ca\\\/?s={search_term_string}\"},\"query-input\":{\"@type\":\"PropertyValueSpecification\",\"valueRequired\":true,\"valueName\":\"search_term_string\"}}],\"inLanguage\":\"fr-FR\"}]}<\/script>\n<!-- \/ Yoast SEO plugin. -->","yoast_head_json":{"title":"Gala des laur\u00e9ats 2023 - National Newspaper Awards","robots":{"index":"index","follow":"follow","max-snippet":"max-snippet:-1","max-image-preview":"max-image-preview:large","max-video-preview":"max-video-preview:-1"},"canonical":"https:\/\/nna-ccj.ca\/fr\/gala-des-laureats-2022\/","og_locale":"fr_FR","og_type":"article","og_title":"Gala des laur\u00e9ats 2023 - National Newspaper Awards","og_description":"Gala des laur\u00e9ats 2023 Les laur\u00e9ats du CCJ 2023 ont \u00e9t\u00e9 annonc\u00e9s le 26 avril 2024 \u00e0 Toronto. Cliquez ici\u00a0pour t\u00e9l\u00e9charger le programme num\u00e9rique. Cliquez ci-dessous [\u2026]","og_url":"https:\/\/nna-ccj.ca\/fr\/gala-des-laureats-2022\/","og_site_name":"National Newspaper Awards","article_modified_time":"2024-07-17T15:37:54+00:00","og_image":[{"url":"https:\/\/nna-ccj.ca\/wp-content\/uploads\/2022\/11\/TGAM-square-black-300x300.jpg","type":"","width":"","height":""}],"twitter_card":"summary_large_image","twitter_misc":{"Dur\u00e9e de lecture estim\u00e9e":"2 minutes"},"schema":{"@context":"https:\/\/schema.org","@graph":[{"@type":"WebPage","@id":"https:\/\/nna-ccj.ca\/fr\/gala-des-laureats-2022\/","url":"https:\/\/nna-ccj.ca\/fr\/gala-des-laureats-2022\/","name":"Gala des laur\u00e9ats 2023 - National Newspaper Awards","isPartOf":{"@id":"https:\/\/nna-ccj.ca\/#website"},"primaryImageOfPage":{"@id":"https:\/\/nna-ccj.ca\/fr\/gala-des-laureats-2022\/#primaryimage"},"image":{"@id":"https:\/\/nna-ccj.ca\/fr\/gala-des-laureats-2022\/#primaryimage"},"thumbnailUrl":"https:\/\/nna-ccj.ca\/wp-content\/uploads\/2022\/11\/TGAM-square-black-300x300.jpg","datePublished":"2024-03-05T21:16:42+00:00","dateModified":"2024-07-17T15:37:54+00:00","breadcrumb":{"@id":"https:\/\/nna-ccj.ca\/fr\/gala-des-laureats-2022\/#breadcrumb"},"inLanguage":"fr-FR","potentialAction":[{"@type":"ReadAction","target":["https:\/\/nna-ccj.ca\/fr\/gala-des-laureats-2022\/"]}]},{"@type":"ImageObject","inLanguage":"fr-FR","@id":"https:\/\/nna-ccj.ca\/fr\/gala-des-laureats-2022\/#primaryimage","url":"https:\/\/nna-ccj.ca\/wp-content\/uploads\/2022\/11\/TGAM-square-black-300x300.jpg","contentUrl":"https:\/\/nna-ccj.ca\/wp-content\/uploads\/2022\/11\/TGAM-square-black-300x300.jpg"},{"@type":"BreadcrumbList","@id":"https:\/\/nna-ccj.ca\/fr\/gala-des-laureats-2022\/#breadcrumb","itemListElement":[{"@type":"ListItem","position":1,"name":"Home","item":"https:\/\/nna-ccj.ca\/fr\/"},{"@type":"ListItem","position":2,"name":"Gala des laur\u00e9ats 2023"}]},{"@type":"WebSite","@id":"https:\/\/nna-ccj.ca\/#website","url":"https:\/\/nna-ccj.ca\/","name":"National Newspaper Awards","description":"Honouring the best in Canadian Journalism since 1949","potentialAction":[{"@type":"SearchAction","target":{"@type":"EntryPoint","urlTemplate":"https:\/\/nna-ccj.ca\/?s={search_term_string}"},"query-input":{"@type":"PropertyValueSpecification","valueRequired":true,"valueName":"search_term_string"}}],"inLanguage":"fr-FR"}]}},"jetpack_sharing_enabled":true,"_links":{"self":[{"href":"https:\/\/nna-ccj.ca\/fr\/wp-json\/wp\/v2\/pages\/8179","targetHints":{"allow":["GET"]}}],"collection":[{"href":"https:\/\/nna-ccj.ca\/fr\/wp-json\/wp\/v2\/pages"}],"about":[{"href":"https:\/\/nna-ccj.ca\/fr\/wp-json\/wp\/v2\/types\/page"}],"author":[{"embeddable":true,"href":"https:\/\/nna-ccj.ca\/fr\/wp-json\/wp\/v2\/users\/8"}],"replies":[{"embeddable":true,"href":"https:\/\/nna-ccj.ca\/fr\/wp-json\/wp\/v2\/comments?post=8179"}],"version-history":[{"count":30,"href":"https:\/\/nna-ccj.ca\/fr\/wp-json\/wp\/v2\/pages\/8179\/revisions"}],"predecessor-version":[{"id":9305,"href":"https:\/\/nna-ccj.ca\/fr\/wp-json\/wp\/v2\/pages\/8179\/revisions\/9305"}],"wp:attachment":[{"href":"https:\/\/nna-ccj.ca\/fr\/wp-json\/wp\/v2\/media?parent=8179"}],"curies":[{"name":"wp","href":"https:\/\/api.w.org\/{rel}","templated":true}]}}