{"id":9054,"date":"2024-04-27T07:20:53","date_gmt":"2024-04-27T11:20:53","guid":{"rendered":"https:\/\/nna-ccj.ca\/?page_id=9054"},"modified":"2024-04-27T07:20:55","modified_gmt":"2024-04-27T11:20:55","slug":"juges-pour-2023","status":"publish","type":"page","link":"https:\/\/nna-ccj.ca\/fr\/juges-pour-2023\/","title":{"rendered":"Juges pour 2023"},"content":{"rendered":"\t\t<div data-elementor-type=\"wp-page\" data-elementor-id=\"9054\" class=\"elementor elementor-9054 elementor-8961\" data-elementor-post-type=\"page\">\n\t\t\t\t\t\t<section class=\"elementor-section elementor-top-section elementor-element elementor-element-45c9d7f5 elementor-section-boxed elementor-section-height-default elementor-section-height-default\" data-id=\"45c9d7f5\" data-element_type=\"section\" data-e-type=\"section\">\n\t\t\t\t\t\t<div class=\"elementor-container elementor-column-gap-default\">\n\t\t\t\t\t<div class=\"elementor-column elementor-col-100 elementor-top-column elementor-element elementor-element-129889cf\" data-id=\"129889cf\" data-element_type=\"column\" data-e-type=\"column\">\n\t\t\t<div class=\"elementor-widget-wrap elementor-element-populated\">\n\t\t\t\t\t\t<div class=\"elementor-element elementor-element-589ec019 elementor-widget elementor-widget-text-editor\" data-id=\"589ec019\" data-element_type=\"widget\" data-e-type=\"widget\" data-widget_type=\"text-editor.default\">\n\t\t\t\t<div class=\"elementor-widget-container\">\n\t\t\t\t\t\t\t\t\t<h1>Juges pour 2023<\/h1><p><strong><u>Culture et divertissement<\/u><\/strong><\/p><figure><img decoding=\"async\" class=\"alignleft\" src=\"https:\/\/nna-ccj.ca\/wp-content\/uploads\/2024\/04\/Arts-and-Ent-1-300x117.jpg\" alt=\"\" width=\"297\" height=\"116\" \/><\/figure><p><b>Ingrid Bejerman<\/b><span style=\"font-weight: 400;\"> est une journaliste, universitaire et gestionnaire sp\u00e9cialis\u00e9e dans le reportage culturel, les affaires latino-am\u00e9ricaines et la formation journalistique. Elle a \u00e9t\u00e9 reporter et chroniqueuse pour O Estado de Sao Paulo au Br\u00e9sil, coordonnatrice \u00e0 la fondation Gabriel Garc\u00eda M\u00e1rquez pour le journalisme en Colombie, et directrice de la C\u00e1tedra Latinoamericana Julio Cort\u00e1zar \u00e0 l\u2019universit\u00e9 de Guadalajara, au Mexique. Ingrid enseigne les communications, les m\u00e9thodes de recherche ainsi que la th\u00e9orie et la pratique journalistique \u00e0 l\u2019Universit\u00e9 Concordia de Montr\u00e9al.<\/span><\/p><p><b>David Gutnick<\/b><span style=\"font-weight: 400;\"> a travaill\u00e9 comme r\u00e9alisateur de documentaires \u00e0 la radio de la CBC pendant 36 ans. Il a r\u00e9cemment publi\u00e9 \u00abCorrecting Mandel : Why Arming Ukraine is the Road to Peace\u00bb dans le magazine Canadian Dimension.\u00a0 Son dernier livre audio pour enfants s&rsquo;intitule \u00abNo Nothing No Everything\u00bb. David vit \u00e0 Montr\u00e9al.<\/span><\/p><p><b>Lisa Yeung<\/b><span style=\"font-weight: 400;\"> est une journaliste num\u00e9rique prim\u00e9e qui poss\u00e8de pr\u00e8s de 25 ans d&rsquo;exp\u00e9rience en mati\u00e8re de contenu et de strat\u00e9gie dans l&rsquo;art de vivre, les actualit\u00e9s et la vid\u00e9o. Elle a contribu\u00e9 au lancement de la premi\u00e8re \u00e9dition internationale du Huffington Post au Canada et a \u00e9t\u00e9 r\u00e9dactrice en chef par int\u00e9rim de HuffPost Canada, ainsi que directrice de l\u2019information, pendant pr\u00e8s d\u2019une d\u00e9cennie, des \u00e9quipes LIFE et Perspectives qui ont \u00e9t\u00e9 prim\u00e9es. Lisa enseigne actuellement \u00e0 la prochaine g\u00e9n\u00e9ration de journalistes au Centennial College de Toronto.\u00a0<\/span><\/p><p><span style=\"font-weight: 400;\">\u00a0<\/span><strong><u>Prix Joan Hollobon pour le journalisme sp\u00e9cialis\u00e9<\/u><\/strong><\/p><figure><img decoding=\"async\" class=\"alignleft\" src=\"https:\/\/nna-ccj.ca\/wp-content\/uploads\/2024\/04\/Beat-Reporting-300x117.jpg\" alt=\"\" width=\"300\" height=\"117\" \/><\/figure><p><b>Raffy Boudjikanian<\/b><span style=\"font-weight: 400;\"> est reporter au bureau parlementaire de la CBC \u00e0 Ottawa. Il couvre souvent les grandes nouvelles politiques de la journ\u00e9e pour les bulletins d&rsquo;information nationale de la t\u00e9l\u00e9vision et de la radio. Avant de travailler sur la Colline, il \u00e9tait en poste \u00e0 Edmonton et \u00e0 Calgary, o\u00f9 il couvrait \u00e9galement les actualit\u00e9s nationales pour le radiodiffuseur public. Raffy a fait ses d\u00e9buts dans le journalisme \u00e0 Montr\u00e9al, d&rsquo;abord au West Island Chronicle, puis \u00e0 CBC Montr\u00e9al pour les informations locales. Il est \u00e9galement l&rsquo;auteur d&rsquo;un ouvrage non romanesque, \u00abJourney through Genocide : Stories of Survivors and the Dead\u00bb, qui relate ses voyages au Tchad, au Rwanda et en Turquie, o\u00f9 il a interview\u00e9 un certain nombre de survivants du g\u00e9nocide et leurs descendants. Il a \u00e9galement publi\u00e9 l&rsquo;an dernier un essai intitul\u00e9 \u00abThe Road to Belonging\u00bb dans l&rsquo;anthologie \u00abWe Are All Armenian\u00bb.\u00a0<\/span><\/p><p><b>Katherine Monk<\/b><span style=\"font-weight: 400;\"> est auteure \u00e0 succ\u00e8s, cin\u00e9aste et journaliste qui a commenc\u00e9 sa carri\u00e8re comme reporter \u00e0 l\u2019actualit\u00e9 g\u00e9n\u00e9rale au Vancouver Sun en 1990, et l\u2019a conclue comme critique nationale de cin\u00e9ma pour Postmedia\/Canwest News Service en 2015. Auteure de Weird Sex &amp; Snowshoes \u2013 And Other Canadian Film Phenomena, et plus r\u00e9cemment, Joni: The Creative Odyssey of Joni Mitchell, elle a entrepris de mieux comprendre les particularit\u00e9s de la culture canadienne et de c\u00e9l\u00e9brer nos diff\u00e9rences. Collaboratrice de longue date \u00e0 la radio de CBC, Katherine recense les films en ondes et gribouille pour un site web qui c\u00e9l\u00e8bre les \u00e9crits de r\u00e9dacteurs \u00e0 la retraite, ex-press.ca.<\/span><\/p><p><b>Loreen Pindera<\/b><span style=\"font-weight: 400;\"> a pris sa retraite de CBC News en 2020, apr\u00e8s 36 ans comme reporter et r\u00e9dactrice \u00e0 Thunder Bay, Winnipeg et Montr\u00e9al. Elle est coauteure, avec Geoffrey York, de \u00abPeople of the Pines : The Warriors and the Legacy of Oka\u00bb. Triathlonienne passionn\u00e9e, elle \u00e9crit sur son sport pour Triathlon Magazine Canada.<\/span><\/p><p><strong><u>Prix Stuart M. Robertson pour nouvelle de derni\u00e8re heure<\/u><\/strong><\/p><figure><img decoding=\"async\" class=\"alignleft\" src=\"https:\/\/nna-ccj.ca\/wp-content\/uploads\/2024\/04\/Breaking-News-300x114.jpg\" alt=\"\" width=\"300\" height=\"114\" \/><\/figure><p><b>Jennifer Ditchburn <\/b><span style=\"font-weight: 400;\">est pr\u00e9sidente-directrice g\u00e9n\u00e9rale de l\u2019Institut de recherche en politiques publiques, l\u2019un des groupes de r\u00e9flexion les plus anciens et les plus r\u00e9put\u00e9s du Canada. De 2016 \u00e0 2021, elle a \u00e9t\u00e9 r\u00e9dactrice en chef du magazine num\u00e9rique de l\u2019IRPP, Policy Options. Avant de rejoindre l&rsquo;IRPP, Jennifer a pass\u00e9 deux d\u00e9cennies \u00e0 couvrir les affaires nationales et parlementaires pour La Presse Canadienne et pour CBC Television. Elle a remport\u00e9 trois prix du Concours canadien de journalisme et a obtenu le prestigieux Charles Lynch Award pour sa couverture exceptionnelle des questions nationales.<\/span><\/p><p><b>Shannon Miller<\/b><span style=\"font-weight: 400;\"> a \u00e9t\u00e9 journaliste pendant deux d\u00e9cennies et a travaill\u00e9 dans des petites, moyennes et grandes salles de r\u00e9daction en Colombie-Britannique. Elle a occup\u00e9 tous les postes imaginables (et d\u2019autres inimaginables), dont directrice de l\u2019information et r\u00e9dactrice en chef des actualit\u00e9s au Vancouver Province. Shannon Miller g\u00e8re actuellement les relations avec les m\u00e9dias pour Vancity, la plus grande caisse populaire au Canada, et \u00e9crit sur les algues marines.<\/span><\/p><p><b>Fred Vallance-Jones<\/b><span style=\"font-weight: 400;\"> est professeur agr\u00e9g\u00e9 \u00e0 l\u2019Universit\u00e9 de King\u2019s College \u00e0 Halifax, o\u00f9 il se sp\u00e9cialise dans le journalisme d\u2019enqu\u00eate et de donn\u00e9es et enseigne dans le programme de ma\u00eetrise en journalisme. Il est un laur\u00e9at du CCJ dans la cat\u00e9gorie des enqu\u00eates et a \u00e9t\u00e9 finaliste pour le Prix Michener. Sa carri\u00e8re de reporter s\u2019est \u00e9tendue sur 23 ans \u00e0 la CBC et au Hamilton Spectator. Il est le coauteur de trois manuels de journalisme.<\/span><\/p><p><strong><u>\u00c9conomie<\/u><\/strong><\/p><figure><img loading=\"lazy\" decoding=\"async\" class=\"alignleft\" src=\"https:\/\/nna-ccj.ca\/wp-content\/uploads\/2024\/04\/Business-300x117.jpg\" alt=\"\" width=\"300\" height=\"117\" \/><\/figure><p><b>Natalie Clancy <\/b><span style=\"font-weight: 400;\">est une journaliste prim\u00e9e et directrice des communications au sein du service de police de Toronto. Elle a \u00e9t\u00e9 auparavant directrice des affaires publiques et des communications pour l&rsquo;Alliance des artistes canadiens du cin\u00e9ma, de la t\u00e9l\u00e9vision et de la radio et directrice des communications pour Unifor. Nathalie a travaill\u00e9 pendant 25 ans comme journaliste pour CBC News \u00e0 travers le Canada \u00e0 Halifax, Calgary, St.John\u2019s et Vancouver. Son journalisme d\u2019investigation a remport\u00e9 quatre prix ACJ, trois prix Webster, quatre prix Atlantic Journalism Awards, plusieurs prix RTDNA, un prix de publication num\u00e9rique et un prix \u00c9crans canadiens.<\/span><\/p><p><b>Jaren Kerr <\/b><span style=\"font-weight: 400;\">r\u00e9dige et r\u00e9vise des articles pour le Financial Times \u00e0 New York. Son travail est ax\u00e9 sur les march\u00e9s financiers am\u00e9ricains, mais il \u00e9crit sur l&rsquo;\u00e9conomie canadienne chaque fois qu&rsquo;il en a l&rsquo;occasion. Il a travaill\u00e9 pour le Globe and Mail, Yahoo Finance, Canadaland et le Toronto Star avant de s&rsquo;installer aux \u00c9tats-Unis en 2022. Il a remport\u00e9 un prix du Concours canadien de journalisme avec une \u00e9quipe dans la cat\u00e9gorie Politique en 2020, et a \u00e9t\u00e9 finaliste avec une \u00e9quipe dans la cat\u00e9gorie \u00c9conomie en 2021.<\/span><\/p><p><b>Nancy Knowlton<\/b><span style=\"font-weight: 400;\"> a pass\u00e9 30 ans \u00e0 Gen\u00e8ve, en Suisse, travaillant en communications avec de multiples parties prenantes. Elle a \u00e9t\u00e9 r\u00e9dactrice et chef du personnel au Forum \u00e9conomique mondial. Depuis son retour au Canada, elle est chef du personnel \u00e0 l\u2019agence Calgary Economic Development et est b\u00e9n\u00e9volement engag\u00e9e aupr\u00e8s d\u2019organismes tels que le Rotary Club, Big Brothers Big Sisters, Junior Achievement, Alberta Health Services, le Calgary Stampede, Meals on Wheels et Humane Society.<\/span><\/p><p><strong><u>Prix Mary Ann Shadd Cary pour la chronique<\/u><\/strong><\/p><figure><img loading=\"lazy\" decoding=\"async\" class=\"alignleft\" src=\"https:\/\/nna-ccj.ca\/wp-content\/uploads\/2024\/04\/Columns-300x116.jpg\" alt=\"\" width=\"300\" height=\"116\" \/><\/figure><p><b>Sophie Gaulin<\/b><span style=\"font-weight: 400;\"> est directrice g\u00e9n\u00e9rale et r\u00e9dactrice en chef de La Libert\u00e9 depuis 2009. N\u00e9e en France, Sophie a \u00e9tudi\u00e9e la civilisation canadienne \u00e0 l\u2019Universit\u00e9 de Bordeaux, o\u00f9 elle s\u2019est rapidement int\u00e9ress\u00e9e au Canada. Elle a enseign\u00e9 l\u2019anglais \u00e0 l\u2019\u00e9cole et dans les entreprises durant huit ans. En 2006, elle a d\u00e9cid\u00e9 de s\u2019\u00e9tablir en permanence \u00e0 Winnipeg.<\/span><\/p><p><b>Adrian Harewood <\/b><span style=\"font-weight: 400;\">est professeur de journalisme \u00e0 l\u2019Universit\u00e9 Carleton. Il a \u00e9t\u00e9 chef d\u2019antenne de CBC Ottawa News at Six pendant 13 ans et a re\u00e7u un prix \u00c9cran canadien. Il a anim\u00e9 l\u2019\u00e9mission All in a Day, diffus\u00e9e par CBC Ottawa, ainsi que les \u00e9missions The Actors, Literati et The Directors, diffus\u00e9es par BRAVO et PBS. Il si\u00e8ge au comit\u00e9 de r\u00e9daction des Presses de l\u2019Universit\u00e9 d\u2019Ottawa et est membre du conseil d&rsquo;administration de Journalists for Human Rights(JHR) et de The Writers&rsquo; Trust of Canada.\u00a0<\/span><\/p><p><b>Karen Macdonald<\/b><span style=\"font-weight: 400;\"> est directrice\/g\u00e9rante de la station de Global News \u00e0 Montr\u00e9al. Anglophone de Qu\u00e9bec, Karen est passionn\u00e9e par le r\u00f4le que le journalisme joue pour la protection de la d\u00e9mocratie. Elle est juge au CCJ parce que cela lui permet d\u2019\u00e9valuer la qualit\u00e9 exceptionnelle du journalisme pratiqu\u00e9 quotidiennement au Canada. Son titre de gloire est d\u2019avoir \u00e9t\u00e9 directrice et \u00e9ditrice durant plus de 10 ans du plus vieux journal d\u2019Am\u00e9rique du Nord, le Quebec Chronicle-Telegraph.<\/span><\/p><p><strong><u>Caricature<\/u><\/strong><\/p><figure><img loading=\"lazy\" decoding=\"async\" class=\"alignleft\" src=\"https:\/\/nna-ccj.ca\/wp-content\/uploads\/2024\/04\/Editorial-Cartooning-300x116.jpg\" alt=\"\" width=\"300\" height=\"116\" \/><\/figure><p><b>Jack Aubry<\/b><span style=\"font-weight: 400;\"> a travaill\u00e9 comme reporter au Ottawa Citizen durant plus d\u2019un quart de si\u00e8cle, particuli\u00e8rement comme journaliste national sur la Colline parlementaire, apr\u00e8s avoir \u00e9t\u00e9 chef de bureau de l\u2019Outaouais et affect\u00e9 \u00e0 l\u2019h\u00f4tel de ville d\u2019Ottawa pour le journal. Il a \u00e9t\u00e9 laur\u00e9at du CCJ en 1990 dans la cat\u00e9gorie des grandes enqu\u00eates. Il a r\u00e9cemment pris sa retraite comme directeur des consultations et relations avec les m\u00e9dias pour Finance Canada.<\/span><\/p><p><b>Catherine Boucek<\/b><span style=\"font-weight: 400;\"> est pr\u00e9sidente de QuickSeries, une application mobile, et d\u00e9veloppeuse de contenu pour l\u2019arm\u00e9e et le gouvernement am\u00e9ricain. Pr\u00e9c\u00e9demment, elle a pass\u00e9 plus de 25 ans \u00e0 travailler dans les m\u00e9dias num\u00e9riques pour Southam\/Canwest\/Postmedia, d\u00e9butant comme r\u00e9dactrice en ligne, puis pilotant des projets de r\u00e9daction num\u00e9rique d\u2019envergure nationale, notamment des sites web pour les Olympiques et les \u00e9lections f\u00e9d\u00e9rales. Elle a aussi dirig\u00e9 des \u00e9quipes de contenu strat\u00e9gique \u00e0 travers le Canada en tant de chef de production pour Postmedia Content Works.<\/span><\/p><p><b>Okenge Yuma Morisho<\/b><span style=\"font-weight: 400;\"> est fonctionnaire depuis 25 ans. Il poss\u00e8de une grande exp\u00e9rience de l&rsquo;\u00e9laboration et de la mise en \u0153uvre des politiques publiques aux niveaux f\u00e9d\u00e9ral et provincial, et a occup\u00e9 plusieurs postes de direction \u00e0 Ottawa et \u00e0 Victoria.<\/span><\/p><p><strong><u>Prix Claude Ryan pour l\u2019\u00e9ditorial<\/u><\/strong><\/p><figure><img loading=\"lazy\" decoding=\"async\" class=\"size-medium wp-image-8997 alignleft\" src=\"https:\/\/nna-ccj.ca\/wp-content\/uploads\/2024\/04\/Editorials-300x117.jpg\" alt=\"\" width=\"300\" height=\"117\" srcset=\"https:\/\/nna-ccj.ca\/wp-content\/uploads\/2024\/04\/Editorials-300x117.jpg 300w, https:\/\/nna-ccj.ca\/wp-content\/uploads\/2024\/04\/Editorials-1024x398.jpg 1024w, https:\/\/nna-ccj.ca\/wp-content\/uploads\/2024\/04\/Editorials-768x298.jpg 768w, https:\/\/nna-ccj.ca\/wp-content\/uploads\/2024\/04\/Editorials-1536x597.jpg 1536w, https:\/\/nna-ccj.ca\/wp-content\/uploads\/2024\/04\/Editorials-150x58.jpg 150w, https:\/\/nna-ccj.ca\/wp-content\/uploads\/2024\/04\/Editorials-1280x500.jpg 1280w, https:\/\/nna-ccj.ca\/wp-content\/uploads\/2024\/04\/Editorials-1920x750.jpg 1920w, https:\/\/nna-ccj.ca\/wp-content\/uploads\/2024\/04\/Editorials-480x187.jpg 480w, https:\/\/nna-ccj.ca\/wp-content\/uploads\/2024\/04\/Editorials.jpg 1989w\" sizes=\"(max-width:767px) 300px, 300px\" \/><\/figure><p><b>Caroline Chan<\/b><span style=\"font-weight: 400;\"> travaille comme r\u00e9alisatrice radio pour CBC Vancouver depuis 2017. Elle produit des segments audio et vid\u00e9o pour l&rsquo;\u00e9mission On The Coast de CBC Radio One, disponible sur CBC Listen et sur les cha\u00eenes de streaming sur Roku TV, YouTube, Apple TV et d&rsquo;autres plateformes d\u00e9tenues et exploit\u00e9es par CBC. Adolescente, Caroline s&rsquo;est lanc\u00e9e dans le b\u00e9n\u00e9volat, ce qui l&rsquo;a amen\u00e9e \u00e0 travailler \u00e0 la station de radio de l&rsquo;universit\u00e9 locale. Au fil des ans, elle est revenue \u00e0 la radio avant de se rendre compte qu&rsquo;il s&rsquo;agissait peut-\u00eatre d&rsquo;un tr\u00e8s bon emploi. Elle a travaill\u00e9 dans tout le pays et \u00e0 l&rsquo;\u00e9tranger dans divers r\u00f4les, notamment en tant qu&rsquo;animatrice radio, r\u00e9dactrice de nouvelles t\u00e9l\u00e9vis\u00e9s et r\u00e9alisatrice d&rsquo;\u00e9missions. Son travail a \u00e9t\u00e9 honor\u00e9 par la RTDNA. Elle pense toujours que c&rsquo;est un tr\u00e8s bon emploi.\u00a0<\/span><\/p><p><b>Michael Cooke<\/b><span style=\"font-weight: 400;\"> a \u00e9t\u00e9 r\u00e9dacteur en chef du Toronto Star, du Vancouver Province, du Chicago Sun-Times et du New York Daily News. Il est actuellement pr\u00e9sident de Journalists for Human Rights.<\/span><\/p><p><b>Carole Graveline<\/b><span style=\"font-weight: 400;\"> est directrice des relations avec la communaut\u00e9 et partenariats \u00e0 l\u2019Universit\u00e9 McGill. Elle a \u00e9t\u00e9 pr\u00e9c\u00e9demment reporter durant plusieurs ann\u00e9es \u00e0 Radio-Canada, o\u00f9 elle a publi\u00e9 des exclusivit\u00e9s sur le sang contamin\u00e9 au Canada et sur les conditions pr\u00e9valant dans les h\u00f4pitaux psychiatriques, qui sont \u00e0 l\u2019origine d\u2019enqu\u00eates nationales. Elle est l\u2019auteure d\u2019une histoire du SIDA au Qu\u00e9bec et a \u00e9t\u00e9 laur\u00e9ate du Prix Michener pour le journalisme d\u2019int\u00e9r\u00eat public.<\/span><\/p><p><strong><u>Texte explicatif<\/u><\/strong><\/p><figure><img loading=\"lazy\" decoding=\"async\" class=\"wp-image-8995 size-medium alignleft\" src=\"https:\/\/nna-ccj.ca\/wp-content\/uploads\/2024\/04\/explanatory-300x117.jpg\" alt=\"\" width=\"300\" height=\"117\" srcset=\"https:\/\/nna-ccj.ca\/wp-content\/uploads\/2024\/04\/explanatory-300x117.jpg 300w, https:\/\/nna-ccj.ca\/wp-content\/uploads\/2024\/04\/explanatory-1024x400.jpg 1024w, https:\/\/nna-ccj.ca\/wp-content\/uploads\/2024\/04\/explanatory-768x300.jpg 768w, https:\/\/nna-ccj.ca\/wp-content\/uploads\/2024\/04\/explanatory-1536x601.jpg 1536w, https:\/\/nna-ccj.ca\/wp-content\/uploads\/2024\/04\/explanatory-150x59.jpg 150w, https:\/\/nna-ccj.ca\/wp-content\/uploads\/2024\/04\/explanatory-1280x500.jpg 1280w, https:\/\/nna-ccj.ca\/wp-content\/uploads\/2024\/04\/explanatory-1920x750.jpg 1920w, https:\/\/nna-ccj.ca\/wp-content\/uploads\/2024\/04\/explanatory-480x188.jpg 480w, https:\/\/nna-ccj.ca\/wp-content\/uploads\/2024\/04\/explanatory.jpg 1997w\" sizes=\"(max-width:767px) 300px, 300px\" \/><\/figure><p><b>Stephen Bindman<\/b><span style=\"font-weight: 400;\"> est professeur invit\u00e9 et cadre en r\u00e9sidence \u00e0 la Facult\u00e9 de droit (section Common Law) de l&rsquo;Universit\u00e9 d&rsquo;Ottawa. Il a r\u00e9cemment pris sa retraite apr\u00e8s 25 ans en tant que conseiller politique principal au minist\u00e8re de la Justice du Canada. Auparavant, il a \u00e9t\u00e9 correspondant national pour les affaires juridiques \u00e0 Southam News et pr\u00e9sident de l&rsquo;Association canadienne des journalistes.<\/span><\/p><p><b>Athana Mentzelopolous <\/b><span style=\"font-weight: 400;\">travaille pour le gouvernement de l\u2019Alberta comme une sous-ministre au bureau de l\u2019administrateur officiel des services de sant\u00e9 de l\u2019Alberta. Elle a pass\u00e9 la plus grande partie de sa carri\u00e8re \u00e0 la fonction publique aux niveaux f\u00e9d\u00e9ral et provincial. Elle a aussi \u00e9t\u00e9 vice-pr\u00e9sidente aux relations gouvernementales pour l\u2019Association canadienne des coop\u00e9ratives financi\u00e8res.<\/span><\/p><p><b>Val\u00e9rie Ouellet <\/b><span style=\"font-weight: 400;\">est journaliste d&rsquo;enqu\u00eate pour CBC News \u00e0 Toronto. Elle se concentre sur le journalisme bas\u00e9e sur les donn\u00e9es, faisant souvent des reportages sur la sant\u00e9 des femmes, le syst\u00e8me carc\u00e9ral canadien et les injustices sociales. Elle a remport\u00e9 un CAJ Data Journalism Award, un Amnesty International Media Award et la prestigieuse bourse St. Clair Balfour Fellowship en 2022. Elle enseigne \u00e9galement le journalisme de donn\u00e9es \u00e0 l&rsquo;Universit\u00e9 m\u00e9tropolitaine de Toronto et encadre des journalistes en d\u00e9but de carri\u00e8re.\u00a0<\/span><\/p><p><strong><u>Photo documentaire<\/u><\/strong><\/p><figure><img loading=\"lazy\" decoding=\"async\" class=\"size-medium wp-image-8993 alignleft\" src=\"https:\/\/nna-ccj.ca\/wp-content\/uploads\/2024\/04\/Feature-photo-300x115.jpg\" alt=\"\" width=\"300\" height=\"115\" srcset=\"https:\/\/nna-ccj.ca\/wp-content\/uploads\/2024\/04\/Feature-photo-300x115.jpg 300w, https:\/\/nna-ccj.ca\/wp-content\/uploads\/2024\/04\/Feature-photo-1024x394.jpg 1024w, https:\/\/nna-ccj.ca\/wp-content\/uploads\/2024\/04\/Feature-photo-768x295.jpg 768w, https:\/\/nna-ccj.ca\/wp-content\/uploads\/2024\/04\/Feature-photo-1536x591.jpg 1536w, https:\/\/nna-ccj.ca\/wp-content\/uploads\/2024\/04\/Feature-photo-150x58.jpg 150w, https:\/\/nna-ccj.ca\/wp-content\/uploads\/2024\/04\/Feature-photo-480x185.jpg 480w, https:\/\/nna-ccj.ca\/wp-content\/uploads\/2024\/04\/Feature-photo.jpg 1994w\" sizes=\"(max-width:767px) 300px, 300px\" \/><\/figure><p><b>Phil Carpenter<\/b><span style=\"font-weight: 400;\"> a travaill\u00e9 comme photojournaliste pendant plus de 20 ans, dont 13 ans \u00e0 la Montreal Gazette, et depuis 2017 il a \u00e9t\u00e9 reporter et journaliste vid\u00e9o pour Global News \u00e0 Montr\u00e9al. Il a enseign\u00e9 le photojournalisme et le journalisme visuel \u00e0 l\u2019Universit\u00e9 Concordia pendant plus de dix ans, aidant \u00e0 mettre au point les \u00e9tudes pour le dipl\u00f4me de journalisme visuel de l\u2019institution. En 2009, Phil a pass\u00e9 un mois au Rwanda pour y enseigner le journalisme multim\u00e9dia dans le cadre d\u2019un programme de formation de journalistes professionnels. Il est l\u2019auteur de Breast Stories, un livre qui aborde les questions de f\u00e9minit\u00e9 et d\u2019identit\u00e9 f\u00e9minine par le portrait de plus de 50 femmes \u00e0 travers le Canada qui ont subi une mastectomie.<\/span><\/p><p><b>Julie Matus<\/b><span style=\"font-weight: 400;\"> est photographe, \u00e9ditrice et directrice de service photo dont la carri\u00e8re s\u2019est \u00e9tendue sur plus de 25 ans en compagnie de photographes et journalistes prim\u00e9s. Elle a travaill\u00e9 pour le London Free Press, La Presse Canadienne, Weekly Scoop, GTA Today, Metro Toronto, Torstar\u2019s New Ventures et a \u00e9t\u00e9 directrice photo du magazine Zoomer pendant plus de sept ans.<\/span><\/p><p><b>Steve Simon<\/b> <span style=\"font-weight: 400;\">est un photographe documentariste prim\u00e9 et l\u2019auteur de cinq livres de photographie acclam\u00e9s par la critique. Il a travaill\u00e9 dans plus de 40 pays et ses photos ont \u00e9t\u00e9 publi\u00e9es dans le New York Times Magazine, Mother Jones, Life, Time, Le Monde, Harpers, Maclean\u2019s, The Walrus et plusieurs autres publications. Steve a travaill\u00e9 10 ans pour l\u2019Edmonton Journal et il a \u00e9t\u00e9 professeur\/coordonnateur pour le programme de photojournalisme au Loyalist College.<\/span><\/p><p><strong><u>Prix Norman Webster pour le reportage \u00e0 caract\u00e8re international<\/u><\/strong><\/p><figure><img loading=\"lazy\" decoding=\"async\" class=\"size-medium wp-image-8991 alignleft\" src=\"https:\/\/nna-ccj.ca\/wp-content\/uploads\/2024\/04\/International-300x118.jpg\" alt=\"\" width=\"300\" height=\"118\" srcset=\"https:\/\/nna-ccj.ca\/wp-content\/uploads\/2024\/04\/International-300x118.jpg 300w, https:\/\/nna-ccj.ca\/wp-content\/uploads\/2024\/04\/International-1024x403.jpg 1024w, https:\/\/nna-ccj.ca\/wp-content\/uploads\/2024\/04\/International-768x302.jpg 768w, https:\/\/nna-ccj.ca\/wp-content\/uploads\/2024\/04\/International-1536x604.jpg 1536w, https:\/\/nna-ccj.ca\/wp-content\/uploads\/2024\/04\/International-150x59.jpg 150w, https:\/\/nna-ccj.ca\/wp-content\/uploads\/2024\/04\/International-1280x500.jpg 1280w, https:\/\/nna-ccj.ca\/wp-content\/uploads\/2024\/04\/International-1920x750.jpg 1920w, https:\/\/nna-ccj.ca\/wp-content\/uploads\/2024\/04\/International-480x189.jpg 480w, https:\/\/nna-ccj.ca\/wp-content\/uploads\/2024\/04\/International.jpg 1990w\" sizes=\"(max-width:767px) 300px, 300px\" \/><\/figure><p><b>Danny Glenwright<\/b><span style=\"font-weight: 400;\"> est pr\u00e9sident et p.-d.g. de Save the Children Canada. Journaliste de formation, il a pr\u00e9c\u00e9demment travaill\u00e9 comme directeur g\u00e9n\u00e9ral de Journalists for Human Rights et directeur de l\u2019information du journal Xtra, The Philanthropist Journal et du service de nouvelles South Africa\u2019s Gender Links. Son travail l\u2019a men\u00e9 dans plus de 70 pays, et il a abondamment \u00e9crit sur les questions de genre et LGBTQ, l\u2019initiation aux m\u00e9dias et le r\u00f4le du Canada dans le d\u00e9veloppement international.<\/span><\/p><p><b>Joslyn Oosenbrug <\/b><span style=\"font-weight: 400;\">vit \u00e0 Yellowknife et a \u00e9t\u00e9 reporter, animatrice et r\u00e9alisatrice pour des \u00e9missions de radio et t\u00e9l\u00e9vision de CBC North (\u00e0 Whitehorse, Yellowknife et Iqaluit) pendant plus de 12 ans. Elle d\u00e9tient un dipl\u00f4me en sciences de l&rsquo;environnement de l\u2019Universit\u00e9 de la Colombie-Britannique et poss\u00e8de une exp\u00e9rience en mati\u00e8re d\u2019enseignement des sciences et des communications. Joslyn soutient actuellement la gestion et le r\u00e9tablissement des esp\u00e8ces en p\u00e9ril pour le gouvernement des Territoires du Nord-Ouest.<\/span><\/p><p><b>Nancy Wood<\/b><span style=\"font-weight: 400;\"> est r\u00e9viseure pour les actualit\u00e9s num\u00e9riques de CBC. Apr\u00e8s une d\u00e9cennie dans la presse \u00e9crite, o\u00f9 elle a travaill\u00e9 pour la Gazette de Montr\u00e9al, le Toronto Star et le magazine Maclean&rsquo;s, elle a \u00e9t\u00e9 r\u00e9dactrice, pr\u00e9sentatrice de nouvelles,\u00a0 animatrice et reporter \u00e0 la CBC pendant 30 ans.\u00a0<\/span><\/p><p><strong><u>Prix George Brown pour grande enqu\u00eate<\/u><\/strong><\/p><p><b><img loading=\"lazy\" decoding=\"async\" class=\"size-medium wp-image-9101 alignleft\" src=\"https:\/\/nna-ccj.ca\/wp-content\/uploads\/2024\/04\/Investigations-300x118.jpeg\" alt=\"\" width=\"300\" height=\"118\" srcset=\"https:\/\/nna-ccj.ca\/wp-content\/uploads\/2024\/04\/Investigations-300x118.jpeg 300w, https:\/\/nna-ccj.ca\/wp-content\/uploads\/2024\/04\/Investigations-1024x403.jpeg 1024w, https:\/\/nna-ccj.ca\/wp-content\/uploads\/2024\/04\/Investigations-768x303.jpeg 768w, https:\/\/nna-ccj.ca\/wp-content\/uploads\/2024\/04\/Investigations-1536x605.jpeg 1536w, https:\/\/nna-ccj.ca\/wp-content\/uploads\/2024\/04\/Investigations-150x59.jpeg 150w, https:\/\/nna-ccj.ca\/wp-content\/uploads\/2024\/04\/Investigations-1280x500.jpeg 1280w, https:\/\/nna-ccj.ca\/wp-content\/uploads\/2024\/04\/Investigations-1920x750.jpeg 1920w, https:\/\/nna-ccj.ca\/wp-content\/uploads\/2024\/04\/Investigations-480x189.jpeg 480w, https:\/\/nna-ccj.ca\/wp-content\/uploads\/2024\/04\/Investigations.jpeg 2000w\" sizes=\"(max-width:767px) 300px, 300px\" \/>Mark Bulgutch<\/b><span style=\"font-weight: 400;\"> a pass\u00e9 plus de 35 ans \u00e0 CBC News, o\u00f9 il a d\u00e9but\u00e9 comme reporter et o\u00f9 il a pris sa retraite en tant que producteur ex\u00e9cutif principal. Il a \u00e9galement pris sa retraite apr\u00e8s avoir enseign\u00e9 le journalisme \u00e0 l&rsquo;Universit\u00e9 m\u00e9tropolitaine de Toronto pendant 35 ans. Il a \u00e9crit sept livres, dont deux best-sellers nationaux.<\/span><\/p><p><b>Rita Devlin Marier<\/b><span style=\"font-weight: 400;\"> est responsable des communications commerciales mondiales chez Palantir. Elle a auparavant travaill\u00e9 pour l&rsquo;Agence France Presse, La Presse Canadienne et Bloomberg, o\u00f9 elle a \u00e9t\u00e9 chef des nouvelles de 2016 \u00e0 2019. Originaire de Qu\u00e9bec, elle vit aujourd&rsquo;hui \u00e0 San Francisco.<\/span><span style=\"font-weight: 400;\">\u00a0<\/span><\/p><p><strong>Cybele Sack<\/strong> est consultante en strat\u00e9gie, chercheuse, r\u00e9dactrice et r\u00e9viseure. Elle est une conseill\u00e8re prim\u00e9e aupr\u00e8s d\u2019entrepreneurs et de jeunes pousses dans tous les secteurs, soutenant les concours d&rsquo;innovation sociale. Elle travaille \u00e9galement avec des chercheurs universitaires et des professionnels \u00e0 la fine pointe de leur propre discipline pour la transformation du syst\u00e8me. Elle s&rsquo;adresse \u00e0 un large public lors de conf\u00e9rences et d&rsquo;\u00e9v\u00e9nements professionnels, produit et anime des panels et des ateliers. Elle est une r\u00e9dactrice et r\u00e9viseure exp\u00e9riment\u00e9e de documents techniques, de textes journalistiques, d&rsquo;initiatives universitaires et de fiction. En tant que chercheuse, elle interroge les personnes les plus concern\u00e9es et scrute des documents pour trouver des sujets qui \u00e9chappent \u00e0 d&rsquo;autres. Son travail a \u00e9t\u00e9 publi\u00e9 dans le Globe and Mail, le New York Times et NOW Magazine et elle a produit des reportages pour CTV, CBC et TVO.<\/p><p><strong><u>Prix E. Cora Hind pour le reportage \u00e0 caract\u00e8re local<\/u><\/strong><\/p><figure><img loading=\"lazy\" decoding=\"async\" class=\"size-medium wp-image-8989 alignleft\" src=\"https:\/\/nna-ccj.ca\/wp-content\/uploads\/2024\/04\/Local-reporting-300x116.jpg\" alt=\"\" width=\"300\" height=\"116\" srcset=\"https:\/\/nna-ccj.ca\/wp-content\/uploads\/2024\/04\/Local-reporting-300x116.jpg 300w, https:\/\/nna-ccj.ca\/wp-content\/uploads\/2024\/04\/Local-reporting-1024x396.jpg 1024w, https:\/\/nna-ccj.ca\/wp-content\/uploads\/2024\/04\/Local-reporting-768x297.jpg 768w, https:\/\/nna-ccj.ca\/wp-content\/uploads\/2024\/04\/Local-reporting-1536x594.jpg 1536w, https:\/\/nna-ccj.ca\/wp-content\/uploads\/2024\/04\/Local-reporting-150x58.jpg 150w, https:\/\/nna-ccj.ca\/wp-content\/uploads\/2024\/04\/Local-reporting-1280x500.jpg 1280w, https:\/\/nna-ccj.ca\/wp-content\/uploads\/2024\/04\/Local-reporting-1920x750.jpg 1920w, https:\/\/nna-ccj.ca\/wp-content\/uploads\/2024\/04\/Local-reporting-480x186.jpg 480w, https:\/\/nna-ccj.ca\/wp-content\/uploads\/2024\/04\/Local-reporting.jpg 2000w\" sizes=\"(max-width:767px) 300px, 300px\" \/><\/figure><p><b>Winston Sih<\/b><span style=\"font-weight: 400;\"> est journaliste pigiste multiplateforme et animateur \u00e0 la t\u00e9l\u00e9vision. Il est bien connu pour avoir a anim\u00e9 l\u2019\u00e9mission quotidienne Breakfast Television, et a \u00e9t\u00e9 correspondant num\u00e9rique pour CityNews, et producteur \u00e0 la coordination num\u00e9rique pour Citytv. Winston est conf\u00e9rencier sur le journalisme et les m\u00e9dias \u00e0 la Creative School de l\u2019Universit\u00e9 metropolitaine de Toronto.<\/span><\/p><p><b>Megan Stewart<\/b><span style=\"font-weight: 400;\"> est productrice ex\u00e9cutive \u00e0 la t\u00e9l\u00e9vision \u00e0 CBC News Vancouver. Auparavant, elle a travaill\u00e9 comme chef de section dans un journal o\u00f9 elle a pilot\u00e9 sur plusieurs mois une s\u00e9rie de documentaires qui ont \u00e9t\u00e9 en nomination pour un prix national. Elle a obtenu un prix national de journalisme en ligne et a \u00e9t\u00e9 reconnue par ses pairs pour son travail comme r\u00e9dactrice de sport. Elle a couvert six Jeux olympiques.<\/span><\/p><p><b>Misha Warbanski <\/b><span style=\"font-weight: 400;\">a d\u00e9velopp\u00e9 un int\u00e9r\u00eat particulier pour les nouvelles et les perspectives du Nord du Canada, des communaut\u00e9s rurales et autochtones. Sa carri\u00e8re s&rsquo;est d\u00e9roul\u00e9e dans le domaine de la radiodiffusion publique et de la recherche sur l&rsquo;Arctique. Misha s\u2019est r\u00e9cemment jointe \u00e0 l&rsquo;Universit\u00e9 du Yukon en tant que directrice des communications et marketing. Elle vit \u00e0 Whitehorse.\u00a0<\/span><\/p><p><strong><u>Prix William Southam pour le reportage \u00e9labor\u00e9<\/u><\/strong><\/p><figure><img loading=\"lazy\" decoding=\"async\" class=\"size-medium wp-image-8987 alignleft\" src=\"https:\/\/nna-ccj.ca\/wp-content\/uploads\/2024\/04\/Long-feature-1-300x117.jpg\" alt=\"\" width=\"300\" height=\"117\" srcset=\"https:\/\/nna-ccj.ca\/wp-content\/uploads\/2024\/04\/Long-feature-1-300x117.jpg 300w, https:\/\/nna-ccj.ca\/wp-content\/uploads\/2024\/04\/Long-feature-1-1024x400.jpg 1024w, https:\/\/nna-ccj.ca\/wp-content\/uploads\/2024\/04\/Long-feature-1-768x300.jpg 768w, https:\/\/nna-ccj.ca\/wp-content\/uploads\/2024\/04\/Long-feature-1-1536x601.jpg 1536w, https:\/\/nna-ccj.ca\/wp-content\/uploads\/2024\/04\/Long-feature-1-150x59.jpg 150w, https:\/\/nna-ccj.ca\/wp-content\/uploads\/2024\/04\/Long-feature-1-1280x500.jpg 1280w, https:\/\/nna-ccj.ca\/wp-content\/uploads\/2024\/04\/Long-feature-1-1920x750.jpg 1920w, https:\/\/nna-ccj.ca\/wp-content\/uploads\/2024\/04\/Long-feature-1-480x188.jpg 480w, https:\/\/nna-ccj.ca\/wp-content\/uploads\/2024\/04\/Long-feature-1.jpg 1995w\" sizes=\"(max-width:767px) 300px, 300px\" \/><\/figure><p><b>Brian Kappler<\/b><span style=\"font-weight: 400;\"> a d\u00e9but\u00e9 au Windsor Star, puis a pass\u00e9 quelque 30 ans \u00e0 la Montreal Gazette comme r\u00e9viseur, chef de la section culture et divertissement et de la section nationale, reporter sur le baseball, adjoint au directeur de l\u2019information et directeur de la page \u00e9ditoriale. Durant ce temps, il a aussi travaill\u00e9 au noir sous le nom du chroniqueur Doug Camilli. Brian a pass\u00e9 trois ans \u00e0 r\u00e9diger des \u00e9ditoriaux pour le National \u00e0 Abou Dabi.<\/span><\/p><p><b>Nobina Robinson<\/b><span style=\"font-weight: 400;\"> est une experte en politique publique, une militante et leader d\u2019opinion en mati\u00e8re d\u2019enseignement sup\u00e9rieur, d\u2019innovation et des questions relatives \u00e0 la politique des comp\u00e9tences. Elle a \u0153uvr\u00e9 dans le service ext\u00e9rieur canadien et a dirig\u00e9 deux organismes \u00e0 but non lucratif : La Fondation canadienne pour les Am\u00e9riques et Polytechnics Canada. Entre 2018 et 2020, elle a \u00e9t\u00e9 pr\u00e9sidente de Femmes Expertes, un organisme qui veille \u00e0 ce que les perspectives et les priorit\u00e9s des femmes soient refl\u00e9t\u00e9es de mani\u00e8re \u00e9quitable dans les m\u00e9dias.<\/span><\/p><p><b>Yvonne Zacharias<\/b><span style=\"font-weight: 400;\"> a d\u00e9but\u00e9 sa carri\u00e8re de journaliste au Chatam Daily News. Depuis, elle a travaill\u00e9 au Regina Leader Post, o\u00f9 elle a couvert l\u2019Assembl\u00e9e l\u00e9gislative de la Saskatchewan et au Calgary Herald o\u00f9 elle a couvert l\u2019Assembl\u00e9e l\u00e9gislative de l\u2019Alberta. Elle est devenue r\u00e9dactrice en chef adjointe \u00e0 la Montreal Gazette o\u00f9 elle a \u00e9crit des articles de fond et des nouvelles, portant principalement sur l\u2019\u00e9ducation, et au Vancouver Sun, o\u00f9 elle a couvert les nouvelles, les articles de fond, les affaires et le sport, avec des s\u00e9jours occasionnels au bureau de r\u00e9daction.<\/span><\/p><p><strong><u>Photo d\u2019actualit\u00e9<\/u><\/strong><\/p><p><img loading=\"lazy\" decoding=\"async\" class=\"size-medium wp-image-8985 alignleft\" src=\"https:\/\/nna-ccj.ca\/wp-content\/uploads\/2024\/04\/News-photo-300x116.jpg\" alt=\"\" width=\"300\" height=\"116\" srcset=\"https:\/\/nna-ccj.ca\/wp-content\/uploads\/2024\/04\/News-photo-300x116.jpg 300w, https:\/\/nna-ccj.ca\/wp-content\/uploads\/2024\/04\/News-photo-1024x395.jpg 1024w, https:\/\/nna-ccj.ca\/wp-content\/uploads\/2024\/04\/News-photo-768x297.jpg 768w, https:\/\/nna-ccj.ca\/wp-content\/uploads\/2024\/04\/News-photo-1536x593.jpg 1536w, https:\/\/nna-ccj.ca\/wp-content\/uploads\/2024\/04\/News-photo-150x58.jpg 150w, https:\/\/nna-ccj.ca\/wp-content\/uploads\/2024\/04\/News-photo-1280x500.jpg 1280w, https:\/\/nna-ccj.ca\/wp-content\/uploads\/2024\/04\/News-photo-1920x750.jpg 1920w, https:\/\/nna-ccj.ca\/wp-content\/uploads\/2024\/04\/News-photo-480x185.jpg 480w, https:\/\/nna-ccj.ca\/wp-content\/uploads\/2024\/04\/News-photo.jpg 1999w\" sizes=\"(max-width:767px) 300px, 300px\" \/><\/p><p><b>Shane Kelley<\/b><span style=\"font-weight: 400;\"> a travaill\u00e9 plus de 20 ans comme photojournaliste pour trois quotidiens canadiens : le Toronto Sun, le Toronto Star et la Montreal Gazette. En plus du photojournalisme aux actualit\u00e9s g\u00e9n\u00e9rales et aux sports, elle a aussi r\u00e9alis\u00e9, avec texte et photos, une chronique tendance hebdomadaire pour la Montreal Gazette pendant 15 ans. Shane Kelley a aussi travaill\u00e9 pour divers journaux et magazines am\u00e9ricains.<\/span><\/p><p><b>David Lee<\/b><span style=\"font-weight: 400;\"> a travaill\u00e9 dans les magazines durant 16 ans, d\u2019abord comme recherchiste pour Canadian Business et puis pour Hello! Canada, o\u00f9 il a \u00e9t\u00e9 assistant et \u00e9diteur photo associ\u00e9. \u00c0 l\u2019emploi maintenant de l\u2019universit\u00e9 de Toronto comme \u00e9diteur photo et vid\u00e9o, David estime que le fil qui relie les diff\u00e9rentes facettes de sa carri\u00e8re est l\u2019amour de la photo et des m\u00e9dias visuels.<\/span><\/p><p><b>Len Wagg<\/b><span style=\"font-weight: 400;\"> est un photographe prim\u00e9 et \u00e9diteur de photo. Il a pass\u00e9 25 ans dans le secteur des journaux, puis s\u2019est consacr\u00e9 \u00e0 du travail personnel. Ses photos ont \u00e9t\u00e9 publi\u00e9es dans le New York Times, Maclean\u2019s, Time et autres publications r\u00e9put\u00e9es. Il est l\u2019auteur de 10 livres.<\/span><\/p><p><strong><u>Reportage Photo<\/u><\/strong><\/p><p><img loading=\"lazy\" decoding=\"async\" class=\"size-medium wp-image-9103 alignleft\" src=\"https:\/\/nna-ccj.ca\/wp-content\/uploads\/2024\/04\/photo-story-1-300x118.jpeg\" alt=\"\" width=\"300\" height=\"118\" srcset=\"https:\/\/nna-ccj.ca\/wp-content\/uploads\/2024\/04\/photo-story-1-300x118.jpeg 300w, https:\/\/nna-ccj.ca\/wp-content\/uploads\/2024\/04\/photo-story-1-1024x403.jpeg 1024w, https:\/\/nna-ccj.ca\/wp-content\/uploads\/2024\/04\/photo-story-1-768x302.jpeg 768w, https:\/\/nna-ccj.ca\/wp-content\/uploads\/2024\/04\/photo-story-1-1536x604.jpeg 1536w, https:\/\/nna-ccj.ca\/wp-content\/uploads\/2024\/04\/photo-story-1-150x59.jpeg 150w, https:\/\/nna-ccj.ca\/wp-content\/uploads\/2024\/04\/photo-story-1-1280x500.jpeg 1280w, https:\/\/nna-ccj.ca\/wp-content\/uploads\/2024\/04\/photo-story-1-1920x750.jpeg 1920w, https:\/\/nna-ccj.ca\/wp-content\/uploads\/2024\/04\/photo-story-1-480x189.jpeg 480w, https:\/\/nna-ccj.ca\/wp-content\/uploads\/2024\/04\/photo-story-1.jpeg 1996w\" sizes=\"(max-width:767px) 300px, 300px\" \/><\/p><p><b>Erin Combs<\/b><span style=\"font-weight: 400;\"> a travaill\u00e9 durant 28 ans pour le Toronto Star comme premi\u00e8re femme photographe et \u00e9ditrice graphique au journal. En plus de la photo d\u2019actualit\u00e9, Erin a mont\u00e9 un important portfolio de mode en couvrant les collections europ\u00e9ennes et nord-am\u00e9ricaines. Elle vit pr\u00e9sentement \u00e0 San Diego, en Californie, o\u00f9 elle continue de travailler \u00e0 la pige et de voyager, tout en s\u2019occupant d\u2019\u0153uvres philanthropiques aupr\u00e8s de deux organismes \u00e0 but non lucratif.<\/span><\/p><p><b>Alain-Pierre Hovasse<\/b><span style=\"font-weight: 400;\"> est un consultant en photojournalisme bas\u00e9 \u00e0 Vancouver. Il a pass\u00e9 plus de 30 ans comme photographe professionnel avant de prendre sa retraite en 2013. Il a notamment occup\u00e9 les postes suivants : directeur de la photographie, QMI; superviseur des op\u00e9rations photographiques pour le Comit\u00e9 d&rsquo;organisation des Jeux olympiques de Vancouver; directeur de la photographie \u00e0 La Presse; r\u00e9dacteur photo adjoint au National Post; r\u00e9dacteur en chef pour Association Press \u00e0 Londres; chef du bureau de Moscou pour l&rsquo;Agence France Presse; photographe et r\u00e9dacteur pour Reuters \u00e0 Bruxelles et \u00e0 Londres; et photojournaliste pour United Press International \u00e0 Vancouver.<\/span><span style=\"font-weight: 400;\">\u00a0<\/span><\/p><p><b>Jalani Morgan<\/b><span style=\"font-weight: 400;\">, photographe chevronn\u00e9 avec plus de 20 ans d&rsquo;exp\u00e9rience, a vu ses \u0153uvres faire partie des collections permanentes d\u2019institutions estim\u00e9es telles que le Mus\u00e9e des beaux-arts de l\u2019Ontario, la Hart House Collection de l\u2019Universit\u00e9 de Toronto et la Collection d\u2019oeuvres d\u2019art du gouvernement de l\u2019Ontario. Son attachement \u00e0 l\u2019authenticit\u00e9 des reportages continue d\u2019influencer ses projets de photographie et de direction photo. Actuellement, Jalani est directeur photo au West End Phoenix, apr\u00e8s avoir travaill\u00e9 comme \u00e9diteur photo pour Macleans et Sportsnet Magazine.<\/span><\/p><p><strong><u>Prix John Wesley Dafoe pour la politique<\/u><\/strong><\/p><figure><img loading=\"lazy\" decoding=\"async\" class=\"size-medium wp-image-8981 alignleft\" src=\"https:\/\/nna-ccj.ca\/wp-content\/uploads\/2024\/04\/Politics-1-300x117.jpg\" alt=\"\" width=\"300\" height=\"117\" srcset=\"https:\/\/nna-ccj.ca\/wp-content\/uploads\/2024\/04\/Politics-1-300x117.jpg 300w, https:\/\/nna-ccj.ca\/wp-content\/uploads\/2024\/04\/Politics-1-1024x401.jpg 1024w, https:\/\/nna-ccj.ca\/wp-content\/uploads\/2024\/04\/Politics-1-768x301.jpg 768w, https:\/\/nna-ccj.ca\/wp-content\/uploads\/2024\/04\/Politics-1-1536x601.jpg 1536w, https:\/\/nna-ccj.ca\/wp-content\/uploads\/2024\/04\/Politics-1-150x59.jpg 150w, https:\/\/nna-ccj.ca\/wp-content\/uploads\/2024\/04\/Politics-1-1280x500.jpg 1280w, https:\/\/nna-ccj.ca\/wp-content\/uploads\/2024\/04\/Politics-1-1920x750.jpg 1920w, https:\/\/nna-ccj.ca\/wp-content\/uploads\/2024\/04\/Politics-1-480x188.jpg 480w, https:\/\/nna-ccj.ca\/wp-content\/uploads\/2024\/04\/Politics-1.jpg 2000w\" sizes=\"(max-width:767px) 300px, 300px\" \/><\/figure><p><b>Jack Chiang <\/b><span style=\"font-weight: 400;\">est n\u00e9 en Chine et a grandi \u00e0 Macao, Hong Kong et Ta\u00efwan. Il d\u00e9tient un baccalaur\u00e9at en litt\u00e9rature fran\u00e7aise de l\u2019universit\u00e9 nationale de Ta\u00efwan et une ma\u00eetrise en journalisme de l\u2019universit\u00e9 Marquette. Chiang a travaill\u00e9 pour le Kingston Whig-Standard pendant plus de 25 ans, effectuant des reportages au Pakistan, en Afghanistan, en Roumanie, dans les \u00eeles des Cara\u00efbes, au Br\u00e9sil, \u00e0 Djibouti et en \u00c9thiopie. Il a \u00e9t\u00e9 chef de la section municipale au Whig-Standard pendant plus de trois ans et chroniqueur pendant 12 ans. Il est membre de l\u2019Ordre du Canada et de l\u2019Ordre de l\u2019Ontario, et a re\u00e7u le titre de docteur honoris causa en droit de l\u2019Universit\u00e9 Queen\u2019s et du Coll\u00e8ge militaire royal du Canada.<\/span><\/p><p><b>Kate McKenna<\/b><span style=\"font-weight: 400;\"> est une journaliste prim\u00e9e, actuellement affect\u00e9e au bureau parlementaire de CBC. Elle a plus de dix ans d\u2019exp\u00e9rience comme journaliste. Elle a occup\u00e9 des postes \u00e0 Montr\u00e9al, Halifax et Charlottetown. Elle est l\u2019autrice d\u2019un livre sur l\u2019interdiction de l\u2019avortement pendant 30 ans \u00e0 l\u2019\u00cele-du-Prince-\u00c9douard. Son travail a aussi \u00e9t\u00e9 diffus\u00e9 sur NPR, CNN et BBC.<\/span><\/p><p><b>Rikia Saddy <\/b><span style=\"font-weight: 400;\">est conseill\u00e8re aupr\u00e8s de chefs d&rsquo;entreprise au Canada, aux \u00c9tats-Unis et en Europe, ainsi que boursi\u00e8re de la Fondation Bill et Melinda Gates pour son travail d&rsquo;\u00e9tude sur le paysage philanthropique du Canada. Elle est l&rsquo;auteure du livre We Are Canada, finaliste pour le Red Maple Award, et de nombreux articles d&rsquo;opinion sur des questions allant de la d\u00e9mocratie \u00e0 l&rsquo;intelligence artificielle. B\u00e9n\u00e9vole depuis des d\u00e9cennies au-del\u00e0 des lignes de parti, Rikia a offert gratuitement des conseils strat\u00e9giques aux candidates qui se pr\u00e9sentent pour la premi\u00e8re fois \u00e0 Vancouver, dans le cadre de son engagement aupr\u00e8s de l&rsquo;institution non partisane Women&rsquo;s Campaign School.<\/span><\/p><p><strong><u>Pr\u00e9sentation\/conception graphique<\/u><\/strong><\/p><figure><img loading=\"lazy\" decoding=\"async\" class=\"size-medium wp-image-8979 alignleft\" src=\"https:\/\/nna-ccj.ca\/wp-content\/uploads\/2024\/04\/Presentation-1-300x116.jpg\" alt=\"\" width=\"300\" height=\"116\" srcset=\"https:\/\/nna-ccj.ca\/wp-content\/uploads\/2024\/04\/Presentation-1-300x116.jpg 300w, https:\/\/nna-ccj.ca\/wp-content\/uploads\/2024\/04\/Presentation-1-1024x396.jpg 1024w, https:\/\/nna-ccj.ca\/wp-content\/uploads\/2024\/04\/Presentation-1-768x297.jpg 768w, https:\/\/nna-ccj.ca\/wp-content\/uploads\/2024\/04\/Presentation-1-1536x594.jpg 1536w, https:\/\/nna-ccj.ca\/wp-content\/uploads\/2024\/04\/Presentation-1-150x58.jpg 150w, https:\/\/nna-ccj.ca\/wp-content\/uploads\/2024\/04\/Presentation-1-1280x500.jpg 1280w, https:\/\/nna-ccj.ca\/wp-content\/uploads\/2024\/04\/Presentation-1-1920x750.jpg 1920w, https:\/\/nna-ccj.ca\/wp-content\/uploads\/2024\/04\/Presentation-1-480x186.jpg 480w, https:\/\/nna-ccj.ca\/wp-content\/uploads\/2024\/04\/Presentation-1.jpg 2000w\" sizes=\"(max-width:767px) 300px, 300px\" \/><\/figure><p><b>Roland-Yves Carignan<\/b><span style=\"font-weight: 400;\"> est professeur aux programmes de journalisme et de m\u00e9dias num\u00e9riques \u00e0 l\u2019\u00c9cole des m\u00e9dias de l\u2019Universit\u00e9 du Qu\u00e9bec \u00e0 Montr\u00e9al, o\u00f9 il se sp\u00e9cialise dans les r\u00e9flexions sur le journalisme, la soci\u00e9t\u00e9 et l\u2019intelligence artificielle. Il a \u00e9t\u00e9 reporter, pupitreur, r\u00e9dacteur-en-chef visuel et directeur de l\u2019information de nombreux journaux \u00e0 Montr\u00e9al (Le Devoir, Montreal Gazette), Toronto (National Post) et Paris (Lib\u00e9ration).<\/span><\/p><p><b>Gabrielle (Gabe) Giroday<\/b><span style=\"font-weight: 400;\"> est r\u00e9dactrice et resonsable des relations avec les m\u00e9dias de U of T Med Magazine \u00e0 la facult\u00e9 de m\u00e9decine Temerty de l\u2019Universit\u00e9 de Toronto. Elle a \u00e9t\u00e9 reporter pour le Winnipeg Free Press et a \u00e9t\u00e9 la r\u00e9dactrice de Law Times pour Thomson Reuters \u00e0 Toronto avant de se joindre \u00e0 U of T en 2019.<\/span><\/p><p><b>Janet Matiisen <\/b><span style=\"font-weight: 400;\">est une ancienne graphiste du Calgary Herald, o\u00f9 elle a travaill\u00e9 presque 25 ans et remport\u00e9 plusieurs prix \u00e0 titre individuel et collectif. Elle enseigne pr\u00e9sentement le journalisme \u00e0 SAIT et est \u00e0 l\u2019aff\u00fbt d\u2019int\u00e9ressants projets graphiques.<\/span><\/p><p><strong><u>Prix John Honderich pour le projet de l\u2019ann\u00e9e<\/u><\/strong><\/p><figure><img loading=\"lazy\" decoding=\"async\" class=\"size-medium wp-image-8977 alignleft\" src=\"https:\/\/nna-ccj.ca\/wp-content\/uploads\/2024\/04\/Project-of-the-Year-300x116.jpg\" alt=\"\" width=\"300\" height=\"116\" srcset=\"https:\/\/nna-ccj.ca\/wp-content\/uploads\/2024\/04\/Project-of-the-Year-300x116.jpg 300w, https:\/\/nna-ccj.ca\/wp-content\/uploads\/2024\/04\/Project-of-the-Year-1024x395.jpg 1024w, https:\/\/nna-ccj.ca\/wp-content\/uploads\/2024\/04\/Project-of-the-Year-768x296.jpg 768w, https:\/\/nna-ccj.ca\/wp-content\/uploads\/2024\/04\/Project-of-the-Year-1536x593.jpg 1536w, https:\/\/nna-ccj.ca\/wp-content\/uploads\/2024\/04\/Project-of-the-Year-150x58.jpg 150w, https:\/\/nna-ccj.ca\/wp-content\/uploads\/2024\/04\/Project-of-the-Year-1280x500.jpg 1280w, https:\/\/nna-ccj.ca\/wp-content\/uploads\/2024\/04\/Project-of-the-Year-1920x750.jpg 1920w, https:\/\/nna-ccj.ca\/wp-content\/uploads\/2024\/04\/Project-of-the-Year-480x185.jpg 480w, https:\/\/nna-ccj.ca\/wp-content\/uploads\/2024\/04\/Project-of-the-Year.jpg 1996w\" sizes=\"(max-width:767px) 300px, 300px\" \/><\/figure><p><b>Janet Bagnall<\/b><span style=\"font-weight: 400;\"> a \u00e9t\u00e9 r\u00e9dactrice d\u2019articles de fond, \u00e9ditorialiste et chroniqueuse pendant 35 ans au Montreal Gazette, sp\u00e9cialis\u00e9e dans les droits des enfants et des femmes. En 2008 Janet a re\u00e7u un prix Femmes de m\u00e9rite de la Fondation Y des femmes et a \u00e9t\u00e9 finaliste du CCJ \u00e0 deux reprises. Depuis la retraite, elle a travaill\u00e9 sur divers projets communautaires dans les Cantons de l\u2019Est.<\/span><\/p><p><b>Rod Mickleburgh<\/b><span style=\"font-weight: 400;\"> a \u00e9t\u00e9 journaliste pendant plus de 40 ans, dont 23 au Globe and Mail. Il a \u00e9t\u00e9 colaur\u00e9at du prix Michener pour un reportage sur le scandale du sang contamin\u00e9 au Canada et a \u00e9t\u00e9 chef du bureau du Globe \u00e0 P\u00e9kin dans les ann\u00e9es 1990. Depuis qu\u2019il a quitt\u00e9 le Globe en 2013, Rod s\u2019est occup\u00e9 de son blogue et a r\u00e9dig\u00e9 On the Line, un livre sur l\u2019histoire des relations de travail en C.-B., qui a remport\u00e9 le Prix George Ryga pour la conscientisation sociale.<\/span><\/p><p><b>Ruth Zowdu<\/b><span style=\"font-weight: 400;\"> est directrice de l\u2019information principale \u00e0 CBC News. Elle supervise les \u00e9quipes de huit salles de r\u00e9daction locales en Ontario qui produisent un \u00e9ventail de contenus, notamment des balados, des \u00e9missions de radio et de t\u00e9l\u00e9vision, des textes num\u00e9riques et des vid\u00e9os. Dans le cadre de ses fonctions, elle est \u00e9galement commanditaire ex\u00e9cutive de la strat\u00e9gie pour l&rsquo;audio et les balados \u00e0 CBC News.<\/span><\/p><p><strong><u>Prix Bob Levin pour le reportage bref<\/u><\/strong><\/p><figure><img loading=\"lazy\" decoding=\"async\" class=\"size-medium wp-image-8975 alignleft\" src=\"https:\/\/nna-ccj.ca\/wp-content\/uploads\/2024\/04\/Short-feature-1-300x117.jpg\" alt=\"\" width=\"300\" height=\"117\" srcset=\"https:\/\/nna-ccj.ca\/wp-content\/uploads\/2024\/04\/Short-feature-1-300x117.jpg 300w, https:\/\/nna-ccj.ca\/wp-content\/uploads\/2024\/04\/Short-feature-1-1024x399.jpg 1024w, https:\/\/nna-ccj.ca\/wp-content\/uploads\/2024\/04\/Short-feature-1-768x299.jpg 768w, https:\/\/nna-ccj.ca\/wp-content\/uploads\/2024\/04\/Short-feature-1-1536x598.jpg 1536w, https:\/\/nna-ccj.ca\/wp-content\/uploads\/2024\/04\/Short-feature-1-150x58.jpg 150w, https:\/\/nna-ccj.ca\/wp-content\/uploads\/2024\/04\/Short-feature-1-1280x500.jpg 1280w, https:\/\/nna-ccj.ca\/wp-content\/uploads\/2024\/04\/Short-feature-1-1920x750.jpg 1920w, https:\/\/nna-ccj.ca\/wp-content\/uploads\/2024\/04\/Short-feature-1-480x187.jpg 480w, https:\/\/nna-ccj.ca\/wp-content\/uploads\/2024\/04\/Short-feature-1.jpg 1999w\" sizes=\"(max-width:767px) 300px, 300px\" \/><\/figure><p><b>Marina Jimenez<\/b><span style=\"font-weight: 400;\"> est directrice des communications pour le Princess Margaret Cancer Centre et la Princess Margaret Cancer Foundation. Pr\u00e9c\u00e9demment, elle a travaill\u00e9 comme strat\u00e8ge en mati\u00e8re d\u2019enjeux et m\u00e9dias pour l\u2019Universit\u00e9 de Toronto. Durant sa carri\u00e8re de 25 ans en journalisme, elle a travaill\u00e9 dans six salles de r\u00e9daction diff\u00e9rentes dans trois provinces, en plus d\u2019avoir \u00e9t\u00e9 membre du comit\u00e9 \u00e9ditorial du Globe and Mail, correspondante \u00e0 l\u2019\u00e9tranger pour le National Post et reporter pour CBC Alberta News. Elle a \u00e9t\u00e9 laur\u00e9ate du Concours canadien de journalisme pour le journalisme sp\u00e9cialis\u00e9 en 2003 et finaliste du CCJ \u00e0 trois autres reprises. Elle continue de travailler comme journaliste de tourisme \u00e0 la pige.<\/span><\/p><p><b>Magda Konieczna<\/b><span style=\"font-weight: 400;\"> est professeure agr\u00e9g\u00e9e de journalisme \u00e0 l&rsquo;Universit\u00e9 Concordia. Elle est l&rsquo;auteure de \u00abJournalism Without Profit : Making News When the Market Fails\u00bb (Oxford University Press 2018). Ses travaux portent sur l&rsquo;information et la d\u00e9mocratie, et sur la fa\u00e7on dont les crises qui se croisent dans le secteur de l&rsquo;information affectent cette relation.\u00a0<\/span><\/p><p><b>Louis M. Maraj<\/b><span style=\"font-weight: 400;\">, PhD, est un chercheur prim\u00e9, un artiste multim\u00e9dia et l&rsquo;auteur de \u00abBlack or Right : Anti\/Racist Campus Rhetorics\u00bb. Son travail critique et cr\u00e9atif se concentre sur les questions relatives \u00e0 l&rsquo;antiracisme, \u00e0 l&rsquo;anti-noirit\u00e9 et \u00e0 la forme d&rsquo;expression. Il est actuellement professeur associ\u00e9 \u00e0 l&rsquo;\u00e9cole de journalisme, de r\u00e9daction et des m\u00e9dias de l&rsquo;universit\u00e9 de Colombie-Britannique.<\/span><\/p><p><strong><u>Sport<\/u><\/strong><\/p><figure><img loading=\"lazy\" decoding=\"async\" class=\"size-medium wp-image-8969 alignleft\" src=\"https:\/\/nna-ccj.ca\/wp-content\/uploads\/2024\/04\/Sports-1-300x116.jpg\" alt=\"\" width=\"300\" height=\"116\" srcset=\"https:\/\/nna-ccj.ca\/wp-content\/uploads\/2024\/04\/Sports-1-300x116.jpg 300w, https:\/\/nna-ccj.ca\/wp-content\/uploads\/2024\/04\/Sports-1-1024x395.jpg 1024w, https:\/\/nna-ccj.ca\/wp-content\/uploads\/2024\/04\/Sports-1-768x296.jpg 768w, https:\/\/nna-ccj.ca\/wp-content\/uploads\/2024\/04\/Sports-1-1536x592.jpg 1536w, https:\/\/nna-ccj.ca\/wp-content\/uploads\/2024\/04\/Sports-1-150x58.jpg 150w, https:\/\/nna-ccj.ca\/wp-content\/uploads\/2024\/04\/Sports-1-1280x500.jpg 1280w, https:\/\/nna-ccj.ca\/wp-content\/uploads\/2024\/04\/Sports-1-1920x750.jpg 1920w, https:\/\/nna-ccj.ca\/wp-content\/uploads\/2024\/04\/Sports-1-480x185.jpg 480w, https:\/\/nna-ccj.ca\/wp-content\/uploads\/2024\/04\/Sports-1.jpg 2000w\" sizes=\"(max-width:767px) 300px, 300px\" \/><\/figure><p><b>Deo Nizonkiza<\/b><span style=\"font-weight: 400;\"> est charg\u00e9 de cours \u00e0 temps plein \u00e0 la Sauder School of Business de l&rsquo;Universit\u00e9 de la Colombie-Britannique, o\u00f9 il donne des cours de communication. Auparavant, il a enseign\u00e9 dans cette m\u00eame universit\u00e9 en tant que charg\u00e9 de cours \u00e0 l&rsquo;\u00e9cole de journalisme, de r\u00e9daction et des m\u00e9dias et au Vantage College. Il a \u00e9galement enseign\u00e9 la r\u00e9daction et l\u2019anglais \u00e0 des fins acad\u00e9miques dans d&rsquo;autres institutions au Canada \u2013 Douglas College et Universit\u00e9 McGill &#8211; et \u00e0 l&rsquo;\u00e9tranger &#8211; Universit\u00e9 du Burundi. Deo est titulaire d&rsquo;un doctorat en linguistique appliqu\u00e9e de l&rsquo;Universit\u00e9 d&rsquo;Anvers, en Belgique.\u00a0<\/span><\/p><p><b>Jack Romanelli <\/b><span style=\"font-weight: 400;\">est un r\u00e9dacteur en chef avec trois d\u00e9cennies d\u2019exp\u00e9rience dans le journalisme et la direction des salles de r\u00e9daction. Il a dirig\u00e9 plusieurs agences de presse canadiennes, notamment comme r\u00e9dacteur en chef de la Montreal Gazette et r\u00e9dacteur en chef du Halifax Daily News. Il est actuellement le r\u00e9dacteur en chef de healthydebate.ca, un site web affili\u00e9 \u00e0 l\u2019Universit\u00e9 de Toronto et \u00e0 l\u2019h\u00f4pital St. Michael\u2019s. Ce site est ax\u00e9 sur les soins de sant\u00e9 au Canada et l\u2019accompagnement des professionnels de la sant\u00e9 dans la r\u00e9daction d\u2019articles destin\u00e9s au public.<\/span><\/p><p><b>Louise Solomita<\/b><span style=\"font-weight: 400;\"> est une professionnelle de la communication qui travaille pour Bombardier \u00e0 Montr\u00e9al, o\u00f9 elle est responsible des communications de la haute direction. Elle a 15 ans d&rsquo;exp\u00e9rience en tant que journaliste \u00e0 la Gazette de Montr\u00e9al, o\u00f9 elle a travaill\u00e9 comme responsable de la section municipale, des documentaires, des affectations et de la r\u00e9vision en g\u00e9n\u00e9ral.<\/span><\/p><p><strong><u>Photo de sport<\/u><\/strong><\/p><figure><img loading=\"lazy\" decoding=\"async\" class=\"size-medium wp-image-8971 alignleft\" src=\"https:\/\/nna-ccj.ca\/wp-content\/uploads\/2024\/04\/Sports-Photo-1-300x117.jpg\" alt=\"\" width=\"300\" height=\"117\" srcset=\"https:\/\/nna-ccj.ca\/wp-content\/uploads\/2024\/04\/Sports-Photo-1-300x117.jpg 300w, https:\/\/nna-ccj.ca\/wp-content\/uploads\/2024\/04\/Sports-Photo-1-1024x398.jpg 1024w, https:\/\/nna-ccj.ca\/wp-content\/uploads\/2024\/04\/Sports-Photo-1-768x299.jpg 768w, https:\/\/nna-ccj.ca\/wp-content\/uploads\/2024\/04\/Sports-Photo-1-1536x597.jpg 1536w, https:\/\/nna-ccj.ca\/wp-content\/uploads\/2024\/04\/Sports-Photo-1-150x58.jpg 150w, https:\/\/nna-ccj.ca\/wp-content\/uploads\/2024\/04\/Sports-Photo-1-1280x500.jpg 1280w, https:\/\/nna-ccj.ca\/wp-content\/uploads\/2024\/04\/Sports-Photo-1-1920x750.jpg 1920w, https:\/\/nna-ccj.ca\/wp-content\/uploads\/2024\/04\/Sports-Photo-1-480x187.jpg 480w, https:\/\/nna-ccj.ca\/wp-content\/uploads\/2024\/04\/Sports-Photo-1.jpg 1998w\" sizes=\"(max-width:767px) 300px, 300px\" \/><\/figure><p><b>Jenelle Schneider<\/b><span style=\"font-weight: 400;\"> a \u00e9t\u00e9 photojournaliste au Calgary Herald et au Vancouver Sun. Apr\u00e8s 15 ans de journalisme et la r\u00e9alisation de son objectif de couvrir les Jeux olympiques de 2010 \u00e0 Vancouver, elle a quitt\u00e9 le journalisme pour poursuivre une vie d&rsquo;aventure. Elle g\u00e8re aujourd&rsquo;hui un g\u00eete touristique sur la c\u00f4te pacifique du Nicaragua avec son mari.<\/span><\/p><p><b>Andrew Vaughan<\/b><span style=\"font-weight: 400;\"> a pass\u00e9 plus de 40 ans comme photojournaliste, dont 36 ans comme photographe national de La Presse Canadienne \u00e0 Halifax. Membre de l&rsquo;Atlantic Journalism Hall of Fame, il a \u00e9t\u00e9 sept fois en nomination pour un prix du\u00a0 Concours canadien de journalisme qu\u2019il a remport\u00e9 \u00e0 quatre reprises. Bien qu&rsquo;il ait voyag\u00e9 dans le monde entier pour des \u00e9v\u00e9nements sportifs, des visites de premiers ministres et des \u00e9v\u00e9nements militaires, il a surtout travaill\u00e9 dans la r\u00e9gion de l&rsquo;Atlantique. Ses exp\u00e9riences marquantes ont \u00e9t\u00e9 la catastrophe de la mine de Westray, le crash de l&rsquo;avion de ligne de Swissair, la fusillade de Moncton o\u00f9 trois agents de la GRC ont trouv\u00e9 la mort, plus r\u00e9cemment, la tuerie de Nouvelle-\u00c9cosse, ainsi que de nombreux \u00e9v\u00e9nements plus agr\u00e9ables, des visites royales au d\u00e9m\u00e9nagement des habitants de Davis Inlet, sur la c\u00f4te du Labrador.\u00a0<\/span><\/p><p><b>Riziero (Reg) Vertolli<\/b><span style=\"font-weight: 400;\">, maintenant \u00e0 la retraite, a \u00e9t\u00e9 le directeur de la photographie \u00e0 Metroland Media en Ontario. Reg a pass\u00e9 40 ans en photojournalisme. Il est coordonnateur acad\u00e9mique et enseignant pour le certificat en photographie num\u00e9rique \u00e0 Sheridan College. Il a \u00e9galement si\u00e9g\u00e9 au conseil consultatif du programme de photojournalisme de Loyalist College.<\/span><\/p><p><strong><u>Reportage en continu<\/u><\/strong><\/p><figure><img loading=\"lazy\" decoding=\"async\" class=\"size-medium wp-image-8967 alignleft\" src=\"https:\/\/nna-ccj.ca\/wp-content\/uploads\/2024\/04\/Sustained-News-Coverage-300x118.jpg\" alt=\"\" width=\"300\" height=\"118\" srcset=\"https:\/\/nna-ccj.ca\/wp-content\/uploads\/2024\/04\/Sustained-News-Coverage-300x118.jpg 300w, https:\/\/nna-ccj.ca\/wp-content\/uploads\/2024\/04\/Sustained-News-Coverage-1024x404.jpg 1024w, https:\/\/nna-ccj.ca\/wp-content\/uploads\/2024\/04\/Sustained-News-Coverage-768x303.jpg 768w, https:\/\/nna-ccj.ca\/wp-content\/uploads\/2024\/04\/Sustained-News-Coverage-1536x606.jpg 1536w, https:\/\/nna-ccj.ca\/wp-content\/uploads\/2024\/04\/Sustained-News-Coverage-150x59.jpg 150w, https:\/\/nna-ccj.ca\/wp-content\/uploads\/2024\/04\/Sustained-News-Coverage-1280x500.jpg 1280w, https:\/\/nna-ccj.ca\/wp-content\/uploads\/2024\/04\/Sustained-News-Coverage-1920x750.jpg 1920w, https:\/\/nna-ccj.ca\/wp-content\/uploads\/2024\/04\/Sustained-News-Coverage-480x189.jpg 480w, https:\/\/nna-ccj.ca\/wp-content\/uploads\/2024\/04\/Sustained-News-Coverage.jpg 2000w\" sizes=\"(max-width:767px) 300px, 300px\" \/><\/figure><p><b>Elysia Bryan-Baynes<\/b><span style=\"font-weight: 400;\"> a pass\u00e9 pr\u00e8s de deux d\u00e9cennies comme chef d\u2019antenne, reporter et secr\u00e9taire de r\u00e9daction \u00e0 Montr\u00e9al. Elle a r\u00e9dig\u00e9 des d\u00e9p\u00eaches et des documentaires pour globalnews.ca, et a couvert les tenants et aboutissants de la politique qu\u00e9b\u00e9coise \u00e0 l\u2019Assembl\u00e9e nationale. Elle est pr\u00e9sentement associ\u00e9e au cours race et reportage de Global News Academy et elle joue un r\u00f4le de mentor aupr\u00e8s de divers reporters dans le cadre d\u2019un programme offert par la Canadian Association of Black Journalists.<\/span><\/p><p><b>Miro Cernetig<\/b><span style=\"font-weight: 400;\"> a \u00e9crit pour certains des plus influents journaux du Canada et a obtenu un prix du CCJ en 2001 pour le reportage international. \u00c0 l\u2019emploi du Globe and Mail, il a \u00e9t\u00e9 chef de bureau pour l\u2019Alberta et l\u2019Arctique, chef de bureau et responsable de l\u2019Ouest canadien \u00e0 Vancouver, puis chef des bureaux de P\u00e9kin et de New York. Il a \u00e9t\u00e9 chef de bureau \u00e0 Montr\u00e9al pour le Toronto Star et responsable de l\u2019Ouest canadien pour le Vancouver Sun \u00e0 Victoria avant de devenir chroniqueur. Il a r\u00e9dig\u00e9 et\/ou dirig\u00e9 10 documentaires qui ont \u00e9t\u00e9 diffus\u00e9s sur CBC, BBC, National Geographic et d\u2019autres t\u00e9l\u00e9diffuseurs internationaux. Miro est aussi le cofondateur de CityAge, une plateforme internationale qui relie des milliers de leaders b\u00e2tisseurs de l\u2019avenir de nos villes.<\/span><\/p><p><b>Val\u00e9rie Dufour <\/b><span style=\"font-weight: 400;\">est cadre sup\u00e9rieure pour les communications strat\u00e9giques \u00e0 la Commission de la capitale nationale \u00e0 Ottawa. De 2011 \u00e0 2020, elle a travaill\u00e9 \u00e0 l\u2019Association canadienne des professeures et professeurs d\u2019universit\u00e9 et pour l\u2019\u00e9quipe des communications parlementaires du Nouveau Parti d\u00e9mocratique. Auparavant, elle a \u00e9t\u00e9 reporter politique et journaliste d\u2019enqu\u00eate \u00e0 Montr\u00e9al de 1999 \u00e0 2011. Au cours de sa carri\u00e8re journalistique, elle a travaill\u00e9 \u00e0 La Presse, La Voix de l\u2019Est, Le Devoir, Le Journal de Montr\u00e9al et RueFrontenac.ca.<\/span><\/p><p><strong><u>Sujet sp\u00e9cial: Pour le journalisme dans une langue autre que le fran\u00e7ais ou l\u2019anglais<\/u><\/strong><\/p><figure><img loading=\"lazy\" decoding=\"async\" class=\"size-medium wp-image-8973 alignleft\" src=\"https:\/\/nna-ccj.ca\/wp-content\/uploads\/2024\/04\/Special-Topic-300x116.jpeg\" alt=\"\" width=\"300\" height=\"116\" srcset=\"https:\/\/nna-ccj.ca\/wp-content\/uploads\/2024\/04\/Special-Topic-300x116.jpeg 300w, https:\/\/nna-ccj.ca\/wp-content\/uploads\/2024\/04\/Special-Topic-1024x396.jpeg 1024w, https:\/\/nna-ccj.ca\/wp-content\/uploads\/2024\/04\/Special-Topic-768x297.jpeg 768w, https:\/\/nna-ccj.ca\/wp-content\/uploads\/2024\/04\/Special-Topic-1536x594.jpeg 1536w, https:\/\/nna-ccj.ca\/wp-content\/uploads\/2024\/04\/Special-Topic-150x58.jpeg 150w, https:\/\/nna-ccj.ca\/wp-content\/uploads\/2024\/04\/Special-Topic-1280x500.jpeg 1280w, https:\/\/nna-ccj.ca\/wp-content\/uploads\/2024\/04\/Special-Topic-1920x750.jpeg 1920w, https:\/\/nna-ccj.ca\/wp-content\/uploads\/2024\/04\/Special-Topic-480x186.jpeg 480w, https:\/\/nna-ccj.ca\/wp-content\/uploads\/2024\/04\/Special-Topic.jpeg 1999w\" sizes=\"(max-width:767px) 300px, 300px\" \/><\/figure><p><b>Amanda Coletta<\/b><span style=\"font-weight: 400;\"> est correspondante du Washington Post \u00e0 Toronto pour le Canada et les Cara\u00efbes. Auparavant, elle a travaill\u00e9 \u00e0 Londres, d&rsquo;abord pour The Economist puis pour le Wall Street Journal, o\u00f9 elle a couvert tous les sujets, du dopage dans les sports olympiques \u00e0 la politique britannique.<\/span><\/p><p><b>Chuck Chiang <\/b><span style=\"font-weight: 400;\">est un journaliste de la Presse Canadienne bas\u00e9 \u00e0 Vancouver. Avant de se joindre \u00e0 la PC, Chuck a beaucoup \u00e9crit sur des sujets tels que les communaut\u00e9s minoritaires en Colombie-Britannique pour un certain nombre de publications, dont Business in Vancouver et le Vancouver Sun. Il a \u00e9galement \u00e9t\u00e9 associ\u00e9 au site d\u2019information en chinois du Sun dans les ann\u00e9es 2010 et a r\u00e9alis\u00e9 des reportages en Alberta, aux \u00c9tats-Unis et \u00e0 Hong Kong, pour le compte d\u2019organes de presse tels que le Calgary Herald, Associated Press et USA Today.\u00a0<\/span><\/p><p><b>Nick Murray <\/b><span style=\"font-weight: 400;\">est un reporter de CBC bas\u00e9 \u00e0 Iqaluit depuis 2015. Il a \u00e9galement travaill\u00e9 comme r\u00e9dacteur principal pour la couverture des Jeux olympiques de CBC Sports. Son travail a \u00e9t\u00e9 reconnu par l\u2019Association canadienne des journalistes et la RTDNA. Avant de s\u2019engager dans la t\u00e9l\u00e9radiodiffusion, il a \u00e9t\u00e9 stagiaire et pigiste comme r\u00e9dacteur sportif pour le journal Daily Gleaner \u00e0 Fredericton.<\/span><\/p><p><strong><span style=\"text-decoration: underline;\">Distinction honorifique sp\u00e9ciale<\/span><\/strong><\/p><p><b><img loading=\"lazy\" decoding=\"async\" class=\"size-medium wp-image-9124 alignleft\" src=\"https:\/\/nna-ccj.ca\/wp-content\/uploads\/2024\/04\/Citation-panel-300x116.jpeg\" alt=\"\" width=\"300\" height=\"116\" srcset=\"https:\/\/nna-ccj.ca\/wp-content\/uploads\/2024\/04\/Citation-panel-300x116.jpeg 300w, https:\/\/nna-ccj.ca\/wp-content\/uploads\/2024\/04\/Citation-panel-1024x397.jpeg 1024w, https:\/\/nna-ccj.ca\/wp-content\/uploads\/2024\/04\/Citation-panel-768x298.jpeg 768w, https:\/\/nna-ccj.ca\/wp-content\/uploads\/2024\/04\/Citation-panel-1536x596.jpeg 1536w, https:\/\/nna-ccj.ca\/wp-content\/uploads\/2024\/04\/Citation-panel-150x58.jpeg 150w, https:\/\/nna-ccj.ca\/wp-content\/uploads\/2024\/04\/Citation-panel-1280x500.jpeg 1280w, https:\/\/nna-ccj.ca\/wp-content\/uploads\/2024\/04\/Citation-panel-1920x750.jpeg 1920w, https:\/\/nna-ccj.ca\/wp-content\/uploads\/2024\/04\/Citation-panel-480x186.jpeg 480w, https:\/\/nna-ccj.ca\/wp-content\/uploads\/2024\/04\/Citation-panel.jpeg 1997w\" sizes=\"(max-width:767px) 300px, 300px\" \/>Jimmy Jeong<\/b><span style=\"font-weight: 400;\"> est un photojournaliste canadien d&rsquo;origine cor\u00e9enne bas\u00e9 \u00e0 Vancouver. Il a \u00e9t\u00e9 honor\u00e9 par l&rsquo;American Photographic Artists, Communication Arts, Online Journalism Awards et le Prix de la Photographie Paris. Jimmy est un membre fondateur de Rogue Collective et un membre de DiversifyPhoto. Il est \u00e9galement l&rsquo;un des mentors fondateurs de Room Up Front, un programme de mentorat pour les aspirants photojournalistes PANDC au Canada.<\/span><\/p><p><b>Philip Moscovitch<span style=\"font-weight: 400;\"> est un r\u00e9dacteur, traducteur et producteur audio pigiste qui a \u00e9t\u00e9 finaliste aux Prix du magazine canadien et des Atlantic Journalism Awards. Il est actuellement directeur de Write, le magazine de la Writers&rsquo; Union of Canada, producteur et animateur du balado D&rsquo;Innombrables Voyages du Mus\u00e9e canadien de l&rsquo;immigration du Quai 21, et pr\u00e9sident de la Writers&rsquo; Federation of Nova Scotia. <\/span><\/b><\/p><p><b>Joanna Smith<\/b><span style=\"font-weight: 400;\"> est r\u00e9dactrice en chef de Kathari News, une nouvelle entreprise de presse num\u00e9rique qui diffuse en temps r\u00e9el des informations et des points de vue exhaustifs et fiables sur la transition \u00e9nerg\u00e9tique mondiale. Journaliste politique chevronn\u00e9e et prim\u00e9e de la presse parlementaire, elle a \u00e9t\u00e9 chef du bureau d&rsquo;Ottawa de La Presse Canadienne et longtemps journaliste au Toronto Star. En tant que directrice de r\u00e9daction et \u00e9ducatrice, elle a contribu\u00e9 \u00e0 l&rsquo;\u00e9laboration d&rsquo;initiatives visant \u00e0 favoriser des reportages inclusifs gr\u00e2ce \u00e0 la diversit\u00e9 des sources\u00a0 et a d\u00e9fendu le bien-\u00eatre mental dans le journalisme.<\/span><span style=\"font-weight: 400;\">.<\/span><\/p><p><strong><span style=\"text-decoration: underline;\">Journaliste de l\u2019ann\u00e9e<\/span><\/strong><\/p><p><b><img loading=\"lazy\" decoding=\"async\" class=\"size-medium wp-image-9126 alignleft\" src=\"https:\/\/nna-ccj.ca\/wp-content\/uploads\/2024\/04\/Journalist-of-the-Year-300x116.jpeg\" alt=\"\" width=\"300\" height=\"116\" srcset=\"https:\/\/nna-ccj.ca\/wp-content\/uploads\/2024\/04\/Journalist-of-the-Year-300x116.jpeg 300w, https:\/\/nna-ccj.ca\/wp-content\/uploads\/2024\/04\/Journalist-of-the-Year-1024x397.jpeg 1024w, https:\/\/nna-ccj.ca\/wp-content\/uploads\/2024\/04\/Journalist-of-the-Year-768x298.jpeg 768w, https:\/\/nna-ccj.ca\/wp-content\/uploads\/2024\/04\/Journalist-of-the-Year-1536x596.jpeg 1536w, https:\/\/nna-ccj.ca\/wp-content\/uploads\/2024\/04\/Journalist-of-the-Year-150x58.jpeg 150w, https:\/\/nna-ccj.ca\/wp-content\/uploads\/2024\/04\/Journalist-of-the-Year-1280x500.jpeg 1280w, https:\/\/nna-ccj.ca\/wp-content\/uploads\/2024\/04\/Journalist-of-the-Year-1920x750.jpeg 1920w, https:\/\/nna-ccj.ca\/wp-content\/uploads\/2024\/04\/Journalist-of-the-Year-480x186.jpeg 480w, https:\/\/nna-ccj.ca\/wp-content\/uploads\/2024\/04\/Journalist-of-the-Year.jpeg 1998w\" sizes=\"(max-width:767px) 300px, 300px\" \/>Greg Horn<\/b><span style=\"font-weight: 400;\"> est un journaliste et photojournaliste bas\u00e9 \u00e0 Kahnawake. Dipl\u00f4m\u00e9 de l\u2019Universit\u00e9 Concordia, Greg est engag\u00e9 dans le journalisme depuis plus de 25 ans et poss\u00e8de l\u2019hebdomadaire communautaire Ior\u00ec:wase. Il a \u00e9t\u00e9 nomm\u00e9 trois fois photojournaliste de l\u2019ann\u00e9e par la Quebec Community Newspaper Association.<\/span><\/p><p><b>Am\u00e9li Pineda<span style=\"font-weight: 400;\"> est\u00a0 journaliste au Devoir. Au Concours canadien de journalisme de 2021, elle a remport\u00e9 le Prix E. Cora Hind pour le journalisme sp\u00e9cialis\u00e9, avec sa coll\u00e8gue, Magdaline Boutros, pour leur travail sur la violence domestique au Qu\u00e9bec. Elles ont \u00e9galement \u00e9t\u00e9 nomm\u00e9es conjointement Journalistes de l\u2019ann\u00e9e. Elle a pr\u00e9c\u00e9demment travaill\u00e9 pour Le Journal de Montr\u00e9al et 24 Heures.<\/span><\/b><\/p><p><b>Paul Wells <\/b><span style=\"font-weight: 400;\">est journaliste politique depuis pr\u00e8s de 30 ans. Il a \u00e9crit pour le magazine Maclean&rsquo;s, le Toronto Star, le Globe and Mail, le National Post et d&rsquo;autres publications. Paul Wells a \u00e9galement r\u00e9alis\u00e9 des reportages sur la politique, la guerre et les grands \u00e9v\u00e9nements dans 20 pays. Il est l&rsquo;auteur de deux livres \u00e0 succ\u00e8s et commente fr\u00e9quemment l\u2019actualit\u00e9 \u00e0 la t\u00e9l\u00e9vision et \u00e0 la radio. On peut trouver ses articles et balados sur Substack.<\/span><\/p><figure><\/figure>\t\t\t\t\t\t\t\t<\/div>\n\t\t\t\t<\/div>\n\t\t\t\t\t<\/div>\n\t\t<\/div>\n\t\t\t\t\t<\/div>\n\t\t<\/section>\n\t\t\t\t<\/div>\n\t\t","protected":false},"excerpt":{"rendered":"<p>Juges pour 2023 Culture et divertissement Ingrid Bejerman est une journaliste, universitaire et gestionnaire sp\u00e9cialis\u00e9e dans le reportage culturel, les affaires latino-am\u00e9ricaines et la formation journalistique.<span class=\"excerpt-hellip\"> [\u2026]<\/span><\/p>\n","protected":false},"author":8,"featured_media":0,"parent":0,"menu_order":0,"comment_status":"closed","ping_status":"closed","template":"","meta":{"footnotes":""},"class_list":["post-9054","page","type-page","status-publish","hentry"],"yoast_head":"<!-- This site is optimized with the Yoast SEO plugin v27.5 - https:\/\/yoast.com\/product\/yoast-seo-wordpress\/ -->\n<title>Juges pour 2023 - National Newspaper Awards<\/title>\n<meta name=\"robots\" content=\"index, follow, max-snippet:-1, max-image-preview:large, max-video-preview:-1\" \/>\n<link rel=\"canonical\" href=\"https:\/\/nna-ccj.ca\/fr\/juges-pour-2023\/\" \/>\n<meta property=\"og:locale\" content=\"fr_FR\" \/>\n<meta property=\"og:type\" content=\"article\" \/>\n<meta property=\"og:title\" content=\"Juges pour 2023 - National Newspaper Awards\" \/>\n<meta property=\"og:description\" content=\"Juges pour 2023 Culture et divertissement Ingrid Bejerman est une journaliste, universitaire et gestionnaire sp\u00e9cialis\u00e9e dans le reportage culturel, les affaires latino-am\u00e9ricaines et la formation journalistique. [\u2026]\" \/>\n<meta property=\"og:url\" content=\"https:\/\/nna-ccj.ca\/fr\/juges-pour-2023\/\" \/>\n<meta property=\"og:site_name\" content=\"National Newspaper Awards\" \/>\n<meta property=\"article:modified_time\" content=\"2024-04-27T11:20:55+00:00\" \/>\n<meta property=\"og:image\" content=\"https:\/\/nna-ccj.ca\/wp-content\/uploads\/2024\/04\/Arts-and-Ent-1-300x117.jpg\" \/>\n<meta name=\"twitter:card\" content=\"summary_large_image\" \/>\n<meta name=\"twitter:label1\" content=\"Dur\u00e9e de lecture estim\u00e9e\" \/>\n\t<meta name=\"twitter:data1\" content=\"31 minutes\" \/>\n<script type=\"application\/ld+json\" class=\"yoast-schema-graph\">{\"@context\":\"https:\\\/\\\/schema.org\",\"@graph\":[{\"@type\":\"WebPage\",\"@id\":\"https:\\\/\\\/nna-ccj.ca\\\/fr\\\/juges-pour-2023\\\/\",\"url\":\"https:\\\/\\\/nna-ccj.ca\\\/fr\\\/juges-pour-2023\\\/\",\"name\":\"Juges pour 2023 - National Newspaper Awards\",\"isPartOf\":{\"@id\":\"https:\\\/\\\/nna-ccj.ca\\\/#website\"},\"primaryImageOfPage\":{\"@id\":\"https:\\\/\\\/nna-ccj.ca\\\/fr\\\/juges-pour-2023\\\/#primaryimage\"},\"image\":{\"@id\":\"https:\\\/\\\/nna-ccj.ca\\\/fr\\\/juges-pour-2023\\\/#primaryimage\"},\"thumbnailUrl\":\"https:\\\/\\\/nna-ccj.ca\\\/wp-content\\\/uploads\\\/2024\\\/04\\\/Arts-and-Ent-1-300x117.jpg\",\"datePublished\":\"2024-04-27T11:20:53+00:00\",\"dateModified\":\"2024-04-27T11:20:55+00:00\",\"breadcrumb\":{\"@id\":\"https:\\\/\\\/nna-ccj.ca\\\/fr\\\/juges-pour-2023\\\/#breadcrumb\"},\"inLanguage\":\"fr-FR\",\"potentialAction\":[{\"@type\":\"ReadAction\",\"target\":[\"https:\\\/\\\/nna-ccj.ca\\\/fr\\\/juges-pour-2023\\\/\"]}]},{\"@type\":\"ImageObject\",\"inLanguage\":\"fr-FR\",\"@id\":\"https:\\\/\\\/nna-ccj.ca\\\/fr\\\/juges-pour-2023\\\/#primaryimage\",\"url\":\"https:\\\/\\\/nna-ccj.ca\\\/wp-content\\\/uploads\\\/2024\\\/04\\\/Arts-and-Ent-1-300x117.jpg\",\"contentUrl\":\"https:\\\/\\\/nna-ccj.ca\\\/wp-content\\\/uploads\\\/2024\\\/04\\\/Arts-and-Ent-1-300x117.jpg\"},{\"@type\":\"BreadcrumbList\",\"@id\":\"https:\\\/\\\/nna-ccj.ca\\\/fr\\\/juges-pour-2023\\\/#breadcrumb\",\"itemListElement\":[{\"@type\":\"ListItem\",\"position\":1,\"name\":\"Home\",\"item\":\"https:\\\/\\\/nna-ccj.ca\\\/fr\\\/\"},{\"@type\":\"ListItem\",\"position\":2,\"name\":\"Juges pour 2023\"}]},{\"@type\":\"WebSite\",\"@id\":\"https:\\\/\\\/nna-ccj.ca\\\/#website\",\"url\":\"https:\\\/\\\/nna-ccj.ca\\\/\",\"name\":\"National Newspaper Awards\",\"description\":\"Honouring the best in Canadian Journalism since 1949\",\"potentialAction\":[{\"@type\":\"SearchAction\",\"target\":{\"@type\":\"EntryPoint\",\"urlTemplate\":\"https:\\\/\\\/nna-ccj.ca\\\/?s={search_term_string}\"},\"query-input\":{\"@type\":\"PropertyValueSpecification\",\"valueRequired\":true,\"valueName\":\"search_term_string\"}}],\"inLanguage\":\"fr-FR\"}]}<\/script>\n<!-- \/ Yoast SEO plugin. -->","yoast_head_json":{"title":"Juges pour 2023 - National Newspaper Awards","robots":{"index":"index","follow":"follow","max-snippet":"max-snippet:-1","max-image-preview":"max-image-preview:large","max-video-preview":"max-video-preview:-1"},"canonical":"https:\/\/nna-ccj.ca\/fr\/juges-pour-2023\/","og_locale":"fr_FR","og_type":"article","og_title":"Juges pour 2023 - National Newspaper Awards","og_description":"Juges pour 2023 Culture et divertissement Ingrid Bejerman est une journaliste, universitaire et gestionnaire sp\u00e9cialis\u00e9e dans le reportage culturel, les affaires latino-am\u00e9ricaines et la formation journalistique. [\u2026]","og_url":"https:\/\/nna-ccj.ca\/fr\/juges-pour-2023\/","og_site_name":"National Newspaper Awards","article_modified_time":"2024-04-27T11:20:55+00:00","og_image":[{"url":"https:\/\/nna-ccj.ca\/wp-content\/uploads\/2024\/04\/Arts-and-Ent-1-300x117.jpg","type":"","width":"","height":""}],"twitter_card":"summary_large_image","twitter_misc":{"Dur\u00e9e de lecture estim\u00e9e":"31 minutes"},"schema":{"@context":"https:\/\/schema.org","@graph":[{"@type":"WebPage","@id":"https:\/\/nna-ccj.ca\/fr\/juges-pour-2023\/","url":"https:\/\/nna-ccj.ca\/fr\/juges-pour-2023\/","name":"Juges pour 2023 - National Newspaper Awards","isPartOf":{"@id":"https:\/\/nna-ccj.ca\/#website"},"primaryImageOfPage":{"@id":"https:\/\/nna-ccj.ca\/fr\/juges-pour-2023\/#primaryimage"},"image":{"@id":"https:\/\/nna-ccj.ca\/fr\/juges-pour-2023\/#primaryimage"},"thumbnailUrl":"https:\/\/nna-ccj.ca\/wp-content\/uploads\/2024\/04\/Arts-and-Ent-1-300x117.jpg","datePublished":"2024-04-27T11:20:53+00:00","dateModified":"2024-04-27T11:20:55+00:00","breadcrumb":{"@id":"https:\/\/nna-ccj.ca\/fr\/juges-pour-2023\/#breadcrumb"},"inLanguage":"fr-FR","potentialAction":[{"@type":"ReadAction","target":["https:\/\/nna-ccj.ca\/fr\/juges-pour-2023\/"]}]},{"@type":"ImageObject","inLanguage":"fr-FR","@id":"https:\/\/nna-ccj.ca\/fr\/juges-pour-2023\/#primaryimage","url":"https:\/\/nna-ccj.ca\/wp-content\/uploads\/2024\/04\/Arts-and-Ent-1-300x117.jpg","contentUrl":"https:\/\/nna-ccj.ca\/wp-content\/uploads\/2024\/04\/Arts-and-Ent-1-300x117.jpg"},{"@type":"BreadcrumbList","@id":"https:\/\/nna-ccj.ca\/fr\/juges-pour-2023\/#breadcrumb","itemListElement":[{"@type":"ListItem","position":1,"name":"Home","item":"https:\/\/nna-ccj.ca\/fr\/"},{"@type":"ListItem","position":2,"name":"Juges pour 2023"}]},{"@type":"WebSite","@id":"https:\/\/nna-ccj.ca\/#website","url":"https:\/\/nna-ccj.ca\/","name":"National Newspaper Awards","description":"Honouring the best in Canadian Journalism since 1949","potentialAction":[{"@type":"SearchAction","target":{"@type":"EntryPoint","urlTemplate":"https:\/\/nna-ccj.ca\/?s={search_term_string}"},"query-input":{"@type":"PropertyValueSpecification","valueRequired":true,"valueName":"search_term_string"}}],"inLanguage":"fr-FR"}]}},"jetpack_sharing_enabled":true,"_links":{"self":[{"href":"https:\/\/nna-ccj.ca\/fr\/wp-json\/wp\/v2\/pages\/9054","targetHints":{"allow":["GET"]}}],"collection":[{"href":"https:\/\/nna-ccj.ca\/fr\/wp-json\/wp\/v2\/pages"}],"about":[{"href":"https:\/\/nna-ccj.ca\/fr\/wp-json\/wp\/v2\/types\/page"}],"author":[{"embeddable":true,"href":"https:\/\/nna-ccj.ca\/fr\/wp-json\/wp\/v2\/users\/8"}],"replies":[{"embeddable":true,"href":"https:\/\/nna-ccj.ca\/fr\/wp-json\/wp\/v2\/comments?post=9054"}],"version-history":[{"count":52,"href":"https:\/\/nna-ccj.ca\/fr\/wp-json\/wp\/v2\/pages\/9054\/revisions"}],"predecessor-version":[{"id":9153,"href":"https:\/\/nna-ccj.ca\/fr\/wp-json\/wp\/v2\/pages\/9054\/revisions\/9153"}],"wp:attachment":[{"href":"https:\/\/nna-ccj.ca\/fr\/wp-json\/wp\/v2\/media?parent=9054"}],"curies":[{"name":"wp","href":"https:\/\/api.w.org\/{rel}","templated":true}]}}