{"id":9540,"date":"2025-03-18T09:59:19","date_gmt":"2025-03-18T13:59:19","guid":{"rendered":"https:\/\/nna-ccj.ca\/?page_id=9540"},"modified":"2025-04-26T09:16:49","modified_gmt":"2025-04-26T13:16:49","slug":"les-candidatures-en-nomination-2024","status":"publish","type":"page","link":"https:\/\/nna-ccj.ca\/fr\/les-candidatures-en-nomination-2024\/","title":{"rendered":"Les laur\u00e9ats et les candidatures en nomination 2024"},"content":{"rendered":"\t\t<div data-elementor-type=\"wp-page\" data-elementor-id=\"9540\" class=\"elementor elementor-9540 elementor-9534\" data-elementor-post-type=\"page\">\n\t\t\t\t\t\t<section class=\"elementor-section elementor-top-section elementor-element elementor-element-6f3437d8 elementor-section-boxed elementor-section-height-default elementor-section-height-default\" data-id=\"6f3437d8\" data-element_type=\"section\" data-e-type=\"section\">\n\t\t\t\t\t\t<div class=\"elementor-container elementor-column-gap-default\">\n\t\t\t\t\t<div class=\"elementor-column elementor-col-100 elementor-top-column elementor-element elementor-element-43ba8e4f\" data-id=\"43ba8e4f\" data-element_type=\"column\" data-e-type=\"column\">\n\t\t\t<div class=\"elementor-widget-wrap elementor-element-populated\">\n\t\t\t\t\t\t<div class=\"elementor-element elementor-element-2f646491 elementor-widget elementor-widget-heading\" data-id=\"2f646491\" data-element_type=\"widget\" data-e-type=\"widget\" data-widget_type=\"heading.default\">\n\t\t\t\t<div class=\"elementor-widget-container\">\n\t\t\t\t\t<h1 class=\"elementor-heading-title elementor-size-default\">Les laur\u00e9ats et les candidatures en nomination 2024<\/h1>\t\t\t\t<\/div>\n\t\t\t\t<\/div>\n\t\t\t\t\t<\/div>\n\t\t<\/div>\n\t\t\t\t\t<\/div>\n\t\t<\/section>\n\t\t\t\t<section class=\"elementor-section elementor-top-section elementor-element elementor-element-138aea08 elementor-section-boxed elementor-section-height-default elementor-section-height-default\" data-id=\"138aea08\" data-element_type=\"section\" data-e-type=\"section\">\n\t\t\t\t\t\t<div class=\"elementor-container elementor-column-gap-default\">\n\t\t\t\t\t<div class=\"elementor-column elementor-col-33 elementor-top-column elementor-element elementor-element-36e1d56e\" data-id=\"36e1d56e\" data-element_type=\"column\" data-e-type=\"column\">\n\t\t\t<div class=\"elementor-widget-wrap elementor-element-populated\">\n\t\t\t\t\t\t<div class=\"elementor-element elementor-element-5b88067 elementor-widget elementor-widget-heading\" data-id=\"5b88067\" data-element_type=\"widget\" data-e-type=\"widget\" data-widget_type=\"heading.default\">\n\t\t\t\t<div class=\"elementor-widget-container\">\n\t\t\t\t\t<h2 class=\"elementor-heading-title elementor-size-default\">Culture et divertissement<\/h2>\t\t\t\t<\/div>\n\t\t\t\t<\/div>\n\t\t\t\t\t<\/div>\n\t\t<\/div>\n\t\t\t\t<div class=\"elementor-column elementor-col-66 elementor-top-column elementor-element elementor-element-7d6dcdfd\" data-id=\"7d6dcdfd\" data-element_type=\"column\" data-e-type=\"column\">\n\t\t\t<div class=\"elementor-widget-wrap elementor-element-populated\">\n\t\t\t\t\t\t<div class=\"elementor-element elementor-element-620bc3ba elementor-widget elementor-widget-text-editor\" data-id=\"620bc3ba\" data-element_type=\"widget\" data-e-type=\"widget\" data-widget_type=\"text-editor.default\">\n\t\t\t\t<div class=\"elementor-widget-container\">\n\t\t\t\t\t\t\t\t\t<p><b><strong>LAUR\u00c9ATE: <\/strong>Tavia Grant, The Globe and Mail<\/b><span style=\"font-weight: 400;\">, pour son travail sur les promesses non tenues du Vatican de restituer des objets culturels provenant de communaut\u00e9s autochtones du Canada &#8211; et sur le retard du Canada par rapport \u00e0 d&rsquo;autres pays en ce qui concerne les cadres nationaux de rapatriement<\/span><\/p><ul><li><a href=\"https:\/\/www.theglobeandmail.com\/arts\/article-vatican-indigenous-items-repatriation\/\" target=\"_blank\" rel=\"noopener\">The Pope supports restitution of Indigenous items to Canada. So why haven&rsquo;t they come home?<\/a><\/li><li><a href=\"https:\/\/www.theglobeandmail.com\/arts\/art-and-architecture\/article-timeline-a-look-back-at-the-commitments-on-repatriating-indigenous\/\" target=\"_blank\" rel=\"noopener\">Timeline: A look back at the commitments on repatriating Indigenous cultural items<\/a><\/li><li><a href=\"https:\/\/www.theglobeandmail.com\/arts\/article-feds-urged-to-act-on-funding-repatriation\/\" target=\"_blank\" rel=\"noopener\">Feds urged to act on funding repatriation of Indigenous cultural belonging<\/a><\/li><li><a href=\"https:\/\/www.theglobeandmail.com\/canada\/article-justin-trudeau-pope-g7-indigenous-artifacts-g7\/\" target=\"_blank\" rel=\"noopener\">Trudeau urges Pope to return Indigenous items held in the Vatican\u2019s collection<\/a><\/li><\/ul>\t\t\t\t\t\t\t\t<\/div>\n\t\t\t\t<\/div>\n\t\t\t\t<div class=\"elementor-element elementor-element-7d3d290f elementor-widget elementor-widget-text-editor\" data-id=\"7d3d290f\" data-element_type=\"widget\" data-e-type=\"widget\" data-widget_type=\"text-editor.default\">\n\t\t\t\t<div class=\"elementor-widget-container\">\n\t\t\t\t\t\t\t\t\t<p><b>Richie Assaly, Toronto Star<\/b><span style=\"font-weight: 400;\">, pour sa s\u00e9rie de reportages sur les musiciens Mustafa, John Kameel Farah et Elisapie, dans lesquels il d\u00e9crit la singularit\u00e9 musicale des artistes, ainsi que leur signification culturelle<\/span><\/p><ul><li><a href=\"https:\/\/www.thestar.com\/entertainment\/music\/elisapie-practically-grew-up-at-the-post-office-in-her-tiny-nunavik-village-now-the\/article_fbec7a86-2dac-11ef-a64f-ffe67fa5497b.html\" target=\"_blank\" rel=\"noopener\">Elisapie practically grew up at the post office in her tiny Nunavik village. Now, the Inuk singer\u2019s face is on a Canada Post stamp<\/a><\/li><li><a href=\"https:\/\/www.thestar.com\/entertainment\/music\/toronto-failed-mustafa-in-his-darkest-hour-on-the-singers-aching-new-album-his-horizons\/article_8e8c260a-7a99-11ef-a4d2-ff5dfee23b37.html\" target=\"_blank\" rel=\"noopener\">Toronto failed Mustafa in his darkest hour. On the singer\u2019s aching new album, his horizons feel endless<\/a><\/li><li><a href=\"https:\/\/www.thestar.com\/entertainment\/music\/olive-trees-hope-and-the-power-of-music-in-dark-times-how-a-renowned-palestinian\/article_c9315d36-07c4-11ef-a624-779adf74f593.html\" target=\"_blank\" rel=\"noopener\">Olive trees, hope and the power of music in dark times: How a renowned Palestinian-Canadian pianist rediscovered his creative spark<\/a><\/li><\/ul>\t\t\t\t\t\t\t\t<\/div>\n\t\t\t\t<\/div>\n\t\t\t\t<div class=\"elementor-element elementor-element-3b10bfa4 elementor-widget elementor-widget-text-editor\" data-id=\"3b10bfa4\" data-element_type=\"widget\" data-e-type=\"widget\" data-widget_type=\"text-editor.default\">\n\t\t\t\t<div class=\"elementor-widget-container\">\n\t\t\t\t\t\t\t\t\t<p><b>Charles-\u00c9ric Blais-Poulin et Jean Siag, La Presse<\/b><span style=\"font-weight: 400;\">, pour leur enqu\u00eate sur l\u2019industrie de la production t\u00e9l\u00e9visuelle qu\u00e9b\u00e9coise, soulignant la faiblesse des productions ind\u00e9pendantes face aux deux grands joueurs<\/span><\/p><ul><li><a href=\"https:\/\/www.lapresse.ca\/arts\/television\/vers-un-effritement-de-la-production-independante\/2024-05-23\/il-y-a-deux-clans-qui-se-dessinent.php\" target=\"_blank\" rel=\"noopener\">Vers un \u00ab\u00a0effritement\u00a0\u00bb de la production ind\u00e9pendante\u00a0?<\/a><\/li><li><a href=\"https:\/\/www.lapresse.ca\/arts\/television\/2024-06-05\/mels-ou-rien-pour-des-projets-de-quebecor.php\" target=\"_blank\" rel=\"noopener\"><span class=\"title titleModule__main\">\u00ab\u00a0MELS ou rien\u00a0\u00bb pour des projets de Qu\u00e9becor<\/span><\/a><\/li><li><a href=\"https:\/\/www.lapresse.ca\/arts\/television\/2024-06-07\/des-artisans-prives-d-un-revenu-essentiel.php\" target=\"_blank\" rel=\"noopener\"><span class=\"title titleModule__main\">Des artisans priv\u00e9s d\u2019un revenu essentiel<\/span><\/a><\/li><\/ul>\t\t\t\t\t\t\t\t<\/div>\n\t\t\t\t<\/div>\n\t\t\t\t\t<\/div>\n\t\t<\/div>\n\t\t\t\t\t<\/div>\n\t\t<\/section>\n\t\t\t\t<section class=\"elementor-section elementor-top-section elementor-element elementor-element-70aa4725 elementor-section-boxed elementor-section-height-default elementor-section-height-default\" data-id=\"70aa4725\" data-element_type=\"section\" data-e-type=\"section\">\n\t\t\t\t\t\t<div class=\"elementor-container elementor-column-gap-default\">\n\t\t\t\t\t<div class=\"elementor-column elementor-col-33 elementor-top-column elementor-element elementor-element-57cdf721\" data-id=\"57cdf721\" data-element_type=\"column\" data-e-type=\"column\">\n\t\t\t<div class=\"elementor-widget-wrap elementor-element-populated\">\n\t\t\t\t\t\t<div class=\"elementor-element elementor-element-32a82f6f elementor-widget elementor-widget-heading\" data-id=\"32a82f6f\" data-element_type=\"widget\" data-e-type=\"widget\" data-widget_type=\"heading.default\">\n\t\t\t\t<div class=\"elementor-widget-container\">\n\t\t\t\t\t<h2 class=\"elementor-heading-title elementor-size-default\">Prix Joan Hollobon pour le journalisme sp\u00e9cialis\u00e9<\/h2>\t\t\t\t<\/div>\n\t\t\t\t<\/div>\n\t\t\t\t<div class=\"elementor-element elementor-element-4ef2ee41 elementor-widget elementor-widget-image\" data-id=\"4ef2ee41\" data-element_type=\"widget\" data-e-type=\"widget\" data-widget_type=\"image.default\">\n\t\t\t\t<div class=\"elementor-widget-container\">\n\t\t\t\t\t\t\t\t\t\t\t\t\t\t\t<img decoding=\"async\" src=\"https:\/\/nna-ccj.ca\/wp-content\/uploads\/elementor\/thumbs\/Joan-Hollobon-portrait-1960a-1-scaled-qieqy1hlb1le28p7eovtd4i9tq7gjeehu58ri8lnm8.jpg\" title=\"Joan Hollobon, portrait, 1960a (1)\" alt=\"Globe and Mail staff writer Joan Hollobon (Church Reporter), 1960. Credit: The Globe and Mail.\" loading=\"lazy\" \/>\t\t\t\t\t\t\t\t\t\t\t\t\t\t\t<\/div>\n\t\t\t\t<\/div>\n\t\t\t\t\t<\/div>\n\t\t<\/div>\n\t\t\t\t<div class=\"elementor-column elementor-col-66 elementor-top-column elementor-element elementor-element-8a492b2\" data-id=\"8a492b2\" data-element_type=\"column\" data-e-type=\"column\">\n\t\t\t<div class=\"elementor-widget-wrap elementor-element-populated\">\n\t\t\t\t\t\t<div class=\"elementor-element elementor-element-3204b812 elementor-widget elementor-widget-text-editor\" data-id=\"3204b812\" data-element_type=\"widget\" data-e-type=\"widget\" data-widget_type=\"text-editor.default\">\n\t\t\t\t<div class=\"elementor-widget-container\">\n\t\t\t\t\t\t\t\t\t<p><b><strong>LAUR\u00c9ATE: <\/strong><\/b><strong>Susan Clairmont, Hamilton Spectator<\/strong>, pour ses reportages exclusifs et ses analyses \u00e9clair\u00e9es comme reporter judiciaire<\/p><ul><li><a href=\"https:\/\/www.thespec.com\/news\/crime\/paul-bernardo-sheds-new-light-on-karla-homolkas-role-in-crimes\/article_cb4521ea-bb01-5155-b40e-802f881f6e0f.html\" target=\"_blank\" rel=\"noopener\">Paul Bernardo sheds new light on Karla Homolka\u2019s role in crimes<\/a><\/li><li><a href=\"https:\/\/www.thespec.com\/news\/crime\/youre-about-to-have-sex-do-you-need-to-record-the-consent-on-video\/article_f66def97-f0ab-5148-878f-a4d03d921b8d.html\" target=\"_blank\" rel=\"noopener\">You\u2019re about to have sex&#8230; do you need to record the consent on video?<\/a><\/li><li><a href=\"https:\/\/www.thespec.com\/news\/crime\/before-he-murdered-his-mom-he-repeatedly-warned-doctors-and-a-judge-he-was-thinking\/article_7fdac769-4a3f-5b24-8687-0cc451ffce88.html\" target=\"_blank\" rel=\"noopener\">Before he murdered his mom, he repeatedly warned doctors and a judge he was thinking of killing his family. Why couldn\u2019t they stop him?<\/a><\/li><li><a href=\"https:\/\/www.thespec.com\/news\/hamilton-region\/14-years-millions-of-dollars-jail-time-and-still-no-end-in-sight-for-this\/article_8920725d-cc77-5d01-99d7-8205ed13ca20.html\" target=\"_blank\" rel=\"noopener\">14 years. Millions of dollars. Jail time. And still, no end in sight for this family court saga<\/a><\/li><\/ul>\t\t\t\t\t\t\t\t<\/div>\n\t\t\t\t<\/div>\n\t\t\t\t<div class=\"elementor-element elementor-element-1443a4fa elementor-widget elementor-widget-text-editor\" data-id=\"1443a4fa\" data-element_type=\"widget\" data-e-type=\"widget\" data-widget_type=\"text-editor.default\">\n\t\t\t\t<div class=\"elementor-widget-container\">\n\t\t\t\t\t\t\t\t\t<p><strong>Kate Allen, Toronto Star<\/strong>, pour sa s\u00e9rie de reportages rigoureux et captivants sur les changements climatiques<\/p><ul><li><a href=\"https:\/\/www.thestar.com\/news\/gta\/canadas-maple-syrup-reserve-almost-empty-as-sap-season-at-risk-of-becoming-another-casualty\/article_6f498bce-e788-11ee-8773-c71464d8be74.html\" target=\"_blank\" rel=\"noopener\">Canada\u2019s maple syrup reserve almost empty as sap season at risk of becoming another casualty of the winter that wasn\u2019t<\/a><\/li><li><a href=\"https:\/\/www.thestar.com\/news\/canada\/how-galen-westons-family-foundation-wants-to-transform-the-future-of-food-starting-with-berries\/article_120f28c8-eba3-11ee-ab5a-5f8d06bcc64e.html\" target=\"_blank\" rel=\"noopener\">How Galen Weston\u2019s family foundation wants to transform the \u2018future of food\u2019 \u2014 starting with berries<\/a><\/li><li><a href=\"https:\/\/www.thestar.com\/news\/ontario\/nobody-cares-that-its-not-chardonnay-hardier-grapes-can-help-ontario-winemakers-fight-climate-change\/article_abc2f3d4-1450-11ef-8a28-4bd19000d3a6.html\" target=\"_blank\" rel=\"noopener\">\u2018Nobody cares that it\u2019s not Chardonnay\u2019: Hardier grapes can help Ontario winemakers fight climate change.\u00a0<\/a><\/li><li><a href=\"https:\/\/www.thestar.com\/news\/gta\/the-toronto-zoo-has-an-identity-crisis-and-a-bold-plan-to-solve-it-can\/article_c4a6c5d4-84f2-11ef-b6bb-c38b92fc85b3.html\" target=\"_blank\" rel=\"noopener\">The Toronto Zoo has an identity crisis \u2014 and a bold plan to solve it.\u00a0<\/a><\/li><li><a href=\"https:\/\/www.thestar.com\/podcasts\/this-matters\/why-are-people-talking-about-running-out-of-maple-syrup\/article_949491ba-f040-11ee-9d62-13852829449f.html\" target=\"_blank\" rel=\"noopener\">Why are people talking about running out of maple syrup?<\/a><\/li><\/ul>\t\t\t\t\t\t\t\t<\/div>\n\t\t\t\t<\/div>\n\t\t\t\t<div class=\"elementor-element elementor-element-418edb53 elementor-widget elementor-widget-text-editor\" data-id=\"418edb53\" data-element_type=\"widget\" data-e-type=\"widget\" data-widget_type=\"text-editor.default\">\n\t\t\t\t<div class=\"elementor-widget-container\">\n\t\t\t\t\t\t\t\t\t<p><strong>Daniel Renaud, La Presse<\/strong>, pour sa couverture des questions polici\u00e8res et du crime organis\u00e9, tout en sachant que l\u2019un de ses sujets avait mis sa t\u00eate \u00e0 prix<\/p><ul><li><a href=\"https:\/\/www.lapresse.ca\/actualites\/justice-et-faits-divers\/crime-organise\/le-mexique-terre-d-accueil-des-fugitifs-d-ici\/2024-09-24\/criminels-en-cavale\/on-assiste-a-la-migration-du-crime-organise-quebecois.php\" target=\"_blank\" rel=\"noopener\">Le Mexique, terre\u00a0d\u2019accueil des fugitifs d\u2019ici<\/a><\/li><li><a href=\"https:\/\/www.lapresse.ca\/actualites\/2024-11-29\/confessions-de-frederick-silva\/une-federation-pour-semer-la-mort-chez-les-hells.php\" target=\"_blank\" rel=\"noopener\"><span class=\"title titleModule__main\">Une \u00ab\u00a0f\u00e9d\u00e9ration\u00a0\u00bb pour semer la mort chez les Hells<\/span><\/a><\/li><li><a href=\"https:\/\/www.lapresse.ca\/actualites\/justice-et-faits-divers\/aveux-de-frederick-silva\/l-ascension-d-un-tueur-de-sang-froid\/2024-11-30\/chapitre-1\/il-a-toujours-ete-un-petit-gangster.php\" target=\"_blank\" rel=\"noopener\">L\u2019ascension d\u2019un tueur de sang-froid<\/a><\/li><li><a href=\"https:\/\/www.lapresse.ca\/actualites\/2024-02-21\/decryptage\/qui-est-assez-fou-pour-s-en-prendre-aux-hells-angels.php\" target=\"_blank\" rel=\"noopener\"><span class=\"title titleModule__main\">Qui est assez fou pour s\u2019en prendre aux Hells Angels\u00a0?<\/span><\/a><\/li><\/ul>\t\t\t\t\t\t\t\t<\/div>\n\t\t\t\t<\/div>\n\t\t\t\t\t<\/div>\n\t\t<\/div>\n\t\t\t\t\t<\/div>\n\t\t<\/section>\n\t\t\t\t<section class=\"elementor-section elementor-top-section elementor-element elementor-element-6031b9ae elementor-section-boxed elementor-section-height-default elementor-section-height-default\" data-id=\"6031b9ae\" data-element_type=\"section\" data-e-type=\"section\">\n\t\t\t\t\t\t<div class=\"elementor-container elementor-column-gap-default\">\n\t\t\t\t\t<div class=\"elementor-column elementor-col-33 elementor-top-column elementor-element elementor-element-418b4f0f\" data-id=\"418b4f0f\" data-element_type=\"column\" data-e-type=\"column\">\n\t\t\t<div class=\"elementor-widget-wrap elementor-element-populated\">\n\t\t\t\t\t\t<div class=\"elementor-element elementor-element-27f20fc5 elementor-widget elementor-widget-heading\" data-id=\"27f20fc5\" data-element_type=\"widget\" data-e-type=\"widget\" data-widget_type=\"heading.default\">\n\t\t\t\t<div class=\"elementor-widget-container\">\n\t\t\t\t\t<h2 class=\"elementor-heading-title elementor-size-default\">Prix Stuart M. Robertson pour nouvelle de derni\u00e8re heure<\/h2>\t\t\t\t<\/div>\n\t\t\t\t<\/div>\n\t\t\t\t<div class=\"elementor-element elementor-element-2bfa2cfc elementor-widget elementor-widget-image\" data-id=\"2bfa2cfc\" data-element_type=\"widget\" data-e-type=\"widget\" data-widget_type=\"image.default\">\n\t\t\t\t<div class=\"elementor-widget-container\">\n\t\t\t\t\t\t\t\t\t\t\t\t\t\t\t<img decoding=\"async\" src=\"https:\/\/nna-ccj.ca\/wp-content\/uploads\/elementor\/thumbs\/Stuart-Robertson-qieqybtte7zjlya6qbcpmjwccyshw2jjjkf3sa6bps.jpg\" title=\"Stuart Robertson\" alt=\"Stuart Robertson\" loading=\"lazy\" \/>\t\t\t\t\t\t\t\t\t\t\t\t\t\t\t<\/div>\n\t\t\t\t<\/div>\n\t\t\t\t\t<\/div>\n\t\t<\/div>\n\t\t\t\t<div class=\"elementor-column elementor-col-66 elementor-top-column elementor-element elementor-element-4fc0deed\" data-id=\"4fc0deed\" data-element_type=\"column\" data-e-type=\"column\">\n\t\t\t<div class=\"elementor-widget-wrap elementor-element-populated\">\n\t\t\t\t\t\t<div class=\"elementor-element elementor-element-52ad0ce8 elementor-widget elementor-widget-text-editor\" data-id=\"52ad0ce8\" data-element_type=\"widget\" data-e-type=\"widget\" data-widget_type=\"text-editor.default\">\n\t\t\t\t<div class=\"elementor-widget-container\">\n\t\t\t\t\t\t\t\t\t<p><strong>LAUR\u00c9AT: <\/strong><b>The Globe and Mail<\/b><span style=\"font-weight: 400;\">, pour la couverture de l\u2019une des nouvelles d\u00e9terminantes des Jeux olympiques de Paris de 2024 : l\u2019\u00e9quipe f\u00e9minine de soccer et le scandale de l\u2019espionnage par drone<\/span><\/p><ul><li><a href=\"https:\/\/www.theglobeandmail.com\/sports\/olympics\/article-french-prosecutor-says-police-discovered-text-messages-between-canada\/\" target=\"_blank\" rel=\"noopener\">French prosecutor says police discovered text messages between Canada Soccer analyst and team assistant coach<\/a><\/li><li><a href=\"https:\/\/www.theglobeandmail.com\/sports\/olympics\/article-canada-vs-new-zealand-womens-soccer-olympics-game\/\" target=\"_blank\" rel=\"noopener\">Canada beats New Zealand, making its spying scandal more pointless<\/a><\/li><li><a href=\"https:\/\/www.theglobeandmail.com\/sports\/olympics\/article-canadian-olympic-committee-removes-womens-soccer-coach-bev-priestman\/\" target=\"_blank\" rel=\"noopener\">Canadian Olympic Committee removes women\u2019s soccer coach Bev Priestman amid spying scandal<\/a><\/li><li><a href=\"https:\/\/www.theglobeandmail.com\/sports\/olympics\/article-whos-to-blame-for-canadas-sports-scandals-you-and-me\/\" target=\"_blank\" rel=\"noopener\">Who\u2019s to blame for Canada\u2019s sports scandals? You and me<\/a><\/li><li><a href=\"https:\/\/www.theglobeandmail.com\/sports\/olympics\/article-soccer-coach-bev-priestman-highly-likely-aware-of-spying-canadian\/\" target=\"_blank\" rel=\"noopener\">Canadian men\u2019s team attempted drone usage during Copa America run, Canada Soccer CEO admits amid spying scandal<\/a><\/li><li><p><a href=\"https:\/\/www.theglobeandmail.com\/sports\/article-soccer-fans-across-canada-express-shock-and-anger-over-drone-scandal\/\" target=\"_blank\" rel=\"noopener\">Soccer fans across Canada express shock and anger over drone scandal<\/a><\/p><\/li><\/ul>\t\t\t\t\t\t\t\t<\/div>\n\t\t\t\t<\/div>\n\t\t\t\t<div class=\"elementor-element elementor-element-2fd4513b elementor-widget elementor-widget-text-editor\" data-id=\"2fd4513b\" data-element_type=\"widget\" data-e-type=\"widget\" data-widget_type=\"text-editor.default\">\n\t\t\t\t<div class=\"elementor-widget-container\">\n\t\t\t\t\t\t\t\t\t<p><b>The Globe and Mail<\/b><span style=\"font-weight: 400;\">, pour la couverture des feux de for\u00eat qui ont d\u00e9vast\u00e9 Jasper, ainsi que les implications \u00e9conomiques pour le pays et l\u2019identification des responsabilit\u00e9s<\/span><\/p><ul><li><a href=\"https:\/\/www.theglobeandmail.com\/canada\/alberta\/article-wildfires-that-forced-entire-town-of-jasper-to-evacuate-reached-the\/\" target=\"_blank\" rel=\"noopener\">\u2018Significant loss\u2019 in Jasper as wildfires close in, burning buildings and forcing fire crews to retreat<\/a><\/li><li><a href=\"https:\/\/www.theglobeandmail.com\/canada\/article-our-whole-life-its-gone-jasper-wildfire-evacuees-find-refuge-in-bc\/\" target=\"_blank\" rel=\"noopener\">Jasper evacuees huddle in Valemount, watching in disbelief as details of wildfire\u2019s devastation emerge<\/a><\/li><li><a href=\"https:\/\/www.theglobeandmail.com\/canada\/alberta\/article-mayor-of-jasper-says-wildfire-destruction-beyond-description-and\/\" target=\"_blank\" rel=\"noopener\">Jasper wildfire destroys dozens of structures, overwhelms firefighters<\/a><\/li><li><a href=\"https:\/\/www.theglobeandmail.com\/business\/article-canadian-national-railway-co-suspends-freight-service-through-jasper\/\" target=\"_blank\" rel=\"noopener\">CN suspends service at Jasper because of raging wildfire, Trans Mountain pipeline still operating<\/a><\/li><li><a href=\"https:\/\/www.theglobeandmail.com\/opinion\/article-its-not-just-a-vast-forest-burning-jasper-is-one-of-the-most-beautiful\/\" target=\"_blank\" rel=\"noopener\">It\u2019s not just a vast forest burning \u2013 Jasper is one of the most beautiful spots on the planet<\/a><\/li><\/ul>\t\t\t\t\t\t\t\t<\/div>\n\t\t\t\t<\/div>\n\t\t\t\t<div class=\"elementor-element elementor-element-7ac6a433 elementor-widget elementor-widget-text-editor\" data-id=\"7ac6a433\" data-element_type=\"widget\" data-e-type=\"widget\" data-widget_type=\"text-editor.default\">\n\t\t\t\t<div class=\"elementor-widget-container\">\n\t\t\t\t\t\t\t\t\t<p><b>Toronto Star<\/b><span style=\"font-weight: 400;\">, pour la couverture de la temp\u00eate estivale qui a inond\u00e9 la ville, priv\u00e9 de courant des milliers de personnes et caus\u00e9 des millions de dommages dans son sillage\u00a0\u00a0<\/span><\/p><ul><li><a href=\"https:\/\/www.thestar.com\/news\/gta\/more-than-127-000-without-power-in-toronto-as-flooding-wreaks-havoc\/article_080cae70-4398-11ef-a630-2fac52e34149.html\" target=\"_blank\" rel=\"noopener\">More than 127,000 without power in Toronto as flooding wreaks havoc<\/a><\/li><li><a href=\"https:\/\/www.thestar.com\/news\/gta\/toronto-simply-not-designed-to-handle-this-much-rain-city-warns\/article_1f02886a-439e-11ef-85b0-77b0ae117608.html\" target=\"_blank\" rel=\"noopener\">Toronto simply \u2018not designed to handle\u2019 this much rain, city warns<\/a><\/li><li><a href=\"https:\/\/www.thestar.com\/news\/gta\/how-a-downpour-walloped-toronto-there-was-a-storm-on-top-of-a-storm\/article_1ab22856-43a3-11ef-8edf-47118de6fbd5.html\" target=\"_blank\" rel=\"noopener\">How a downpour walloped Toronto: \u2018There was a storm on top of a storm\u2019<\/a><\/li><li><a href=\"https:\/\/www.thestar.com\/news\/gta\/did-you-drive-through-a-flooded-area-today-heres-how-to-check-if-your-car\/article_99e564ac-439a-11ef-b362-a7c24ac2839b.html\" target=\"_blank\" rel=\"noopener\">Did you drive through a flooded area today? Here\u2019s how to check if your car is damaged<\/a><\/li><li><a href=\"https:\/\/www.thestar.com\/news\/gta\/watch-the-rescue-toronto-fire-comes-to-aid-of-stranded-motorists-on-the-dvp\/article_a8cdda9a-43a3-11ef-bb8b-07722a8856a1.html\" target=\"_blank\" rel=\"noopener\">Watch the rescue: Toronto Fire comes to aid of stranded motorists on the DVP<\/a><\/li><li><a href=\"https:\/\/www.thestar.com\/news\/gta\/toronto-flooding-how-do-i-get-home-here-s-what-to-know-for-your-afternoon\/article_3073f6c0-43ac-11ef-a76e-b3bbfe1afe62.html\" target=\"_blank\" rel=\"noopener\">Toronto flooding: How do I get home? Here\u2019s what to know for your afternoon commute<\/a><\/li><li><a href=\"https:\/\/www.thestar.com\/news\/gta\/a-parade-of-storms-how-toronto-got-more-than-a-months-worth-of-rain-in\/article_b4792d96-444c-11ef-b780-67cf81f0e86b.html\" target=\"_blank\" rel=\"noopener\">A \u2018parade\u2019 of storms: How Toronto got more than a month\u2019s worth of rain in just over three hours<\/a><\/li><li><a href=\"https:\/\/www.thestar.com\/news\/gta\/the-windows-started-to-smash-seniors-rescued-from-flooded-mississauga-nursing-home\/article_e9deffe8-447d-11ef-b3de-d33fbdb7a02b.html\" target=\"_blank\" rel=\"noopener\">\u2018The windows started to smash\u2019: Seniors rescued from flooded Mississauga nursing home<\/a><\/li><li><a href=\"https:\/\/www.thestar.com\/news\/gta\/drake-shares-video-of-apparent-flooding-in-bridle-path-mansion\/article_9ed41c32-43c3-11ef-8931-d7cf51d97e0e.html\" target=\"_blank\" rel=\"noopener\">Drake shares video of apparent flooding in Bridle Path mansion<\/a><\/li><li><a href=\"https:\/\/www.thestar.com\/news\/gta\/in-photos-flooding-in-toronto-power-outages-and-chaos-in-the-gta-during-tuesdays-rain\/article_92406afe-4399-11ef-a70c-bbdfd179ee39.html\" target=\"_blank\" rel=\"noopener\">In photos: Flooding in Toronto, power outages and chaos in the GTA during Tuesday\u2019s rain<\/a><\/li><\/ul>\t\t\t\t\t\t\t\t<\/div>\n\t\t\t\t<\/div>\n\t\t\t\t\t<\/div>\n\t\t<\/div>\n\t\t\t\t\t<\/div>\n\t\t<\/section>\n\t\t\t\t<section class=\"elementor-section elementor-top-section elementor-element elementor-element-153d93fc elementor-section-boxed elementor-section-height-default elementor-section-height-default\" data-id=\"153d93fc\" data-element_type=\"section\" data-e-type=\"section\">\n\t\t\t\t\t\t<div class=\"elementor-container elementor-column-gap-default\">\n\t\t\t\t\t<div class=\"elementor-column elementor-col-33 elementor-top-column elementor-element elementor-element-12c3528f\" data-id=\"12c3528f\" data-element_type=\"column\" data-e-type=\"column\">\n\t\t\t<div class=\"elementor-widget-wrap elementor-element-populated\">\n\t\t\t\t\t\t<div class=\"elementor-element elementor-element-5dc77729 elementor-widget elementor-widget-heading\" data-id=\"5dc77729\" data-element_type=\"widget\" data-e-type=\"widget\" data-widget_type=\"heading.default\">\n\t\t\t\t<div class=\"elementor-widget-container\">\n\t\t\t\t\t<h2 class=\"elementor-heading-title elementor-size-default\">\u00c9conomie<\/h2>\t\t\t\t<\/div>\n\t\t\t\t<\/div>\n\t\t\t\t\t<\/div>\n\t\t<\/div>\n\t\t\t\t<div class=\"elementor-column elementor-col-66 elementor-top-column elementor-element elementor-element-5a4d32d0\" data-id=\"5a4d32d0\" data-element_type=\"column\" data-e-type=\"column\">\n\t\t\t<div class=\"elementor-widget-wrap elementor-element-populated\">\n\t\t\t\t\t\t<div class=\"elementor-element elementor-element-642d77a3 elementor-widget elementor-widget-text-editor\" data-id=\"642d77a3\" data-element_type=\"widget\" data-e-type=\"widget\" data-widget_type=\"text-editor.default\">\n\t\t\t\t<div class=\"elementor-widget-container\">\n\t\t\t\t\t\t\t\t\t<p><strong>LAUR\u00c9ATS: <\/strong><b>Robert Cribb, Max Binks-Collier, Masih Khalatbari, Charlie Buckley\u00a0et Habiba Nosheen<\/b><b style=\"color: var( --e-global-color-text ); letter-spacing: 0px;\">, Toronto Star\/Investigative Journalism Bureau<\/b><span style=\"font-weight: 400; color: var( --e-global-color-text ); letter-spacing: 0px;\">, pour leur reportage sur l&rsquo;\u00ab exploitation \u00bb de l&rsquo;industrie canadienne des essais cliniques, o\u00f9 les participants aux \u00e9tudes disent qu&rsquo;ils sont incit\u00e9s \u00e0 mentir, m\u00eame sur les effets secondaires des m\u00e9dicaments<\/span><\/p><ul><li><a href=\"https:\/\/www.thestar.com\/news\/investigations\/inside-canada-s-exploitative-clinical-trial-industry-where-study-participants-say-theyre-incentivized-to-lie\/article_0f4fe9ee-7512-11ef-97dd-a397c9318e60.html\" target=\"_blank\" rel=\"noopener\">Inside Canada\u2019s \u2018exploitative\u2019 clinical trial industry, where study participants say they\u2019re incentivized to lie \u2014 even about medications\u2019 side effects<\/a><\/li><\/ul>\t\t\t\t\t\t\t\t<\/div>\n\t\t\t\t<\/div>\n\t\t\t\t<div class=\"elementor-element elementor-element-8456883 elementor-widget elementor-widget-text-editor\" data-id=\"8456883\" data-element_type=\"widget\" data-e-type=\"widget\" data-widget_type=\"text-editor.default\">\n\t\t\t\t<div class=\"elementor-widget-container\">\n\t\t\t\t\t\t\t\t\t<p><b>Naimul Karim, Financial Post<\/b><span style=\"font-weight: 400;\">, pour son travail sur la l\u00e9gislation changeante de l\u2019immigration et son incidence sur des milliers de travailleurs \u00e9trangers hautement qualifi\u00e9s, et parfois d\u00e9sesp\u00e9r\u00e9s<\/span><\/p><ul><li><a href=\"https:\/\/financialpost.com\/feature\/foreign-workers-battle-fake-jobs-exploitation-canadas-immigration-gets-tougher\" target=\"_blank\" rel=\"noopener\">\u2018They wanted me to be desperate\u2019: Foreign workers battle fake jobs, exploitation in hunt for citizenship<\/a><\/li><li><a href=\"https:\/\/financialpost.com\/feature\/canada-immigration-reset-cause-chaos-experts\" target=\"_blank\" rel=\"noopener\">Two million people are expected to leave the country in Canada&rsquo;s immigration reset. What if they don&rsquo;t?<\/a><\/li><\/ul>\t\t\t\t\t\t\t\t<\/div>\n\t\t\t\t<\/div>\n\t\t\t\t<div class=\"elementor-element elementor-element-348452d2 elementor-widget elementor-widget-text-editor\" data-id=\"348452d2\" data-element_type=\"widget\" data-e-type=\"widget\" data-widget_type=\"text-editor.default\">\n\t\t\t\t<div class=\"elementor-widget-container\">\n\t\t\t\t\t\t\t\t\t<p><b>Matthew Van Dongen, Hamilton Spectator<\/b><span style=\"font-weight: 400;\">, pour ses reportages sur la soci\u00e9t\u00e9 d&rsquo;investissement immobilier Forge &amp; Foster et ses difficult\u00e9s financi\u00e8res de plus en plus nombreuses caus\u00e9es aux investisseurs, clients et propri\u00e9taires<\/span><\/p><ul><li><a href=\"https:\/\/www.thespec.com\/news\/hamilton-region\/we-were-sold-a-big-lie-hamilton-tells-ancaster-resort-residents-their-tiny-homes-are\/article_965b950b-763f-5c29-88d6-66fdd960f457.html\" target=\"_blank\" rel=\"noopener\">\u2018We were sold a big lie\u2019: Hamilton tells Ancaster resort residents their tiny homes are illegal<\/a><\/li><li><a href=\"https:\/\/www.thespec.com\/news\/hamilton-region\/unhappy-campers-residents-across-ontario-complain-about-campground-owners-linked-to-forge-foster\/article_a88b2c08-be80-5d2f-b444-b9d5524ec5cd.html\" target=\"_blank\" rel=\"noopener\">Unhappy campers: Residents across Ontario complain about campground owners linked to Forge &amp; Foster<\/a><\/li><li><a href=\"https:\/\/www.thespec.com\/news\/hamilton-region\/artists-told-to-vacate-affordable-studio-hub-on-the-bayfront-just-a-year-after-opening\/article_b1aa2b1a-b6b7-5669-9a51-45bec5c88fbf.html\" target=\"_blank\" rel=\"noopener\">Artists told to vacate affordable studio hub on the bayfront just a year after opening<\/a><\/li><\/ul>\t\t\t\t\t\t\t\t<\/div>\n\t\t\t\t<\/div>\n\t\t\t\t\t<\/div>\n\t\t<\/div>\n\t\t\t\t\t<\/div>\n\t\t<\/section>\n\t\t\t\t<section class=\"elementor-section elementor-top-section elementor-element elementor-element-2cd5c6b1 elementor-section-boxed elementor-section-height-default elementor-section-height-default\" data-id=\"2cd5c6b1\" data-element_type=\"section\" data-e-type=\"section\">\n\t\t\t\t\t\t<div class=\"elementor-container elementor-column-gap-default\">\n\t\t\t\t\t<div class=\"elementor-column elementor-col-33 elementor-top-column elementor-element elementor-element-1e9e2ed8\" data-id=\"1e9e2ed8\" data-element_type=\"column\" data-e-type=\"column\">\n\t\t\t<div class=\"elementor-widget-wrap elementor-element-populated\">\n\t\t\t\t\t\t<div class=\"elementor-element elementor-element-724c404c elementor-widget elementor-widget-heading\" data-id=\"724c404c\" data-element_type=\"widget\" data-e-type=\"widget\" data-widget_type=\"heading.default\">\n\t\t\t\t<div class=\"elementor-widget-container\">\n\t\t\t\t\t<h2 class=\"elementor-heading-title elementor-size-default\">Prix Mary Ann Shadd Cary pour la chronique<\/h2>\t\t\t\t<\/div>\n\t\t\t\t<\/div>\n\t\t\t\t<div class=\"elementor-element elementor-element-2dc0392f elementor-widget elementor-widget-image\" data-id=\"2dc0392f\" data-element_type=\"widget\" data-e-type=\"widget\" data-widget_type=\"image.default\">\n\t\t\t\t<div class=\"elementor-widget-container\">\n\t\t\t\t\t\t\t\t\t\t\t\t\t\t\t<img decoding=\"async\" src=\"https:\/\/nna-ccj.ca\/wp-content\/uploads\/elementor\/thumbs\/Mary-Ann-Shadd-Cary-qieqy58y2dqjcojqsqibn3k479oxe6tf6nupfcg2xc.jpg\" title=\"Mary Ann Shadd Cary\" alt=\"Mary Ann Shadd Cary\" loading=\"lazy\" \/>\t\t\t\t\t\t\t\t\t\t\t\t\t\t\t<\/div>\n\t\t\t\t<\/div>\n\t\t\t\t\t<\/div>\n\t\t<\/div>\n\t\t\t\t<div class=\"elementor-column elementor-col-66 elementor-top-column elementor-element elementor-element-37182951\" data-id=\"37182951\" data-element_type=\"column\" data-e-type=\"column\">\n\t\t\t<div class=\"elementor-widget-wrap elementor-element-populated\">\n\t\t\t\t\t\t<div class=\"elementor-element elementor-element-1f0bcfc1 elementor-widget elementor-widget-text-editor\" data-id=\"1f0bcfc1\" data-element_type=\"widget\" data-e-type=\"widget\" data-widget_type=\"text-editor.default\">\n\t\t\t\t<div class=\"elementor-widget-container\">\n\t\t\t\t\t\t\t\t\t<p><b><strong>LAUR\u00c9ATE: <\/strong><\/b><strong>Isabelle Hachey, La Presse<\/strong>, pour des chroniques sur un harceleur qui a frauduleusement r\u00e9clam\u00e9 des compensations financi\u00e8res d\u2019un organisme d\u2019aide aux victimes d\u2019actes criminels, sur l\u2019AMM et la d\u00e9mence et sur les le\u00e7ons \u00e0 tirer de la trag\u00e9die du vol 182 d\u2019Air India<\/p><ul><li><a href=\"https:\/\/www.lapresse.ca\/actualites\/chroniques\/2024-03-07\/victime-de-l-ivac.php\" target=\"_blank\" rel=\"noopener\"><span class=\"title titleModule__main\">Victime de l\u2019IVAC<\/span><\/a><\/li><li><a href=\"https:\/\/www.lapresse.ca\/actualites\/chroniques\/2024-05-24\/il-faut-parler-de-demence-et-de-mort.php\" target=\"_blank\" rel=\"noopener\"><span class=\"title titleModule__main\">Il faut parler de d\u00e9mence et\u00a0de mort<\/span><\/a><\/li><li><a href=\"https:\/\/www.lapresse.ca\/actualites\/chroniques\/2024-10-18\/les-lecons-du-vol-182-d-air-india.php\" target=\"_blank\" rel=\"noopener\"><span class=\"title titleModule__main\">Les le\u00e7ons du vol\u00a0182 d\u2019Air India<\/span><\/a><\/li><\/ul>\t\t\t\t\t\t\t\t<\/div>\n\t\t\t\t<\/div>\n\t\t\t\t<div class=\"elementor-element elementor-element-5eed209a elementor-widget elementor-widget-text-editor\" data-id=\"5eed209a\" data-element_type=\"widget\" data-e-type=\"widget\" data-widget_type=\"text-editor.default\">\n\t\t\t\t<div class=\"elementor-widget-container\">\n\t\t\t\t\t\t\t\t\t<p><strong>Vincent Brousseau-Pouliot, La Presse<\/strong>, pour des chroniques sur les d\u00e9cisions de Qu\u00e9bec de r\u00e9duire les seuils d\u2019immigration, de consacrer 870 millions\u00a0$ pour un nouveau toit pour le Stade olympique et d\u2019interdire \u00e0 un professeur \u00e9tranger hautement qualifi\u00e9 d\u2019enseigner<\/p><ul><li><a href=\"https:\/\/www.lapresse.ca\/dialogue\/chroniques\/2024-02-13\/a-bien-y-penser\/l-immigration-l-economie-et-le-seuil-des-35-000-immigrants-du-pq.php\" target=\"_blank\" rel=\"noopener\"><span class=\"title titleModule__main\">L\u2019immigration, l\u2019\u00e9conomie et le seuil des 35\u00a0000\u00a0immigrants du PQ<\/span><\/a><\/li><li><a href=\"https:\/\/www.lapresse.ca\/actualites\/chroniques\/2024-03-20\/stade-olympique\/pourquoi-quebec-a-t-il-ecarte-une-option-10-fois-moins-couteuse.php\" target=\"_blank\" rel=\"noopener\"><span class=\"title titleModule__main\">Pourquoi Qu\u00e9bec a-t-il \u00e9cart\u00e9 une\u00a0option 10\u00a0fois moins co\u00fbteuse\u00a0?<\/span><\/a><\/li><li><a href=\"https:\/\/www.lapresse.ca\/dialogue\/chroniques\/2024-08-20\/pas-assez-qualifie-malgre-28-ans-d-enseignement.php\" target=\"_blank\" rel=\"noopener\"><span class=\"title titleModule__main\">Pas assez qualifi\u00e9 malgr\u00e9 28 ans d\u2019enseignement ?<\/span><\/a><\/li><\/ul>\t\t\t\t\t\t\t\t<\/div>\n\t\t\t\t<\/div>\n\t\t\t\t<div class=\"elementor-element elementor-element-6ed42f83 elementor-widget elementor-widget-text-editor\" data-id=\"6ed42f83\" data-element_type=\"widget\" data-e-type=\"widget\" data-widget_type=\"text-editor.default\">\n\t\t\t\t<div class=\"elementor-widget-container\">\n\t\t\t\t\t\t\t\t\t<p><strong>Tanya Talaga, Globe and Mail<\/strong>, pour des chroniques sur la trahison du Canada \u00e0 l\u2019endroit des survivants des pensionnats autochtones, sur le besoin de s\u2019opposer au n\u00e9gationnisme concernant les pensionnats autochtones et sur l\u2019h\u00e9ritage de Murray Sinclair<\/p><ul><li><a href=\"https:\/\/www.theglobeandmail.com\/opinion\/article-canada-betrays-residential-school-survivors-again-with-funding-cuts\/\" target=\"_blank\" rel=\"noopener\">Canada betrays residential school survivors again with funding cuts<\/a><\/li><li><a href=\"https:\/\/www.theglobeandmail.com\/opinion\/article-canada-must-stand-against-residential-school-denialism\/\" target=\"_blank\" rel=\"noopener\">Canada must stand against residential-school denialism<\/a><\/li><li><a href=\"https:\/\/www.theglobeandmail.com\/opinion\/article-murray-sinclair-death-tanya-talaga\/\" target=\"_blank\" rel=\"noopener\">This is the Murray Sinclair I was privileged to know<\/a><\/li><\/ul>\t\t\t\t\t\t\t\t<\/div>\n\t\t\t\t<\/div>\n\t\t\t\t\t<\/div>\n\t\t<\/div>\n\t\t\t\t\t<\/div>\n\t\t<\/section>\n\t\t\t\t<section class=\"elementor-section elementor-top-section elementor-element elementor-element-55abba8a elementor-section-boxed elementor-section-height-default elementor-section-height-default\" data-id=\"55abba8a\" data-element_type=\"section\" data-e-type=\"section\">\n\t\t\t\t\t\t<div class=\"elementor-container elementor-column-gap-default\">\n\t\t\t\t\t<div class=\"elementor-column elementor-col-33 elementor-top-column elementor-element elementor-element-4957ee3e\" data-id=\"4957ee3e\" data-element_type=\"column\" data-e-type=\"column\">\n\t\t\t<div class=\"elementor-widget-wrap elementor-element-populated\">\n\t\t\t\t\t\t<div class=\"elementor-element elementor-element-24664d99 elementor-widget elementor-widget-heading\" data-id=\"24664d99\" data-element_type=\"widget\" data-e-type=\"widget\" data-widget_type=\"heading.default\">\n\t\t\t\t<div class=\"elementor-widget-container\">\n\t\t\t\t\t<h2 class=\"elementor-heading-title elementor-size-default\">Caricature <\/h2>\t\t\t\t<\/div>\n\t\t\t\t<\/div>\n\t\t\t\t\t<\/div>\n\t\t<\/div>\n\t\t\t\t<div class=\"elementor-column elementor-col-66 elementor-top-column elementor-element elementor-element-b6e1c89\" data-id=\"b6e1c89\" data-element_type=\"column\" data-e-type=\"column\">\n\t\t\t<div class=\"elementor-widget-wrap elementor-element-populated\">\n\t\t\t\t\t\t<div class=\"elementor-element elementor-element-3099540f elementor-widget elementor-widget-text-editor\" data-id=\"3099540f\" data-element_type=\"widget\" data-e-type=\"widget\" data-widget_type=\"text-editor.default\">\n\t\t\t\t<div class=\"elementor-widget-container\">\n\t\t\t\t\t\t\t\t\t<p><strong>LAUR\u00c9AT: <\/strong><b>Michael de Adder, The Chronicle Herald\/The Globe and Mail<\/b><\/p>\t\t\t\t\t\t\t\t<\/div>\n\t\t\t\t<\/div>\n\t\t\t\t<div class=\"elementor-element elementor-element-49ed4fba elementor-widget elementor-widget-gallery\" data-id=\"49ed4fba\" data-element_type=\"widget\" data-e-type=\"widget\" data-settings=\"{&quot;columns&quot;:5,&quot;aspect_ratio&quot;:&quot;4:3&quot;,&quot;lazyload&quot;:&quot;yes&quot;,&quot;gallery_layout&quot;:&quot;grid&quot;,&quot;columns_tablet&quot;:2,&quot;columns_mobile&quot;:1,&quot;gap&quot;:{&quot;unit&quot;:&quot;px&quot;,&quot;size&quot;:10,&quot;sizes&quot;:[]},&quot;gap_tablet&quot;:{&quot;unit&quot;:&quot;px&quot;,&quot;size&quot;:10,&quot;sizes&quot;:[]},&quot;gap_mobile&quot;:{&quot;unit&quot;:&quot;px&quot;,&quot;size&quot;:10,&quot;sizes&quot;:[]},&quot;link_to&quot;:&quot;file&quot;,&quot;overlay_background&quot;:&quot;yes&quot;,&quot;content_hover_animation&quot;:&quot;fade-in&quot;}\" data-widget_type=\"gallery.default\">\n\t\t\t\t<div class=\"elementor-widget-container\">\n\t\t\t\t\t\t\t<div class=\"elementor-gallery__container\">\n\t\t\t\t\t\t\t<a class=\"e-gallery-item elementor-gallery-item elementor-animated-content\" href=\"https:\/\/nna-ccj.ca\/wp-content\/uploads\/2025\/03\/de-Adder-3-scaled.jpg\" data-elementor-open-lightbox=\"yes\" data-elementor-lightbox-slideshow=\"49ed4fba\" data-elementor-lightbox-title=\"Innocent Bystander\" data-e-action-hash=\"#elementor-action%3Aaction%3Dlightbox%26settings%3DeyJpZCI6OTU2OCwidXJsIjoiaHR0cHM6XC9cL25uYS1jY2ouY2FcL3dwLWNvbnRlbnRcL3VwbG9hZHNcLzIwMjVcLzAzXC9kZS1BZGRlci0zLXNjYWxlZC5qcGciLCJzbGlkZXNob3ciOiI0OWVkNGZiYSJ9\">\n\t\t\t\t\t<div class=\"e-gallery-image elementor-gallery-item__image\" data-thumbnail=\"https:\/\/nna-ccj.ca\/wp-content\/uploads\/2025\/03\/de-Adder-3-150x150.jpg\" data-width=\"150\" data-height=\"150\" aria-label=\"\" role=\"img\" ><\/div>\n\t\t\t\t\t\t\t\t\t\t\t<div class=\"elementor-gallery-item__overlay\"><\/div>\n\t\t\t\t\t\t\t\t\t\t\t\t\t\t<\/a>\n\t\t\t\t\t\t\t<a class=\"e-gallery-item elementor-gallery-item elementor-animated-content\" href=\"https:\/\/nna-ccj.ca\/wp-content\/uploads\/2025\/03\/de-Adder-4-scaled.jpg\" data-elementor-open-lightbox=\"yes\" data-elementor-lightbox-slideshow=\"49ed4fba\" data-elementor-lightbox-title=\"THE THREE BRANCHES OF GOVERNMENT\" data-e-action-hash=\"#elementor-action%3Aaction%3Dlightbox%26settings%3DeyJpZCI6OTU3MCwidXJsIjoiaHR0cHM6XC9cL25uYS1jY2ouY2FcL3dwLWNvbnRlbnRcL3VwbG9hZHNcLzIwMjVcLzAzXC9kZS1BZGRlci00LXNjYWxlZC5qcGciLCJzbGlkZXNob3ciOiI0OWVkNGZiYSJ9\">\n\t\t\t\t\t<div class=\"e-gallery-image elementor-gallery-item__image\" data-thumbnail=\"https:\/\/nna-ccj.ca\/wp-content\/uploads\/2025\/03\/de-Adder-4-150x150.jpg\" data-width=\"150\" data-height=\"150\" aria-label=\"\" role=\"img\" ><\/div>\n\t\t\t\t\t\t\t\t\t\t\t<div class=\"elementor-gallery-item__overlay\"><\/div>\n\t\t\t\t\t\t\t\t\t\t\t\t\t\t<\/a>\n\t\t\t\t\t\t\t<a class=\"e-gallery-item elementor-gallery-item elementor-animated-content\" href=\"https:\/\/nna-ccj.ca\/wp-content\/uploads\/2025\/03\/de-Adder-1-scaled.jpg\" data-elementor-open-lightbox=\"yes\" data-elementor-lightbox-slideshow=\"49ed4fba\" data-elementor-lightbox-title=\"Hear no foreign interference\" data-e-action-hash=\"#elementor-action%3Aaction%3Dlightbox%26settings%3DeyJpZCI6OTU3MiwidXJsIjoiaHR0cHM6XC9cL25uYS1jY2ouY2FcL3dwLWNvbnRlbnRcL3VwbG9hZHNcLzIwMjVcLzAzXC9kZS1BZGRlci0xLXNjYWxlZC5qcGciLCJzbGlkZXNob3ciOiI0OWVkNGZiYSJ9\">\n\t\t\t\t\t<div class=\"e-gallery-image elementor-gallery-item__image\" data-thumbnail=\"https:\/\/nna-ccj.ca\/wp-content\/uploads\/2025\/03\/de-Adder-1-150x150.jpg\" data-width=\"150\" data-height=\"150\" aria-label=\"\" role=\"img\" ><\/div>\n\t\t\t\t\t\t\t\t\t\t\t<div class=\"elementor-gallery-item__overlay\"><\/div>\n\t\t\t\t\t\t\t\t\t\t\t\t\t\t<\/a>\n\t\t\t\t\t\t\t<a class=\"e-gallery-item elementor-gallery-item elementor-animated-content\" href=\"https:\/\/nna-ccj.ca\/wp-content\/uploads\/2025\/03\/de-Adder-2-scaled.jpg\" data-elementor-open-lightbox=\"yes\" data-elementor-lightbox-slideshow=\"49ed4fba\" data-elementor-lightbox-title=\"What Kamala needs to do\" data-e-action-hash=\"#elementor-action%3Aaction%3Dlightbox%26settings%3DeyJpZCI6OTU3NCwidXJsIjoiaHR0cHM6XC9cL25uYS1jY2ouY2FcL3dwLWNvbnRlbnRcL3VwbG9hZHNcLzIwMjVcLzAzXC9kZS1BZGRlci0yLXNjYWxlZC5qcGciLCJzbGlkZXNob3ciOiI0OWVkNGZiYSJ9\">\n\t\t\t\t\t<div class=\"e-gallery-image elementor-gallery-item__image\" data-thumbnail=\"https:\/\/nna-ccj.ca\/wp-content\/uploads\/2025\/03\/de-Adder-2-150x150.jpg\" data-width=\"150\" data-height=\"150\" aria-label=\"\" role=\"img\" ><\/div>\n\t\t\t\t\t\t\t\t\t\t\t<div class=\"elementor-gallery-item__overlay\"><\/div>\n\t\t\t\t\t\t\t\t\t\t\t\t\t\t<\/a>\n\t\t\t\t\t\t\t<a class=\"e-gallery-item elementor-gallery-item elementor-animated-content\" href=\"https:\/\/nna-ccj.ca\/wp-content\/uploads\/2025\/03\/de-Adder-5-scaled.jpg\" data-elementor-open-lightbox=\"yes\" data-elementor-lightbox-slideshow=\"49ed4fba\" data-elementor-lightbox-title=\"An offer he can&#039;t refuse\" data-e-action-hash=\"#elementor-action%3Aaction%3Dlightbox%26settings%3DeyJpZCI6OTU2NiwidXJsIjoiaHR0cHM6XC9cL25uYS1jY2ouY2FcL3dwLWNvbnRlbnRcL3VwbG9hZHNcLzIwMjVcLzAzXC9kZS1BZGRlci01LXNjYWxlZC5qcGciLCJzbGlkZXNob3ciOiI0OWVkNGZiYSJ9\">\n\t\t\t\t\t<div class=\"e-gallery-image elementor-gallery-item__image\" data-thumbnail=\"https:\/\/nna-ccj.ca\/wp-content\/uploads\/2025\/03\/de-Adder-5-150x150.jpg\" data-width=\"150\" data-height=\"150\" aria-label=\"\" role=\"img\" ><\/div>\n\t\t\t\t\t\t\t\t\t\t\t<div class=\"elementor-gallery-item__overlay\"><\/div>\n\t\t\t\t\t\t\t\t\t\t\t\t\t\t<\/a>\n\t\t\t\t\t<\/div>\n\t\t\t\t\t<\/div>\n\t\t\t\t<\/div>\n\t\t\t\t<div class=\"elementor-element elementor-element-39f3b785 elementor-widget elementor-widget-text-editor\" data-id=\"39f3b785\" data-element_type=\"widget\" data-e-type=\"widget\" data-widget_type=\"text-editor.default\">\n\t\t\t\t<div class=\"elementor-widget-container\">\n\t\t\t\t\t\t\t\t\t<p><strong><b>Gabrielle Drolet\/The Globe and Mail<\/b> <\/strong><\/p>\t\t\t\t\t\t\t\t<\/div>\n\t\t\t\t<\/div>\n\t\t\t\t<div class=\"elementor-element elementor-element-86ec578 elementor-widget elementor-widget-gallery\" data-id=\"86ec578\" data-element_type=\"widget\" data-e-type=\"widget\" data-settings=\"{&quot;columns&quot;:5,&quot;aspect_ratio&quot;:&quot;4:3&quot;,&quot;lazyload&quot;:&quot;yes&quot;,&quot;gallery_layout&quot;:&quot;grid&quot;,&quot;columns_tablet&quot;:2,&quot;columns_mobile&quot;:1,&quot;gap&quot;:{&quot;unit&quot;:&quot;px&quot;,&quot;size&quot;:10,&quot;sizes&quot;:[]},&quot;gap_tablet&quot;:{&quot;unit&quot;:&quot;px&quot;,&quot;size&quot;:10,&quot;sizes&quot;:[]},&quot;gap_mobile&quot;:{&quot;unit&quot;:&quot;px&quot;,&quot;size&quot;:10,&quot;sizes&quot;:[]},&quot;link_to&quot;:&quot;file&quot;,&quot;overlay_background&quot;:&quot;yes&quot;,&quot;content_hover_animation&quot;:&quot;fade-in&quot;}\" data-widget_type=\"gallery.default\">\n\t\t\t\t<div class=\"elementor-widget-container\">\n\t\t\t\t\t\t\t<div class=\"elementor-gallery__container\">\n\t\t\t\t\t\t\t<a class=\"e-gallery-item elementor-gallery-item elementor-animated-content\" href=\"https:\/\/nna-ccj.ca\/wp-content\/uploads\/2025\/03\/Drolet-1-scaled.jpg\" data-elementor-open-lightbox=\"yes\" data-elementor-lightbox-slideshow=\"86ec578\" data-elementor-lightbox-title=\"Drolet 1\" data-e-action-hash=\"#elementor-action%3Aaction%3Dlightbox%26settings%3DeyJpZCI6OTU4NiwidXJsIjoiaHR0cHM6XC9cL25uYS1jY2ouY2FcL3dwLWNvbnRlbnRcL3VwbG9hZHNcLzIwMjVcLzAzXC9Ecm9sZXQtMS1zY2FsZWQuanBnIiwic2xpZGVzaG93IjoiODZlYzU3OCJ9\">\n\t\t\t\t\t<div class=\"e-gallery-image elementor-gallery-item__image\" data-thumbnail=\"https:\/\/nna-ccj.ca\/wp-content\/uploads\/2025\/03\/Drolet-1-150x150.jpg\" data-width=\"150\" data-height=\"150\" aria-label=\"\" role=\"img\" ><\/div>\n\t\t\t\t\t\t\t\t\t\t\t<div class=\"elementor-gallery-item__overlay\"><\/div>\n\t\t\t\t\t\t\t\t\t\t\t\t\t\t<\/a>\n\t\t\t\t\t\t\t<a class=\"e-gallery-item elementor-gallery-item elementor-animated-content\" href=\"https:\/\/nna-ccj.ca\/wp-content\/uploads\/2025\/03\/Drolet-2-scaled.jpg\" data-elementor-open-lightbox=\"yes\" data-elementor-lightbox-slideshow=\"86ec578\" data-elementor-lightbox-title=\"Drolet 2\" data-e-action-hash=\"#elementor-action%3Aaction%3Dlightbox%26settings%3DeyJpZCI6OTU4OCwidXJsIjoiaHR0cHM6XC9cL25uYS1jY2ouY2FcL3dwLWNvbnRlbnRcL3VwbG9hZHNcLzIwMjVcLzAzXC9Ecm9sZXQtMi1zY2FsZWQuanBnIiwic2xpZGVzaG93IjoiODZlYzU3OCJ9\">\n\t\t\t\t\t<div class=\"e-gallery-image elementor-gallery-item__image\" data-thumbnail=\"https:\/\/nna-ccj.ca\/wp-content\/uploads\/2025\/03\/Drolet-2-150x150.jpg\" data-width=\"150\" data-height=\"150\" aria-label=\"\" role=\"img\" ><\/div>\n\t\t\t\t\t\t\t\t\t\t\t<div class=\"elementor-gallery-item__overlay\"><\/div>\n\t\t\t\t\t\t\t\t\t\t\t\t\t\t<\/a>\n\t\t\t\t\t\t\t<a class=\"e-gallery-item elementor-gallery-item elementor-animated-content\" href=\"https:\/\/nna-ccj.ca\/wp-content\/uploads\/2025\/03\/Drolet-3.jpg\" data-elementor-open-lightbox=\"yes\" data-elementor-lightbox-slideshow=\"86ec578\" data-elementor-lightbox-title=\"Drolet 3\" data-e-action-hash=\"#elementor-action%3Aaction%3Dlightbox%26settings%3DeyJpZCI6OTU5MCwidXJsIjoiaHR0cHM6XC9cL25uYS1jY2ouY2FcL3dwLWNvbnRlbnRcL3VwbG9hZHNcLzIwMjVcLzAzXC9Ecm9sZXQtMy5qcGciLCJzbGlkZXNob3ciOiI4NmVjNTc4In0%3D\">\n\t\t\t\t\t<div class=\"e-gallery-image elementor-gallery-item__image\" data-thumbnail=\"https:\/\/nna-ccj.ca\/wp-content\/uploads\/2025\/03\/Drolet-3-150x150.jpg\" data-width=\"150\" data-height=\"150\" aria-label=\"\" role=\"img\" ><\/div>\n\t\t\t\t\t\t\t\t\t\t\t<div class=\"elementor-gallery-item__overlay\"><\/div>\n\t\t\t\t\t\t\t\t\t\t\t\t\t\t<\/a>\n\t\t\t\t\t\t\t<a class=\"e-gallery-item elementor-gallery-item elementor-animated-content\" href=\"https:\/\/nna-ccj.ca\/wp-content\/uploads\/2025\/03\/Drolet-4-scaled.jpg\" data-elementor-open-lightbox=\"yes\" data-elementor-lightbox-slideshow=\"86ec578\" data-elementor-lightbox-title=\"Drolet 4\" data-e-action-hash=\"#elementor-action%3Aaction%3Dlightbox%26settings%3DeyJpZCI6OTU5MiwidXJsIjoiaHR0cHM6XC9cL25uYS1jY2ouY2FcL3dwLWNvbnRlbnRcL3VwbG9hZHNcLzIwMjVcLzAzXC9Ecm9sZXQtNC1zY2FsZWQuanBnIiwic2xpZGVzaG93IjoiODZlYzU3OCJ9\">\n\t\t\t\t\t<div class=\"e-gallery-image elementor-gallery-item__image\" data-thumbnail=\"https:\/\/nna-ccj.ca\/wp-content\/uploads\/2025\/03\/Drolet-4-150x150.jpg\" data-width=\"150\" data-height=\"150\" aria-label=\"\" role=\"img\" ><\/div>\n\t\t\t\t\t\t\t\t\t\t\t<div class=\"elementor-gallery-item__overlay\"><\/div>\n\t\t\t\t\t\t\t\t\t\t\t\t\t\t<\/a>\n\t\t\t\t\t\t\t<a class=\"e-gallery-item elementor-gallery-item elementor-animated-content\" href=\"https:\/\/nna-ccj.ca\/wp-content\/uploads\/2025\/03\/Drolet-5-scaled.jpg\" data-elementor-open-lightbox=\"yes\" data-elementor-lightbox-slideshow=\"86ec578\" data-elementor-lightbox-title=\"Drolet 5\" data-e-action-hash=\"#elementor-action%3Aaction%3Dlightbox%26settings%3DeyJpZCI6OTU5NCwidXJsIjoiaHR0cHM6XC9cL25uYS1jY2ouY2FcL3dwLWNvbnRlbnRcL3VwbG9hZHNcLzIwMjVcLzAzXC9Ecm9sZXQtNS1zY2FsZWQuanBnIiwic2xpZGVzaG93IjoiODZlYzU3OCJ9\">\n\t\t\t\t\t<div class=\"e-gallery-image elementor-gallery-item__image\" data-thumbnail=\"https:\/\/nna-ccj.ca\/wp-content\/uploads\/2025\/03\/Drolet-5-150x150.jpg\" data-width=\"150\" data-height=\"150\" aria-label=\"\" role=\"img\" ><\/div>\n\t\t\t\t\t\t\t\t\t\t\t<div class=\"elementor-gallery-item__overlay\"><\/div>\n\t\t\t\t\t\t\t\t\t\t\t\t\t\t<\/a>\n\t\t\t\t\t<\/div>\n\t\t\t\t\t<\/div>\n\t\t\t\t<\/div>\n\t\t\t\t<div class=\"elementor-element elementor-element-5af09dd3 elementor-widget elementor-widget-text-editor\" data-id=\"5af09dd3\" data-element_type=\"widget\" data-e-type=\"widget\" data-widget_type=\"text-editor.default\">\n\t\t\t\t<div class=\"elementor-widget-container\">\n\t\t\t\t\t\t\t\t\t<p><b>Patrick LaMontagne, Calgary Herald\/Calgary Sun<\/b><\/p>\t\t\t\t\t\t\t\t<\/div>\n\t\t\t\t<\/div>\n\t\t\t\t<div class=\"elementor-element elementor-element-1485ab18 elementor-widget elementor-widget-gallery\" data-id=\"1485ab18\" data-element_type=\"widget\" data-e-type=\"widget\" data-settings=\"{&quot;columns&quot;:5,&quot;aspect_ratio&quot;:&quot;4:3&quot;,&quot;lazyload&quot;:&quot;yes&quot;,&quot;gallery_layout&quot;:&quot;grid&quot;,&quot;columns_tablet&quot;:2,&quot;columns_mobile&quot;:1,&quot;gap&quot;:{&quot;unit&quot;:&quot;px&quot;,&quot;size&quot;:10,&quot;sizes&quot;:[]},&quot;gap_tablet&quot;:{&quot;unit&quot;:&quot;px&quot;,&quot;size&quot;:10,&quot;sizes&quot;:[]},&quot;gap_mobile&quot;:{&quot;unit&quot;:&quot;px&quot;,&quot;size&quot;:10,&quot;sizes&quot;:[]},&quot;link_to&quot;:&quot;file&quot;,&quot;overlay_background&quot;:&quot;yes&quot;,&quot;content_hover_animation&quot;:&quot;fade-in&quot;}\" data-widget_type=\"gallery.default\">\n\t\t\t\t<div class=\"elementor-widget-container\">\n\t\t\t\t\t\t\t<div class=\"elementor-gallery__container\">\n\t\t\t\t\t\t\t<a class=\"e-gallery-item elementor-gallery-item elementor-animated-content\" href=\"https:\/\/nna-ccj.ca\/wp-content\/uploads\/2025\/03\/LaMontagne-1.jpg\" data-elementor-open-lightbox=\"yes\" data-elementor-lightbox-slideshow=\"1485ab18\" data-e-action-hash=\"#elementor-action%3Aaction%3Dlightbox%26settings%3DeyJpZCI6OTU3OCwidXJsIjoiaHR0cHM6XC9cL25uYS1jY2ouY2FcL3dwLWNvbnRlbnRcL3VwbG9hZHNcLzIwMjVcLzAzXC9MYU1vbnRhZ25lLTEuanBnIiwic2xpZGVzaG93IjoiMTQ4NWFiMTgifQ%3D%3D\">\n\t\t\t\t\t<div class=\"e-gallery-image elementor-gallery-item__image\" data-thumbnail=\"https:\/\/nna-ccj.ca\/wp-content\/uploads\/2025\/03\/LaMontagne-1-150x150.jpg\" data-width=\"150\" data-height=\"150\" aria-label=\"\" role=\"img\" ><\/div>\n\t\t\t\t\t\t\t\t\t\t\t<div class=\"elementor-gallery-item__overlay\"><\/div>\n\t\t\t\t\t\t\t\t\t\t\t\t\t\t<\/a>\n\t\t\t\t\t\t\t<a class=\"e-gallery-item elementor-gallery-item elementor-animated-content\" href=\"https:\/\/nna-ccj.ca\/wp-content\/uploads\/2025\/03\/LaMontagne-2.jpg\" data-elementor-open-lightbox=\"yes\" data-elementor-lightbox-slideshow=\"1485ab18\" data-e-action-hash=\"#elementor-action%3Aaction%3Dlightbox%26settings%3DeyJpZCI6OTU3NiwidXJsIjoiaHR0cHM6XC9cL25uYS1jY2ouY2FcL3dwLWNvbnRlbnRcL3VwbG9hZHNcLzIwMjVcLzAzXC9MYU1vbnRhZ25lLTIuanBnIiwic2xpZGVzaG93IjoiMTQ4NWFiMTgifQ%3D%3D\">\n\t\t\t\t\t<div class=\"e-gallery-image elementor-gallery-item__image\" data-thumbnail=\"https:\/\/nna-ccj.ca\/wp-content\/uploads\/2025\/03\/LaMontagne-2-150x150.jpg\" data-width=\"150\" data-height=\"150\" aria-label=\"\" role=\"img\" ><\/div>\n\t\t\t\t\t\t\t\t\t\t\t<div class=\"elementor-gallery-item__overlay\"><\/div>\n\t\t\t\t\t\t\t\t\t\t\t\t\t\t<\/a>\n\t\t\t\t\t\t\t<a class=\"e-gallery-item elementor-gallery-item elementor-animated-content\" href=\"https:\/\/nna-ccj.ca\/wp-content\/uploads\/2025\/03\/LaMontagne-3.jpg\" data-elementor-open-lightbox=\"yes\" data-elementor-lightbox-slideshow=\"1485ab18\" data-e-action-hash=\"#elementor-action%3Aaction%3Dlightbox%26settings%3DeyJpZCI6OTU4MCwidXJsIjoiaHR0cHM6XC9cL25uYS1jY2ouY2FcL3dwLWNvbnRlbnRcL3VwbG9hZHNcLzIwMjVcLzAzXC9MYU1vbnRhZ25lLTMuanBnIiwic2xpZGVzaG93IjoiMTQ4NWFiMTgifQ%3D%3D\">\n\t\t\t\t\t<div class=\"e-gallery-image elementor-gallery-item__image\" data-thumbnail=\"https:\/\/nna-ccj.ca\/wp-content\/uploads\/2025\/03\/LaMontagne-3-150x150.jpg\" data-width=\"150\" data-height=\"150\" aria-label=\"\" role=\"img\" ><\/div>\n\t\t\t\t\t\t\t\t\t\t\t<div class=\"elementor-gallery-item__overlay\"><\/div>\n\t\t\t\t\t\t\t\t\t\t\t\t\t\t<\/a>\n\t\t\t\t\t\t\t<a class=\"e-gallery-item elementor-gallery-item elementor-animated-content\" href=\"https:\/\/nna-ccj.ca\/wp-content\/uploads\/2025\/03\/LaMontagne-4.jpg\" data-elementor-open-lightbox=\"yes\" data-elementor-lightbox-slideshow=\"1485ab18\" data-e-action-hash=\"#elementor-action%3Aaction%3Dlightbox%26settings%3DeyJpZCI6OTU4MiwidXJsIjoiaHR0cHM6XC9cL25uYS1jY2ouY2FcL3dwLWNvbnRlbnRcL3VwbG9hZHNcLzIwMjVcLzAzXC9MYU1vbnRhZ25lLTQuanBnIiwic2xpZGVzaG93IjoiMTQ4NWFiMTgifQ%3D%3D\">\n\t\t\t\t\t<div class=\"e-gallery-image elementor-gallery-item__image\" data-thumbnail=\"https:\/\/nna-ccj.ca\/wp-content\/uploads\/2025\/03\/LaMontagne-4-150x150.jpg\" data-width=\"150\" data-height=\"150\" aria-label=\"\" role=\"img\" ><\/div>\n\t\t\t\t\t\t\t\t\t\t\t<div class=\"elementor-gallery-item__overlay\"><\/div>\n\t\t\t\t\t\t\t\t\t\t\t\t\t\t<\/a>\n\t\t\t\t\t\t\t<a class=\"e-gallery-item elementor-gallery-item elementor-animated-content\" href=\"https:\/\/nna-ccj.ca\/wp-content\/uploads\/2025\/03\/LaMontagne-5.jpg\" data-elementor-open-lightbox=\"yes\" data-elementor-lightbox-slideshow=\"1485ab18\" data-e-action-hash=\"#elementor-action%3Aaction%3Dlightbox%26settings%3DeyJpZCI6OTU4NCwidXJsIjoiaHR0cHM6XC9cL25uYS1jY2ouY2FcL3dwLWNvbnRlbnRcL3VwbG9hZHNcLzIwMjVcLzAzXC9MYU1vbnRhZ25lLTUuanBnIiwic2xpZGVzaG93IjoiMTQ4NWFiMTgifQ%3D%3D\">\n\t\t\t\t\t<div class=\"e-gallery-image elementor-gallery-item__image\" data-thumbnail=\"https:\/\/nna-ccj.ca\/wp-content\/uploads\/2025\/03\/LaMontagne-5-150x150.jpg\" data-width=\"150\" data-height=\"150\" aria-label=\"\" role=\"img\" ><\/div>\n\t\t\t\t\t\t\t\t\t\t\t<div class=\"elementor-gallery-item__overlay\"><\/div>\n\t\t\t\t\t\t\t\t\t\t\t\t\t\t<\/a>\n\t\t\t\t\t<\/div>\n\t\t\t\t\t<\/div>\n\t\t\t\t<\/div>\n\t\t\t\t\t<\/div>\n\t\t<\/div>\n\t\t\t\t\t<\/div>\n\t\t<\/section>\n\t\t\t\t<section class=\"elementor-section elementor-top-section elementor-element elementor-element-5a067a5d elementor-section-boxed elementor-section-height-default elementor-section-height-default\" data-id=\"5a067a5d\" data-element_type=\"section\" data-e-type=\"section\">\n\t\t\t\t\t\t<div class=\"elementor-container elementor-column-gap-default\">\n\t\t\t\t\t<div class=\"elementor-column elementor-col-33 elementor-top-column elementor-element elementor-element-2665e64a\" data-id=\"2665e64a\" data-element_type=\"column\" data-e-type=\"column\">\n\t\t\t<div class=\"elementor-widget-wrap elementor-element-populated\">\n\t\t\t\t\t\t<div class=\"elementor-element elementor-element-28c75918 elementor-widget elementor-widget-heading\" data-id=\"28c75918\" data-element_type=\"widget\" data-e-type=\"widget\" data-widget_type=\"heading.default\">\n\t\t\t\t<div class=\"elementor-widget-container\">\n\t\t\t\t\t<h2 class=\"elementor-heading-title elementor-size-default\">Prix Claude Ryan pour l\u2019\u00e9ditorial<\/h2>\t\t\t\t<\/div>\n\t\t\t\t<\/div>\n\t\t\t\t<div class=\"elementor-element elementor-element-7ce76d62 elementor-widget elementor-widget-image\" data-id=\"7ce76d62\" data-element_type=\"widget\" data-e-type=\"widget\" data-widget_type=\"image.default\">\n\t\t\t\t<div class=\"elementor-widget-container\">\n\t\t\t\t\t\t\t\t\t\t\t\t\t\t\t<img decoding=\"async\" src=\"https:\/\/nna-ccj.ca\/wp-content\/uploads\/elementor\/thumbs\/Claude-Ryan-qieqxt11lj9t5r1hs3868on4h9d5m4gwszde6qy768.jpg\" title=\"CLAUDE RYAN\" alt=\"Claude Ryan, Le Devoir, 1972 file photo. (CP PHOTO)\" loading=\"lazy\" \/>\t\t\t\t\t\t\t\t\t\t\t\t\t\t\t<\/div>\n\t\t\t\t<\/div>\n\t\t\t\t\t<\/div>\n\t\t<\/div>\n\t\t\t\t<div class=\"elementor-column elementor-col-66 elementor-top-column elementor-element elementor-element-77b5c9fd\" data-id=\"77b5c9fd\" data-element_type=\"column\" data-e-type=\"column\">\n\t\t\t<div class=\"elementor-widget-wrap elementor-element-populated\">\n\t\t\t\t\t\t<div class=\"elementor-element elementor-element-29219ba8 elementor-widget elementor-widget-text-editor\" data-id=\"29219ba8\" data-element_type=\"widget\" data-e-type=\"widget\" data-widget_type=\"text-editor.default\">\n\t\t\t\t<div class=\"elementor-widget-container\">\n\t\t\t\t\t\t\t\t\t<p><strong>LAUR\u00c9AT: <\/strong><b>Peter McKnight, Toronto Star<\/b><span style=\"font-weight: 400;\">, pour des \u00e9ditoriaux sur l\u2019aide m\u00e9dicale \u00e0 mourir, la disparit\u00e9 en termes de sant\u00e9 entre la population inuite et le reste de la population canadienne et l\u2019approche ontarienne d\u2019examen des accusations criminelles<\/span><\/p><ul><li><a href=\"https:\/\/www.thestar.com\/opinion\/editorials\/why-the-surge-in-medically-assisted-deaths\/article_94409938-c459-11ee-8837-c7971120b029.html\" target=\"_blank\" rel=\"noopener\">Why the surge in medically assisted deaths?<\/a><\/li><li><a href=\"https:\/\/www.thestar.com\/opinion\/editorials\/its-shameful-that-canada-has-among-the-lowest-and-highest-tuberculosis-rates-in-the-world\/article_e080e962-e78e-11ee-8aff-6f49cc277cad.html\" target=\"_blank\" rel=\"noopener\">It\u2019s shameful that Canada has among the lowest and highest tuberculosis rates in the world<\/a><\/li><li><a href=\"https:\/\/www.thestar.com\/opinion\/editorials\/ontario-has-the-lowest-conviction-rate-of-any-province-thats-a-sign-that-somethings-very\/article_2ba5a636-148e-11ef-a763-73ad5491992c.html\" target=\"_blank\" rel=\"noopener\">Ontario has the lowest conviction rate of any province. That\u2019s a sign that something\u2019s very wrong<\/a><\/li><\/ul>\t\t\t\t\t\t\t\t<\/div>\n\t\t\t\t<\/div>\n\t\t\t\t<div class=\"elementor-element elementor-element-71587044 elementor-widget elementor-widget-text-editor\" data-id=\"71587044\" data-element_type=\"widget\" data-e-type=\"widget\" data-widget_type=\"text-editor.default\">\n\t\t\t\t<div class=\"elementor-widget-container\">\n\t\t\t\t\t\t\t\t\t<p><b>St\u00e9phanie Grammond, La Presse<\/b><span style=\"font-weight: 400;\">, pour des \u00e9ditoriaux sur ce que le second mandat de Trump repr\u00e9sentera pour le Canada, le conflit de travail \u00e0 Air Canada et le plan \u00e0 long terme du Qu\u00e9bec pour l\u2019h\u00e9bergement et les soins des personnes \u00e2g\u00e9es<\/span><\/p><ul><li><a href=\"https:\/\/www.lapresse.ca\/actualites\/editoriaux\/2024-11-09\/ce-que-trump-aura-de-positif-pour-le-canada.php\" target=\"_blank\" rel=\"noopener\"><span class=\"title titleModule__main\">Ce que Trump aura de positif pour le Canada<\/span><\/a><\/li><li><a href=\"https:\/\/www.lapresse.ca\/actualites\/editoriaux\/2024-09-14\/quand-les-pilotes-gagnent-plus-que-les-medecins.php\" target=\"_blank\" rel=\"noopener\"><span class=\"title titleModule__main\">Quand les pilotes gagnent plus que les m\u00e9decins<\/span><\/a><\/li><li><a href=\"https:\/\/www.lapresse.ca\/actualites\/editoriaux\/2024-01-31\/soins-de-longue-duree\/s-acheter-une-porsche-quand-on-a-du-mal-a-rouler-a-bicyclette.php\" target=\"_blank\" rel=\"noopener\"><span class=\"title titleModule__main\">S\u2019acheter une Porsche quand on a du mal \u00e0 rouler \u00e0 bicyclette<\/span><\/a><\/li><\/ul>\t\t\t\t\t\t\t\t<\/div>\n\t\t\t\t<\/div>\n\t\t\t\t<div class=\"elementor-element elementor-element-221fd0d8 elementor-widget elementor-widget-text-editor\" data-id=\"221fd0d8\" data-element_type=\"widget\" data-e-type=\"widget\" data-widget_type=\"text-editor.default\">\n\t\t\t\t<div class=\"elementor-widget-container\">\n\t\t\t\t\t\t\t\t\t<p><b>Richard Warnica, Toronto Star<\/b><span style=\"font-weight: 400;\">, pour des \u00e9ditoriaux sur la fouille \u00e0 nu des enfants dans les centres de d\u00e9tention pour jeunes de l&rsquo;Ontario, les incendies de Jasper et la responsabilit\u00e9 humaine face au changement climatique, et la nageuse olympique Penny Oleksiak<\/span><\/p><ul><li><a href=\"https:\/\/www.thestar.com\/opinion\/editorials\/in-paris-an-olympic-legend-made-toronto-proud-one-final-time\/article_3a125ac2-550a-11ef-9255-9757af728706.html\" target=\"_blank\" rel=\"noopener\">In Paris, an Olympic legend made Toronto proud one final time<\/a><\/li><li><a href=\"https:\/\/www.thestar.com\/opinion\/editorials\/the-wildfire-ravaging-jasper-is-a-monster-of-our-own-making\/article_2a70f8d6-4ac8-11ef-ad32-83b21a5c1384.html\" target=\"_blank\" rel=\"noopener\">The wildfire ravaging Jasper is a monster of our own making<\/a><\/li><li><a href=\"https:\/\/www.thestar.com\/opinion\/editorials\/doug-fords-government-is-humiliating-children-with-this-degrading-practice-it-needs-to-stop\/article_d695f8a0-6b02-11ef-b2a2-1f66b14801ee.html\" target=\"_blank\" rel=\"noopener\">Doug Ford\u2019s government is humiliating children with this degrading practice. It needs to stop<\/a><\/li><\/ul>\t\t\t\t\t\t\t\t<\/div>\n\t\t\t\t<\/div>\n\t\t\t\t\t<\/div>\n\t\t<\/div>\n\t\t\t\t\t<\/div>\n\t\t<\/section>\n\t\t\t\t<section class=\"elementor-section elementor-top-section elementor-element elementor-element-5884ac56 elementor-section-boxed elementor-section-height-default elementor-section-height-default\" data-id=\"5884ac56\" data-element_type=\"section\" data-e-type=\"section\">\n\t\t\t\t\t\t<div class=\"elementor-container elementor-column-gap-default\">\n\t\t\t\t\t<div class=\"elementor-column elementor-col-33 elementor-top-column elementor-element elementor-element-7ce456f\" data-id=\"7ce456f\" data-element_type=\"column\" data-e-type=\"column\">\n\t\t\t<div class=\"elementor-widget-wrap elementor-element-populated\">\n\t\t\t\t\t\t<div class=\"elementor-element elementor-element-318b4101 elementor-widget elementor-widget-heading\" data-id=\"318b4101\" data-element_type=\"widget\" data-e-type=\"widget\" data-widget_type=\"heading.default\">\n\t\t\t\t<div class=\"elementor-widget-container\">\n\t\t\t\t\t<h2 class=\"elementor-heading-title elementor-size-default\">Texte explicatif<\/h2>\t\t\t\t<\/div>\n\t\t\t\t<\/div>\n\t\t\t\t\t<\/div>\n\t\t<\/div>\n\t\t\t\t<div class=\"elementor-column elementor-col-66 elementor-top-column elementor-element elementor-element-3d67cbbd\" data-id=\"3d67cbbd\" data-element_type=\"column\" data-e-type=\"column\">\n\t\t\t<div class=\"elementor-widget-wrap elementor-element-populated\">\n\t\t\t\t\t\t<div class=\"elementor-element elementor-element-4c67b931 elementor-widget elementor-widget-text-editor\" data-id=\"4c67b931\" data-element_type=\"widget\" data-e-type=\"widget\" data-widget_type=\"text-editor.default\">\n\t\t\t\t<div class=\"elementor-widget-container\">\n\t\t\t\t\t\t\t\t\t<p><b><strong>LAUR\u00c9ATE: <\/strong><\/b><strong>Zosia Bielski, The Globe and Mail<\/strong>, pour son examen nuanc\u00e9 des lois canadiennes qui criminalisent la non-divulgation du VIH &#8211; et mettent le Canada en porte-\u00e0-faux avec la science moderne et le reste du monde d\u00e9velopp\u00e9<\/p><ul><li><a href=\"https:\/\/www.theglobeandmail.com\/canada\/article-canada-hiv-non-disclosure-law-reform\/\" target=\"_blank\" rel=\"noopener\">Resetting the code on HIV and crime<\/a><\/li><\/ul>\t\t\t\t\t\t\t\t<\/div>\n\t\t\t\t<\/div>\n\t\t\t\t<div class=\"elementor-element elementor-element-3302a36a elementor-widget elementor-widget-text-editor\" data-id=\"3302a36a\" data-element_type=\"widget\" data-e-type=\"widget\" data-widget_type=\"text-editor.default\">\n\t\t\t\t<div class=\"elementor-widget-container\">\n\t\t\t\t\t\t\t\t\t<p><strong>Marco Chown Oved, Steve Russell and Lance McMillan, Toronto Star<\/strong>, pour un aper\u00e7u derri\u00e8re-le-volant de la conduite d\u2019un v\u00e9hicule \u00e9lectrique sur la route et une exploration plus large de la mani\u00e8re dont les v\u00e9hicules \u00e9lectriques stimulent la cr\u00e9ation de nouvelles entreprises<\/p><ul><li><a href=\"https:\/\/www.thestar.com\/news\/canada\/we-took-a-tesla-on-a-road-trip-through-northern-ontario-in-the-coldest-week\/article_f671c4da-d4c4-11ee-b06c-0b5b1a442e71.html\" target=\"_blank\" rel=\"noopener\">We took a Tesla on a road trip through northern Ontario in the coldest week of the year. Could our EV handle it?<\/a><\/li><li><a href=\"https:\/\/www.thestar.com\/news\/canada\/we-rented-a-tesla-to-explore-ontarios-ev-supply-chain-we-saw-the-dirty-the\/article_90fd6f0c-d4c7-11ee-989b-abd057df4584.html\" target=\"_blank\" rel=\"noopener\">We rented a Tesla to explore Ontario\u2019s EV supply chain. We saw the dirty, the clean and everything in between<\/a><\/li><li><b>Video: <\/b><a href=\"https:\/\/www.thestar.com\/podcasts\/road-trip\/watch-an-electric-road-trip-visiting-ontarios-cleantech-future\/article_d4bea9dc-dd9f-11ee-9d67-4f8f95c14a4f.html\" target=\"_blank\" rel=\"noopener\"><span style=\"font-weight: 400;\">Watch: An electric road trip visiting Ontario\u2019s cleantech future<\/span><\/a><\/li><\/ul><p>Podcasts<span>:<\/span><\/p><ul><li><a href=\"https:\/\/www.thestar.com\/podcasts\/road-trip\/episode-1-can-ev-batteries-be-made-with-canadian-minerals\/article_249d25d6-c6b3-11ee-a9fe-f7342bb85551.html\" target=\"_blank\" rel=\"noopener\"><span style=\"font-weight: 400;\">Episode 1: Can EV batteries be made with Canadian minerals?<\/span><\/a><\/li><li><a href=\"https:\/\/www.thestar.com\/podcasts\/road-trip\/episode-2-the-first-cobalt-refinery-in-north-america-is-in-canada\/article_b6649f30-cc53-11ee-a3de-d391f5ab26ed.html\" target=\"_blank\" rel=\"noopener\"><span style=\"font-weight: 400;\">Episode 2: The first cobalt refinery in North America is in Canada<\/span><\/a><\/li><li><a href=\"https:\/\/www.thestar.com\/podcasts\/road-trip\/episode-3-ontario-has-every-stage-in-the-ev-supply-chain-right-here-at-home\/article_dbaee686-d1d2-11ee-82c4-976988303d02.html\" target=\"_blank\" rel=\"noopener\"><span style=\"font-weight: 400;\">Episode 3: Ontario has every stage in the EV supply chain right here at home<\/span><\/a><\/li><li><a href=\"https:\/\/www.thestar.com\/podcasts\/road-trip\/episode-4-can-ontario-s-resource-extraction-and-industrial-economy-transition-to-the-clean-economy\/article_bae2dd9a-d759-11ee-886b-ef50d3f16b8f.html\" target=\"_blank\" rel=\"noopener\"><span style=\"font-weight: 400;\">Episode 4: Can Ontario\u2019s resource-extraction and industrial economy transition to the clean economy?<\/span><\/a><\/li><li><a href=\"https:\/\/www.thestar.com\/podcasts\/road-trip\/episode-5-canada-set-to-have-the-best-ev-supply-chain-in-the-world\/article_6638a2c0-dcd1-11ee-ae87-ef798f030939.html\" target=\"_blank\" rel=\"noopener\"><span style=\"font-weight: 400;\">Episode 5: Canada set to have the best EV supply chain in the world<\/span><\/a><\/li><li><a href=\"https:\/\/www.thestar.com\/podcasts\/road-trip\/episode-6-and-our-last-stop-specialty-evs-for-the-mining-industry\/article_3e8a96c4-e245-11ee-90fa-e78abe0aebd7.html\" target=\"_blank\" rel=\"noopener\"><span style=\"font-weight: 400;\">Episode 6 and our last stop: Specialty EVs for the mining industry<\/span><\/a><\/li><\/ul>\t\t\t\t\t\t\t\t<\/div>\n\t\t\t\t<\/div>\n\t\t\t\t<div class=\"elementor-element elementor-element-7dcb6dd8 elementor-widget elementor-widget-text-editor\" data-id=\"7dcb6dd8\" data-element_type=\"widget\" data-e-type=\"widget\" data-widget_type=\"text-editor.default\">\n\t\t\t\t<div class=\"elementor-widget-container\">\n\t\t\t\t\t\t\t\t\t<p><strong>Amy Dempsey Raven, Toronto Star<\/strong>, pour avoir expliqu\u00e9 pourquoi les rats prolif\u00e8rent \u00e0 Toronto et comment une strat\u00e9gie organis\u00e9e de lutte contre les rongeurs pourrait limiter la menace pour la sant\u00e9 publique<\/p><ul><li><a href=\"https:\/\/www.thestar.com\/news\/gta\/i-went-to-rat-school-in-new-york-city-to-see-if-toronto-had-any\/article_9230dca4-07dc-11ef-a683-93524e08b50b.html\" target=\"_blank\" rel=\"noopener\">I went to rat school in New York City to see if Toronto had any hope of beating back its rodent invasion. Here\u2019s what I learned<\/a><\/li><li><a href=\"https:\/\/www.thestar.com\/news\/gta\/toronto-is-losing-the-war-on-rats-heres-how-it-got-so-bad-and-what\/article_089bb13a-3e2d-11ef-ae7b-27dc6d9ec05c.html\" target=\"_blank\" rel=\"noopener\">Toronto is losing the war on rats. Here\u2019s how it got so bad and what the city should be doing<\/a><\/li><li><a href=\"https:\/\/www.thestar.com\/news\/to-graduate-from-rat-school-i-scoured-new-yorks-most-infested-alleyways-and-subway-stations\/article_26082c2c-07e0-11ef-af98-172e56c2e95c.html\" target=\"_blank\" rel=\"noopener\">To graduate from rat school I scoured New York\u2019s most infested alleyways and subway stations. Here\u2019s what I found<\/a><\/li><\/ul>\t\t\t\t\t\t\t\t<\/div>\n\t\t\t\t<\/div>\n\t\t\t\t\t<\/div>\n\t\t<\/div>\n\t\t\t\t\t<\/div>\n\t\t<\/section>\n\t\t\t\t<section class=\"elementor-section elementor-top-section elementor-element elementor-element-406ecf67 elementor-section-boxed elementor-section-height-default elementor-section-height-default\" data-id=\"406ecf67\" data-element_type=\"section\" data-e-type=\"section\">\n\t\t\t\t\t\t<div class=\"elementor-container elementor-column-gap-default\">\n\t\t\t\t\t<div class=\"elementor-column elementor-col-33 elementor-top-column elementor-element elementor-element-4333e2cd\" data-id=\"4333e2cd\" data-element_type=\"column\" data-e-type=\"column\">\n\t\t\t<div class=\"elementor-widget-wrap elementor-element-populated\">\n\t\t\t\t\t\t<div class=\"elementor-element elementor-element-482ce652 elementor-widget elementor-widget-heading\" data-id=\"482ce652\" data-element_type=\"widget\" data-e-type=\"widget\" data-widget_type=\"heading.default\">\n\t\t\t\t<div class=\"elementor-widget-container\">\n\t\t\t\t\t<h2 class=\"elementor-heading-title elementor-size-default\">Photo documentaire<\/h2>\t\t\t\t<\/div>\n\t\t\t\t<\/div>\n\t\t\t\t\t<\/div>\n\t\t<\/div>\n\t\t\t\t<div class=\"elementor-column elementor-col-66 elementor-top-column elementor-element elementor-element-70a6dc76\" data-id=\"70a6dc76\" data-element_type=\"column\" data-e-type=\"column\">\n\t\t\t<div class=\"elementor-widget-wrap elementor-element-populated\">\n\t\t\t\t\t\t<div class=\"elementor-element elementor-element-68961821 elementor-widget elementor-widget-text-editor\" data-id=\"68961821\" data-element_type=\"widget\" data-e-type=\"widget\" data-widget_type=\"text-editor.default\">\n\t\t\t\t<div class=\"elementor-widget-container\">\n\t\t\t\t\t\t\t\t\t<p><strong>LAUR\u00c9AT: Kari Medig, Globe and Mail<\/strong>, pour sa photo du double amput\u00e9 Oleksandr Budko et le programme Wild Bear Vets, cr\u00e9\u00e9 pour soutenir les v\u00e9t\u00e9rans souffrant du syndrome de stress post-traumatique<\/p>\t\t\t\t\t\t\t\t<\/div>\n\t\t\t\t<\/div>\n\t\t\t\t<div class=\"elementor-element elementor-element-558e006e elementor-widget elementor-widget-gallery\" data-id=\"558e006e\" data-element_type=\"widget\" data-e-type=\"widget\" data-settings=\"{&quot;columns&quot;:5,&quot;aspect_ratio&quot;:&quot;4:3&quot;,&quot;lazyload&quot;:&quot;yes&quot;,&quot;gallery_layout&quot;:&quot;grid&quot;,&quot;columns_tablet&quot;:2,&quot;columns_mobile&quot;:1,&quot;gap&quot;:{&quot;unit&quot;:&quot;px&quot;,&quot;size&quot;:10,&quot;sizes&quot;:[]},&quot;gap_tablet&quot;:{&quot;unit&quot;:&quot;px&quot;,&quot;size&quot;:10,&quot;sizes&quot;:[]},&quot;gap_mobile&quot;:{&quot;unit&quot;:&quot;px&quot;,&quot;size&quot;:10,&quot;sizes&quot;:[]},&quot;link_to&quot;:&quot;file&quot;,&quot;overlay_background&quot;:&quot;yes&quot;,&quot;content_hover_animation&quot;:&quot;fade-in&quot;}\" data-widget_type=\"gallery.default\">\n\t\t\t\t<div class=\"elementor-widget-container\">\n\t\t\t\t\t\t\t<div class=\"elementor-gallery__container\">\n\t\t\t\t\t\t\t<a class=\"e-gallery-item elementor-gallery-item elementor-animated-content\" href=\"https:\/\/nna-ccj.ca\/wp-content\/uploads\/2025\/03\/Kari-Medig-photo-scaled.jpg\" data-elementor-open-lightbox=\"yes\" data-elementor-lightbox-slideshow=\"558e006e\" data-elementor-lightbox-title=\"Ukrainian veteran Oleksandr Budko (28) puts on his prosthetic legs next to a Halfway Hot Springs pool.  Kari Medig\/The Globe and Mail\" data-e-action-hash=\"#elementor-action%3Aaction%3Dlightbox%26settings%3DeyJpZCI6OTc3MCwidXJsIjoiaHR0cHM6XC9cL25uYS1jY2ouY2FcL3dwLWNvbnRlbnRcL3VwbG9hZHNcLzIwMjVcLzAzXC9LYXJpLU1lZGlnLXBob3RvLXNjYWxlZC5qcGciLCJzbGlkZXNob3ciOiI1NThlMDA2ZSJ9\">\n\t\t\t\t\t<div class=\"e-gallery-image elementor-gallery-item__image\" data-thumbnail=\"https:\/\/nna-ccj.ca\/wp-content\/uploads\/2025\/03\/Kari-Medig-photo-150x150.jpg\" data-width=\"150\" data-height=\"150\" aria-label=\"\" role=\"img\" ><\/div>\n\t\t\t\t\t\t\t\t\t\t\t<div class=\"elementor-gallery-item__overlay\"><\/div>\n\t\t\t\t\t\t\t\t\t\t\t\t\t\t<\/a>\n\t\t\t\t\t<\/div>\n\t\t\t\t\t<\/div>\n\t\t\t\t<\/div>\n\t\t\t\t<div class=\"elementor-element elementor-element-1545ae29 elementor-widget elementor-widget-text-editor\" data-id=\"1545ae29\" data-element_type=\"widget\" data-e-type=\"widget\" data-widget_type=\"text-editor.default\">\n\t\t\t\t<div class=\"elementor-widget-container\">\n\t\t\t\t\t\t\t\t\t<p><strong>Shane Gross, The Globe and Mail<\/strong>, pour sa photo d\u2019un b\u00e9luga curieux tentant de go\u00fbter \u00e0 son appareil photo dans son habitat naturel \u00e0 Churchill, au Manitoba<\/p>\t\t\t\t\t\t\t\t<\/div>\n\t\t\t\t<\/div>\n\t\t\t\t<div class=\"elementor-element elementor-element-53212f35 elementor-widget elementor-widget-gallery\" data-id=\"53212f35\" data-element_type=\"widget\" data-e-type=\"widget\" data-settings=\"{&quot;columns&quot;:5,&quot;aspect_ratio&quot;:&quot;4:3&quot;,&quot;lazyload&quot;:&quot;yes&quot;,&quot;gallery_layout&quot;:&quot;grid&quot;,&quot;columns_tablet&quot;:2,&quot;columns_mobile&quot;:1,&quot;gap&quot;:{&quot;unit&quot;:&quot;px&quot;,&quot;size&quot;:10,&quot;sizes&quot;:[]},&quot;gap_tablet&quot;:{&quot;unit&quot;:&quot;px&quot;,&quot;size&quot;:10,&quot;sizes&quot;:[]},&quot;gap_mobile&quot;:{&quot;unit&quot;:&quot;px&quot;,&quot;size&quot;:10,&quot;sizes&quot;:[]},&quot;link_to&quot;:&quot;file&quot;,&quot;overlay_background&quot;:&quot;yes&quot;,&quot;content_hover_animation&quot;:&quot;fade-in&quot;}\" data-widget_type=\"gallery.default\">\n\t\t\t\t<div class=\"elementor-widget-container\">\n\t\t\t\t\t\t\t<div class=\"elementor-gallery__container\">\n\t\t\t\t\t\t\t<a class=\"e-gallery-item elementor-gallery-item elementor-animated-content\" href=\"https:\/\/nna-ccj.ca\/wp-content\/uploads\/2025\/03\/Shane-Gross-photo-scaled.jpg\" data-elementor-open-lightbox=\"yes\" data-elementor-lightbox-slideshow=\"53212f35\" data-elementor-lightbox-title=\"A curious beluga whale opens her mouth to see what the photographer\u2019s camera tastes like. Churchill River, Manitoba. July 11, 2024 Gross\/The Globe and Mail\" data-e-action-hash=\"#elementor-action%3Aaction%3Dlightbox%26settings%3DeyJpZCI6OTc2NiwidXJsIjoiaHR0cHM6XC9cL25uYS1jY2ouY2FcL3dwLWNvbnRlbnRcL3VwbG9hZHNcLzIwMjVcLzAzXC9TaGFuZS1Hcm9zcy1waG90by1zY2FsZWQuanBnIiwic2xpZGVzaG93IjoiNTMyMTJmMzUifQ%3D%3D\">\n\t\t\t\t\t<div class=\"e-gallery-image elementor-gallery-item__image\" data-thumbnail=\"https:\/\/nna-ccj.ca\/wp-content\/uploads\/2025\/03\/Shane-Gross-photo-150x150.jpg\" data-width=\"150\" data-height=\"150\" aria-label=\"\" role=\"img\" ><\/div>\n\t\t\t\t\t\t\t\t\t\t\t<div class=\"elementor-gallery-item__overlay\"><\/div>\n\t\t\t\t\t\t\t\t\t\t\t\t\t\t<\/a>\n\t\t\t\t\t<\/div>\n\t\t\t\t\t<\/div>\n\t\t\t\t<\/div>\n\t\t\t\t<div class=\"elementor-element elementor-element-2ee26e6c elementor-widget elementor-widget-text-editor\" data-id=\"2ee26e6c\" data-element_type=\"widget\" data-e-type=\"widget\" data-widget_type=\"text-editor.default\">\n\t\t\t\t<div class=\"elementor-widget-container\">\n\t\t\t\t\t\t\t\t\t<p><strong>David Lipnowski, The Canadian Press<\/strong>, pour sa photo de personnes faisant un doigt d&rsquo;honneur au premier ministre Justin Trudeau en posant pour un \u00e9goportrait au festival Folklorama \u00e0 Winnipeg<\/p>\t\t\t\t\t\t\t\t<\/div>\n\t\t\t\t<\/div>\n\t\t\t\t<div class=\"elementor-element elementor-element-4bb8ab85 elementor-widget elementor-widget-gallery\" data-id=\"4bb8ab85\" data-element_type=\"widget\" data-e-type=\"widget\" data-settings=\"{&quot;columns&quot;:5,&quot;aspect_ratio&quot;:&quot;4:3&quot;,&quot;lazyload&quot;:&quot;yes&quot;,&quot;gallery_layout&quot;:&quot;grid&quot;,&quot;columns_tablet&quot;:2,&quot;columns_mobile&quot;:1,&quot;gap&quot;:{&quot;unit&quot;:&quot;px&quot;,&quot;size&quot;:10,&quot;sizes&quot;:[]},&quot;gap_tablet&quot;:{&quot;unit&quot;:&quot;px&quot;,&quot;size&quot;:10,&quot;sizes&quot;:[]},&quot;gap_mobile&quot;:{&quot;unit&quot;:&quot;px&quot;,&quot;size&quot;:10,&quot;sizes&quot;:[]},&quot;link_to&quot;:&quot;file&quot;,&quot;overlay_background&quot;:&quot;yes&quot;,&quot;content_hover_animation&quot;:&quot;fade-in&quot;}\" data-widget_type=\"gallery.default\">\n\t\t\t\t<div class=\"elementor-widget-container\">\n\t\t\t\t\t\t\t<div class=\"elementor-gallery__container\">\n\t\t\t\t\t\t\t<a class=\"e-gallery-item elementor-gallery-item elementor-animated-content\" href=\"https:\/\/nna-ccj.ca\/wp-content\/uploads\/2025\/03\/David-Lipnowski-photo-scaled.jpg\" data-elementor-open-lightbox=\"yes\" data-elementor-lightbox-slideshow=\"4bb8ab85\" data-elementor-lightbox-title=\"Prime Minister Justin Trudeau poses for a photo as people attending the event give him the middle finger gesture at the Folklorama Filipino Pavilion in Winnipeg, Monday, Aug. 5, 2024, at R.B. Russell Vocational School. THE CANADIAN PRESS\/David Lipnowski\" data-e-action-hash=\"#elementor-action%3Aaction%3Dlightbox%26settings%3DeyJpZCI6OTc2OCwidXJsIjoiaHR0cHM6XC9cL25uYS1jY2ouY2FcL3dwLWNvbnRlbnRcL3VwbG9hZHNcLzIwMjVcLzAzXC9EYXZpZC1MaXBub3dza2ktcGhvdG8tc2NhbGVkLmpwZyIsInNsaWRlc2hvdyI6IjRiYjhhYjg1In0%3D\">\n\t\t\t\t\t<div class=\"e-gallery-image elementor-gallery-item__image\" data-thumbnail=\"https:\/\/nna-ccj.ca\/wp-content\/uploads\/2025\/03\/David-Lipnowski-photo-150x150.jpg\" data-width=\"150\" data-height=\"150\" aria-label=\"\" role=\"img\" ><\/div>\n\t\t\t\t\t\t\t\t\t\t\t<div class=\"elementor-gallery-item__overlay\"><\/div>\n\t\t\t\t\t\t\t\t\t\t\t\t\t\t<\/a>\n\t\t\t\t\t<\/div>\n\t\t\t\t\t<\/div>\n\t\t\t\t<\/div>\n\t\t\t\t\t<\/div>\n\t\t<\/div>\n\t\t\t\t\t<\/div>\n\t\t<\/section>\n\t\t\t\t<section class=\"elementor-section elementor-top-section elementor-element elementor-element-41c92d64 elementor-section-boxed elementor-section-height-default elementor-section-height-default\" data-id=\"41c92d64\" data-element_type=\"section\" data-e-type=\"section\">\n\t\t\t\t\t\t<div class=\"elementor-container elementor-column-gap-default\">\n\t\t\t\t\t<div class=\"elementor-column elementor-col-33 elementor-top-column elementor-element elementor-element-7daa8602\" data-id=\"7daa8602\" data-element_type=\"column\" data-e-type=\"column\">\n\t\t\t<div class=\"elementor-widget-wrap elementor-element-populated\">\n\t\t\t\t\t\t<div class=\"elementor-element elementor-element-25be2853 elementor-widget elementor-widget-heading\" data-id=\"25be2853\" data-element_type=\"widget\" data-e-type=\"widget\" data-widget_type=\"heading.default\">\n\t\t\t\t<div class=\"elementor-widget-container\">\n\t\t\t\t\t<h2 class=\"elementor-heading-title elementor-size-default\">Prix Norman Webster pour le reportage \u00e0 caract\u00e8re international\n\n<\/h2>\t\t\t\t<\/div>\n\t\t\t\t<\/div>\n\t\t\t\t<div class=\"elementor-element elementor-element-3cd0c601 elementor-widget elementor-widget-image\" data-id=\"3cd0c601\" data-element_type=\"widget\" data-e-type=\"widget\" data-widget_type=\"image.default\">\n\t\t\t\t<div class=\"elementor-widget-container\">\n\t\t\t\t\t\t\t\t\t\t\t\t\t\t\t<img decoding=\"async\" src=\"https:\/\/nna-ccj.ca\/wp-content\/uploads\/elementor\/thumbs\/Norman-Webster-left-scaled-qieqy90atpvon4ea6s4tx2lykt6e8z8cj6gncgai8g.jpg\" title=\"Norman Webster &#8211; left\" alt=\"Globe and Mail reporter Norman Webster, left, with Mr. Chang and Mr. Wu, members of Pengchu commune, in field in Canton, China, summer 1970.  Photo by Norman Webster \/ The Globe and Mail. Originally published Aug. 17, 1970 [Norman Webster was The Globe&#039;s China correspondent, Sept. 30, 1969 - July 8, 1971]\" loading=\"lazy\" \/>\t\t\t\t\t\t\t\t\t\t\t\t\t\t\t<\/div>\n\t\t\t\t<\/div>\n\t\t\t\t\t<\/div>\n\t\t<\/div>\n\t\t\t\t<div class=\"elementor-column elementor-col-66 elementor-top-column elementor-element elementor-element-648d4ba9\" data-id=\"648d4ba9\" data-element_type=\"column\" data-e-type=\"column\">\n\t\t\t<div class=\"elementor-widget-wrap elementor-element-populated\">\n\t\t\t\t\t\t<div class=\"elementor-element elementor-element-15537dce elementor-widget elementor-widget-text-editor\" data-id=\"15537dce\" data-element_type=\"widget\" data-e-type=\"widget\" data-widget_type=\"text-editor.default\">\n\t\t\t\t<div class=\"elementor-widget-container\">\n\t\t\t\t\t\t\t\t\t<p><strong>LAUR\u00c9AT: Mark MacKinnon, The Globe and Mail<\/strong>, pour son reportage sur l\u2019aspect humain de la guerre russe en Ukraine<\/p><ul><li><a href=\"https:\/\/www.theglobeandmail.com\/world\/article-the-fearless-ukraine-soldiers-front-lines\/\" target=\"_blank\" rel=\"noopener\">The Fearless<\/a><\/li><li><a href=\"https:\/\/www.theglobeandmail.com\/world\/article-the-exchange-fund-russian-pows-in-ukraine-adjust-to-their-new-reality\/\" target=\"_blank\" rel=\"noopener\">The \u2018exchange fund\u2019: Russian POWs in Ukraine adjust to their new reality<\/a><\/li><li><a href=\"https:\/\/www.theglobeandmail.com\/world\/article-the-russian-dissident-who-didnt-want-to-leave-putins-jail\/\" target=\"_blank\" rel=\"noopener\">\u2018I am not here by my own will\u2019<\/a><\/li><\/ul>\t\t\t\t\t\t\t\t<\/div>\n\t\t\t\t<\/div>\n\t\t\t\t<div class=\"elementor-element elementor-element-a4510b0 elementor-widget elementor-widget-text-editor\" data-id=\"a4510b0\" data-element_type=\"widget\" data-e-type=\"widget\" data-widget_type=\"text-editor.default\">\n\t\t\t\t<div class=\"elementor-widget-container\">\n\t\t\t\t\t\t\t\t\t<p><strong>Kim Bolan, Vancouver Sun\/The Province<\/strong>, pour ses reportages en Australie, en Nouvelle-Z\u00e9lande, \u00e0 Fidji et en Asie du Sud-Est sur la port\u00e9e internationale des organisations criminelles de la Colombie-Britannique<\/p><ul><li><a href=\"https:\/\/vancouversun.com\/feature\/lethal-exports-bc-gangsters-global-drug-trade\" target=\"_blank\" rel=\"noopener\">Lethal Exports: B.C. gangsters at the centre of a global drug trade<\/a><\/li><li><a href=\"https:\/\/vancouversun.com\/feature\/lethal-exports-bc-gangster-alleged-right-hand-asian-el-chapo\" target=\"_blank\" rel=\"noopener\">Lethal Exports: The alleged &lsquo;right hand&rsquo; of a crime boss dubbed the Asian El Chapo is this B.C. man<\/a><\/li><li><a href=\"https:\/\/vancouversun.com\/feature\/lethal-exports-how-bc-gangsters-ruining-tropical-paradise\" target=\"_blank\" rel=\"noopener\">Lethal Exports: How B.C. gangsters are damaging a tropical paradise<\/a><\/li><\/ul>\t\t\t\t\t\t\t\t<\/div>\n\t\t\t\t<\/div>\n\t\t\t\t<div class=\"elementor-element elementor-element-292e3407 elementor-widget elementor-widget-text-editor\" data-id=\"292e3407\" data-element_type=\"widget\" data-e-type=\"widget\" data-widget_type=\"text-editor.default\">\n\t\t\t\t<div class=\"elementor-widget-container\">\n\t\t\t\t\t\t\t\t\t<p><strong>Jean-Thomas L\u00e9veill\u00e9, La Presse<\/strong>, pour sa couverture des cons\u00e9quences sociales et environnementales d\u2019un r\u00e9cent boom p\u00e9trolier en Guyana<\/p><ul><li><a href=\"https:\/\/www.lapresse.ca\/international\/amerique-latine\/la-presse-au-guyana\/un-geant-de-l-or-noir-nait-en-pleine-crise\/2024-11-16\/boom-petrolier-dans-un-etat-fragile.php\" target=\"_blank\" rel=\"noopener\">Un g\u00e9ant de l\u2019or noir na\u00eet en pleine crise<\/a><\/li><li><a href=\"https:\/\/www.lapresse.ca\/international\/amerique-latine\/2024-11-17\/la-presse-au-guyana\/tensions-sociales-dans-le-nouvel-eldorado-petrolier.php\" target=\"_blank\" rel=\"noopener\"><span class=\"title titleModule__main\">Tensions sociales dans le nouvel eldorado p\u00e9trolier<\/span><\/a><\/li><\/ul>\t\t\t\t\t\t\t\t<\/div>\n\t\t\t\t<\/div>\n\t\t\t\t\t<\/div>\n\t\t<\/div>\n\t\t\t\t\t<\/div>\n\t\t<\/section>\n\t\t\t\t<section class=\"elementor-section elementor-top-section elementor-element elementor-element-5806125c elementor-section-boxed elementor-section-height-default elementor-section-height-default\" data-id=\"5806125c\" data-element_type=\"section\" data-e-type=\"section\">\n\t\t\t\t\t\t<div class=\"elementor-container elementor-column-gap-default\">\n\t\t\t\t\t<div class=\"elementor-column elementor-col-33 elementor-top-column elementor-element elementor-element-2146c3af\" data-id=\"2146c3af\" data-element_type=\"column\" data-e-type=\"column\">\n\t\t\t<div class=\"elementor-widget-wrap elementor-element-populated\">\n\t\t\t\t\t\t<div class=\"elementor-element elementor-element-5727049e elementor-widget elementor-widget-heading\" data-id=\"5727049e\" data-element_type=\"widget\" data-e-type=\"widget\" data-widget_type=\"heading.default\">\n\t\t\t\t<div class=\"elementor-widget-container\">\n\t\t\t\t\t<h2 class=\"elementor-heading-title elementor-size-default\">Prix George Brown pour grande enqu\u00eate\n\n<\/h2>\t\t\t\t<\/div>\n\t\t\t\t<\/div>\n\t\t\t\t<div class=\"elementor-element elementor-element-a3259 elementor-widget elementor-widget-image\" data-id=\"a3259\" data-element_type=\"widget\" data-e-type=\"widget\" data-widget_type=\"image.default\">\n\t\t\t\t<div class=\"elementor-widget-container\">\n\t\t\t\t\t\t\t\t\t\t\t\t\t\t\t<img decoding=\"async\" src=\"https:\/\/nna-ccj.ca\/wp-content\/uploads\/elementor\/thumbs\/George-Brown-preferred-qieqxxq8jpg8rsuo0n9b35gfg6pzolzkhmmtl4r8b4.jpg\" title=\"Portrait of George Brown, 1818-1880. Credit: Toronto Public Library\" alt=\"Portrait of George Brown, 1818-1880. Credit: Toronto Public Library\" loading=\"lazy\" \/>\t\t\t\t\t\t\t\t\t\t\t\t\t\t\t<\/div>\n\t\t\t\t<\/div>\n\t\t\t\t\t<\/div>\n\t\t<\/div>\n\t\t\t\t<div class=\"elementor-column elementor-col-66 elementor-top-column elementor-element elementor-element-654cba50\" data-id=\"654cba50\" data-element_type=\"column\" data-e-type=\"column\">\n\t\t\t<div class=\"elementor-widget-wrap elementor-element-populated\">\n\t\t\t\t\t\t<div class=\"elementor-element elementor-element-16c24036 elementor-widget elementor-widget-text-editor\" data-id=\"16c24036\" data-element_type=\"widget\" data-e-type=\"widget\" data-widget_type=\"text-editor.default\">\n\t\t\t\t<div class=\"elementor-widget-container\">\n\t\t\t\t\t\t\t\t\t<p><strong>LAUR\u00c9ATS: <\/strong><b>Robert Cribb, Wendy-Ann Clarke, Declan Keogh and Owen Thompson, Toronto Star\/Investigative Journalism Bureau<\/b><span style=\"font-weight: 400;\">, pour leur reportage sur un programme cens\u00e9 financer des soins de sant\u00e9 mentale pour les Premi\u00e8res Nations et les Inuits, mais qui, au lieu de cela, les laisse tomber<\/span><\/p><ul><li><a href=\"https:\/\/www.thestar.com\/news\/investigations\/a-murder-conviction-sex-with-an-ex-client-defending-residential-schools-background-of-therapists-approved\/article_a01e379a-9796-11ef-a33d-1f85862810ee.html\" target=\"_blank\" rel=\"noopener\">Background of therapists approved for Indigenous mental health program alarms critics<\/a><\/li><li><a href=\"https:\/\/www.thestar.com\/news\/investigations\/canadas-indigenous-mental-health-program-is-meant-to-be-a-lifeline-instead-its-so-mired\/article_58c85d60-9860-11ef-9a95-cf0c83dcf8fd.html\" target=\"_blank\" rel=\"noopener\">Canada\u2019s Indigenous mental health program is meant to be a lifeline. Instead, it\u2019s so mired in red tape it seems \u2018set up to deter people from accessing\u2019 care<\/a><\/li><li><a href=\"https:\/\/www.thestar.com\/news\/canada\/deeply-troubling-ontario-chiefs-call-for-reforms-to-federal-health-program-after-star-ijb-investigation\/article_c6579a66-991f-11ef-a637-abcf30ca6adf.html\" target=\"_blank\" rel=\"noopener\">\u2018Deeply troubling\u2019: Ontario chiefs call for reforms to federal health program after Star\/IJB investigation<\/a><\/li><\/ul>\t\t\t\t\t\t\t\t<\/div>\n\t\t\t\t<\/div>\n\t\t\t\t<div class=\"elementor-element elementor-element-2fa090f6 elementor-widget elementor-widget-text-editor\" data-id=\"2fa090f6\" data-element_type=\"widget\" data-e-type=\"widget\" data-widget_type=\"text-editor.default\">\n\t\t\t\t<div class=\"elementor-widget-container\">\n\t\t\t\t\t\t\t\t\t<p><b>Katrina Clarke and Jeff Hamilton, Winnipeg Free Press<\/b><span style=\"font-weight: 400;\">, pour leur enqu\u00eate de plusieurs mois sur l&rsquo;\u00e9tat des services de garde d&rsquo;enfants au Manitoba et les probl\u00e8mes sous-jacents qui mettent les enfants et les familles en danger<\/span><\/p><ul><li><a href=\"https:\/\/www.winnipegfreepress.com\/featured\/2024\/06\/14\/fear-and-frustration\" target=\"_blank\" rel=\"noopener\">Fear and frustration<\/a><\/li><li><a href=\"https:\/\/www.winnipegfreepress.com\/breakingnews\/2024\/06\/16\/licensed-to-fail\" target=\"_blank\" rel=\"noopener\">Licensed to fail<\/a><\/li><li><a href=\"https:\/\/www.winnipegfreepress.com\/breakingnews\/2024\/06\/17\/stressed-out-maxed-out-and-out-of-reach\" target=\"_blank\" rel=\"noopener\">Stressed out, maxed out and out of reach<\/a><\/li><li><a href=\"https:\/\/www.winnipegfreepress.com\/breakingnews\/2024\/06\/18\/a-desperate-fight-to-be-included\" target=\"_blank\" rel=\"noopener\">A desperate fight to be included<\/a><\/li><li><a href=\"https:\/\/www.winnipegfreepress.com\/breakingnews\/2024\/06\/19\/the-norths-cold-harsh-reality\" target=\"_blank\" rel=\"noopener\">The north\u2019s cold, harsh reality<\/a><\/li><li><a href=\"https:\/\/www.winnipegfreepress.com\/breakingnews\/2024\/06\/21\/child-care-chasm-can-be-bridged\" target=\"_blank\" rel=\"noopener\">Child-care chasm can be bridged<\/a><\/li><\/ul>\t\t\t\t\t\t\t\t<\/div>\n\t\t\t\t<\/div>\n\t\t\t\t<div class=\"elementor-element elementor-element-7a292cfb elementor-widget elementor-widget-text-editor\" data-id=\"7a292cfb\" data-element_type=\"widget\" data-e-type=\"widget\" data-widget_type=\"text-editor.default\">\n\t\t\t\t<div class=\"elementor-widget-container\">\n\t\t\t\t\t\t\t\t\t<p><b>Terry Pender, Waterloo Region Record<\/b><span style=\"font-weight: 400;\">, pour avoir r\u00e9v\u00e9l\u00e9 le r\u00f4le du Comit\u00e9 central mennonite dans l&rsquo;arriv\u00e9e au Canada de milliers de criminels de guerre nazis apr\u00e8s la Seconde Guerre mondiale<\/span><\/p><ul><li><a href=\"https:\/\/www.therecord.com\/news\/waterloo-region\/bending-the-rules-how-canada-opened-its-doors-to-nazi-war-criminals\/article_c331ceae-21f8-5a02-a704-dbd5ff775296.html\" target=\"_blank\" rel=\"noopener\">Bending the rules: How Canada opened its doors to Nazi war criminals<\/a><\/li><\/ul>\t\t\t\t\t\t\t\t<\/div>\n\t\t\t\t<\/div>\n\t\t\t\t\t<\/div>\n\t\t<\/div>\n\t\t\t\t\t<\/div>\n\t\t<\/section>\n\t\t\t\t<section class=\"elementor-section elementor-top-section elementor-element elementor-element-5503e438 elementor-section-boxed elementor-section-height-default elementor-section-height-default\" data-id=\"5503e438\" data-element_type=\"section\" data-e-type=\"section\">\n\t\t\t\t\t\t<div class=\"elementor-container elementor-column-gap-default\">\n\t\t\t\t\t<div class=\"elementor-column elementor-col-33 elementor-top-column elementor-element elementor-element-1ebb5589\" data-id=\"1ebb5589\" data-element_type=\"column\" data-e-type=\"column\">\n\t\t\t<div class=\"elementor-widget-wrap elementor-element-populated\">\n\t\t\t\t\t\t<div class=\"elementor-element elementor-element-39a8fb41 elementor-widget elementor-widget-heading\" data-id=\"39a8fb41\" data-element_type=\"widget\" data-e-type=\"widget\" data-widget_type=\"heading.default\">\n\t\t\t\t<div class=\"elementor-widget-container\">\n\t\t\t\t\t<h2 class=\"elementor-heading-title elementor-size-default\">Prix E. Cora Hind pour le reportage \u00e0 caract\u00e8re local\n\n<\/h2>\t\t\t\t<\/div>\n\t\t\t\t<\/div>\n\t\t\t\t<div class=\"elementor-element elementor-element-5f7d29c9 elementor-widget elementor-widget-image\" data-id=\"5f7d29c9\" data-element_type=\"widget\" data-e-type=\"widget\" data-widget_type=\"image.default\">\n\t\t\t\t<div class=\"elementor-widget-container\">\n\t\t\t\t\t\t\t\t\t\t\t\t\t\t\t<img decoding=\"async\" src=\"https:\/\/nna-ccj.ca\/wp-content\/uploads\/elementor\/thumbs\/E.Cora-Hind-Photo-e1668658436536-qieqxwsecveyg6w164uoinoyusumgwvu5hzc3usmhc.jpg\" title=\"E.Cora Hind Photo\" alt=\"E.Cora Hind Photo\" loading=\"lazy\" \/>\t\t\t\t\t\t\t\t\t\t\t\t\t\t\t<\/div>\n\t\t\t\t<\/div>\n\t\t\t\t\t<\/div>\n\t\t<\/div>\n\t\t\t\t<div class=\"elementor-column elementor-col-66 elementor-top-column elementor-element elementor-element-126dfc3b\" data-id=\"126dfc3b\" data-element_type=\"column\" data-e-type=\"column\">\n\t\t\t<div class=\"elementor-widget-wrap elementor-element-populated\">\n\t\t\t\t\t\t<div class=\"elementor-element elementor-element-5d91ca7f elementor-widget elementor-widget-text-editor\" data-id=\"5d91ca7f\" data-element_type=\"widget\" data-e-type=\"widget\" data-widget_type=\"text-editor.default\">\n\t\t\t\t<div class=\"elementor-widget-container\">\n\t\t\t\t\t\t\t\t\t<p><strong>LAUR\u00c9AT: <\/strong><b>Aaron Beswick, The Chronicle Herald<\/b><span style=\"font-weight: 400;\">, pour sa couverture de l&rsquo;anarchie qui r\u00e8gne dans les p\u00eacheries de homard et d&rsquo;anguille de Nouvelle-\u00c9cosse, y compris le braconnage, l&rsquo;incendie de bateaux et de b\u00e2timents, et l&rsquo;\u00e9mergence du crime organis\u00e9 et des op\u00e9rations de contrebande internationales<\/span><\/p><ul><li><a href=\"https:\/\/www.saltwire.com\/atlantic-canada\/we-are-going-to-lose-this-species-forever-how-federal-inaction-is-pitting-communities-against-each-other-and-risking-the-future-of-the-american-eel-100932598\" target=\"_blank\" rel=\"noopener\">\u2018We are going to lose this species forever\u2019: How federal inaction is pitting communities against each other and risking the future of the American eel<\/a><\/li><li><a href=\"https:\/\/www.saltwire.com\/atlantic-canada\/canadas-graduation-from-lax-fisheries-enforcer-to-laundromat-for-international-poachers-100941115\" target=\"_blank\" rel=\"noopener\">Canada\u2019s graduation from lax fisheries enforcer to laundromat for international poachers<\/a><\/li><li><a href=\"https:\/\/www.saltwire.com\/atlantic-canada\/mps-flog-dfo-brass-over-alleged-elver-mismanagement-100938587\" target=\"_blank\" rel=\"noopener\">MPs flog DFO brass over alleged elver mismanagement<\/a><\/li><li><a href=\"https:\/\/www.saltwire.com\/atlantic-canada\/memory-money-a-parasite-and-the-future-of-the-american-eel-100977086\" target=\"_blank\" rel=\"noopener\">Memory, money, a parasite and the future of the American eel<\/a><\/li><li><a href=\"https:\/\/www.saltwire.com\/atlantic-canada\/no-peace-on-the-water-how-dfo-killed-a-deal-to-end-the-lobster-dispute-in-southwest-nova-scotia-100993139\" target=\"_blank\" rel=\"noopener\">No peace on the water: How DFO killed a deal to end the lobster dispute in southwest Nova Scotia<\/a><\/li><li><a href=\"https:\/\/www.saltwire.com\/atlantic-canada\/the-mikmaq-fishery-25-years-after-r-vs-marshall-100994495\" target=\"_blank\" rel=\"noopener\">The Mi\u2019kmaq fishery 25 years after R. vs. Marshall<\/a><\/li><li><a href=\"https:\/\/www.saltwire.com\/atlantic-canada\/processor-accused-of-profiting-off-illegal-lobster-elver-fisheries-in-ns-101008670#:~:text=Who%20is%20Xiaoming%20Mao%3F,and%20fish%20processing%2Fshipping%20capacity.\" target=\"_blank\" rel=\"noopener\">Processor accused of profiting off illegal lobster, elver fisheries in N.S.<\/a><\/li><li><a href=\"https:\/\/www.saltwire.com\/atlantic-canada\/shot-fired-into-lobster-buyers-home-as-southwest-ns-season-opens-101009363\" target=\"_blank\" rel=\"noopener\">Shot fired into lobster buyer&rsquo;s home as southwest N.S. season opens<\/a><\/li><\/ul>\t\t\t\t\t\t\t\t<\/div>\n\t\t\t\t<\/div>\n\t\t\t\t<div class=\"elementor-element elementor-element-34cbf452 elementor-widget elementor-widget-text-editor\" data-id=\"34cbf452\" data-element_type=\"widget\" data-e-type=\"widget\" data-widget_type=\"text-editor.default\">\n\t\t\t\t<div class=\"elementor-widget-container\">\n\t\t\t\t\t\t\t\t\t<p><b>Tyler Olsen, Fraser Valley Current<\/b><span style=\"font-weight: 400;\">, pour son analyse approfondie des raisons de la faillite d&rsquo;un empire de l&rsquo;information communautaire en Colombie-Britannique et de son incidence pour les lecteurs ainsi que pour les employ\u00e9s de l&rsquo;entreprise<\/span><\/p><ul><li><a href=\"https:\/\/fvcurrent.com\/p\/black-press-akron-creditor-protection\" target=\"_blank\" rel=\"noopener\">How an Ohio newspaper sank a BC publishing empire<\/a><\/li><li><a href=\"https:\/\/fvcurrent.com\/p\/black-press-creditors\" target=\"_blank\" rel=\"noopener\">What creditor protection means for Black Press, its papers, and readers<\/a><\/li><li><a href=\"https:\/\/fvcurrent.com\/p\/black-press-auction-stalking-horse\" target=\"_blank\" rel=\"noopener\">Black Press&rsquo;s stalking horse: The auction that will seal the fate of hundreds of newspapers<\/a><\/li><li><a href=\"https:\/\/fvcurrent.com\/p\/black-press-pension-honolulu-akron\" target=\"_blank\" rel=\"noopener\">Objection!: Why the US government may block sale of BC newspaper chain<\/a><\/li><li><a href=\"https:\/\/fvcurrent.com\/p\/black-press-hackers-deal\" target=\"_blank\" rel=\"noopener\">Black Press set for sale after striing deals with US feds, international hackers<\/a><\/li><\/ul>\t\t\t\t\t\t\t\t<\/div>\n\t\t\t\t<\/div>\n\t\t\t\t<div class=\"elementor-element elementor-element-2727dfd6 elementor-widget elementor-widget-text-editor\" data-id=\"2727dfd6\" data-element_type=\"widget\" data-e-type=\"widget\" data-widget_type=\"text-editor.default\">\n\t\t\t\t<div class=\"elementor-widget-container\">\n\t\t\t\t\t\t\t\t\t<p><b>Julia Peterson, Saskatoon Star Phoenix<\/b><span style=\"font-weight: 400;\">, pour sa couverture compl\u00e8te des deux enqu\u00eates sur les massacres de la nation crie de James Smith : l&rsquo;une pour les 11 victimes et l&rsquo;autre pour Myles Sanderson, d\u00e9c\u00e9d\u00e9 en d\u00e9tention quatre jours apr\u00e8s avoir commis ses crimes<\/span><\/p><ul><li><a href=\"https:\/\/thestarphoenix.com\/news\/saskatchewan\/inquest-into-sask-mass-killings-hears-stories-of-horror-heartbreak-and-heroism\" target=\"_blank\" rel=\"noopener\">Stories of horror, heartbreak and heroism at inquest into Sask. mass killings<\/a><\/li><li><a href=\"https:\/\/thestarphoenix.com\/feature\/how-paintings-by-a-james-smith-cree-nation-artist-bring-beauty-to-tragedy\" target=\"_blank\" rel=\"noopener\">How paintings by a James Smith Cree Nation artist bring beauty to tragedy<\/a><\/li><li><a href=\"https:\/\/thestarphoenix.com\/news\/local-news\/a-journalist-reflects-on-covering-the-2022-saskatchewan-mass-killings\" target=\"_blank\" rel=\"noopener\">A journalist reflects on covering the 2022 Saskatchewan mass killings<\/a><\/li><li><a href=\"https:\/\/thestarphoenix.com\/news\/local-news\/coroners-inquest-into-james-smith-cree-nation-weldon-mass-killing-begins\" target=\"_blank\" rel=\"noopener\">Live updates: Coroner&rsquo;s inquest into\u00a0James Smith Cree Nation, Weldon\u00a0mass killing underway<\/a><\/li><li><a href=\"https:\/\/thestarphoenix.com\/news\/local-news\/five-critical-questions-answered-by-the-coroners-inquest-into-the-death-of-myles-sanderson\" target=\"_blank\" rel=\"noopener\">Five critical questions answered by the coroner&rsquo;s inquest into the death of Myles Sanderson<\/a><\/li><\/ul>\t\t\t\t\t\t\t\t<\/div>\n\t\t\t\t<\/div>\n\t\t\t\t\t<\/div>\n\t\t<\/div>\n\t\t\t\t\t<\/div>\n\t\t<\/section>\n\t\t\t\t<section class=\"elementor-section elementor-top-section elementor-element elementor-element-55130f10 elementor-section-boxed elementor-section-height-default elementor-section-height-default\" data-id=\"55130f10\" data-element_type=\"section\" data-e-type=\"section\">\n\t\t\t\t\t\t<div class=\"elementor-container elementor-column-gap-default\">\n\t\t\t\t\t<div class=\"elementor-column elementor-col-33 elementor-top-column elementor-element elementor-element-e119995\" data-id=\"e119995\" data-element_type=\"column\" data-e-type=\"column\">\n\t\t\t<div class=\"elementor-widget-wrap elementor-element-populated\">\n\t\t\t\t\t\t<div class=\"elementor-element elementor-element-54f57182 elementor-widget elementor-widget-heading\" data-id=\"54f57182\" data-element_type=\"widget\" data-e-type=\"widget\" data-widget_type=\"heading.default\">\n\t\t\t\t<div class=\"elementor-widget-container\">\n\t\t\t\t\t<h2 class=\"elementor-heading-title elementor-size-default\">Prix William Southam pour l'article de fond<\/h2>\t\t\t\t<\/div>\n\t\t\t\t<\/div>\n\t\t\t\t<div class=\"elementor-element elementor-element-2f21037b elementor-widget elementor-widget-image\" data-id=\"2f21037b\" data-element_type=\"widget\" data-e-type=\"widget\" data-widget_type=\"image.default\">\n\t\t\t\t<div class=\"elementor-widget-container\">\n\t\t\t\t\t\t\t\t\t\t\t\t\t\t\t<img decoding=\"async\" width=\"150\" height=\"150\" src=\"https:\/\/nna-ccj.ca\/wp-content\/uploads\/2022\/11\/William-Southam-150x150.jpg\" class=\"attachment-thumbnail size-thumbnail wp-image-6499\" alt=\"\" srcset=\"https:\/\/nna-ccj.ca\/wp-content\/uploads\/2022\/11\/William-Southam-150x150.jpg 150w, https:\/\/nna-ccj.ca\/wp-content\/uploads\/2022\/11\/William-Southam-85x85.jpg 85w, https:\/\/nna-ccj.ca\/wp-content\/uploads\/2022\/11\/William-Southam-80x80.jpg 80w\" sizes=\"(max-width:767px) 150px, 150px\" \/>\t\t\t\t\t\t\t\t\t\t\t\t\t\t\t<\/div>\n\t\t\t\t<\/div>\n\t\t\t\t\t<\/div>\n\t\t<\/div>\n\t\t\t\t<div class=\"elementor-column elementor-col-66 elementor-top-column elementor-element elementor-element-16c8025a\" data-id=\"16c8025a\" data-element_type=\"column\" data-e-type=\"column\">\n\t\t\t<div class=\"elementor-widget-wrap elementor-element-populated\">\n\t\t\t\t\t\t<div class=\"elementor-element elementor-element-72277193 elementor-widget elementor-widget-text-editor\" data-id=\"72277193\" data-element_type=\"widget\" data-e-type=\"widget\" data-widget_type=\"text-editor.default\">\n\t\t\t\t<div class=\"elementor-widget-container\">\n\t\t\t\t\t\t\t\t\t<p><strong>LAUR\u00c9AT: <\/strong><strong>Brandon Harder, Regina Leader-Post<\/strong>, pour sa reconstitution minutieuse de ce qui se passe lorsque la police infiltr\u00e9e cherche \u00e0 arracher des aveux \u00e0 un meurtrier dans une affaire non r\u00e9solue<\/p><ul><li><a href=\"https:\/\/leaderpost.com\/feature\/the-secret-in-the-slough\" target=\"_blank\" rel=\"noopener\">The secret in the slough: How undercover cops got a cold case murder confession<\/a><\/li><\/ul>\t\t\t\t\t\t\t\t<\/div>\n\t\t\t\t<\/div>\n\t\t\t\t<div class=\"elementor-element elementor-element-6fc1399f elementor-widget elementor-widget-text-editor\" data-id=\"6fc1399f\" data-element_type=\"widget\" data-e-type=\"widget\" data-widget_type=\"text-editor.default\">\n\t\t\t\t<div class=\"elementor-widget-container\">\n\t\t\t\t\t\t\t\t\t<p><strong>Emma McIntosh, The Narwhal<\/strong>, pour avoir m\u00eal\u00e9 la science \u00e0 la narration et aux descriptions vivantes afin de donner vie \u00e0 l&rsquo;histoire du troupeau de caribous de l&rsquo;extr\u00eame sud du Canada, une esp\u00e8ce menac\u00e9e<\/p><ul><li><a href=\"https:\/\/thenarwhal.ca\/ontario-slate-islands-threatened-caribou\/\" target=\"_blank\" rel=\"noopener\">The lonely Lake Superior caribou and a lesson in limits<\/a><\/li><\/ul>\t\t\t\t\t\t\t\t<\/div>\n\t\t\t\t<\/div>\n\t\t\t\t<div class=\"elementor-element elementor-element-af05f28 elementor-widget elementor-widget-text-editor\" data-id=\"af05f28\" data-element_type=\"widget\" data-e-type=\"widget\" data-widget_type=\"text-editor.default\">\n\t\t\t\t<div class=\"elementor-widget-container\">\n\t\t\t\t\t\t\t\t\t<p><strong>Anne-Marie Provost, La Presse, <\/strong>pour son reportage sur la route quatre saisons qui a reli\u00e9 Inuvik \u00e0 Tuktoyaktuk en 2017, permettant aux Canadiens d&rsquo;acc\u00e9der en voiture \u00e0 l&rsquo;oc\u00e9an arctique, et sur la fa\u00e7on dont les communaut\u00e9s font face \u00e0 l&rsquo;afflux de touristes<\/p><ul><li><a href=\"https:\/\/www.lapresse.ca\/actualites\/national\/la-presse-en-arctique\/au-bout-de-la-route\/2024-09-02\/la-plus-belle-et-la-plus-hostile-des-routes.php\" target=\"_blank\" rel=\"noopener\">Au bout de la route<\/a><\/li><\/ul>\t\t\t\t\t\t\t\t<\/div>\n\t\t\t\t<\/div>\n\t\t\t\t\t<\/div>\n\t\t<\/div>\n\t\t\t\t\t<\/div>\n\t\t<\/section>\n\t\t\t\t<section class=\"elementor-section elementor-top-section elementor-element elementor-element-2e516fb2 elementor-section-boxed elementor-section-height-default elementor-section-height-default\" data-id=\"2e516fb2\" data-element_type=\"section\" data-e-type=\"section\">\n\t\t\t\t\t\t<div class=\"elementor-container elementor-column-gap-default\">\n\t\t\t\t\t<div class=\"elementor-column elementor-col-33 elementor-top-column elementor-element elementor-element-4b7d940e\" data-id=\"4b7d940e\" data-element_type=\"column\" data-e-type=\"column\">\n\t\t\t<div class=\"elementor-widget-wrap elementor-element-populated\">\n\t\t\t\t\t\t<div class=\"elementor-element elementor-element-5bd2c24f elementor-widget elementor-widget-heading\" data-id=\"5bd2c24f\" data-element_type=\"widget\" data-e-type=\"widget\" data-widget_type=\"heading.default\">\n\t\t\t\t<div class=\"elementor-widget-container\">\n\t\t\t\t\t<h2 class=\"elementor-heading-title elementor-size-default\">Photo d\u2019actualit\u00e9\n<\/h2>\t\t\t\t<\/div>\n\t\t\t\t<\/div>\n\t\t\t\t\t<\/div>\n\t\t<\/div>\n\t\t\t\t<div class=\"elementor-column elementor-col-66 elementor-top-column elementor-element elementor-element-714cfaa0\" data-id=\"714cfaa0\" data-element_type=\"column\" data-e-type=\"column\">\n\t\t\t<div class=\"elementor-widget-wrap elementor-element-populated\">\n\t\t\t\t\t\t<div class=\"elementor-element elementor-element-1e573265 elementor-widget elementor-widget-text-editor\" data-id=\"1e573265\" data-element_type=\"widget\" data-e-type=\"widget\" data-widget_type=\"text-editor.default\">\n\t\t\t\t<div class=\"elementor-widget-container\">\n\t\t\t\t\t\t\t\t\t<p><strong>LAUR\u00c9AT: <\/strong><strong>Carlos Osorio, Reuters<\/strong>, pour une photo a\u00e9rienne du message \u00abWe Will Return\u00bb peint sur le sol d\u2019un campement propalestinien d\u00e9sert \u00e0 l\u2019Universit\u00e9 de Toronto<\/p>\t\t\t\t\t\t\t\t<\/div>\n\t\t\t\t<\/div>\n\t\t\t\t<div class=\"elementor-element elementor-element-28c6c38d elementor-widget elementor-widget-gallery\" data-id=\"28c6c38d\" data-element_type=\"widget\" data-e-type=\"widget\" data-settings=\"{&quot;columns&quot;:5,&quot;aspect_ratio&quot;:&quot;4:3&quot;,&quot;lazyload&quot;:&quot;yes&quot;,&quot;gallery_layout&quot;:&quot;grid&quot;,&quot;columns_tablet&quot;:2,&quot;columns_mobile&quot;:1,&quot;gap&quot;:{&quot;unit&quot;:&quot;px&quot;,&quot;size&quot;:10,&quot;sizes&quot;:[]},&quot;gap_tablet&quot;:{&quot;unit&quot;:&quot;px&quot;,&quot;size&quot;:10,&quot;sizes&quot;:[]},&quot;gap_mobile&quot;:{&quot;unit&quot;:&quot;px&quot;,&quot;size&quot;:10,&quot;sizes&quot;:[]},&quot;link_to&quot;:&quot;file&quot;,&quot;overlay_background&quot;:&quot;yes&quot;,&quot;content_hover_animation&quot;:&quot;fade-in&quot;}\" data-widget_type=\"gallery.default\">\n\t\t\t\t<div class=\"elementor-widget-container\">\n\t\t\t\t\t\t\t<div class=\"elementor-gallery__container\">\n\t\t\t\t\t\t\t<a class=\"e-gallery-item elementor-gallery-item elementor-animated-content\" href=\"https:\/\/nna-ccj.ca\/wp-content\/uploads\/2025\/03\/Osorio-photo-scaled.jpg\" data-elementor-open-lightbox=\"yes\" data-elementor-lightbox-slideshow=\"28c6c38d\" data-elementor-lightbox-title=\"Pro-Palestinian protest camp ordered to leave University of Toronto  REUTERS\/Carlos Osorio\" data-e-action-hash=\"#elementor-action%3Aaction%3Dlightbox%26settings%3DeyJpZCI6OTY3OSwidXJsIjoiaHR0cHM6XC9cL25uYS1jY2ouY2FcL3dwLWNvbnRlbnRcL3VwbG9hZHNcLzIwMjVcLzAzXC9Pc29yaW8tcGhvdG8tc2NhbGVkLmpwZyIsInNsaWRlc2hvdyI6IjI4YzZjMzhkIn0%3D\">\n\t\t\t\t\t<div class=\"e-gallery-image elementor-gallery-item__image\" data-thumbnail=\"https:\/\/nna-ccj.ca\/wp-content\/uploads\/2025\/03\/Osorio-photo-150x150.jpg\" data-width=\"150\" data-height=\"150\" aria-label=\"\" role=\"img\" ><\/div>\n\t\t\t\t\t\t\t\t\t\t\t<div class=\"elementor-gallery-item__overlay\"><\/div>\n\t\t\t\t\t\t\t\t\t\t\t\t\t\t<\/a>\n\t\t\t\t\t<\/div>\n\t\t\t\t\t<\/div>\n\t\t\t\t<\/div>\n\t\t\t\t<div class=\"elementor-element elementor-element-412c2914 elementor-widget elementor-widget-text-editor\" data-id=\"412c2914\" data-element_type=\"widget\" data-e-type=\"widget\" data-widget_type=\"text-editor.default\">\n\t\t\t\t<div class=\"elementor-widget-container\">\n\t\t\t\t\t\t\t\t\t<p><strong>Sammy Kogan, The Globe and Mail<\/strong>, pour avoir capt\u00e9 un moment de lourde peine qui sert \u00e9galement de rappel brutal du bilan d\u00e9vastateur de la violence arm\u00e9e<\/p>\t\t\t\t\t\t\t\t<\/div>\n\t\t\t\t<\/div>\n\t\t\t\t<div class=\"elementor-element elementor-element-4fb083e8 elementor-widget elementor-widget-gallery\" data-id=\"4fb083e8\" data-element_type=\"widget\" data-e-type=\"widget\" data-settings=\"{&quot;columns&quot;:5,&quot;aspect_ratio&quot;:&quot;4:3&quot;,&quot;lazyload&quot;:&quot;yes&quot;,&quot;gallery_layout&quot;:&quot;grid&quot;,&quot;columns_tablet&quot;:2,&quot;columns_mobile&quot;:1,&quot;gap&quot;:{&quot;unit&quot;:&quot;px&quot;,&quot;size&quot;:10,&quot;sizes&quot;:[]},&quot;gap_tablet&quot;:{&quot;unit&quot;:&quot;px&quot;,&quot;size&quot;:10,&quot;sizes&quot;:[]},&quot;gap_mobile&quot;:{&quot;unit&quot;:&quot;px&quot;,&quot;size&quot;:10,&quot;sizes&quot;:[]},&quot;link_to&quot;:&quot;file&quot;,&quot;overlay_background&quot;:&quot;yes&quot;,&quot;content_hover_animation&quot;:&quot;fade-in&quot;}\" data-widget_type=\"gallery.default\">\n\t\t\t\t<div class=\"elementor-widget-container\">\n\t\t\t\t\t\t\t<div class=\"elementor-gallery__container\">\n\t\t\t\t\t\t\t<a class=\"e-gallery-item elementor-gallery-item elementor-animated-content\" href=\"https:\/\/nna-ccj.ca\/wp-content\/uploads\/2025\/03\/KOGAN-photo-scaled.jpg\" data-elementor-open-lightbox=\"yes\" data-elementor-lightbox-slideshow=\"4fb083e8\" data-elementor-lightbox-title=\"Toronto Mayor Olivia Chow and Toronto Police Chief Myron Demkiw hold Sophia Dunn as she falls to her knees next to the spot where her son-in-law was fatally shot following a mass shooting in Etobicoke over the weekend. (Sammy Kogan\/The Globe and Mail)\" data-e-action-hash=\"#elementor-action%3Aaction%3Dlightbox%26settings%3DeyJpZCI6OTY3NywidXJsIjoiaHR0cHM6XC9cL25uYS1jY2ouY2FcL3dwLWNvbnRlbnRcL3VwbG9hZHNcLzIwMjVcLzAzXC9LT0dBTi1waG90by1zY2FsZWQuanBnIiwic2xpZGVzaG93IjoiNGZiMDgzZTgifQ%3D%3D\">\n\t\t\t\t\t<div class=\"e-gallery-image elementor-gallery-item__image\" data-thumbnail=\"https:\/\/nna-ccj.ca\/wp-content\/uploads\/2025\/03\/KOGAN-photo-150x150.jpg\" data-width=\"150\" data-height=\"150\" aria-label=\"\" role=\"img\" ><\/div>\n\t\t\t\t\t\t\t\t\t\t\t<div class=\"elementor-gallery-item__overlay\"><\/div>\n\t\t\t\t\t\t\t\t\t\t\t\t\t\t<\/a>\n\t\t\t\t\t<\/div>\n\t\t\t\t\t<\/div>\n\t\t\t\t<\/div>\n\t\t\t\t<div class=\"elementor-element elementor-element-655af998 elementor-widget elementor-widget-text-editor\" data-id=\"655af998\" data-element_type=\"widget\" data-e-type=\"widget\" data-widget_type=\"text-editor.default\">\n\t\t\t\t<div class=\"elementor-widget-container\">\n\t\t\t\t\t\t\t\t\t<p><strong>Jim Wells, Calgary Herald\/Calgary Sun<\/strong>, pour sa photo spectaculaire d&rsquo;un homme s&rsquo;effor\u00e7ant de lib\u00e9rer un cerf enfonc\u00e9 dans les glaces de la rivi\u00e8re Bow<\/p>\t\t\t\t\t\t\t\t<\/div>\n\t\t\t\t<\/div>\n\t\t\t\t<div class=\"elementor-element elementor-element-26b23651 elementor-widget elementor-widget-gallery\" data-id=\"26b23651\" data-element_type=\"widget\" data-e-type=\"widget\" data-settings=\"{&quot;columns&quot;:5,&quot;aspect_ratio&quot;:&quot;4:3&quot;,&quot;lazyload&quot;:&quot;yes&quot;,&quot;gallery_layout&quot;:&quot;grid&quot;,&quot;columns_tablet&quot;:2,&quot;columns_mobile&quot;:1,&quot;gap&quot;:{&quot;unit&quot;:&quot;px&quot;,&quot;size&quot;:10,&quot;sizes&quot;:[]},&quot;gap_tablet&quot;:{&quot;unit&quot;:&quot;px&quot;,&quot;size&quot;:10,&quot;sizes&quot;:[]},&quot;gap_mobile&quot;:{&quot;unit&quot;:&quot;px&quot;,&quot;size&quot;:10,&quot;sizes&quot;:[]},&quot;link_to&quot;:&quot;file&quot;,&quot;overlay_background&quot;:&quot;yes&quot;,&quot;content_hover_animation&quot;:&quot;fade-in&quot;}\" data-widget_type=\"gallery.default\">\n\t\t\t\t<div class=\"elementor-widget-container\">\n\t\t\t\t\t\t\t<div class=\"elementor-gallery__container\">\n\t\t\t\t\t\t\t<a class=\"e-gallery-item elementor-gallery-item elementor-animated-content\" href=\"https:\/\/nna-ccj.ca\/wp-content\/uploads\/2025\/03\/Wells-photo-scaled.jpg\" data-elementor-open-lightbox=\"yes\" data-elementor-lightbox-slideshow=\"26b23651\" data-elementor-lightbox-title=\"Bobby Boyd and James Ford (not shown here) work to free a deer stuck in frozen water and on the ice in the Bow River Jim Wells\/Postmedia\" data-e-action-hash=\"#elementor-action%3Aaction%3Dlightbox%26settings%3DeyJpZCI6OTY3NSwidXJsIjoiaHR0cHM6XC9cL25uYS1jY2ouY2FcL3dwLWNvbnRlbnRcL3VwbG9hZHNcLzIwMjVcLzAzXC9XZWxscy1waG90by1zY2FsZWQuanBnIiwic2xpZGVzaG93IjoiMjZiMjM2NTEifQ%3D%3D\">\n\t\t\t\t\t<div class=\"e-gallery-image elementor-gallery-item__image\" data-thumbnail=\"https:\/\/nna-ccj.ca\/wp-content\/uploads\/2025\/03\/Wells-photo-150x150.jpg\" data-width=\"150\" data-height=\"150\" aria-label=\"\" role=\"img\" ><\/div>\n\t\t\t\t\t\t\t\t\t\t\t<div class=\"elementor-gallery-item__overlay\"><\/div>\n\t\t\t\t\t\t\t\t\t\t\t\t\t\t<\/a>\n\t\t\t\t\t<\/div>\n\t\t\t\t\t<\/div>\n\t\t\t\t<\/div>\n\t\t\t\t\t<\/div>\n\t\t<\/div>\n\t\t\t\t\t<\/div>\n\t\t<\/section>\n\t\t\t\t<section class=\"elementor-section elementor-top-section elementor-element elementor-element-cf1aac2 elementor-section-boxed elementor-section-height-default elementor-section-height-default\" data-id=\"cf1aac2\" data-element_type=\"section\" data-e-type=\"section\">\n\t\t\t\t\t\t<div class=\"elementor-container elementor-column-gap-default\">\n\t\t\t\t\t<div class=\"elementor-column elementor-col-33 elementor-top-column elementor-element elementor-element-4ef4fb3\" data-id=\"4ef4fb3\" data-element_type=\"column\" data-e-type=\"column\">\n\t\t\t<div class=\"elementor-widget-wrap elementor-element-populated\">\n\t\t\t\t\t\t<div class=\"elementor-element elementor-element-e1e5e2c elementor-widget elementor-widget-heading\" data-id=\"e1e5e2c\" data-element_type=\"widget\" data-e-type=\"widget\" data-widget_type=\"heading.default\">\n\t\t\t\t<div class=\"elementor-widget-container\">\n\t\t\t\t\t<h2 class=\"elementor-heading-title elementor-size-default\">Reportage photo\n<\/h2>\t\t\t\t<\/div>\n\t\t\t\t<\/div>\n\t\t\t\t\t<\/div>\n\t\t<\/div>\n\t\t\t\t<div class=\"elementor-column elementor-col-66 elementor-top-column elementor-element elementor-element-dcdab4e\" data-id=\"dcdab4e\" data-element_type=\"column\" data-e-type=\"column\">\n\t\t\t<div class=\"elementor-widget-wrap elementor-element-populated\">\n\t\t\t\t\t\t<div class=\"elementor-element elementor-element-1baf724 elementor-widget elementor-widget-text-editor\" data-id=\"1baf724\" data-element_type=\"widget\" data-e-type=\"widget\" data-widget_type=\"text-editor.default\">\n\t\t\t\t<div class=\"elementor-widget-container\">\n\t\t\t\t\t\t\t\t\t<p><strong>LAUR\u00c9AT: <\/strong><strong>Carlos Osorio, Reuters<\/strong>, pour sa couverture des \u00e9lections am\u00e9ricaines<\/p>\t\t\t\t\t\t\t\t<\/div>\n\t\t\t\t<\/div>\n\t\t\t\t<div class=\"elementor-element elementor-element-8dc14e9 elementor-widget elementor-widget-gallery\" data-id=\"8dc14e9\" data-element_type=\"widget\" data-e-type=\"widget\" data-settings=\"{&quot;columns&quot;:5,&quot;aspect_ratio&quot;:&quot;4:3&quot;,&quot;lazyload&quot;:&quot;yes&quot;,&quot;gallery_layout&quot;:&quot;grid&quot;,&quot;columns_tablet&quot;:2,&quot;columns_mobile&quot;:1,&quot;gap&quot;:{&quot;unit&quot;:&quot;px&quot;,&quot;size&quot;:10,&quot;sizes&quot;:[]},&quot;gap_tablet&quot;:{&quot;unit&quot;:&quot;px&quot;,&quot;size&quot;:10,&quot;sizes&quot;:[]},&quot;gap_mobile&quot;:{&quot;unit&quot;:&quot;px&quot;,&quot;size&quot;:10,&quot;sizes&quot;:[]},&quot;link_to&quot;:&quot;file&quot;,&quot;overlay_background&quot;:&quot;yes&quot;,&quot;content_hover_animation&quot;:&quot;fade-in&quot;}\" data-widget_type=\"gallery.default\">\n\t\t\t\t<div class=\"elementor-widget-container\">\n\t\t\t\t\t\t\t<div class=\"elementor-gallery__container\">\n\t\t\t\t\t\t\t<a class=\"e-gallery-item elementor-gallery-item elementor-animated-content\" href=\"https:\/\/nna-ccj.ca\/wp-content\/uploads\/2025\/03\/Osorio-1-scaled.jpg\" data-elementor-open-lightbox=\"yes\" data-elementor-lightbox-slideshow=\"8dc14e9\" data-elementor-lightbox-title=\"People recite the Pledge of Alligence as they wait for the start of a rally where Republican vice presidential nominee and U.S. Senator J.D. Vance is expected to speak, in Portage, Michigan, U.S  REUTERS\/Carlos Osorio\" data-e-action-hash=\"#elementor-action%3Aaction%3Dlightbox%26settings%3DeyJpZCI6OTcyMCwidXJsIjoiaHR0cHM6XC9cL25uYS1jY2ouY2FcL3dwLWNvbnRlbnRcL3VwbG9hZHNcLzIwMjVcLzAzXC9Pc29yaW8tMS1zY2FsZWQuanBnIiwic2xpZGVzaG93IjoiOGRjMTRlOSJ9\">\n\t\t\t\t\t<div class=\"e-gallery-image elementor-gallery-item__image\" data-thumbnail=\"https:\/\/nna-ccj.ca\/wp-content\/uploads\/2025\/03\/Osorio-1-150x150.jpg\" data-width=\"150\" data-height=\"150\" aria-label=\"\" role=\"img\" ><\/div>\n\t\t\t\t\t\t\t\t\t\t\t<div class=\"elementor-gallery-item__overlay\"><\/div>\n\t\t\t\t\t\t\t\t\t\t\t\t\t\t<\/a>\n\t\t\t\t\t\t\t<a class=\"e-gallery-item elementor-gallery-item elementor-animated-content\" href=\"https:\/\/nna-ccj.ca\/wp-content\/uploads\/2025\/03\/Osorio-2-scaled.jpg\" data-elementor-open-lightbox=\"yes\" data-elementor-lightbox-slideshow=\"8dc14e9\" data-elementor-lightbox-title=\"Republican presidential nominee and former U.S. President Donald Trump holds a campaign rally in Novi, Michigan REUTERS\/Carlos Osorio\" data-e-action-hash=\"#elementor-action%3Aaction%3Dlightbox%26settings%3DeyJpZCI6OTcyMiwidXJsIjoiaHR0cHM6XC9cL25uYS1jY2ouY2FcL3dwLWNvbnRlbnRcL3VwbG9hZHNcLzIwMjVcLzAzXC9Pc29yaW8tMi1zY2FsZWQuanBnIiwic2xpZGVzaG93IjoiOGRjMTRlOSJ9\">\n\t\t\t\t\t<div class=\"e-gallery-image elementor-gallery-item__image\" data-thumbnail=\"https:\/\/nna-ccj.ca\/wp-content\/uploads\/2025\/03\/Osorio-2-150x150.jpg\" data-width=\"150\" data-height=\"150\" aria-label=\"\" role=\"img\" ><\/div>\n\t\t\t\t\t\t\t\t\t\t\t<div class=\"elementor-gallery-item__overlay\"><\/div>\n\t\t\t\t\t\t\t\t\t\t\t\t\t\t<\/a>\n\t\t\t\t\t\t\t<a class=\"e-gallery-item elementor-gallery-item elementor-animated-content\" href=\"https:\/\/nna-ccj.ca\/wp-content\/uploads\/2025\/03\/Osorio-3-scaled.jpg\" data-elementor-open-lightbox=\"yes\" data-elementor-lightbox-slideshow=\"8dc14e9\" data-elementor-lightbox-title=\"A person checks their phone inside the venue where Republican presidential nominee and former U.S. President Donald Trump is expected to hold a campaign rally in Grand Rapids, Michigan, U.S., REUTERS\/Carlos Osorio\" data-e-action-hash=\"#elementor-action%3Aaction%3Dlightbox%26settings%3DeyJpZCI6OTcxOCwidXJsIjoiaHR0cHM6XC9cL25uYS1jY2ouY2FcL3dwLWNvbnRlbnRcL3VwbG9hZHNcLzIwMjVcLzAzXC9Pc29yaW8tMy1zY2FsZWQuanBnIiwic2xpZGVzaG93IjoiOGRjMTRlOSJ9\">\n\t\t\t\t\t<div class=\"e-gallery-image elementor-gallery-item__image\" data-thumbnail=\"https:\/\/nna-ccj.ca\/wp-content\/uploads\/2025\/03\/Osorio-3-150x150.jpg\" data-width=\"150\" data-height=\"150\" aria-label=\"\" role=\"img\" ><\/div>\n\t\t\t\t\t\t\t\t\t\t\t<div class=\"elementor-gallery-item__overlay\"><\/div>\n\t\t\t\t\t\t\t\t\t\t\t\t\t\t<\/a>\n\t\t\t\t\t\t\t<a class=\"e-gallery-item elementor-gallery-item elementor-animated-content\" href=\"https:\/\/nna-ccj.ca\/wp-content\/uploads\/2025\/03\/Osorio-4-scaled.jpg\" data-elementor-open-lightbox=\"yes\" data-elementor-lightbox-slideshow=\"8dc14e9\" data-elementor-lightbox-title=\"A drone view during the police investigation into gunfire at a campaign rally of Republican presidential candidate and former U.S. President Donald Trump in Butler, Pennsylvania, U.S. REUTERS\/Carlos Osorio\" data-e-action-hash=\"#elementor-action%3Aaction%3Dlightbox%26settings%3DeyJpZCI6OTcxNiwidXJsIjoiaHR0cHM6XC9cL25uYS1jY2ouY2FcL3dwLWNvbnRlbnRcL3VwbG9hZHNcLzIwMjVcLzAzXC9Pc29yaW8tNC1zY2FsZWQuanBnIiwic2xpZGVzaG93IjoiOGRjMTRlOSJ9\">\n\t\t\t\t\t<div class=\"e-gallery-image elementor-gallery-item__image\" data-thumbnail=\"https:\/\/nna-ccj.ca\/wp-content\/uploads\/2025\/03\/Osorio-4-150x150.jpg\" data-width=\"150\" data-height=\"150\" aria-label=\"\" role=\"img\" ><\/div>\n\t\t\t\t\t\t\t\t\t\t\t<div class=\"elementor-gallery-item__overlay\"><\/div>\n\t\t\t\t\t\t\t\t\t\t\t\t\t\t<\/a>\n\t\t\t\t\t\t\t<a class=\"e-gallery-item elementor-gallery-item elementor-animated-content\" href=\"https:\/\/nna-ccj.ca\/wp-content\/uploads\/2025\/03\/Osorio-5-scaled.jpg\" data-elementor-open-lightbox=\"yes\" data-elementor-lightbox-slideshow=\"8dc14e9\" data-elementor-lightbox-title=\"At an event to honor Corey Comperatore, the former volunteer fire department chief killed at Republican presidential nominee Donald Trump&#039;s rally, at Lernerville Speedway in Sarver, Pennsylvania, U.S. REUTERS\/Carlos Osorio\" data-e-action-hash=\"#elementor-action%3Aaction%3Dlightbox%26settings%3DeyJpZCI6OTcxNCwidXJsIjoiaHR0cHM6XC9cL25uYS1jY2ouY2FcL3dwLWNvbnRlbnRcL3VwbG9hZHNcLzIwMjVcLzAzXC9Pc29yaW8tNS1zY2FsZWQuanBnIiwic2xpZGVzaG93IjoiOGRjMTRlOSJ9\">\n\t\t\t\t\t<div class=\"e-gallery-image elementor-gallery-item__image\" data-thumbnail=\"https:\/\/nna-ccj.ca\/wp-content\/uploads\/2025\/03\/Osorio-5-150x150.jpg\" data-width=\"150\" data-height=\"150\" aria-label=\"\" role=\"img\" ><\/div>\n\t\t\t\t\t\t\t\t\t\t\t<div class=\"elementor-gallery-item__overlay\"><\/div>\n\t\t\t\t\t\t\t\t\t\t\t\t\t\t<\/a>\n\t\t\t\t\t\t\t<a class=\"e-gallery-item elementor-gallery-item elementor-animated-content\" href=\"https:\/\/nna-ccj.ca\/wp-content\/uploads\/2025\/03\/Osorio-6-scaled.jpg\" data-elementor-open-lightbox=\"yes\" data-elementor-lightbox-slideshow=\"8dc14e9\" data-elementor-lightbox-title=\"Investigation begins after gunfire during a campaign rally by Trump in Butler\" data-e-action-hash=\"#elementor-action%3Aaction%3Dlightbox%26settings%3DeyJpZCI6OTcxMiwidXJsIjoiaHR0cHM6XC9cL25uYS1jY2ouY2FcL3dwLWNvbnRlbnRcL3VwbG9hZHNcLzIwMjVcLzAzXC9Pc29yaW8tNi1zY2FsZWQuanBnIiwic2xpZGVzaG93IjoiOGRjMTRlOSJ9\">\n\t\t\t\t\t<div class=\"e-gallery-image elementor-gallery-item__image\" data-thumbnail=\"https:\/\/nna-ccj.ca\/wp-content\/uploads\/2025\/03\/Osorio-6-150x150.jpg\" data-width=\"150\" data-height=\"150\" aria-label=\"\" role=\"img\" ><\/div>\n\t\t\t\t\t\t\t\t\t\t\t<div class=\"elementor-gallery-item__overlay\"><\/div>\n\t\t\t\t\t\t\t\t\t\t\t\t\t\t<\/a>\n\t\t\t\t\t\t\t<a class=\"e-gallery-item elementor-gallery-item elementor-animated-content\" href=\"https:\/\/nna-ccj.ca\/wp-content\/uploads\/2025\/03\/Osorio-7-scaled.jpg\" data-elementor-open-lightbox=\"yes\" data-elementor-lightbox-slideshow=\"8dc14e9\" data-elementor-lightbox-title=\"A cross brought by Dan Beazley for a memorial held for Corey Comperatore, the former volunteer fire department chief killed at the Republican presidential nominee and former U.S. President Donald Trump&#039;s rally, lies in the pickup truck, at Laube Hall in Freeport, Pennsylvania, U.S.,  REUTERS\/Carlos Osorio\" data-e-action-hash=\"#elementor-action%3Aaction%3Dlightbox%26settings%3DeyJpZCI6OTcyNCwidXJsIjoiaHR0cHM6XC9cL25uYS1jY2ouY2FcL3dwLWNvbnRlbnRcL3VwbG9hZHNcLzIwMjVcLzAzXC9Pc29yaW8tNy1zY2FsZWQuanBnIiwic2xpZGVzaG93IjoiOGRjMTRlOSJ9\">\n\t\t\t\t\t<div class=\"e-gallery-image elementor-gallery-item__image\" data-thumbnail=\"https:\/\/nna-ccj.ca\/wp-content\/uploads\/2025\/03\/Osorio-7-150x150.jpg\" data-width=\"150\" data-height=\"150\" aria-label=\"\" role=\"img\" ><\/div>\n\t\t\t\t\t\t\t\t\t\t\t<div class=\"elementor-gallery-item__overlay\"><\/div>\n\t\t\t\t\t\t\t\t\t\t\t\t\t\t<\/a>\n\t\t\t\t\t\t\t<a class=\"e-gallery-item elementor-gallery-item elementor-animated-content\" href=\"https:\/\/nna-ccj.ca\/wp-content\/uploads\/2025\/03\/Osorio-8-scaled.jpg\" data-elementor-open-lightbox=\"yes\" data-elementor-lightbox-slideshow=\"8dc14e9\" data-elementor-lightbox-title=\"Election Day in America REUTERS\/Carlos Osorio\" data-e-action-hash=\"#elementor-action%3Aaction%3Dlightbox%26settings%3DeyJpZCI6OTcyNiwidXJsIjoiaHR0cHM6XC9cL25uYS1jY2ouY2FcL3dwLWNvbnRlbnRcL3VwbG9hZHNcLzIwMjVcLzAzXC9Pc29yaW8tOC1zY2FsZWQuanBnIiwic2xpZGVzaG93IjoiOGRjMTRlOSJ9\">\n\t\t\t\t\t<div class=\"e-gallery-image elementor-gallery-item__image\" data-thumbnail=\"https:\/\/nna-ccj.ca\/wp-content\/uploads\/2025\/03\/Osorio-8-150x150.jpg\" data-width=\"150\" data-height=\"150\" aria-label=\"\" role=\"img\" ><\/div>\n\t\t\t\t\t\t\t\t\t\t\t<div class=\"elementor-gallery-item__overlay\"><\/div>\n\t\t\t\t\t\t\t\t\t\t\t\t\t\t<\/a>\n\t\t\t\t\t\t\t<a class=\"e-gallery-item elementor-gallery-item elementor-animated-content\" href=\"https:\/\/nna-ccj.ca\/wp-content\/uploads\/2025\/03\/Osorio-9-scaled.jpg\" data-elementor-open-lightbox=\"yes\" data-elementor-lightbox-slideshow=\"8dc14e9\" data-elementor-lightbox-title=\"Pam Olthof shows her nails outside the venue where Republican presidential nominee and former U.S. President Donald Trump is expected to hold a campaign rally in Grand Rapids, Michigan, U.S. REUTERS\/Carlos Osorio\" data-e-action-hash=\"#elementor-action%3Aaction%3Dlightbox%26settings%3DeyJpZCI6OTcyOCwidXJsIjoiaHR0cHM6XC9cL25uYS1jY2ouY2FcL3dwLWNvbnRlbnRcL3VwbG9hZHNcLzIwMjVcLzAzXC9Pc29yaW8tOS1zY2FsZWQuanBnIiwic2xpZGVzaG93IjoiOGRjMTRlOSJ9\">\n\t\t\t\t\t<div class=\"e-gallery-image elementor-gallery-item__image\" data-thumbnail=\"https:\/\/nna-ccj.ca\/wp-content\/uploads\/2025\/03\/Osorio-9-150x150.jpg\" data-width=\"150\" data-height=\"150\" aria-label=\"\" role=\"img\" ><\/div>\n\t\t\t\t\t\t\t\t\t\t\t<div class=\"elementor-gallery-item__overlay\"><\/div>\n\t\t\t\t\t\t\t\t\t\t\t\t\t\t<\/a>\n\t\t\t\t\t\t\t<a class=\"e-gallery-item elementor-gallery-item elementor-animated-content\" href=\"https:\/\/nna-ccj.ca\/wp-content\/uploads\/2025\/03\/Osorio-10-scaled.jpg\" data-elementor-open-lightbox=\"yes\" data-elementor-lightbox-slideshow=\"8dc14e9\" data-elementor-lightbox-title=\"Republican presidential nominee and former U.S. President Donald Trump holds a campaign rally in Novi, Michigan REUTERS\/Carlos Osorio\" data-e-action-hash=\"#elementor-action%3Aaction%3Dlightbox%26settings%3DeyJpZCI6OTczMCwidXJsIjoiaHR0cHM6XC9cL25uYS1jY2ouY2FcL3dwLWNvbnRlbnRcL3VwbG9hZHNcLzIwMjVcLzAzXC9Pc29yaW8tMTAtc2NhbGVkLmpwZyIsInNsaWRlc2hvdyI6IjhkYzE0ZTkifQ%3D%3D\">\n\t\t\t\t\t<div class=\"e-gallery-image elementor-gallery-item__image\" data-thumbnail=\"https:\/\/nna-ccj.ca\/wp-content\/uploads\/2025\/03\/Osorio-10-150x150.jpg\" data-width=\"150\" data-height=\"150\" aria-label=\"\" role=\"img\" ><\/div>\n\t\t\t\t\t\t\t\t\t\t\t<div class=\"elementor-gallery-item__overlay\"><\/div>\n\t\t\t\t\t\t\t\t\t\t\t\t\t\t<\/a>\n\t\t\t\t\t<\/div>\n\t\t\t\t\t<\/div>\n\t\t\t\t<\/div>\n\t\t\t\t<div class=\"elementor-element elementor-element-b991fc5 elementor-widget elementor-widget-text-editor\" data-id=\"b991fc5\" data-element_type=\"widget\" data-e-type=\"widget\" data-widget_type=\"text-editor.default\">\n\t\t\t\t<div class=\"elementor-widget-container\">\n\t\t\t\t\t\t\t\t\t<p><strong>Goran Tomasevic, The Globe and Mail<\/strong>, pour avoir document\u00e9 la prise de contr\u00f4le d\u2019Ha\u00efti par les gangs<\/p>\t\t\t\t\t\t\t\t<\/div>\n\t\t\t\t<\/div>\n\t\t\t\t<div class=\"elementor-element elementor-element-0b2a047 elementor-widget elementor-widget-gallery\" data-id=\"0b2a047\" data-element_type=\"widget\" data-e-type=\"widget\" data-settings=\"{&quot;columns&quot;:5,&quot;aspect_ratio&quot;:&quot;4:3&quot;,&quot;lazyload&quot;:&quot;yes&quot;,&quot;gallery_layout&quot;:&quot;grid&quot;,&quot;columns_tablet&quot;:2,&quot;columns_mobile&quot;:1,&quot;gap&quot;:{&quot;unit&quot;:&quot;px&quot;,&quot;size&quot;:10,&quot;sizes&quot;:[]},&quot;gap_tablet&quot;:{&quot;unit&quot;:&quot;px&quot;,&quot;size&quot;:10,&quot;sizes&quot;:[]},&quot;gap_mobile&quot;:{&quot;unit&quot;:&quot;px&quot;,&quot;size&quot;:10,&quot;sizes&quot;:[]},&quot;link_to&quot;:&quot;file&quot;,&quot;overlay_background&quot;:&quot;yes&quot;,&quot;content_hover_animation&quot;:&quot;fade-in&quot;}\" data-widget_type=\"gallery.default\">\n\t\t\t\t<div class=\"elementor-widget-container\">\n\t\t\t\t\t\t\t<div class=\"elementor-gallery__container\">\n\t\t\t\t\t\t\t<a class=\"e-gallery-item elementor-gallery-item elementor-animated-content\" href=\"https:\/\/nna-ccj.ca\/wp-content\/uploads\/2025\/03\/Goran-10-scaled.jpg\" data-elementor-open-lightbox=\"yes\" data-elementor-lightbox-slideshow=\"0b2a047\" data-elementor-lightbox-title=\"Tomasevic \u2013\u00a0Haiti 2024\" data-e-action-hash=\"#elementor-action%3Aaction%3Dlightbox%26settings%3DeyJpZCI6OTY5MiwidXJsIjoiaHR0cHM6XC9cL25uYS1jY2ouY2FcL3dwLWNvbnRlbnRcL3VwbG9hZHNcLzIwMjVcLzAzXC9Hb3Jhbi0xMC1zY2FsZWQuanBnIiwic2xpZGVzaG93IjoiMGIyYTA0NyJ9\">\n\t\t\t\t\t<div class=\"e-gallery-image elementor-gallery-item__image\" data-thumbnail=\"https:\/\/nna-ccj.ca\/wp-content\/uploads\/2025\/03\/Goran-10-150x150.jpg\" data-width=\"150\" data-height=\"150\" aria-label=\"\" role=\"img\" ><\/div>\n\t\t\t\t\t\t\t\t\t\t\t<div class=\"elementor-gallery-item__overlay\"><\/div>\n\t\t\t\t\t\t\t\t\t\t\t\t\t\t<\/a>\n\t\t\t\t\t\t\t<a class=\"e-gallery-item elementor-gallery-item elementor-animated-content\" href=\"https:\/\/nna-ccj.ca\/wp-content\/uploads\/2025\/03\/Goran-9-scaled.jpg\" data-elementor-open-lightbox=\"yes\" data-elementor-lightbox-slideshow=\"0b2a047\" data-elementor-lightbox-title=\"Tomasevic \u2013\u00a0Haiti 2024\" data-e-action-hash=\"#elementor-action%3Aaction%3Dlightbox%26settings%3DeyJpZCI6OTY5NCwidXJsIjoiaHR0cHM6XC9cL25uYS1jY2ouY2FcL3dwLWNvbnRlbnRcL3VwbG9hZHNcLzIwMjVcLzAzXC9Hb3Jhbi05LXNjYWxlZC5qcGciLCJzbGlkZXNob3ciOiIwYjJhMDQ3In0%3D\">\n\t\t\t\t\t<div class=\"e-gallery-image elementor-gallery-item__image\" data-thumbnail=\"https:\/\/nna-ccj.ca\/wp-content\/uploads\/2025\/03\/Goran-9-150x150.jpg\" data-width=\"150\" data-height=\"150\" aria-label=\"\" role=\"img\" ><\/div>\n\t\t\t\t\t\t\t\t\t\t\t<div class=\"elementor-gallery-item__overlay\"><\/div>\n\t\t\t\t\t\t\t\t\t\t\t\t\t\t<\/a>\n\t\t\t\t\t\t\t<a class=\"e-gallery-item elementor-gallery-item elementor-animated-content\" href=\"https:\/\/nna-ccj.ca\/wp-content\/uploads\/2025\/03\/Goran-8-scaled.jpg\" data-elementor-open-lightbox=\"yes\" data-elementor-lightbox-slideshow=\"0b2a047\" data-elementor-lightbox-title=\"Tomasevic \u2013\u00a0Haiti 2024\" data-e-action-hash=\"#elementor-action%3Aaction%3Dlightbox%26settings%3DeyJpZCI6OTY5NiwidXJsIjoiaHR0cHM6XC9cL25uYS1jY2ouY2FcL3dwLWNvbnRlbnRcL3VwbG9hZHNcLzIwMjVcLzAzXC9Hb3Jhbi04LXNjYWxlZC5qcGciLCJzbGlkZXNob3ciOiIwYjJhMDQ3In0%3D\">\n\t\t\t\t\t<div class=\"e-gallery-image elementor-gallery-item__image\" data-thumbnail=\"https:\/\/nna-ccj.ca\/wp-content\/uploads\/2025\/03\/Goran-8-150x150.jpg\" data-width=\"150\" data-height=\"150\" aria-label=\"\" role=\"img\" ><\/div>\n\t\t\t\t\t\t\t\t\t\t\t<div class=\"elementor-gallery-item__overlay\"><\/div>\n\t\t\t\t\t\t\t\t\t\t\t\t\t\t<\/a>\n\t\t\t\t\t\t\t<a class=\"e-gallery-item elementor-gallery-item elementor-animated-content\" href=\"https:\/\/nna-ccj.ca\/wp-content\/uploads\/2025\/03\/Goran-7-scaled.jpg\" data-elementor-open-lightbox=\"yes\" data-elementor-lightbox-slideshow=\"0b2a047\" data-elementor-lightbox-title=\"Tomasevic \u2013\u00a0Haiti 2024\" data-e-action-hash=\"#elementor-action%3Aaction%3Dlightbox%26settings%3DeyJpZCI6OTY5OCwidXJsIjoiaHR0cHM6XC9cL25uYS1jY2ouY2FcL3dwLWNvbnRlbnRcL3VwbG9hZHNcLzIwMjVcLzAzXC9Hb3Jhbi03LXNjYWxlZC5qcGciLCJzbGlkZXNob3ciOiIwYjJhMDQ3In0%3D\">\n\t\t\t\t\t<div class=\"e-gallery-image elementor-gallery-item__image\" data-thumbnail=\"https:\/\/nna-ccj.ca\/wp-content\/uploads\/2025\/03\/Goran-7-150x150.jpg\" data-width=\"150\" data-height=\"150\" aria-label=\"\" role=\"img\" ><\/div>\n\t\t\t\t\t\t\t\t\t\t\t<div class=\"elementor-gallery-item__overlay\"><\/div>\n\t\t\t\t\t\t\t\t\t\t\t\t\t\t<\/a>\n\t\t\t\t\t\t\t<a class=\"e-gallery-item elementor-gallery-item elementor-animated-content\" href=\"https:\/\/nna-ccj.ca\/wp-content\/uploads\/2025\/03\/Goran-2-scaled.jpg\" data-elementor-open-lightbox=\"yes\" data-elementor-lightbox-slideshow=\"0b2a047\" data-elementor-lightbox-title=\"Tomasevic \u2013\u00a0Haiti 2024\" data-e-action-hash=\"#elementor-action%3Aaction%3Dlightbox%26settings%3DeyJpZCI6OTcwOCwidXJsIjoiaHR0cHM6XC9cL25uYS1jY2ouY2FcL3dwLWNvbnRlbnRcL3VwbG9hZHNcLzIwMjVcLzAzXC9Hb3Jhbi0yLXNjYWxlZC5qcGciLCJzbGlkZXNob3ciOiIwYjJhMDQ3In0%3D\">\n\t\t\t\t\t<div class=\"e-gallery-image elementor-gallery-item__image\" data-thumbnail=\"https:\/\/nna-ccj.ca\/wp-content\/uploads\/2025\/03\/Goran-2-150x150.jpg\" data-width=\"150\" data-height=\"150\" aria-label=\"\" role=\"img\" ><\/div>\n\t\t\t\t\t\t\t\t\t\t\t<div class=\"elementor-gallery-item__overlay\"><\/div>\n\t\t\t\t\t\t\t\t\t\t\t\t\t\t<\/a>\n\t\t\t\t\t\t\t<a class=\"e-gallery-item elementor-gallery-item elementor-animated-content\" href=\"https:\/\/nna-ccj.ca\/wp-content\/uploads\/2025\/03\/Goran-3-scaled.jpg\" data-elementor-open-lightbox=\"yes\" data-elementor-lightbox-slideshow=\"0b2a047\" data-elementor-lightbox-title=\"Tomasevic \u2013\u00a0Haiti 2024\" data-e-action-hash=\"#elementor-action%3Aaction%3Dlightbox%26settings%3DeyJpZCI6OTcwNiwidXJsIjoiaHR0cHM6XC9cL25uYS1jY2ouY2FcL3dwLWNvbnRlbnRcL3VwbG9hZHNcLzIwMjVcLzAzXC9Hb3Jhbi0zLXNjYWxlZC5qcGciLCJzbGlkZXNob3ciOiIwYjJhMDQ3In0%3D\">\n\t\t\t\t\t<div class=\"e-gallery-image elementor-gallery-item__image\" data-thumbnail=\"https:\/\/nna-ccj.ca\/wp-content\/uploads\/2025\/03\/Goran-3-150x150.jpg\" data-width=\"150\" data-height=\"150\" aria-label=\"\" role=\"img\" ><\/div>\n\t\t\t\t\t\t\t\t\t\t\t<div class=\"elementor-gallery-item__overlay\"><\/div>\n\t\t\t\t\t\t\t\t\t\t\t\t\t\t<\/a>\n\t\t\t\t\t\t\t<a class=\"e-gallery-item elementor-gallery-item elementor-animated-content\" href=\"https:\/\/nna-ccj.ca\/wp-content\/uploads\/2025\/03\/Goran-4-scaled.jpg\" data-elementor-open-lightbox=\"yes\" data-elementor-lightbox-slideshow=\"0b2a047\" data-elementor-lightbox-title=\"Goran 4\" data-e-action-hash=\"#elementor-action%3Aaction%3Dlightbox%26settings%3DeyJpZCI6OTcwNCwidXJsIjoiaHR0cHM6XC9cL25uYS1jY2ouY2FcL3dwLWNvbnRlbnRcL3VwbG9hZHNcLzIwMjVcLzAzXC9Hb3Jhbi00LXNjYWxlZC5qcGciLCJzbGlkZXNob3ciOiIwYjJhMDQ3In0%3D\">\n\t\t\t\t\t<div class=\"e-gallery-image elementor-gallery-item__image\" data-thumbnail=\"https:\/\/nna-ccj.ca\/wp-content\/uploads\/2025\/03\/Goran-4-150x150.jpg\" data-width=\"150\" data-height=\"150\" aria-label=\"\" role=\"img\" ><\/div>\n\t\t\t\t\t\t\t\t\t\t\t<div class=\"elementor-gallery-item__overlay\"><\/div>\n\t\t\t\t\t\t\t\t\t\t\t\t\t\t<\/a>\n\t\t\t\t\t\t\t<a class=\"e-gallery-item elementor-gallery-item elementor-animated-content\" href=\"https:\/\/nna-ccj.ca\/wp-content\/uploads\/2025\/03\/Goran-5-scaled.jpg\" data-elementor-open-lightbox=\"yes\" data-elementor-lightbox-slideshow=\"0b2a047\" data-elementor-lightbox-title=\"Tomasevic \u2013\u00a0Haiti 2024\" data-e-action-hash=\"#elementor-action%3Aaction%3Dlightbox%26settings%3DeyJpZCI6OTcwMiwidXJsIjoiaHR0cHM6XC9cL25uYS1jY2ouY2FcL3dwLWNvbnRlbnRcL3VwbG9hZHNcLzIwMjVcLzAzXC9Hb3Jhbi01LXNjYWxlZC5qcGciLCJzbGlkZXNob3ciOiIwYjJhMDQ3In0%3D\">\n\t\t\t\t\t<div class=\"e-gallery-image elementor-gallery-item__image\" data-thumbnail=\"https:\/\/nna-ccj.ca\/wp-content\/uploads\/2025\/03\/Goran-5-150x150.jpg\" data-width=\"150\" data-height=\"150\" aria-label=\"\" role=\"img\" ><\/div>\n\t\t\t\t\t\t\t\t\t\t\t<div class=\"elementor-gallery-item__overlay\"><\/div>\n\t\t\t\t\t\t\t\t\t\t\t\t\t\t<\/a>\n\t\t\t\t\t\t\t<a class=\"e-gallery-item elementor-gallery-item elementor-animated-content\" href=\"https:\/\/nna-ccj.ca\/wp-content\/uploads\/2025\/03\/Goran-6-scaled.jpg\" data-elementor-open-lightbox=\"yes\" data-elementor-lightbox-slideshow=\"0b2a047\" data-elementor-lightbox-title=\"Tomasevic \u2013\u00a0Haiti 2024\" data-e-action-hash=\"#elementor-action%3Aaction%3Dlightbox%26settings%3DeyJpZCI6OTcwMCwidXJsIjoiaHR0cHM6XC9cL25uYS1jY2ouY2FcL3dwLWNvbnRlbnRcL3VwbG9hZHNcLzIwMjVcLzAzXC9Hb3Jhbi02LXNjYWxlZC5qcGciLCJzbGlkZXNob3ciOiIwYjJhMDQ3In0%3D\">\n\t\t\t\t\t<div class=\"e-gallery-image elementor-gallery-item__image\" data-thumbnail=\"https:\/\/nna-ccj.ca\/wp-content\/uploads\/2025\/03\/Goran-6-150x150.jpg\" data-width=\"150\" data-height=\"150\" aria-label=\"\" role=\"img\" ><\/div>\n\t\t\t\t\t\t\t\t\t\t\t<div class=\"elementor-gallery-item__overlay\"><\/div>\n\t\t\t\t\t\t\t\t\t\t\t\t\t\t<\/a>\n\t\t\t\t\t\t\t<a class=\"e-gallery-item elementor-gallery-item elementor-animated-content\" href=\"https:\/\/nna-ccj.ca\/wp-content\/uploads\/2025\/03\/Goran-1-scaled.jpg\" data-elementor-open-lightbox=\"yes\" data-elementor-lightbox-slideshow=\"0b2a047\" data-elementor-lightbox-title=\"Tomasevic \u2013\u00a0Haiti 2024\" data-e-action-hash=\"#elementor-action%3Aaction%3Dlightbox%26settings%3DeyJpZCI6OTcxMCwidXJsIjoiaHR0cHM6XC9cL25uYS1jY2ouY2FcL3dwLWNvbnRlbnRcL3VwbG9hZHNcLzIwMjVcLzAzXC9Hb3Jhbi0xLXNjYWxlZC5qcGciLCJzbGlkZXNob3ciOiIwYjJhMDQ3In0%3D\">\n\t\t\t\t\t<div class=\"e-gallery-image elementor-gallery-item__image\" data-thumbnail=\"https:\/\/nna-ccj.ca\/wp-content\/uploads\/2025\/03\/Goran-1-150x150.jpg\" data-width=\"150\" data-height=\"150\" aria-label=\"\" role=\"img\" ><\/div>\n\t\t\t\t\t\t\t\t\t\t\t<div class=\"elementor-gallery-item__overlay\"><\/div>\n\t\t\t\t\t\t\t\t\t\t\t\t\t\t<\/a>\n\t\t\t\t\t<\/div>\n\t\t\t\t\t<\/div>\n\t\t\t\t<\/div>\n\t\t\t\t<div class=\"elementor-element elementor-element-1885995 elementor-widget elementor-widget-text-editor\" data-id=\"1885995\" data-element_type=\"widget\" data-e-type=\"widget\" data-widget_type=\"text-editor.default\">\n\t\t\t\t<div class=\"elementor-widget-container\">\n\t\t\t\t\t\t\t\t\t<p><strong>Martin Tremblay, La Presse<\/strong>, pour ses photos de Syrie et de la chute du r\u00e9gime Assad<\/p>\t\t\t\t\t\t\t\t<\/div>\n\t\t\t\t<\/div>\n\t\t\t\t<div class=\"elementor-element elementor-element-db00cd9 elementor-widget elementor-widget-gallery\" data-id=\"db00cd9\" data-element_type=\"widget\" data-e-type=\"widget\" data-settings=\"{&quot;columns&quot;:5,&quot;aspect_ratio&quot;:&quot;4:3&quot;,&quot;lazyload&quot;:&quot;yes&quot;,&quot;gallery_layout&quot;:&quot;grid&quot;,&quot;columns_tablet&quot;:2,&quot;columns_mobile&quot;:1,&quot;gap&quot;:{&quot;unit&quot;:&quot;px&quot;,&quot;size&quot;:10,&quot;sizes&quot;:[]},&quot;gap_tablet&quot;:{&quot;unit&quot;:&quot;px&quot;,&quot;size&quot;:10,&quot;sizes&quot;:[]},&quot;gap_mobile&quot;:{&quot;unit&quot;:&quot;px&quot;,&quot;size&quot;:10,&quot;sizes&quot;:[]},&quot;link_to&quot;:&quot;file&quot;,&quot;overlay_background&quot;:&quot;yes&quot;,&quot;content_hover_animation&quot;:&quot;fade-in&quot;}\" data-widget_type=\"gallery.default\">\n\t\t\t\t<div class=\"elementor-widget-container\">\n\t\t\t\t\t\t\t<div class=\"elementor-gallery__container\">\n\t\t\t\t\t\t\t<a class=\"e-gallery-item elementor-gallery-item elementor-animated-content\" href=\"https:\/\/nna-ccj.ca\/wp-content\/uploads\/2025\/03\/Martin-1-scaled.jpg\" data-elementor-open-lightbox=\"yes\" data-elementor-lightbox-slideshow=\"db00cd9\" data-elementor-lightbox-title=\"On an exterior wall of Al-Moujtahed Hospital, photos of thirty-eight unidentified bodies are displayed, each assigned a number.  Tremblay\/La Presse\" data-e-action-hash=\"#elementor-action%3Aaction%3Dlightbox%26settings%3DeyJpZCI6OTc1MCwidXJsIjoiaHR0cHM6XC9cL25uYS1jY2ouY2FcL3dwLWNvbnRlbnRcL3VwbG9hZHNcLzIwMjVcLzAzXC9NYXJ0aW4tMS1zY2FsZWQuanBnIiwic2xpZGVzaG93IjoiZGIwMGNkOSJ9\">\n\t\t\t\t\t<div class=\"e-gallery-image elementor-gallery-item__image\" data-thumbnail=\"https:\/\/nna-ccj.ca\/wp-content\/uploads\/2025\/03\/Martin-1-150x150.jpg\" data-width=\"150\" data-height=\"150\" aria-label=\"\" role=\"img\" ><\/div>\n\t\t\t\t\t\t\t\t\t\t\t<div class=\"elementor-gallery-item__overlay\"><\/div>\n\t\t\t\t\t\t\t\t\t\t\t\t\t\t<\/a>\n\t\t\t\t\t\t\t<a class=\"e-gallery-item elementor-gallery-item elementor-animated-content\" href=\"https:\/\/nna-ccj.ca\/wp-content\/uploads\/2025\/03\/Martin-2-scaled.jpg\" data-elementor-open-lightbox=\"yes\" data-elementor-lightbox-slideshow=\"db00cd9\" data-elementor-lightbox-title=\"A Syrian family examines lists of detainees from Saidnaya Prison, desperately hoping to find the name of a missing loved one. Tremblay\/La Pressee\" data-e-action-hash=\"#elementor-action%3Aaction%3Dlightbox%26settings%3DeyJpZCI6OTc0OCwidXJsIjoiaHR0cHM6XC9cL25uYS1jY2ouY2FcL3dwLWNvbnRlbnRcL3VwbG9hZHNcLzIwMjVcLzAzXC9NYXJ0aW4tMi1zY2FsZWQuanBnIiwic2xpZGVzaG93IjoiZGIwMGNkOSJ9\">\n\t\t\t\t\t<div class=\"e-gallery-image elementor-gallery-item__image\" data-thumbnail=\"https:\/\/nna-ccj.ca\/wp-content\/uploads\/2025\/03\/Martin-2-150x150.jpg\" data-width=\"150\" data-height=\"150\" aria-label=\"\" role=\"img\" ><\/div>\n\t\t\t\t\t\t\t\t\t\t\t<div class=\"elementor-gallery-item__overlay\"><\/div>\n\t\t\t\t\t\t\t\t\t\t\t\t\t\t<\/a>\n\t\t\t\t\t\t\t<a class=\"e-gallery-item elementor-gallery-item elementor-animated-content\" href=\"https:\/\/nna-ccj.ca\/wp-content\/uploads\/2025\/03\/Martin-3-scaled.jpg\" data-elementor-open-lightbox=\"yes\" data-elementor-lightbox-slideshow=\"db00cd9\" data-elementor-lightbox-title=\"As rebel forces advanced, the executioners at the Assad regime&#039;s Air Force Intelligence detention center scrambled to erase evidence of their crimes. Tremblay\/La Presse\" data-e-action-hash=\"#elementor-action%3Aaction%3Dlightbox%26settings%3DeyJpZCI6OTc0NiwidXJsIjoiaHR0cHM6XC9cL25uYS1jY2ouY2FcL3dwLWNvbnRlbnRcL3VwbG9hZHNcLzIwMjVcLzAzXC9NYXJ0aW4tMy1zY2FsZWQuanBnIiwic2xpZGVzaG93IjoiZGIwMGNkOSJ9\">\n\t\t\t\t\t<div class=\"e-gallery-image elementor-gallery-item__image\" data-thumbnail=\"https:\/\/nna-ccj.ca\/wp-content\/uploads\/2025\/03\/Martin-3-150x150.jpg\" data-width=\"150\" data-height=\"150\" aria-label=\"\" role=\"img\" ><\/div>\n\t\t\t\t\t\t\t\t\t\t\t<div class=\"elementor-gallery-item__overlay\"><\/div>\n\t\t\t\t\t\t\t\t\t\t\t\t\t\t<\/a>\n\t\t\t\t\t\t\t<a class=\"e-gallery-item elementor-gallery-item elementor-animated-content\" href=\"https:\/\/nna-ccj.ca\/wp-content\/uploads\/2025\/03\/Martin-4-scaled.jpg\" data-elementor-open-lightbox=\"yes\" data-elementor-lightbox-slideshow=\"db00cd9\" data-elementor-lightbox-title=\"Saidnaya Prison, this man is desperately searching for his brother, who vanished during the civil war.  Tremblay\/La Presse\" data-e-action-hash=\"#elementor-action%3Aaction%3Dlightbox%26settings%3DeyJpZCI6OTc0NCwidXJsIjoiaHR0cHM6XC9cL25uYS1jY2ouY2FcL3dwLWNvbnRlbnRcL3VwbG9hZHNcLzIwMjVcLzAzXC9NYXJ0aW4tNC1zY2FsZWQuanBnIiwic2xpZGVzaG93IjoiZGIwMGNkOSJ9\">\n\t\t\t\t\t<div class=\"e-gallery-image elementor-gallery-item__image\" data-thumbnail=\"https:\/\/nna-ccj.ca\/wp-content\/uploads\/2025\/03\/Martin-4-150x150.jpg\" data-width=\"150\" data-height=\"150\" aria-label=\"\" role=\"img\" ><\/div>\n\t\t\t\t\t\t\t\t\t\t\t<div class=\"elementor-gallery-item__overlay\"><\/div>\n\t\t\t\t\t\t\t\t\t\t\t\t\t\t<\/a>\n\t\t\t\t\t\t\t<a class=\"e-gallery-item elementor-gallery-item elementor-animated-content\" href=\"https:\/\/nna-ccj.ca\/wp-content\/uploads\/2025\/03\/Martin-5-scaled.jpg\" data-elementor-open-lightbox=\"yes\" data-elementor-lightbox-slideshow=\"db00cd9\" data-elementor-lightbox-title=\"There is little left to discover in Saidnaya  Prison, which has been left in limbo since the rebels of the HTS group liberated Syria. Yet hundreds of Syrians continue to arrive.  Tremblay\/La Presse\" data-e-action-hash=\"#elementor-action%3Aaction%3Dlightbox%26settings%3DeyJpZCI6OTc0MiwidXJsIjoiaHR0cHM6XC9cL25uYS1jY2ouY2FcL3dwLWNvbnRlbnRcL3VwbG9hZHNcLzIwMjVcLzAzXC9NYXJ0aW4tNS1zY2FsZWQuanBnIiwic2xpZGVzaG93IjoiZGIwMGNkOSJ9\">\n\t\t\t\t\t<div class=\"e-gallery-image elementor-gallery-item__image\" data-thumbnail=\"https:\/\/nna-ccj.ca\/wp-content\/uploads\/2025\/03\/Martin-5-150x150.jpg\" data-width=\"150\" data-height=\"150\" aria-label=\"\" role=\"img\" ><\/div>\n\t\t\t\t\t\t\t\t\t\t\t<div class=\"elementor-gallery-item__overlay\"><\/div>\n\t\t\t\t\t\t\t\t\t\t\t\t\t\t<\/a>\n\t\t\t\t\t\t\t<a class=\"e-gallery-item elementor-gallery-item elementor-animated-content\" href=\"https:\/\/nna-ccj.ca\/wp-content\/uploads\/2025\/03\/Martin-6-scaled.jpg\" data-elementor-open-lightbox=\"yes\" data-elementor-lightbox-slideshow=\"db00cd9\" data-elementor-lightbox-title=\"Hundreds of Syrians desperately search for their missing loved ones at the Al-Moujtahed Hospital morgue in Damascus. Tremblay\/La Presse\" data-e-action-hash=\"#elementor-action%3Aaction%3Dlightbox%26settings%3DeyJpZCI6OTc0MCwidXJsIjoiaHR0cHM6XC9cL25uYS1jY2ouY2FcL3dwLWNvbnRlbnRcL3VwbG9hZHNcLzIwMjVcLzAzXC9NYXJ0aW4tNi1zY2FsZWQuanBnIiwic2xpZGVzaG93IjoiZGIwMGNkOSJ9\">\n\t\t\t\t\t<div class=\"e-gallery-image elementor-gallery-item__image\" data-thumbnail=\"https:\/\/nna-ccj.ca\/wp-content\/uploads\/2025\/03\/Martin-6-150x150.jpg\" data-width=\"150\" data-height=\"150\" aria-label=\"\" role=\"img\" ><\/div>\n\t\t\t\t\t\t\t\t\t\t\t<div class=\"elementor-gallery-item__overlay\"><\/div>\n\t\t\t\t\t\t\t\t\t\t\t\t\t\t<\/a>\n\t\t\t\t\t\t\t<a class=\"e-gallery-item elementor-gallery-item elementor-animated-content\" href=\"https:\/\/nna-ccj.ca\/wp-content\/uploads\/2025\/03\/Martin-7-scaled.jpg\" data-elementor-open-lightbox=\"yes\" data-elementor-lightbox-slideshow=\"db00cd9\" data-elementor-lightbox-title=\"In a long, grim procession, Syrian families unzip body bags, staring intently at the lifeless faces. Could this be my brother? My father? My son? They desperately search for their missing loved ones at the Al-Moujtahed Hospital morgue in Damascus, Syria. Tremblay\/La Presse\" data-e-action-hash=\"#elementor-action%3Aaction%3Dlightbox%26settings%3DeyJpZCI6OTczOCwidXJsIjoiaHR0cHM6XC9cL25uYS1jY2ouY2FcL3dwLWNvbnRlbnRcL3VwbG9hZHNcLzIwMjVcLzAzXC9NYXJ0aW4tNy1zY2FsZWQuanBnIiwic2xpZGVzaG93IjoiZGIwMGNkOSJ9\">\n\t\t\t\t\t<div class=\"e-gallery-image elementor-gallery-item__image\" data-thumbnail=\"https:\/\/nna-ccj.ca\/wp-content\/uploads\/2025\/03\/Martin-7-150x150.jpg\" data-width=\"150\" data-height=\"150\" aria-label=\"\" role=\"img\" ><\/div>\n\t\t\t\t\t\t\t\t\t\t\t<div class=\"elementor-gallery-item__overlay\"><\/div>\n\t\t\t\t\t\t\t\t\t\t\t\t\t\t<\/a>\n\t\t\t\t\t\t\t<a class=\"e-gallery-item elementor-gallery-item elementor-animated-content\" href=\"https:\/\/nna-ccj.ca\/wp-content\/uploads\/2025\/03\/Martin-8-scaled.jpg\" data-elementor-open-lightbox=\"yes\" data-elementor-lightbox-slideshow=\"db00cd9\" data-elementor-lightbox-title=\"Emotions run high for this family as they search for their missing son among the dozens of bodies laid out at the Al-Moujtahed Hospital morgue in Damascus. Tremblay\/ La Presse\" data-e-action-hash=\"#elementor-action%3Aaction%3Dlightbox%26settings%3DeyJpZCI6OTczNiwidXJsIjoiaHR0cHM6XC9cL25uYS1jY2ouY2FcL3dwLWNvbnRlbnRcL3VwbG9hZHNcLzIwMjVcLzAzXC9NYXJ0aW4tOC1zY2FsZWQuanBnIiwic2xpZGVzaG93IjoiZGIwMGNkOSJ9\">\n\t\t\t\t\t<div class=\"e-gallery-image elementor-gallery-item__image\" data-thumbnail=\"https:\/\/nna-ccj.ca\/wp-content\/uploads\/2025\/03\/Martin-8-150x150.jpg\" data-width=\"150\" data-height=\"150\" aria-label=\"\" role=\"img\" ><\/div>\n\t\t\t\t\t\t\t\t\t\t\t<div class=\"elementor-gallery-item__overlay\"><\/div>\n\t\t\t\t\t\t\t\t\t\t\t\t\t\t<\/a>\n\t\t\t\t\t\t\t<a class=\"e-gallery-item elementor-gallery-item elementor-animated-content\" href=\"https:\/\/nna-ccj.ca\/wp-content\/uploads\/2025\/03\/Martin-9-scaled.jpg\" data-elementor-open-lightbox=\"yes\" data-elementor-lightbox-slideshow=\"db00cd9\" data-elementor-lightbox-title=\"In a state of shock, Yahya Fayez Shakra and his two sons have just identified the eldest of the family, Mohammad, who was arrested without cause on October 26, 2024.  Tremblay\/La Presse\" data-e-action-hash=\"#elementor-action%3Aaction%3Dlightbox%26settings%3DeyJpZCI6OTczNCwidXJsIjoiaHR0cHM6XC9cL25uYS1jY2ouY2FcL3dwLWNvbnRlbnRcL3VwbG9hZHNcLzIwMjVcLzAzXC9NYXJ0aW4tOS1zY2FsZWQuanBnIiwic2xpZGVzaG93IjoiZGIwMGNkOSJ9\">\n\t\t\t\t\t<div class=\"e-gallery-image elementor-gallery-item__image\" data-thumbnail=\"https:\/\/nna-ccj.ca\/wp-content\/uploads\/2025\/03\/Martin-9-150x150.jpg\" data-width=\"150\" data-height=\"150\" aria-label=\"\" role=\"img\" ><\/div>\n\t\t\t\t\t\t\t\t\t\t\t<div class=\"elementor-gallery-item__overlay\"><\/div>\n\t\t\t\t\t\t\t\t\t\t\t\t\t\t<\/a>\n\t\t\t\t\t\t\t<a class=\"e-gallery-item elementor-gallery-item elementor-animated-content\" href=\"https:\/\/nna-ccj.ca\/wp-content\/uploads\/2025\/03\/Martin-10-scaled.jpg\" data-elementor-open-lightbox=\"yes\" data-elementor-lightbox-slideshow=\"db00cd9\" data-elementor-lightbox-title=\"A few days after Syria&#039;s liberation, Muhammad Nour Najar, exiled to Turkey with his family, embarks on a poignant journey to locate his brother&#039;s burial site.  Tremblay\/La Presse\" data-e-action-hash=\"#elementor-action%3Aaction%3Dlightbox%26settings%3DeyJpZCI6OTczMiwidXJsIjoiaHR0cHM6XC9cL25uYS1jY2ouY2FcL3dwLWNvbnRlbnRcL3VwbG9hZHNcLzIwMjVcLzAzXC9NYXJ0aW4tMTAtc2NhbGVkLmpwZyIsInNsaWRlc2hvdyI6ImRiMDBjZDkifQ%3D%3D\">\n\t\t\t\t\t<div class=\"e-gallery-image elementor-gallery-item__image\" data-thumbnail=\"https:\/\/nna-ccj.ca\/wp-content\/uploads\/2025\/03\/Martin-10-150x150.jpg\" data-width=\"150\" data-height=\"150\" aria-label=\"\" role=\"img\" ><\/div>\n\t\t\t\t\t\t\t\t\t\t\t<div class=\"elementor-gallery-item__overlay\"><\/div>\n\t\t\t\t\t\t\t\t\t\t\t\t\t\t<\/a>\n\t\t\t\t\t<\/div>\n\t\t\t\t\t<\/div>\n\t\t\t\t<\/div>\n\t\t\t\t\t<\/div>\n\t\t<\/div>\n\t\t\t\t\t<\/div>\n\t\t<\/section>\n\t\t\t\t<section class=\"elementor-section elementor-top-section elementor-element elementor-element-53ec24f0 elementor-section-boxed elementor-section-height-default elementor-section-height-default\" data-id=\"53ec24f0\" data-element_type=\"section\" data-e-type=\"section\">\n\t\t\t\t\t\t<div class=\"elementor-container elementor-column-gap-default\">\n\t\t\t\t\t<div class=\"elementor-column elementor-col-33 elementor-top-column elementor-element elementor-element-5fc8dace\" data-id=\"5fc8dace\" data-element_type=\"column\" data-e-type=\"column\">\n\t\t\t<div class=\"elementor-widget-wrap elementor-element-populated\">\n\t\t\t\t\t\t<div class=\"elementor-element elementor-element-7071cc1a elementor-widget elementor-widget-heading\" data-id=\"7071cc1a\" data-element_type=\"widget\" data-e-type=\"widget\" data-widget_type=\"heading.default\">\n\t\t\t\t<div class=\"elementor-widget-container\">\n\t\t\t\t\t<h2 class=\"elementor-heading-title elementor-size-default\">Prix John Wesley Dafoe pour la politique<\/h2>\t\t\t\t<\/div>\n\t\t\t\t<\/div>\n\t\t\t\t<div class=\"elementor-element elementor-element-adc055c elementor-widget elementor-widget-image\" data-id=\"adc055c\" data-element_type=\"widget\" data-e-type=\"widget\" data-widget_type=\"image.default\">\n\t\t\t\t<div class=\"elementor-widget-container\">\n\t\t\t\t\t\t\t\t\t\t\t\t\t\t\t<img decoding=\"async\" src=\"https:\/\/nna-ccj.ca\/wp-content\/uploads\/elementor\/thumbs\/John-Wesley-Dafoe-Photo-qieqy4b3vjp912l3y83p2lsnlvtk6hpouj77y2hh3k.jpg\" title=\"John Wesley Dafoe Photo\" alt=\"John Wesley Dafoe Photo\" loading=\"lazy\" \/>\t\t\t\t\t\t\t\t\t\t\t\t\t\t\t<\/div>\n\t\t\t\t<\/div>\n\t\t\t\t\t<\/div>\n\t\t<\/div>\n\t\t\t\t<div class=\"elementor-column elementor-col-66 elementor-top-column elementor-element elementor-element-48448f7c\" data-id=\"48448f7c\" data-element_type=\"column\" data-e-type=\"column\">\n\t\t\t<div class=\"elementor-widget-wrap elementor-element-populated\">\n\t\t\t\t\t\t<div class=\"elementor-element elementor-element-696c8a59 elementor-widget elementor-widget-text-editor\" data-id=\"696c8a59\" data-element_type=\"widget\" data-e-type=\"widget\" data-widget_type=\"text-editor.default\">\n\t\t\t\t<div class=\"elementor-widget-container\">\n\t\t\t\t\t\t\t\t\t<p><strong>LAUR\u00c9ATS: <\/strong><b>Rachel Mendleson and R.J. Johnston, Toronto Star<\/b><span style=\"font-weight: 400;\">, pour leur couverture du conseil municipal de Pickering et la fa\u00e7on dont le mouvement d\u2019extr\u00eame droite perturbe les biblioth\u00e8ques, les conseils scolaires et d&rsquo;autres institutions d\u00e9mocratiques locales \u00e0 travers le Canada\u00a0<\/span><\/p><ul><li><a href=\"https:\/\/www.thestar.com\/news\/investigations\/after-the-freedom-convoy-she-turned-her-focus-to-local-politics-what-followed-was-an\/article_76184f4e-3954-11ef-962d-c3a11c7cf4c1.html\" target=\"_blank\" rel=\"noopener\">After the Freedom Convoy, she turned her focus to local politics. What followed was an alt-right siege of this Ontario city<\/a><\/li><li><a href=\"https:\/\/www.thestar.com\/news\/investigations\/they-watched-anti-trans-protesters-go-after-a-school-board-heres-how-theyre-helping-future\/article_c87c189e-4b72-11ef-bc67-d3b803be0b7b.html\" target=\"_blank\" rel=\"noopener\">They watched anti-trans protesters go after a school board. Here\u2019s how they\u2019re helping future targets fight back<\/a><\/li><li><a href=\"https:\/\/www.thestar.com\/news\/gta\/a-councillors-racist-comments-have-thrown-pickering-council-into-disarray-now-the-city-wants-the\/article_d0bb3ffe-f126-11ee-9fd3-6f387347a8c9.html\" target=\"_blank\" rel=\"noopener\">A councillor\u2019s \u2018racist\u2019 comments have thrown Pickering council into disarray. Now, the city wants the Ontario Human Rights Commission to step in<\/a><\/li><\/ul>\t\t\t\t\t\t\t\t<\/div>\n\t\t\t\t<\/div>\n\t\t\t\t<div class=\"elementor-element elementor-element-d2c180e elementor-widget elementor-widget-text-editor\" data-id=\"d2c180e\" data-element_type=\"widget\" data-e-type=\"widget\" data-widget_type=\"text-editor.default\">\n\t\t\t\t<div class=\"elementor-widget-container\">\n\t\t\t\t\t\t\t\t\t<p><b>Patrice Bergeron, La Presse Canadienne<\/b><span style=\"font-weight: 400;\">, pour son travail sur le gouvernement de la CAQ du premier ministre Fran\u00e7ois Legault monnayant l&rsquo;acc\u00e8s \u00e0 ses ministres par des cocktails de financement<\/span><\/p><ul><li><a href=\"https:\/\/www.lapresse.ca\/actualites\/politique\/2024-01-29\/caisse-electorale-de-la-caq\/des-maires-ont-donne-pres-de-100-000-depuis-2021.php\" target=\"_blank\" rel=\"noopener\"><span class=\"title titleModule__main\">Des maires ont donn\u00e9 pr\u00e8s de 100\u00a0000\u00a0$ depuis 2021<\/span><\/a><\/li><li><a href=\"https:\/\/www.noovo.info\/nouvelle\/une-sixieme-deputee-caquiste-dans-leau-chaude.html\" target=\"_blank\" rel=\"noopener\">Une sixi\u00e8me d\u00e9put\u00e9e caquiste dans l&rsquo;eau chaude<\/a><\/li><li><a href=\"https:\/\/www.ledroit.com\/actualites\/politique\/2024\/02\/01\/la-caq-renonce-aux-dons-prives-les-ministres-ne-respectaient-pas-la-loi-dit-le-plq-T2QPD2L44ZAIRF67232UQETNCA\/\" target=\"_blank\" rel=\"noopener\">La CAQ renonce aux dons priv\u00e9s; les ministres ne respectaient pas la loi, dit le PLQ<\/a><\/li><\/ul>\t\t\t\t\t\t\t\t<\/div>\n\t\t\t\t<\/div>\n\t\t\t\t<div class=\"elementor-element elementor-element-ed0ae86 elementor-widget elementor-widget-text-editor\" data-id=\"ed0ae86\" data-element_type=\"widget\" data-e-type=\"widget\" data-widget_type=\"text-editor.default\">\n\t\t\t\t<div class=\"elementor-widget-container\">\n\t\t\t\t\t\t\t\t\t<p><b>Katia Gagnon, La Presse<\/b><span style=\"font-weight: 400;\">, pour son portrait de 5000 mots de Paul St-Pierre Plamondon, qui a redonn\u00e9 vie au Parti Qu\u00e9b\u00e9cois<\/span><\/p><ul><li><a href=\"https:\/\/www.lapresse.ca\/actualites\/politique\/paul-st-pierre-plamondon\/le-pretendant\/2024-05-25\/la-traversee-du-desert.php\" target=\"_blank\" rel=\"noopener\">Le pr\u00e9tendant<\/a><\/li><\/ul>\t\t\t\t\t\t\t\t<\/div>\n\t\t\t\t<\/div>\n\t\t\t\t\t<\/div>\n\t\t<\/div>\n\t\t\t\t\t<\/div>\n\t\t<\/section>\n\t\t\t\t<section class=\"elementor-section elementor-top-section elementor-element elementor-element-77ea4801 elementor-section-boxed elementor-section-height-default elementor-section-height-default\" data-id=\"77ea4801\" data-element_type=\"section\" data-e-type=\"section\">\n\t\t\t\t\t\t<div class=\"elementor-container elementor-column-gap-default\">\n\t\t\t\t\t<div class=\"elementor-column elementor-col-33 elementor-top-column elementor-element elementor-element-21549a6e\" data-id=\"21549a6e\" data-element_type=\"column\" data-e-type=\"column\">\n\t\t\t<div class=\"elementor-widget-wrap elementor-element-populated\">\n\t\t\t\t\t\t<div class=\"elementor-element elementor-element-488f1423 elementor-widget elementor-widget-heading\" data-id=\"488f1423\" data-element_type=\"widget\" data-e-type=\"widget\" data-widget_type=\"heading.default\">\n\t\t\t\t<div class=\"elementor-widget-container\">\n\t\t\t\t\t<h2 class=\"elementor-heading-title elementor-size-medium\">Pr\u00e9sentation\/Conception graphique<\/h2>\t\t\t\t<\/div>\n\t\t\t\t<\/div>\n\t\t\t\t\t<\/div>\n\t\t<\/div>\n\t\t\t\t<div class=\"elementor-column elementor-col-66 elementor-top-column elementor-element elementor-element-2e3949ae\" data-id=\"2e3949ae\" data-element_type=\"column\" data-e-type=\"column\">\n\t\t\t<div class=\"elementor-widget-wrap elementor-element-populated\">\n\t\t\t\t\t\t<div class=\"elementor-element elementor-element-ac101ea elementor-widget elementor-widget-text-editor\" data-id=\"ac101ea\" data-element_type=\"widget\" data-e-type=\"widget\" data-widget_type=\"text-editor.default\">\n\t\t\t\t<div class=\"elementor-widget-container\">\n\t\t\t\t\t\t\t\t\t<p><strong>LAUR\u00c9AT: <\/strong><b>Timothy Moore, The Globe and Mail,<\/b><span style=\"font-weight: 400;\"> pour son portfolio de r\u00e9alisations sur la science et la voile, les d\u00e9buts du breaking en tant que sport olympique et la mani\u00e8re de ma\u00eetriser le patinage plus tard dans la vie<\/span><\/p><ul><li><a href=\"https:\/\/www.theglobeandmail.com\/sports\/olympics\/article-team-canada-sailing-marseille-olympics-paris-2024\/\" target=\"_blank\" rel=\"noopener\">The &lsquo;win&rsquo; in wind<\/a><\/li><li><a href=\"https:\/\/www.theglobeandmail.com\/sports\/olympics\/article-breaking-olympics-sport-rules-phil-wizard\/\" target=\"_blank\" rel=\"noopener\">Drop the beat<\/a><\/li><li><a href=\"https:\/\/www.theglobeandmail.com\/sports\/article-learning-to-skate-perfectly-later-in-life\/\" target=\"_blank\" rel=\"noopener\">In search of &lsquo;pop&rsquo;<\/a><\/li><\/ul>\t\t\t\t\t\t\t\t<\/div>\n\t\t\t\t<\/div>\n\t\t\t\t<div class=\"elementor-element elementor-element-56451757 elementor-widget elementor-widget-text-editor\" data-id=\"56451757\" data-element_type=\"widget\" data-e-type=\"widget\" data-widget_type=\"text-editor.default\">\n\t\t\t\t<div class=\"elementor-widget-container\">\n\t\t\t\t\t\t\t\t\t<p><b>McKenna Hart and Tania Pereira, Toronto Star<\/b><span style=\"font-weight: 400;\">, pour leur portfolio de r\u00e9alisations sur la tourn\u00e9e Eras de Taylor Swift, les principaux influenceurs de Toronto en 2024 et les tribulations des usagers de la TTC<\/span><\/p><ul><li><a href=\"https:\/\/www.thestar.com\/interactives\/from-tiktok-to-instagram-these-24-toronto-influencers-shape-the-way-we-shop-what-we\/article_0fc48924-c5cd-11ee-a38b-47dcadb27e4d.html\" target=\"_blank\" rel=\"noopener\"><span class=\"SA_upper\">The influencers:<\/span> Toronto&rsquo;s Top 24 of\u00a0<span class=\"SA_bold\">2024<\/span><\/a><\/li><li><a href=\"https:\/\/www.thestar.com\/interactives\/taylor-swifts-eras-tour-keeps-making-history-heres-our-guide-to-every-epic-moment-from\/article_772613ea-8d63-11ef-9066-bb01c534939b.html\" target=\"_blank\" rel=\"noopener\">Every time Taylor Swift\u2019s Eras Tour made history<\/a><\/li><li><a href=\"https:\/\/www.thestar.com\/interactives\/which-ttc-route-had-the-most-delays-in-2023-which-had-the-most-breakdowns-or\/article_713836f8-92bd-11ee-8ac7-ffa407d80fe3.html\" target=\"_blank\" rel=\"noopener\">TTC wrapped 2023<\/a><\/li><\/ul>\t\t\t\t\t\t\t\t<\/div>\n\t\t\t\t<\/div>\n\t\t\t\t<div class=\"elementor-element elementor-element-7a58cfbc elementor-widget elementor-widget-text-editor\" data-id=\"7a58cfbc\" data-element_type=\"widget\" data-e-type=\"widget\" data-widget_type=\"text-editor.default\">\n\t\t\t\t<div class=\"elementor-widget-container\">\n\t\t\t\t\t\t\t\t\t<p><b>Pascal Roux, La Presse<\/b><span style=\"font-weight: 400;\">, pour son portfolio de r\u00e9alisations sur une \u00e9pave vieille de 150 ans qui refait myst\u00e9rieusement surface au large de Terre-Neuve, le 50<\/span><span style=\"font-weight: 400;\">e<\/span><span style=\"font-weight: 400;\"> anniversaire de Donjons et Dragons et le conflit entre Isra\u00ebl et le Hamas<\/span><\/p><ul><li><span style=\"font-family: arial, sans-serif;\">Une \u00e9pave fant\u00f4me \u00e0 Terre-Neuve*<\/span><\/li><li><a href=\"https:\/\/www.lapresse.ca\/societe\/le-film-dont-vous-etes-le-heros\/2024-02-25\/les-heros-d-exayan.php\" target=\"_blank\" rel=\"noopener\"><span style=\"font-family: arial, sans-serif;\">Les h<em>\u00e9<\/em>ros d&rsquo;Exayan*<\/span><\/a><\/li><li><a href=\"https:\/\/www.lapresse.ca\/international\/moyen-orient\/2024-10-06\/un-an-de-guerre\/le-conflit-entre-israel-et-le-hamas-en-chiffres-et-en-photos.php\" target=\"_blank\" rel=\"noopener\">Un an de guerre*<\/a><\/li><\/ul><p><span style=\"font-size: 10pt;\">*Veuillez noter que le travail \u00e9valu\u00e9 a \u00e9t\u00e9 con\u00e7u et optimis\u00e9 pour une tablette<\/span><\/p>\t\t\t\t\t\t\t\t<\/div>\n\t\t\t\t<\/div>\n\t\t\t\t\t<\/div>\n\t\t<\/div>\n\t\t\t\t\t<\/div>\n\t\t<\/section>\n\t\t\t\t<section class=\"elementor-section elementor-top-section elementor-element elementor-element-b5d2ffb elementor-section-boxed elementor-section-height-default elementor-section-height-default\" data-id=\"b5d2ffb\" data-element_type=\"section\" data-e-type=\"section\">\n\t\t\t\t\t\t<div class=\"elementor-container elementor-column-gap-default\">\n\t\t\t\t\t<div class=\"elementor-column elementor-col-33 elementor-top-column elementor-element elementor-element-4092da84\" data-id=\"4092da84\" data-element_type=\"column\" data-e-type=\"column\">\n\t\t\t<div class=\"elementor-widget-wrap elementor-element-populated\">\n\t\t\t\t\t\t<div class=\"elementor-element elementor-element-62293a74 elementor-widget elementor-widget-heading\" data-id=\"62293a74\" data-element_type=\"widget\" data-e-type=\"widget\" data-widget_type=\"heading.default\">\n\t\t\t\t<div class=\"elementor-widget-container\">\n\t\t\t\t\t<h2 class=\"elementor-heading-title elementor-size-default\">Prix John Honderich pour le projet de l\u2019ann\u00e9e<\/h2>\t\t\t\t<\/div>\n\t\t\t\t<\/div>\n\t\t\t\t<div class=\"elementor-element elementor-element-4e91fb48 elementor-widget elementor-widget-image\" data-id=\"4e91fb48\" data-element_type=\"widget\" data-e-type=\"widget\" data-widget_type=\"image.default\">\n\t\t\t\t<div class=\"elementor-widget-container\">\n\t\t\t\t\t\t\t\t\t\t\t\t\t\t\t<img decoding=\"async\" src=\"https:\/\/nna-ccj.ca\/wp-content\/uploads\/elementor\/thumbs\/Honderich-scaled-qieqy0jr47k3qmqkk6h6smqt8cc3bpari0la0yn1sg.jpg\" title=\"Honderich\" alt=\"Honderich\" loading=\"lazy\" \/>\t\t\t\t\t\t\t\t\t\t\t\t\t\t\t<\/div>\n\t\t\t\t<\/div>\n\t\t\t\t\t<\/div>\n\t\t<\/div>\n\t\t\t\t<div class=\"elementor-column elementor-col-66 elementor-top-column elementor-element elementor-element-4e290167\" data-id=\"4e290167\" data-element_type=\"column\" data-e-type=\"column\">\n\t\t\t<div class=\"elementor-widget-wrap elementor-element-populated\">\n\t\t\t\t\t\t<div class=\"elementor-element elementor-element-6f80c47e elementor-widget elementor-widget-text-editor\" data-id=\"6f80c47e\" data-element_type=\"widget\" data-e-type=\"widget\" data-widget_type=\"text-editor.default\">\n\t\t\t\t<div class=\"elementor-widget-container\">\n\t\t\t\t\t\t\t\t\t<p><strong>LAUR\u00c9AT: <\/strong><b>Toronto Star<\/b><span style=\"font-weight: 400;\">, pour le travail sur les abus sexuels touchant l&rsquo;enfance et sur l&rsquo;h\u00e9ritage complexe d&rsquo;Alice Munro, h\u00e9ro\u00efne de la litt\u00e9rature canadienne<\/span><\/p><ul><li><a href=\"https:\/\/www.thestar.com\/news\/in-the-home-of-alice-munro-a-dark-secret-lurked-now-her-children-want-the\/article_69a63202-34cd-11ef-83f4-9b4275c26d84.html\" target=\"_blank\" rel=\"noopener\">In the home of Alice Munro, a dark secret lurked. Now, her children want the world to know<\/a><\/li><li><a href=\"https:\/\/www.thestar.com\/entertainment\/books\/i-loved-alice-munro-more-than-any-other-artist-ill-never-read-her-the-same\/article_97a7e27e-3ecb-11ef-844a-9f7808d657a8.html\" target=\"_blank\" rel=\"noopener\">I loved Alice Munro more than any other artist. I\u2019ll never read her the same way again<\/a><\/li><li><a href=\"https:\/\/www.thestar.com\/opinion\/how-did-what-happened-to-alice-munros-daughter-stay-quiet-so-long-start-with-our\/article_98234b6e-3e38-11ef-95c0-d331023027ee.html\" target=\"_blank\" rel=\"noopener\">How did what happened to Alice Munro\u2019s daughter stay quiet so long? Start with our uniquely Canadian devotion to silence<\/a><\/li><li><a href=\"https:\/\/www.thestar.com\/news\/ontario\/alice-munro-told-me-her-daughter-was-lying-about-being-molested-by-her-stepdad-opp\/article_bc900df6-3f1f-11ef-9f57-536fe5941d2c.html\" target=\"_blank\" rel=\"noopener\">Alice Munro told me her daughter was lying about being molested by her stepdad: OPP detective<\/a><\/li><li><a href=\"https:\/\/www.thestar.com\/news\/canada\/before-alice-munros-husband-sexually-abused-his-stepdaughter-he-targeted-another-9-year-old-girl\/article_6eff4980-445b-11ef-a786-e386ff7dd025.html\" target=\"_blank\" rel=\"noopener\">Before Alice Munro\u2019s husband sexually abused his stepdaughter, he targeted another 9-year-old girl.<\/a><\/li><li><a href=\"https:\/\/www.thestar.com\/news\/inside-the-gatehouse-the-toronto-sanctuary-that-helped-alice-munro-s-daughter-confront-her-childhood\/article_b53e8d78-3e27-11ef-9ca9-cb1cd05a0df6.html\" target=\"_blank\" rel=\"noopener\">Inside The Gatehouse, the Toronto sanctuary that helped Alice Munro\u2019s daughter confront her childhood sexual abuse<\/a><\/li><\/ul>\t\t\t\t\t\t\t\t<\/div>\n\t\t\t\t<\/div>\n\t\t\t\t<div class=\"elementor-element elementor-element-545d393c elementor-widget elementor-widget-text-editor\" data-id=\"545d393c\" data-element_type=\"widget\" data-e-type=\"widget\" data-widget_type=\"text-editor.default\">\n\t\t\t\t<div class=\"elementor-widget-container\">\n\t\t\t\t\t\t\t\t\t<p><b>Calgary Herald\/Calgary Sun<\/b><span style=\"font-weight: 400;\">, pour \u00abSqueezed\u00bb un examen sur plusieurs mois des questions li\u00e9es \u00e0 l&rsquo;inflation et \u00e0 l&rsquo;accessibilit\u00e9 financi\u00e8re, allant du logement et des services publics \u00e0 l&rsquo;alimentation, aux d\u00e9penses familiales et aux animaux domestiques<\/span><\/p><ul><li><a href=\"https:\/\/calgaryherald.com\/feature\/alberta-advantage-housing-affordability-inflation-calgary\" target=\"_blank\" rel=\"noopener\">Calgary used to be regarded as affordable. Now, that advantage is slipping away<\/a><\/li><li><a href=\"https:\/\/calgaryherald.com\/news\/local-news\/rising-rents-calgary-straining-families-bills\" target=\"_blank\" rel=\"noopener\">A choice between buying food or paying a bill: Rising rents strain Calgary families<\/a><\/li><li><a href=\"https:\/\/calgaryherald.com\/news\/local-news\/single-mom-struggles-pay-food-housing\" target=\"_blank\" rel=\"noopener\">&lsquo;You just can\u2019t afford to be a single parent anymore&rsquo;: Working mom struggles to afford necessities<\/a><\/li><li><a href=\"https:\/\/calgaryherald.com\/news\/local-news\/seniors-fixed-incomes-impacted-inflation-affordability-crisis\" target=\"_blank\" rel=\"noopener\">&lsquo;My bills keep growing. But my income isn\u2019t&rsquo;: Senior stretches $35-a-week grocery budget<\/a><\/li><li><a href=\"https:\/\/calgaryherald.com\/business\/local-business\/albertas-gig-economy-newcomers-inflation-population-growth-uber-jobs\" target=\"_blank\" rel=\"noopener\">&lsquo;You are surviving at the minimum&rsquo;: Alberta&rsquo;s gig economy struggling to support wave of newcomers<\/a><\/li><\/ul>\t\t\t\t\t\t\t\t<\/div>\n\t\t\t\t<\/div>\n\t\t\t\t<div class=\"elementor-element elementor-element-60e20cee elementor-widget elementor-widget-text-editor\" data-id=\"60e20cee\" data-element_type=\"widget\" data-e-type=\"widget\" data-widget_type=\"text-editor.default\">\n\t\t\t\t<div class=\"elementor-widget-container\">\n\t\t\t\t\t\t\t\t\t<p><b>La Presse<\/b><span style=\"font-weight: 400;\">, pour l\u2019\u00e9tude exhaustive de la fatigue, son impact sur la qualit\u00e9 de la vie, et la question de savoir s\u2019il est possible (ou m\u00eame avantageux) de ralentir<\/span><\/p><ul><li><a href=\"https:\/\/www.lapresse.ca\/actualites\/2024-06-03\/grand-dossier-ralentir\/a-la-recherche-du-temps-perdu.php\" target=\"_blank\" rel=\"noopener\"><span class=\"title titleModule__main\">\u00c0 la recherche du temps perdu*<\/span><\/a><\/li><\/ul><p><span style=\"font-size: 10pt;\">*Veuillez noter que le travail \u00e9valu\u00e9 a \u00e9t\u00e9 con\u00e7u et optimis\u00e9 pour une tablette<\/span><\/p>\t\t\t\t\t\t\t\t<\/div>\n\t\t\t\t<\/div>\n\t\t\t\t\t<\/div>\n\t\t<\/div>\n\t\t\t\t\t<\/div>\n\t\t<\/section>\n\t\t\t\t<section class=\"elementor-section elementor-top-section elementor-element elementor-element-3c5cc609 elementor-section-boxed elementor-section-height-default elementor-section-height-default\" data-id=\"3c5cc609\" data-element_type=\"section\" data-e-type=\"section\">\n\t\t\t\t\t\t<div class=\"elementor-container elementor-column-gap-default\">\n\t\t\t\t\t<div class=\"elementor-column elementor-col-33 elementor-top-column elementor-element elementor-element-296b4982\" data-id=\"296b4982\" data-element_type=\"column\" data-e-type=\"column\">\n\t\t\t<div class=\"elementor-widget-wrap elementor-element-populated\">\n\t\t\t\t\t\t<div class=\"elementor-element elementor-element-329208aa elementor-widget elementor-widget-heading\" data-id=\"329208aa\" data-element_type=\"widget\" data-e-type=\"widget\" data-widget_type=\"heading.default\">\n\t\t\t\t<div class=\"elementor-widget-container\">\n\t\t\t\t\t<h2 class=\"elementor-heading-title elementor-size-default\">Prix Bob Levin pour le reportage bref<\/h2>\t\t\t\t<\/div>\n\t\t\t\t<\/div>\n\t\t\t\t<div class=\"elementor-element elementor-element-592ca205 elementor-widget elementor-widget-image\" data-id=\"592ca205\" data-element_type=\"widget\" data-e-type=\"widget\" data-widget_type=\"image.default\">\n\t\t\t\t<div class=\"elementor-widget-container\">\n\t\t\t\t\t\t\t\t\t\t\t\t\t\t\t<img decoding=\"async\" src=\"https:\/\/nna-ccj.ca\/wp-content\/uploads\/elementor\/thumbs\/Bob-Levin-1-qieqxr5d7v78ij4832ex3p47ahmf6q9g4q2f870zio.jpg\" title=\"Bob Levin (1)\" alt=\"Bob Levin (1)\" loading=\"lazy\" \/>\t\t\t\t\t\t\t\t\t\t\t\t\t\t\t<\/div>\n\t\t\t\t<\/div>\n\t\t\t\t\t<\/div>\n\t\t<\/div>\n\t\t\t\t<div class=\"elementor-column elementor-col-66 elementor-top-column elementor-element elementor-element-ed7215b\" data-id=\"ed7215b\" data-element_type=\"column\" data-e-type=\"column\">\n\t\t\t<div class=\"elementor-widget-wrap elementor-element-populated\">\n\t\t\t\t\t\t<div class=\"elementor-element elementor-element-2434fc99 elementor-widget elementor-widget-text-editor\" data-id=\"2434fc99\" data-element_type=\"widget\" data-e-type=\"widget\" data-widget_type=\"text-editor.default\">\n\t\t\t\t<div class=\"elementor-widget-container\">\n\t\t\t\t\t\t\t\t\t<p><strong>LAUR\u00c9AT: <\/strong><b>Jordan Himelfarb, Toronto Star<\/b><span style=\"font-weight: 400;\">, pour son article sur le champion du monde Gukesh Dommaraju, \u00e2g\u00e9 de 18 ans, et la naissance d&rsquo;un nouvel \u00e2ge d&rsquo;or des \u00e9checs<\/span><\/p><ul><li><a href=\"https:\/\/www.thestar.com\/news\/world\/world-champion-at-age-18-why-gukesh-dommaraju-s-triumph-heralds-a-new-golden-age\/article_6e5b9be0-b987-11ef-a013-df887b9480c0.html\" target=\"_blank\" rel=\"noopener\">World champion at age 18: Why Gukesh Dommaraju\u2019s triumph heralds a new golden age for chess<\/a><\/li><\/ul>\t\t\t\t\t\t\t\t<\/div>\n\t\t\t\t<\/div>\n\t\t\t\t<div class=\"elementor-element elementor-element-4b6d1911 elementor-widget elementor-widget-text-editor\" data-id=\"4b6d1911\" data-element_type=\"widget\" data-e-type=\"widget\" data-widget_type=\"text-editor.default\">\n\t\t\t\t<div class=\"elementor-widget-container\">\n\t\t\t\t\t\t\t\t\t<p><b>Dakshana Bascaramurty, The Globe and Mail<\/b><span style=\"font-weight: 400;\">, pour son reportage \u00e0 Peggy&rsquo;s Cove, en Nouvelle-\u00c9cosse, o\u00f9 on a instaur\u00e9 des mesures contre des touristes qui prennent des risques \u00e0 la recherche de l\u2019\u00e9goportrait parfait.<\/span><\/p><ul><li><a href=\"https:\/\/www.theglobeandmail.com\/canada\/article-peggys-cove-tourists-security\/\" target=\"_blank\" rel=\"noopener\">Peggy\u2019s Cove, N.S., the backdrop of many selfies, lays down the law for risky tourist behaviour<\/a><\/li><\/ul>\t\t\t\t\t\t\t\t<\/div>\n\t\t\t\t<\/div>\n\t\t\t\t<div class=\"elementor-element elementor-element-757b8404 elementor-widget elementor-widget-text-editor\" data-id=\"757b8404\" data-element_type=\"widget\" data-e-type=\"widget\" data-widget_type=\"text-editor.default\">\n\t\t\t\t<div class=\"elementor-widget-container\">\n\t\t\t\t\t\t\t\t\t<p><b>Naomi Skwarna, Toronto Star<\/b><span style=\"font-weight: 400;\">, pour sa r\u00e9flexion sur une courtepointe presque oubli\u00e9e qui s&rsquo;\u00e9tend sur 30 pieds dans la station Spadina et sur l&rsquo;amour qui a \u00e9t\u00e9 n\u00e9cessaire \u00e0 sa r\u00e9alisation<\/span><\/p><ul><li><a href=\"https:\/\/www.thestar.com\/opinion\/contributors\/decades-ago-women-guarded-this-quilt-in-toronto-all-night-to-keep-it-safe-today\/article_328f6ac0-85a6-11ef-9057-3fbc0eb76296.html\" target=\"_blank\" rel=\"noopener\">Decades ago, women guarded this quilt in Toronto all night to keep it safe. Today it sits all but forgotten in Spadina Station<\/a><\/li><\/ul>\t\t\t\t\t\t\t\t<\/div>\n\t\t\t\t<\/div>\n\t\t\t\t\t<\/div>\n\t\t<\/div>\n\t\t\t\t\t<\/div>\n\t\t<\/section>\n\t\t\t\t<section class=\"elementor-section elementor-top-section elementor-element elementor-element-5561c095 elementor-section-boxed elementor-section-height-default elementor-section-height-default\" data-id=\"5561c095\" data-element_type=\"section\" data-e-type=\"section\">\n\t\t\t\t\t\t<div class=\"elementor-container elementor-column-gap-default\">\n\t\t\t\t\t<div class=\"elementor-column elementor-col-33 elementor-top-column elementor-element elementor-element-6399bf2d\" data-id=\"6399bf2d\" data-element_type=\"column\" data-e-type=\"column\">\n\t\t\t<div class=\"elementor-widget-wrap elementor-element-populated\">\n\t\t\t\t\t\t<div class=\"elementor-element elementor-element-1991f071 elementor-widget elementor-widget-heading\" data-id=\"1991f071\" data-element_type=\"widget\" data-e-type=\"widget\" data-widget_type=\"heading.default\">\n\t\t\t\t<div class=\"elementor-widget-container\">\n\t\t\t\t\t<h2 class=\"elementor-heading-title elementor-size-default\">Sujet sp\u00e9cial: journalisme dans une langue autre que le fran\u00e7ais ou l\u2019anglais<\/h2>\t\t\t\t<\/div>\n\t\t\t\t<\/div>\n\t\t\t\t\t<\/div>\n\t\t<\/div>\n\t\t\t\t<div class=\"elementor-column elementor-col-66 elementor-top-column elementor-element elementor-element-6ed6967b\" data-id=\"6ed6967b\" data-element_type=\"column\" data-e-type=\"column\">\n\t\t\t<div class=\"elementor-widget-wrap elementor-element-populated\">\n\t\t\t\t\t\t<div class=\"elementor-element elementor-element-56d428aa elementor-widget elementor-widget-text-editor\" data-id=\"56d428aa\" data-element_type=\"widget\" data-e-type=\"widget\" data-widget_type=\"text-editor.default\">\n\t\t\t\t<div class=\"elementor-widget-container\">\n\t\t\t\t\t\t\t\t\t<p><strong>LAUR\u00c9ATS: <\/strong><b>Yat Pui Venus Ho, Sze Lun Cissy Hsu, Tak Kit Henry Wong, Cheuk Ting Cliff Yau and Wai Keung Norman Sin, Sing Tao<\/b><span style=\"font-weight: 400;\">, pour leur enqu\u00eate d\u2019un mois sur la vente frauduleuse de g\u00e2teaux de lune dans les march\u00e9s d\u2019alimentation asiatique de Toronto et son impact sur les consommateurs de la diaspora de Hong Kong<\/span><\/p><ul><li><a href=\"https:\/\/www.singtao.ca\/6847879\/2024-09-08\/news-%E3%80%90%E8%AA%BF%E6%9F%A5%E5%A0%B1%E9%81%93+%2F+%E6%B8%AF%E5%BC%8F%E6%9C%88%E9%A4%85%E9%80%90%E5%80%8B%E6%8D%89%E3%80%91%E3%80%8C%E9%A6%99%E6%B8%AF%E6%9C%88%E9%A4%85%E3%80%8D%E6%B9%A7%E7%8F%BE%E5%8A%A0%E5%9C%8B%E9%83%BD%E4%BE%86%E8%87%AA%E9%A6%99%E6%B8%AF%EF%BC%9F++%E9%86%89%E7%93%8A%E6%A8%93%EF%BC%9A%E5%BE%9E%E6%9C%AA%E5%87%BA%E9%81%8E%E6%9C%88%E9%A4%85\/?variant=zh-hk\" target=\"_blank\" rel=\"noopener\">Link 1<\/a><\/li><li><a href=\"https:\/\/www.singtao.ca\/6848374\/2024-09-08\/news-%E3%80%90%E8%AA%BF%E6%9F%A5%E5%A0%B1%E9%81%93%E3%80%91%E5%A6%82%E4%BD%95%E5%88%86%E8%BE%A8%E3%80%8C%E9%A6%99%E6%B8%AF%E6%9C%88%E9%A4%85%E3%80%8D%E8%88%87%E3%80%8C%E6%B8%AF%E5%BC%8F%E6%9C%88%E9%A4%85%E3%80%8D%EF%BC%9F%E6%8C%91%E9%80%9A%E7%9C%BC%E7%9C%89%E9%81%8E%E4%B8%AD%E7%A7%8B\/?variant=zh-hk\" target=\"_blank\" rel=\"noopener\">Link 2<\/a><\/li><\/ul>\t\t\t\t\t\t\t\t<\/div>\n\t\t\t\t<\/div>\n\t\t\t\t<div class=\"elementor-element elementor-element-68574a32 elementor-widget elementor-widget-text-editor\" data-id=\"68574a32\" data-element_type=\"widget\" data-e-type=\"widget\" data-widget_type=\"text-editor.default\">\n\t\t\t\t<div class=\"elementor-widget-container\">\n\t\t\t\t\t\t\t\t\t<p><b>Gord Howard, Shanshan Tian, Krista Klassen, Andrea Gray, Corey Larocque, Nunatsiaq News, <\/b><span style=\"font-weight: 400;\">pour leur couverture de la Nunavut Quest, une course de tra\u00eeneaux \u00e0 chien de 370 km entre Arctic Bay et Pond Inlet, \u00e0 laquelle a particip\u00e9 un groupe de jeunes correspondants inuits et qui a donn\u00e9 lieu \u00e0 une \u00e9dition <\/span><span style=\"font-weight: 400;\">comm\u00e9morative de 20 pages<\/span><\/p><ul><li><a href=\"https:\/\/nunatsiaq.com\/virtual\/2024-07-05_NunavutQuest\/mobile\/index.html\" target=\"_blank\" rel=\"noopener\">Nunavut Quest<\/a><\/li><\/ul>\t\t\t\t\t\t\t\t<\/div>\n\t\t\t\t<\/div>\n\t\t\t\t<div class=\"elementor-element elementor-element-1206da94 elementor-widget elementor-widget-text-editor\" data-id=\"1206da94\" data-element_type=\"widget\" data-e-type=\"widget\" data-widget_type=\"text-editor.default\">\n\t\t\t\t<div class=\"elementor-widget-container\">\n\t\t\t\t\t\t\t\t\t<p><b>Sing Tao<\/b><span style=\"font-weight: 400;\">, pour la couverture continue du programme \u00ab Lifeboat \u00bb du Canada et des probl\u00e8mes \u00e9prouv\u00e9s par les demandeurs d&rsquo;asile et les personnes en s\u00e9jour irr\u00e9gulier originaires de Hong Kong, victimes des retards administratifs<\/span><\/p><ul><li><a href=\"https:\/\/www.singtao.ca\/6652315\/2024-04-15\/news-%E3%80%90%E6%98%9F%E5%B3%B6%E7%8D%A8%E5%AE%B6%E3%80%916%E8%90%AC%E6%B8%AF%E4%BA%BA%E7%99%BB%E4%B8%8A%E6%95%91%E7%94%9F%E8%89%87+4%E5%8D%83%E8%A1%9D%E9%96%98%E6%90%B6%E6%90%AD%E5%B0%BE%E7%8F%AD%E8%88%B9+%E5%AD%B8%E7%B0%BD%E5%B9%B4%E7%99%BC%E8%BF%91%E8%90%AC%E7%A0%B4%E7%B4%80%E9%8C%84-st-topic\/?variant=zh-hk\" target=\"_blank\" rel=\"noopener\">Link 1<\/a><\/li><li><a href=\"https:\/\/www.singtao.ca\/6704695\/2024-05-24\/news-%E3%80%90%E5%8D%81%E8%90%AC%E7%81%AB%E6%80%A5%E3%80%91%E5%8A%A0%E6%8B%BF%E5%A4%A7%E9%9B%A2%E6%95%A3%E6%B8%AF%E4%BA%BA%E6%AD%A3%E7%AD%89%E5%BE%85%E4%B8%80%E7%B4%99%E8%BA%AB%E5%88%86++%E5%8A%AA%E5%8A%9B%E5%81%9A%E4%B8%96%E7%95%8C%E7%9A%84%E9%A6%99%E6%B8%AF%E5%AD%A9%E5%AD%90\/?variant=zh-hk\" target=\"_blank\" rel=\"noopener\">Link 2<\/a><\/li><li><a href=\"https:\/\/www.singtao.ca\/6632984\/2024-04-01\/news-%E3%80%90%E5%8D%81%E8%90%AC%E7%81%AB%E6%80%A5%E3%80%91%E9%80%BE%E7%99%BE%E6%95%91%E7%94%9F%E8%89%87%E6%9C%AA%E6%89%B9PR++%E7%A7%BB%E5%8A%A0%E6%B8%AF%E4%BA%BA%E5%BF%83%E7%84%A6%E7%9B%BC%E6%97%A9%E6%97%A5%E9%96%8B%E5%95%9F%E6%96%B0%E7%AF%87%E7%AB%A0-st-topic\/?variant=zh-hk\" target=\"_blank\" rel=\"noopener\">Link 3<\/a><\/li><li><a href=\"https:\/\/www.singtao.ca\/6916811\/2024-10-29\/news-%E3%80%90%E7%A7%BB%E6%B0%91%E9%83%A8%E5%9B%9E%E6%87%89%E3%80%8A%E6%98%9F%E5%B3%B6%E7%B6%B2%E3%80%8B%E3%80%91%E5%8A%A0%E5%9C%8B%E5%A4%A7%E6%B8%9B%E7%A7%BB%E6%B0%91%E6%95%B8%E7%9B%AE++%E5%B0%8D%E6%95%91%E7%94%9F%E8%89%87%E7%94%B3%E6%B0%B8%E5%B1%85%E5%BD%B1%E9%9F%BF%E6%95%B8%E6%93%9A%E4%B8%80%E8%A6%BD-st-topic\/?variant=zh-hk\" target=\"_blank\" rel=\"noopener\">Link 4<\/a><\/li><\/ul>\t\t\t\t\t\t\t\t<\/div>\n\t\t\t\t<\/div>\n\t\t\t\t\t<\/div>\n\t\t<\/div>\n\t\t\t\t\t<\/div>\n\t\t<\/section>\n\t\t\t\t<section class=\"elementor-section elementor-top-section elementor-element elementor-element-28f33cd5 elementor-section-boxed elementor-section-height-default elementor-section-height-default\" data-id=\"28f33cd5\" data-element_type=\"section\" data-e-type=\"section\">\n\t\t\t\t\t\t<div class=\"elementor-container elementor-column-gap-default\">\n\t\t\t\t\t<div class=\"elementor-column elementor-col-33 elementor-top-column elementor-element elementor-element-2057e177\" data-id=\"2057e177\" data-element_type=\"column\" data-e-type=\"column\">\n\t\t\t<div class=\"elementor-widget-wrap elementor-element-populated\">\n\t\t\t\t\t\t<div class=\"elementor-element elementor-element-729e7702 elementor-widget elementor-widget-heading\" data-id=\"729e7702\" data-element_type=\"widget\" data-e-type=\"widget\" data-widget_type=\"heading.default\">\n\t\t\t\t<div class=\"elementor-widget-container\">\n\t\t\t\t\t<h2 class=\"elementor-heading-title elementor-size-default\">Sport<\/h2>\t\t\t\t<\/div>\n\t\t\t\t<\/div>\n\t\t\t\t\t<\/div>\n\t\t<\/div>\n\t\t\t\t<div class=\"elementor-column elementor-col-66 elementor-top-column elementor-element elementor-element-80479d4\" data-id=\"80479d4\" data-element_type=\"column\" data-e-type=\"column\">\n\t\t\t<div class=\"elementor-widget-wrap elementor-element-populated\">\n\t\t\t\t\t\t<div class=\"elementor-element elementor-element-288c8f13 elementor-widget elementor-widget-text-editor\" data-id=\"288c8f13\" data-element_type=\"widget\" data-e-type=\"widget\" data-widget_type=\"text-editor.default\">\n\t\t\t\t<div class=\"elementor-widget-container\">\n\t\t\t\t\t\t\t\t\t<p><strong>LAUR\u00c9ATS: <\/strong><strong>Greg Mercer, Nancy Macdonald and Simon Houpt, The Globe and Mail<\/strong>, pour leur couverture de Soccer Canada \u00e0 la suite du scandale d\u2019espionnage aux Jeux olympiques de Paris<\/p><ul><li><a href=\"https:\/\/www.theglobeandmail.com\/canada\/article-canada-soccer-spying-culture-problem\/\" target=\"_blank\" rel=\"noopener\">Canada Soccer\u2019s culture problem<\/a><\/li><li><a href=\"https:\/\/www.theglobeandmail.com\/canada\/article-canada-soccer-spying-external-investigator\/\" target=\"_blank\" rel=\"noopener\">External report flagged Canada Soccer staff\u2019s spying concerns a year before drone scandal<\/a><\/li><li><a href=\"https:\/\/www.theglobeandmail.com\/canada\/article-canada-soccer-staffer-complained-to-then-top-executive-about-alleged\/\" target=\"_blank\" rel=\"noopener\">Canada Soccer staffer complained to then-top executive about alleged orders to spy one year before drone scandal<\/a><\/li><\/ul>\t\t\t\t\t\t\t\t<\/div>\n\t\t\t\t<\/div>\n\t\t\t\t<div class=\"elementor-element elementor-element-1651350c elementor-widget elementor-widget-text-editor\" data-id=\"1651350c\" data-element_type=\"widget\" data-e-type=\"widget\" data-widget_type=\"text-editor.default\">\n\t\t\t\t<div class=\"elementor-widget-container\">\n\t\t\t\t\t\t\t\t\t<p><strong>Paige Taylor White, IndigiNews, <\/strong>pour une s\u00e9rie sur une \u00e9quipe f\u00e9minine de basketball d\u2019East Van participant au 64<sup>e<\/sup> tournoi autochtone annuel de basketball dans les territoires de Tsimshian<\/p><ul><li><a href=\"https:\/\/indiginews.com\/features\/for-the-all-my-relations-team-the-all-native-tournament-is-bigger-than-basketball\" target=\"_blank\" rel=\"noopener\">For the All My Relations team, the All Native tournament is bigger than basketball<\/a><\/li><li><a href=\"https:\/\/indiginews.com\/features\/at-the-all-native-basketball-tournament-the-amr-team-faces-ups-and-downs\" target=\"_blank\" rel=\"noopener\">At the All Native Basketball Tournament, the AMR team faces ups and downs<\/a><\/li><li><a href=\"https:\/\/indiginews.com\/features\/tears-frustration-and-gratitude-at-the-all-native-tournament\" target=\"_blank\" rel=\"noopener\">Tears, frustration and gratitude at the All Native Basketball Tournament<\/a><\/li><\/ul>\t\t\t\t\t\t\t\t<\/div>\n\t\t\t\t<\/div>\n\t\t\t\t<div class=\"elementor-element elementor-element-3fb11391 elementor-widget elementor-widget-text-editor\" data-id=\"3fb11391\" data-element_type=\"widget\" data-e-type=\"widget\" data-widget_type=\"text-editor.default\">\n\t\t\t\t<div class=\"elementor-widget-container\">\n\t\t\t\t\t\t\t\t\t<p><strong>Ken Warren and Tony Caldwell, Ottawa Citizen\/Ottawa Sun<\/strong>, pour leur article sur un homme d&rsquo;Ottawa qui se fraie un chemin dans la rivi\u00e8re gel\u00e9e tous le jours avec une scie et une pelle pour s\u2019y baigner \u00e0 des temp\u00e9ratures sous z\u00e9ro \u2013 en portant un simple maillot de bain<\/p><ul><li><a href=\"https:\/\/ottawacitizen.com\/feature\/the-ice-swimmer\" target=\"_blank\" rel=\"noopener\">The ice swimmer: Why Tom Heyerdahl carved a 25-metre swim lane in the frozen Ottawa River<\/a><\/li><\/ul>\t\t\t\t\t\t\t\t<\/div>\n\t\t\t\t<\/div>\n\t\t\t\t\t<\/div>\n\t\t<\/div>\n\t\t\t\t\t<\/div>\n\t\t<\/section>\n\t\t\t\t<section class=\"elementor-section elementor-top-section elementor-element elementor-element-f6ff2a8 elementor-section-boxed elementor-section-height-default elementor-section-height-default\" data-id=\"f6ff2a8\" data-element_type=\"section\" data-e-type=\"section\">\n\t\t\t\t\t\t<div class=\"elementor-container elementor-column-gap-default\">\n\t\t\t\t\t<div class=\"elementor-column elementor-col-33 elementor-top-column elementor-element elementor-element-14eea43f\" data-id=\"14eea43f\" data-element_type=\"column\" data-e-type=\"column\">\n\t\t\t<div class=\"elementor-widget-wrap elementor-element-populated\">\n\t\t\t\t\t\t<div class=\"elementor-element elementor-element-4063d948 elementor-widget elementor-widget-heading\" data-id=\"4063d948\" data-element_type=\"widget\" data-e-type=\"widget\" data-widget_type=\"heading.default\">\n\t\t\t\t<div class=\"elementor-widget-container\">\n\t\t\t\t\t<h2 class=\"elementor-heading-title elementor-size-default\">Photo de sport<\/h2>\t\t\t\t<\/div>\n\t\t\t\t<\/div>\n\t\t\t\t\t<\/div>\n\t\t<\/div>\n\t\t\t\t<div class=\"elementor-column elementor-col-66 elementor-top-column elementor-element elementor-element-58a032c3\" data-id=\"58a032c3\" data-element_type=\"column\" data-e-type=\"column\">\n\t\t\t<div class=\"elementor-widget-wrap elementor-element-populated\">\n\t\t\t\t\t\t<div class=\"elementor-element elementor-element-59fae7ac elementor-widget elementor-widget-text-editor\" data-id=\"59fae7ac\" data-element_type=\"widget\" data-e-type=\"widget\" data-widget_type=\"text-editor.default\">\n\t\t\t\t<div class=\"elementor-widget-container\">\n\t\t\t\t\t\t\t\t\t<p><strong>LAUR\u00c9AT: <\/strong><b>Olivier Jean, La Presse<\/b><span style=\"font-weight: 400;\">, pour le clich\u00e9 d\u2019un moment de joie spontan\u00e9 entre Andre De Grasse et Aaron Brown apr\u00e8s avoir d\u00e9croch\u00e9 l\u2019or au relais 4X100 m \u00e0 Paris<\/span><\/p>\t\t\t\t\t\t\t\t<\/div>\n\t\t\t\t<\/div>\n\t\t\t\t<div class=\"elementor-element elementor-element-3716bbbc elementor-widget elementor-widget-gallery\" data-id=\"3716bbbc\" data-element_type=\"widget\" data-e-type=\"widget\" data-settings=\"{&quot;columns&quot;:5,&quot;aspect_ratio&quot;:&quot;4:3&quot;,&quot;lazyload&quot;:&quot;yes&quot;,&quot;gallery_layout&quot;:&quot;grid&quot;,&quot;columns_tablet&quot;:2,&quot;columns_mobile&quot;:1,&quot;gap&quot;:{&quot;unit&quot;:&quot;px&quot;,&quot;size&quot;:10,&quot;sizes&quot;:[]},&quot;gap_tablet&quot;:{&quot;unit&quot;:&quot;px&quot;,&quot;size&quot;:10,&quot;sizes&quot;:[]},&quot;gap_mobile&quot;:{&quot;unit&quot;:&quot;px&quot;,&quot;size&quot;:10,&quot;sizes&quot;:[]},&quot;link_to&quot;:&quot;file&quot;,&quot;overlay_background&quot;:&quot;yes&quot;,&quot;content_hover_animation&quot;:&quot;fade-in&quot;}\" data-widget_type=\"gallery.default\">\n\t\t\t\t<div class=\"elementor-widget-container\">\n\t\t\t\t\t\t\t<div class=\"elementor-gallery__container\">\n\t\t\t\t\t\t\t<a class=\"e-gallery-item elementor-gallery-item elementor-animated-content\" href=\"https:\/\/nna-ccj.ca\/wp-content\/uploads\/2025\/03\/Olivier-Jean-photo-scaled.jpg\" data-elementor-open-lightbox=\"yes\" data-elementor-lightbox-slideshow=\"3716bbbc\" data-elementor-lightbox-title=\"Canadian sprinters, Andre de Grasse and Aaron Brown, celebrate an unexpected victory. Les sprinters canadiens, Andre de Grasse et Aaron Brown, c\u00e9l\u00e8brent une victoire inattendue dans le relais 4x100m au Stade de France. Olivier Jean, La Presse\" data-e-action-hash=\"#elementor-action%3Aaction%3Dlightbox%26settings%3DeyJpZCI6OTYzMywidXJsIjoiaHR0cHM6XC9cL25uYS1jY2ouY2FcL3dwLWNvbnRlbnRcL3VwbG9hZHNcLzIwMjVcLzAzXC9PbGl2aWVyLUplYW4tcGhvdG8tc2NhbGVkLmpwZyIsInNsaWRlc2hvdyI6IjM3MTZiYmJjIn0%3D\">\n\t\t\t\t\t<div class=\"e-gallery-image elementor-gallery-item__image\" data-thumbnail=\"https:\/\/nna-ccj.ca\/wp-content\/uploads\/2025\/03\/Olivier-Jean-photo-150x150.jpg\" data-width=\"150\" data-height=\"150\" aria-label=\"\" role=\"img\" ><\/div>\n\t\t\t\t\t\t\t\t\t\t\t<div class=\"elementor-gallery-item__overlay\"><\/div>\n\t\t\t\t\t\t\t\t\t\t\t\t\t\t<\/a>\n\t\t\t\t\t<\/div>\n\t\t\t\t\t<\/div>\n\t\t\t\t<\/div>\n\t\t\t\t<div class=\"elementor-element elementor-element-124ed08 elementor-widget elementor-widget-text-editor\" data-id=\"124ed08\" data-element_type=\"widget\" data-e-type=\"widget\" data-widget_type=\"text-editor.default\">\n\t\t\t\t<div class=\"elementor-widget-container\">\n\t\t\t\t\t\t\t\t\t<p><b>Nathan Denette, Canadian Press<\/b><span style=\"font-weight: 400;\">, pour sa photo de l&rsquo;\u00e9quipe canadienne masculine de poursuite \u00e0 grande vitesse aux Jeux olympiques de Paris 2024 <\/span><\/p>\t\t\t\t\t\t\t\t<\/div>\n\t\t\t\t<\/div>\n\t\t\t\t<div class=\"elementor-element elementor-element-46b3e3ca elementor-widget elementor-widget-gallery\" data-id=\"46b3e3ca\" data-element_type=\"widget\" data-e-type=\"widget\" data-settings=\"{&quot;columns&quot;:5,&quot;aspect_ratio&quot;:&quot;4:3&quot;,&quot;lazyload&quot;:&quot;yes&quot;,&quot;gallery_layout&quot;:&quot;grid&quot;,&quot;columns_tablet&quot;:2,&quot;columns_mobile&quot;:1,&quot;gap&quot;:{&quot;unit&quot;:&quot;px&quot;,&quot;size&quot;:10,&quot;sizes&quot;:[]},&quot;gap_tablet&quot;:{&quot;unit&quot;:&quot;px&quot;,&quot;size&quot;:10,&quot;sizes&quot;:[]},&quot;gap_mobile&quot;:{&quot;unit&quot;:&quot;px&quot;,&quot;size&quot;:10,&quot;sizes&quot;:[]},&quot;link_to&quot;:&quot;file&quot;,&quot;overlay_background&quot;:&quot;yes&quot;,&quot;content_hover_animation&quot;:&quot;fade-in&quot;}\" data-widget_type=\"gallery.default\">\n\t\t\t\t<div class=\"elementor-widget-container\">\n\t\t\t\t\t\t\t<div class=\"elementor-gallery__container\">\n\t\t\t\t\t\t\t<a class=\"e-gallery-item elementor-gallery-item elementor-animated-content\" href=\"https:\/\/nna-ccj.ca\/wp-content\/uploads\/2025\/03\/Nathan-Denette-photo-scaled.jpg\" data-elementor-open-lightbox=\"yes\" data-elementor-lightbox-slideshow=\"46b3e3ca\" data-elementor-lightbox-title=\"Canada&#039;s Dylan Bibic, Mathias Guillemette, Michael Foley and Carson Mattern compete in the men&#039;s team pursuit during the 2024 Paris Summer Olympics THE CANADIAN PRESS\/Nathan Denette\" data-e-action-hash=\"#elementor-action%3Aaction%3Dlightbox%26settings%3DeyJpZCI6OTYzNSwidXJsIjoiaHR0cHM6XC9cL25uYS1jY2ouY2FcL3dwLWNvbnRlbnRcL3VwbG9hZHNcLzIwMjVcLzAzXC9OYXRoYW4tRGVuZXR0ZS1waG90by1zY2FsZWQuanBnIiwic2xpZGVzaG93IjoiNDZiM2UzY2EifQ%3D%3D\">\n\t\t\t\t\t<div class=\"e-gallery-image elementor-gallery-item__image\" data-thumbnail=\"https:\/\/nna-ccj.ca\/wp-content\/uploads\/2025\/03\/Nathan-Denette-photo-150x150.jpg\" data-width=\"150\" data-height=\"150\" aria-label=\"\" role=\"img\" ><\/div>\n\t\t\t\t\t\t\t\t\t\t\t<div class=\"elementor-gallery-item__overlay\"><\/div>\n\t\t\t\t\t\t\t\t\t\t\t\t\t\t<\/a>\n\t\t\t\t\t<\/div>\n\t\t\t\t\t<\/div>\n\t\t\t\t<\/div>\n\t\t\t\t<div class=\"elementor-element elementor-element-6a8bf94 elementor-widget elementor-widget-text-editor\" data-id=\"6a8bf94\" data-element_type=\"widget\" data-e-type=\"widget\" data-widget_type=\"text-editor.default\">\n\t\t\t\t<div class=\"elementor-widget-container\">\n\t\t\t\t\t\t\t\t\t<p><b>Frank Gunn, Canadian Press<\/b><span style=\"font-weight: 400;\">, pour sa photo du receveur des Argonauts de Toronto Dejon Brissett volant dans les airs apr\u00e8s avoir \u00e9t\u00e9 renvers\u00e9 par Tyrell Ford de Winnipeg pendant le match de la Coupe Grey<\/span><\/p>\t\t\t\t\t\t\t\t<\/div>\n\t\t\t\t<\/div>\n\t\t\t\t<div class=\"elementor-element elementor-element-4b807efc elementor-widget elementor-widget-gallery\" data-id=\"4b807efc\" data-element_type=\"widget\" data-e-type=\"widget\" data-settings=\"{&quot;columns&quot;:5,&quot;aspect_ratio&quot;:&quot;4:3&quot;,&quot;lazyload&quot;:&quot;yes&quot;,&quot;gallery_layout&quot;:&quot;grid&quot;,&quot;columns_tablet&quot;:2,&quot;columns_mobile&quot;:1,&quot;gap&quot;:{&quot;unit&quot;:&quot;px&quot;,&quot;size&quot;:10,&quot;sizes&quot;:[]},&quot;gap_tablet&quot;:{&quot;unit&quot;:&quot;px&quot;,&quot;size&quot;:10,&quot;sizes&quot;:[]},&quot;gap_mobile&quot;:{&quot;unit&quot;:&quot;px&quot;,&quot;size&quot;:10,&quot;sizes&quot;:[]},&quot;link_to&quot;:&quot;file&quot;,&quot;overlay_background&quot;:&quot;yes&quot;,&quot;content_hover_animation&quot;:&quot;fade-in&quot;}\" data-widget_type=\"gallery.default\">\n\t\t\t\t<div class=\"elementor-widget-container\">\n\t\t\t\t\t\t\t<div class=\"elementor-gallery__container\">\n\t\t\t\t\t\t\t<a class=\"e-gallery-item elementor-gallery-item elementor-animated-content\" href=\"https:\/\/nna-ccj.ca\/wp-content\/uploads\/2025\/03\/Frank-Gunn-photo-scaled.jpg\" data-elementor-open-lightbox=\"yes\" data-elementor-lightbox-slideshow=\"4b807efc\" data-elementor-lightbox-title=\"Frank Gunn\/The Canadian Press\" data-e-action-hash=\"#elementor-action%3Aaction%3Dlightbox%26settings%3DeyJpZCI6OTYzMSwidXJsIjoiaHR0cHM6XC9cL25uYS1jY2ouY2FcL3dwLWNvbnRlbnRcL3VwbG9hZHNcLzIwMjVcLzAzXC9GcmFuay1HdW5uLXBob3RvLXNjYWxlZC5qcGciLCJzbGlkZXNob3ciOiI0YjgwN2VmYyJ9\">\n\t\t\t\t\t<div class=\"e-gallery-image elementor-gallery-item__image\" data-thumbnail=\"https:\/\/nna-ccj.ca\/wp-content\/uploads\/2025\/03\/Frank-Gunn-photo-150x150.jpg\" data-width=\"150\" data-height=\"150\" aria-label=\"\" role=\"img\" ><\/div>\n\t\t\t\t\t\t\t\t\t\t\t<div class=\"elementor-gallery-item__overlay\"><\/div>\n\t\t\t\t\t\t\t\t\t\t\t\t\t\t<\/a>\n\t\t\t\t\t<\/div>\n\t\t\t\t\t<\/div>\n\t\t\t\t<\/div>\n\t\t\t\t\t<\/div>\n\t\t<\/div>\n\t\t\t\t\t<\/div>\n\t\t<\/section>\n\t\t\t\t<section class=\"elementor-section elementor-top-section elementor-element elementor-element-1c088b56 elementor-section-boxed elementor-section-height-default elementor-section-height-default\" data-id=\"1c088b56\" data-element_type=\"section\" data-e-type=\"section\">\n\t\t\t\t\t\t<div class=\"elementor-container elementor-column-gap-default\">\n\t\t\t\t\t<div class=\"elementor-column elementor-col-33 elementor-top-column elementor-element elementor-element-359dfe46\" data-id=\"359dfe46\" data-element_type=\"column\" data-e-type=\"column\">\n\t\t\t<div class=\"elementor-widget-wrap elementor-element-populated\">\n\t\t\t\t\t\t<div class=\"elementor-element elementor-element-5470145a elementor-widget elementor-widget-heading\" data-id=\"5470145a\" data-element_type=\"widget\" data-e-type=\"widget\" data-widget_type=\"heading.default\">\n\t\t\t\t<div class=\"elementor-widget-container\">\n\t\t\t\t\t<h2 class=\"elementor-heading-title elementor-size-default\">\nPrix Geoffrey Stevens pour le reportage en continu<\/h2>\t\t\t\t<\/div>\n\t\t\t\t<\/div>\n\t\t\t\t<div class=\"elementor-element elementor-element-dbfab81 elementor-widget elementor-widget-image\" data-id=\"dbfab81\" data-element_type=\"widget\" data-e-type=\"widget\" data-widget_type=\"image.default\">\n\t\t\t\t<div class=\"elementor-widget-container\">\n\t\t\t\t\t\t\t\t\t\t\t\t\t\t\t<img decoding=\"async\" src=\"https:\/\/nna-ccj.ca\/wp-content\/uploads\/elementor\/thumbs\/Geoff-Stevens-at-The-Globe-and-Mail-r1610niddd8e126efjm9rvzjfx376fb26wc1bc9uj4.jpeg\" title=\"Geoffrey Stevens\" alt=\"Geoffrey Stevens\" loading=\"lazy\" \/>\t\t\t\t\t\t\t\t\t\t\t\t\t\t\t<\/div>\n\t\t\t\t<\/div>\n\t\t\t\t\t<\/div>\n\t\t<\/div>\n\t\t\t\t<div class=\"elementor-column elementor-col-66 elementor-top-column elementor-element elementor-element-1295ec23\" data-id=\"1295ec23\" data-element_type=\"column\" data-e-type=\"column\">\n\t\t\t<div class=\"elementor-widget-wrap elementor-element-populated\">\n\t\t\t\t\t\t<div class=\"elementor-element elementor-element-5ae0d1c6 elementor-widget elementor-widget-text-editor\" data-id=\"5ae0d1c6\" data-element_type=\"widget\" data-e-type=\"widget\" data-widget_type=\"text-editor.default\">\n\t\t\t\t<div class=\"elementor-widget-container\">\n\t\t\t\t\t\t\t\t\t<p><strong>LAUR\u00c9AT: <\/strong><b>The Globe and Mail<\/b><span style=\"font-weight: 400;\">, pour avoir explor\u00e9 pendant un an les causes profondes de la p\u00e9nurie de logements et les id\u00e9es cr\u00e9atives qui pourraient contribuer \u00e0 r\u00e9soudre la crise<\/span><\/p><ul><li><a href=\"https:\/\/www.theglobeandmail.com\/business\/article-canada-home-prices-charts\/\" target=\"_blank\" rel=\"noopener\">Why you can\u2019t afford a home, in 10 charts<\/a><\/li><li><a href=\"https:\/\/www.theglobeandmail.com\/business\/article-canada-housing-crisis-broken-examples\/\" target=\"_blank\" rel=\"noopener\">Inside the crisis facing Canada\u2019s dysfunctional housing market<\/a><\/li><li><a href=\"https:\/\/www.theglobeandmail.com\/business\/article-federal-home-construction-skilled-trades\/\" target=\"_blank\" rel=\"noopener\">Canada\u2019s next housing crisis: Who is going to build millions of new homes?<\/a><\/li><li><a href=\"https:\/\/www.theglobeandmail.com\/canada\/article-how-rental-protection-funds-can-help-stem-a-vanishing-supply-of\/\" target=\"_blank\" rel=\"noopener\">How rental-protection funds can help stem a vanishing supply of affordable units<\/a><\/li><li><a href=\"https:\/\/www.theglobeandmail.com\/canada\/article-ottawa-affordable-rental-housing\/\" target=\"_blank\" rel=\"noopener\">Ottawa is funding affordable rental projects that aren\u2019t actually affordable<\/a><\/li><li><a href=\"https:\/\/www.theglobeandmail.com\/canada\/article-this-toronto-post-office-is-a-monument-to-missed-opportunities-for\/\" target=\"_blank\" rel=\"noopener\">This Toronto post office is a monument to missed opportunities for building housing on federal land<\/a><\/li><li><a href=\"https:\/\/www.theglobeandmail.com\/canada\/article-disappearing-urban-backyards-canada\/\" target=\"_blank\" rel=\"noopener\">Urban backyards are disappearing. Can we be happy without them?<\/a><\/li><li><a href=\"https:\/\/www.theglobeandmail.com\/opinion\/editorials\/article-how-changing-an-old-rule-about-stairs-could-unlock-a-lot-of-new\/\" target=\"_blank\" rel=\"noopener\">How changing an old rule about stairs could unlock a lot of new housing<\/a><\/li><\/ul>\t\t\t\t\t\t\t\t<\/div>\n\t\t\t\t<\/div>\n\t\t\t\t<div class=\"elementor-element elementor-element-5ed30d54 elementor-widget elementor-widget-text-editor\" data-id=\"5ed30d54\" data-element_type=\"widget\" data-e-type=\"widget\" data-widget_type=\"text-editor.default\">\n\t\t\t\t<div class=\"elementor-widget-container\">\n\t\t\t\t\t\t\t\t\t<p><b>Caroline Touzin, Ariane Lacoursi\u00e8re, Gabrielle Duchaine and Katia Gagnon, La Presse<\/b><span style=\"font-weight: 400;\">, pour leur travail d\u2019enqu\u00eate sur les probl\u00e8mes syst\u00e9miques au sein des services de la protection de la jeunesse au Qu\u00e9bec<\/span><\/p><ul><li><a href=\"https:\/\/www.lapresse.ca\/actualites\/centre-jeunesse-de-laval\/des-tannants-en-retrait-dans-des-cellules\/2024-03-04\/centre-jeunesse-de-laval\/on-va-en-faire-des-monstres.php\" target=\"_blank\" rel=\"noopener\">Des \u00ab\u00a0tannants\u00a0\u00bb en\u00a0retrait dans des\u00a0cellules<\/a><\/li><li><a href=\"https:\/\/www.lapresse.ca\/actualites\/2024-04-16\/allegations-de-maltraitance-dans-un-centre-de-readaptation\/c-a-ete-violent-pour-notre-fils.php\" target=\"_blank\" rel=\"noopener\"><span class=\"title titleModule__main\">\u00ab\u00a0\u00c7\u2019a \u00e9t\u00e9 violent pour notre fils\u00a0\u00bb<\/span><\/a><\/li><li><a href=\"https:\/\/www.lapresse.ca\/actualites\/famille-d-accueil-de-la-dpj\/la-maison-des-horreurs\/2024-04-24\/personne-n-a-rien-vu.php\" target=\"_blank\" rel=\"noopener\">La maison des horreurs<\/a><\/li><li><a href=\"https:\/\/www.lapresse.ca\/actualites\/centres-jeunesse-et-foyers-de-groupe-de-la-dpj\/de-plus-en-plus-de-mesures-de-contention-ou-d-isolement\/2024-05-21\/des-salles-d-isolement-utilisees-tous-les-jours.php\" target=\"_blank\" rel=\"noopener\"><span class=\"dossierHeader__title\">De plus en plus de mesures de contention ou d\u2019isolement<\/span><\/a><\/li><li><a href=\"https:\/\/www.lapresse.ca\/actualites\/2024-05-23\/manque-d-hebergement-de-la-dpj-au-nunavik\/une-jeune-inuite-en-voie-d-assimilation-tres-avancee.php\" target=\"_blank\" rel=\"noopener\">Une jeune inuite \u00ab\u00a0en voie d\u2019assimilation tr\u00e8s avanc\u00e9e\u00a0\u00bb<\/a><\/li><li><a href=\"https:\/\/www.lapresse.ca\/actualites\/mauricie-et-centre-du-quebec\/faussetes-et-omissions-a-la-dpj\/2024-10-09\/quand-la-dpj-lese-elle-meme-les-enfants.php\" target=\"_blank\" rel=\"noopener\">Fausset\u00e9s et omissions \u00e0 la DPJ<\/a><\/li><li><a href=\"https:\/\/www.lapresse.ca\/actualites\/justice-et-faits-divers\/2024-10-24\/montreal\/scandale-sexuel-au-centre-de-readaptation-cite-des-prairies.php\" target=\"_blank\" rel=\"noopener\"><span class=\"title titleModule__main\">Scandale sexuel au centre de r\u00e9adaptation Cit\u00e9-des-Prairies<\/span><\/a><\/li><li><a href=\"https:\/\/www.lapresse.ca\/actualites\/2024-10-31\/estrie\/la-dpj-voulait-separer-des-triples-pour-toujours.php\" target=\"_blank\" rel=\"noopener\"><span class=\"title titleModule__main\">La DPJ voulait s\u00e9parer des tripl\u00e9s pour toujours<\/span><\/a><\/li><\/ul>\t\t\t\t\t\t\t\t<\/div>\n\t\t\t\t<\/div>\n\t\t\t\t<div class=\"elementor-element elementor-element-73627fab elementor-widget elementor-widget-text-editor\" data-id=\"73627fab\" data-element_type=\"widget\" data-e-type=\"widget\" data-widget_type=\"text-editor.default\">\n\t\t\t\t<div class=\"elementor-widget-container\">\n\t\t\t\t\t\t\t\t\t<p><b>Toronto Star<\/b><span style=\"font-weight: 400;\">, pour avoir braqu\u00e9 les projecteurs sur l&rsquo;une des affaires p\u00e9nales les plus dramatiques de l&rsquo;histoire r\u00e9cente : les poursuites judiciaires probl\u00e9matiques contre Umar Zameer<\/span><\/p><ul><li><a href=\"https:\/\/www.thestar.com\/news\/crime\/the-truth-will-emerge-lawyer-cautions-at-start-of-murder-trial-in-death-of-toronto\/article_745f6f8a-e57f-11ee-b1a5-1790816b9052.html\" target=\"_blank\" rel=\"noopener\"><span style=\"font-weight: 400;\">&lsquo;Truth will emerge&rsquo; over Toronto cop&rsquo;s death: Lawyer says<\/span><\/a><\/li><li><a href=\"https:\/\/www.youtube.com\/watch?v=A7KH_0uJOJs\" target=\"_blank\" rel=\"noopener\">Footage shows the moments leading up to death of Toronto police Const. Jeffrey Northrup<\/a><\/li><li><a href=\"https:\/\/www.thestar.com\/news\/gta\/a-story-you-made-up-defence-accuses-toronto-cops-of-colluding-to-lie-about-how\/article_a926058a-ec50-11ee-aec9-0f2bc9d3ee19.html\" target=\"_blank\" rel=\"noopener\"><span style=\"font-weight: 400;\">Toronto cops colluded to lie about officer&rsquo;s death: Defence<\/span><\/a><\/li><li><a href=\"https:\/\/www.thestar.com\/podcasts\/this-matters\/after-the-verdict-umar-zameer-reflects\/article_077ad636-0404-11ef-8f7e-6b38b6fbec26.html\" target=\"_blank\" rel=\"noopener\">After the verdict, Umar Zameer reflects<\/a><\/li><li><a href=\"https:\/\/www.thestar.com\/news\/gta\/you-just-ran-over-a-cop-the-inside-story-of-the-failed-prosecution-of-umar\/article_bae65188-17db-11ef-b7da-6b84d7dabdff.html\" target=\"_blank\" rel=\"noopener\"><span style=\"font-weight: 400;\">The inside story of the failed prosecution of Umar Zameer<\/span><\/a><b>\u00a0<\/b><\/li><li><a href=\"https:\/\/www.thestar.com\/news\/gta\/toronto-police-chief-walks-back-controversial-comments-on-umar-zameer-verdict\/article_79df8e44-0187-11ef-86cf-dbf2b65a7c42.html\" target=\"_blank\" rel=\"noopener\">Toronto police chief walks back controversial comments on Umar Zameer verdict<\/a><\/li><li><a href=\"https:\/\/www.thestar.com\/news\/gta\/legal-observers-criticize-umar-zameer-s-prosecution-as-tactically-ethically-legally-and-judgmentally-ridiculous\/article_35f8c458-00dc-11ef-88cb-bfef0d33dd15.html\" target=\"_blank\" rel=\"noopener\"><span style=\"font-weight: 400;\">Umar Zameer&rsquo;s prosecution was legally &lsquo;ridiculous&rsquo;: Lawyers<\/span><\/a><\/li><li><a href=\"https:\/\/www.thestar.com\/opinion\/star-columnists\/theres-one-clear-lesson-to-learn-from-the-umar-zameer-case\/article_ca60d19c-03db-11ef-982a-b7d6a863dd44.html\" target=\"_blank\" rel=\"noopener\">There\u2019s one clear lesson to learn from the Umar Zameer case<\/a><\/li><\/ul>\t\t\t\t\t\t\t\t<\/div>\n\t\t\t\t<\/div>\n\t\t\t\t\t<\/div>\n\t\t<\/div>\n\t\t\t\t\t<\/div>\n\t\t<\/section>\n\t\t\t\t<section class=\"elementor-section elementor-top-section elementor-element elementor-element-4cb6912 elementor-section-boxed elementor-section-height-default elementor-section-height-default\" data-id=\"4cb6912\" data-element_type=\"section\" data-e-type=\"section\">\n\t\t\t\t\t\t<div class=\"elementor-container elementor-column-gap-default\">\n\t\t\t\t\t<div class=\"elementor-column elementor-col-33 elementor-top-column elementor-element elementor-element-aafc5a8\" data-id=\"aafc5a8\" data-element_type=\"column\" data-e-type=\"column\">\n\t\t\t<div class=\"elementor-widget-wrap elementor-element-populated\">\n\t\t\t\t\t\t<div class=\"elementor-element elementor-element-cf2e145 elementor-widget elementor-widget-heading\" data-id=\"cf2e145\" data-element_type=\"widget\" data-e-type=\"widget\" data-widget_type=\"heading.default\">\n\t\t\t\t<div class=\"elementor-widget-container\">\n\t\t\t\t\t<h2 class=\"elementor-heading-title elementor-size-default\">Distinction honorifique sp\u00e9ciale<\/h2>\t\t\t\t<\/div>\n\t\t\t\t<\/div>\n\t\t\t\t<div class=\"elementor-element elementor-element-1fdae2f elementor-widget elementor-widget-image\" data-id=\"1fdae2f\" data-element_type=\"widget\" data-e-type=\"widget\" data-widget_type=\"image.default\">\n\t\t\t\t<div class=\"elementor-widget-container\">\n\t\t\t\t\t\t\t\t\t\t\t\t\t\t\t<img decoding=\"async\" src=\"https:\/\/nna-ccj.ca\/wp-content\/uploads\/elementor\/thumbs\/Globe-Photojournalism-Summit-logo-r4xejdo7t0kuu7cqcvjvfsm1jd47mwn86xw9jyalze.jpg\" title=\"Screenshot\" alt=\"Screenshot\" loading=\"lazy\" \/>\t\t\t\t\t\t\t\t\t\t\t\t\t\t\t<\/div>\n\t\t\t\t<\/div>\n\t\t\t\t\t<\/div>\n\t\t<\/div>\n\t\t\t\t<div class=\"elementor-column elementor-col-66 elementor-top-column elementor-element elementor-element-fe7b465\" data-id=\"fe7b465\" data-element_type=\"column\" data-e-type=\"column\">\n\t\t\t<div class=\"elementor-widget-wrap elementor-element-populated\">\n\t\t\t\t\t\t<div class=\"elementor-element elementor-element-5528ab6 elementor-widget elementor-widget-text-editor\" data-id=\"5528ab6\" data-element_type=\"widget\" data-e-type=\"widget\" data-widget_type=\"text-editor.default\">\n\t\t\t\t<div class=\"elementor-widget-container\">\n\t\t\t\t\t\t\t\t\t<p><strong>LAUR\u00c9AT: Globe Photojournalism Summit<\/strong><\/p>\t\t\t\t\t\t\t\t<\/div>\n\t\t\t\t<\/div>\n\t\t\t\t\t<\/div>\n\t\t<\/div>\n\t\t\t\t\t<\/div>\n\t\t<\/section>\n\t\t\t\t<section class=\"elementor-section elementor-top-section elementor-element elementor-element-f10a8b9 elementor-section-boxed elementor-section-height-default elementor-section-height-default\" data-id=\"f10a8b9\" data-element_type=\"section\" data-e-type=\"section\">\n\t\t\t\t\t\t<div class=\"elementor-container elementor-column-gap-default\">\n\t\t\t\t\t<div class=\"elementor-column elementor-col-100 elementor-top-column elementor-element elementor-element-0497845\" data-id=\"0497845\" data-element_type=\"column\" data-e-type=\"column\">\n\t\t\t<div class=\"elementor-widget-wrap\">\n\t\t\t\t\t\t\t<\/div>\n\t\t<\/div>\n\t\t\t\t\t<\/div>\n\t\t<\/section>\n\t\t\t\t<\/div>\n\t\t","protected":false},"excerpt":{"rendered":"<p>Les laur\u00e9ats et les candidatures en nomination 2024 Culture et divertissement LAUR\u00c9ATE: Tavia Grant, The Globe and Mail, pour son travail sur les promesses non tenues<span class=\"excerpt-hellip\"> [\u2026]<\/span><\/p>\n","protected":false},"author":8,"featured_media":0,"parent":0,"menu_order":0,"comment_status":"closed","ping_status":"closed","template":"","meta":{"footnotes":""},"class_list":["post-9540","page","type-page","status-publish","hentry"],"yoast_head":"<!-- This site is optimized with the Yoast SEO plugin v27.5 - https:\/\/yoast.com\/product\/yoast-seo-wordpress\/ -->\n<title>Les laur\u00e9ats et les candidatures en nomination 2024 - National Newspaper Awards<\/title>\n<meta name=\"robots\" content=\"index, follow, max-snippet:-1, max-image-preview:large, max-video-preview:-1\" \/>\n<link rel=\"canonical\" href=\"https:\/\/nna-ccj.ca\/fr\/les-candidatures-en-nomination-2024\/\" \/>\n<meta property=\"og:locale\" content=\"fr_FR\" \/>\n<meta property=\"og:type\" content=\"article\" \/>\n<meta property=\"og:title\" content=\"Les laur\u00e9ats et les candidatures en nomination 2024 - National Newspaper Awards\" \/>\n<meta property=\"og:description\" content=\"Les laur\u00e9ats et les candidatures en nomination 2024 Culture et divertissement LAUR\u00c9ATE: Tavia Grant, The Globe and Mail, pour son travail sur les promesses non tenues [\u2026]\" \/>\n<meta property=\"og:url\" content=\"https:\/\/nna-ccj.ca\/fr\/les-candidatures-en-nomination-2024\/\" \/>\n<meta property=\"og:site_name\" content=\"National Newspaper Awards\" \/>\n<meta property=\"article:modified_time\" content=\"2025-04-26T13:16:49+00:00\" \/>\n<meta property=\"og:image\" content=\"https:\/\/nna-ccj.ca\/wp-content\/uploads\/elementor\/thumbs\/Joan-Hollobon-portrait-1960a-1-scaled-qieqy1hlb1le28p7eovtd4i9tq7gjeehu58ri8lnm8.jpg\" \/>\n<meta name=\"twitter:card\" content=\"summary_large_image\" \/>\n<meta name=\"twitter:label1\" content=\"Dur\u00e9e de lecture estim\u00e9e\" \/>\n\t<meta name=\"twitter:data1\" content=\"23 minutes\" \/>\n<script type=\"application\/ld+json\" class=\"yoast-schema-graph\">{\"@context\":\"https:\\\/\\\/schema.org\",\"@graph\":[{\"@type\":\"WebPage\",\"@id\":\"https:\\\/\\\/nna-ccj.ca\\\/fr\\\/les-candidatures-en-nomination-2024\\\/\",\"url\":\"https:\\\/\\\/nna-ccj.ca\\\/fr\\\/les-candidatures-en-nomination-2024\\\/\",\"name\":\"Les laur\u00e9ats et les candidatures en nomination 2024 - National Newspaper Awards\",\"isPartOf\":{\"@id\":\"https:\\\/\\\/nna-ccj.ca\\\/#website\"},\"primaryImageOfPage\":{\"@id\":\"https:\\\/\\\/nna-ccj.ca\\\/fr\\\/les-candidatures-en-nomination-2024\\\/#primaryimage\"},\"image\":{\"@id\":\"https:\\\/\\\/nna-ccj.ca\\\/fr\\\/les-candidatures-en-nomination-2024\\\/#primaryimage\"},\"thumbnailUrl\":\"https:\\\/\\\/nna-ccj.ca\\\/wp-content\\\/uploads\\\/elementor\\\/thumbs\\\/Joan-Hollobon-portrait-1960a-1-scaled-qieqy1hlb1le28p7eovtd4i9tq7gjeehu58ri8lnm8.jpg\",\"datePublished\":\"2025-03-18T13:59:19+00:00\",\"dateModified\":\"2025-04-26T13:16:49+00:00\",\"breadcrumb\":{\"@id\":\"https:\\\/\\\/nna-ccj.ca\\\/fr\\\/les-candidatures-en-nomination-2024\\\/#breadcrumb\"},\"inLanguage\":\"fr-FR\",\"potentialAction\":[{\"@type\":\"ReadAction\",\"target\":[\"https:\\\/\\\/nna-ccj.ca\\\/fr\\\/les-candidatures-en-nomination-2024\\\/\"]}]},{\"@type\":\"ImageObject\",\"inLanguage\":\"fr-FR\",\"@id\":\"https:\\\/\\\/nna-ccj.ca\\\/fr\\\/les-candidatures-en-nomination-2024\\\/#primaryimage\",\"url\":\"https:\\\/\\\/nna-ccj.ca\\\/wp-content\\\/uploads\\\/elementor\\\/thumbs\\\/Joan-Hollobon-portrait-1960a-1-scaled-qieqy1hlb1le28p7eovtd4i9tq7gjeehu58ri8lnm8.jpg\",\"contentUrl\":\"https:\\\/\\\/nna-ccj.ca\\\/wp-content\\\/uploads\\\/elementor\\\/thumbs\\\/Joan-Hollobon-portrait-1960a-1-scaled-qieqy1hlb1le28p7eovtd4i9tq7gjeehu58ri8lnm8.jpg\"},{\"@type\":\"BreadcrumbList\",\"@id\":\"https:\\\/\\\/nna-ccj.ca\\\/fr\\\/les-candidatures-en-nomination-2024\\\/#breadcrumb\",\"itemListElement\":[{\"@type\":\"ListItem\",\"position\":1,\"name\":\"Home\",\"item\":\"https:\\\/\\\/nna-ccj.ca\\\/fr\\\/\"},{\"@type\":\"ListItem\",\"position\":2,\"name\":\"Les laur\u00e9ats et les candidatures en nomination 2024\"}]},{\"@type\":\"WebSite\",\"@id\":\"https:\\\/\\\/nna-ccj.ca\\\/#website\",\"url\":\"https:\\\/\\\/nna-ccj.ca\\\/\",\"name\":\"National Newspaper Awards\",\"description\":\"Honouring the best in Canadian Journalism since 1949\",\"potentialAction\":[{\"@type\":\"SearchAction\",\"target\":{\"@type\":\"EntryPoint\",\"urlTemplate\":\"https:\\\/\\\/nna-ccj.ca\\\/?s={search_term_string}\"},\"query-input\":{\"@type\":\"PropertyValueSpecification\",\"valueRequired\":true,\"valueName\":\"search_term_string\"}}],\"inLanguage\":\"fr-FR\"}]}<\/script>\n<!-- \/ Yoast SEO plugin. -->","yoast_head_json":{"title":"Les laur\u00e9ats et les candidatures en nomination 2024 - National Newspaper Awards","robots":{"index":"index","follow":"follow","max-snippet":"max-snippet:-1","max-image-preview":"max-image-preview:large","max-video-preview":"max-video-preview:-1"},"canonical":"https:\/\/nna-ccj.ca\/fr\/les-candidatures-en-nomination-2024\/","og_locale":"fr_FR","og_type":"article","og_title":"Les laur\u00e9ats et les candidatures en nomination 2024 - National Newspaper Awards","og_description":"Les laur\u00e9ats et les candidatures en nomination 2024 Culture et divertissement LAUR\u00c9ATE: Tavia Grant, The Globe and Mail, pour son travail sur les promesses non tenues [\u2026]","og_url":"https:\/\/nna-ccj.ca\/fr\/les-candidatures-en-nomination-2024\/","og_site_name":"National Newspaper Awards","article_modified_time":"2025-04-26T13:16:49+00:00","og_image":[{"url":"https:\/\/nna-ccj.ca\/wp-content\/uploads\/elementor\/thumbs\/Joan-Hollobon-portrait-1960a-1-scaled-qieqy1hlb1le28p7eovtd4i9tq7gjeehu58ri8lnm8.jpg","type":"","width":"","height":""}],"twitter_card":"summary_large_image","twitter_misc":{"Dur\u00e9e de lecture estim\u00e9e":"23 minutes"},"schema":{"@context":"https:\/\/schema.org","@graph":[{"@type":"WebPage","@id":"https:\/\/nna-ccj.ca\/fr\/les-candidatures-en-nomination-2024\/","url":"https:\/\/nna-ccj.ca\/fr\/les-candidatures-en-nomination-2024\/","name":"Les laur\u00e9ats et les candidatures en nomination 2024 - National Newspaper Awards","isPartOf":{"@id":"https:\/\/nna-ccj.ca\/#website"},"primaryImageOfPage":{"@id":"https:\/\/nna-ccj.ca\/fr\/les-candidatures-en-nomination-2024\/#primaryimage"},"image":{"@id":"https:\/\/nna-ccj.ca\/fr\/les-candidatures-en-nomination-2024\/#primaryimage"},"thumbnailUrl":"https:\/\/nna-ccj.ca\/wp-content\/uploads\/elementor\/thumbs\/Joan-Hollobon-portrait-1960a-1-scaled-qieqy1hlb1le28p7eovtd4i9tq7gjeehu58ri8lnm8.jpg","datePublished":"2025-03-18T13:59:19+00:00","dateModified":"2025-04-26T13:16:49+00:00","breadcrumb":{"@id":"https:\/\/nna-ccj.ca\/fr\/les-candidatures-en-nomination-2024\/#breadcrumb"},"inLanguage":"fr-FR","potentialAction":[{"@type":"ReadAction","target":["https:\/\/nna-ccj.ca\/fr\/les-candidatures-en-nomination-2024\/"]}]},{"@type":"ImageObject","inLanguage":"fr-FR","@id":"https:\/\/nna-ccj.ca\/fr\/les-candidatures-en-nomination-2024\/#primaryimage","url":"https:\/\/nna-ccj.ca\/wp-content\/uploads\/elementor\/thumbs\/Joan-Hollobon-portrait-1960a-1-scaled-qieqy1hlb1le28p7eovtd4i9tq7gjeehu58ri8lnm8.jpg","contentUrl":"https:\/\/nna-ccj.ca\/wp-content\/uploads\/elementor\/thumbs\/Joan-Hollobon-portrait-1960a-1-scaled-qieqy1hlb1le28p7eovtd4i9tq7gjeehu58ri8lnm8.jpg"},{"@type":"BreadcrumbList","@id":"https:\/\/nna-ccj.ca\/fr\/les-candidatures-en-nomination-2024\/#breadcrumb","itemListElement":[{"@type":"ListItem","position":1,"name":"Home","item":"https:\/\/nna-ccj.ca\/fr\/"},{"@type":"ListItem","position":2,"name":"Les laur\u00e9ats et les candidatures en nomination 2024"}]},{"@type":"WebSite","@id":"https:\/\/nna-ccj.ca\/#website","url":"https:\/\/nna-ccj.ca\/","name":"National Newspaper Awards","description":"Honouring the best in Canadian Journalism since 1949","potentialAction":[{"@type":"SearchAction","target":{"@type":"EntryPoint","urlTemplate":"https:\/\/nna-ccj.ca\/?s={search_term_string}"},"query-input":{"@type":"PropertyValueSpecification","valueRequired":true,"valueName":"search_term_string"}}],"inLanguage":"fr-FR"}]}},"jetpack_sharing_enabled":true,"_links":{"self":[{"href":"https:\/\/nna-ccj.ca\/fr\/wp-json\/wp\/v2\/pages\/9540","targetHints":{"allow":["GET"]}}],"collection":[{"href":"https:\/\/nna-ccj.ca\/fr\/wp-json\/wp\/v2\/pages"}],"about":[{"href":"https:\/\/nna-ccj.ca\/fr\/wp-json\/wp\/v2\/types\/page"}],"author":[{"embeddable":true,"href":"https:\/\/nna-ccj.ca\/fr\/wp-json\/wp\/v2\/users\/8"}],"replies":[{"embeddable":true,"href":"https:\/\/nna-ccj.ca\/fr\/wp-json\/wp\/v2\/comments?post=9540"}],"version-history":[{"count":94,"href":"https:\/\/nna-ccj.ca\/fr\/wp-json\/wp\/v2\/pages\/9540\/revisions"}],"predecessor-version":[{"id":10295,"href":"https:\/\/nna-ccj.ca\/fr\/wp-json\/wp\/v2\/pages\/9540\/revisions\/10295"}],"wp:attachment":[{"href":"https:\/\/nna-ccj.ca\/fr\/wp-json\/wp\/v2\/media?parent=9540"}],"curies":[{"name":"wp","href":"https:\/\/api.w.org\/{rel}","templated":true}]}}